{"id":78111,"date":"2020-07-31T13:43:07","date_gmt":"2023-05-31T21:19:20","guid":{"rendered":"https:\/\/brieger.ch\/?post_type=product&#038;p=78111"},"modified":"2025-07-14T14:01:51","modified_gmt":"2025-07-14T12:01:51","slug":"87132","status":"publish","type":"product","link":"https:\/\/brieger.ch\/fr\/product\/87132\/","title":{"rendered":"Feuilles de carton ondul\u00e9 de haute qualit\u00e9 \u2013 une protection durable pour vos emballages"},"content":{"rendered":"<p>Le carton ondul\u00e9 est le choix id\u00e9al pour un <a href=\"https:\/\/brieger.ch\/fr\/emballages-postaux\/\" target=\"_blank\" rel=\"noopener\">emballage<\/a> s\u00fbr et durable. Nos feuilles de carton ondul\u00e9 de haute qualit\u00e9 prot\u00e8gent efficacement les marchandises fragiles contre les chocs et les rayures en servant de rembourrage ou d\u2019intercalaire.<\/p>\n<p>Fabriqu\u00e9 \u00e0 partir de mat\u00e9riaux recycl\u00e9s, notre carton ondul\u00e9 est une solution d\u2019emballage respectueuse de l\u2019environnement. Il est parfait couvrir ou servir de protection suppl\u00e9mentaire pendant le transport. Malgr\u00e9 son poids l\u00e9ger, il reste stable et r\u00e9sistant, sans ajouter de masse inutile.<\/p>\n<h2>Avantages et utilisations des feuille de carton ondul\u00e9<\/h2>\n<ul>\n<li>Durables et \u00e9cologiques \u2013 fabriqu\u00e9es \u00e0 partir de mat\u00e9riaux recycl\u00e9s<\/li>\n<li>Flexibles et adaptables \u2013 id\u00e9al pour divers besoins <a href=\"https:\/\/brieger.ch\/fr\/emballages-postaux\/\" target=\"_blank\" rel=\"noopener\">d\u2019emballage<\/a><\/li>\n<li><a href=\"https:\/\/brieger.ch\/fr\/accessoires\/decoupes-coins-de-protection\/\" target=\"_blank\" rel=\"noopener\">Protection<\/a> efficace \u2013 pr\u00e9vient les rayures et absorbe les chocs pendant le transport<\/li>\n<li>Faciles \u00e0 manipuler \u2013 se d\u00e9coupe ais\u00e9ment \u00e0 la taille souhait\u00e9e<\/li>\n<li>Utilisation polyvalente \u2013 parfaites pour l\u2019exp\u00e9dition, le stockage et les projets cr\u00e9atifs<\/li>\n<\/ul>\n<p>Lorsque vous achetez des feuilles de carton ondul\u00e9, vous b\u00e9n\u00e9ficiez d\u2019une manipulation facile et d\u2019un large \u00e9ventail d\u2019utilisations. Que ce soit pour un envoi s\u00e9curis\u00e9, le stockage ou des travaux manuels cr\u00e9atifs, nos feuilles de carton ondul\u00e9 offrent solution d\u2019emballage fiable et \u00e9cologique !<\/p>\n<div id=\"gtx-trans\" style=\"position: absolute; left: 394px; top: 235.812px;\">\n<div class=\"gtx-trans-icon\"><\/div>\n<\/div>\n","protected":false},"excerpt":{"rendered":"<p>Wellkarton in Bogen, braun<\/p>\n","protected":false},"featured_media":34425,"comment_status":"closed","ping_status":"closed","template":"","meta":{"_searchwp_excluded":""},"product_brand":[],"product_cat":[791],"product_tag":[],"farbe":[813],"qualitaet":[144],"artikelart":[988],"produktstatus":[],"wellig":[994],"class_list":{"0":"post-78111","1":"product","2":"type-product","3":"status-publish","4":"has-post-thumbnail","6":"product_cat-carton-ondule-en-rouleaux","7":"farbe-brun","8":"qualitaet-3-0-mm","9":"artikelart-feuilles-de-carton-ondule","10":"wellig-1-cannelure","12":"first","13":"instock","14":"taxable","15":"shipping-taxable","16":"purchasable","17":"product-type-simple"},"tiered_pricing_type":"fixed","tiered_pricing_fixed_rules":{"20":"4.2","50":"3.48","100":"2.86","200":"2.32","500":"1.91"},"tiered_pricing_product_settings":{"layout":"default","base_unit_name":{"singular":null,"plural":null},"default_variation":null},"tiered_pricing_minimum_quantity":10,"tiered_pricing_roles_data":{"galenica-group":{"product_id":78111,"role":"galenica-group","pricing_type":"flat","regular_price":1.57,"sale_price":null,"discount":null,"discount_type":"sale_price","tiered_pricing_type":"fixed","percentage_rules":[],"fixed_rules":[],"minimum":10}},"tiered_pricing_percentage_rules":[],"tiered_pricing_maximum_quantity":null,"tiered_pricing_quantity_step":null,"_links":{"self":[{"href":"https:\/\/brieger.ch\/fr\/wp-json\/wp\/v2\/product\/78111","targetHints":{"allow":["GET"]}}],"collection":[{"href":"https:\/\/brieger.ch\/fr\/wp-json\/wp\/v2\/product"}],"about":[{"href":"https:\/\/brieger.ch\/fr\/wp-json\/wp\/v2\/types\/product"}],"replies":[{"embeddable":true,"href":"https:\/\/brieger.ch\/fr\/wp-json\/wp\/v2\/comments?post=78111"}],"wp:featuredmedia":[{"embeddable":true,"href":"https:\/\/brieger.ch\/fr\/wp-json\/wp\/v2\/media\/34425"}],"wp:attachment":[{"href":"https:\/\/brieger.ch\/fr\/wp-json\/wp\/v2\/media?parent=78111"}],"wp:term":[{"taxonomy":"product_brand","embeddable":true,"href":"https:\/\/brieger.ch\/fr\/wp-json\/wp\/v2\/product_brand?post=78111"},{"taxonomy":"product_cat","embeddable":true,"href":"https:\/\/brieger.ch\/fr\/wp-json\/wp\/v2\/product_cat?post=78111"},{"taxonomy":"product_tag","embeddable":true,"href":"https:\/\/brieger.ch\/fr\/wp-json\/wp\/v2\/product_tag?post=78111"},{"taxonomy":"farbe","embeddable":true,"href":"https:\/\/brieger.ch\/fr\/wp-json\/wp\/v2\/farbe?post=78111"},{"taxonomy":"qualitaet","embeddable":true,"href":"https:\/\/brieger.ch\/fr\/wp-json\/wp\/v2\/qualitaet?post=78111"},{"taxonomy":"artikelart","embeddable":true,"href":"https:\/\/brieger.ch\/fr\/wp-json\/wp\/v2\/artikelart?post=78111"},{"taxonomy":"produktstatus","embeddable":true,"href":"https:\/\/brieger.ch\/fr\/wp-json\/wp\/v2\/produktstatus?post=78111"},{"taxonomy":"wellig","embeddable":true,"href":"https:\/\/brieger.ch\/fr\/wp-json\/wp\/v2\/wellig?post=78111"}],"curies":[{"name":"wp","href":"https:\/\/api.w.org\/{rel}","templated":true}]}}