{"id":62707,"date":"2022-02-03T11:12:40","date_gmt":"2022-02-03T10:12:40","guid":{"rendered":"https:\/\/brieger.ch\/?post_type=product&#038;p=62707"},"modified":"2025-07-11T17:35:33","modified_gmt":"2025-07-11T15:35:33","slug":"32192","status":"publish","type":"product","link":"https:\/\/brieger.ch\/fr\/product\/32192\/","title":{"rendered":"Emballage portatif \u2013 transport de bouteilles simple, s\u00fbr et \u00e9l\u00e9gant"},"content":{"rendered":"<p><a href=\"https:\/\/brieger.ch\/fr\/bouteilles\/emballages-portatifs\/\" target=\"_blank\" rel=\"noopener\">L\u2019emballage portatif<\/a> a \u00e9t\u00e9 sp\u00e9cialement con\u00e7u pour transporter deux <a href=\"https:\/\/brieger.ch\/fr\/bouteilles\/\" target=\"_blank\" rel=\"noopener\">bouteilles<\/a> (de 7 dl \u00e0 1 L. chacune) en toute s\u00e9curit\u00e9 et avec un bel aspect visuel. Avec une poign\u00e9e pratique, une structure stable et une couleur marron neutre, il est id\u00e9al pour le vin, l&rsquo;huile, les spiritueux ou comme emballage <a href=\"https:\/\/brieger.ch\/fr\/cadeaux\/\" target=\"_blank\" rel=\"noopener\">cadeau<\/a>.<\/p>\n<p>Gr\u00e2ce \u00e0 ses dimensions compactes 162 \u00d7 81 \u00d7 370 mm, il est particuli\u00e8rement maniable. Avec un poids net de seulement 114 g, il reste l\u00e9ger sans perdre de sa stabilit\u00e9 \u2013 parfaite pour la vente ou les \u00e9v\u00e8nements.<\/p>\n<h2>Avantages de l&#8217;emballage portatif :<\/h2>\n<ul>\n<li>Stockage s\u00e9curis\u00e9 &amp; pr\u00e9sentation \u00e9l\u00e9gante des <a href=\"https:\/\/brieger.ch\/fr\/bouteilles\/\" target=\"_blank\" rel=\"noopener\">bouteilles<\/a><\/li>\n<li>Avec poign\u00e9e int\u00e9gr\u00e9e \u2013 id\u00e9al comme sac de transport en d\u00e9placement<\/li>\n<li>\u00c9cologique \u2013 fabriqu\u00e9 en carton robuste et recyclable<a href=\"https:\/\/fsc-schweiz.ch\/ueber-fsc\/unsere-labels\/\" target=\"_blank\" rel=\"noopener\"> FSC<\/a><\/li>\n<li>Empilable et peu encombrant pour le stockage &amp; la vente<\/li>\n<li>Parfait pour les cavistes, boutiques locales, \u00e9v\u00e9nements ou <a href=\"https:\/\/brieger.ch\/fr\/cadeaux\/\" target=\"_blank\" rel=\"noopener\">cadeaux<\/a> d\u2019entreprise<\/li>\n<\/ul>\n<div id=\"gtx-trans\" style=\"position: absolute; left: 301px; top: 48px;\">\n<div class=\"gtx-trans-icon\"><\/div>\n<\/div>\n","protected":false},"excerpt":{"rendered":"<p>Emballages portatifs pour vin, brun, 2 bouteilles<\/p>\n","protected":false},"featured_media":62985,"comment_status":"closed","ping_status":"closed","template":"","meta":{"_searchwp_excluded":""},"product_brand":[],"product_cat":[992],"product_tag":[],"farbe":[813],"qualitaet":[142],"artikelart":[1088],"produktstatus":[],"wellig":[994],"class_list":{"0":"post-62707","1":"product","2":"type-product","3":"status-publish","4":"has-post-thumbnail","6":"product_cat-emballages-portatifs-pour-bouteilles","7":"farbe-brun","8":"qualitaet-1-5-mm","9":"artikelart-emballages-portatifs-brun","10":"wellig-1-cannelure","12":"first","13":"instock","14":"taxable","15":"shipping-taxable","16":"purchasable","17":"product-type-simple"},"tiered_pricing_type":"fixed","tiered_pricing_fixed_rules":{"50":"1.66","100":"1.28","200":"1.09","500":"0.91"},"tiered_pricing_product_settings":{"layout":"default","base_unit_name":{"singular":null,"plural":null},"default_variation":null},"tiered_pricing_minimum_quantity":25,"tiered_pricing_roles_data":{"galenica-group":{"product_id":62707,"role":"galenica-group","pricing_type":"flat","regular_price":0.75,"sale_price":null,"discount":null,"discount_type":"sale_price","tiered_pricing_type":"fixed","percentage_rules":[],"fixed_rules":[],"minimum":25}},"tiered_pricing_percentage_rules":[],"tiered_pricing_maximum_quantity":null,"tiered_pricing_quantity_step":null,"_links":{"self":[{"href":"https:\/\/brieger.ch\/fr\/wp-json\/wp\/v2\/product\/62707","targetHints":{"allow":["GET"]}}],"collection":[{"href":"https:\/\/brieger.ch\/fr\/wp-json\/wp\/v2\/product"}],"about":[{"href":"https:\/\/brieger.ch\/fr\/wp-json\/wp\/v2\/types\/product"}],"replies":[{"embeddable":true,"href":"https:\/\/brieger.ch\/fr\/wp-json\/wp\/v2\/comments?post=62707"}],"wp:featuredmedia":[{"embeddable":true,"href":"https:\/\/brieger.ch\/fr\/wp-json\/wp\/v2\/media\/62985"}],"wp:attachment":[{"href":"https:\/\/brieger.ch\/fr\/wp-json\/wp\/v2\/media?parent=62707"}],"wp:term":[{"taxonomy":"product_brand","embeddable":true,"href":"https:\/\/brieger.ch\/fr\/wp-json\/wp\/v2\/product_brand?post=62707"},{"taxonomy":"product_cat","embeddable":true,"href":"https:\/\/brieger.ch\/fr\/wp-json\/wp\/v2\/product_cat?post=62707"},{"taxonomy":"product_tag","embeddable":true,"href":"https:\/\/brieger.ch\/fr\/wp-json\/wp\/v2\/product_tag?post=62707"},{"taxonomy":"farbe","embeddable":true,"href":"https:\/\/brieger.ch\/fr\/wp-json\/wp\/v2\/farbe?post=62707"},{"taxonomy":"qualitaet","embeddable":true,"href":"https:\/\/brieger.ch\/fr\/wp-json\/wp\/v2\/qualitaet?post=62707"},{"taxonomy":"artikelart","embeddable":true,"href":"https:\/\/brieger.ch\/fr\/wp-json\/wp\/v2\/artikelart?post=62707"},{"taxonomy":"produktstatus","embeddable":true,"href":"https:\/\/brieger.ch\/fr\/wp-json\/wp\/v2\/produktstatus?post=62707"},{"taxonomy":"wellig","embeddable":true,"href":"https:\/\/brieger.ch\/fr\/wp-json\/wp\/v2\/wellig?post=62707"}],"curies":[{"name":"wp","href":"https:\/\/api.w.org\/{rel}","templated":true}]}}