{"id":39900,"date":"2020-07-31T13:28:28","date_gmt":"2020-07-31T13:32:16","guid":{"rendered":"https:\/\/brieger.hundert1.ch\/produkt\/52143\/"},"modified":"2025-07-14T13:44:50","modified_gmt":"2025-07-14T11:44:50","slug":"52143","status":"publish","type":"product","link":"https:\/\/brieger.ch\/fr\/product\/52143\/","title":{"rendered":"Enveloppe BRIMAIL en carton ondul\u00e9 214 x 265 mm \u2013brun, personnalisable"},"content":{"rendered":"<p><a href=\"https:\/\/brieger.ch\/fr\/emballages-postaux\/enveloppes\/\" target=\"_blank\" rel=\"noopener\">L\u2019enveloppe<\/a> BRIMAIL en carton ondul\u00e9 au format 214 x 265 mm est une solution fiable pour l\u2019envoi s\u00e9curis\u00e9 de brochures, documents, catalogues fins ou \u00e9chantillons plats. Gr\u00e2ce \u00e0 sa structure en carton ondul\u00e9 r\u00e9sistant, le contenu est prot\u00e9g\u00e9 contre les chocs \u2013 id\u00e9al pour les envois quotidiens au bureau ou dans le commerce en ligne.<\/p>\n<p>Avec un poids de seulement 56 g, cette enveloppe est optimis\u00e9e pour un envoi \u00e9conomique, m\u00eame en grande quantit\u00e9. Elle peut \u00eatre imprim\u00e9e individuellement, ce qui en fait un support parfait pour renforcer l\u2019image de marque d\u00e8s la r\u00e9ception.<\/p>\n<h2>Avantages de cette enveloppe BRIMAIL :<\/h2>\n<ul>\n<li><a href=\"https:\/\/brieger.ch\/fr\/accessoires\/decoupes-coins-de-protection\/\" target=\"_blank\" rel=\"noopener\">Protection<\/a> fiable gr\u00e2ce au carton ondul\u00e9<\/li>\n<li>\u00c9cologique et recyclable<\/li>\n<li>Commande d\u00e8s 50 pi\u00e8ces, conditionnement par 100 pi\u00e8ces<\/li>\n<li>Quantit\u00e9 par palette : 3600 pi\u00e8ces<\/li>\n<li>Acheter des <a href=\"https:\/\/brieger.ch\/fr\/emballages-postaux\/enveloppes\/\" target=\"_blank\" rel=\"noopener\">enveloppes en carton<\/a> ondul\u00e9 chez Brieger \u2013 avec un conseil personnalis\u00e9<\/li>\n<\/ul>\n<p>D\u00e9couvrez d&rsquo;autres formats de pochettes en carton ondul\u00e9<br \/>\nPetits ou grands formats \u2013 chez Brieger, vous trouverez \u00e9galement l\u2019enveloppe plus petite 151 x 196 mm ou plus grande 369 x 535 mm.<\/p>\n","protected":false},"excerpt":{"rendered":"<p>Enveloppes en carton ondul\u00e9 brun, avec bande d&rsquo;arrachage pour contenu jusqu&rsquo;\u00e0 20 mm<\/p>\n","protected":false},"featured_media":33725,"comment_status":"closed","ping_status":"closed","template":"","meta":{"_searchwp_excluded":""},"product_brand":[],"product_cat":[786],"product_tag":[],"farbe":[813],"qualitaet":[142],"artikelart":[836],"produktstatus":[],"wellig":[],"class_list":{"0":"post-39900","1":"product","2":"type-product","3":"status-publish","4":"has-post-thumbnail","6":"product_cat-enveloppes","7":"farbe-brun","8":"qualitaet-1-5-mm","9":"artikelart-enveloppes-en-carton-ondule","11":"first","12":"instock","13":"taxable","14":"shipping-taxable","15":"purchasable","16":"product-type-simple"},"tiered_pricing_type":"fixed","tiered_pricing_fixed_rules":{"100":"1.21","200":"0.97","300":"0.84","500":"0.74","1000":"0.61","2000":"0.52"},"tiered_pricing_product_settings":{"layout":"default","base_unit_name":{"singular":null,"plural":null},"default_variation":null},"tiered_pricing_minimum_quantity":50,"tiered_pricing_roles_data":{"galenica-group":{"product_id":39900,"role":"galenica-group","pricing_type":"flat","regular_price":0.43,"sale_price":null,"discount":null,"discount_type":"sale_price","tiered_pricing_type":"fixed","percentage_rules":[],"fixed_rules":[],"minimum":50}},"tiered_pricing_percentage_rules":[],"tiered_pricing_maximum_quantity":null,"tiered_pricing_quantity_step":null,"_links":{"self":[{"href":"https:\/\/brieger.ch\/fr\/wp-json\/wp\/v2\/product\/39900","targetHints":{"allow":["GET"]}}],"collection":[{"href":"https:\/\/brieger.ch\/fr\/wp-json\/wp\/v2\/product"}],"about":[{"href":"https:\/\/brieger.ch\/fr\/wp-json\/wp\/v2\/types\/product"}],"replies":[{"embeddable":true,"href":"https:\/\/brieger.ch\/fr\/wp-json\/wp\/v2\/comments?post=39900"}],"wp:featuredmedia":[{"embeddable":true,"href":"https:\/\/brieger.ch\/fr\/wp-json\/wp\/v2\/media\/33725"}],"wp:attachment":[{"href":"https:\/\/brieger.ch\/fr\/wp-json\/wp\/v2\/media?parent=39900"}],"wp:term":[{"taxonomy":"product_brand","embeddable":true,"href":"https:\/\/brieger.ch\/fr\/wp-json\/wp\/v2\/product_brand?post=39900"},{"taxonomy":"product_cat","embeddable":true,"href":"https:\/\/brieger.ch\/fr\/wp-json\/wp\/v2\/product_cat?post=39900"},{"taxonomy":"product_tag","embeddable":true,"href":"https:\/\/brieger.ch\/fr\/wp-json\/wp\/v2\/product_tag?post=39900"},{"taxonomy":"farbe","embeddable":true,"href":"https:\/\/brieger.ch\/fr\/wp-json\/wp\/v2\/farbe?post=39900"},{"taxonomy":"qualitaet","embeddable":true,"href":"https:\/\/brieger.ch\/fr\/wp-json\/wp\/v2\/qualitaet?post=39900"},{"taxonomy":"artikelart","embeddable":true,"href":"https:\/\/brieger.ch\/fr\/wp-json\/wp\/v2\/artikelart?post=39900"},{"taxonomy":"produktstatus","embeddable":true,"href":"https:\/\/brieger.ch\/fr\/wp-json\/wp\/v2\/produktstatus?post=39900"},{"taxonomy":"wellig","embeddable":true,"href":"https:\/\/brieger.ch\/fr\/wp-json\/wp\/v2\/wellig?post=39900"}],"curies":[{"name":"wp","href":"https:\/\/api.w.org\/{rel}","templated":true}]}}