{"id":40598,"date":"2020-08-04T15:52:32","date_gmt":"2020-08-04T13:52:32","guid":{"rendered":"https:\/\/brieger.hundert1.ch\/cadeaux\/emballages-cadeaux\/"},"modified":"2026-04-30T12:44:32","modified_gmt":"2026-04-30T10:44:32","slug":"emballages-cadeaux","status":"publish","type":"page","link":"https:\/\/brieger.ch\/fr\/cadeaux\/emballages-cadeaux\/","title":{"rendered":"Emballages cadeaux"},"content":{"rendered":"<p><div class=\"fusion-fullwidth fullwidth-box fusion-builder-row-1 nonhundred-percent-fullwidth non-hundred-percent-height-scrolling\" style=\"--awb-border-radius-top-left:0px;--awb-border-radius-top-right:0px;--awb-border-radius-bottom-right:0px;--awb-border-radius-bottom-left:0px;--awb-padding-top:44px;--awb-flex-wrap:wrap;\" ><div class=\"fusion-builder-row fusion-row\"><div class=\"fusion-layout-column fusion_builder_column fusion-builder-column-0 fusion_builder_column_1_1 1_1 fusion-one-full fusion-column-first fusion-column-last\" style=\"--awb-bg-size:cover;\" id=\"results\"><div class=\"fusion-column-wrapper fusion-column-has-shadow fusion-flex-column-wrapper-legacy\"><div class=\"fusion-text fusion-text-1\"><p>Un emballage cadeau de qualit\u00e9 joue un r\u00f4le essentiel lorsqu\u2019un produit ou un pr\u00e9sent doit \u00eatre pr\u00e9sent\u00e9 de mani\u00e8re professionnelle. Un emballage soigneusement choisi prot\u00e8ge le contenu pendant le transport et le stockage tout en cr\u00e9ant une premi\u00e8re impression forte aupr\u00e8s du destinataire. Pour les produits haut de gamme, les coffrets cadeaux ou les cadeaux d\u2019entreprise, l\u2019emballage devient ainsi une partie importante de la pr\u00e9sentation globale.<\/p>\n<p>Chez BRIEGER, vous trouverez un large choix d\u2019emballages cadeaux en carton qui allient solidit\u00e9, fonctionnalit\u00e9 et design attrayant. Qu\u2019il s\u2019agisse de bouteilles, de produits gourmands, de cosm\u00e9tiques ou d\u2019autres articles, nos solutions d\u2019emballage permettent une pr\u00e9sentation \u00e9l\u00e9gante tout en assurant une protection fiable.<\/p>\n<p>Des bo\u00eetes pliantes peu encombrantes aux coffrets cadeaux \u00e9l\u00e9gants, en passant par des emballages premium raffin\u00e9s, notre assortiment offre des solutions polyvalentes pour les entreprises, les commerces et les particuliers.<\/p>\n<\/div><div class=\"fusion-clearfix\"><\/div><\/div><\/div><\/div><\/div><div class=\"fusion-fullwidth fullwidth-box fusion-builder-row-2 fusion-flex-container nonhundred-percent-fullwidth non-hundred-percent-height-scrolling\" style=\"--awb-border-radius-top-left:0px;--awb-border-radius-top-right:0px;--awb-border-radius-bottom-right:0px;--awb-border-radius-bottom-left:0px;--awb-flex-wrap:wrap;\" ><div class=\"fusion-builder-row fusion-row fusion-flex-align-items-stretch fusion-flex-content-wrap\" style=\"max-width:1144px;margin-left: calc(-4% \/ 2 );margin-right: calc(-4% \/ 2 );\"><div class=\"fusion-layout-column fusion_builder_column fusion-builder-column-1 fusion_builder_column_1_3 1_3 fusion-flex-column\" style=\"--awb-padding-right:8px;--awb-padding-left:8px;--awb-bg-size:cover;--awb-border-color:#898989;--awb-border-top:1px;--awb-border-right:1px;--awb-border-bottom:1px;--awb-border-left:1px;--awb-border-style:solid;--awb-width-large:33.333333333333%;--awb-margin-top-large:0px;--awb-spacing-right-large:5.76%;--awb-margin-bottom-large:20px;--awb-spacing-left-large:5.76%;--awb-width-medium:100%;--awb-spacing-right-medium:1.92%;--awb-spacing-left-medium:1.92%;--awb-width-small:100%;--awb-spacing-right-small:1.92%;--awb-spacing-left-small:1.92%;\"><div class=\"fusion-column-wrapper fusion-column-has-shadow fusion-flex-justify-content-flex-start fusion-content-layout-column\"><div class=\"fusion-image-element \" style=\"--awb-caption-title-font-family:var(--h2_typography-font-family);--awb-caption-title-font-weight:var(--h2_typography-font-weight);--awb-caption-title-font-style:var(--h2_typography-font-style);--awb-caption-title-size:var(--h2_typography-font-size);--awb-caption-title-transform:var(--h2_typography-text-transform);--awb-caption-title-line-height:var(--h2_typography-line-height);--awb-caption-title-letter-spacing:var(--h2_typography-letter-spacing);\"><span class=\" fusion-imageframe imageframe-none imageframe-1 hover-type-none geschenkbilder\"><a class=\"fusion-no-lightbox\" href=\"https:\/\/brieger.ch\/fr\/cadeaux\/emballages-cadeaux\/?wpv-artikelart%5B%5D=emballages-cadeaux-noel#product-select\" target=\"_self\" aria-label=\"Suprise_Weihnachten_760\"><img decoding=\"async\" width=\"400\" height=\"400\" alt=\"Suprise_Weihnachten_760\" src=\"https:\/\/brieger.ch\/wp-content\/uploads\/2024\/11\/Suprise_Weihnachten_760-400x400.jpg\" class=\"img-responsive wp-image-94556\" srcset=\"https:\/\/brieger.ch\/wp-content\/uploads\/2024\/11\/Suprise_Weihnachten_760-200x200.jpg 200w, https:\/\/brieger.ch\/wp-content\/uploads\/2024\/11\/Suprise_Weihnachten_760-400x400.jpg 400w, https:\/\/brieger.ch\/wp-content\/uploads\/2024\/11\/Suprise_Weihnachten_760-600x600.jpg 600w, https:\/\/brieger.ch\/wp-content\/uploads\/2024\/11\/Suprise_Weihnachten_760.jpg 760w\" sizes=\"(max-width: 1024px) 100vw, (max-width: 640px) 100vw, 400px\" \/><\/a><\/span><\/div><div class=\"fusion-text fusion-text-2\"><p><a href=\"?wpv-artikelart&#091;&#093;=emballages-cadeaux-noel#product-select\">Groupe No\u00ebl:<br \/>\nSalutations de No\u00ebl, Simply Christmas, Suprprise<\/a><\/p>\n<\/div><\/div><\/div><div class=\"fusion-layout-column fusion_builder_column fusion-builder-column-2 fusion_builder_column_1_3 1_3 fusion-flex-column\" style=\"--awb-padding-right:8px;--awb-padding-left:8px;--awb-bg-size:cover;--awb-border-color:#898989;--awb-border-top:1px;--awb-border-right:1px;--awb-border-bottom:1px;--awb-border-left:1px;--awb-border-style:solid;--awb-width-large:33.333333333333%;--awb-margin-top-large:0px;--awb-spacing-right-large:5.76%;--awb-margin-bottom-large:20px;--awb-spacing-left-large:5.76%;--awb-width-medium:100%;--awb-spacing-right-medium:1.92%;--awb-spacing-left-medium:1.92%;--awb-width-small:100%;--awb-spacing-right-small:1.92%;--awb-spacing-left-small:1.92%;\"><div class=\"fusion-column-wrapper fusion-column-has-shadow fusion-flex-justify-content-flex-start fusion-content-layout-column\"><div class=\"fusion-image-element \" style=\"--awb-caption-title-font-family:var(--h2_typography-font-family);--awb-caption-title-font-weight:var(--h2_typography-font-weight);--awb-caption-title-font-style:var(--h2_typography-font-style);--awb-caption-title-size:var(--h2_typography-font-size);--awb-caption-title-transform:var(--h2_typography-text-transform);--awb-caption-title-line-height:var(--h2_typography-line-height);--awb-caption-title-letter-spacing:var(--h2_typography-letter-spacing);\"><span class=\" fusion-imageframe imageframe-none imageframe-2 hover-type-none geschenkbilder\"><a class=\"fusion-no-lightbox\" href=\"?wpv-artikelart%5B%5D=emballages-cadeaux-pure-line#product-select\" target=\"_self\" aria-label=\"Pure_Line_2-n\"><img decoding=\"async\" width=\"400\" height=\"400\" alt=\"Schwarze Kartonboxen in verschiedenen Gr\u00f6\u00dfen\n\" src=\"https:\/\/brieger.ch\/wp-content\/uploads\/2025\/10\/Pure_Line_2-n-400x400.jpg\" class=\"img-responsive wp-image-103873\" srcset=\"https:\/\/brieger.ch\/wp-content\/uploads\/2025\/10\/Pure_Line_2-n-200x200.jpg 200w, https:\/\/brieger.ch\/wp-content\/uploads\/2025\/10\/Pure_Line_2-n-400x400.jpg 400w, https:\/\/brieger.ch\/wp-content\/uploads\/2025\/10\/Pure_Line_2-n-600x600.jpg 600w, https:\/\/brieger.ch\/wp-content\/uploads\/2025\/10\/Pure_Line_2-n-800x800.jpg 800w, https:\/\/brieger.ch\/wp-content\/uploads\/2025\/10\/Pure_Line_2-n-scaled.jpg 1200w\" sizes=\"(max-width: 1024px) 100vw, (max-width: 640px) 100vw, 400px\" \/><\/a><\/span><\/div><div class=\"fusion-text fusion-text-3\"><p><a href=\"https:\/\/brieger.ch\/fr\/cadeaux\/emballages-cadeaux\/?wpv-artikelart&#091;&#093;=emballages-cadeaux-pure-line#product-select\">Groupe Pure Line:<br \/>\n\u00ab Pure line \u00bb noir<\/a><\/p>\n<\/div><\/div><\/div><div class=\"fusion-layout-column fusion_builder_column fusion-builder-column-3 fusion_builder_column_1_3 1_3 fusion-flex-column\" style=\"--awb-padding-right:8px;--awb-padding-left:8px;--awb-bg-size:cover;--awb-border-color:#898989;--awb-border-top:1px;--awb-border-right:1px;--awb-border-bottom:1px;--awb-border-left:1px;--awb-border-style:solid;--awb-width-large:33.333333333333%;--awb-margin-top-large:0px;--awb-spacing-right-large:5.76%;--awb-margin-bottom-large:20px;--awb-spacing-left-large:5.76%;--awb-width-medium:100%;--awb-spacing-right-medium:1.92%;--awb-spacing-left-medium:1.92%;--awb-width-small:100%;--awb-spacing-right-small:1.92%;--awb-spacing-left-small:1.92%;\"><div class=\"fusion-column-wrapper fusion-column-has-shadow fusion-flex-justify-content-flex-start fusion-content-layout-column\"><div class=\"fusion-image-element \" style=\"--awb-caption-title-font-family:var(--h2_typography-font-family);--awb-caption-title-font-weight:var(--h2_typography-font-weight);--awb-caption-title-font-style:var(--h2_typography-font-style);--awb-caption-title-size:var(--h2_typography-font-size);--awb-caption-title-transform:var(--h2_typography-text-transform);--awb-caption-title-line-height:var(--h2_typography-line-height);--awb-caption-title-letter-spacing:var(--h2_typography-letter-spacing);\"><span class=\" fusion-imageframe imageframe-none imageframe-3 hover-type-none geschenkbilder\"><a class=\"fusion-no-lightbox\" href=\"?wpv-artikelart%5B%5D=emballages-cadeaux-struktura-vita#product-select\" target=\"_self\" aria-label=\"Brieger-Gruppe-Struktura_Vita\"><img decoding=\"async\" width=\"650\" height=\"650\" src=\"https:\/\/brieger.ch\/wp-content\/uploads\/2020\/07\/Brieger-Gruppe-Struktura_Vita.jpg\" alt class=\"img-responsive wp-image-36155\" srcset=\"https:\/\/brieger.ch\/wp-content\/uploads\/2020\/07\/Brieger-Gruppe-Struktura_Vita-200x200.jpg 200w, https:\/\/brieger.ch\/wp-content\/uploads\/2020\/07\/Brieger-Gruppe-Struktura_Vita-400x400.jpg 400w, https:\/\/brieger.ch\/wp-content\/uploads\/2020\/07\/Brieger-Gruppe-Struktura_Vita-600x600.jpg 600w, https:\/\/brieger.ch\/wp-content\/uploads\/2020\/07\/Brieger-Gruppe-Struktura_Vita.jpg 650w\" sizes=\"(max-width: 1024px) 100vw, (max-width: 640px) 100vw, 400px\" \/><\/a><\/span><\/div><div class=\"fusion-text fusion-text-4\"><p><a href=\"https:\/\/brieger.ch\/fr\/cadeaux\/emballages-cadeaux\/?wpv-artikelart&#091;&#093;=emballages-cadeaux-struktura-vita#product-select\">Groupe \u00ab\u00a0Struktura Vita\u00a0\u00bb:<br \/>\nStruktura Vita anthracite et noir<\/a><\/p>\n<\/div><\/div><\/div><div class=\"fusion-layout-column fusion_builder_column fusion-builder-column-4 fusion_builder_column_1_3 1_3 fusion-flex-column\" style=\"--awb-padding-right:8px;--awb-padding-left:8px;--awb-bg-size:cover;--awb-border-color:#898989;--awb-border-top:1px;--awb-border-right:1px;--awb-border-bottom:1px;--awb-border-left:1px;--awb-border-style:solid;--awb-width-large:33.333333333333%;--awb-margin-top-large:0px;--awb-spacing-right-large:5.76%;--awb-margin-bottom-large:20px;--awb-spacing-left-large:5.76%;--awb-width-medium:100%;--awb-spacing-right-medium:1.92%;--awb-spacing-left-medium:1.92%;--awb-width-small:100%;--awb-spacing-right-small:1.92%;--awb-spacing-left-small:1.92%;\"><div class=\"fusion-column-wrapper fusion-column-has-shadow fusion-flex-justify-content-flex-start fusion-content-layout-column\"><div class=\"fusion-image-element \" style=\"--awb-caption-title-font-family:var(--h2_typography-font-family);--awb-caption-title-font-weight:var(--h2_typography-font-weight);--awb-caption-title-font-style:var(--h2_typography-font-style);--awb-caption-title-size:var(--h2_typography-font-size);--awb-caption-title-transform:var(--h2_typography-text-transform);--awb-caption-title-line-height:var(--h2_typography-line-height);--awb-caption-title-letter-spacing:var(--h2_typography-letter-spacing);\"><span class=\" fusion-imageframe imageframe-none imageframe-4 hover-type-none geschenkbilder\"><a class=\"fusion-no-lightbox\" href=\"?wpv-artikelart%5B%5D=emballages-cadeaux-cannelure-ouverte#product-select\" target=\"_self\" aria-label=\"Group 1\"><img decoding=\"async\" width=\"400\" height=\"400\" alt=\"Verschiedene Geschenkboxen aus Karton f\u00fcr Lebensmittel und Produkte\" src=\"https:\/\/brieger.ch\/wp-content\/uploads\/2025\/10\/Group-1-400x400.jpg\" class=\"img-responsive wp-image-103875\" srcset=\"https:\/\/brieger.ch\/wp-content\/uploads\/2025\/10\/Group-1-200x200.jpg 200w, https:\/\/brieger.ch\/wp-content\/uploads\/2025\/10\/Group-1-400x400.jpg 400w, https:\/\/brieger.ch\/wp-content\/uploads\/2025\/10\/Group-1-600x600.jpg 600w, https:\/\/brieger.ch\/wp-content\/uploads\/2025\/10\/Group-1-800x800.jpg 800w, https:\/\/brieger.ch\/wp-content\/uploads\/2025\/10\/Group-1.jpg 1200w\" sizes=\"(max-width: 1024px) 100vw, (max-width: 640px) 100vw, 400px\" \/><\/a><\/span><\/div><div class=\"fusion-text fusion-text-5\"><p><a href=\"https:\/\/brieger.ch\/fr\/cadeaux\/emballages-cadeaux\/?wpv-artikelart&#091;&#093;=emballages-cadeaux-cannelure-ouverte#product-select\">Groupe Sp\u00e9cial:<br \/>\nEmballages cadeaux cannelure ouverte ou avec fen\u00eatre<\/a><\/p>\n<\/div><\/div><\/div><div class=\"fusion-layout-column fusion_builder_column fusion-builder-column-5 fusion_builder_column_1_3 1_3 fusion-flex-column fusion-flex-align-self-stretch\" style=\"--awb-padding-right:8px;--awb-padding-left:8px;--awb-bg-size:cover;--awb-border-color:#898989;--awb-border-top:1px;--awb-border-right:1px;--awb-border-bottom:1px;--awb-border-left:1px;--awb-border-style:solid;--awb-width-large:33.333333333333%;--awb-margin-top-large:0px;--awb-spacing-right-large:5.76%;--awb-margin-bottom-large:20px;--awb-spacing-left-large:5.76%;--awb-width-medium:100%;--awb-order-medium:0;--awb-spacing-right-medium:1.92%;--awb-spacing-left-medium:1.92%;--awb-width-small:100%;--awb-order-small:0;--awb-spacing-right-small:1.92%;--awb-spacing-left-small:1.92%;\"><div class=\"fusion-column-wrapper fusion-column-has-shadow fusion-flex-justify-content-space-between fusion-content-layout-column\"><div class=\"fusion-image-element \" style=\"--awb-caption-title-font-family:var(--h2_typography-font-family);--awb-caption-title-font-weight:var(--h2_typography-font-weight);--awb-caption-title-font-style:var(--h2_typography-font-style);--awb-caption-title-size:var(--h2_typography-font-size);--awb-caption-title-transform:var(--h2_typography-text-transform);--awb-caption-title-line-height:var(--h2_typography-line-height);--awb-caption-title-letter-spacing:var(--h2_typography-letter-spacing);\"><span class=\" fusion-imageframe imageframe-none imageframe-5 hover-type-none geschenkbilder\"><a class=\"fusion-no-lightbox\" href=\"?wpv-artikelart%5B%5D=emballages-cadeaux-en-carton-avec-effet-caisse-bois-rustique&amp;wpv-artikelart%5B%5D=emballages-cadeaux-prestige&amp;wpv-artikelart%5B%5D=emballages-cadeaux-brun&amp;wpv-artikelart%5B%5D=emballages-cadeaux-simply-christmas#product-select\" target=\"_self\" aria-label=\"Coffrets\"><img decoding=\"async\" width=\"731\" height=\"400\" alt=\"Bedruckte Geschenkboxen aus Karton mit Weihnachtsmotiv\" src=\"https:\/\/brieger.ch\/wp-content\/uploads\/2025\/09\/Coffrets-731x400.jpg\" class=\"img-responsive wp-image-103391\" srcset=\"https:\/\/brieger.ch\/wp-content\/uploads\/2025\/09\/Coffrets-200x109.jpg 200w, https:\/\/brieger.ch\/wp-content\/uploads\/2025\/09\/Coffrets-400x219.jpg 400w, https:\/\/brieger.ch\/wp-content\/uploads\/2025\/09\/Coffrets-600x328.jpg 600w, https:\/\/brieger.ch\/wp-content\/uploads\/2025\/09\/Coffrets-800x438.jpg 800w, https:\/\/brieger.ch\/wp-content\/uploads\/2025\/09\/Coffrets-1200x657.jpg 1200w\" sizes=\"(max-width: 1024px) 100vw, (max-width: 640px) 100vw, 400px\" \/><\/a><\/span><\/div><div class=\"fusion-text fusion-text-6\"><p><a href=\"?wpv-artikelart&#091;&#093;=emballages-cadeaux-en-carton-avec-effet-caisse-bois-rustique&amp;wpv-artikelart&#091;&#093;=emballages-cadeaux-prestige&amp;wpv-artikelart&#091;&#093;=emballages-cadeaux-brun&amp;wpv-artikelart&#091;&#093;=emballages-cadeaux-simply-christmas#product-select\">Groupe Brun:<br \/>\nCaisse bois rustique, Prestige, Gnome, Brun avec impression et Simply Christmas<\/a><\/p>\n<\/div><\/div><\/div><div class=\"fusion-layout-column fusion_builder_column fusion-builder-column-6 fusion_builder_column_1_3 1_3 fusion-flex-column\" style=\"--awb-padding-right:8px;--awb-padding-left:8px;--awb-bg-size:cover;--awb-border-color:#898989;--awb-border-top:1px;--awb-border-right:1px;--awb-border-bottom:1px;--awb-border-left:1px;--awb-border-style:solid;--awb-width-large:33.333333333333%;--awb-margin-top-large:0px;--awb-spacing-right-large:5.76%;--awb-margin-bottom-large:20px;--awb-spacing-left-large:5.76%;--awb-width-medium:100%;--awb-spacing-right-medium:1.92%;--awb-spacing-left-medium:1.92%;--awb-width-small:100%;--awb-spacing-right-small:1.92%;--awb-spacing-left-small:1.92%;\"><div class=\"fusion-column-wrapper fusion-column-has-shadow fusion-flex-justify-content-flex-start fusion-content-layout-column\"><div class=\"fusion-image-element \" style=\"--awb-caption-title-font-family:var(--h2_typography-font-family);--awb-caption-title-font-weight:var(--h2_typography-font-weight);--awb-caption-title-font-style:var(--h2_typography-font-style);--awb-caption-title-size:var(--h2_typography-font-size);--awb-caption-title-transform:var(--h2_typography-text-transform);--awb-caption-title-line-height:var(--h2_typography-line-height);--awb-caption-title-letter-spacing:var(--h2_typography-letter-spacing);\"><span class=\" fusion-imageframe imageframe-none imageframe-6 hover-type-none geschenkbilder\"><a class=\"fusion-no-lightbox\" href=\"?wpv-artikelart%5B%5D=emballages-cadeaux-boites-pliantes#product-select\" target=\"_self\" aria-label=\"Weihnachtszauber_2er_FS_links_300dpi\"><img decoding=\"async\" width=\"400\" height=\"400\" alt=\"Rote Geschenkbox aus Karton mit weihnachtlichem Kugelmotiv\" src=\"https:\/\/brieger.ch\/wp-content\/uploads\/2025\/09\/Weihnachtszauber_2er_FS_links_300dpi-400x400.jpg\" class=\"img-responsive wp-image-102999\" srcset=\"https:\/\/brieger.ch\/wp-content\/uploads\/2025\/09\/Weihnachtszauber_2er_FS_links_300dpi-200x200.jpg 200w, https:\/\/brieger.ch\/wp-content\/uploads\/2025\/09\/Weihnachtszauber_2er_FS_links_300dpi-400x400.jpg 400w, https:\/\/brieger.ch\/wp-content\/uploads\/2025\/09\/Weihnachtszauber_2er_FS_links_300dpi-600x600.jpg 600w, https:\/\/brieger.ch\/wp-content\/uploads\/2025\/09\/Weihnachtszauber_2er_FS_links_300dpi-800x800.jpg 800w, https:\/\/brieger.ch\/wp-content\/uploads\/2025\/09\/Weihnachtszauber_2er_FS_links_300dpi-scaled.jpg 1200w\" sizes=\"(max-width: 1024px) 100vw, (max-width: 640px) 100vw, 400px\" \/><\/a><\/span><\/div><div class=\"fusion-text fusion-text-7\"><p><a href=\"https:\/\/brieger.ch\/fr\/cadeaux\/emballages-cadeaux\/?wpv-artikelart&#091;&#093;=emballages-cadeaux-boites-pliantes#product-select\">Groupe bo\u00eetes pliantes<\/a><\/p>\n<\/div><\/div><\/div><div class=\"fusion-layout-column fusion_builder_column fusion-builder-column-7 fusion_builder_column_1_1 1_1 fusion-flex-column\" style=\"--awb-bg-size:cover;--awb-width-large:100%;--awb-margin-top-large:30px;--awb-spacing-right-large:1.92%;--awb-margin-bottom-large:20px;--awb-spacing-left-large:1.92%;--awb-width-medium:100%;--awb-order-medium:0;--awb-spacing-right-medium:1.92%;--awb-spacing-left-medium:1.92%;--awb-width-small:100%;--awb-order-small:0;--awb-spacing-right-small:1.92%;--awb-spacing-left-small:1.92%;\" data-scroll-devices=\"small-visibility,medium-visibility,large-visibility\"><div class=\"fusion-column-wrapper fusion-column-has-shadow fusion-flex-justify-content-flex-start fusion-content-layout-column\"><div ><a class=\"fusion-button button-flat button-small button-custom fusion-button-default button-1 fusion-button-default-span fusion-button-default-type\" style=\"--button_accent_color:var(--awb-color3);--button_border_color:var(--awb-color3);--button_accent_hover_color:var(--awb-color3);--button_border_hover_color:var(--awb-color3);--button_gradient_top_color:var(--awb-color1);--button_gradient_bottom_color:var(--awb-color1);--button_gradient_top_color_hover:var(--awb-color1);--button_gradient_bottom_color_hover:var(--awb-color1);\" target=\"_self\" href=\"#instructions-de-montage\"><i class=\"fa-arrow-down fas button-icon-left\" aria-hidden=\"true\"><\/i><span class=\"fusion-button-text\">Instructions de montage<\/span><\/a><\/div><\/div><\/div><\/div><\/div><div class=\"fusion-fullwidth fullwidth-box fusion-builder-row-3 nonhundred-percent-fullwidth non-hundred-percent-height-scrolling\" style=\"--awb-border-radius-top-left:0px;--awb-border-radius-top-right:0px;--awb-border-radius-bottom-right:0px;--awb-border-radius-bottom-left:0px;--awb-padding-top:44px;--awb-flex-wrap:wrap;\" ><div class=\"fusion-builder-row fusion-row\"><div class=\"fusion-layout-column fusion_builder_column fusion-builder-column-8 fusion_builder_column_1_1 1_1 fusion-one-full fusion-column-first fusion-column-last\" style=\"--awb-bg-blend:overlay;--awb-bg-size:cover;\"><div class=\"fusion-column-wrapper fusion-flex-column-wrapper-legacy\"><div class=\"fusion-text fusion-text-8\"><p>Les produits peuvent \u00eatre filtr\u00e9s selon diff\u00e9rents crit\u00e8res<\/p>\n<\/div><div class=\"fusion-clearfix\"><\/div><\/div><\/div><div class=\"fusion-layout-column fusion_builder_column fusion-builder-column-9 fusion_builder_column_1_1 1_1 fusion-one-full fusion-column-first fusion-column-last\" style=\"--awb-bg-size:cover;\" id=\"results\"><div class=\"fusion-column-wrapper fusion-column-has-shadow fusion-flex-column-wrapper-legacy\"><div class=\"fusion-text fusion-text-9\"><form autocomplete=\"off\" name=\"wpv-filter-41502\" action=\"\/fr\/wp-json\/wp\/v2\/pages\/40598?wpv_view_count=41502\" method=\"get\" class=\"wpv-filter-form js-wpv-filter-form js-wpv-filter-form-41502 js-wpv-form-full js-wpv-dps-enabled js-wpv-ajax-results-enabled\" data-viewnumber=\"41502\" data-viewid=\"41502\" data-viewhash=\"eyJuYW1lIjoic2VhcmNoX2dlc2NoZW5rdmVycGFja3VuZ2VuLWZyIiwiY2FjaGVkIjoib2ZmIn0=\" data-viewwidgetid=\"0\" data-orderby=\"\" data-order=\"\" data-orderbyas=\"\" data-orderbysecond=\"\" data-ordersecond=\"\" data-parametric=\"{&quot;query&quot;:&quot;normal&quot;,&quot;id&quot;:41502,&quot;view_id&quot;:41502,&quot;widget_id&quot;:0,&quot;view_hash&quot;:&quot;41502&quot;,&quot;action&quot;:&quot;\\\/fr\\\/wp-json\\\/wp\\\/v2\\\/pages\\\/40598?wpv_view_count=41502&quot;,&quot;sort&quot;:{&quot;orderby&quot;:&quot;&quot;,&quot;order&quot;:&quot;&quot;,&quot;orderby_as&quot;:&quot;&quot;,&quot;orderby_second&quot;:&quot;&quot;,&quot;order_second&quot;:&quot;&quot;},&quot;orderby&quot;:&quot;&quot;,&quot;order&quot;:&quot;&quot;,&quot;orderby_as&quot;:&quot;&quot;,&quot;orderby_second&quot;:&quot;&quot;,&quot;order_second&quot;:&quot;&quot;,&quot;ajax_form&quot;:&quot;&quot;,&quot;ajax_results&quot;:&quot;&quot;,&quot;effect&quot;:&quot;fade&quot;,&quot;prebefore&quot;:&quot;&quot;,&quot;before&quot;:&quot;&quot;,&quot;after&quot;:&quot;&quot;,&quot;attributes&quot;:{&quot;cached&quot;:&quot;off&quot;},&quot;environment&quot;:{&quot;current_post_id&quot;:40598,&quot;parent_post_id&quot;:40598,&quot;parent_term_id&quot;:0,&quot;parent_user_id&quot;:0,&quot;archive&quot;:{&quot;type&quot;:&quot;&quot;,&quot;name&quot;:&quot;&quot;,&quot;data&quot;:[]}},&quot;loop&quot;:{&quot;type&quot;:&quot;&quot;,&quot;name&quot;:&quot;&quot;,&quot;data&quot;:[],&quot;id&quot;:0}}\" data-attributes=\"{&quot;cached&quot;:&quot;off&quot;}\" data-environment=\"{&quot;current_post_id&quot;:40598,&quot;parent_post_id&quot;:40598,&quot;parent_term_id&quot;:0,&quot;parent_user_id&quot;:0,&quot;archive&quot;:{&quot;type&quot;:&quot;&quot;,&quot;name&quot;:&quot;&quot;,&quot;data&quot;:[]}}\"><input type=\"hidden\" class=\"js-wpv-dps-filter-data js-wpv-filter-data-for-this-form\" data-action=\"\/fr\/wp-json\/wp\/v2\/pages\/40598?wpv_view_count=41502\" data-page=\"1\" data-ajax=\"enable\" data-effect=\"fade\" data-maxpages=\"0\" data-ajaxprebefore=\"\" data-ajaxbefore=\"\" data-ajaxafter=\"\" \/><input class=\"wpv_view_count wpv_view_count-41502\" type=\"hidden\" name=\"wpv_view_count\" value=\"41502\" \/>\n<div class=\"prodsearchbox\">\n\n<div class=\"form-group\">\n\t<label>Types d'articles<\/label>\n\t<div class=\"radio\">\n\t\t\t\t\t\t\t\t\t<label for=\"artikelart-\"  class=\"\" >\n\t\t\t\t\t\t\t\t\t\t<input id=\"artikelart-\"  class=\"js-wpv-filter-trigger\"\n\t\t\t\t\t\t\t\t\t\t\tname=\"wpv-artikelart\" type=\"radio\" value=\"0\"  checked='checked'\n\t\t\t\t\t\t\t\t\t\t\/>\n\t\t\t\t\t\t\t\t\t\tVoir tous\n\t\t\t\t\t\t\t\t\t<\/label>\n\t\t\t\t\t\t\t\t<\/div><div class=\"radio\"><label for=\"artikelart-coffret-magie-de-noel\"><input type=\"radio\" id=\"artikelart-coffret-magie-de-noel\" class=\"js-wpv-filter-trigger\" name=\"wpv-artikelart\" value=\"coffret-magie-de-noel\" \/>Coffret Magie de No\u00ebl<\/label><\/div><div class=\"radio\"><label for=\"artikelart-emballages-cadeaux-bandeau\"><input type=\"radio\" id=\"artikelart-emballages-cadeaux-bandeau\" class=\"js-wpv-filter-trigger\" name=\"wpv-artikelart\" value=\"emballages-cadeaux-bandeau\" \/>Emballages cadeaux \"Bandeau\"<\/label><\/div><div class=\"radio\"><label for=\"artikelart-emballages-cadeaux-branche-de-baies\"><input type=\"radio\" id=\"artikelart-emballages-cadeaux-branche-de-baies\" class=\"js-wpv-filter-trigger\" name=\"wpv-artikelart\" value=\"emballages-cadeaux-branche-de-baies\" \/>Emballages cadeaux \"Branche de baies\"<\/label><\/div><div class=\"radio\"><label for=\"artikelart-emballages-cadeaux-prestige\"><input type=\"radio\" id=\"artikelart-emballages-cadeaux-prestige\" class=\"js-wpv-filter-trigger\" name=\"wpv-artikelart\" value=\"emballages-cadeaux-prestige\" \/>Emballages cadeaux &#034;Prestige&#034;<\/label><\/div><div class=\"radio\"><label for=\"artikelart-emballages-cadeaux-brun\"><input type=\"radio\" id=\"artikelart-emballages-cadeaux-brun\" class=\"js-wpv-filter-trigger\" name=\"wpv-artikelart\" value=\"emballages-cadeaux-brun\" \/>Emballages cadeaux &quot;Brun&quot;<\/label><\/div><div class=\"radio\"><label for=\"artikelart-emballages-cadeaux-noel\"><input type=\"radio\" id=\"artikelart-emballages-cadeaux-noel\" class=\"js-wpv-filter-trigger\" name=\"wpv-artikelart\" value=\"emballages-cadeaux-noel\" \/>Emballages cadeaux &quot;No\u00ebl&quot;<\/label><\/div><div class=\"radio\"><label for=\"artikelart-emballages-cadeaux-pure-line\"><input type=\"radio\" id=\"artikelart-emballages-cadeaux-pure-line\" class=\"js-wpv-filter-trigger\" name=\"wpv-artikelart\" value=\"emballages-cadeaux-pure-line\" \/>Emballages cadeaux &quot;Pure line&quot;<\/label><\/div><div class=\"radio\"><label for=\"artikelart-emballages-cadeaux-struktura-vita\"><input type=\"radio\" id=\"artikelart-emballages-cadeaux-struktura-vita\" class=\"js-wpv-filter-trigger\" name=\"wpv-artikelart\" value=\"emballages-cadeaux-struktura-vita\" \/>Emballages cadeaux &quot;Struktura Vita&quot;<\/label><\/div><div class=\"radio\"><label for=\"artikelart-emballages-cadeaux-avec-fenetre-fr\"><input type=\"radio\" id=\"artikelart-emballages-cadeaux-avec-fenetre-fr\" class=\"js-wpv-filter-trigger\" name=\"wpv-artikelart\" value=\"emballages-cadeaux-avec-fenetre-fr\" \/>Emballages cadeaux avec fen\u00eatre<\/label><\/div><div class=\"radio\"><label for=\"artikelart-emballages-cadeaux-boites-pliantes\"><input type=\"radio\" id=\"artikelart-emballages-cadeaux-boites-pliantes\" class=\"js-wpv-filter-trigger\" name=\"wpv-artikelart\" value=\"emballages-cadeaux-boites-pliantes\" \/>Emballages cadeaux Boites pliantes<\/label><\/div><div class=\"radio\"><label for=\"artikelart-emballages-cadeaux-cannelure-ouverte\"><input type=\"radio\" id=\"artikelart-emballages-cadeaux-cannelure-ouverte\" class=\"js-wpv-filter-trigger\" name=\"wpv-artikelart\" value=\"emballages-cadeaux-cannelure-ouverte\" \/>Emballages cadeaux cannelure ouverte<\/label><\/div><div class=\"radio\"><label for=\"artikelart-emballages-cadeaux-groupe-noel\"><input type=\"radio\" id=\"artikelart-emballages-cadeaux-groupe-noel\" class=\"js-wpv-filter-trigger\" name=\"wpv-artikelart\" value=\"emballages-cadeaux-groupe-noel\" \/>Emballages cadeaux Groupe No\u00ebl<\/label><\/div>\n<\/div>\n  \n<div class=\"farbenseparator\">&nbsp;<\/div>\n<div class=\"laenge_in_mm_search\">\n  <div class=\"form-group\">\n\t<label>Longueur<\/label>\n\t<select id=\"wpv_control_select__length\" name=\"wpv-_length\" class=\"js-wpv-filter-trigger form-control\"><option value=\"\" selected=\"selected\">Longueur en mm<\/option><option value=\"78\">78<\/option><option value=\"93\">93<\/option><option value=\"168\">168<\/option><option value=\"170\">170<\/option><option value=\"193\">193<\/option><option value=\"200\">200<\/option><option value=\"236\">236<\/option><option value=\"250\">250<\/option><option value=\"255\">255<\/option><option value=\"344\">344<\/option><option value=\"346\">346<\/option><option value=\"360\">360<\/option><option value=\"380\">380<\/option><option value=\"385\">385<\/option><option value=\"395\">395<\/option><option value=\"405\">405<\/option><\/select>\n<\/div>\n  \n<\/div>\n<div class=\"breite_in_mm_search\">  \n<div class=\"form-group\">\n\t<label>Largeur<\/label>\n\t<select id=\"wpv_control_select__width\" name=\"wpv-_width\" class=\"js-wpv-filter-trigger form-control\"><option value=\"\" selected=\"selected\">Largeur en mm<\/option><option value=\"78\">78<\/option><option value=\"80\">80<\/option><option value=\"82\">82<\/option><option value=\"88\">88<\/option><option value=\"93\">93<\/option><option value=\"99\">99<\/option><option value=\"116\">116<\/option><option value=\"118\">118<\/option><option value=\"180\">180<\/option><option value=\"190\">190<\/option><option value=\"192\">192<\/option><option value=\"196\">196<\/option><option value=\"200\">200<\/option><option value=\"250\">250<\/option><option value=\"257\">257<\/option><option value=\"260\">260<\/option><option value=\"281\">281<\/option><option value=\"360\">360<\/option><\/select>\n<\/div>  \n  \n<\/div>\n<div class=\"hoehe_in_mm_search\">\n<div class=\"form-group\">\n\t<label>Hauteur<\/label>\n\t<select id=\"wpv_control_select__height\" name=\"wpv-_height\" class=\"js-wpv-filter-trigger form-control\"><option value=\"\" selected=\"selected\">Hauteur en mm<\/option><option value=\"70\">70<\/option><option value=\"90\">90<\/option><option value=\"91\">91<\/option><option value=\"93\">93<\/option><option value=\"100\">100<\/option><option value=\"101\">101<\/option><option value=\"110\">110<\/option><option value=\"124\">124<\/option><option value=\"194\">194<\/option><option value=\"330\">330<\/option><option value=\"360\">360<\/option><\/select>\n<\/div>  \n<\/div>\n  \n\n  \n  \n<div class=\"qualitaet_search\">  \n<div class=\"form-group\">\n\t<label>Qualit\u00e9<\/label>\n\t<select name=\"wpv-qualitaet\" class=\"js-wpv-filter-trigger form-control\"><option selected='selected' value=\"0\">\u00c9paisseur<\/option><option value=\"1-0-mm\">1.0 mm<\/option><option value=\"1-5-mm\">1.5 mm<\/option><option value=\"2-5-mm\">2.5 mm<\/option><option value=\"3-0-mm\">3.0 mm<\/option><\/select>\n<\/div>  \n<\/div>  \n  \n<div class=\"qualitaet_search\">  \n<div class=\"form-group\">\n\t<label for=\"wpv-wpcf-flaschenverpackungsinhalt\">Nombre de bouteilles<\/label>\n\t<select id=\"wpv_control_select_wpcf-flaschenverpackungsinhalt\" name=\"wpv-wpcf-flaschenverpackungsinhalt\" class=\"js-wpv-filter-trigger form-control\"><option value=\"\" selected=\"selected\">Nbr. bouteilles<\/option><option value=\"1\">1<\/option><option value=\"2\">2<\/option><option value=\"3\">3<\/option><option value=\"4\">4<\/option><option value=\"6\">6<\/option><\/select>\n<\/div>\n<\/div>    \n  \n<div style=\"clear:both;\"><\/div>\n<div class=\"farbenseparator\">&nbsp;<\/div>\n\t\n<div class=\"form-group\">\n\t<label>Couleurs<\/label>\n<div class=\"farbenbtns\">\n\t<div class=\"radio\"><label for=\"farbe-anthracite\"><input type=\"radio\" id=\"farbe-anthracite\" class=\"js-wpv-filter-trigger\" name=\"wpv-farbe\" value=\"anthracite\" \/>Anthracite<\/label><\/div><div class=\"radio\"><label for=\"farbe-blanc\"><input type=\"radio\" id=\"farbe-blanc\" class=\"js-wpv-filter-trigger\" name=\"wpv-farbe\" value=\"blanc\" \/>blanc<\/label><\/div><div class=\"radio\"><label for=\"farbe-boites-pliantes\"><input type=\"radio\" id=\"farbe-boites-pliantes\" class=\"js-wpv-filter-trigger\" name=\"wpv-farbe\" value=\"boites-pliantes\" \/>Bo\u00eetes pliantes<\/label><\/div><div class=\"radio\"><label for=\"farbe-brun\"><input type=\"radio\" id=\"farbe-brun\" class=\"js-wpv-filter-trigger\" name=\"wpv-farbe\" value=\"brun\" \/>brun<\/label><\/div><div class=\"radio\"><label for=\"farbe-caisse-bois-rustique\"><input type=\"radio\" id=\"farbe-caisse-bois-rustique\" class=\"js-wpv-filter-trigger\" name=\"wpv-farbe\" value=\"caisse-bois-rustique\" \/>Caisse bois rustique<\/label><\/div><div class=\"radio\"><label for=\"farbe-magie-de-noel\"><input type=\"radio\" id=\"farbe-magie-de-noel\" class=\"js-wpv-filter-trigger\" name=\"wpv-farbe\" value=\"magie-de-noel\" \/>magie de noel<\/label><\/div><div class=\"radio\"><label for=\"farbe-noir\"><input type=\"radio\" id=\"farbe-noir\" class=\"js-wpv-filter-trigger\" name=\"wpv-farbe\" value=\"noir\" \/>noir<\/label><\/div><div class=\"radio\"><label for=\"farbe-prestige-fr\"><input type=\"radio\" id=\"farbe-prestige-fr\" class=\"js-wpv-filter-trigger\" name=\"wpv-farbe\" value=\"prestige-fr\" \/>Prestige<\/label><\/div><div class=\"radio\"><label for=\"farbe-salutations-de-noel\"><input type=\"radio\" id=\"farbe-salutations-de-noel\" class=\"js-wpv-filter-trigger\" name=\"wpv-farbe\" value=\"salutations-de-noel\" \/>Salutations de No\u00ebl<\/label><\/div><div class=\"radio\"><label for=\"farbe-surprise-fr\"><input type=\"radio\" id=\"farbe-surprise-fr\" class=\"js-wpv-filter-trigger\" name=\"wpv-farbe\" value=\"surprise-fr\" \/>Surprise<\/label><\/div>\n<\/div><\/div>\n  \n   \n  \n  \n<div style=\"clear:both;\"><\/div>\n<div class=\"btns_search\">  \n  <button type=\"submit\" class=\"fusion-button button-flat wpv-submit-trigger js-wpv-submit-trigger btn\" style=\"border:1px #000 solid;background:#fff;\">Suchen<\/button> <button type=\"button\" class=\"fusion-button button-flat wpv-reset-trigger js-wpv-reset-trigger btn\" style=\"border:1px #000 solid;background:#fff;\">R\u00e9initialiser<\/button>\n<\/div>\n<\/div><p style=\"display:none; text-align:center;\" class=\"js-wpv-dps-spinner\"><img decoding=\"async\" src=\"https:\/\/brieger.ch\/wp-content\/plugins\/wp-views\/embedded\/res\/img\/ajax-loader3.svg\" \/><\/p>\n<\/form>\n<div id=\"wpv-view-layout-41502\" class=\"js-wpv-view-layout js-wpv-layout-responsive js-wpv-view-layout-41502\" data-viewnumber=\"41502\" data-pagination=\"{&quot;id&quot;:41502,&quot;query&quot;:&quot;normal&quot;,&quot;type&quot;:&quot;disabled&quot;,&quot;effect&quot;:&quot;fade&quot;,&quot;duration&quot;:500,&quot;speed&quot;:5,&quot;pause_on_hover&quot;:&quot;disabled&quot;,&quot;stop_rollover&quot;:&quot;false&quot;,&quot;cache_pages&quot;:&quot;enabled&quot;,&quot;preload_images&quot;:&quot;enabled&quot;,&quot;preload_pages&quot;:&quot;enabled&quot;,&quot;preload_reach&quot;:1,&quot;spinner&quot;:&quot;builtin&quot;,&quot;spinner_image&quot;:&quot;https:\/\/brieger.ch\/wp-content\/plugins\/wp-views\/embedded\/res\/img\/ajax-loader.gif&quot;,&quot;callback_next&quot;:&quot;&quot;,&quot;manage_history&quot;:&quot;disabled&quot;,&quot;has_controls_in_form&quot;:&quot;disabled&quot;,&quot;infinite_tolerance&quot;:&quot;0&quot;,&quot;max_pages&quot;:0,&quot;page&quot;:1,&quot;base_permalink&quot;:&quot;\/fr\/wp-json\/wp\/v2\/pages\/40598?wpv_view_count=41502&amp;wpv_paged=WPV_PAGE_NUM&quot;,&quot;loop&quot;:{&quot;type&quot;:&quot;&quot;,&quot;name&quot;:&quot;&quot;,&quot;data&quot;:[],&quot;id&quot;:0}}\" data-permalink=\"\/fr\/wp-json\/wp\/v2\/pages\/40598?wpv_view_count=41502\">\n\n\t\n\t<div id=\"product-select\"><\/div>\n\t<table width=\"100%\">\n\t\t<thead>\n\t\t\t<tr class=\"titelreihe\"><th class=\"prodimg\">&nbsp;<\/th>\n\t\t\t\t<th class=\"zahlrechts\"><a href=\"#\" class=\"wpv-header-no-sort js-wpv-sort-trigger js-wpv-column-header-click\" data-viewnumber=\"41502\" data-orderby=\"post_title\" data-order=\"asc\" data-orderbyas=\"\">Article<span class=\"wpv-sorting-indicator\"><\/span><\/a><\/th>\n\t\t\t\t<th class=\"zahlrechts\"><a href=\"#\" class=\"wpv-header-no-sort js-wpv-sort-trigger js-wpv-column-header-click\" data-viewnumber=\"41502\" data-orderby=\"field-wpcf-laenge\" data-order=\"asc\" data-orderbyas=\"numeric\">Longueur<span class=\"wpv-sorting-indicator\"><\/span><\/a><\/th>\n\t\t\t\t<th class=\"zahlrechts\"><a href=\"#\" class=\"wpv-header-no-sort js-wpv-sort-trigger js-wpv-column-header-click\" data-viewnumber=\"41502\" data-orderby=\"field-wpcf-breite\" data-order=\"asc\" data-orderbyas=\"numeric\">Largeur<span class=\"wpv-sorting-indicator\"><\/span><\/a><\/th>\n\t\t\t\t<th class=\"zahlrechts\"><a href=\"#\" class=\"wpv-header-no-sort js-wpv-sort-trigger js-wpv-column-header-click\" data-viewnumber=\"41502\" data-orderby=\"field-wpcf-hoehe\" data-order=\"asc\" data-orderbyas=\"numeric\">Hauteur<span class=\"wpv-sorting-indicator\"><\/span><\/a><\/th>\n\t\t\t\t<th class=\"zahlrechts\"><a href=\"#\" class=\"wpv-header-no-sort js-wpv-sort-trigger js-wpv-column-header-click\" data-viewnumber=\"41502\" data-orderby=\"post-taxonomy\" data-order=\"asc\" data-orderbyas=\"\">Qualit\u00e9<span class=\"wpv-sorting-indicator\"><\/span><\/a><\/th>\n\t\t\t\t<th class=\"zahlrechts\"><a href=\"#\" class=\"wpv-header-no-sort js-wpv-sort-trigger js-wpv-column-header-click\" data-viewnumber=\"41502\" data-orderby=\"field-wpcf-flaschenverpackungsinhalt\" data-order=\"asc\" data-orderbyas=\"numeric\">Nombre de bouteilles<span class=\"wpv-sorting-indicator\"><\/span><\/a><\/th>\n\t\t\t\t<th class=\"zahlrechts\"><a href=\"#\" class=\"wpv-header-no-sort js-wpv-sort-trigger js-wpv-column-header-click\" data-viewnumber=\"41502\" data-orderby=\"post-taxonomy\" data-order=\"asc\" data-orderbyas=\"\">Couleur<span class=\"wpv-sorting-indicator\"><\/span><\/a><\/th>\n\t\t\t\t<th class=\"preisrechts\"><a href=\"#\" class=\"wpv-header-no-sort js-wpv-sort-trigger js-wpv-column-header-click\" data-viewnumber=\"41502\" data-orderby=\"field-wpcf-ab-preis\" data-order=\"asc\" data-orderbyas=\"numeric\">Prix d\u00e8s<span class=\"wpv-sorting-indicator\"><\/span><\/a><\/th>\n              \t<th><a href=\"#\" class=\"wpv-header-no-sort js-wpv-sort-trigger js-wpv-column-header-click\" data-viewnumber=\"41502\" data-orderby=\"post-taxonomy\" data-order=\"asc\" data-orderbyas=\"\">&nbsp;<span class=\"wpv-sorting-indicator\"><\/span><\/a><\/th>\n\t\t\t<\/tr>\n\t\t<\/thead>\n\t\t<tbody class=\"wpv-loop js-wpv-loop\">\n\t\t<tr class=\"prodselect\" data-href=\"https:\/\/brieger.ch\/fr\/product\/31271\/\">\n\t\t\t\t<td class=\"prodimg\"><a href=\"https:\/\/brieger.ch\/fr\/product\/31271\/\"><img decoding=\"async\" width=\"100\" height=\"100\" src=\"https:\/\/brieger.ch\/wp-content\/uploads\/2020\/05\/31271-100x100.jpg\" class=\"attachment-shop_thumbnail size-shop_thumbnail wp-post-image\" alt=\"\" srcset=\"https:\/\/brieger.ch\/wp-content\/uploads\/2020\/05\/31271-66x66.jpg 66w, https:\/\/brieger.ch\/wp-content\/uploads\/2020\/05\/31271-100x100.jpg 100w, https:\/\/brieger.ch\/wp-content\/uploads\/2020\/05\/31271-200x200.jpg 200w, https:\/\/brieger.ch\/wp-content\/uploads\/2020\/05\/31271-280x280.jpg 280w, https:\/\/brieger.ch\/wp-content\/uploads\/2020\/05\/31271-400x400.jpg 400w, https:\/\/brieger.ch\/wp-content\/uploads\/2020\/05\/31271-500x500.jpg 500w, https:\/\/brieger.ch\/wp-content\/uploads\/2020\/05\/31271-600x600.jpg 600w, https:\/\/brieger.ch\/wp-content\/uploads\/2020\/05\/31271.jpg 650w\" sizes=\"(max-width: 100px) 100vw, 100px\" \/><\/a><\/td>\n\t\t\t\t<td class=\"abgr\"><a href=\"https:\/\/brieger.ch\/fr\/product\/31271\/\">31271<\/a><\/td>\n\t\t\t\t<td class=\"zahlrechts abgr\"><a href=\"https:\/\/brieger.ch\/fr\/product\/31271\/\">78<\/a><\/td>\n\t\t\t\t<td class=\"zahlrechts abgr\"><a href=\"https:\/\/brieger.ch\/fr\/product\/31271\/\">78<\/a><\/td>\n\t\t\t\t<td class=\"zahlrechts abgr\"><a href=\"https:\/\/brieger.ch\/fr\/product\/31271\/\">360<\/a><\/td>\n\t\t\t\t<td class=\"zahlrechts abgr\"><a href=\"https:\/\/brieger.ch\/fr\/product\/31271\/\">1.0 mm<\/a><\/td>\n\t\t\t\t<td class=\"zahlrechts abgr\"><a href=\"https:\/\/brieger.ch\/fr\/product\/31271\/\">1<\/a><\/td>\n\t\t\t\t<td class=\"zahlrechts abgr\"><a href=\"https:\/\/brieger.ch\/fr\/product\/31271\/\"><div id=\"wpv-view-layout-619-CPID39780\" class=\"js-wpv-view-layout js-wpv-layout-responsive js-wpv-view-layout-619-CPID39780\" data-viewnumber=\"619-CPID39780\" data-pagination=\"{&quot;id&quot;:619,&quot;query&quot;:&quot;normal&quot;,&quot;type&quot;:&quot;disabled&quot;,&quot;effect&quot;:&quot;fade&quot;,&quot;duration&quot;:500,&quot;speed&quot;:5,&quot;pause_on_hover&quot;:&quot;disabled&quot;,&quot;stop_rollover&quot;:&quot;false&quot;,&quot;cache_pages&quot;:&quot;enabled&quot;,&quot;preload_images&quot;:&quot;enabled&quot;,&quot;preload_pages&quot;:&quot;enabled&quot;,&quot;preload_reach&quot;:1,&quot;spinner&quot;:&quot;builtin&quot;,&quot;spinner_image&quot;:&quot;https:\/\/brieger.ch\/wp-content\/plugins\/wp-views\/embedded\/res\/img\/ajax-loader.gif&quot;,&quot;callback_next&quot;:&quot;&quot;,&quot;manage_history&quot;:&quot;disabled&quot;,&quot;has_controls_in_form&quot;:&quot;disabled&quot;,&quot;infinite_tolerance&quot;:&quot;0&quot;,&quot;max_pages&quot;:1,&quot;page&quot;:1,&quot;base_permalink&quot;:&quot;\/fr\/wp-json\/wp\/v2\/pages\/40598?wpv_view_count=619-CPID39780&amp;wpv_paged=WPV_PAGE_NUM&quot;,&quot;loop&quot;:{&quot;type&quot;:&quot;&quot;,&quot;name&quot;:&quot;&quot;,&quot;data&quot;:&#091;&#093;,&quot;id&quot;:0}}\" data-permalink=\"\/fr\/wp-json\/wp\/v2\/pages\/40598?wpv_view_count=619-CPID39780\">\n\n\t\n\t\t<img decoding=\"async\" src=\"https:\/\/brieger.ch\/wp-content\/uploads\/2020\/07\/prestige.jpg\" alt=\"Prestige\" title=\"Prestige\" class=\"attachment-full\" \/>\n\t\n\t\n<\/div><\/a><\/td>\n\t\t\t\t<td class=\"preisrechts\"><a href=\"https:\/\/brieger.ch\/fr\/product\/31271\/\">1.19<\/a><\/td>\n\t\t\t\t<td><a class=\"badgeprod\" href=\"https:\/\/brieger.ch\/fr\/product\/31271\/\">Sale<\/a><\/td>\n\t\t\t<\/tr><tr class=\"prodselect\" data-href=\"https:\/\/brieger.ch\/fr\/product\/emballages-cadeaux-magie-de-noel-1-bouteille\/\">\n\t\t\t\t<td class=\"prodimg\"><a href=\"https:\/\/brieger.ch\/fr\/product\/emballages-cadeaux-magie-de-noel-1-bouteille\/\"><img decoding=\"async\" width=\"1200\" height=\"1200\" src=\"https:\/\/brieger.ch\/wp-content\/uploads\/2025\/09\/Weihnachtszauber_1er_FS_links_300dpi-scaled.jpg\" class=\"attachment-shop_thumbnail size-shop_thumbnail wp-post-image\" alt=\"Schmale rote Geschenkbox aus Karton mit Weihnachtsmotiv\" srcset=\"https:\/\/brieger.ch\/wp-content\/uploads\/2025\/09\/Weihnachtszauber_1er_FS_links_300dpi-66x66.jpg 66w, https:\/\/brieger.ch\/wp-content\/uploads\/2025\/09\/Weihnachtszauber_1er_FS_links_300dpi-100x100.jpg 100w, https:\/\/brieger.ch\/wp-content\/uploads\/2025\/09\/Weihnachtszauber_1er_FS_links_300dpi-200x200.jpg 200w, https:\/\/brieger.ch\/wp-content\/uploads\/2025\/09\/Weihnachtszauber_1er_FS_links_300dpi-280x280.jpg 280w, https:\/\/brieger.ch\/wp-content\/uploads\/2025\/09\/Weihnachtszauber_1er_FS_links_300dpi-400x400.jpg 400w, https:\/\/brieger.ch\/wp-content\/uploads\/2025\/09\/Weihnachtszauber_1er_FS_links_300dpi-500x500.jpg 500w, https:\/\/brieger.ch\/wp-content\/uploads\/2025\/09\/Weihnachtszauber_1er_FS_links_300dpi-600x600.jpg 600w, https:\/\/brieger.ch\/wp-content\/uploads\/2025\/09\/Weihnachtszauber_1er_FS_links_300dpi-700x700.jpg 700w, https:\/\/brieger.ch\/wp-content\/uploads\/2025\/09\/Weihnachtszauber_1er_FS_links_300dpi-768x768.jpg 768w, https:\/\/brieger.ch\/wp-content\/uploads\/2025\/09\/Weihnachtszauber_1er_FS_links_300dpi-800x800.jpg 800w, https:\/\/brieger.ch\/wp-content\/uploads\/2025\/09\/Weihnachtszauber_1er_FS_links_300dpi-scaled.jpg 1200w\" sizes=\"(max-width: 1200px) 100vw, 1200px\" \/><\/a><\/td>\n\t\t\t\t<td class=\"abgr\"><a href=\"https:\/\/brieger.ch\/fr\/product\/emballages-cadeaux-magie-de-noel-1-bouteille\/\">31405<\/a><\/td>\n\t\t\t\t<td class=\"zahlrechts abgr\"><a href=\"https:\/\/brieger.ch\/fr\/product\/emballages-cadeaux-magie-de-noel-1-bouteille\/\">78<\/a><\/td>\n\t\t\t\t<td class=\"zahlrechts abgr\"><a href=\"https:\/\/brieger.ch\/fr\/product\/emballages-cadeaux-magie-de-noel-1-bouteille\/\">78<\/a><\/td>\n\t\t\t\t<td class=\"zahlrechts abgr\"><a href=\"https:\/\/brieger.ch\/fr\/product\/emballages-cadeaux-magie-de-noel-1-bouteille\/\">360<\/a><\/td>\n\t\t\t\t<td class=\"zahlrechts abgr\"><a href=\"https:\/\/brieger.ch\/fr\/product\/emballages-cadeaux-magie-de-noel-1-bouteille\/\">1.5 mm<\/a><\/td>\n\t\t\t\t<td class=\"zahlrechts abgr\"><a href=\"https:\/\/brieger.ch\/fr\/product\/emballages-cadeaux-magie-de-noel-1-bouteille\/\">1<\/a><\/td>\n\t\t\t\t<td class=\"zahlrechts abgr\"><a href=\"https:\/\/brieger.ch\/fr\/product\/emballages-cadeaux-magie-de-noel-1-bouteille\/\"><div id=\"wpv-view-layout-619-CPID102994\" class=\"js-wpv-view-layout js-wpv-layout-responsive js-wpv-view-layout-619-CPID102994\" data-viewnumber=\"619-CPID102994\" data-pagination=\"{&quot;id&quot;:619,&quot;query&quot;:&quot;normal&quot;,&quot;type&quot;:&quot;disabled&quot;,&quot;effect&quot;:&quot;fade&quot;,&quot;duration&quot;:500,&quot;speed&quot;:5,&quot;pause_on_hover&quot;:&quot;disabled&quot;,&quot;stop_rollover&quot;:&quot;false&quot;,&quot;cache_pages&quot;:&quot;enabled&quot;,&quot;preload_images&quot;:&quot;enabled&quot;,&quot;preload_pages&quot;:&quot;enabled&quot;,&quot;preload_reach&quot;:1,&quot;spinner&quot;:&quot;builtin&quot;,&quot;spinner_image&quot;:&quot;https:\/\/brieger.ch\/wp-content\/plugins\/wp-views\/embedded\/res\/img\/ajax-loader.gif&quot;,&quot;callback_next&quot;:&quot;&quot;,&quot;manage_history&quot;:&quot;disabled&quot;,&quot;has_controls_in_form&quot;:&quot;disabled&quot;,&quot;infinite_tolerance&quot;:&quot;0&quot;,&quot;max_pages&quot;:1,&quot;page&quot;:1,&quot;base_permalink&quot;:&quot;\/fr\/wp-json\/wp\/v2\/pages\/40598?wpv_view_count=619-CPID102994&amp;wpv_paged=WPV_PAGE_NUM&quot;,&quot;loop&quot;:{&quot;type&quot;:&quot;&quot;,&quot;name&quot;:&quot;&quot;,&quot;data&quot;:&#091;&#093;,&quot;id&quot;:0}}\" data-permalink=\"\/fr\/wp-json\/wp\/v2\/pages\/40598?wpv_view_count=619-CPID102994\">\n\n\t\n\t\t<img decoding=\"async\" src=\"https:\/\/brieger.ch\/wp-content\/uploads\/2020\/07\/bordeaux-dekor.jpg\" alt=\"magie de noel\" title=\"magie de noel\" class=\"attachment-full\" \/>\n\t\n\t\n<\/div><\/a><\/td>\n\t\t\t\t<td class=\"preisrechts\"><a href=\"https:\/\/brieger.ch\/fr\/product\/emballages-cadeaux-magie-de-noel-1-bouteille\/\">1.19<\/a><\/td>\n\t\t\t\t<td><a class=\"newprod\" href=\"https:\/\/brieger.ch\/fr\/product\/emballages-cadeaux-magie-de-noel-1-bouteille\/\">Neu<\/a><\/td>\n\t\t\t<\/tr><tr class=\"prodselect\" data-href=\"https:\/\/brieger.ch\/fr\/product\/31377\/\">\n\t\t\t\t<td class=\"prodimg\"><a href=\"https:\/\/brieger.ch\/fr\/product\/31377\/\"><img decoding=\"async\" width=\"760\" height=\"760\" src=\"https:\/\/brieger.ch\/wp-content\/uploads\/2023\/10\/De-Luxe_1er_FS_links_760x760px-1.jpg\" class=\"attachment-shop_thumbnail size-shop_thumbnail wp-post-image\" alt=\"Hohe schwarze Karton-Geschenkverpackung mit goldenem Dekormotiv\" srcset=\"https:\/\/brieger.ch\/wp-content\/uploads\/2023\/10\/De-Luxe_1er_FS_links_760x760px-1-66x66.jpg 66w, https:\/\/brieger.ch\/wp-content\/uploads\/2023\/10\/De-Luxe_1er_FS_links_760x760px-1-100x100.jpg 100w, https:\/\/brieger.ch\/wp-content\/uploads\/2023\/10\/De-Luxe_1er_FS_links_760x760px-1-200x200.jpg 200w, https:\/\/brieger.ch\/wp-content\/uploads\/2023\/10\/De-Luxe_1er_FS_links_760x760px-1-280x280.jpg 280w, https:\/\/brieger.ch\/wp-content\/uploads\/2023\/10\/De-Luxe_1er_FS_links_760x760px-1-400x400.jpg 400w, https:\/\/brieger.ch\/wp-content\/uploads\/2023\/10\/De-Luxe_1er_FS_links_760x760px-1-500x500.jpg 500w, https:\/\/brieger.ch\/wp-content\/uploads\/2023\/10\/De-Luxe_1er_FS_links_760x760px-1-600x600.jpg 600w, https:\/\/brieger.ch\/wp-content\/uploads\/2023\/10\/De-Luxe_1er_FS_links_760x760px-1-700x700.jpg 700w, https:\/\/brieger.ch\/wp-content\/uploads\/2023\/10\/De-Luxe_1er_FS_links_760x760px-1.jpg 760w\" sizes=\"(max-width: 760px) 100vw, 760px\" \/><\/a><\/td>\n\t\t\t\t<td class=\"abgr\"><a href=\"https:\/\/brieger.ch\/fr\/product\/31377\/\">31377<\/a><\/td>\n\t\t\t\t<td class=\"zahlrechts abgr\"><a href=\"https:\/\/brieger.ch\/fr\/product\/31377\/\">93<\/a><\/td>\n\t\t\t\t<td class=\"zahlrechts abgr\"><a href=\"https:\/\/brieger.ch\/fr\/product\/31377\/\">93<\/a><\/td>\n\t\t\t\t<td class=\"zahlrechts abgr\"><a href=\"https:\/\/brieger.ch\/fr\/product\/31377\/\">330<\/a><\/td>\n\t\t\t\t<td class=\"zahlrechts abgr\"><a href=\"https:\/\/brieger.ch\/fr\/product\/31377\/\">1.0 mm<\/a><\/td>\n\t\t\t\t<td class=\"zahlrechts abgr\"><a href=\"https:\/\/brieger.ch\/fr\/product\/31377\/\">1<\/a><\/td>\n\t\t\t\t<td class=\"zahlrechts abgr\"><a href=\"https:\/\/brieger.ch\/fr\/product\/31377\/\"><div id=\"wpv-view-layout-619-CPID82033\" class=\"js-wpv-view-layout js-wpv-layout-responsive js-wpv-view-layout-619-CPID82033\" data-viewnumber=\"619-CPID82033\" data-pagination=\"{&quot;id&quot;:619,&quot;query&quot;:&quot;normal&quot;,&quot;type&quot;:&quot;disabled&quot;,&quot;effect&quot;:&quot;fade&quot;,&quot;duration&quot;:500,&quot;speed&quot;:5,&quot;pause_on_hover&quot;:&quot;disabled&quot;,&quot;stop_rollover&quot;:&quot;false&quot;,&quot;cache_pages&quot;:&quot;enabled&quot;,&quot;preload_images&quot;:&quot;enabled&quot;,&quot;preload_pages&quot;:&quot;enabled&quot;,&quot;preload_reach&quot;:1,&quot;spinner&quot;:&quot;builtin&quot;,&quot;spinner_image&quot;:&quot;https:\/\/brieger.ch\/wp-content\/plugins\/wp-views\/embedded\/res\/img\/ajax-loader.gif&quot;,&quot;callback_next&quot;:&quot;&quot;,&quot;manage_history&quot;:&quot;disabled&quot;,&quot;has_controls_in_form&quot;:&quot;disabled&quot;,&quot;infinite_tolerance&quot;:&quot;0&quot;,&quot;max_pages&quot;:1,&quot;page&quot;:1,&quot;base_permalink&quot;:&quot;\/fr\/wp-json\/wp\/v2\/pages\/40598?wpv_view_count=619-CPID82033&amp;wpv_paged=WPV_PAGE_NUM&quot;,&quot;loop&quot;:{&quot;type&quot;:&quot;&quot;,&quot;name&quot;:&quot;&quot;,&quot;data&quot;:&#091;&#093;,&quot;id&quot;:0}}\" data-permalink=\"\/fr\/wp-json\/wp\/v2\/pages\/40598?wpv_view_count=619-CPID82033\">\n\n\t\n\t\t<img decoding=\"async\" src=\"https:\/\/brieger.ch\/wp-content\/uploads\/2024\/11\/farbe-geschenkverpackung-faltschachteln.jpg\" alt=\"Bo\u00eetes pliantes\" title=\"Bo\u00eetes pliantes\" class=\"attachment-full\" \/>\n\t\n\t\n<\/div><\/a><\/td>\n\t\t\t\t<td class=\"preisrechts\"><a href=\"https:\/\/brieger.ch\/fr\/product\/31377\/\">1.36<\/a><\/td>\n\t\t\t\t<td><a class=\"badgeprod\" href=\"https:\/\/brieger.ch\/fr\/product\/31377\/\">Sale<\/a><\/td>\n\t\t\t<\/tr><tr class=\"prodselect\" data-href=\"https:\/\/brieger.ch\/fr\/product\/emballages-cadeaux-magie-de-noel-2-bouteilles\/\">\n\t\t\t\t<td class=\"prodimg\"><a href=\"https:\/\/brieger.ch\/fr\/product\/emballages-cadeaux-magie-de-noel-2-bouteilles\/\"><img decoding=\"async\" width=\"1200\" height=\"1200\" src=\"https:\/\/brieger.ch\/wp-content\/uploads\/2025\/09\/Weihnachtszauber_2er_FS_links_300dpi-scaled.jpg\" class=\"attachment-shop_thumbnail size-shop_thumbnail wp-post-image\" alt=\"Rote Geschenkbox aus Karton mit weihnachtlichem Kugelmotiv\" srcset=\"https:\/\/brieger.ch\/wp-content\/uploads\/2025\/09\/Weihnachtszauber_2er_FS_links_300dpi-66x66.jpg 66w, https:\/\/brieger.ch\/wp-content\/uploads\/2025\/09\/Weihnachtszauber_2er_FS_links_300dpi-100x100.jpg 100w, https:\/\/brieger.ch\/wp-content\/uploads\/2025\/09\/Weihnachtszauber_2er_FS_links_300dpi-200x200.jpg 200w, https:\/\/brieger.ch\/wp-content\/uploads\/2025\/09\/Weihnachtszauber_2er_FS_links_300dpi-280x280.jpg 280w, https:\/\/brieger.ch\/wp-content\/uploads\/2025\/09\/Weihnachtszauber_2er_FS_links_300dpi-400x400.jpg 400w, https:\/\/brieger.ch\/wp-content\/uploads\/2025\/09\/Weihnachtszauber_2er_FS_links_300dpi-500x500.jpg 500w, https:\/\/brieger.ch\/wp-content\/uploads\/2025\/09\/Weihnachtszauber_2er_FS_links_300dpi-600x600.jpg 600w, https:\/\/brieger.ch\/wp-content\/uploads\/2025\/09\/Weihnachtszauber_2er_FS_links_300dpi-700x700.jpg 700w, https:\/\/brieger.ch\/wp-content\/uploads\/2025\/09\/Weihnachtszauber_2er_FS_links_300dpi-768x768.jpg 768w, https:\/\/brieger.ch\/wp-content\/uploads\/2025\/09\/Weihnachtszauber_2er_FS_links_300dpi-800x800.jpg 800w, https:\/\/brieger.ch\/wp-content\/uploads\/2025\/09\/Weihnachtszauber_2er_FS_links_300dpi-scaled.jpg 1200w\" sizes=\"(max-width: 1200px) 100vw, 1200px\" \/><\/a><\/td>\n\t\t\t\t<td class=\"abgr\"><a href=\"https:\/\/brieger.ch\/fr\/product\/emballages-cadeaux-magie-de-noel-2-bouteilles\/\">31406<\/a><\/td>\n\t\t\t\t<td class=\"zahlrechts abgr\"><a href=\"https:\/\/brieger.ch\/fr\/product\/emballages-cadeaux-magie-de-noel-2-bouteilles\/\">168<\/a><\/td>\n\t\t\t\t<td class=\"zahlrechts abgr\"><a href=\"https:\/\/brieger.ch\/fr\/product\/emballages-cadeaux-magie-de-noel-2-bouteilles\/\">80<\/a><\/td>\n\t\t\t\t<td class=\"zahlrechts abgr\"><a href=\"https:\/\/brieger.ch\/fr\/product\/emballages-cadeaux-magie-de-noel-2-bouteilles\/\">360<\/a><\/td>\n\t\t\t\t<td class=\"zahlrechts abgr\"><a href=\"https:\/\/brieger.ch\/fr\/product\/emballages-cadeaux-magie-de-noel-2-bouteilles\/\">1.5 mm<\/a><\/td>\n\t\t\t\t<td class=\"zahlrechts abgr\"><a href=\"https:\/\/brieger.ch\/fr\/product\/emballages-cadeaux-magie-de-noel-2-bouteilles\/\">2<\/a><\/td>\n\t\t\t\t<td class=\"zahlrechts abgr\"><a href=\"https:\/\/brieger.ch\/fr\/product\/emballages-cadeaux-magie-de-noel-2-bouteilles\/\"><div id=\"wpv-view-layout-619-CPID103004\" class=\"js-wpv-view-layout js-wpv-layout-responsive js-wpv-view-layout-619-CPID103004\" data-viewnumber=\"619-CPID103004\" data-pagination=\"{&quot;id&quot;:619,&quot;query&quot;:&quot;normal&quot;,&quot;type&quot;:&quot;disabled&quot;,&quot;effect&quot;:&quot;fade&quot;,&quot;duration&quot;:500,&quot;speed&quot;:5,&quot;pause_on_hover&quot;:&quot;disabled&quot;,&quot;stop_rollover&quot;:&quot;false&quot;,&quot;cache_pages&quot;:&quot;enabled&quot;,&quot;preload_images&quot;:&quot;enabled&quot;,&quot;preload_pages&quot;:&quot;enabled&quot;,&quot;preload_reach&quot;:1,&quot;spinner&quot;:&quot;builtin&quot;,&quot;spinner_image&quot;:&quot;https:\/\/brieger.ch\/wp-content\/plugins\/wp-views\/embedded\/res\/img\/ajax-loader.gif&quot;,&quot;callback_next&quot;:&quot;&quot;,&quot;manage_history&quot;:&quot;disabled&quot;,&quot;has_controls_in_form&quot;:&quot;disabled&quot;,&quot;infinite_tolerance&quot;:&quot;0&quot;,&quot;max_pages&quot;:1,&quot;page&quot;:1,&quot;base_permalink&quot;:&quot;\/fr\/wp-json\/wp\/v2\/pages\/40598?wpv_view_count=619-CPID103004&amp;wpv_paged=WPV_PAGE_NUM&quot;,&quot;loop&quot;:{&quot;type&quot;:&quot;&quot;,&quot;name&quot;:&quot;&quot;,&quot;data&quot;:&#091;&#093;,&quot;id&quot;:0}}\" data-permalink=\"\/fr\/wp-json\/wp\/v2\/pages\/40598?wpv_view_count=619-CPID103004\">\n\n\t\n\t\t<img decoding=\"async\" src=\"https:\/\/brieger.ch\/wp-content\/uploads\/2020\/07\/bordeaux-dekor.jpg\" alt=\"magie de noel\" title=\"magie de noel\" class=\"attachment-full\" \/>\n\t\n\t\n<\/div><\/a><\/td>\n\t\t\t\t<td class=\"preisrechts\"><a href=\"https:\/\/brieger.ch\/fr\/product\/emballages-cadeaux-magie-de-noel-2-bouteilles\/\">2.21<\/a><\/td>\n\t\t\t\t<td><a class=\"newprod\" href=\"https:\/\/brieger.ch\/fr\/product\/emballages-cadeaux-magie-de-noel-2-bouteilles\/\">Neu<\/a><\/td>\n\t\t\t<\/tr><tr class=\"prodselect\" data-href=\"https:\/\/brieger.ch\/fr\/product\/31120\/\">\n\t\t\t\t<td class=\"prodimg\"><a href=\"https:\/\/brieger.ch\/fr\/product\/31120\/\"><img decoding=\"async\" width=\"573\" height=\"379\" src=\"https:\/\/brieger.ch\/wp-content\/uploads\/2024\/01\/31120.jpg\" class=\"attachment-shop_thumbnail size-shop_thumbnail wp-post-image\" alt=\"Kleine Geschenkbox aus brauner Wellpappe mit Tragegriff und Sichtfenstern\" srcset=\"https:\/\/brieger.ch\/wp-content\/uploads\/2024\/01\/31120-200x132.jpg 200w, https:\/\/brieger.ch\/wp-content\/uploads\/2024\/01\/31120-400x265.jpg 400w, https:\/\/brieger.ch\/wp-content\/uploads\/2024\/01\/31120-500x331.jpg 500w, https:\/\/brieger.ch\/wp-content\/uploads\/2024\/01\/31120.jpg 573w\" sizes=\"(max-width: 573px) 100vw, 573px\" \/><\/a><\/td>\n\t\t\t\t<td class=\"abgr\"><a href=\"https:\/\/brieger.ch\/fr\/product\/31120\/\">31120<\/a><\/td>\n\t\t\t\t<td class=\"zahlrechts abgr\"><a href=\"https:\/\/brieger.ch\/fr\/product\/31120\/\">170<\/a><\/td>\n\t\t\t\t<td class=\"zahlrechts abgr\"><a href=\"https:\/\/brieger.ch\/fr\/product\/31120\/\">80<\/a><\/td>\n\t\t\t\t<td class=\"zahlrechts abgr\"><a href=\"https:\/\/brieger.ch\/fr\/product\/31120\/\">90<\/a><\/td>\n\t\t\t\t<td class=\"zahlrechts abgr\"><a href=\"https:\/\/brieger.ch\/fr\/product\/31120\/\"><\/a><\/td>\n\t\t\t\t<td class=\"zahlrechts abgr\"><a href=\"https:\/\/brieger.ch\/fr\/product\/31120\/\"><\/a><\/td>\n\t\t\t\t<td class=\"zahlrechts abgr\"><a href=\"https:\/\/brieger.ch\/fr\/product\/31120\/\"><div id=\"wpv-view-layout-619-CPID85473\" class=\"js-wpv-view-layout js-wpv-layout-responsive js-wpv-view-layout-619-CPID85473\" data-viewnumber=\"619-CPID85473\" data-pagination=\"{&quot;id&quot;:619,&quot;query&quot;:&quot;normal&quot;,&quot;type&quot;:&quot;disabled&quot;,&quot;effect&quot;:&quot;fade&quot;,&quot;duration&quot;:500,&quot;speed&quot;:5,&quot;pause_on_hover&quot;:&quot;disabled&quot;,&quot;stop_rollover&quot;:&quot;false&quot;,&quot;cache_pages&quot;:&quot;enabled&quot;,&quot;preload_images&quot;:&quot;enabled&quot;,&quot;preload_pages&quot;:&quot;enabled&quot;,&quot;preload_reach&quot;:1,&quot;spinner&quot;:&quot;builtin&quot;,&quot;spinner_image&quot;:&quot;https:\/\/brieger.ch\/wp-content\/plugins\/wp-views\/embedded\/res\/img\/ajax-loader.gif&quot;,&quot;callback_next&quot;:&quot;&quot;,&quot;manage_history&quot;:&quot;disabled&quot;,&quot;has_controls_in_form&quot;:&quot;disabled&quot;,&quot;infinite_tolerance&quot;:&quot;0&quot;,&quot;max_pages&quot;:1,&quot;page&quot;:1,&quot;base_permalink&quot;:&quot;\/fr\/wp-json\/wp\/v2\/pages\/40598?wpv_view_count=619-CPID85473&amp;wpv_paged=WPV_PAGE_NUM&quot;,&quot;loop&quot;:{&quot;type&quot;:&quot;&quot;,&quot;name&quot;:&quot;&quot;,&quot;data&quot;:&#091;&#093;,&quot;id&quot;:0}}\" data-permalink=\"\/fr\/wp-json\/wp\/v2\/pages\/40598?wpv_view_count=619-CPID85473\">\n\n\t\n\t\t<img decoding=\"async\" src=\"https:\/\/brieger.ch\/wp-content\/uploads\/2019\/05\/braun.jpg\" alt=\"brun\" title=\"brun\" class=\"attachment-full\" \/>\n\t\n\t\n<\/div><\/a><\/td>\n\t\t\t\t<td class=\"preisrechts\"><a href=\"https:\/\/brieger.ch\/fr\/product\/31120\/\">1.44<\/a><\/td>\n\t\t\t\t<td><a class=\"badgeprod\" href=\"https:\/\/brieger.ch\/fr\/product\/31120\/\">Sale<\/a><\/td>\n\t\t\t<\/tr><tr class=\"prodselect\" data-href=\"https:\/\/brieger.ch\/fr\/product\/31378\/\">\n\t\t\t\t<td class=\"prodimg\"><a href=\"https:\/\/brieger.ch\/fr\/product\/31378\/\"><img decoding=\"async\" width=\"760\" height=\"760\" src=\"https:\/\/brieger.ch\/wp-content\/uploads\/2023\/10\/De-Luxe_2er_FS_links_760x760px.jpg\" class=\"attachment-shop_thumbnail size-shop_thumbnail wp-post-image\" alt=\"Schmale schwarze Karton-Geschenkbox mit goldenem Dekormotiv\" srcset=\"https:\/\/brieger.ch\/wp-content\/uploads\/2023\/10\/De-Luxe_2er_FS_links_760x760px-66x66.jpg 66w, https:\/\/brieger.ch\/wp-content\/uploads\/2023\/10\/De-Luxe_2er_FS_links_760x760px-100x100.jpg 100w, https:\/\/brieger.ch\/wp-content\/uploads\/2023\/10\/De-Luxe_2er_FS_links_760x760px-200x200.jpg 200w, https:\/\/brieger.ch\/wp-content\/uploads\/2023\/10\/De-Luxe_2er_FS_links_760x760px-280x280.jpg 280w, https:\/\/brieger.ch\/wp-content\/uploads\/2023\/10\/De-Luxe_2er_FS_links_760x760px-400x400.jpg 400w, https:\/\/brieger.ch\/wp-content\/uploads\/2023\/10\/De-Luxe_2er_FS_links_760x760px-500x500.jpg 500w, https:\/\/brieger.ch\/wp-content\/uploads\/2023\/10\/De-Luxe_2er_FS_links_760x760px-600x600.jpg 600w, https:\/\/brieger.ch\/wp-content\/uploads\/2023\/10\/De-Luxe_2er_FS_links_760x760px-700x700.jpg 700w, https:\/\/brieger.ch\/wp-content\/uploads\/2023\/10\/De-Luxe_2er_FS_links_760x760px.jpg 760w\" sizes=\"(max-width: 760px) 100vw, 760px\" \/><\/a><\/td>\n\t\t\t\t<td class=\"abgr\"><a href=\"https:\/\/brieger.ch\/fr\/product\/31378\/\">31378<\/a><\/td>\n\t\t\t\t<td class=\"zahlrechts abgr\"><a href=\"https:\/\/brieger.ch\/fr\/product\/31378\/\">193<\/a><\/td>\n\t\t\t\t<td class=\"zahlrechts abgr\"><a href=\"https:\/\/brieger.ch\/fr\/product\/31378\/\">93<\/a><\/td>\n\t\t\t\t<td class=\"zahlrechts abgr\"><a href=\"https:\/\/brieger.ch\/fr\/product\/31378\/\">330<\/a><\/td>\n\t\t\t\t<td class=\"zahlrechts abgr\"><a href=\"https:\/\/brieger.ch\/fr\/product\/31378\/\">1.5 mm<\/a><\/td>\n\t\t\t\t<td class=\"zahlrechts abgr\"><a href=\"https:\/\/brieger.ch\/fr\/product\/31378\/\">2<\/a><\/td>\n\t\t\t\t<td class=\"zahlrechts abgr\"><a href=\"https:\/\/brieger.ch\/fr\/product\/31378\/\"><div id=\"wpv-view-layout-619-CPID82036\" class=\"js-wpv-view-layout js-wpv-layout-responsive js-wpv-view-layout-619-CPID82036\" data-viewnumber=\"619-CPID82036\" data-pagination=\"{&quot;id&quot;:619,&quot;query&quot;:&quot;normal&quot;,&quot;type&quot;:&quot;disabled&quot;,&quot;effect&quot;:&quot;fade&quot;,&quot;duration&quot;:500,&quot;speed&quot;:5,&quot;pause_on_hover&quot;:&quot;disabled&quot;,&quot;stop_rollover&quot;:&quot;false&quot;,&quot;cache_pages&quot;:&quot;enabled&quot;,&quot;preload_images&quot;:&quot;enabled&quot;,&quot;preload_pages&quot;:&quot;enabled&quot;,&quot;preload_reach&quot;:1,&quot;spinner&quot;:&quot;builtin&quot;,&quot;spinner_image&quot;:&quot;https:\/\/brieger.ch\/wp-content\/plugins\/wp-views\/embedded\/res\/img\/ajax-loader.gif&quot;,&quot;callback_next&quot;:&quot;&quot;,&quot;manage_history&quot;:&quot;disabled&quot;,&quot;has_controls_in_form&quot;:&quot;disabled&quot;,&quot;infinite_tolerance&quot;:&quot;0&quot;,&quot;max_pages&quot;:1,&quot;page&quot;:1,&quot;base_permalink&quot;:&quot;\/fr\/wp-json\/wp\/v2\/pages\/40598?wpv_view_count=619-CPID82036&amp;wpv_paged=WPV_PAGE_NUM&quot;,&quot;loop&quot;:{&quot;type&quot;:&quot;&quot;,&quot;name&quot;:&quot;&quot;,&quot;data&quot;:&#091;&#093;,&quot;id&quot;:0}}\" data-permalink=\"\/fr\/wp-json\/wp\/v2\/pages\/40598?wpv_view_count=619-CPID82036\">\n\n\t\n\t\t<img decoding=\"async\" src=\"https:\/\/brieger.ch\/wp-content\/uploads\/2024\/11\/farbe-geschenkverpackung-faltschachteln.jpg\" alt=\"Bo\u00eetes pliantes\" title=\"Bo\u00eetes pliantes\" class=\"attachment-full\" \/>\n\t\n\t\n<\/div><\/a><\/td>\n\t\t\t\t<td class=\"preisrechts\"><a href=\"https:\/\/brieger.ch\/fr\/product\/31378\/\">2.53<\/a><\/td>\n\t\t\t\t<td><a class=\"badgeprod\" href=\"https:\/\/brieger.ch\/fr\/product\/31378\/\">Sale<\/a><\/td>\n\t\t\t<\/tr><tr class=\"prodselect\" data-href=\"https:\/\/brieger.ch\/fr\/product\/emballages-cadeaux-gnome-s\/\">\n\t\t\t\t<td class=\"prodimg\"><a href=\"https:\/\/brieger.ch\/fr\/product\/emballages-cadeaux-gnome-s\/\"><img decoding=\"async\" width=\"1200\" height=\"1200\" src=\"https:\/\/brieger.ch\/wp-content\/uploads\/2025\/09\/31278.jpg\" class=\"attachment-shop_thumbnail size-shop_thumbnail wp-post-image\" alt=\"Nachhaltige Karton-Geschenkverpackung mit Weihnachtsdruck\" srcset=\"https:\/\/brieger.ch\/wp-content\/uploads\/2025\/09\/31278-66x66.jpg 66w, https:\/\/brieger.ch\/wp-content\/uploads\/2025\/09\/31278-100x100.jpg 100w, https:\/\/brieger.ch\/wp-content\/uploads\/2025\/09\/31278-200x200.jpg 200w, https:\/\/brieger.ch\/wp-content\/uploads\/2025\/09\/31278-280x280.jpg 280w, https:\/\/brieger.ch\/wp-content\/uploads\/2025\/09\/31278-400x400.jpg 400w, https:\/\/brieger.ch\/wp-content\/uploads\/2025\/09\/31278-500x500.jpg 500w, https:\/\/brieger.ch\/wp-content\/uploads\/2025\/09\/31278-600x600.jpg 600w, https:\/\/brieger.ch\/wp-content\/uploads\/2025\/09\/31278-700x700.jpg 700w, https:\/\/brieger.ch\/wp-content\/uploads\/2025\/09\/31278-768x768.jpg 768w, https:\/\/brieger.ch\/wp-content\/uploads\/2025\/09\/31278-800x800.jpg 800w, https:\/\/brieger.ch\/wp-content\/uploads\/2025\/09\/31278.jpg 1200w\" sizes=\"(max-width: 1200px) 100vw, 1200px\" \/><\/a><\/td>\n\t\t\t\t<td class=\"abgr\"><a href=\"https:\/\/brieger.ch\/fr\/product\/emballages-cadeaux-gnome-s\/\">31278<\/a><\/td>\n\t\t\t\t<td class=\"zahlrechts abgr\"><a href=\"https:\/\/brieger.ch\/fr\/product\/emballages-cadeaux-gnome-s\/\">200<\/a><\/td>\n\t\t\t\t<td class=\"zahlrechts abgr\"><a href=\"https:\/\/brieger.ch\/fr\/product\/emballages-cadeaux-gnome-s\/\">200<\/a><\/td>\n\t\t\t\t<td class=\"zahlrechts abgr\"><a href=\"https:\/\/brieger.ch\/fr\/product\/emballages-cadeaux-gnome-s\/\">100<\/a><\/td>\n\t\t\t\t<td class=\"zahlrechts abgr\"><a href=\"https:\/\/brieger.ch\/fr\/product\/emballages-cadeaux-gnome-s\/\"><\/a><\/td>\n\t\t\t\t<td class=\"zahlrechts abgr\"><a href=\"https:\/\/brieger.ch\/fr\/product\/emballages-cadeaux-gnome-s\/\"><\/a><\/td>\n\t\t\t\t<td class=\"zahlrechts abgr\"><a href=\"https:\/\/brieger.ch\/fr\/product\/emballages-cadeaux-gnome-s\/\"><div id=\"wpv-view-layout-619-CPID103077\" class=\"js-wpv-view-layout js-wpv-layout-responsive js-wpv-view-layout-619-CPID103077\" data-viewnumber=\"619-CPID103077\" data-pagination=\"{&quot;id&quot;:619,&quot;query&quot;:&quot;normal&quot;,&quot;type&quot;:&quot;disabled&quot;,&quot;effect&quot;:&quot;fade&quot;,&quot;duration&quot;:500,&quot;speed&quot;:5,&quot;pause_on_hover&quot;:&quot;disabled&quot;,&quot;stop_rollover&quot;:&quot;false&quot;,&quot;cache_pages&quot;:&quot;enabled&quot;,&quot;preload_images&quot;:&quot;enabled&quot;,&quot;preload_pages&quot;:&quot;enabled&quot;,&quot;preload_reach&quot;:1,&quot;spinner&quot;:&quot;builtin&quot;,&quot;spinner_image&quot;:&quot;https:\/\/brieger.ch\/wp-content\/plugins\/wp-views\/embedded\/res\/img\/ajax-loader.gif&quot;,&quot;callback_next&quot;:&quot;&quot;,&quot;manage_history&quot;:&quot;disabled&quot;,&quot;has_controls_in_form&quot;:&quot;disabled&quot;,&quot;infinite_tolerance&quot;:&quot;0&quot;,&quot;max_pages&quot;:1,&quot;page&quot;:1,&quot;base_permalink&quot;:&quot;\/fr\/wp-json\/wp\/v2\/pages\/40598?wpv_view_count=619-CPID103077&amp;wpv_paged=WPV_PAGE_NUM&quot;,&quot;loop&quot;:{&quot;type&quot;:&quot;&quot;,&quot;name&quot;:&quot;&quot;,&quot;data&quot;:&#091;&#093;,&quot;id&quot;:0}}\" data-permalink=\"\/fr\/wp-json\/wp\/v2\/pages\/40598?wpv_view_count=619-CPID103077\">\n\n\t\n\t\t<img decoding=\"async\" src=\"https:\/\/brieger.ch\/wp-content\/uploads\/2019\/05\/braun.jpg\" alt=\"brun\" title=\"brun\" class=\"attachment-full\" \/>\n\t\n\t\n<\/div><\/a><\/td>\n\t\t\t\t<td class=\"preisrechts\"><a href=\"https:\/\/brieger.ch\/fr\/product\/emballages-cadeaux-gnome-s\/\">2.74<\/a><\/td>\n\t\t\t\t<td><a class=\"newprod\" href=\"https:\/\/brieger.ch\/fr\/product\/emballages-cadeaux-gnome-s\/\">Neu<\/a><\/td>\n\t\t\t<\/tr><tr class=\"prodselect\" data-href=\"https:\/\/brieger.ch\/fr\/product\/emballages-cadeaux-magie-de-noel-3-bouteilles\/\">\n\t\t\t\t<td class=\"prodimg\"><a href=\"https:\/\/brieger.ch\/fr\/product\/emballages-cadeaux-magie-de-noel-3-bouteilles\/\"><img decoding=\"async\" width=\"1200\" height=\"1200\" src=\"https:\/\/brieger.ch\/wp-content\/uploads\/2025\/09\/Weihnachtszauber_3er_FS_links_300dpi-scaled.jpg\" class=\"attachment-shop_thumbnail size-shop_thumbnail wp-post-image\" alt=\"Hohe Karton-Geschenkverpackung mit festlichem Weihnachtsdruck\" srcset=\"https:\/\/brieger.ch\/wp-content\/uploads\/2025\/09\/Weihnachtszauber_3er_FS_links_300dpi-66x66.jpg 66w, https:\/\/brieger.ch\/wp-content\/uploads\/2025\/09\/Weihnachtszauber_3er_FS_links_300dpi-100x100.jpg 100w, https:\/\/brieger.ch\/wp-content\/uploads\/2025\/09\/Weihnachtszauber_3er_FS_links_300dpi-200x200.jpg 200w, https:\/\/brieger.ch\/wp-content\/uploads\/2025\/09\/Weihnachtszauber_3er_FS_links_300dpi-280x280.jpg 280w, https:\/\/brieger.ch\/wp-content\/uploads\/2025\/09\/Weihnachtszauber_3er_FS_links_300dpi-400x400.jpg 400w, https:\/\/brieger.ch\/wp-content\/uploads\/2025\/09\/Weihnachtszauber_3er_FS_links_300dpi-500x500.jpg 500w, https:\/\/brieger.ch\/wp-content\/uploads\/2025\/09\/Weihnachtszauber_3er_FS_links_300dpi-600x600.jpg 600w, https:\/\/brieger.ch\/wp-content\/uploads\/2025\/09\/Weihnachtszauber_3er_FS_links_300dpi-700x700.jpg 700w, https:\/\/brieger.ch\/wp-content\/uploads\/2025\/09\/Weihnachtszauber_3er_FS_links_300dpi-768x768.jpg 768w, https:\/\/brieger.ch\/wp-content\/uploads\/2025\/09\/Weihnachtszauber_3er_FS_links_300dpi-800x800.jpg 800w, https:\/\/brieger.ch\/wp-content\/uploads\/2025\/09\/Weihnachtszauber_3er_FS_links_300dpi-scaled.jpg 1200w\" sizes=\"(max-width: 1200px) 100vw, 1200px\" \/><\/a><\/td>\n\t\t\t\t<td class=\"abgr\"><a href=\"https:\/\/brieger.ch\/fr\/product\/emballages-cadeaux-magie-de-noel-3-bouteilles\/\">31407<\/a><\/td>\n\t\t\t\t<td class=\"zahlrechts abgr\"><a href=\"https:\/\/brieger.ch\/fr\/product\/emballages-cadeaux-magie-de-noel-3-bouteilles\/\">236<\/a><\/td>\n\t\t\t\t<td class=\"zahlrechts abgr\"><a href=\"https:\/\/brieger.ch\/fr\/product\/emballages-cadeaux-magie-de-noel-3-bouteilles\/\">82<\/a><\/td>\n\t\t\t\t<td class=\"zahlrechts abgr\"><a href=\"https:\/\/brieger.ch\/fr\/product\/emballages-cadeaux-magie-de-noel-3-bouteilles\/\">360<\/a><\/td>\n\t\t\t\t<td class=\"zahlrechts abgr\"><a href=\"https:\/\/brieger.ch\/fr\/product\/emballages-cadeaux-magie-de-noel-3-bouteilles\/\">1.5 mm<\/a><\/td>\n\t\t\t\t<td class=\"zahlrechts abgr\"><a href=\"https:\/\/brieger.ch\/fr\/product\/emballages-cadeaux-magie-de-noel-3-bouteilles\/\">3<\/a><\/td>\n\t\t\t\t<td class=\"zahlrechts abgr\"><a href=\"https:\/\/brieger.ch\/fr\/product\/emballages-cadeaux-magie-de-noel-3-bouteilles\/\"><div id=\"wpv-view-layout-619-CPID103007\" class=\"js-wpv-view-layout js-wpv-layout-responsive js-wpv-view-layout-619-CPID103007\" data-viewnumber=\"619-CPID103007\" data-pagination=\"{&quot;id&quot;:619,&quot;query&quot;:&quot;normal&quot;,&quot;type&quot;:&quot;disabled&quot;,&quot;effect&quot;:&quot;fade&quot;,&quot;duration&quot;:500,&quot;speed&quot;:5,&quot;pause_on_hover&quot;:&quot;disabled&quot;,&quot;stop_rollover&quot;:&quot;false&quot;,&quot;cache_pages&quot;:&quot;enabled&quot;,&quot;preload_images&quot;:&quot;enabled&quot;,&quot;preload_pages&quot;:&quot;enabled&quot;,&quot;preload_reach&quot;:1,&quot;spinner&quot;:&quot;builtin&quot;,&quot;spinner_image&quot;:&quot;https:\/\/brieger.ch\/wp-content\/plugins\/wp-views\/embedded\/res\/img\/ajax-loader.gif&quot;,&quot;callback_next&quot;:&quot;&quot;,&quot;manage_history&quot;:&quot;disabled&quot;,&quot;has_controls_in_form&quot;:&quot;disabled&quot;,&quot;infinite_tolerance&quot;:&quot;0&quot;,&quot;max_pages&quot;:1,&quot;page&quot;:1,&quot;base_permalink&quot;:&quot;\/fr\/wp-json\/wp\/v2\/pages\/40598?wpv_view_count=619-CPID103007&amp;wpv_paged=WPV_PAGE_NUM&quot;,&quot;loop&quot;:{&quot;type&quot;:&quot;&quot;,&quot;name&quot;:&quot;&quot;,&quot;data&quot;:&#091;&#093;,&quot;id&quot;:0}}\" data-permalink=\"\/fr\/wp-json\/wp\/v2\/pages\/40598?wpv_view_count=619-CPID103007\">\n\n\t\n\t\t<img decoding=\"async\" src=\"https:\/\/brieger.ch\/wp-content\/uploads\/2020\/07\/bordeaux-dekor.jpg\" alt=\"magie de noel\" title=\"magie de noel\" class=\"attachment-full\" \/>\n\t\n\t\n<\/div><\/a><\/td>\n\t\t\t\t<td class=\"preisrechts\"><a href=\"https:\/\/brieger.ch\/fr\/product\/emballages-cadeaux-magie-de-noel-3-bouteilles\/\">2.59<\/a><\/td>\n\t\t\t\t<td><a class=\"newprod\" href=\"https:\/\/brieger.ch\/fr\/product\/emballages-cadeaux-magie-de-noel-3-bouteilles\/\">Neu<\/a><\/td>\n\t\t\t<\/tr><tr class=\"prodselect\" data-href=\"https:\/\/brieger.ch\/fr\/product\/emballages-cadeaux-gnome-coffret-m\/\">\n\t\t\t\t<td class=\"prodimg\"><a href=\"https:\/\/brieger.ch\/fr\/product\/emballages-cadeaux-gnome-coffret-m\/\"><img decoding=\"async\" width=\"684\" height=\"720\" src=\"https:\/\/brieger.ch\/wp-content\/uploads\/2025\/09\/31279_1.png\" class=\"attachment-shop_thumbnail size-shop_thumbnail wp-post-image\" alt=\"Karton-Geschenkbox mit Weihnachtsmotiv und Schriftzug \u201eHo Ho Ho\u201c\" srcset=\"https:\/\/brieger.ch\/wp-content\/uploads\/2025\/09\/31279_1-200x211.png 200w, https:\/\/brieger.ch\/wp-content\/uploads\/2025\/09\/31279_1-380x400.png 380w, https:\/\/brieger.ch\/wp-content\/uploads\/2025\/09\/31279_1-400x421.png 400w, https:\/\/brieger.ch\/wp-content\/uploads\/2025\/09\/31279_1-500x526.png 500w, https:\/\/brieger.ch\/wp-content\/uploads\/2025\/09\/31279_1-600x632.png 600w, https:\/\/brieger.ch\/wp-content\/uploads\/2025\/09\/31279_1.png 684w\" sizes=\"(max-width: 684px) 100vw, 684px\" \/><\/a><\/td>\n\t\t\t\t<td class=\"abgr\"><a href=\"https:\/\/brieger.ch\/fr\/product\/emballages-cadeaux-gnome-coffret-m\/\">31279<\/a><\/td>\n\t\t\t\t<td class=\"zahlrechts abgr\"><a href=\"https:\/\/brieger.ch\/fr\/product\/emballages-cadeaux-gnome-coffret-m\/\">250<\/a><\/td>\n\t\t\t\t<td class=\"zahlrechts abgr\"><a href=\"https:\/\/brieger.ch\/fr\/product\/emballages-cadeaux-gnome-coffret-m\/\">250<\/a><\/td>\n\t\t\t\t<td class=\"zahlrechts abgr\"><a href=\"https:\/\/brieger.ch\/fr\/product\/emballages-cadeaux-gnome-coffret-m\/\">100<\/a><\/td>\n\t\t\t\t<td class=\"zahlrechts abgr\"><a href=\"https:\/\/brieger.ch\/fr\/product\/emballages-cadeaux-gnome-coffret-m\/\">1.5 mm<\/a><\/td>\n\t\t\t\t<td class=\"zahlrechts abgr\"><a href=\"https:\/\/brieger.ch\/fr\/product\/emballages-cadeaux-gnome-coffret-m\/\"><\/a><\/td>\n\t\t\t\t<td class=\"zahlrechts abgr\"><a href=\"https:\/\/brieger.ch\/fr\/product\/emballages-cadeaux-gnome-coffret-m\/\"><div id=\"wpv-view-layout-619-CPID103081\" class=\"js-wpv-view-layout js-wpv-layout-responsive js-wpv-view-layout-619-CPID103081\" data-viewnumber=\"619-CPID103081\" data-pagination=\"{&quot;id&quot;:619,&quot;query&quot;:&quot;normal&quot;,&quot;type&quot;:&quot;disabled&quot;,&quot;effect&quot;:&quot;fade&quot;,&quot;duration&quot;:500,&quot;speed&quot;:5,&quot;pause_on_hover&quot;:&quot;disabled&quot;,&quot;stop_rollover&quot;:&quot;false&quot;,&quot;cache_pages&quot;:&quot;enabled&quot;,&quot;preload_images&quot;:&quot;enabled&quot;,&quot;preload_pages&quot;:&quot;enabled&quot;,&quot;preload_reach&quot;:1,&quot;spinner&quot;:&quot;builtin&quot;,&quot;spinner_image&quot;:&quot;https:\/\/brieger.ch\/wp-content\/plugins\/wp-views\/embedded\/res\/img\/ajax-loader.gif&quot;,&quot;callback_next&quot;:&quot;&quot;,&quot;manage_history&quot;:&quot;disabled&quot;,&quot;has_controls_in_form&quot;:&quot;disabled&quot;,&quot;infinite_tolerance&quot;:&quot;0&quot;,&quot;max_pages&quot;:1,&quot;page&quot;:1,&quot;base_permalink&quot;:&quot;\/fr\/wp-json\/wp\/v2\/pages\/40598?wpv_view_count=619-CPID103081&amp;wpv_paged=WPV_PAGE_NUM&quot;,&quot;loop&quot;:{&quot;type&quot;:&quot;&quot;,&quot;name&quot;:&quot;&quot;,&quot;data&quot;:&#091;&#093;,&quot;id&quot;:0}}\" data-permalink=\"\/fr\/wp-json\/wp\/v2\/pages\/40598?wpv_view_count=619-CPID103081\">\n\n\t\n\t\t<img decoding=\"async\" src=\"https:\/\/brieger.ch\/wp-content\/uploads\/2019\/05\/braun.jpg\" alt=\"brun\" title=\"brun\" class=\"attachment-full\" \/>\n\t\n\t\n<\/div><\/a><\/td>\n\t\t\t\t<td class=\"preisrechts\"><a href=\"https:\/\/brieger.ch\/fr\/product\/emballages-cadeaux-gnome-coffret-m\/\">4.09<\/a><\/td>\n\t\t\t\t<td><a class=\"newprod\" href=\"https:\/\/brieger.ch\/fr\/product\/emballages-cadeaux-gnome-coffret-m\/\">Neu<\/a><\/td>\n\t\t\t<\/tr><tr class=\"prodselect\" data-href=\"https:\/\/brieger.ch\/fr\/product\/31477\/\">\n\t\t\t\t<td class=\"prodimg\"><a href=\"https:\/\/brieger.ch\/fr\/product\/31477\/\"><img decoding=\"async\" width=\"100\" height=\"100\" src=\"https:\/\/brieger.ch\/wp-content\/uploads\/2022\/04\/31477-100x100.jpg\" class=\"attachment-shop_thumbnail size-shop_thumbnail wp-post-image\" alt=\"\" srcset=\"https:\/\/brieger.ch\/wp-content\/uploads\/2022\/04\/31477-66x66.jpg 66w, https:\/\/brieger.ch\/wp-content\/uploads\/2022\/04\/31477-100x100.jpg 100w, https:\/\/brieger.ch\/wp-content\/uploads\/2022\/04\/31477-280x280.jpg 280w\" sizes=\"(max-width: 100px) 100vw, 100px\" \/><\/a><\/td>\n\t\t\t\t<td class=\"abgr\"><a href=\"https:\/\/brieger.ch\/fr\/product\/31477\/\">31477<\/a><\/td>\n\t\t\t\t<td class=\"zahlrechts abgr\"><a href=\"https:\/\/brieger.ch\/fr\/product\/31477\/\">255<\/a><\/td>\n\t\t\t\t<td class=\"zahlrechts abgr\"><a href=\"https:\/\/brieger.ch\/fr\/product\/31477\/\">180<\/a><\/td>\n\t\t\t\t<td class=\"zahlrechts abgr\"><a href=\"https:\/\/brieger.ch\/fr\/product\/31477\/\">70<\/a><\/td>\n\t\t\t\t<td class=\"zahlrechts abgr\"><a href=\"https:\/\/brieger.ch\/fr\/product\/31477\/\"><\/a><\/td>\n\t\t\t\t<td class=\"zahlrechts abgr\"><a href=\"https:\/\/brieger.ch\/fr\/product\/31477\/\"><\/a><\/td>\n\t\t\t\t<td class=\"zahlrechts abgr\"><a href=\"https:\/\/brieger.ch\/fr\/product\/31477\/\"><div id=\"wpv-view-layout-619-CPID65062\" class=\"js-wpv-view-layout js-wpv-layout-responsive js-wpv-view-layout-619-CPID65062\" data-viewnumber=\"619-CPID65062\" data-pagination=\"{&quot;id&quot;:619,&quot;query&quot;:&quot;normal&quot;,&quot;type&quot;:&quot;disabled&quot;,&quot;effect&quot;:&quot;fade&quot;,&quot;duration&quot;:500,&quot;speed&quot;:5,&quot;pause_on_hover&quot;:&quot;disabled&quot;,&quot;stop_rollover&quot;:&quot;false&quot;,&quot;cache_pages&quot;:&quot;enabled&quot;,&quot;preload_images&quot;:&quot;enabled&quot;,&quot;preload_pages&quot;:&quot;enabled&quot;,&quot;preload_reach&quot;:1,&quot;spinner&quot;:&quot;builtin&quot;,&quot;spinner_image&quot;:&quot;https:\/\/brieger.ch\/wp-content\/plugins\/wp-views\/embedded\/res\/img\/ajax-loader.gif&quot;,&quot;callback_next&quot;:&quot;&quot;,&quot;manage_history&quot;:&quot;disabled&quot;,&quot;has_controls_in_form&quot;:&quot;disabled&quot;,&quot;infinite_tolerance&quot;:&quot;0&quot;,&quot;max_pages&quot;:1,&quot;page&quot;:1,&quot;base_permalink&quot;:&quot;\/fr\/wp-json\/wp\/v2\/pages\/40598?wpv_view_count=619-CPID65062&amp;wpv_paged=WPV_PAGE_NUM&quot;,&quot;loop&quot;:{&quot;type&quot;:&quot;&quot;,&quot;name&quot;:&quot;&quot;,&quot;data&quot;:&#091;&#093;,&quot;id&quot;:0}}\" data-permalink=\"\/fr\/wp-json\/wp\/v2\/pages\/40598?wpv_view_count=619-CPID65062\">\n\n\t\n\t\t<img decoding=\"async\" src=\"https:\/\/brieger.ch\/wp-content\/uploads\/2019\/05\/braun.jpg\" alt=\"brun\" title=\"brun\" class=\"attachment-full\" \/>\n\t\n\t\n<\/div><\/a><\/td>\n\t\t\t\t<td class=\"preisrechts\"><a href=\"https:\/\/brieger.ch\/fr\/product\/31477\/\">3.29<\/a><\/td>\n\t\t\t\t<td><a  href=\"https:\/\/brieger.ch\/fr\/product\/31477\/\"><\/a><\/td>\n\t\t\t<\/tr><tr class=\"prodselect\" data-href=\"https:\/\/brieger.ch\/fr\/product\/31131\/\">\n\t\t\t\t<td class=\"prodimg\"><a href=\"https:\/\/brieger.ch\/fr\/product\/31131\/\"><img decoding=\"async\" width=\"100\" height=\"100\" src=\"https:\/\/brieger.ch\/wp-content\/uploads\/2020\/05\/31131_1-100x100.jpg\" class=\"attachment-shop_thumbnail size-shop_thumbnail wp-post-image\" alt=\"\" srcset=\"https:\/\/brieger.ch\/wp-content\/uploads\/2020\/05\/31131_1-66x66.jpg 66w, https:\/\/brieger.ch\/wp-content\/uploads\/2020\/05\/31131_1-100x100.jpg 100w, https:\/\/brieger.ch\/wp-content\/uploads\/2020\/05\/31131_1-200x200.jpg 200w, https:\/\/brieger.ch\/wp-content\/uploads\/2020\/05\/31131_1-280x280.jpg 280w, https:\/\/brieger.ch\/wp-content\/uploads\/2020\/05\/31131_1-400x400.jpg 400w, https:\/\/brieger.ch\/wp-content\/uploads\/2020\/05\/31131_1-500x500.jpg 500w, https:\/\/brieger.ch\/wp-content\/uploads\/2020\/05\/31131_1-600x600.jpg 600w, https:\/\/brieger.ch\/wp-content\/uploads\/2020\/05\/31131_1-700x700.jpg 700w, https:\/\/brieger.ch\/wp-content\/uploads\/2020\/05\/31131_1-768x768.jpg 768w, https:\/\/brieger.ch\/wp-content\/uploads\/2020\/05\/31131_1.jpg 800w\" sizes=\"(max-width: 100px) 100vw, 100px\" \/><\/a><\/td>\n\t\t\t\t<td class=\"abgr\"><a href=\"https:\/\/brieger.ch\/fr\/product\/31131\/\">31131<\/a><\/td>\n\t\t\t\t<td class=\"zahlrechts abgr\"><a href=\"https:\/\/brieger.ch\/fr\/product\/31131\/\">344<\/a><\/td>\n\t\t\t\t<td class=\"zahlrechts abgr\"><a href=\"https:\/\/brieger.ch\/fr\/product\/31131\/\">99<\/a><\/td>\n\t\t\t\t<td class=\"zahlrechts abgr\"><a href=\"https:\/\/brieger.ch\/fr\/product\/31131\/\">91<\/a><\/td>\n\t\t\t\t<td class=\"zahlrechts abgr\"><a href=\"https:\/\/brieger.ch\/fr\/product\/31131\/\">2.5 mm<\/a><\/td>\n\t\t\t\t<td class=\"zahlrechts abgr\"><a href=\"https:\/\/brieger.ch\/fr\/product\/31131\/\">1<\/a><\/td>\n\t\t\t\t<td class=\"zahlrechts abgr\"><a href=\"https:\/\/brieger.ch\/fr\/product\/31131\/\"><div id=\"wpv-view-layout-619-CPID39776\" class=\"js-wpv-view-layout js-wpv-layout-responsive js-wpv-view-layout-619-CPID39776\" data-viewnumber=\"619-CPID39776\" data-pagination=\"{&quot;id&quot;:619,&quot;query&quot;:&quot;normal&quot;,&quot;type&quot;:&quot;disabled&quot;,&quot;effect&quot;:&quot;fade&quot;,&quot;duration&quot;:500,&quot;speed&quot;:5,&quot;pause_on_hover&quot;:&quot;disabled&quot;,&quot;stop_rollover&quot;:&quot;false&quot;,&quot;cache_pages&quot;:&quot;enabled&quot;,&quot;preload_images&quot;:&quot;enabled&quot;,&quot;preload_pages&quot;:&quot;enabled&quot;,&quot;preload_reach&quot;:1,&quot;spinner&quot;:&quot;builtin&quot;,&quot;spinner_image&quot;:&quot;https:\/\/brieger.ch\/wp-content\/plugins\/wp-views\/embedded\/res\/img\/ajax-loader.gif&quot;,&quot;callback_next&quot;:&quot;&quot;,&quot;manage_history&quot;:&quot;disabled&quot;,&quot;has_controls_in_form&quot;:&quot;disabled&quot;,&quot;infinite_tolerance&quot;:&quot;0&quot;,&quot;max_pages&quot;:1,&quot;page&quot;:1,&quot;base_permalink&quot;:&quot;\/fr\/wp-json\/wp\/v2\/pages\/40598?wpv_view_count=619-CPID39776&amp;wpv_paged=WPV_PAGE_NUM&quot;,&quot;loop&quot;:{&quot;type&quot;:&quot;&quot;,&quot;name&quot;:&quot;&quot;,&quot;data&quot;:&#091;&#093;,&quot;id&quot;:0}}\" data-permalink=\"\/fr\/wp-json\/wp\/v2\/pages\/40598?wpv_view_count=619-CPID39776\">\n\n\t\n\t\t<img decoding=\"async\" src=\"https:\/\/brieger.ch\/wp-content\/uploads\/2019\/05\/weiss.jpg\" alt=\"blanc\" title=\"blanc\" class=\"attachment-full\" \/>\n\t\n\t\n<\/div><\/a><\/td>\n\t\t\t\t<td class=\"preisrechts\"><a href=\"https:\/\/brieger.ch\/fr\/product\/31131\/\">2.70<\/a><\/td>\n\t\t\t\t<td><a  href=\"https:\/\/brieger.ch\/fr\/product\/31131\/\"><\/a><\/td>\n\t\t\t<\/tr><tr class=\"prodselect\" data-href=\"https:\/\/brieger.ch\/fr\/product\/31327\/\">\n\t\t\t\t<td class=\"prodimg\"><a href=\"https:\/\/brieger.ch\/fr\/product\/31327\/\"><img decoding=\"async\" width=\"1772\" height=\"1181\" src=\"https:\/\/brieger.ch\/wp-content\/uploads\/2024\/08\/31327.jpg\" class=\"attachment-shop_thumbnail size-shop_thumbnail wp-post-image\" alt=\"Bedruckte Kartonverpackung f\u00fcr Weinprodukte\" srcset=\"https:\/\/brieger.ch\/wp-content\/uploads\/2024\/08\/31327-200x133.jpg 200w, https:\/\/brieger.ch\/wp-content\/uploads\/2024\/08\/31327-400x267.jpg 400w, https:\/\/brieger.ch\/wp-content\/uploads\/2024\/08\/31327-500x333.jpg 500w, https:\/\/brieger.ch\/wp-content\/uploads\/2024\/08\/31327-600x400.jpg 600w, https:\/\/brieger.ch\/wp-content\/uploads\/2024\/08\/31327-700x467.jpg 700w, https:\/\/brieger.ch\/wp-content\/uploads\/2024\/08\/31327-768x512.jpg 768w, https:\/\/brieger.ch\/wp-content\/uploads\/2024\/08\/31327-800x533.jpg 800w, https:\/\/brieger.ch\/wp-content\/uploads\/2024\/08\/31327-1200x800.jpg 1200w, https:\/\/brieger.ch\/wp-content\/uploads\/2024\/08\/31327-1536x1024.jpg 1536w, https:\/\/brieger.ch\/wp-content\/uploads\/2024\/08\/31327.jpg 1772w\" sizes=\"(max-width: 1772px) 100vw, 1772px\" \/><\/a><\/td>\n\t\t\t\t<td class=\"abgr\"><a href=\"https:\/\/brieger.ch\/fr\/product\/31327\/\">31327<\/a><\/td>\n\t\t\t\t<td class=\"zahlrechts abgr\"><a href=\"https:\/\/brieger.ch\/fr\/product\/31327\/\">344<\/a><\/td>\n\t\t\t\t<td class=\"zahlrechts abgr\"><a href=\"https:\/\/brieger.ch\/fr\/product\/31327\/\">190<\/a><\/td>\n\t\t\t\t<td class=\"zahlrechts abgr\"><a href=\"https:\/\/brieger.ch\/fr\/product\/31327\/\">91<\/a><\/td>\n\t\t\t\t<td class=\"zahlrechts abgr\"><a href=\"https:\/\/brieger.ch\/fr\/product\/31327\/\">1.5 mm<\/a><\/td>\n\t\t\t\t<td class=\"zahlrechts abgr\"><a href=\"https:\/\/brieger.ch\/fr\/product\/31327\/\">2<\/a><\/td>\n\t\t\t\t<td class=\"zahlrechts abgr\"><a href=\"https:\/\/brieger.ch\/fr\/product\/31327\/\"><div id=\"wpv-view-layout-619-CPID92047\" class=\"js-wpv-view-layout js-wpv-layout-responsive js-wpv-view-layout-619-CPID92047\" data-viewnumber=\"619-CPID92047\" data-pagination=\"{&quot;id&quot;:619,&quot;query&quot;:&quot;normal&quot;,&quot;type&quot;:&quot;disabled&quot;,&quot;effect&quot;:&quot;fade&quot;,&quot;duration&quot;:500,&quot;speed&quot;:5,&quot;pause_on_hover&quot;:&quot;disabled&quot;,&quot;stop_rollover&quot;:&quot;false&quot;,&quot;cache_pages&quot;:&quot;enabled&quot;,&quot;preload_images&quot;:&quot;enabled&quot;,&quot;preload_pages&quot;:&quot;enabled&quot;,&quot;preload_reach&quot;:1,&quot;spinner&quot;:&quot;builtin&quot;,&quot;spinner_image&quot;:&quot;https:\/\/brieger.ch\/wp-content\/plugins\/wp-views\/embedded\/res\/img\/ajax-loader.gif&quot;,&quot;callback_next&quot;:&quot;&quot;,&quot;manage_history&quot;:&quot;disabled&quot;,&quot;has_controls_in_form&quot;:&quot;disabled&quot;,&quot;infinite_tolerance&quot;:&quot;0&quot;,&quot;max_pages&quot;:1,&quot;page&quot;:1,&quot;base_permalink&quot;:&quot;\/fr\/wp-json\/wp\/v2\/pages\/40598?wpv_view_count=619-CPID92047&amp;wpv_paged=WPV_PAGE_NUM&quot;,&quot;loop&quot;:{&quot;type&quot;:&quot;&quot;,&quot;name&quot;:&quot;&quot;,&quot;data&quot;:&#091;&#093;,&quot;id&quot;:0}}\" data-permalink=\"\/fr\/wp-json\/wp\/v2\/pages\/40598?wpv_view_count=619-CPID92047\">\n\n\t\n\t\t<img decoding=\"async\" src=\"https:\/\/brieger.ch\/wp-content\/uploads\/2019\/05\/braun.jpg\" alt=\"brun\" title=\"brun\" class=\"attachment-full\" \/>\n\t\n\t\n<\/div><\/a><\/td>\n\t\t\t\t<td class=\"preisrechts\"><a href=\"https:\/\/brieger.ch\/fr\/product\/31327\/\">2.06<\/a><\/td>\n\t\t\t\t<td><a class=\"newprod\" href=\"https:\/\/brieger.ch\/fr\/product\/31327\/\">Neu<\/a><\/td>\n\t\t\t<\/tr><tr class=\"prodselect\" data-href=\"https:\/\/brieger.ch\/fr\/product\/31326\/\">\n\t\t\t\t<td class=\"prodimg\"><a href=\"https:\/\/brieger.ch\/fr\/product\/31326\/\"><img decoding=\"async\" width=\"1772\" height=\"1181\" src=\"https:\/\/brieger.ch\/wp-content\/uploads\/2024\/08\/31326.jpg\" class=\"attachment-shop_thumbnail size-shop_thumbnail wp-post-image\" alt=\"Stabile Versandverpackung aus Karton f\u00fcr Wein\" srcset=\"https:\/\/brieger.ch\/wp-content\/uploads\/2024\/08\/31326-200x133.jpg 200w, https:\/\/brieger.ch\/wp-content\/uploads\/2024\/08\/31326-400x267.jpg 400w, https:\/\/brieger.ch\/wp-content\/uploads\/2024\/08\/31326-500x333.jpg 500w, https:\/\/brieger.ch\/wp-content\/uploads\/2024\/08\/31326-600x400.jpg 600w, https:\/\/brieger.ch\/wp-content\/uploads\/2024\/08\/31326-700x467.jpg 700w, https:\/\/brieger.ch\/wp-content\/uploads\/2024\/08\/31326-768x512.jpg 768w, https:\/\/brieger.ch\/wp-content\/uploads\/2024\/08\/31326-800x533.jpg 800w, https:\/\/brieger.ch\/wp-content\/uploads\/2024\/08\/31326-1200x800.jpg 1200w, https:\/\/brieger.ch\/wp-content\/uploads\/2024\/08\/31326-1536x1024.jpg 1536w, https:\/\/brieger.ch\/wp-content\/uploads\/2024\/08\/31326.jpg 1772w\" sizes=\"(max-width: 1772px) 100vw, 1772px\" \/><\/a><\/td>\n\t\t\t\t<td class=\"abgr\"><a href=\"https:\/\/brieger.ch\/fr\/product\/31326\/\">31326<\/a><\/td>\n\t\t\t\t<td class=\"zahlrechts abgr\"><a href=\"https:\/\/brieger.ch\/fr\/product\/31326\/\">344<\/a><\/td>\n\t\t\t\t<td class=\"zahlrechts abgr\"><a href=\"https:\/\/brieger.ch\/fr\/product\/31326\/\">99<\/a><\/td>\n\t\t\t\t<td class=\"zahlrechts abgr\"><a href=\"https:\/\/brieger.ch\/fr\/product\/31326\/\">91<\/a><\/td>\n\t\t\t\t<td class=\"zahlrechts abgr\"><a href=\"https:\/\/brieger.ch\/fr\/product\/31326\/\">1.5 mm<\/a><\/td>\n\t\t\t\t<td class=\"zahlrechts abgr\"><a href=\"https:\/\/brieger.ch\/fr\/product\/31326\/\">1<\/a><\/td>\n\t\t\t\t<td class=\"zahlrechts abgr\"><a href=\"https:\/\/brieger.ch\/fr\/product\/31326\/\"><div id=\"wpv-view-layout-619-CPID92044\" class=\"js-wpv-view-layout js-wpv-layout-responsive js-wpv-view-layout-619-CPID92044\" data-viewnumber=\"619-CPID92044\" data-pagination=\"{&quot;id&quot;:619,&quot;query&quot;:&quot;normal&quot;,&quot;type&quot;:&quot;disabled&quot;,&quot;effect&quot;:&quot;fade&quot;,&quot;duration&quot;:500,&quot;speed&quot;:5,&quot;pause_on_hover&quot;:&quot;disabled&quot;,&quot;stop_rollover&quot;:&quot;false&quot;,&quot;cache_pages&quot;:&quot;enabled&quot;,&quot;preload_images&quot;:&quot;enabled&quot;,&quot;preload_pages&quot;:&quot;enabled&quot;,&quot;preload_reach&quot;:1,&quot;spinner&quot;:&quot;builtin&quot;,&quot;spinner_image&quot;:&quot;https:\/\/brieger.ch\/wp-content\/plugins\/wp-views\/embedded\/res\/img\/ajax-loader.gif&quot;,&quot;callback_next&quot;:&quot;&quot;,&quot;manage_history&quot;:&quot;disabled&quot;,&quot;has_controls_in_form&quot;:&quot;disabled&quot;,&quot;infinite_tolerance&quot;:&quot;0&quot;,&quot;max_pages&quot;:1,&quot;page&quot;:1,&quot;base_permalink&quot;:&quot;\/fr\/wp-json\/wp\/v2\/pages\/40598?wpv_view_count=619-CPID92044&amp;wpv_paged=WPV_PAGE_NUM&quot;,&quot;loop&quot;:{&quot;type&quot;:&quot;&quot;,&quot;name&quot;:&quot;&quot;,&quot;data&quot;:&#091;&#093;,&quot;id&quot;:0}}\" data-permalink=\"\/fr\/wp-json\/wp\/v2\/pages\/40598?wpv_view_count=619-CPID92044\">\n\n\t\n\t\t<img decoding=\"async\" src=\"https:\/\/brieger.ch\/wp-content\/uploads\/2019\/05\/braun.jpg\" alt=\"brun\" title=\"brun\" class=\"attachment-full\" \/>\n\t\n\t\n<\/div><\/a><\/td>\n\t\t\t\t<td class=\"preisrechts\"><a href=\"https:\/\/brieger.ch\/fr\/product\/31326\/\">1.61<\/a><\/td>\n\t\t\t\t<td><a class=\"newprod\" href=\"https:\/\/brieger.ch\/fr\/product\/31326\/\">Neu<\/a><\/td>\n\t\t\t<\/tr><tr class=\"prodselect\" data-href=\"https:\/\/brieger.ch\/fr\/product\/31127\/\">\n\t\t\t\t<td class=\"prodimg\"><a href=\"https:\/\/brieger.ch\/fr\/product\/31127\/\"><img decoding=\"async\" width=\"1800\" height=\"1200\" src=\"https:\/\/brieger.ch\/wp-content\/uploads\/2023\/03\/31127_Geschenkverpackung_2er_02-scaled.jpg\" class=\"attachment-shop_thumbnail size-shop_thumbnail wp-post-image\" alt=\"Kartonverpackung mit Einsatz f\u00fcr zwei Weinflaschen\" srcset=\"https:\/\/brieger.ch\/wp-content\/uploads\/2023\/03\/31127_Geschenkverpackung_2er_02-200x133.jpg 200w, https:\/\/brieger.ch\/wp-content\/uploads\/2023\/03\/31127_Geschenkverpackung_2er_02-400x267.jpg 400w, https:\/\/brieger.ch\/wp-content\/uploads\/2023\/03\/31127_Geschenkverpackung_2er_02-500x333.jpg 500w, https:\/\/brieger.ch\/wp-content\/uploads\/2023\/03\/31127_Geschenkverpackung_2er_02-600x400.jpg 600w, https:\/\/brieger.ch\/wp-content\/uploads\/2023\/03\/31127_Geschenkverpackung_2er_02-700x467.jpg 700w, https:\/\/brieger.ch\/wp-content\/uploads\/2023\/03\/31127_Geschenkverpackung_2er_02-768x512.jpg 768w, https:\/\/brieger.ch\/wp-content\/uploads\/2023\/03\/31127_Geschenkverpackung_2er_02-800x533.jpg 800w, https:\/\/brieger.ch\/wp-content\/uploads\/2023\/03\/31127_Geschenkverpackung_2er_02-1200x800.jpg 1200w, https:\/\/brieger.ch\/wp-content\/uploads\/2023\/03\/31127_Geschenkverpackung_2er_02-1536x1024.jpg 1536w, https:\/\/brieger.ch\/wp-content\/uploads\/2023\/03\/31127_Geschenkverpackung_2er_02-scaled.jpg 1800w\" sizes=\"(max-width: 1800px) 100vw, 1800px\" \/><\/a><\/td>\n\t\t\t\t<td class=\"abgr\"><a href=\"https:\/\/brieger.ch\/fr\/product\/31127\/\">31127<\/a><\/td>\n\t\t\t\t<td class=\"zahlrechts abgr\"><a href=\"https:\/\/brieger.ch\/fr\/product\/31127\/\">344<\/a><\/td>\n\t\t\t\t<td class=\"zahlrechts abgr\"><a href=\"https:\/\/brieger.ch\/fr\/product\/31127\/\">190<\/a><\/td>\n\t\t\t\t<td class=\"zahlrechts abgr\"><a href=\"https:\/\/brieger.ch\/fr\/product\/31127\/\">91<\/a><\/td>\n\t\t\t\t<td class=\"zahlrechts abgr\"><a href=\"https:\/\/brieger.ch\/fr\/product\/31127\/\">1.5 mm<\/a><\/td>\n\t\t\t\t<td class=\"zahlrechts abgr\"><a href=\"https:\/\/brieger.ch\/fr\/product\/31127\/\">2<\/a><\/td>\n\t\t\t\t<td class=\"zahlrechts abgr\"><a href=\"https:\/\/brieger.ch\/fr\/product\/31127\/\"><div id=\"wpv-view-layout-619-CPID76207\" class=\"js-wpv-view-layout js-wpv-layout-responsive js-wpv-view-layout-619-CPID76207\" data-viewnumber=\"619-CPID76207\" data-pagination=\"{&quot;id&quot;:619,&quot;query&quot;:&quot;normal&quot;,&quot;type&quot;:&quot;disabled&quot;,&quot;effect&quot;:&quot;fade&quot;,&quot;duration&quot;:500,&quot;speed&quot;:5,&quot;pause_on_hover&quot;:&quot;disabled&quot;,&quot;stop_rollover&quot;:&quot;false&quot;,&quot;cache_pages&quot;:&quot;enabled&quot;,&quot;preload_images&quot;:&quot;enabled&quot;,&quot;preload_pages&quot;:&quot;enabled&quot;,&quot;preload_reach&quot;:1,&quot;spinner&quot;:&quot;builtin&quot;,&quot;spinner_image&quot;:&quot;https:\/\/brieger.ch\/wp-content\/plugins\/wp-views\/embedded\/res\/img\/ajax-loader.gif&quot;,&quot;callback_next&quot;:&quot;&quot;,&quot;manage_history&quot;:&quot;disabled&quot;,&quot;has_controls_in_form&quot;:&quot;disabled&quot;,&quot;infinite_tolerance&quot;:&quot;0&quot;,&quot;max_pages&quot;:1,&quot;page&quot;:1,&quot;base_permalink&quot;:&quot;\/fr\/wp-json\/wp\/v2\/pages\/40598?wpv_view_count=619-CPID76207&amp;wpv_paged=WPV_PAGE_NUM&quot;,&quot;loop&quot;:{&quot;type&quot;:&quot;&quot;,&quot;name&quot;:&quot;&quot;,&quot;data&quot;:&#091;&#093;,&quot;id&quot;:0}}\" data-permalink=\"\/fr\/wp-json\/wp\/v2\/pages\/40598?wpv_view_count=619-CPID76207\">\n\n\t\n\t\t<img decoding=\"async\" src=\"https:\/\/brieger.ch\/wp-content\/uploads\/2019\/05\/braun.jpg\" alt=\"brun\" title=\"brun\" class=\"attachment-full\" \/>\n\t\n\t\n<\/div><\/a><\/td>\n\t\t\t\t<td class=\"preisrechts\"><a href=\"https:\/\/brieger.ch\/fr\/product\/31127\/\">1.87<\/a><\/td>\n\t\t\t\t<td><a  href=\"https:\/\/brieger.ch\/fr\/product\/31127\/\"><\/a><\/td>\n\t\t\t<\/tr><tr class=\"prodselect\" data-href=\"https:\/\/brieger.ch\/fr\/product\/31126\/\">\n\t\t\t\t<td class=\"prodimg\"><a href=\"https:\/\/brieger.ch\/fr\/product\/31126\/\"><img decoding=\"async\" width=\"1800\" height=\"1200\" src=\"https:\/\/brieger.ch\/wp-content\/uploads\/2023\/03\/31126_Geschenkverpackung_1er_03-scaled.jpg\" class=\"attachment-shop_thumbnail size-shop_thumbnail wp-post-image\" alt=\"Offene Kartonverpackung mit Einsatz und einer liegenden Weinflasche\" srcset=\"https:\/\/brieger.ch\/wp-content\/uploads\/2023\/03\/31126_Geschenkverpackung_1er_03-200x133.jpg 200w, https:\/\/brieger.ch\/wp-content\/uploads\/2023\/03\/31126_Geschenkverpackung_1er_03-400x267.jpg 400w, https:\/\/brieger.ch\/wp-content\/uploads\/2023\/03\/31126_Geschenkverpackung_1er_03-500x333.jpg 500w, https:\/\/brieger.ch\/wp-content\/uploads\/2023\/03\/31126_Geschenkverpackung_1er_03-600x400.jpg 600w, https:\/\/brieger.ch\/wp-content\/uploads\/2023\/03\/31126_Geschenkverpackung_1er_03-700x467.jpg 700w, https:\/\/brieger.ch\/wp-content\/uploads\/2023\/03\/31126_Geschenkverpackung_1er_03-768x512.jpg 768w, https:\/\/brieger.ch\/wp-content\/uploads\/2023\/03\/31126_Geschenkverpackung_1er_03-800x533.jpg 800w, https:\/\/brieger.ch\/wp-content\/uploads\/2023\/03\/31126_Geschenkverpackung_1er_03-1200x800.jpg 1200w, https:\/\/brieger.ch\/wp-content\/uploads\/2023\/03\/31126_Geschenkverpackung_1er_03-1536x1024.jpg 1536w, https:\/\/brieger.ch\/wp-content\/uploads\/2023\/03\/31126_Geschenkverpackung_1er_03-scaled.jpg 1800w\" sizes=\"(max-width: 1800px) 100vw, 1800px\" \/><\/a><\/td>\n\t\t\t\t<td class=\"abgr\"><a href=\"https:\/\/brieger.ch\/fr\/product\/31126\/\">31126<\/a><\/td>\n\t\t\t\t<td class=\"zahlrechts abgr\"><a href=\"https:\/\/brieger.ch\/fr\/product\/31126\/\">344<\/a><\/td>\n\t\t\t\t<td class=\"zahlrechts abgr\"><a href=\"https:\/\/brieger.ch\/fr\/product\/31126\/\">99<\/a><\/td>\n\t\t\t\t<td class=\"zahlrechts abgr\"><a href=\"https:\/\/brieger.ch\/fr\/product\/31126\/\">91<\/a><\/td>\n\t\t\t\t<td class=\"zahlrechts abgr\"><a href=\"https:\/\/brieger.ch\/fr\/product\/31126\/\">1.5 mm<\/a><\/td>\n\t\t\t\t<td class=\"zahlrechts abgr\"><a href=\"https:\/\/brieger.ch\/fr\/product\/31126\/\">1<\/a><\/td>\n\t\t\t\t<td class=\"zahlrechts abgr\"><a href=\"https:\/\/brieger.ch\/fr\/product\/31126\/\"><div id=\"wpv-view-layout-619-CPID76205\" class=\"js-wpv-view-layout js-wpv-layout-responsive js-wpv-view-layout-619-CPID76205\" data-viewnumber=\"619-CPID76205\" data-pagination=\"{&quot;id&quot;:619,&quot;query&quot;:&quot;normal&quot;,&quot;type&quot;:&quot;disabled&quot;,&quot;effect&quot;:&quot;fade&quot;,&quot;duration&quot;:500,&quot;speed&quot;:5,&quot;pause_on_hover&quot;:&quot;disabled&quot;,&quot;stop_rollover&quot;:&quot;false&quot;,&quot;cache_pages&quot;:&quot;enabled&quot;,&quot;preload_images&quot;:&quot;enabled&quot;,&quot;preload_pages&quot;:&quot;enabled&quot;,&quot;preload_reach&quot;:1,&quot;spinner&quot;:&quot;builtin&quot;,&quot;spinner_image&quot;:&quot;https:\/\/brieger.ch\/wp-content\/plugins\/wp-views\/embedded\/res\/img\/ajax-loader.gif&quot;,&quot;callback_next&quot;:&quot;&quot;,&quot;manage_history&quot;:&quot;disabled&quot;,&quot;has_controls_in_form&quot;:&quot;disabled&quot;,&quot;infinite_tolerance&quot;:&quot;0&quot;,&quot;max_pages&quot;:1,&quot;page&quot;:1,&quot;base_permalink&quot;:&quot;\/fr\/wp-json\/wp\/v2\/pages\/40598?wpv_view_count=619-CPID76205&amp;wpv_paged=WPV_PAGE_NUM&quot;,&quot;loop&quot;:{&quot;type&quot;:&quot;&quot;,&quot;name&quot;:&quot;&quot;,&quot;data&quot;:&#091;&#093;,&quot;id&quot;:0}}\" data-permalink=\"\/fr\/wp-json\/wp\/v2\/pages\/40598?wpv_view_count=619-CPID76205\">\n\n\t\n\t\t<img decoding=\"async\" src=\"https:\/\/brieger.ch\/wp-content\/uploads\/2019\/05\/braun.jpg\" alt=\"brun\" title=\"brun\" class=\"attachment-full\" \/>\n\t\n\t\n<\/div><\/a><\/td>\n\t\t\t\t<td class=\"preisrechts\"><a href=\"https:\/\/brieger.ch\/fr\/product\/31126\/\">1.46<\/a><\/td>\n\t\t\t\t<td><a  href=\"https:\/\/brieger.ch\/fr\/product\/31126\/\"><\/a><\/td>\n\t\t\t<\/tr><tr class=\"prodselect\" data-href=\"https:\/\/brieger.ch\/fr\/product\/31132\/\">\n\t\t\t\t<td class=\"prodimg\"><a href=\"https:\/\/brieger.ch\/fr\/product\/31132\/\"><img decoding=\"async\" width=\"100\" height=\"100\" src=\"https:\/\/brieger.ch\/wp-content\/uploads\/2020\/05\/31132_1-100x100.jpg\" class=\"attachment-shop_thumbnail size-shop_thumbnail wp-post-image\" alt=\"\" srcset=\"https:\/\/brieger.ch\/wp-content\/uploads\/2020\/05\/31132_1-66x66.jpg 66w, https:\/\/brieger.ch\/wp-content\/uploads\/2020\/05\/31132_1-100x100.jpg 100w, https:\/\/brieger.ch\/wp-content\/uploads\/2020\/05\/31132_1-200x200.jpg 200w, https:\/\/brieger.ch\/wp-content\/uploads\/2020\/05\/31132_1-280x280.jpg 280w, https:\/\/brieger.ch\/wp-content\/uploads\/2020\/05\/31132_1-400x400.jpg 400w, https:\/\/brieger.ch\/wp-content\/uploads\/2020\/05\/31132_1-500x500.jpg 500w, https:\/\/brieger.ch\/wp-content\/uploads\/2020\/05\/31132_1-600x600.jpg 600w, https:\/\/brieger.ch\/wp-content\/uploads\/2020\/05\/31132_1.jpg 700w\" sizes=\"(max-width: 100px) 100vw, 100px\" \/><\/a><\/td>\n\t\t\t\t<td class=\"abgr\"><a href=\"https:\/\/brieger.ch\/fr\/product\/31132\/\">31132<\/a><\/td>\n\t\t\t\t<td class=\"zahlrechts abgr\"><a href=\"https:\/\/brieger.ch\/fr\/product\/31132\/\">344<\/a><\/td>\n\t\t\t\t<td class=\"zahlrechts abgr\"><a href=\"https:\/\/brieger.ch\/fr\/product\/31132\/\">190<\/a><\/td>\n\t\t\t\t<td class=\"zahlrechts abgr\"><a href=\"https:\/\/brieger.ch\/fr\/product\/31132\/\">91<\/a><\/td>\n\t\t\t\t<td class=\"zahlrechts abgr\"><a href=\"https:\/\/brieger.ch\/fr\/product\/31132\/\">2.5 mm<\/a><\/td>\n\t\t\t\t<td class=\"zahlrechts abgr\"><a href=\"https:\/\/brieger.ch\/fr\/product\/31132\/\">2<\/a><\/td>\n\t\t\t\t<td class=\"zahlrechts abgr\"><a href=\"https:\/\/brieger.ch\/fr\/product\/31132\/\"><div id=\"wpv-view-layout-619-CPID39777\" class=\"js-wpv-view-layout js-wpv-layout-responsive js-wpv-view-layout-619-CPID39777\" data-viewnumber=\"619-CPID39777\" data-pagination=\"{&quot;id&quot;:619,&quot;query&quot;:&quot;normal&quot;,&quot;type&quot;:&quot;disabled&quot;,&quot;effect&quot;:&quot;fade&quot;,&quot;duration&quot;:500,&quot;speed&quot;:5,&quot;pause_on_hover&quot;:&quot;disabled&quot;,&quot;stop_rollover&quot;:&quot;false&quot;,&quot;cache_pages&quot;:&quot;enabled&quot;,&quot;preload_images&quot;:&quot;enabled&quot;,&quot;preload_pages&quot;:&quot;enabled&quot;,&quot;preload_reach&quot;:1,&quot;spinner&quot;:&quot;builtin&quot;,&quot;spinner_image&quot;:&quot;https:\/\/brieger.ch\/wp-content\/plugins\/wp-views\/embedded\/res\/img\/ajax-loader.gif&quot;,&quot;callback_next&quot;:&quot;&quot;,&quot;manage_history&quot;:&quot;disabled&quot;,&quot;has_controls_in_form&quot;:&quot;disabled&quot;,&quot;infinite_tolerance&quot;:&quot;0&quot;,&quot;max_pages&quot;:1,&quot;page&quot;:1,&quot;base_permalink&quot;:&quot;\/fr\/wp-json\/wp\/v2\/pages\/40598?wpv_view_count=619-CPID39777&amp;wpv_paged=WPV_PAGE_NUM&quot;,&quot;loop&quot;:{&quot;type&quot;:&quot;&quot;,&quot;name&quot;:&quot;&quot;,&quot;data&quot;:&#091;&#093;,&quot;id&quot;:0}}\" data-permalink=\"\/fr\/wp-json\/wp\/v2\/pages\/40598?wpv_view_count=619-CPID39777\">\n\n\t\n\t\t<img decoding=\"async\" src=\"https:\/\/brieger.ch\/wp-content\/uploads\/2019\/05\/weiss.jpg\" alt=\"blanc\" title=\"blanc\" class=\"attachment-full\" \/>\n\t\n\t\n<\/div><\/a><\/td>\n\t\t\t\t<td class=\"preisrechts\"><a href=\"https:\/\/brieger.ch\/fr\/product\/31132\/\">3.01<\/a><\/td>\n\t\t\t\t<td><a  href=\"https:\/\/brieger.ch\/fr\/product\/31132\/\"><\/a><\/td>\n\t\t\t<\/tr><tr class=\"prodselect\" data-href=\"https:\/\/brieger.ch\/fr\/product\/31133\/\">\n\t\t\t\t<td class=\"prodimg\"><a href=\"https:\/\/brieger.ch\/fr\/product\/31133\/\"><img decoding=\"async\" width=\"100\" height=\"100\" src=\"https:\/\/brieger.ch\/wp-content\/uploads\/2020\/05\/31132_1-100x100.jpg\" class=\"attachment-shop_thumbnail size-shop_thumbnail wp-post-image\" alt=\"\" srcset=\"https:\/\/brieger.ch\/wp-content\/uploads\/2020\/05\/31132_1-66x66.jpg 66w, https:\/\/brieger.ch\/wp-content\/uploads\/2020\/05\/31132_1-100x100.jpg 100w, https:\/\/brieger.ch\/wp-content\/uploads\/2020\/05\/31132_1-200x200.jpg 200w, https:\/\/brieger.ch\/wp-content\/uploads\/2020\/05\/31132_1-280x280.jpg 280w, https:\/\/brieger.ch\/wp-content\/uploads\/2020\/05\/31132_1-400x400.jpg 400w, https:\/\/brieger.ch\/wp-content\/uploads\/2020\/05\/31132_1-500x500.jpg 500w, https:\/\/brieger.ch\/wp-content\/uploads\/2020\/05\/31132_1-600x600.jpg 600w, https:\/\/brieger.ch\/wp-content\/uploads\/2020\/05\/31132_1.jpg 700w\" sizes=\"(max-width: 100px) 100vw, 100px\" \/><\/a><\/td>\n\t\t\t\t<td class=\"abgr\"><a href=\"https:\/\/brieger.ch\/fr\/product\/31133\/\">31133<\/a><\/td>\n\t\t\t\t<td class=\"zahlrechts abgr\"><a href=\"https:\/\/brieger.ch\/fr\/product\/31133\/\">346<\/a><\/td>\n\t\t\t\t<td class=\"zahlrechts abgr\"><a href=\"https:\/\/brieger.ch\/fr\/product\/31133\/\">281<\/a><\/td>\n\t\t\t\t<td class=\"zahlrechts abgr\"><a href=\"https:\/\/brieger.ch\/fr\/product\/31133\/\">91<\/a><\/td>\n\t\t\t\t<td class=\"zahlrechts abgr\"><a href=\"https:\/\/brieger.ch\/fr\/product\/31133\/\">2.5 mm<\/a><\/td>\n\t\t\t\t<td class=\"zahlrechts abgr\"><a href=\"https:\/\/brieger.ch\/fr\/product\/31133\/\">3<\/a><\/td>\n\t\t\t\t<td class=\"zahlrechts abgr\"><a href=\"https:\/\/brieger.ch\/fr\/product\/31133\/\"><div id=\"wpv-view-layout-619-CPID39778\" class=\"js-wpv-view-layout js-wpv-layout-responsive js-wpv-view-layout-619-CPID39778\" data-viewnumber=\"619-CPID39778\" data-pagination=\"{&quot;id&quot;:619,&quot;query&quot;:&quot;normal&quot;,&quot;type&quot;:&quot;disabled&quot;,&quot;effect&quot;:&quot;fade&quot;,&quot;duration&quot;:500,&quot;speed&quot;:5,&quot;pause_on_hover&quot;:&quot;disabled&quot;,&quot;stop_rollover&quot;:&quot;false&quot;,&quot;cache_pages&quot;:&quot;enabled&quot;,&quot;preload_images&quot;:&quot;enabled&quot;,&quot;preload_pages&quot;:&quot;enabled&quot;,&quot;preload_reach&quot;:1,&quot;spinner&quot;:&quot;builtin&quot;,&quot;spinner_image&quot;:&quot;https:\/\/brieger.ch\/wp-content\/plugins\/wp-views\/embedded\/res\/img\/ajax-loader.gif&quot;,&quot;callback_next&quot;:&quot;&quot;,&quot;manage_history&quot;:&quot;disabled&quot;,&quot;has_controls_in_form&quot;:&quot;disabled&quot;,&quot;infinite_tolerance&quot;:&quot;0&quot;,&quot;max_pages&quot;:1,&quot;page&quot;:1,&quot;base_permalink&quot;:&quot;\/fr\/wp-json\/wp\/v2\/pages\/40598?wpv_view_count=619-CPID39778&amp;wpv_paged=WPV_PAGE_NUM&quot;,&quot;loop&quot;:{&quot;type&quot;:&quot;&quot;,&quot;name&quot;:&quot;&quot;,&quot;data&quot;:&#091;&#093;,&quot;id&quot;:0}}\" data-permalink=\"\/fr\/wp-json\/wp\/v2\/pages\/40598?wpv_view_count=619-CPID39778\">\n\n\t\n\t\t<img decoding=\"async\" src=\"https:\/\/brieger.ch\/wp-content\/uploads\/2019\/05\/weiss.jpg\" alt=\"blanc\" title=\"blanc\" class=\"attachment-full\" \/>\n\t\n\t\n<\/div><\/a><\/td>\n\t\t\t\t<td class=\"preisrechts\"><a href=\"https:\/\/brieger.ch\/fr\/product\/31133\/\">3.38<\/a><\/td>\n\t\t\t\t<td><a  href=\"https:\/\/brieger.ch\/fr\/product\/31133\/\"><\/a><\/td>\n\t\t\t<\/tr><tr class=\"prodselect\" data-href=\"https:\/\/brieger.ch\/fr\/product\/31128\/\">\n\t\t\t\t<td class=\"prodimg\"><a href=\"https:\/\/brieger.ch\/fr\/product\/31128\/\"><img decoding=\"async\" width=\"1800\" height=\"1200\" src=\"https:\/\/brieger.ch\/wp-content\/uploads\/2023\/03\/31128_Geschenkverpackung_3er_02-scaled.jpg\" class=\"attachment-shop_thumbnail size-shop_thumbnail wp-post-image\" alt=\"Kartonverpackung mit Einsatz f\u00fcr drei Weinflaschen\" srcset=\"https:\/\/brieger.ch\/wp-content\/uploads\/2023\/03\/31128_Geschenkverpackung_3er_02-200x133.jpg 200w, https:\/\/brieger.ch\/wp-content\/uploads\/2023\/03\/31128_Geschenkverpackung_3er_02-400x267.jpg 400w, https:\/\/brieger.ch\/wp-content\/uploads\/2023\/03\/31128_Geschenkverpackung_3er_02-500x333.jpg 500w, https:\/\/brieger.ch\/wp-content\/uploads\/2023\/03\/31128_Geschenkverpackung_3er_02-600x400.jpg 600w, https:\/\/brieger.ch\/wp-content\/uploads\/2023\/03\/31128_Geschenkverpackung_3er_02-700x467.jpg 700w, https:\/\/brieger.ch\/wp-content\/uploads\/2023\/03\/31128_Geschenkverpackung_3er_02-768x512.jpg 768w, https:\/\/brieger.ch\/wp-content\/uploads\/2023\/03\/31128_Geschenkverpackung_3er_02-800x533.jpg 800w, https:\/\/brieger.ch\/wp-content\/uploads\/2023\/03\/31128_Geschenkverpackung_3er_02-1200x800.jpg 1200w, https:\/\/brieger.ch\/wp-content\/uploads\/2023\/03\/31128_Geschenkverpackung_3er_02-1536x1024.jpg 1536w, https:\/\/brieger.ch\/wp-content\/uploads\/2023\/03\/31128_Geschenkverpackung_3er_02-scaled.jpg 1800w\" sizes=\"(max-width: 1800px) 100vw, 1800px\" \/><\/a><\/td>\n\t\t\t\t<td class=\"abgr\"><a href=\"https:\/\/brieger.ch\/fr\/product\/31128\/\">31128<\/a><\/td>\n\t\t\t\t<td class=\"zahlrechts abgr\"><a href=\"https:\/\/brieger.ch\/fr\/product\/31128\/\">346<\/a><\/td>\n\t\t\t\t<td class=\"zahlrechts abgr\"><a href=\"https:\/\/brieger.ch\/fr\/product\/31128\/\">281<\/a><\/td>\n\t\t\t\t<td class=\"zahlrechts abgr\"><a href=\"https:\/\/brieger.ch\/fr\/product\/31128\/\">91<\/a><\/td>\n\t\t\t\t<td class=\"zahlrechts abgr\"><a href=\"https:\/\/brieger.ch\/fr\/product\/31128\/\">1.5 mm<\/a><\/td>\n\t\t\t\t<td class=\"zahlrechts abgr\"><a href=\"https:\/\/brieger.ch\/fr\/product\/31128\/\">3<\/a><\/td>\n\t\t\t\t<td class=\"zahlrechts abgr\"><a href=\"https:\/\/brieger.ch\/fr\/product\/31128\/\"><div id=\"wpv-view-layout-619-CPID76209\" class=\"js-wpv-view-layout js-wpv-layout-responsive js-wpv-view-layout-619-CPID76209\" data-viewnumber=\"619-CPID76209\" data-pagination=\"{&quot;id&quot;:619,&quot;query&quot;:&quot;normal&quot;,&quot;type&quot;:&quot;disabled&quot;,&quot;effect&quot;:&quot;fade&quot;,&quot;duration&quot;:500,&quot;speed&quot;:5,&quot;pause_on_hover&quot;:&quot;disabled&quot;,&quot;stop_rollover&quot;:&quot;false&quot;,&quot;cache_pages&quot;:&quot;enabled&quot;,&quot;preload_images&quot;:&quot;enabled&quot;,&quot;preload_pages&quot;:&quot;enabled&quot;,&quot;preload_reach&quot;:1,&quot;spinner&quot;:&quot;builtin&quot;,&quot;spinner_image&quot;:&quot;https:\/\/brieger.ch\/wp-content\/plugins\/wp-views\/embedded\/res\/img\/ajax-loader.gif&quot;,&quot;callback_next&quot;:&quot;&quot;,&quot;manage_history&quot;:&quot;disabled&quot;,&quot;has_controls_in_form&quot;:&quot;disabled&quot;,&quot;infinite_tolerance&quot;:&quot;0&quot;,&quot;max_pages&quot;:1,&quot;page&quot;:1,&quot;base_permalink&quot;:&quot;\/fr\/wp-json\/wp\/v2\/pages\/40598?wpv_view_count=619-CPID76209&amp;wpv_paged=WPV_PAGE_NUM&quot;,&quot;loop&quot;:{&quot;type&quot;:&quot;&quot;,&quot;name&quot;:&quot;&quot;,&quot;data&quot;:&#091;&#093;,&quot;id&quot;:0}}\" data-permalink=\"\/fr\/wp-json\/wp\/v2\/pages\/40598?wpv_view_count=619-CPID76209\">\n\n\t\n\t\t<img decoding=\"async\" src=\"https:\/\/brieger.ch\/wp-content\/uploads\/2019\/05\/braun.jpg\" alt=\"brun\" title=\"brun\" class=\"attachment-full\" \/>\n\t\n\t\n<\/div><\/a><\/td>\n\t\t\t\t<td class=\"preisrechts\"><a href=\"https:\/\/brieger.ch\/fr\/product\/31128\/\">2.35<\/a><\/td>\n\t\t\t\t<td><a  href=\"https:\/\/brieger.ch\/fr\/product\/31128\/\"><\/a><\/td>\n\t\t\t<\/tr><tr class=\"prodselect\" data-href=\"https:\/\/brieger.ch\/fr\/product\/31328\/\">\n\t\t\t\t<td class=\"prodimg\"><a href=\"https:\/\/brieger.ch\/fr\/product\/31328\/\"><img decoding=\"async\" width=\"1772\" height=\"1181\" src=\"https:\/\/brieger.ch\/wp-content\/uploads\/2024\/08\/31328.jpg\" class=\"attachment-shop_thumbnail size-shop_thumbnail wp-post-image\" alt=\"Flache Kartonbox f\u00fcr Weinversand und Lagerung\" srcset=\"https:\/\/brieger.ch\/wp-content\/uploads\/2024\/08\/31328-200x133.jpg 200w, https:\/\/brieger.ch\/wp-content\/uploads\/2024\/08\/31328-400x267.jpg 400w, https:\/\/brieger.ch\/wp-content\/uploads\/2024\/08\/31328-500x333.jpg 500w, https:\/\/brieger.ch\/wp-content\/uploads\/2024\/08\/31328-600x400.jpg 600w, https:\/\/brieger.ch\/wp-content\/uploads\/2024\/08\/31328-700x467.jpg 700w, https:\/\/brieger.ch\/wp-content\/uploads\/2024\/08\/31328-768x512.jpg 768w, https:\/\/brieger.ch\/wp-content\/uploads\/2024\/08\/31328-800x533.jpg 800w, https:\/\/brieger.ch\/wp-content\/uploads\/2024\/08\/31328-1200x800.jpg 1200w, https:\/\/brieger.ch\/wp-content\/uploads\/2024\/08\/31328-1536x1024.jpg 1536w, https:\/\/brieger.ch\/wp-content\/uploads\/2024\/08\/31328.jpg 1772w\" sizes=\"(max-width: 1772px) 100vw, 1772px\" \/><\/a><\/td>\n\t\t\t\t<td class=\"abgr\"><a href=\"https:\/\/brieger.ch\/fr\/product\/31328\/\">31328<\/a><\/td>\n\t\t\t\t<td class=\"zahlrechts abgr\"><a href=\"https:\/\/brieger.ch\/fr\/product\/31328\/\">346<\/a><\/td>\n\t\t\t\t<td class=\"zahlrechts abgr\"><a href=\"https:\/\/brieger.ch\/fr\/product\/31328\/\">281<\/a><\/td>\n\t\t\t\t<td class=\"zahlrechts abgr\"><a href=\"https:\/\/brieger.ch\/fr\/product\/31328\/\">91<\/a><\/td>\n\t\t\t\t<td class=\"zahlrechts abgr\"><a href=\"https:\/\/brieger.ch\/fr\/product\/31328\/\">1.5 mm<\/a><\/td>\n\t\t\t\t<td class=\"zahlrechts abgr\"><a href=\"https:\/\/brieger.ch\/fr\/product\/31328\/\">3<\/a><\/td>\n\t\t\t\t<td class=\"zahlrechts abgr\"><a href=\"https:\/\/brieger.ch\/fr\/product\/31328\/\"><div id=\"wpv-view-layout-619-CPID92050\" class=\"js-wpv-view-layout js-wpv-layout-responsive js-wpv-view-layout-619-CPID92050\" data-viewnumber=\"619-CPID92050\" data-pagination=\"{&quot;id&quot;:619,&quot;query&quot;:&quot;normal&quot;,&quot;type&quot;:&quot;disabled&quot;,&quot;effect&quot;:&quot;fade&quot;,&quot;duration&quot;:500,&quot;speed&quot;:5,&quot;pause_on_hover&quot;:&quot;disabled&quot;,&quot;stop_rollover&quot;:&quot;false&quot;,&quot;cache_pages&quot;:&quot;enabled&quot;,&quot;preload_images&quot;:&quot;enabled&quot;,&quot;preload_pages&quot;:&quot;enabled&quot;,&quot;preload_reach&quot;:1,&quot;spinner&quot;:&quot;builtin&quot;,&quot;spinner_image&quot;:&quot;https:\/\/brieger.ch\/wp-content\/plugins\/wp-views\/embedded\/res\/img\/ajax-loader.gif&quot;,&quot;callback_next&quot;:&quot;&quot;,&quot;manage_history&quot;:&quot;disabled&quot;,&quot;has_controls_in_form&quot;:&quot;disabled&quot;,&quot;infinite_tolerance&quot;:&quot;0&quot;,&quot;max_pages&quot;:1,&quot;page&quot;:1,&quot;base_permalink&quot;:&quot;\/fr\/wp-json\/wp\/v2\/pages\/40598?wpv_view_count=619-CPID92050&amp;wpv_paged=WPV_PAGE_NUM&quot;,&quot;loop&quot;:{&quot;type&quot;:&quot;&quot;,&quot;name&quot;:&quot;&quot;,&quot;data&quot;:&#091;&#093;,&quot;id&quot;:0}}\" data-permalink=\"\/fr\/wp-json\/wp\/v2\/pages\/40598?wpv_view_count=619-CPID92050\">\n\n\t\n\t\t<img decoding=\"async\" src=\"https:\/\/brieger.ch\/wp-content\/uploads\/2019\/05\/braun.jpg\" alt=\"brun\" title=\"brun\" class=\"attachment-full\" \/>\n\t\n\t\n<\/div><\/a><\/td>\n\t\t\t\t<td class=\"preisrechts\"><a href=\"https:\/\/brieger.ch\/fr\/product\/31328\/\">2.59<\/a><\/td>\n\t\t\t\t<td><a class=\"newprod\" href=\"https:\/\/brieger.ch\/fr\/product\/31328\/\">Neu<\/a><\/td>\n\t\t\t<\/tr><tr class=\"prodselect\" data-href=\"https:\/\/brieger.ch\/fr\/product\/31403\/\">\n\t\t\t\t<td class=\"prodimg\"><a href=\"https:\/\/brieger.ch\/fr\/product\/31403\/\"><img decoding=\"async\" width=\"760\" height=\"760\" src=\"https:\/\/brieger.ch\/wp-content\/uploads\/2024\/11\/Suprise_Weihnachten_760.jpg\" class=\"attachment-shop_thumbnail size-shop_thumbnail wp-post-image\" alt=\"Suprise_Weihnachten_760\" srcset=\"https:\/\/brieger.ch\/wp-content\/uploads\/2024\/11\/Suprise_Weihnachten_760-66x66.jpg 66w, https:\/\/brieger.ch\/wp-content\/uploads\/2024\/11\/Suprise_Weihnachten_760-100x100.jpg 100w, https:\/\/brieger.ch\/wp-content\/uploads\/2024\/11\/Suprise_Weihnachten_760-200x200.jpg 200w, https:\/\/brieger.ch\/wp-content\/uploads\/2024\/11\/Suprise_Weihnachten_760-280x280.jpg 280w, https:\/\/brieger.ch\/wp-content\/uploads\/2024\/11\/Suprise_Weihnachten_760-400x400.jpg 400w, https:\/\/brieger.ch\/wp-content\/uploads\/2024\/11\/Suprise_Weihnachten_760-500x500.jpg 500w, https:\/\/brieger.ch\/wp-content\/uploads\/2024\/11\/Suprise_Weihnachten_760-600x600.jpg 600w, https:\/\/brieger.ch\/wp-content\/uploads\/2024\/11\/Suprise_Weihnachten_760-700x700.jpg 700w, https:\/\/brieger.ch\/wp-content\/uploads\/2024\/11\/Suprise_Weihnachten_760.jpg 760w\" sizes=\"(max-width: 760px) 100vw, 760px\" \/><\/a><\/td>\n\t\t\t\t<td class=\"abgr\"><a href=\"https:\/\/brieger.ch\/fr\/product\/31403\/\">31403<\/a><\/td>\n\t\t\t\t<td class=\"zahlrechts abgr\"><a href=\"https:\/\/brieger.ch\/fr\/product\/31403\/\">360<\/a><\/td>\n\t\t\t\t<td class=\"zahlrechts abgr\"><a href=\"https:\/\/brieger.ch\/fr\/product\/31403\/\">192<\/a><\/td>\n\t\t\t\t<td class=\"zahlrechts abgr\"><a href=\"https:\/\/brieger.ch\/fr\/product\/31403\/\">93<\/a><\/td>\n\t\t\t\t<td class=\"zahlrechts abgr\"><a href=\"https:\/\/brieger.ch\/fr\/product\/31403\/\">3.0 mm<\/a><\/td>\n\t\t\t\t<td class=\"zahlrechts abgr\"><a href=\"https:\/\/brieger.ch\/fr\/product\/31403\/\">2<\/a><\/td>\n\t\t\t\t<td class=\"zahlrechts abgr\"><a href=\"https:\/\/brieger.ch\/fr\/product\/31403\/\"><div id=\"wpv-view-layout-619-CPID94466\" class=\"js-wpv-view-layout js-wpv-layout-responsive js-wpv-view-layout-619-CPID94466\" data-viewnumber=\"619-CPID94466\" data-pagination=\"{&quot;id&quot;:619,&quot;query&quot;:&quot;normal&quot;,&quot;type&quot;:&quot;disabled&quot;,&quot;effect&quot;:&quot;fade&quot;,&quot;duration&quot;:500,&quot;speed&quot;:5,&quot;pause_on_hover&quot;:&quot;disabled&quot;,&quot;stop_rollover&quot;:&quot;false&quot;,&quot;cache_pages&quot;:&quot;enabled&quot;,&quot;preload_images&quot;:&quot;enabled&quot;,&quot;preload_pages&quot;:&quot;enabled&quot;,&quot;preload_reach&quot;:1,&quot;spinner&quot;:&quot;builtin&quot;,&quot;spinner_image&quot;:&quot;https:\/\/brieger.ch\/wp-content\/plugins\/wp-views\/embedded\/res\/img\/ajax-loader.gif&quot;,&quot;callback_next&quot;:&quot;&quot;,&quot;manage_history&quot;:&quot;disabled&quot;,&quot;has_controls_in_form&quot;:&quot;disabled&quot;,&quot;infinite_tolerance&quot;:&quot;0&quot;,&quot;max_pages&quot;:1,&quot;page&quot;:1,&quot;base_permalink&quot;:&quot;\/fr\/wp-json\/wp\/v2\/pages\/40598?wpv_view_count=619-CPID94466&amp;wpv_paged=WPV_PAGE_NUM&quot;,&quot;loop&quot;:{&quot;type&quot;:&quot;&quot;,&quot;name&quot;:&quot;&quot;,&quot;data&quot;:&#091;&#093;,&quot;id&quot;:0}}\" data-permalink=\"\/fr\/wp-json\/wp\/v2\/pages\/40598?wpv_view_count=619-CPID94466\">\n\n\t\n\t\t<img decoding=\"async\" src=\"https:\/\/brieger.ch\/wp-content\/uploads\/2024\/11\/Surprise.jpg\" alt=\"Surprise\" title=\"Surprise\" class=\"attachment-full\" \/>\n\t\n\t\n<\/div><\/a><\/td>\n\t\t\t\t<td class=\"preisrechts\"><a href=\"https:\/\/brieger.ch\/fr\/product\/31403\/\">3.53<\/a><\/td>\n\t\t\t\t<td><a class=\"newprod\" href=\"https:\/\/brieger.ch\/fr\/product\/31403\/\">Neu<\/a><\/td>\n\t\t\t<\/tr><tr class=\"prodselect\" data-href=\"https:\/\/brieger.ch\/fr\/product\/31252\/\">\n\t\t\t\t<td class=\"prodimg\"><a href=\"https:\/\/brieger.ch\/fr\/product\/31252\/\"><img decoding=\"async\" width=\"100\" height=\"100\" src=\"https:\/\/brieger.ch\/wp-content\/uploads\/2020\/05\/31252-100x100.jpg\" class=\"attachment-shop_thumbnail size-shop_thumbnail wp-post-image\" alt=\"\" srcset=\"https:\/\/brieger.ch\/wp-content\/uploads\/2020\/05\/31252-66x66.jpg 66w, https:\/\/brieger.ch\/wp-content\/uploads\/2020\/05\/31252-100x100.jpg 100w, https:\/\/brieger.ch\/wp-content\/uploads\/2020\/05\/31252-200x200.jpg 200w, https:\/\/brieger.ch\/wp-content\/uploads\/2020\/05\/31252-280x280.jpg 280w, https:\/\/brieger.ch\/wp-content\/uploads\/2020\/05\/31252-400x400.jpg 400w, https:\/\/brieger.ch\/wp-content\/uploads\/2020\/05\/31252-500x500.jpg 500w, https:\/\/brieger.ch\/wp-content\/uploads\/2020\/05\/31252-600x600.jpg 600w, https:\/\/brieger.ch\/wp-content\/uploads\/2020\/05\/31252.jpg 650w\" sizes=\"(max-width: 100px) 100vw, 100px\" \/><\/a><\/td>\n\t\t\t\t<td class=\"abgr\"><a href=\"https:\/\/brieger.ch\/fr\/product\/31252\/\">31252<\/a><\/td>\n\t\t\t\t<td class=\"zahlrechts abgr\"><a href=\"https:\/\/brieger.ch\/fr\/product\/31252\/\">360<\/a><\/td>\n\t\t\t\t<td class=\"zahlrechts abgr\"><a href=\"https:\/\/brieger.ch\/fr\/product\/31252\/\">192<\/a><\/td>\n\t\t\t\t<td class=\"zahlrechts abgr\"><a href=\"https:\/\/brieger.ch\/fr\/product\/31252\/\">93<\/a><\/td>\n\t\t\t\t<td class=\"zahlrechts abgr\"><a href=\"https:\/\/brieger.ch\/fr\/product\/31252\/\">3.0 mm<\/a><\/td>\n\t\t\t\t<td class=\"zahlrechts abgr\"><a href=\"https:\/\/brieger.ch\/fr\/product\/31252\/\">2<\/a><\/td>\n\t\t\t\t<td class=\"zahlrechts abgr\"><a href=\"https:\/\/brieger.ch\/fr\/product\/31252\/\"><div id=\"wpv-view-layout-619-CPID39768\" class=\"js-wpv-view-layout js-wpv-layout-responsive js-wpv-view-layout-619-CPID39768\" data-viewnumber=\"619-CPID39768\" data-pagination=\"{&quot;id&quot;:619,&quot;query&quot;:&quot;normal&quot;,&quot;type&quot;:&quot;disabled&quot;,&quot;effect&quot;:&quot;fade&quot;,&quot;duration&quot;:500,&quot;speed&quot;:5,&quot;pause_on_hover&quot;:&quot;disabled&quot;,&quot;stop_rollover&quot;:&quot;false&quot;,&quot;cache_pages&quot;:&quot;enabled&quot;,&quot;preload_images&quot;:&quot;enabled&quot;,&quot;preload_pages&quot;:&quot;enabled&quot;,&quot;preload_reach&quot;:1,&quot;spinner&quot;:&quot;builtin&quot;,&quot;spinner_image&quot;:&quot;https:\/\/brieger.ch\/wp-content\/plugins\/wp-views\/embedded\/res\/img\/ajax-loader.gif&quot;,&quot;callback_next&quot;:&quot;&quot;,&quot;manage_history&quot;:&quot;disabled&quot;,&quot;has_controls_in_form&quot;:&quot;disabled&quot;,&quot;infinite_tolerance&quot;:&quot;0&quot;,&quot;max_pages&quot;:1,&quot;page&quot;:1,&quot;base_permalink&quot;:&quot;\/fr\/wp-json\/wp\/v2\/pages\/40598?wpv_view_count=619-CPID39768&amp;wpv_paged=WPV_PAGE_NUM&quot;,&quot;loop&quot;:{&quot;type&quot;:&quot;&quot;,&quot;name&quot;:&quot;&quot;,&quot;data&quot;:&#091;&#093;,&quot;id&quot;:0}}\" data-permalink=\"\/fr\/wp-json\/wp\/v2\/pages\/40598?wpv_view_count=619-CPID39768\">\n\n\t\n\t\t<img decoding=\"async\" src=\"https:\/\/brieger.ch\/wp-content\/uploads\/2020\/07\/echtholz.jpg\" alt=\"Caisse bois rustique\" title=\"Caisse bois rustique\" class=\"attachment-full\" \/>\n\t\n\t\n<\/div><\/a><\/td>\n\t\t\t\t<td class=\"preisrechts\"><a href=\"https:\/\/brieger.ch\/fr\/product\/31252\/\">3.53<\/a><\/td>\n\t\t\t\t<td><a  href=\"https:\/\/brieger.ch\/fr\/product\/31252\/\"><\/a><\/td>\n\t\t\t<\/tr><tr class=\"prodselect\" data-href=\"https:\/\/brieger.ch\/fr\/product\/bandeau-merry-christmas-3-bouteilles\/\">\n\t\t\t\t<td class=\"prodimg\"><a href=\"https:\/\/brieger.ch\/fr\/product\/bandeau-merry-christmas-3-bouteilles\/\"><img decoding=\"async\" width=\"1181\" height=\"1327\" src=\"https:\/\/brieger.ch\/wp-content\/uploads\/2025\/09\/3er_WK_Struktura_Bordeaux_Banderole_Merry-Christmas_CMYK.jpg\" class=\"attachment-shop_thumbnail size-shop_thumbnail wp-post-image\" alt=\"Violette Geschenkbox aus Karton mit Weihnachtsbanderole\" srcset=\"https:\/\/brieger.ch\/wp-content\/uploads\/2025\/09\/3er_WK_Struktura_Bordeaux_Banderole_Merry-Christmas_CMYK-200x225.jpg 200w, https:\/\/brieger.ch\/wp-content\/uploads\/2025\/09\/3er_WK_Struktura_Bordeaux_Banderole_Merry-Christmas_CMYK-356x400.jpg 356w, https:\/\/brieger.ch\/wp-content\/uploads\/2025\/09\/3er_WK_Struktura_Bordeaux_Banderole_Merry-Christmas_CMYK-400x449.jpg 400w, https:\/\/brieger.ch\/wp-content\/uploads\/2025\/09\/3er_WK_Struktura_Bordeaux_Banderole_Merry-Christmas_CMYK-500x562.jpg 500w, https:\/\/brieger.ch\/wp-content\/uploads\/2025\/09\/3er_WK_Struktura_Bordeaux_Banderole_Merry-Christmas_CMYK-600x674.jpg 600w, https:\/\/brieger.ch\/wp-content\/uploads\/2025\/09\/3er_WK_Struktura_Bordeaux_Banderole_Merry-Christmas_CMYK-700x787.jpg 700w, https:\/\/brieger.ch\/wp-content\/uploads\/2025\/09\/3er_WK_Struktura_Bordeaux_Banderole_Merry-Christmas_CMYK-712x800.jpg 712w, https:\/\/brieger.ch\/wp-content\/uploads\/2025\/09\/3er_WK_Struktura_Bordeaux_Banderole_Merry-Christmas_CMYK-768x863.jpg 768w, https:\/\/brieger.ch\/wp-content\/uploads\/2025\/09\/3er_WK_Struktura_Bordeaux_Banderole_Merry-Christmas_CMYK-800x899.jpg 800w, https:\/\/brieger.ch\/wp-content\/uploads\/2025\/09\/3er_WK_Struktura_Bordeaux_Banderole_Merry-Christmas_CMYK.jpg 1181w\" sizes=\"(max-width: 1181px) 100vw, 1181px\" \/><\/a><\/td>\n\t\t\t\t<td class=\"abgr\"><a href=\"https:\/\/brieger.ch\/fr\/product\/bandeau-merry-christmas-3-bouteilles\/\">31419<\/a><\/td>\n\t\t\t\t<td class=\"zahlrechts abgr\"><a href=\"https:\/\/brieger.ch\/fr\/product\/bandeau-merry-christmas-3-bouteilles\/\">360<\/a><\/td>\n\t\t\t\t<td class=\"zahlrechts abgr\"><a href=\"https:\/\/brieger.ch\/fr\/product\/bandeau-merry-christmas-3-bouteilles\/\">260<\/a><\/td>\n\t\t\t\t<td class=\"zahlrechts abgr\"><a href=\"https:\/\/brieger.ch\/fr\/product\/bandeau-merry-christmas-3-bouteilles\/\">93<\/a><\/td>\n\t\t\t\t<td class=\"zahlrechts abgr\"><a href=\"https:\/\/brieger.ch\/fr\/product\/bandeau-merry-christmas-3-bouteilles\/\"><\/a><\/td>\n\t\t\t\t<td class=\"zahlrechts abgr\"><a href=\"https:\/\/brieger.ch\/fr\/product\/bandeau-merry-christmas-3-bouteilles\/\">3<\/a><\/td>\n\t\t\t\t<td class=\"zahlrechts abgr\"><a href=\"https:\/\/brieger.ch\/fr\/product\/bandeau-merry-christmas-3-bouteilles\/\"><div id=\"wpv-view-layout-619-CPID103033\" class=\"js-wpv-view-layout js-wpv-layout-responsive js-wpv-view-layout-619-CPID103033\" data-viewnumber=\"619-CPID103033\" data-pagination=\"{&quot;id&quot;:619,&quot;query&quot;:&quot;normal&quot;,&quot;type&quot;:&quot;disabled&quot;,&quot;effect&quot;:&quot;fade&quot;,&quot;duration&quot;:500,&quot;speed&quot;:5,&quot;pause_on_hover&quot;:&quot;disabled&quot;,&quot;stop_rollover&quot;:&quot;false&quot;,&quot;cache_pages&quot;:&quot;enabled&quot;,&quot;preload_images&quot;:&quot;enabled&quot;,&quot;preload_pages&quot;:&quot;enabled&quot;,&quot;preload_reach&quot;:1,&quot;spinner&quot;:&quot;builtin&quot;,&quot;spinner_image&quot;:&quot;https:\/\/brieger.ch\/wp-content\/plugins\/wp-views\/embedded\/res\/img\/ajax-loader.gif&quot;,&quot;callback_next&quot;:&quot;&quot;,&quot;manage_history&quot;:&quot;disabled&quot;,&quot;has_controls_in_form&quot;:&quot;disabled&quot;,&quot;infinite_tolerance&quot;:&quot;0&quot;,&quot;max_pages&quot;:1,&quot;page&quot;:1,&quot;base_permalink&quot;:&quot;\/fr\/wp-json\/wp\/v2\/pages\/40598?wpv_view_count=619-CPID103033&amp;wpv_paged=WPV_PAGE_NUM&quot;,&quot;loop&quot;:{&quot;type&quot;:&quot;&quot;,&quot;name&quot;:&quot;&quot;,&quot;data&quot;:&#091;&#093;,&quot;id&quot;:0}}\" data-permalink=\"\/fr\/wp-json\/wp\/v2\/pages\/40598?wpv_view_count=619-CPID103033\">\n\n\t\n\tn\/a\n<\/div><\/a><\/td>\n\t\t\t\t<td class=\"preisrechts\"><a href=\"https:\/\/brieger.ch\/fr\/product\/bandeau-merry-christmas-3-bouteilles\/\">1.09<\/a><\/td>\n\t\t\t\t<td><a class=\"newprod\" href=\"https:\/\/brieger.ch\/fr\/product\/bandeau-merry-christmas-3-bouteilles\/\">Neu<\/a><\/td>\n\t\t\t<\/tr><tr class=\"prodselect\" data-href=\"https:\/\/brieger.ch\/fr\/product\/bandeau-merry-christmas-1-bouteille-kopie\/\">\n\t\t\t\t<td class=\"prodimg\"><a href=\"https:\/\/brieger.ch\/fr\/product\/bandeau-merry-christmas-1-bouteille-kopie\/\"><img decoding=\"async\" width=\"1181\" height=\"1327\" src=\"https:\/\/brieger.ch\/wp-content\/uploads\/2025\/09\/3er_WK_Struktura_Bordeaux_Banderole_Merry-Christmas_CMYK.jpg\" class=\"attachment-shop_thumbnail size-shop_thumbnail wp-post-image\" alt=\"Violette Geschenkbox aus Karton mit Weihnachtsbanderole\" srcset=\"https:\/\/brieger.ch\/wp-content\/uploads\/2025\/09\/3er_WK_Struktura_Bordeaux_Banderole_Merry-Christmas_CMYK-200x225.jpg 200w, https:\/\/brieger.ch\/wp-content\/uploads\/2025\/09\/3er_WK_Struktura_Bordeaux_Banderole_Merry-Christmas_CMYK-356x400.jpg 356w, https:\/\/brieger.ch\/wp-content\/uploads\/2025\/09\/3er_WK_Struktura_Bordeaux_Banderole_Merry-Christmas_CMYK-400x449.jpg 400w, https:\/\/brieger.ch\/wp-content\/uploads\/2025\/09\/3er_WK_Struktura_Bordeaux_Banderole_Merry-Christmas_CMYK-500x562.jpg 500w, https:\/\/brieger.ch\/wp-content\/uploads\/2025\/09\/3er_WK_Struktura_Bordeaux_Banderole_Merry-Christmas_CMYK-600x674.jpg 600w, https:\/\/brieger.ch\/wp-content\/uploads\/2025\/09\/3er_WK_Struktura_Bordeaux_Banderole_Merry-Christmas_CMYK-700x787.jpg 700w, https:\/\/brieger.ch\/wp-content\/uploads\/2025\/09\/3er_WK_Struktura_Bordeaux_Banderole_Merry-Christmas_CMYK-712x800.jpg 712w, https:\/\/brieger.ch\/wp-content\/uploads\/2025\/09\/3er_WK_Struktura_Bordeaux_Banderole_Merry-Christmas_CMYK-768x863.jpg 768w, https:\/\/brieger.ch\/wp-content\/uploads\/2025\/09\/3er_WK_Struktura_Bordeaux_Banderole_Merry-Christmas_CMYK-800x899.jpg 800w, https:\/\/brieger.ch\/wp-content\/uploads\/2025\/09\/3er_WK_Struktura_Bordeaux_Banderole_Merry-Christmas_CMYK.jpg 1181w\" sizes=\"(max-width: 1181px) 100vw, 1181px\" \/><\/a><\/td>\n\t\t\t\t<td class=\"abgr\"><a href=\"https:\/\/brieger.ch\/fr\/product\/bandeau-merry-christmas-1-bouteille-kopie\/\">31418<\/a><\/td>\n\t\t\t\t<td class=\"zahlrechts abgr\"><a href=\"https:\/\/brieger.ch\/fr\/product\/bandeau-merry-christmas-1-bouteille-kopie\/\">360<\/a><\/td>\n\t\t\t\t<td class=\"zahlrechts abgr\"><a href=\"https:\/\/brieger.ch\/fr\/product\/bandeau-merry-christmas-1-bouteille-kopie\/\">196<\/a><\/td>\n\t\t\t\t<td class=\"zahlrechts abgr\"><a href=\"https:\/\/brieger.ch\/fr\/product\/bandeau-merry-christmas-1-bouteille-kopie\/\">93<\/a><\/td>\n\t\t\t\t<td class=\"zahlrechts abgr\"><a href=\"https:\/\/brieger.ch\/fr\/product\/bandeau-merry-christmas-1-bouteille-kopie\/\"><\/a><\/td>\n\t\t\t\t<td class=\"zahlrechts abgr\"><a href=\"https:\/\/brieger.ch\/fr\/product\/bandeau-merry-christmas-1-bouteille-kopie\/\">2<\/a><\/td>\n\t\t\t\t<td class=\"zahlrechts abgr\"><a href=\"https:\/\/brieger.ch\/fr\/product\/bandeau-merry-christmas-1-bouteille-kopie\/\"><div id=\"wpv-view-layout-619-CPID103030\" class=\"js-wpv-view-layout js-wpv-layout-responsive js-wpv-view-layout-619-CPID103030\" data-viewnumber=\"619-CPID103030\" data-pagination=\"{&quot;id&quot;:619,&quot;query&quot;:&quot;normal&quot;,&quot;type&quot;:&quot;disabled&quot;,&quot;effect&quot;:&quot;fade&quot;,&quot;duration&quot;:500,&quot;speed&quot;:5,&quot;pause_on_hover&quot;:&quot;disabled&quot;,&quot;stop_rollover&quot;:&quot;false&quot;,&quot;cache_pages&quot;:&quot;enabled&quot;,&quot;preload_images&quot;:&quot;enabled&quot;,&quot;preload_pages&quot;:&quot;enabled&quot;,&quot;preload_reach&quot;:1,&quot;spinner&quot;:&quot;builtin&quot;,&quot;spinner_image&quot;:&quot;https:\/\/brieger.ch\/wp-content\/plugins\/wp-views\/embedded\/res\/img\/ajax-loader.gif&quot;,&quot;callback_next&quot;:&quot;&quot;,&quot;manage_history&quot;:&quot;disabled&quot;,&quot;has_controls_in_form&quot;:&quot;disabled&quot;,&quot;infinite_tolerance&quot;:&quot;0&quot;,&quot;max_pages&quot;:1,&quot;page&quot;:1,&quot;base_permalink&quot;:&quot;\/fr\/wp-json\/wp\/v2\/pages\/40598?wpv_view_count=619-CPID103030&amp;wpv_paged=WPV_PAGE_NUM&quot;,&quot;loop&quot;:{&quot;type&quot;:&quot;&quot;,&quot;name&quot;:&quot;&quot;,&quot;data&quot;:&#091;&#093;,&quot;id&quot;:0}}\" data-permalink=\"\/fr\/wp-json\/wp\/v2\/pages\/40598?wpv_view_count=619-CPID103030\">\n\n\t\n\tn\/a\n<\/div><\/a><\/td>\n\t\t\t\t<td class=\"preisrechts\"><a href=\"https:\/\/brieger.ch\/fr\/product\/bandeau-merry-christmas-1-bouteille-kopie\/\">0.99<\/a><\/td>\n\t\t\t\t<td><a class=\"newprod\" href=\"https:\/\/brieger.ch\/fr\/product\/bandeau-merry-christmas-1-bouteille-kopie\/\">Neu<\/a><\/td>\n\t\t\t<\/tr><tr class=\"prodselect\" data-href=\"https:\/\/brieger.ch\/fr\/product\/bandeau-frohe-weihnachten-3-bouteilles\/\">\n\t\t\t\t<td class=\"prodimg\"><a href=\"https:\/\/brieger.ch\/fr\/product\/bandeau-frohe-weihnachten-3-bouteilles\/\"><img decoding=\"async\" width=\"1200\" height=\"1544\" src=\"https:\/\/brieger.ch\/wp-content\/uploads\/2025\/09\/2er_WK_PureLine_dunkelblau_Banderole_Frohe-Weihnachten_CMYK.jpg\" class=\"attachment-shop_thumbnail size-shop_thumbnail wp-post-image\" alt=\"\" srcset=\"https:\/\/brieger.ch\/wp-content\/uploads\/2025\/09\/2er_WK_PureLine_dunkelblau_Banderole_Frohe-Weihnachten_CMYK-200x257.jpg 200w, https:\/\/brieger.ch\/wp-content\/uploads\/2025\/09\/2er_WK_PureLine_dunkelblau_Banderole_Frohe-Weihnachten_CMYK-311x400.jpg 311w, https:\/\/brieger.ch\/wp-content\/uploads\/2025\/09\/2er_WK_PureLine_dunkelblau_Banderole_Frohe-Weihnachten_CMYK-400x515.jpg 400w, https:\/\/brieger.ch\/wp-content\/uploads\/2025\/09\/2er_WK_PureLine_dunkelblau_Banderole_Frohe-Weihnachten_CMYK-500x643.jpg 500w, https:\/\/brieger.ch\/wp-content\/uploads\/2025\/09\/2er_WK_PureLine_dunkelblau_Banderole_Frohe-Weihnachten_CMYK-600x772.jpg 600w, https:\/\/brieger.ch\/wp-content\/uploads\/2025\/09\/2er_WK_PureLine_dunkelblau_Banderole_Frohe-Weihnachten_CMYK-622x800.jpg 622w, https:\/\/brieger.ch\/wp-content\/uploads\/2025\/09\/2er_WK_PureLine_dunkelblau_Banderole_Frohe-Weihnachten_CMYK-700x901.jpg 700w, https:\/\/brieger.ch\/wp-content\/uploads\/2025\/09\/2er_WK_PureLine_dunkelblau_Banderole_Frohe-Weihnachten_CMYK-768x988.jpg 768w, https:\/\/brieger.ch\/wp-content\/uploads\/2025\/09\/2er_WK_PureLine_dunkelblau_Banderole_Frohe-Weihnachten_CMYK-800x1029.jpg 800w, https:\/\/brieger.ch\/wp-content\/uploads\/2025\/09\/2er_WK_PureLine_dunkelblau_Banderole_Frohe-Weihnachten_CMYK-1194x1536.jpg 1194w, https:\/\/brieger.ch\/wp-content\/uploads\/2025\/09\/2er_WK_PureLine_dunkelblau_Banderole_Frohe-Weihnachten_CMYK.jpg 1200w\" sizes=\"(max-width: 1200px) 100vw, 1200px\" \/><\/a><\/td>\n\t\t\t\t<td class=\"abgr\"><a href=\"https:\/\/brieger.ch\/fr\/product\/bandeau-frohe-weihnachten-3-bouteilles\/\">31416<\/a><\/td>\n\t\t\t\t<td class=\"zahlrechts abgr\"><a href=\"https:\/\/brieger.ch\/fr\/product\/bandeau-frohe-weihnachten-3-bouteilles\/\">360<\/a><\/td>\n\t\t\t\t<td class=\"zahlrechts abgr\"><a href=\"https:\/\/brieger.ch\/fr\/product\/bandeau-frohe-weihnachten-3-bouteilles\/\">260<\/a><\/td>\n\t\t\t\t<td class=\"zahlrechts abgr\"><a href=\"https:\/\/brieger.ch\/fr\/product\/bandeau-frohe-weihnachten-3-bouteilles\/\">93<\/a><\/td>\n\t\t\t\t<td class=\"zahlrechts abgr\"><a href=\"https:\/\/brieger.ch\/fr\/product\/bandeau-frohe-weihnachten-3-bouteilles\/\"><\/a><\/td>\n\t\t\t\t<td class=\"zahlrechts abgr\"><a href=\"https:\/\/brieger.ch\/fr\/product\/bandeau-frohe-weihnachten-3-bouteilles\/\">3<\/a><\/td>\n\t\t\t\t<td class=\"zahlrechts abgr\"><a href=\"https:\/\/brieger.ch\/fr\/product\/bandeau-frohe-weihnachten-3-bouteilles\/\"><div id=\"wpv-view-layout-619-CPID103020\" class=\"js-wpv-view-layout js-wpv-layout-responsive js-wpv-view-layout-619-CPID103020\" data-viewnumber=\"619-CPID103020\" data-pagination=\"{&quot;id&quot;:619,&quot;query&quot;:&quot;normal&quot;,&quot;type&quot;:&quot;disabled&quot;,&quot;effect&quot;:&quot;fade&quot;,&quot;duration&quot;:500,&quot;speed&quot;:5,&quot;pause_on_hover&quot;:&quot;disabled&quot;,&quot;stop_rollover&quot;:&quot;false&quot;,&quot;cache_pages&quot;:&quot;enabled&quot;,&quot;preload_images&quot;:&quot;enabled&quot;,&quot;preload_pages&quot;:&quot;enabled&quot;,&quot;preload_reach&quot;:1,&quot;spinner&quot;:&quot;builtin&quot;,&quot;spinner_image&quot;:&quot;https:\/\/brieger.ch\/wp-content\/plugins\/wp-views\/embedded\/res\/img\/ajax-loader.gif&quot;,&quot;callback_next&quot;:&quot;&quot;,&quot;manage_history&quot;:&quot;disabled&quot;,&quot;has_controls_in_form&quot;:&quot;disabled&quot;,&quot;infinite_tolerance&quot;:&quot;0&quot;,&quot;max_pages&quot;:1,&quot;page&quot;:1,&quot;base_permalink&quot;:&quot;\/fr\/wp-json\/wp\/v2\/pages\/40598?wpv_view_count=619-CPID103020&amp;wpv_paged=WPV_PAGE_NUM&quot;,&quot;loop&quot;:{&quot;type&quot;:&quot;&quot;,&quot;name&quot;:&quot;&quot;,&quot;data&quot;:&#091;&#093;,&quot;id&quot;:0}}\" data-permalink=\"\/fr\/wp-json\/wp\/v2\/pages\/40598?wpv_view_count=619-CPID103020\">\n\n\t\n\tn\/a\n<\/div><\/a><\/td>\n\t\t\t\t<td class=\"preisrechts\"><a href=\"https:\/\/brieger.ch\/fr\/product\/bandeau-frohe-weihnachten-3-bouteilles\/\">1.09<\/a><\/td>\n\t\t\t\t<td><a class=\"newprod\" href=\"https:\/\/brieger.ch\/fr\/product\/bandeau-frohe-weihnachten-3-bouteilles\/\">Neu<\/a><\/td>\n\t\t\t<\/tr><tr class=\"prodselect\" data-href=\"https:\/\/brieger.ch\/fr\/product\/bandeau-frohe-weihnachten-1-bouteille-kopie\/\">\n\t\t\t\t<td class=\"prodimg\"><a href=\"https:\/\/brieger.ch\/fr\/product\/bandeau-frohe-weihnachten-1-bouteille-kopie\/\"><img decoding=\"async\" width=\"1200\" height=\"1544\" src=\"https:\/\/brieger.ch\/wp-content\/uploads\/2025\/09\/2er_WK_PureLine_dunkelblau_Banderole_Frohe-Weihnachten_CMYK.jpg\" class=\"attachment-shop_thumbnail size-shop_thumbnail wp-post-image\" alt=\"\" srcset=\"https:\/\/brieger.ch\/wp-content\/uploads\/2025\/09\/2er_WK_PureLine_dunkelblau_Banderole_Frohe-Weihnachten_CMYK-200x257.jpg 200w, https:\/\/brieger.ch\/wp-content\/uploads\/2025\/09\/2er_WK_PureLine_dunkelblau_Banderole_Frohe-Weihnachten_CMYK-311x400.jpg 311w, https:\/\/brieger.ch\/wp-content\/uploads\/2025\/09\/2er_WK_PureLine_dunkelblau_Banderole_Frohe-Weihnachten_CMYK-400x515.jpg 400w, https:\/\/brieger.ch\/wp-content\/uploads\/2025\/09\/2er_WK_PureLine_dunkelblau_Banderole_Frohe-Weihnachten_CMYK-500x643.jpg 500w, https:\/\/brieger.ch\/wp-content\/uploads\/2025\/09\/2er_WK_PureLine_dunkelblau_Banderole_Frohe-Weihnachten_CMYK-600x772.jpg 600w, https:\/\/brieger.ch\/wp-content\/uploads\/2025\/09\/2er_WK_PureLine_dunkelblau_Banderole_Frohe-Weihnachten_CMYK-622x800.jpg 622w, https:\/\/brieger.ch\/wp-content\/uploads\/2025\/09\/2er_WK_PureLine_dunkelblau_Banderole_Frohe-Weihnachten_CMYK-700x901.jpg 700w, https:\/\/brieger.ch\/wp-content\/uploads\/2025\/09\/2er_WK_PureLine_dunkelblau_Banderole_Frohe-Weihnachten_CMYK-768x988.jpg 768w, https:\/\/brieger.ch\/wp-content\/uploads\/2025\/09\/2er_WK_PureLine_dunkelblau_Banderole_Frohe-Weihnachten_CMYK-800x1029.jpg 800w, https:\/\/brieger.ch\/wp-content\/uploads\/2025\/09\/2er_WK_PureLine_dunkelblau_Banderole_Frohe-Weihnachten_CMYK-1194x1536.jpg 1194w, https:\/\/brieger.ch\/wp-content\/uploads\/2025\/09\/2er_WK_PureLine_dunkelblau_Banderole_Frohe-Weihnachten_CMYK.jpg 1200w\" sizes=\"(max-width: 1200px) 100vw, 1200px\" \/><\/a><\/td>\n\t\t\t\t<td class=\"abgr\"><a href=\"https:\/\/brieger.ch\/fr\/product\/bandeau-frohe-weihnachten-1-bouteille-kopie\/\">31415<\/a><\/td>\n\t\t\t\t<td class=\"zahlrechts abgr\"><a href=\"https:\/\/brieger.ch\/fr\/product\/bandeau-frohe-weihnachten-1-bouteille-kopie\/\">360<\/a><\/td>\n\t\t\t\t<td class=\"zahlrechts abgr\"><a href=\"https:\/\/brieger.ch\/fr\/product\/bandeau-frohe-weihnachten-1-bouteille-kopie\/\">196<\/a><\/td>\n\t\t\t\t<td class=\"zahlrechts abgr\"><a href=\"https:\/\/brieger.ch\/fr\/product\/bandeau-frohe-weihnachten-1-bouteille-kopie\/\">93<\/a><\/td>\n\t\t\t\t<td class=\"zahlrechts abgr\"><a href=\"https:\/\/brieger.ch\/fr\/product\/bandeau-frohe-weihnachten-1-bouteille-kopie\/\">1.5 mm<\/a><\/td>\n\t\t\t\t<td class=\"zahlrechts abgr\"><a href=\"https:\/\/brieger.ch\/fr\/product\/bandeau-frohe-weihnachten-1-bouteille-kopie\/\">2<\/a><\/td>\n\t\t\t\t<td class=\"zahlrechts abgr\"><a href=\"https:\/\/brieger.ch\/fr\/product\/bandeau-frohe-weihnachten-1-bouteille-kopie\/\"><div id=\"wpv-view-layout-619-CPID103014\" class=\"js-wpv-view-layout js-wpv-layout-responsive js-wpv-view-layout-619-CPID103014\" data-viewnumber=\"619-CPID103014\" data-pagination=\"{&quot;id&quot;:619,&quot;query&quot;:&quot;normal&quot;,&quot;type&quot;:&quot;disabled&quot;,&quot;effect&quot;:&quot;fade&quot;,&quot;duration&quot;:500,&quot;speed&quot;:5,&quot;pause_on_hover&quot;:&quot;disabled&quot;,&quot;stop_rollover&quot;:&quot;false&quot;,&quot;cache_pages&quot;:&quot;enabled&quot;,&quot;preload_images&quot;:&quot;enabled&quot;,&quot;preload_pages&quot;:&quot;enabled&quot;,&quot;preload_reach&quot;:1,&quot;spinner&quot;:&quot;builtin&quot;,&quot;spinner_image&quot;:&quot;https:\/\/brieger.ch\/wp-content\/plugins\/wp-views\/embedded\/res\/img\/ajax-loader.gif&quot;,&quot;callback_next&quot;:&quot;&quot;,&quot;manage_history&quot;:&quot;disabled&quot;,&quot;has_controls_in_form&quot;:&quot;disabled&quot;,&quot;infinite_tolerance&quot;:&quot;0&quot;,&quot;max_pages&quot;:1,&quot;page&quot;:1,&quot;base_permalink&quot;:&quot;\/fr\/wp-json\/wp\/v2\/pages\/40598?wpv_view_count=619-CPID103014&amp;wpv_paged=WPV_PAGE_NUM&quot;,&quot;loop&quot;:{&quot;type&quot;:&quot;&quot;,&quot;name&quot;:&quot;&quot;,&quot;data&quot;:&#091;&#093;,&quot;id&quot;:0}}\" data-permalink=\"\/fr\/wp-json\/wp\/v2\/pages\/40598?wpv_view_count=619-CPID103014\">\n\n\t\n\tn\/a\n<\/div><\/a><\/td>\n\t\t\t\t<td class=\"preisrechts\"><a href=\"https:\/\/brieger.ch\/fr\/product\/bandeau-frohe-weihnachten-1-bouteille-kopie\/\">0.99<\/a><\/td>\n\t\t\t\t<td><a class=\"newprod\" href=\"https:\/\/brieger.ch\/fr\/product\/bandeau-frohe-weihnachten-1-bouteille-kopie\/\">Neu<\/a><\/td>\n\t\t\t<\/tr><tr class=\"prodselect\" data-href=\"https:\/\/brieger.ch\/fr\/product\/31250\/\">\n\t\t\t\t<td class=\"prodimg\"><a href=\"https:\/\/brieger.ch\/fr\/product\/31250\/\"><img decoding=\"async\" width=\"100\" height=\"100\" src=\"https:\/\/brieger.ch\/wp-content\/uploads\/2020\/05\/Struktura_anthrazit_3er_WK_links-100x100.jpg\" class=\"attachment-shop_thumbnail size-shop_thumbnail wp-post-image\" alt=\"\" srcset=\"https:\/\/brieger.ch\/wp-content\/uploads\/2020\/05\/Struktura_anthrazit_3er_WK_links-66x66.jpg 66w, https:\/\/brieger.ch\/wp-content\/uploads\/2020\/05\/Struktura_anthrazit_3er_WK_links-100x100.jpg 100w, https:\/\/brieger.ch\/wp-content\/uploads\/2020\/05\/Struktura_anthrazit_3er_WK_links-200x200.jpg 200w, https:\/\/brieger.ch\/wp-content\/uploads\/2020\/05\/Struktura_anthrazit_3er_WK_links-280x280.jpg 280w, https:\/\/brieger.ch\/wp-content\/uploads\/2020\/05\/Struktura_anthrazit_3er_WK_links-400x400.jpg 400w, https:\/\/brieger.ch\/wp-content\/uploads\/2020\/05\/Struktura_anthrazit_3er_WK_links-500x500.jpg 500w, https:\/\/brieger.ch\/wp-content\/uploads\/2020\/05\/Struktura_anthrazit_3er_WK_links-600x600.jpg 600w, https:\/\/brieger.ch\/wp-content\/uploads\/2020\/05\/Struktura_anthrazit_3er_WK_links-700x700.jpg 700w, https:\/\/brieger.ch\/wp-content\/uploads\/2020\/05\/Struktura_anthrazit_3er_WK_links-768x768.jpg 768w, https:\/\/brieger.ch\/wp-content\/uploads\/2020\/05\/Struktura_anthrazit_3er_WK_links-800x800.jpg 800w, https:\/\/brieger.ch\/wp-content\/uploads\/2020\/05\/Struktura_anthrazit_3er_WK_links.jpg 1200w\" sizes=\"(max-width: 100px) 100vw, 100px\" \/><\/a><\/td>\n\t\t\t\t<td class=\"abgr\"><a href=\"https:\/\/brieger.ch\/fr\/product\/31250\/\">31250<\/a><\/td>\n\t\t\t\t<td class=\"zahlrechts abgr\"><a href=\"https:\/\/brieger.ch\/fr\/product\/31250\/\">360<\/a><\/td>\n\t\t\t\t<td class=\"zahlrechts abgr\"><a href=\"https:\/\/brieger.ch\/fr\/product\/31250\/\">260<\/a><\/td>\n\t\t\t\t<td class=\"zahlrechts abgr\"><a href=\"https:\/\/brieger.ch\/fr\/product\/31250\/\">93<\/a><\/td>\n\t\t\t\t<td class=\"zahlrechts abgr\"><a href=\"https:\/\/brieger.ch\/fr\/product\/31250\/\">3.0 mm<\/a><\/td>\n\t\t\t\t<td class=\"zahlrechts abgr\"><a href=\"https:\/\/brieger.ch\/fr\/product\/31250\/\">3<\/a><\/td>\n\t\t\t\t<td class=\"zahlrechts abgr\"><a href=\"https:\/\/brieger.ch\/fr\/product\/31250\/\"><div id=\"wpv-view-layout-619-CPID39793\" class=\"js-wpv-view-layout js-wpv-layout-responsive js-wpv-view-layout-619-CPID39793\" data-viewnumber=\"619-CPID39793\" data-pagination=\"{&quot;id&quot;:619,&quot;query&quot;:&quot;normal&quot;,&quot;type&quot;:&quot;disabled&quot;,&quot;effect&quot;:&quot;fade&quot;,&quot;duration&quot;:500,&quot;speed&quot;:5,&quot;pause_on_hover&quot;:&quot;disabled&quot;,&quot;stop_rollover&quot;:&quot;false&quot;,&quot;cache_pages&quot;:&quot;enabled&quot;,&quot;preload_images&quot;:&quot;enabled&quot;,&quot;preload_pages&quot;:&quot;enabled&quot;,&quot;preload_reach&quot;:1,&quot;spinner&quot;:&quot;builtin&quot;,&quot;spinner_image&quot;:&quot;https:\/\/brieger.ch\/wp-content\/plugins\/wp-views\/embedded\/res\/img\/ajax-loader.gif&quot;,&quot;callback_next&quot;:&quot;&quot;,&quot;manage_history&quot;:&quot;disabled&quot;,&quot;has_controls_in_form&quot;:&quot;disabled&quot;,&quot;infinite_tolerance&quot;:&quot;0&quot;,&quot;max_pages&quot;:1,&quot;page&quot;:1,&quot;base_permalink&quot;:&quot;\/fr\/wp-json\/wp\/v2\/pages\/40598?wpv_view_count=619-CPID39793&amp;wpv_paged=WPV_PAGE_NUM&quot;,&quot;loop&quot;:{&quot;type&quot;:&quot;&quot;,&quot;name&quot;:&quot;&quot;,&quot;data&quot;:&#091;&#093;,&quot;id&quot;:0}}\" data-permalink=\"\/fr\/wp-json\/wp\/v2\/pages\/40598?wpv_view_count=619-CPID39793\">\n\n\t\n\t\t<img decoding=\"async\" src=\"https:\/\/brieger.ch\/wp-content\/uploads\/2020\/03\/anthrazit-1.jpg\" alt=\"Anthracite\" title=\"Anthracite\" class=\"attachment-full\" \/>\n\t\n\t\n<\/div><\/a><\/td>\n\t\t\t\t<td class=\"preisrechts\"><a href=\"https:\/\/brieger.ch\/fr\/product\/31250\/\">3.80<\/a><\/td>\n\t\t\t\t<td><a class=\"badgeprod\" href=\"https:\/\/brieger.ch\/fr\/product\/31250\/\">Sale<\/a><\/td>\n\t\t\t<\/tr><tr class=\"prodselect\" data-href=\"https:\/\/brieger.ch\/fr\/product\/emballages-cadeaux-branche-de-baies-3-bouteilles\/\">\n\t\t\t\t<td class=\"prodimg\"><a href=\"https:\/\/brieger.ch\/fr\/product\/emballages-cadeaux-branche-de-baies-3-bouteilles\/\"><img decoding=\"async\" width=\"1200\" height=\"1420\" src=\"https:\/\/brieger.ch\/wp-content\/uploads\/2025\/09\/Beerenzweig_3er_WK_links_300dpi-scaled.jpg\" class=\"attachment-shop_thumbnail size-shop_thumbnail wp-post-image\" alt=\"Nachhaltige Geschenkverpackung aus Karton mit Pflanzenmotiv\" srcset=\"https:\/\/brieger.ch\/wp-content\/uploads\/2025\/09\/Beerenzweig_3er_WK_links_300dpi-200x237.jpg 200w, https:\/\/brieger.ch\/wp-content\/uploads\/2025\/09\/Beerenzweig_3er_WK_links_300dpi-338x400.jpg 338w, https:\/\/brieger.ch\/wp-content\/uploads\/2025\/09\/Beerenzweig_3er_WK_links_300dpi-400x473.jpg 400w, https:\/\/brieger.ch\/wp-content\/uploads\/2025\/09\/Beerenzweig_3er_WK_links_300dpi-500x592.jpg 500w, https:\/\/brieger.ch\/wp-content\/uploads\/2025\/09\/Beerenzweig_3er_WK_links_300dpi-600x710.jpg 600w, https:\/\/brieger.ch\/wp-content\/uploads\/2025\/09\/Beerenzweig_3er_WK_links_300dpi-676x800.jpg 676w, https:\/\/brieger.ch\/wp-content\/uploads\/2025\/09\/Beerenzweig_3er_WK_links_300dpi-700x828.jpg 700w, https:\/\/brieger.ch\/wp-content\/uploads\/2025\/09\/Beerenzweig_3er_WK_links_300dpi-768x909.jpg 768w, https:\/\/brieger.ch\/wp-content\/uploads\/2025\/09\/Beerenzweig_3er_WK_links_300dpi-800x947.jpg 800w, https:\/\/brieger.ch\/wp-content\/uploads\/2025\/09\/Beerenzweig_3er_WK_links_300dpi-scaled.jpg 1200w\" sizes=\"(max-width: 1200px) 100vw, 1200px\" \/><\/a><\/td>\n\t\t\t\t<td class=\"abgr\"><a href=\"https:\/\/brieger.ch\/fr\/product\/emballages-cadeaux-branche-de-baies-3-bouteilles\/\">31410<\/a><\/td>\n\t\t\t\t<td class=\"zahlrechts abgr\"><a href=\"https:\/\/brieger.ch\/fr\/product\/emballages-cadeaux-branche-de-baies-3-bouteilles\/\">360<\/a><\/td>\n\t\t\t\t<td class=\"zahlrechts abgr\"><a href=\"https:\/\/brieger.ch\/fr\/product\/emballages-cadeaux-branche-de-baies-3-bouteilles\/\">260<\/a><\/td>\n\t\t\t\t<td class=\"zahlrechts abgr\"><a href=\"https:\/\/brieger.ch\/fr\/product\/emballages-cadeaux-branche-de-baies-3-bouteilles\/\">93<\/a><\/td>\n\t\t\t\t<td class=\"zahlrechts abgr\"><a href=\"https:\/\/brieger.ch\/fr\/product\/emballages-cadeaux-branche-de-baies-3-bouteilles\/\">3.0 mm<\/a><\/td>\n\t\t\t\t<td class=\"zahlrechts abgr\"><a href=\"https:\/\/brieger.ch\/fr\/product\/emballages-cadeaux-branche-de-baies-3-bouteilles\/\">3<\/a><\/td>\n\t\t\t\t<td class=\"zahlrechts abgr\"><a href=\"https:\/\/brieger.ch\/fr\/product\/emballages-cadeaux-branche-de-baies-3-bouteilles\/\"><div id=\"wpv-view-layout-619-CPID102984\" class=\"js-wpv-view-layout js-wpv-layout-responsive js-wpv-view-layout-619-CPID102984\" data-viewnumber=\"619-CPID102984\" data-pagination=\"{&quot;id&quot;:619,&quot;query&quot;:&quot;normal&quot;,&quot;type&quot;:&quot;disabled&quot;,&quot;effect&quot;:&quot;fade&quot;,&quot;duration&quot;:500,&quot;speed&quot;:5,&quot;pause_on_hover&quot;:&quot;disabled&quot;,&quot;stop_rollover&quot;:&quot;false&quot;,&quot;cache_pages&quot;:&quot;enabled&quot;,&quot;preload_images&quot;:&quot;enabled&quot;,&quot;preload_pages&quot;:&quot;enabled&quot;,&quot;preload_reach&quot;:1,&quot;spinner&quot;:&quot;builtin&quot;,&quot;spinner_image&quot;:&quot;https:\/\/brieger.ch\/wp-content\/plugins\/wp-views\/embedded\/res\/img\/ajax-loader.gif&quot;,&quot;callback_next&quot;:&quot;&quot;,&quot;manage_history&quot;:&quot;disabled&quot;,&quot;has_controls_in_form&quot;:&quot;disabled&quot;,&quot;infinite_tolerance&quot;:&quot;0&quot;,&quot;max_pages&quot;:1,&quot;page&quot;:1,&quot;base_permalink&quot;:&quot;\/fr\/wp-json\/wp\/v2\/pages\/40598?wpv_view_count=619-CPID102984&amp;wpv_paged=WPV_PAGE_NUM&quot;,&quot;loop&quot;:{&quot;type&quot;:&quot;&quot;,&quot;name&quot;:&quot;&quot;,&quot;data&quot;:&#091;&#093;,&quot;id&quot;:0}}\" data-permalink=\"\/fr\/wp-json\/wp\/v2\/pages\/40598?wpv_view_count=619-CPID102984\">\n\n\t\n\tn\/a\n<\/div><\/a><\/td>\n\t\t\t\t<td class=\"preisrechts\"><a href=\"https:\/\/brieger.ch\/fr\/product\/emballages-cadeaux-branche-de-baies-3-bouteilles\/\">3.80<\/a><\/td>\n\t\t\t\t<td><a class=\"newprod\" href=\"https:\/\/brieger.ch\/fr\/product\/emballages-cadeaux-branche-de-baies-3-bouteilles\/\">Neu<\/a><\/td>\n\t\t\t<\/tr><tr class=\"prodselect\" data-href=\"https:\/\/brieger.ch\/fr\/product\/emballages-cadeaux-branche-de-baies-2-bouteilles\/\">\n\t\t\t\t<td class=\"prodimg\"><a href=\"https:\/\/brieger.ch\/fr\/product\/emballages-cadeaux-branche-de-baies-2-bouteilles\/\"><img decoding=\"async\" width=\"1200\" height=\"1544\" src=\"https:\/\/brieger.ch\/wp-content\/uploads\/2025\/09\/Beerenzweig_2er_WK_links_300dpi-scaled.jpg\" class=\"attachment-shop_thumbnail size-shop_thumbnail wp-post-image\" alt=\"Geschenkbox aus Karton mit winterlichem Pflanzenmuster\" srcset=\"https:\/\/brieger.ch\/wp-content\/uploads\/2025\/09\/Beerenzweig_2er_WK_links_300dpi-200x257.jpg 200w, https:\/\/brieger.ch\/wp-content\/uploads\/2025\/09\/Beerenzweig_2er_WK_links_300dpi-311x400.jpg 311w, https:\/\/brieger.ch\/wp-content\/uploads\/2025\/09\/Beerenzweig_2er_WK_links_300dpi-400x515.jpg 400w, https:\/\/brieger.ch\/wp-content\/uploads\/2025\/09\/Beerenzweig_2er_WK_links_300dpi-500x643.jpg 500w, https:\/\/brieger.ch\/wp-content\/uploads\/2025\/09\/Beerenzweig_2er_WK_links_300dpi-600x772.jpg 600w, https:\/\/brieger.ch\/wp-content\/uploads\/2025\/09\/Beerenzweig_2er_WK_links_300dpi-622x800.jpg 622w, https:\/\/brieger.ch\/wp-content\/uploads\/2025\/09\/Beerenzweig_2er_WK_links_300dpi-700x901.jpg 700w, https:\/\/brieger.ch\/wp-content\/uploads\/2025\/09\/Beerenzweig_2er_WK_links_300dpi-768x988.jpg 768w, https:\/\/brieger.ch\/wp-content\/uploads\/2025\/09\/Beerenzweig_2er_WK_links_300dpi-800x1029.jpg 800w, https:\/\/brieger.ch\/wp-content\/uploads\/2025\/09\/Beerenzweig_2er_WK_links_300dpi-1194x1536.jpg 1194w, https:\/\/brieger.ch\/wp-content\/uploads\/2025\/09\/Beerenzweig_2er_WK_links_300dpi-scaled.jpg 1200w\" sizes=\"(max-width: 1200px) 100vw, 1200px\" \/><\/a><\/td>\n\t\t\t\t<td class=\"abgr\"><a href=\"https:\/\/brieger.ch\/fr\/product\/emballages-cadeaux-branche-de-baies-2-bouteilles\/\">31409<\/a><\/td>\n\t\t\t\t<td class=\"zahlrechts abgr\"><a href=\"https:\/\/brieger.ch\/fr\/product\/emballages-cadeaux-branche-de-baies-2-bouteilles\/\">360<\/a><\/td>\n\t\t\t\t<td class=\"zahlrechts abgr\"><a href=\"https:\/\/brieger.ch\/fr\/product\/emballages-cadeaux-branche-de-baies-2-bouteilles\/\">192<\/a><\/td>\n\t\t\t\t<td class=\"zahlrechts abgr\"><a href=\"https:\/\/brieger.ch\/fr\/product\/emballages-cadeaux-branche-de-baies-2-bouteilles\/\">93<\/a><\/td>\n\t\t\t\t<td class=\"zahlrechts abgr\"><a href=\"https:\/\/brieger.ch\/fr\/product\/emballages-cadeaux-branche-de-baies-2-bouteilles\/\">3.0 mm<\/a><\/td>\n\t\t\t\t<td class=\"zahlrechts abgr\"><a href=\"https:\/\/brieger.ch\/fr\/product\/emballages-cadeaux-branche-de-baies-2-bouteilles\/\">2<\/a><\/td>\n\t\t\t\t<td class=\"zahlrechts abgr\"><a href=\"https:\/\/brieger.ch\/fr\/product\/emballages-cadeaux-branche-de-baies-2-bouteilles\/\"><div id=\"wpv-view-layout-619-CPID102982\" class=\"js-wpv-view-layout js-wpv-layout-responsive js-wpv-view-layout-619-CPID102982\" data-viewnumber=\"619-CPID102982\" data-pagination=\"{&quot;id&quot;:619,&quot;query&quot;:&quot;normal&quot;,&quot;type&quot;:&quot;disabled&quot;,&quot;effect&quot;:&quot;fade&quot;,&quot;duration&quot;:500,&quot;speed&quot;:5,&quot;pause_on_hover&quot;:&quot;disabled&quot;,&quot;stop_rollover&quot;:&quot;false&quot;,&quot;cache_pages&quot;:&quot;enabled&quot;,&quot;preload_images&quot;:&quot;enabled&quot;,&quot;preload_pages&quot;:&quot;enabled&quot;,&quot;preload_reach&quot;:1,&quot;spinner&quot;:&quot;builtin&quot;,&quot;spinner_image&quot;:&quot;https:\/\/brieger.ch\/wp-content\/plugins\/wp-views\/embedded\/res\/img\/ajax-loader.gif&quot;,&quot;callback_next&quot;:&quot;&quot;,&quot;manage_history&quot;:&quot;disabled&quot;,&quot;has_controls_in_form&quot;:&quot;disabled&quot;,&quot;infinite_tolerance&quot;:&quot;0&quot;,&quot;max_pages&quot;:1,&quot;page&quot;:1,&quot;base_permalink&quot;:&quot;\/fr\/wp-json\/wp\/v2\/pages\/40598?wpv_view_count=619-CPID102982&amp;wpv_paged=WPV_PAGE_NUM&quot;,&quot;loop&quot;:{&quot;type&quot;:&quot;&quot;,&quot;name&quot;:&quot;&quot;,&quot;data&quot;:&#091;&#093;,&quot;id&quot;:0}}\" data-permalink=\"\/fr\/wp-json\/wp\/v2\/pages\/40598?wpv_view_count=619-CPID102982\">\n\n\t\n\tn\/a\n<\/div><\/a><\/td>\n\t\t\t\t<td class=\"preisrechts\"><a href=\"https:\/\/brieger.ch\/fr\/product\/emballages-cadeaux-branche-de-baies-2-bouteilles\/\">3.13<\/a><\/td>\n\t\t\t\t<td><a class=\"newprod\" href=\"https:\/\/brieger.ch\/fr\/product\/emballages-cadeaux-branche-de-baies-2-bouteilles\/\">Neu<\/a><\/td>\n\t\t\t<\/tr><tr class=\"prodselect\" data-href=\"https:\/\/brieger.ch\/fr\/product\/31404\/\">\n\t\t\t\t<td class=\"prodimg\"><a href=\"https:\/\/brieger.ch\/fr\/product\/31404\/\"><img decoding=\"async\" width=\"760\" height=\"760\" src=\"https:\/\/brieger.ch\/wp-content\/uploads\/2024\/11\/Suprise_Weihnachten_760.jpg\" class=\"attachment-shop_thumbnail size-shop_thumbnail wp-post-image\" alt=\"Suprise_Weihnachten_760\" srcset=\"https:\/\/brieger.ch\/wp-content\/uploads\/2024\/11\/Suprise_Weihnachten_760-66x66.jpg 66w, https:\/\/brieger.ch\/wp-content\/uploads\/2024\/11\/Suprise_Weihnachten_760-100x100.jpg 100w, https:\/\/brieger.ch\/wp-content\/uploads\/2024\/11\/Suprise_Weihnachten_760-200x200.jpg 200w, https:\/\/brieger.ch\/wp-content\/uploads\/2024\/11\/Suprise_Weihnachten_760-280x280.jpg 280w, https:\/\/brieger.ch\/wp-content\/uploads\/2024\/11\/Suprise_Weihnachten_760-400x400.jpg 400w, https:\/\/brieger.ch\/wp-content\/uploads\/2024\/11\/Suprise_Weihnachten_760-500x500.jpg 500w, https:\/\/brieger.ch\/wp-content\/uploads\/2024\/11\/Suprise_Weihnachten_760-600x600.jpg 600w, https:\/\/brieger.ch\/wp-content\/uploads\/2024\/11\/Suprise_Weihnachten_760-700x700.jpg 700w, https:\/\/brieger.ch\/wp-content\/uploads\/2024\/11\/Suprise_Weihnachten_760.jpg 760w\" sizes=\"(max-width: 760px) 100vw, 760px\" \/><\/a><\/td>\n\t\t\t\t<td class=\"abgr\"><a href=\"https:\/\/brieger.ch\/fr\/product\/31404\/\">31404<\/a><\/td>\n\t\t\t\t<td class=\"zahlrechts abgr\"><a href=\"https:\/\/brieger.ch\/fr\/product\/31404\/\">360<\/a><\/td>\n\t\t\t\t<td class=\"zahlrechts abgr\"><a href=\"https:\/\/brieger.ch\/fr\/product\/31404\/\">260<\/a><\/td>\n\t\t\t\t<td class=\"zahlrechts abgr\"><a href=\"https:\/\/brieger.ch\/fr\/product\/31404\/\">93<\/a><\/td>\n\t\t\t\t<td class=\"zahlrechts abgr\"><a href=\"https:\/\/brieger.ch\/fr\/product\/31404\/\">3.0 mm<\/a><\/td>\n\t\t\t\t<td class=\"zahlrechts abgr\"><a href=\"https:\/\/brieger.ch\/fr\/product\/31404\/\">3<\/a><\/td>\n\t\t\t\t<td class=\"zahlrechts abgr\"><a href=\"https:\/\/brieger.ch\/fr\/product\/31404\/\"><div id=\"wpv-view-layout-619-CPID94515\" class=\"js-wpv-view-layout js-wpv-layout-responsive js-wpv-view-layout-619-CPID94515\" data-viewnumber=\"619-CPID94515\" data-pagination=\"{&quot;id&quot;:619,&quot;query&quot;:&quot;normal&quot;,&quot;type&quot;:&quot;disabled&quot;,&quot;effect&quot;:&quot;fade&quot;,&quot;duration&quot;:500,&quot;speed&quot;:5,&quot;pause_on_hover&quot;:&quot;disabled&quot;,&quot;stop_rollover&quot;:&quot;false&quot;,&quot;cache_pages&quot;:&quot;enabled&quot;,&quot;preload_images&quot;:&quot;enabled&quot;,&quot;preload_pages&quot;:&quot;enabled&quot;,&quot;preload_reach&quot;:1,&quot;spinner&quot;:&quot;builtin&quot;,&quot;spinner_image&quot;:&quot;https:\/\/brieger.ch\/wp-content\/plugins\/wp-views\/embedded\/res\/img\/ajax-loader.gif&quot;,&quot;callback_next&quot;:&quot;&quot;,&quot;manage_history&quot;:&quot;disabled&quot;,&quot;has_controls_in_form&quot;:&quot;disabled&quot;,&quot;infinite_tolerance&quot;:&quot;0&quot;,&quot;max_pages&quot;:1,&quot;page&quot;:1,&quot;base_permalink&quot;:&quot;\/fr\/wp-json\/wp\/v2\/pages\/40598?wpv_view_count=619-CPID94515&amp;wpv_paged=WPV_PAGE_NUM&quot;,&quot;loop&quot;:{&quot;type&quot;:&quot;&quot;,&quot;name&quot;:&quot;&quot;,&quot;data&quot;:&#091;&#093;,&quot;id&quot;:0}}\" data-permalink=\"\/fr\/wp-json\/wp\/v2\/pages\/40598?wpv_view_count=619-CPID94515\">\n\n\t\n\t\t<img decoding=\"async\" src=\"https:\/\/brieger.ch\/wp-content\/uploads\/2024\/11\/Surprise.jpg\" alt=\"Surprise\" title=\"Surprise\" class=\"attachment-full\" \/>\n\t\n\t\n<\/div><\/a><\/td>\n\t\t\t\t<td class=\"preisrechts\"><a href=\"https:\/\/brieger.ch\/fr\/product\/31404\/\">4.30<\/a><\/td>\n\t\t\t\t<td><a class=\"newprod\" href=\"https:\/\/brieger.ch\/fr\/product\/31404\/\">Neu<\/a><\/td>\n\t\t\t<\/tr><tr class=\"prodselect\" data-href=\"https:\/\/brieger.ch\/fr\/product\/31238\/\">\n\t\t\t\t<td class=\"prodimg\"><a href=\"https:\/\/brieger.ch\/fr\/product\/31238\/\"><img decoding=\"async\" width=\"100\" height=\"100\" src=\"https:\/\/brieger.ch\/wp-content\/uploads\/2020\/05\/31238-100x100.jpg\" class=\"attachment-shop_thumbnail size-shop_thumbnail wp-post-image\" alt=\"\" srcset=\"https:\/\/brieger.ch\/wp-content\/uploads\/2020\/05\/31238-66x66.jpg 66w, https:\/\/brieger.ch\/wp-content\/uploads\/2020\/05\/31238-100x100.jpg 100w, https:\/\/brieger.ch\/wp-content\/uploads\/2020\/05\/31238-200x200.jpg 200w, https:\/\/brieger.ch\/wp-content\/uploads\/2020\/05\/31238-280x280.jpg 280w, https:\/\/brieger.ch\/wp-content\/uploads\/2020\/05\/31238-400x400.jpg 400w, https:\/\/brieger.ch\/wp-content\/uploads\/2020\/05\/31238-500x500.jpg 500w, https:\/\/brieger.ch\/wp-content\/uploads\/2020\/05\/31238-600x600.jpg 600w, https:\/\/brieger.ch\/wp-content\/uploads\/2020\/05\/31238-700x700.jpg 700w, https:\/\/brieger.ch\/wp-content\/uploads\/2020\/05\/31238-768x768.jpg 768w, https:\/\/brieger.ch\/wp-content\/uploads\/2020\/05\/31238.jpg 800w\" sizes=\"(max-width: 100px) 100vw, 100px\" \/><\/a><\/td>\n\t\t\t\t<td class=\"abgr\"><a href=\"https:\/\/brieger.ch\/fr\/product\/31238\/\">31238<\/a><\/td>\n\t\t\t\t<td class=\"zahlrechts abgr\"><a href=\"https:\/\/brieger.ch\/fr\/product\/31238\/\">360<\/a><\/td>\n\t\t\t\t<td class=\"zahlrechts abgr\"><a href=\"https:\/\/brieger.ch\/fr\/product\/31238\/\">196<\/a><\/td>\n\t\t\t\t<td class=\"zahlrechts abgr\"><a href=\"https:\/\/brieger.ch\/fr\/product\/31238\/\">93<\/a><\/td>\n\t\t\t\t<td class=\"zahlrechts abgr\"><a href=\"https:\/\/brieger.ch\/fr\/product\/31238\/\">3.0 mm<\/a><\/td>\n\t\t\t\t<td class=\"zahlrechts abgr\"><a href=\"https:\/\/brieger.ch\/fr\/product\/31238\/\">2<\/a><\/td>\n\t\t\t\t<td class=\"zahlrechts abgr\"><a href=\"https:\/\/brieger.ch\/fr\/product\/31238\/\"><div id=\"wpv-view-layout-619-CPID39804\" class=\"js-wpv-view-layout js-wpv-layout-responsive js-wpv-view-layout-619-CPID39804\" data-viewnumber=\"619-CPID39804\" data-pagination=\"{&quot;id&quot;:619,&quot;query&quot;:&quot;normal&quot;,&quot;type&quot;:&quot;disabled&quot;,&quot;effect&quot;:&quot;fade&quot;,&quot;duration&quot;:500,&quot;speed&quot;:5,&quot;pause_on_hover&quot;:&quot;disabled&quot;,&quot;stop_rollover&quot;:&quot;false&quot;,&quot;cache_pages&quot;:&quot;enabled&quot;,&quot;preload_images&quot;:&quot;enabled&quot;,&quot;preload_pages&quot;:&quot;enabled&quot;,&quot;preload_reach&quot;:1,&quot;spinner&quot;:&quot;builtin&quot;,&quot;spinner_image&quot;:&quot;https:\/\/brieger.ch\/wp-content\/plugins\/wp-views\/embedded\/res\/img\/ajax-loader.gif&quot;,&quot;callback_next&quot;:&quot;&quot;,&quot;manage_history&quot;:&quot;disabled&quot;,&quot;has_controls_in_form&quot;:&quot;disabled&quot;,&quot;infinite_tolerance&quot;:&quot;0&quot;,&quot;max_pages&quot;:1,&quot;page&quot;:1,&quot;base_permalink&quot;:&quot;\/fr\/wp-json\/wp\/v2\/pages\/40598?wpv_view_count=619-CPID39804&amp;wpv_paged=WPV_PAGE_NUM&quot;,&quot;loop&quot;:{&quot;type&quot;:&quot;&quot;,&quot;name&quot;:&quot;&quot;,&quot;data&quot;:&#091;&#093;,&quot;id&quot;:0}}\" data-permalink=\"\/fr\/wp-json\/wp\/v2\/pages\/40598?wpv_view_count=619-CPID39804\">\n\n\t\n\t\t<img decoding=\"async\" src=\"https:\/\/brieger.ch\/wp-content\/uploads\/2019\/05\/schwarz.jpg\" alt=\"noir\" title=\"noir\" class=\"attachment-full\" \/>\n\t\n\t\n<\/div><\/a><\/td>\n\t\t\t\t<td class=\"preisrechts\"><a href=\"https:\/\/brieger.ch\/fr\/product\/31238\/\">2.58<\/a><\/td>\n\t\t\t\t<td><a  href=\"https:\/\/brieger.ch\/fr\/product\/31238\/\"><\/a><\/td>\n\t\t\t<\/tr><tr class=\"prodselect\" data-href=\"https:\/\/brieger.ch\/fr\/product\/31208\/\">\n\t\t\t\t<td class=\"prodimg\"><a href=\"https:\/\/brieger.ch\/fr\/product\/31208\/\"><img decoding=\"async\" width=\"100\" height=\"100\" src=\"https:\/\/brieger.ch\/wp-content\/uploads\/2021\/10\/31208-Weihnachtsgruesse_2er_WK_links-100x100.jpg\" class=\"attachment-shop_thumbnail size-shop_thumbnail wp-post-image\" alt=\"\" srcset=\"https:\/\/brieger.ch\/wp-content\/uploads\/2021\/10\/31208-Weihnachtsgruesse_2er_WK_links-66x66.jpg 66w, https:\/\/brieger.ch\/wp-content\/uploads\/2021\/10\/31208-Weihnachtsgruesse_2er_WK_links-100x100.jpg 100w, https:\/\/brieger.ch\/wp-content\/uploads\/2021\/10\/31208-Weihnachtsgruesse_2er_WK_links-200x200.jpg 200w, https:\/\/brieger.ch\/wp-content\/uploads\/2021\/10\/31208-Weihnachtsgruesse_2er_WK_links-280x280.jpg 280w, https:\/\/brieger.ch\/wp-content\/uploads\/2021\/10\/31208-Weihnachtsgruesse_2er_WK_links-400x400.jpg 400w, https:\/\/brieger.ch\/wp-content\/uploads\/2021\/10\/31208-Weihnachtsgruesse_2er_WK_links-500x500.jpg 500w, https:\/\/brieger.ch\/wp-content\/uploads\/2021\/10\/31208-Weihnachtsgruesse_2er_WK_links-600x600.jpg 600w, https:\/\/brieger.ch\/wp-content\/uploads\/2021\/10\/31208-Weihnachtsgruesse_2er_WK_links-700x700.jpg 700w, https:\/\/brieger.ch\/wp-content\/uploads\/2021\/10\/31208-Weihnachtsgruesse_2er_WK_links-768x768.jpg 768w, https:\/\/brieger.ch\/wp-content\/uploads\/2021\/10\/31208-Weihnachtsgruesse_2er_WK_links-800x800.jpg 800w, https:\/\/brieger.ch\/wp-content\/uploads\/2021\/10\/31208-Weihnachtsgruesse_2er_WK_links.jpg 1200w\" sizes=\"(max-width: 100px) 100vw, 100px\" \/><\/a><\/td>\n\t\t\t\t<td class=\"abgr\"><a href=\"https:\/\/brieger.ch\/fr\/product\/31208\/\">31208<\/a><\/td>\n\t\t\t\t<td class=\"zahlrechts abgr\"><a href=\"https:\/\/brieger.ch\/fr\/product\/31208\/\">360<\/a><\/td>\n\t\t\t\t<td class=\"zahlrechts abgr\"><a href=\"https:\/\/brieger.ch\/fr\/product\/31208\/\">192<\/a><\/td>\n\t\t\t\t<td class=\"zahlrechts abgr\"><a href=\"https:\/\/brieger.ch\/fr\/product\/31208\/\">93<\/a><\/td>\n\t\t\t\t<td class=\"zahlrechts abgr\"><a href=\"https:\/\/brieger.ch\/fr\/product\/31208\/\">3.0 mm<\/a><\/td>\n\t\t\t\t<td class=\"zahlrechts abgr\"><a href=\"https:\/\/brieger.ch\/fr\/product\/31208\/\">2<\/a><\/td>\n\t\t\t\t<td class=\"zahlrechts abgr\"><a href=\"https:\/\/brieger.ch\/fr\/product\/31208\/\"><div id=\"wpv-view-layout-619-CPID57390\" class=\"js-wpv-view-layout js-wpv-layout-responsive js-wpv-view-layout-619-CPID57390\" data-viewnumber=\"619-CPID57390\" data-pagination=\"{&quot;id&quot;:619,&quot;query&quot;:&quot;normal&quot;,&quot;type&quot;:&quot;disabled&quot;,&quot;effect&quot;:&quot;fade&quot;,&quot;duration&quot;:500,&quot;speed&quot;:5,&quot;pause_on_hover&quot;:&quot;disabled&quot;,&quot;stop_rollover&quot;:&quot;false&quot;,&quot;cache_pages&quot;:&quot;enabled&quot;,&quot;preload_images&quot;:&quot;enabled&quot;,&quot;preload_pages&quot;:&quot;enabled&quot;,&quot;preload_reach&quot;:1,&quot;spinner&quot;:&quot;builtin&quot;,&quot;spinner_image&quot;:&quot;https:\/\/brieger.ch\/wp-content\/plugins\/wp-views\/embedded\/res\/img\/ajax-loader.gif&quot;,&quot;callback_next&quot;:&quot;&quot;,&quot;manage_history&quot;:&quot;disabled&quot;,&quot;has_controls_in_form&quot;:&quot;disabled&quot;,&quot;infinite_tolerance&quot;:&quot;0&quot;,&quot;max_pages&quot;:1,&quot;page&quot;:1,&quot;base_permalink&quot;:&quot;\/fr\/wp-json\/wp\/v2\/pages\/40598?wpv_view_count=619-CPID57390&amp;wpv_paged=WPV_PAGE_NUM&quot;,&quot;loop&quot;:{&quot;type&quot;:&quot;&quot;,&quot;name&quot;:&quot;&quot;,&quot;data&quot;:&#091;&#093;,&quot;id&quot;:0}}\" data-permalink=\"\/fr\/wp-json\/wp\/v2\/pages\/40598?wpv_view_count=619-CPID57390\">\n\n\t\n\t\t<img decoding=\"async\" src=\"https:\/\/brieger.ch\/wp-content\/uploads\/2021\/10\/Weihnachtsgruesse.jpg\" alt=\"Salutations de No\u00ebl\" title=\"Salutations de No\u00ebl\" class=\"attachment-full\" \/>\n\t\n\t\n<\/div><\/a><\/td>\n\t\t\t\t<td class=\"preisrechts\"><a href=\"https:\/\/brieger.ch\/fr\/product\/31208\/\">3.53<\/a><\/td>\n\t\t\t\t<td><a  href=\"https:\/\/brieger.ch\/fr\/product\/31208\/\"><\/a><\/td>\n\t\t\t<\/tr><tr class=\"prodselect\" data-href=\"https:\/\/brieger.ch\/fr\/product\/31209\/\">\n\t\t\t\t<td class=\"prodimg\"><a href=\"https:\/\/brieger.ch\/fr\/product\/31209\/\"><img decoding=\"async\" width=\"100\" height=\"100\" src=\"https:\/\/brieger.ch\/wp-content\/uploads\/2021\/10\/31209-Weihnachtsgruesse_3er_WK_links-100x100.jpg\" class=\"attachment-shop_thumbnail size-shop_thumbnail wp-post-image\" alt=\"\" srcset=\"https:\/\/brieger.ch\/wp-content\/uploads\/2021\/10\/31209-Weihnachtsgruesse_3er_WK_links-66x66.jpg 66w, https:\/\/brieger.ch\/wp-content\/uploads\/2021\/10\/31209-Weihnachtsgruesse_3er_WK_links-100x100.jpg 100w, https:\/\/brieger.ch\/wp-content\/uploads\/2021\/10\/31209-Weihnachtsgruesse_3er_WK_links-200x200.jpg 200w, https:\/\/brieger.ch\/wp-content\/uploads\/2021\/10\/31209-Weihnachtsgruesse_3er_WK_links-280x280.jpg 280w, https:\/\/brieger.ch\/wp-content\/uploads\/2021\/10\/31209-Weihnachtsgruesse_3er_WK_links-400x400.jpg 400w, https:\/\/brieger.ch\/wp-content\/uploads\/2021\/10\/31209-Weihnachtsgruesse_3er_WK_links-500x500.jpg 500w, https:\/\/brieger.ch\/wp-content\/uploads\/2021\/10\/31209-Weihnachtsgruesse_3er_WK_links-600x600.jpg 600w, https:\/\/brieger.ch\/wp-content\/uploads\/2021\/10\/31209-Weihnachtsgruesse_3er_WK_links-700x700.jpg 700w, https:\/\/brieger.ch\/wp-content\/uploads\/2021\/10\/31209-Weihnachtsgruesse_3er_WK_links-768x768.jpg 768w, https:\/\/brieger.ch\/wp-content\/uploads\/2021\/10\/31209-Weihnachtsgruesse_3er_WK_links-800x800.jpg 800w, https:\/\/brieger.ch\/wp-content\/uploads\/2021\/10\/31209-Weihnachtsgruesse_3er_WK_links.jpg 1200w\" sizes=\"(max-width: 100px) 100vw, 100px\" \/><\/a><\/td>\n\t\t\t\t<td class=\"abgr\"><a href=\"https:\/\/brieger.ch\/fr\/product\/31209\/\">31209<\/a><\/td>\n\t\t\t\t<td class=\"zahlrechts abgr\"><a href=\"https:\/\/brieger.ch\/fr\/product\/31209\/\">360<\/a><\/td>\n\t\t\t\t<td class=\"zahlrechts abgr\"><a href=\"https:\/\/brieger.ch\/fr\/product\/31209\/\">260<\/a><\/td>\n\t\t\t\t<td class=\"zahlrechts abgr\"><a href=\"https:\/\/brieger.ch\/fr\/product\/31209\/\">93<\/a><\/td>\n\t\t\t\t<td class=\"zahlrechts abgr\"><a href=\"https:\/\/brieger.ch\/fr\/product\/31209\/\">3.0 mm<\/a><\/td>\n\t\t\t\t<td class=\"zahlrechts abgr\"><a href=\"https:\/\/brieger.ch\/fr\/product\/31209\/\">3<\/a><\/td>\n\t\t\t\t<td class=\"zahlrechts abgr\"><a href=\"https:\/\/brieger.ch\/fr\/product\/31209\/\"><div id=\"wpv-view-layout-619-CPID57397\" class=\"js-wpv-view-layout js-wpv-layout-responsive js-wpv-view-layout-619-CPID57397\" data-viewnumber=\"619-CPID57397\" data-pagination=\"{&quot;id&quot;:619,&quot;query&quot;:&quot;normal&quot;,&quot;type&quot;:&quot;disabled&quot;,&quot;effect&quot;:&quot;fade&quot;,&quot;duration&quot;:500,&quot;speed&quot;:5,&quot;pause_on_hover&quot;:&quot;disabled&quot;,&quot;stop_rollover&quot;:&quot;false&quot;,&quot;cache_pages&quot;:&quot;enabled&quot;,&quot;preload_images&quot;:&quot;enabled&quot;,&quot;preload_pages&quot;:&quot;enabled&quot;,&quot;preload_reach&quot;:1,&quot;spinner&quot;:&quot;builtin&quot;,&quot;spinner_image&quot;:&quot;https:\/\/brieger.ch\/wp-content\/plugins\/wp-views\/embedded\/res\/img\/ajax-loader.gif&quot;,&quot;callback_next&quot;:&quot;&quot;,&quot;manage_history&quot;:&quot;disabled&quot;,&quot;has_controls_in_form&quot;:&quot;disabled&quot;,&quot;infinite_tolerance&quot;:&quot;0&quot;,&quot;max_pages&quot;:1,&quot;page&quot;:1,&quot;base_permalink&quot;:&quot;\/fr\/wp-json\/wp\/v2\/pages\/40598?wpv_view_count=619-CPID57397&amp;wpv_paged=WPV_PAGE_NUM&quot;,&quot;loop&quot;:{&quot;type&quot;:&quot;&quot;,&quot;name&quot;:&quot;&quot;,&quot;data&quot;:&#091;&#093;,&quot;id&quot;:0}}\" data-permalink=\"\/fr\/wp-json\/wp\/v2\/pages\/40598?wpv_view_count=619-CPID57397\">\n\n\t\n\t\t<img decoding=\"async\" src=\"https:\/\/brieger.ch\/wp-content\/uploads\/2021\/10\/Weihnachtsgruesse.jpg\" alt=\"Salutations de No\u00ebl\" title=\"Salutations de No\u00ebl\" class=\"attachment-full\" \/>\n\t\n\t\n<\/div><\/a><\/td>\n\t\t\t\t<td class=\"preisrechts\"><a href=\"https:\/\/brieger.ch\/fr\/product\/31209\/\">4.30<\/a><\/td>\n\t\t\t\t<td><a  href=\"https:\/\/brieger.ch\/fr\/product\/31209\/\"><\/a><\/td>\n\t\t\t<\/tr><tr class=\"prodselect\" data-href=\"https:\/\/brieger.ch\/fr\/product\/31475\/\">\n\t\t\t\t<td class=\"prodimg\"><a href=\"https:\/\/brieger.ch\/fr\/product\/31475\/\"><img decoding=\"async\" width=\"100\" height=\"100\" src=\"https:\/\/brieger.ch\/wp-content\/uploads\/2020\/07\/31473-100x100.jpg\" class=\"attachment-shop_thumbnail size-shop_thumbnail wp-post-image\" alt=\"\" srcset=\"https:\/\/brieger.ch\/wp-content\/uploads\/2020\/07\/31473-66x66.jpg 66w, https:\/\/brieger.ch\/wp-content\/uploads\/2020\/07\/31473-100x100.jpg 100w, https:\/\/brieger.ch\/wp-content\/uploads\/2020\/07\/31473-200x200.jpg 200w, https:\/\/brieger.ch\/wp-content\/uploads\/2020\/07\/31473-280x280.jpg 280w, https:\/\/brieger.ch\/wp-content\/uploads\/2020\/07\/31473-400x400.jpg 400w, https:\/\/brieger.ch\/wp-content\/uploads\/2020\/07\/31473-500x500.jpg 500w, https:\/\/brieger.ch\/wp-content\/uploads\/2020\/07\/31473-600x600.jpg 600w, https:\/\/brieger.ch\/wp-content\/uploads\/2020\/07\/31473-700x700.jpg 700w, https:\/\/brieger.ch\/wp-content\/uploads\/2020\/07\/31473-768x768.jpg 768w, https:\/\/brieger.ch\/wp-content\/uploads\/2020\/07\/31473.jpg 800w\" sizes=\"(max-width: 100px) 100vw, 100px\" \/><\/a><\/td>\n\t\t\t\t<td class=\"abgr\"><a href=\"https:\/\/brieger.ch\/fr\/product\/31475\/\">31475<\/a><\/td>\n\t\t\t\t<td class=\"zahlrechts abgr\"><a href=\"https:\/\/brieger.ch\/fr\/product\/31475\/\">360<\/a><\/td>\n\t\t\t\t<td class=\"zahlrechts abgr\"><a href=\"https:\/\/brieger.ch\/fr\/product\/31475\/\">180<\/a><\/td>\n\t\t\t\t<td class=\"zahlrechts abgr\"><a href=\"https:\/\/brieger.ch\/fr\/product\/31475\/\">90<\/a><\/td>\n\t\t\t\t<td class=\"zahlrechts abgr\"><a href=\"https:\/\/brieger.ch\/fr\/product\/31475\/\"><\/a><\/td>\n\t\t\t\t<td class=\"zahlrechts abgr\"><a href=\"https:\/\/brieger.ch\/fr\/product\/31475\/\">2<\/a><\/td>\n\t\t\t\t<td class=\"zahlrechts abgr\"><a href=\"https:\/\/brieger.ch\/fr\/product\/31475\/\"><div id=\"wpv-view-layout-619-CPID67369\" class=\"js-wpv-view-layout js-wpv-layout-responsive js-wpv-view-layout-619-CPID67369\" data-viewnumber=\"619-CPID67369\" data-pagination=\"{&quot;id&quot;:619,&quot;query&quot;:&quot;normal&quot;,&quot;type&quot;:&quot;disabled&quot;,&quot;effect&quot;:&quot;fade&quot;,&quot;duration&quot;:500,&quot;speed&quot;:5,&quot;pause_on_hover&quot;:&quot;disabled&quot;,&quot;stop_rollover&quot;:&quot;false&quot;,&quot;cache_pages&quot;:&quot;enabled&quot;,&quot;preload_images&quot;:&quot;enabled&quot;,&quot;preload_pages&quot;:&quot;enabled&quot;,&quot;preload_reach&quot;:1,&quot;spinner&quot;:&quot;builtin&quot;,&quot;spinner_image&quot;:&quot;https:\/\/brieger.ch\/wp-content\/plugins\/wp-views\/embedded\/res\/img\/ajax-loader.gif&quot;,&quot;callback_next&quot;:&quot;&quot;,&quot;manage_history&quot;:&quot;disabled&quot;,&quot;has_controls_in_form&quot;:&quot;disabled&quot;,&quot;infinite_tolerance&quot;:&quot;0&quot;,&quot;max_pages&quot;:1,&quot;page&quot;:1,&quot;base_permalink&quot;:&quot;\/fr\/wp-json\/wp\/v2\/pages\/40598?wpv_view_count=619-CPID67369&amp;wpv_paged=WPV_PAGE_NUM&quot;,&quot;loop&quot;:{&quot;type&quot;:&quot;&quot;,&quot;name&quot;:&quot;&quot;,&quot;data&quot;:&#091;&#093;,&quot;id&quot;:0}}\" data-permalink=\"\/fr\/wp-json\/wp\/v2\/pages\/40598?wpv_view_count=619-CPID67369\">\n\n\t\n\t\t<img decoding=\"async\" src=\"https:\/\/brieger.ch\/wp-content\/uploads\/2019\/05\/schwarz.jpg\" alt=\"noir\" title=\"noir\" class=\"attachment-full\" \/>\n\t\n\t\n<\/div><\/a><\/td>\n\t\t\t\t<td class=\"preisrechts\"><a href=\"https:\/\/brieger.ch\/fr\/product\/31475\/\">3.88<\/a><\/td>\n\t\t\t\t<td><a  href=\"https:\/\/brieger.ch\/fr\/product\/31475\/\"><\/a><\/td>\n\t\t\t<\/tr><tr class=\"prodselect\" data-href=\"https:\/\/brieger.ch\/fr\/product\/31476\/\">\n\t\t\t\t<td class=\"prodimg\"><a href=\"https:\/\/brieger.ch\/fr\/product\/31476\/\"><img decoding=\"async\" width=\"100\" height=\"100\" src=\"https:\/\/brieger.ch\/wp-content\/uploads\/2020\/07\/31473-100x100.jpg\" class=\"attachment-shop_thumbnail size-shop_thumbnail wp-post-image\" alt=\"\" srcset=\"https:\/\/brieger.ch\/wp-content\/uploads\/2020\/07\/31473-66x66.jpg 66w, https:\/\/brieger.ch\/wp-content\/uploads\/2020\/07\/31473-100x100.jpg 100w, https:\/\/brieger.ch\/wp-content\/uploads\/2020\/07\/31473-200x200.jpg 200w, https:\/\/brieger.ch\/wp-content\/uploads\/2020\/07\/31473-280x280.jpg 280w, https:\/\/brieger.ch\/wp-content\/uploads\/2020\/07\/31473-400x400.jpg 400w, https:\/\/brieger.ch\/wp-content\/uploads\/2020\/07\/31473-500x500.jpg 500w, https:\/\/brieger.ch\/wp-content\/uploads\/2020\/07\/31473-600x600.jpg 600w, https:\/\/brieger.ch\/wp-content\/uploads\/2020\/07\/31473-700x700.jpg 700w, https:\/\/brieger.ch\/wp-content\/uploads\/2020\/07\/31473-768x768.jpg 768w, https:\/\/brieger.ch\/wp-content\/uploads\/2020\/07\/31473.jpg 800w\" sizes=\"(max-width: 100px) 100vw, 100px\" \/><\/a><\/td>\n\t\t\t\t<td class=\"abgr\"><a href=\"https:\/\/brieger.ch\/fr\/product\/31476\/\">31476<\/a><\/td>\n\t\t\t\t<td class=\"zahlrechts abgr\"><a href=\"https:\/\/brieger.ch\/fr\/product\/31476\/\">360<\/a><\/td>\n\t\t\t\t<td class=\"zahlrechts abgr\"><a href=\"https:\/\/brieger.ch\/fr\/product\/31476\/\">250<\/a><\/td>\n\t\t\t\t<td class=\"zahlrechts abgr\"><a href=\"https:\/\/brieger.ch\/fr\/product\/31476\/\">90<\/a><\/td>\n\t\t\t\t<td class=\"zahlrechts abgr\"><a href=\"https:\/\/brieger.ch\/fr\/product\/31476\/\"><\/a><\/td>\n\t\t\t\t<td class=\"zahlrechts abgr\"><a href=\"https:\/\/brieger.ch\/fr\/product\/31476\/\">3<\/a><\/td>\n\t\t\t\t<td class=\"zahlrechts abgr\"><a href=\"https:\/\/brieger.ch\/fr\/product\/31476\/\"><div id=\"wpv-view-layout-619-CPID67370\" class=\"js-wpv-view-layout js-wpv-layout-responsive js-wpv-view-layout-619-CPID67370\" data-viewnumber=\"619-CPID67370\" data-pagination=\"{&quot;id&quot;:619,&quot;query&quot;:&quot;normal&quot;,&quot;type&quot;:&quot;disabled&quot;,&quot;effect&quot;:&quot;fade&quot;,&quot;duration&quot;:500,&quot;speed&quot;:5,&quot;pause_on_hover&quot;:&quot;disabled&quot;,&quot;stop_rollover&quot;:&quot;false&quot;,&quot;cache_pages&quot;:&quot;enabled&quot;,&quot;preload_images&quot;:&quot;enabled&quot;,&quot;preload_pages&quot;:&quot;enabled&quot;,&quot;preload_reach&quot;:1,&quot;spinner&quot;:&quot;builtin&quot;,&quot;spinner_image&quot;:&quot;https:\/\/brieger.ch\/wp-content\/plugins\/wp-views\/embedded\/res\/img\/ajax-loader.gif&quot;,&quot;callback_next&quot;:&quot;&quot;,&quot;manage_history&quot;:&quot;disabled&quot;,&quot;has_controls_in_form&quot;:&quot;disabled&quot;,&quot;infinite_tolerance&quot;:&quot;0&quot;,&quot;max_pages&quot;:1,&quot;page&quot;:1,&quot;base_permalink&quot;:&quot;\/fr\/wp-json\/wp\/v2\/pages\/40598?wpv_view_count=619-CPID67370&amp;wpv_paged=WPV_PAGE_NUM&quot;,&quot;loop&quot;:{&quot;type&quot;:&quot;&quot;,&quot;name&quot;:&quot;&quot;,&quot;data&quot;:&#091;&#093;,&quot;id&quot;:0}}\" data-permalink=\"\/fr\/wp-json\/wp\/v2\/pages\/40598?wpv_view_count=619-CPID67370\">\n\n\t\n\t\t<img decoding=\"async\" src=\"https:\/\/brieger.ch\/wp-content\/uploads\/2019\/05\/schwarz.jpg\" alt=\"noir\" title=\"noir\" class=\"attachment-full\" \/>\n\t\n\t\n<\/div><\/a><\/td>\n\t\t\t\t<td class=\"preisrechts\"><a href=\"https:\/\/brieger.ch\/fr\/product\/31476\/\">4.26<\/a><\/td>\n\t\t\t\t<td><a  href=\"https:\/\/brieger.ch\/fr\/product\/31476\/\"><\/a><\/td>\n\t\t\t<\/tr><tr class=\"prodselect\" data-href=\"https:\/\/brieger.ch\/fr\/product\/31227\/\">\n\t\t\t\t<td class=\"prodimg\"><a href=\"https:\/\/brieger.ch\/fr\/product\/31227\/\"><img decoding=\"async\" width=\"100\" height=\"100\" src=\"https:\/\/brieger.ch\/wp-content\/uploads\/2020\/07\/WK_6er_Struktura_Vita_Schwarz_KarlKnauer_e7a604e5d3-100x100.jpg\" class=\"attachment-shop_thumbnail size-shop_thumbnail wp-post-image\" alt=\"\" srcset=\"https:\/\/brieger.ch\/wp-content\/uploads\/2020\/07\/WK_6er_Struktura_Vita_Schwarz_KarlKnauer_e7a604e5d3-66x66.jpg 66w, https:\/\/brieger.ch\/wp-content\/uploads\/2020\/07\/WK_6er_Struktura_Vita_Schwarz_KarlKnauer_e7a604e5d3-100x100.jpg 100w, https:\/\/brieger.ch\/wp-content\/uploads\/2020\/07\/WK_6er_Struktura_Vita_Schwarz_KarlKnauer_e7a604e5d3-200x200.jpg 200w, https:\/\/brieger.ch\/wp-content\/uploads\/2020\/07\/WK_6er_Struktura_Vita_Schwarz_KarlKnauer_e7a604e5d3-280x280.jpg 280w, https:\/\/brieger.ch\/wp-content\/uploads\/2020\/07\/WK_6er_Struktura_Vita_Schwarz_KarlKnauer_e7a604e5d3-400x400.jpg 400w, https:\/\/brieger.ch\/wp-content\/uploads\/2020\/07\/WK_6er_Struktura_Vita_Schwarz_KarlKnauer_e7a604e5d3-500x500.jpg 500w, https:\/\/brieger.ch\/wp-content\/uploads\/2020\/07\/WK_6er_Struktura_Vita_Schwarz_KarlKnauer_e7a604e5d3-600x600.jpg 600w, https:\/\/brieger.ch\/wp-content\/uploads\/2020\/07\/WK_6er_Struktura_Vita_Schwarz_KarlKnauer_e7a604e5d3-700x700.jpg 700w, https:\/\/brieger.ch\/wp-content\/uploads\/2020\/07\/WK_6er_Struktura_Vita_Schwarz_KarlKnauer_e7a604e5d3-768x768.jpg 768w, https:\/\/brieger.ch\/wp-content\/uploads\/2020\/07\/WK_6er_Struktura_Vita_Schwarz_KarlKnauer_e7a604e5d3.jpg 800w\" sizes=\"(max-width: 100px) 100vw, 100px\" \/><\/a><\/td>\n\t\t\t\t<td class=\"abgr\"><a href=\"https:\/\/brieger.ch\/fr\/product\/31227\/\">31227<\/a><\/td>\n\t\t\t\t<td class=\"zahlrechts abgr\"><a href=\"https:\/\/brieger.ch\/fr\/product\/31227\/\">360<\/a><\/td>\n\t\t\t\t<td class=\"zahlrechts abgr\"><a href=\"https:\/\/brieger.ch\/fr\/product\/31227\/\">257<\/a><\/td>\n\t\t\t\t<td class=\"zahlrechts abgr\"><a href=\"https:\/\/brieger.ch\/fr\/product\/31227\/\">194<\/a><\/td>\n\t\t\t\t<td class=\"zahlrechts abgr\"><a href=\"https:\/\/brieger.ch\/fr\/product\/31227\/\">3.0 mm<\/a><\/td>\n\t\t\t\t<td class=\"zahlrechts abgr\"><a href=\"https:\/\/brieger.ch\/fr\/product\/31227\/\">6<\/a><\/td>\n\t\t\t\t<td class=\"zahlrechts abgr\"><a href=\"https:\/\/brieger.ch\/fr\/product\/31227\/\"><div id=\"wpv-view-layout-619-CPID39809\" class=\"js-wpv-view-layout js-wpv-layout-responsive js-wpv-view-layout-619-CPID39809\" data-viewnumber=\"619-CPID39809\" data-pagination=\"{&quot;id&quot;:619,&quot;query&quot;:&quot;normal&quot;,&quot;type&quot;:&quot;disabled&quot;,&quot;effect&quot;:&quot;fade&quot;,&quot;duration&quot;:500,&quot;speed&quot;:5,&quot;pause_on_hover&quot;:&quot;disabled&quot;,&quot;stop_rollover&quot;:&quot;false&quot;,&quot;cache_pages&quot;:&quot;enabled&quot;,&quot;preload_images&quot;:&quot;enabled&quot;,&quot;preload_pages&quot;:&quot;enabled&quot;,&quot;preload_reach&quot;:1,&quot;spinner&quot;:&quot;builtin&quot;,&quot;spinner_image&quot;:&quot;https:\/\/brieger.ch\/wp-content\/plugins\/wp-views\/embedded\/res\/img\/ajax-loader.gif&quot;,&quot;callback_next&quot;:&quot;&quot;,&quot;manage_history&quot;:&quot;disabled&quot;,&quot;has_controls_in_form&quot;:&quot;disabled&quot;,&quot;infinite_tolerance&quot;:&quot;0&quot;,&quot;max_pages&quot;:1,&quot;page&quot;:1,&quot;base_permalink&quot;:&quot;\/fr\/wp-json\/wp\/v2\/pages\/40598?wpv_view_count=619-CPID39809&amp;wpv_paged=WPV_PAGE_NUM&quot;,&quot;loop&quot;:{&quot;type&quot;:&quot;&quot;,&quot;name&quot;:&quot;&quot;,&quot;data&quot;:&#091;&#093;,&quot;id&quot;:0}}\" data-permalink=\"\/fr\/wp-json\/wp\/v2\/pages\/40598?wpv_view_count=619-CPID39809\">\n\n\t\n\t\t<img decoding=\"async\" src=\"https:\/\/brieger.ch\/wp-content\/uploads\/2019\/05\/schwarz.jpg\" alt=\"noir\" title=\"noir\" class=\"attachment-full\" \/>\n\t\n\t\n<\/div><\/a><\/td>\n\t\t\t\t<td class=\"preisrechts\"><a href=\"https:\/\/brieger.ch\/fr\/product\/31227\/\">7.53<\/a><\/td>\n\t\t\t\t<td><a class=\"badgeprod\" href=\"https:\/\/brieger.ch\/fr\/product\/31227\/\">Sale<\/a><\/td>\n\t\t\t<\/tr><tr class=\"prodselect\" data-href=\"https:\/\/brieger.ch\/fr\/product\/31226\/\">\n\t\t\t\t<td class=\"prodimg\"><a href=\"https:\/\/brieger.ch\/fr\/product\/31226\/\"><img decoding=\"async\" width=\"100\" height=\"100\" src=\"https:\/\/brieger.ch\/wp-content\/uploads\/2020\/05\/31226-100x100.jpg\" class=\"attachment-shop_thumbnail size-shop_thumbnail wp-post-image\" alt=\"\" srcset=\"https:\/\/brieger.ch\/wp-content\/uploads\/2020\/05\/31226-66x66.jpg 66w, https:\/\/brieger.ch\/wp-content\/uploads\/2020\/05\/31226-100x100.jpg 100w, https:\/\/brieger.ch\/wp-content\/uploads\/2020\/05\/31226-200x200.jpg 200w, https:\/\/brieger.ch\/wp-content\/uploads\/2020\/05\/31226-280x280.jpg 280w, https:\/\/brieger.ch\/wp-content\/uploads\/2020\/05\/31226-400x400.jpg 400w, https:\/\/brieger.ch\/wp-content\/uploads\/2020\/05\/31226-500x500.jpg 500w, https:\/\/brieger.ch\/wp-content\/uploads\/2020\/05\/31226-600x600.jpg 600w, https:\/\/brieger.ch\/wp-content\/uploads\/2020\/05\/31226-700x700.jpg 700w, https:\/\/brieger.ch\/wp-content\/uploads\/2020\/05\/31226-768x768.jpg 768w, https:\/\/brieger.ch\/wp-content\/uploads\/2020\/05\/31226.jpg 800w\" sizes=\"(max-width: 100px) 100vw, 100px\" \/><\/a><\/td>\n\t\t\t\t<td class=\"abgr\"><a href=\"https:\/\/brieger.ch\/fr\/product\/31226\/\">31226<\/a><\/td>\n\t\t\t\t<td class=\"zahlrechts abgr\"><a href=\"https:\/\/brieger.ch\/fr\/product\/31226\/\">360<\/a><\/td>\n\t\t\t\t<td class=\"zahlrechts abgr\"><a href=\"https:\/\/brieger.ch\/fr\/product\/31226\/\">260<\/a><\/td>\n\t\t\t\t<td class=\"zahlrechts abgr\"><a href=\"https:\/\/brieger.ch\/fr\/product\/31226\/\">93<\/a><\/td>\n\t\t\t\t<td class=\"zahlrechts abgr\"><a href=\"https:\/\/brieger.ch\/fr\/product\/31226\/\">3.0 mm<\/a><\/td>\n\t\t\t\t<td class=\"zahlrechts abgr\"><a href=\"https:\/\/brieger.ch\/fr\/product\/31226\/\">3<\/a><\/td>\n\t\t\t\t<td class=\"zahlrechts abgr\"><a href=\"https:\/\/brieger.ch\/fr\/product\/31226\/\"><div id=\"wpv-view-layout-619-CPID39808\" class=\"js-wpv-view-layout js-wpv-layout-responsive js-wpv-view-layout-619-CPID39808\" data-viewnumber=\"619-CPID39808\" data-pagination=\"{&quot;id&quot;:619,&quot;query&quot;:&quot;normal&quot;,&quot;type&quot;:&quot;disabled&quot;,&quot;effect&quot;:&quot;fade&quot;,&quot;duration&quot;:500,&quot;speed&quot;:5,&quot;pause_on_hover&quot;:&quot;disabled&quot;,&quot;stop_rollover&quot;:&quot;false&quot;,&quot;cache_pages&quot;:&quot;enabled&quot;,&quot;preload_images&quot;:&quot;enabled&quot;,&quot;preload_pages&quot;:&quot;enabled&quot;,&quot;preload_reach&quot;:1,&quot;spinner&quot;:&quot;builtin&quot;,&quot;spinner_image&quot;:&quot;https:\/\/brieger.ch\/wp-content\/plugins\/wp-views\/embedded\/res\/img\/ajax-loader.gif&quot;,&quot;callback_next&quot;:&quot;&quot;,&quot;manage_history&quot;:&quot;disabled&quot;,&quot;has_controls_in_form&quot;:&quot;disabled&quot;,&quot;infinite_tolerance&quot;:&quot;0&quot;,&quot;max_pages&quot;:1,&quot;page&quot;:1,&quot;base_permalink&quot;:&quot;\/fr\/wp-json\/wp\/v2\/pages\/40598?wpv_view_count=619-CPID39808&amp;wpv_paged=WPV_PAGE_NUM&quot;,&quot;loop&quot;:{&quot;type&quot;:&quot;&quot;,&quot;name&quot;:&quot;&quot;,&quot;data&quot;:&#091;&#093;,&quot;id&quot;:0}}\" data-permalink=\"\/fr\/wp-json\/wp\/v2\/pages\/40598?wpv_view_count=619-CPID39808\">\n\n\t\n\t\t<img decoding=\"async\" src=\"https:\/\/brieger.ch\/wp-content\/uploads\/2019\/05\/schwarz.jpg\" alt=\"noir\" title=\"noir\" class=\"attachment-full\" \/>\n\t\n\t\n<\/div><\/a><\/td>\n\t\t\t\t<td class=\"preisrechts\"><a href=\"https:\/\/brieger.ch\/fr\/product\/31226\/\">3.80<\/a><\/td>\n\t\t\t\t<td><a  href=\"https:\/\/brieger.ch\/fr\/product\/31226\/\"><\/a><\/td>\n\t\t\t<\/tr><tr class=\"prodselect\" data-href=\"https:\/\/brieger.ch\/fr\/product\/31225\/\">\n\t\t\t\t<td class=\"prodimg\"><a href=\"https:\/\/brieger.ch\/fr\/product\/31225\/\"><img decoding=\"async\" width=\"100\" height=\"100\" src=\"https:\/\/brieger.ch\/wp-content\/uploads\/2020\/07\/31225-100x100.jpg\" class=\"attachment-shop_thumbnail size-shop_thumbnail wp-post-image\" alt=\"\" srcset=\"https:\/\/brieger.ch\/wp-content\/uploads\/2020\/07\/31225-66x66.jpg 66w, https:\/\/brieger.ch\/wp-content\/uploads\/2020\/07\/31225-100x100.jpg 100w, https:\/\/brieger.ch\/wp-content\/uploads\/2020\/07\/31225-200x200.jpg 200w, https:\/\/brieger.ch\/wp-content\/uploads\/2020\/07\/31225-280x280.jpg 280w, https:\/\/brieger.ch\/wp-content\/uploads\/2020\/07\/31225-400x400.jpg 400w, https:\/\/brieger.ch\/wp-content\/uploads\/2020\/07\/31225-500x500.jpg 500w, https:\/\/brieger.ch\/wp-content\/uploads\/2020\/07\/31225-600x600.jpg 600w, https:\/\/brieger.ch\/wp-content\/uploads\/2020\/07\/31225-700x700.jpg 700w, https:\/\/brieger.ch\/wp-content\/uploads\/2020\/07\/31225-768x768.jpg 768w, https:\/\/brieger.ch\/wp-content\/uploads\/2020\/07\/31225.jpg 800w\" sizes=\"(max-width: 100px) 100vw, 100px\" \/><\/a><\/td>\n\t\t\t\t<td class=\"abgr\"><a href=\"https:\/\/brieger.ch\/fr\/product\/31225\/\">31225<\/a><\/td>\n\t\t\t\t<td class=\"zahlrechts abgr\"><a href=\"https:\/\/brieger.ch\/fr\/product\/31225\/\">360<\/a><\/td>\n\t\t\t\t<td class=\"zahlrechts abgr\"><a href=\"https:\/\/brieger.ch\/fr\/product\/31225\/\">192<\/a><\/td>\n\t\t\t\t<td class=\"zahlrechts abgr\"><a href=\"https:\/\/brieger.ch\/fr\/product\/31225\/\">93<\/a><\/td>\n\t\t\t\t<td class=\"zahlrechts abgr\"><a href=\"https:\/\/brieger.ch\/fr\/product\/31225\/\">3.0 mm<\/a><\/td>\n\t\t\t\t<td class=\"zahlrechts abgr\"><a href=\"https:\/\/brieger.ch\/fr\/product\/31225\/\">2<\/a><\/td>\n\t\t\t\t<td class=\"zahlrechts abgr\"><a href=\"https:\/\/brieger.ch\/fr\/product\/31225\/\"><div id=\"wpv-view-layout-619-CPID39807\" class=\"js-wpv-view-layout js-wpv-layout-responsive js-wpv-view-layout-619-CPID39807\" data-viewnumber=\"619-CPID39807\" data-pagination=\"{&quot;id&quot;:619,&quot;query&quot;:&quot;normal&quot;,&quot;type&quot;:&quot;disabled&quot;,&quot;effect&quot;:&quot;fade&quot;,&quot;duration&quot;:500,&quot;speed&quot;:5,&quot;pause_on_hover&quot;:&quot;disabled&quot;,&quot;stop_rollover&quot;:&quot;false&quot;,&quot;cache_pages&quot;:&quot;enabled&quot;,&quot;preload_images&quot;:&quot;enabled&quot;,&quot;preload_pages&quot;:&quot;enabled&quot;,&quot;preload_reach&quot;:1,&quot;spinner&quot;:&quot;builtin&quot;,&quot;spinner_image&quot;:&quot;https:\/\/brieger.ch\/wp-content\/plugins\/wp-views\/embedded\/res\/img\/ajax-loader.gif&quot;,&quot;callback_next&quot;:&quot;&quot;,&quot;manage_history&quot;:&quot;disabled&quot;,&quot;has_controls_in_form&quot;:&quot;disabled&quot;,&quot;infinite_tolerance&quot;:&quot;0&quot;,&quot;max_pages&quot;:1,&quot;page&quot;:1,&quot;base_permalink&quot;:&quot;\/fr\/wp-json\/wp\/v2\/pages\/40598?wpv_view_count=619-CPID39807&amp;wpv_paged=WPV_PAGE_NUM&quot;,&quot;loop&quot;:{&quot;type&quot;:&quot;&quot;,&quot;name&quot;:&quot;&quot;,&quot;data&quot;:&#091;&#093;,&quot;id&quot;:0}}\" data-permalink=\"\/fr\/wp-json\/wp\/v2\/pages\/40598?wpv_view_count=619-CPID39807\">\n\n\t\n\t\t<img decoding=\"async\" src=\"https:\/\/brieger.ch\/wp-content\/uploads\/2019\/05\/schwarz.jpg\" alt=\"noir\" title=\"noir\" class=\"attachment-full\" \/>\n\t\n\t\n<\/div><\/a><\/td>\n\t\t\t\t<td class=\"preisrechts\"><a href=\"https:\/\/brieger.ch\/fr\/product\/31225\/\">3.13<\/a><\/td>\n\t\t\t\t<td><a  href=\"https:\/\/brieger.ch\/fr\/product\/31225\/\"><\/a><\/td>\n\t\t\t<\/tr><tr class=\"prodselect\" data-href=\"https:\/\/brieger.ch\/fr\/product\/31239\/\">\n\t\t\t\t<td class=\"prodimg\"><a href=\"https:\/\/brieger.ch\/fr\/product\/31239\/\"><img decoding=\"async\" width=\"100\" height=\"100\" src=\"https:\/\/brieger.ch\/wp-content\/uploads\/2020\/05\/31239-100x100.jpg\" class=\"attachment-shop_thumbnail size-shop_thumbnail wp-post-image\" alt=\"\" srcset=\"https:\/\/brieger.ch\/wp-content\/uploads\/2020\/05\/31239-66x66.jpg 66w, https:\/\/brieger.ch\/wp-content\/uploads\/2020\/05\/31239-100x100.jpg 100w, https:\/\/brieger.ch\/wp-content\/uploads\/2020\/05\/31239-200x200.jpg 200w, https:\/\/brieger.ch\/wp-content\/uploads\/2020\/05\/31239-280x280.jpg 280w, https:\/\/brieger.ch\/wp-content\/uploads\/2020\/05\/31239-400x400.jpg 400w, https:\/\/brieger.ch\/wp-content\/uploads\/2020\/05\/31239-500x500.jpg 500w, https:\/\/brieger.ch\/wp-content\/uploads\/2020\/05\/31239-600x600.jpg 600w, https:\/\/brieger.ch\/wp-content\/uploads\/2020\/05\/31239-700x700.jpg 700w, https:\/\/brieger.ch\/wp-content\/uploads\/2020\/05\/31239-768x768.jpg 768w, https:\/\/brieger.ch\/wp-content\/uploads\/2020\/05\/31239.jpg 800w\" sizes=\"(max-width: 100px) 100vw, 100px\" \/><\/a><\/td>\n\t\t\t\t<td class=\"abgr\"><a href=\"https:\/\/brieger.ch\/fr\/product\/31239\/\">31239<\/a><\/td>\n\t\t\t\t<td class=\"zahlrechts abgr\"><a href=\"https:\/\/brieger.ch\/fr\/product\/31239\/\">360<\/a><\/td>\n\t\t\t\t<td class=\"zahlrechts abgr\"><a href=\"https:\/\/brieger.ch\/fr\/product\/31239\/\">260<\/a><\/td>\n\t\t\t\t<td class=\"zahlrechts abgr\"><a href=\"https:\/\/brieger.ch\/fr\/product\/31239\/\">93<\/a><\/td>\n\t\t\t\t<td class=\"zahlrechts abgr\"><a href=\"https:\/\/brieger.ch\/fr\/product\/31239\/\">3.0 mm<\/a><\/td>\n\t\t\t\t<td class=\"zahlrechts abgr\"><a href=\"https:\/\/brieger.ch\/fr\/product\/31239\/\">3<\/a><\/td>\n\t\t\t\t<td class=\"zahlrechts abgr\"><a href=\"https:\/\/brieger.ch\/fr\/product\/31239\/\"><div id=\"wpv-view-layout-619-CPID39805\" class=\"js-wpv-view-layout js-wpv-layout-responsive js-wpv-view-layout-619-CPID39805\" data-viewnumber=\"619-CPID39805\" data-pagination=\"{&quot;id&quot;:619,&quot;query&quot;:&quot;normal&quot;,&quot;type&quot;:&quot;disabled&quot;,&quot;effect&quot;:&quot;fade&quot;,&quot;duration&quot;:500,&quot;speed&quot;:5,&quot;pause_on_hover&quot;:&quot;disabled&quot;,&quot;stop_rollover&quot;:&quot;false&quot;,&quot;cache_pages&quot;:&quot;enabled&quot;,&quot;preload_images&quot;:&quot;enabled&quot;,&quot;preload_pages&quot;:&quot;enabled&quot;,&quot;preload_reach&quot;:1,&quot;spinner&quot;:&quot;builtin&quot;,&quot;spinner_image&quot;:&quot;https:\/\/brieger.ch\/wp-content\/plugins\/wp-views\/embedded\/res\/img\/ajax-loader.gif&quot;,&quot;callback_next&quot;:&quot;&quot;,&quot;manage_history&quot;:&quot;disabled&quot;,&quot;has_controls_in_form&quot;:&quot;disabled&quot;,&quot;infinite_tolerance&quot;:&quot;0&quot;,&quot;max_pages&quot;:1,&quot;page&quot;:1,&quot;base_permalink&quot;:&quot;\/fr\/wp-json\/wp\/v2\/pages\/40598?wpv_view_count=619-CPID39805&amp;wpv_paged=WPV_PAGE_NUM&quot;,&quot;loop&quot;:{&quot;type&quot;:&quot;&quot;,&quot;name&quot;:&quot;&quot;,&quot;data&quot;:&#091;&#093;,&quot;id&quot;:0}}\" data-permalink=\"\/fr\/wp-json\/wp\/v2\/pages\/40598?wpv_view_count=619-CPID39805\">\n\n\t\n\t\t<img decoding=\"async\" src=\"https:\/\/brieger.ch\/wp-content\/uploads\/2019\/05\/schwarz.jpg\" alt=\"noir\" title=\"noir\" class=\"attachment-full\" \/>\n\t\n\t\n<\/div><\/a><\/td>\n\t\t\t\t<td class=\"preisrechts\"><a href=\"https:\/\/brieger.ch\/fr\/product\/31239\/\">3.07<\/a><\/td>\n\t\t\t\t<td><a  href=\"https:\/\/brieger.ch\/fr\/product\/31239\/\"><\/a><\/td>\n\t\t\t<\/tr><tr class=\"prodselect\" data-href=\"https:\/\/brieger.ch\/fr\/product\/31248\/\">\n\t\t\t\t<td class=\"prodimg\"><a href=\"https:\/\/brieger.ch\/fr\/product\/31248\/\"><img decoding=\"async\" width=\"100\" height=\"100\" src=\"https:\/\/brieger.ch\/wp-content\/uploads\/2020\/05\/Struktura_anthrazit_1er_WK_links-100x100.jpg\" class=\"attachment-shop_thumbnail size-shop_thumbnail wp-post-image\" alt=\"\" srcset=\"https:\/\/brieger.ch\/wp-content\/uploads\/2020\/05\/Struktura_anthrazit_1er_WK_links-66x66.jpg 66w, https:\/\/brieger.ch\/wp-content\/uploads\/2020\/05\/Struktura_anthrazit_1er_WK_links-100x100.jpg 100w, https:\/\/brieger.ch\/wp-content\/uploads\/2020\/05\/Struktura_anthrazit_1er_WK_links-200x200.jpg 200w, https:\/\/brieger.ch\/wp-content\/uploads\/2020\/05\/Struktura_anthrazit_1er_WK_links-280x280.jpg 280w, https:\/\/brieger.ch\/wp-content\/uploads\/2020\/05\/Struktura_anthrazit_1er_WK_links-400x400.jpg 400w, https:\/\/brieger.ch\/wp-content\/uploads\/2020\/05\/Struktura_anthrazit_1er_WK_links-500x500.jpg 500w, https:\/\/brieger.ch\/wp-content\/uploads\/2020\/05\/Struktura_anthrazit_1er_WK_links-600x600.jpg 600w, https:\/\/brieger.ch\/wp-content\/uploads\/2020\/05\/Struktura_anthrazit_1er_WK_links-700x700.jpg 700w, https:\/\/brieger.ch\/wp-content\/uploads\/2020\/05\/Struktura_anthrazit_1er_WK_links-768x768.jpg 768w, https:\/\/brieger.ch\/wp-content\/uploads\/2020\/05\/Struktura_anthrazit_1er_WK_links-800x800.jpg 800w, https:\/\/brieger.ch\/wp-content\/uploads\/2020\/05\/Struktura_anthrazit_1er_WK_links.jpg 1200w\" sizes=\"(max-width: 100px) 100vw, 100px\" \/><\/a><\/td>\n\t\t\t\t<td class=\"abgr\"><a href=\"https:\/\/brieger.ch\/fr\/product\/31248\/\">31248<\/a><\/td>\n\t\t\t\t<td class=\"zahlrechts abgr\"><a href=\"https:\/\/brieger.ch\/fr\/product\/31248\/\">380<\/a><\/td>\n\t\t\t\t<td class=\"zahlrechts abgr\"><a href=\"https:\/\/brieger.ch\/fr\/product\/31248\/\">88<\/a><\/td>\n\t\t\t\t<td class=\"zahlrechts abgr\"><a href=\"https:\/\/brieger.ch\/fr\/product\/31248\/\">100<\/a><\/td>\n\t\t\t\t<td class=\"zahlrechts abgr\"><a href=\"https:\/\/brieger.ch\/fr\/product\/31248\/\">1.5 mm<\/a><\/td>\n\t\t\t\t<td class=\"zahlrechts abgr\"><a href=\"https:\/\/brieger.ch\/fr\/product\/31248\/\">1<\/a><\/td>\n\t\t\t\t<td class=\"zahlrechts abgr\"><a href=\"https:\/\/brieger.ch\/fr\/product\/31248\/\"><div id=\"wpv-view-layout-619-CPID39791\" class=\"js-wpv-view-layout js-wpv-layout-responsive js-wpv-view-layout-619-CPID39791\" data-viewnumber=\"619-CPID39791\" data-pagination=\"{&quot;id&quot;:619,&quot;query&quot;:&quot;normal&quot;,&quot;type&quot;:&quot;disabled&quot;,&quot;effect&quot;:&quot;fade&quot;,&quot;duration&quot;:500,&quot;speed&quot;:5,&quot;pause_on_hover&quot;:&quot;disabled&quot;,&quot;stop_rollover&quot;:&quot;false&quot;,&quot;cache_pages&quot;:&quot;enabled&quot;,&quot;preload_images&quot;:&quot;enabled&quot;,&quot;preload_pages&quot;:&quot;enabled&quot;,&quot;preload_reach&quot;:1,&quot;spinner&quot;:&quot;builtin&quot;,&quot;spinner_image&quot;:&quot;https:\/\/brieger.ch\/wp-content\/plugins\/wp-views\/embedded\/res\/img\/ajax-loader.gif&quot;,&quot;callback_next&quot;:&quot;&quot;,&quot;manage_history&quot;:&quot;disabled&quot;,&quot;has_controls_in_form&quot;:&quot;disabled&quot;,&quot;infinite_tolerance&quot;:&quot;0&quot;,&quot;max_pages&quot;:1,&quot;page&quot;:1,&quot;base_permalink&quot;:&quot;\/fr\/wp-json\/wp\/v2\/pages\/40598?wpv_view_count=619-CPID39791&amp;wpv_paged=WPV_PAGE_NUM&quot;,&quot;loop&quot;:{&quot;type&quot;:&quot;&quot;,&quot;name&quot;:&quot;&quot;,&quot;data&quot;:&#091;&#093;,&quot;id&quot;:0}}\" data-permalink=\"\/fr\/wp-json\/wp\/v2\/pages\/40598?wpv_view_count=619-CPID39791\">\n\n\t\n\t\t<img decoding=\"async\" src=\"https:\/\/brieger.ch\/wp-content\/uploads\/2020\/03\/anthrazit-1.jpg\" alt=\"Anthracite\" title=\"Anthracite\" class=\"attachment-full\" \/>\n\t\n\t\n<\/div><\/a><\/td>\n\t\t\t\t<td class=\"preisrechts\"><a href=\"https:\/\/brieger.ch\/fr\/product\/31248\/\">2.37<\/a><\/td>\n\t\t\t\t<td><a class=\"badgeprod\" href=\"https:\/\/brieger.ch\/fr\/product\/31248\/\">Sale<\/a><\/td>\n\t\t\t<\/tr><tr class=\"prodselect\" data-href=\"https:\/\/brieger.ch\/fr\/product\/31237\/\">\n\t\t\t\t<td class=\"prodimg\"><a href=\"https:\/\/brieger.ch\/fr\/product\/31237\/\"><img decoding=\"async\" width=\"100\" height=\"100\" src=\"https:\/\/brieger.ch\/wp-content\/uploads\/2020\/05\/31237-100x100.jpg\" class=\"attachment-shop_thumbnail size-shop_thumbnail wp-post-image\" alt=\"\" srcset=\"https:\/\/brieger.ch\/wp-content\/uploads\/2020\/05\/31237-66x66.jpg 66w, https:\/\/brieger.ch\/wp-content\/uploads\/2020\/05\/31237-100x100.jpg 100w, https:\/\/brieger.ch\/wp-content\/uploads\/2020\/05\/31237-200x200.jpg 200w, https:\/\/brieger.ch\/wp-content\/uploads\/2020\/05\/31237-280x280.jpg 280w, https:\/\/brieger.ch\/wp-content\/uploads\/2020\/05\/31237-400x400.jpg 400w, https:\/\/brieger.ch\/wp-content\/uploads\/2020\/05\/31237-500x500.jpg 500w, https:\/\/brieger.ch\/wp-content\/uploads\/2020\/05\/31237-600x600.jpg 600w, https:\/\/brieger.ch\/wp-content\/uploads\/2020\/05\/31237-700x700.jpg 700w, https:\/\/brieger.ch\/wp-content\/uploads\/2020\/05\/31237-768x768.jpg 768w, https:\/\/brieger.ch\/wp-content\/uploads\/2020\/05\/31237.jpg 800w\" sizes=\"(max-width: 100px) 100vw, 100px\" \/><\/a><\/td>\n\t\t\t\t<td class=\"abgr\"><a href=\"https:\/\/brieger.ch\/fr\/product\/31237\/\">31237<\/a><\/td>\n\t\t\t\t<td class=\"zahlrechts abgr\"><a href=\"https:\/\/brieger.ch\/fr\/product\/31237\/\">380<\/a><\/td>\n\t\t\t\t<td class=\"zahlrechts abgr\"><a href=\"https:\/\/brieger.ch\/fr\/product\/31237\/\">88<\/a><\/td>\n\t\t\t\t<td class=\"zahlrechts abgr\"><a href=\"https:\/\/brieger.ch\/fr\/product\/31237\/\">100<\/a><\/td>\n\t\t\t\t<td class=\"zahlrechts abgr\"><a href=\"https:\/\/brieger.ch\/fr\/product\/31237\/\">1.5 mm<\/a><\/td>\n\t\t\t\t<td class=\"zahlrechts abgr\"><a href=\"https:\/\/brieger.ch\/fr\/product\/31237\/\">1<\/a><\/td>\n\t\t\t\t<td class=\"zahlrechts abgr\"><a href=\"https:\/\/brieger.ch\/fr\/product\/31237\/\"><div id=\"wpv-view-layout-619-CPID39803\" class=\"js-wpv-view-layout js-wpv-layout-responsive js-wpv-view-layout-619-CPID39803\" data-viewnumber=\"619-CPID39803\" data-pagination=\"{&quot;id&quot;:619,&quot;query&quot;:&quot;normal&quot;,&quot;type&quot;:&quot;disabled&quot;,&quot;effect&quot;:&quot;fade&quot;,&quot;duration&quot;:500,&quot;speed&quot;:5,&quot;pause_on_hover&quot;:&quot;disabled&quot;,&quot;stop_rollover&quot;:&quot;false&quot;,&quot;cache_pages&quot;:&quot;enabled&quot;,&quot;preload_images&quot;:&quot;enabled&quot;,&quot;preload_pages&quot;:&quot;enabled&quot;,&quot;preload_reach&quot;:1,&quot;spinner&quot;:&quot;builtin&quot;,&quot;spinner_image&quot;:&quot;https:\/\/brieger.ch\/wp-content\/plugins\/wp-views\/embedded\/res\/img\/ajax-loader.gif&quot;,&quot;callback_next&quot;:&quot;&quot;,&quot;manage_history&quot;:&quot;disabled&quot;,&quot;has_controls_in_form&quot;:&quot;disabled&quot;,&quot;infinite_tolerance&quot;:&quot;0&quot;,&quot;max_pages&quot;:1,&quot;page&quot;:1,&quot;base_permalink&quot;:&quot;\/fr\/wp-json\/wp\/v2\/pages\/40598?wpv_view_count=619-CPID39803&amp;wpv_paged=WPV_PAGE_NUM&quot;,&quot;loop&quot;:{&quot;type&quot;:&quot;&quot;,&quot;name&quot;:&quot;&quot;,&quot;data&quot;:&#091;&#093;,&quot;id&quot;:0}}\" data-permalink=\"\/fr\/wp-json\/wp\/v2\/pages\/40598?wpv_view_count=619-CPID39803\">\n\n\t\n\t\t<img decoding=\"async\" src=\"https:\/\/brieger.ch\/wp-content\/uploads\/2019\/05\/schwarz.jpg\" alt=\"noir\" title=\"noir\" class=\"attachment-full\" \/>\n\t\n\t\n<\/div><\/a><\/td>\n\t\t\t\t<td class=\"preisrechts\"><a href=\"https:\/\/brieger.ch\/fr\/product\/31237\/\">2.43<\/a><\/td>\n\t\t\t\t<td><a  href=\"https:\/\/brieger.ch\/fr\/product\/31237\/\"><\/a><\/td>\n\t\t\t<\/tr><tr class=\"prodselect\" data-href=\"https:\/\/brieger.ch\/fr\/product\/bandeau-frohe-weihnachten-1-bouteille\/\">\n\t\t\t\t<td class=\"prodimg\"><a href=\"https:\/\/brieger.ch\/fr\/product\/bandeau-frohe-weihnachten-1-bouteille\/\"><img decoding=\"async\" width=\"1200\" height=\"1544\" src=\"https:\/\/brieger.ch\/wp-content\/uploads\/2025\/09\/2er_WK_PureLine_dunkelblau_Banderole_Frohe-Weihnachten_CMYK.jpg\" class=\"attachment-shop_thumbnail size-shop_thumbnail wp-post-image\" alt=\"\" srcset=\"https:\/\/brieger.ch\/wp-content\/uploads\/2025\/09\/2er_WK_PureLine_dunkelblau_Banderole_Frohe-Weihnachten_CMYK-200x257.jpg 200w, https:\/\/brieger.ch\/wp-content\/uploads\/2025\/09\/2er_WK_PureLine_dunkelblau_Banderole_Frohe-Weihnachten_CMYK-311x400.jpg 311w, https:\/\/brieger.ch\/wp-content\/uploads\/2025\/09\/2er_WK_PureLine_dunkelblau_Banderole_Frohe-Weihnachten_CMYK-400x515.jpg 400w, https:\/\/brieger.ch\/wp-content\/uploads\/2025\/09\/2er_WK_PureLine_dunkelblau_Banderole_Frohe-Weihnachten_CMYK-500x643.jpg 500w, https:\/\/brieger.ch\/wp-content\/uploads\/2025\/09\/2er_WK_PureLine_dunkelblau_Banderole_Frohe-Weihnachten_CMYK-600x772.jpg 600w, https:\/\/brieger.ch\/wp-content\/uploads\/2025\/09\/2er_WK_PureLine_dunkelblau_Banderole_Frohe-Weihnachten_CMYK-622x800.jpg 622w, https:\/\/brieger.ch\/wp-content\/uploads\/2025\/09\/2er_WK_PureLine_dunkelblau_Banderole_Frohe-Weihnachten_CMYK-700x901.jpg 700w, https:\/\/brieger.ch\/wp-content\/uploads\/2025\/09\/2er_WK_PureLine_dunkelblau_Banderole_Frohe-Weihnachten_CMYK-768x988.jpg 768w, https:\/\/brieger.ch\/wp-content\/uploads\/2025\/09\/2er_WK_PureLine_dunkelblau_Banderole_Frohe-Weihnachten_CMYK-800x1029.jpg 800w, https:\/\/brieger.ch\/wp-content\/uploads\/2025\/09\/2er_WK_PureLine_dunkelblau_Banderole_Frohe-Weihnachten_CMYK-1194x1536.jpg 1194w, https:\/\/brieger.ch\/wp-content\/uploads\/2025\/09\/2er_WK_PureLine_dunkelblau_Banderole_Frohe-Weihnachten_CMYK.jpg 1200w\" sizes=\"(max-width: 1200px) 100vw, 1200px\" \/><\/a><\/td>\n\t\t\t\t<td class=\"abgr\"><a href=\"https:\/\/brieger.ch\/fr\/product\/bandeau-frohe-weihnachten-1-bouteille\/\">31414<\/a><\/td>\n\t\t\t\t<td class=\"zahlrechts abgr\"><a href=\"https:\/\/brieger.ch\/fr\/product\/bandeau-frohe-weihnachten-1-bouteille\/\">380<\/a><\/td>\n\t\t\t\t<td class=\"zahlrechts abgr\"><a href=\"https:\/\/brieger.ch\/fr\/product\/bandeau-frohe-weihnachten-1-bouteille\/\">88<\/a><\/td>\n\t\t\t\t<td class=\"zahlrechts abgr\"><a href=\"https:\/\/brieger.ch\/fr\/product\/bandeau-frohe-weihnachten-1-bouteille\/\">100<\/a><\/td>\n\t\t\t\t<td class=\"zahlrechts abgr\"><a href=\"https:\/\/brieger.ch\/fr\/product\/bandeau-frohe-weihnachten-1-bouteille\/\">1.5 mm<\/a><\/td>\n\t\t\t\t<td class=\"zahlrechts abgr\"><a href=\"https:\/\/brieger.ch\/fr\/product\/bandeau-frohe-weihnachten-1-bouteille\/\">1<\/a><\/td>\n\t\t\t\t<td class=\"zahlrechts abgr\"><a href=\"https:\/\/brieger.ch\/fr\/product\/bandeau-frohe-weihnachten-1-bouteille\/\"><div id=\"wpv-view-layout-619-CPID103009\" class=\"js-wpv-view-layout js-wpv-layout-responsive js-wpv-view-layout-619-CPID103009\" data-viewnumber=\"619-CPID103009\" data-pagination=\"{&quot;id&quot;:619,&quot;query&quot;:&quot;normal&quot;,&quot;type&quot;:&quot;disabled&quot;,&quot;effect&quot;:&quot;fade&quot;,&quot;duration&quot;:500,&quot;speed&quot;:5,&quot;pause_on_hover&quot;:&quot;disabled&quot;,&quot;stop_rollover&quot;:&quot;false&quot;,&quot;cache_pages&quot;:&quot;enabled&quot;,&quot;preload_images&quot;:&quot;enabled&quot;,&quot;preload_pages&quot;:&quot;enabled&quot;,&quot;preload_reach&quot;:1,&quot;spinner&quot;:&quot;builtin&quot;,&quot;spinner_image&quot;:&quot;https:\/\/brieger.ch\/wp-content\/plugins\/wp-views\/embedded\/res\/img\/ajax-loader.gif&quot;,&quot;callback_next&quot;:&quot;&quot;,&quot;manage_history&quot;:&quot;disabled&quot;,&quot;has_controls_in_form&quot;:&quot;disabled&quot;,&quot;infinite_tolerance&quot;:&quot;0&quot;,&quot;max_pages&quot;:1,&quot;page&quot;:1,&quot;base_permalink&quot;:&quot;\/fr\/wp-json\/wp\/v2\/pages\/40598?wpv_view_count=619-CPID103009&amp;wpv_paged=WPV_PAGE_NUM&quot;,&quot;loop&quot;:{&quot;type&quot;:&quot;&quot;,&quot;name&quot;:&quot;&quot;,&quot;data&quot;:&#091;&#093;,&quot;id&quot;:0}}\" data-permalink=\"\/fr\/wp-json\/wp\/v2\/pages\/40598?wpv_view_count=619-CPID103009\">\n\n\t\n\tn\/a\n<\/div><\/a><\/td>\n\t\t\t\t<td class=\"preisrechts\"><a href=\"https:\/\/brieger.ch\/fr\/product\/bandeau-frohe-weihnachten-1-bouteille\/\">0.90<\/a><\/td>\n\t\t\t\t<td><a class=\"newprod\" href=\"https:\/\/brieger.ch\/fr\/product\/bandeau-frohe-weihnachten-1-bouteille\/\">Neu<\/a><\/td>\n\t\t\t<\/tr><tr class=\"prodselect\" data-href=\"https:\/\/brieger.ch\/fr\/product\/31224\/\">\n\t\t\t\t<td class=\"prodimg\"><a href=\"https:\/\/brieger.ch\/fr\/product\/31224\/\"><img decoding=\"async\" width=\"100\" height=\"100\" src=\"https:\/\/brieger.ch\/wp-content\/uploads\/2020\/05\/31224-100x100.jpg\" class=\"attachment-shop_thumbnail size-shop_thumbnail wp-post-image\" alt=\"\" srcset=\"https:\/\/brieger.ch\/wp-content\/uploads\/2020\/05\/31224-66x66.jpg 66w, https:\/\/brieger.ch\/wp-content\/uploads\/2020\/05\/31224-100x100.jpg 100w, https:\/\/brieger.ch\/wp-content\/uploads\/2020\/05\/31224-200x200.jpg 200w, https:\/\/brieger.ch\/wp-content\/uploads\/2020\/05\/31224-280x280.jpg 280w, https:\/\/brieger.ch\/wp-content\/uploads\/2020\/05\/31224-400x400.jpg 400w, https:\/\/brieger.ch\/wp-content\/uploads\/2020\/05\/31224-500x500.jpg 500w, https:\/\/brieger.ch\/wp-content\/uploads\/2020\/05\/31224-600x600.jpg 600w, https:\/\/brieger.ch\/wp-content\/uploads\/2020\/05\/31224-700x700.jpg 700w, https:\/\/brieger.ch\/wp-content\/uploads\/2020\/05\/31224-768x768.jpg 768w, https:\/\/brieger.ch\/wp-content\/uploads\/2020\/05\/31224.jpg 800w\" sizes=\"(max-width: 100px) 100vw, 100px\" \/><\/a><\/td>\n\t\t\t\t<td class=\"abgr\"><a href=\"https:\/\/brieger.ch\/fr\/product\/31224\/\">31224<\/a><\/td>\n\t\t\t\t<td class=\"zahlrechts abgr\"><a href=\"https:\/\/brieger.ch\/fr\/product\/31224\/\">380<\/a><\/td>\n\t\t\t\t<td class=\"zahlrechts abgr\"><a href=\"https:\/\/brieger.ch\/fr\/product\/31224\/\">88<\/a><\/td>\n\t\t\t\t<td class=\"zahlrechts abgr\"><a href=\"https:\/\/brieger.ch\/fr\/product\/31224\/\">100<\/a><\/td>\n\t\t\t\t<td class=\"zahlrechts abgr\"><a href=\"https:\/\/brieger.ch\/fr\/product\/31224\/\">1.5 mm<\/a><\/td>\n\t\t\t\t<td class=\"zahlrechts abgr\"><a href=\"https:\/\/brieger.ch\/fr\/product\/31224\/\">1<\/a><\/td>\n\t\t\t\t<td class=\"zahlrechts abgr\"><a href=\"https:\/\/brieger.ch\/fr\/product\/31224\/\"><div id=\"wpv-view-layout-619-CPID39806\" class=\"js-wpv-view-layout js-wpv-layout-responsive js-wpv-view-layout-619-CPID39806\" data-viewnumber=\"619-CPID39806\" data-pagination=\"{&quot;id&quot;:619,&quot;query&quot;:&quot;normal&quot;,&quot;type&quot;:&quot;disabled&quot;,&quot;effect&quot;:&quot;fade&quot;,&quot;duration&quot;:500,&quot;speed&quot;:5,&quot;pause_on_hover&quot;:&quot;disabled&quot;,&quot;stop_rollover&quot;:&quot;false&quot;,&quot;cache_pages&quot;:&quot;enabled&quot;,&quot;preload_images&quot;:&quot;enabled&quot;,&quot;preload_pages&quot;:&quot;enabled&quot;,&quot;preload_reach&quot;:1,&quot;spinner&quot;:&quot;builtin&quot;,&quot;spinner_image&quot;:&quot;https:\/\/brieger.ch\/wp-content\/plugins\/wp-views\/embedded\/res\/img\/ajax-loader.gif&quot;,&quot;callback_next&quot;:&quot;&quot;,&quot;manage_history&quot;:&quot;disabled&quot;,&quot;has_controls_in_form&quot;:&quot;disabled&quot;,&quot;infinite_tolerance&quot;:&quot;0&quot;,&quot;max_pages&quot;:1,&quot;page&quot;:1,&quot;base_permalink&quot;:&quot;\/fr\/wp-json\/wp\/v2\/pages\/40598?wpv_view_count=619-CPID39806&amp;wpv_paged=WPV_PAGE_NUM&quot;,&quot;loop&quot;:{&quot;type&quot;:&quot;&quot;,&quot;name&quot;:&quot;&quot;,&quot;data&quot;:&#091;&#093;,&quot;id&quot;:0}}\" data-permalink=\"\/fr\/wp-json\/wp\/v2\/pages\/40598?wpv_view_count=619-CPID39806\">\n\n\t\n\t\t<img decoding=\"async\" src=\"https:\/\/brieger.ch\/wp-content\/uploads\/2019\/05\/schwarz.jpg\" alt=\"noir\" title=\"noir\" class=\"attachment-full\" \/>\n\t\n\t\n<\/div><\/a><\/td>\n\t\t\t\t<td class=\"preisrechts\"><a href=\"https:\/\/brieger.ch\/fr\/product\/31224\/\">2.37<\/a><\/td>\n\t\t\t\t<td><a  href=\"https:\/\/brieger.ch\/fr\/product\/31224\/\"><\/a><\/td>\n\t\t\t<\/tr><tr class=\"prodselect\" data-href=\"https:\/\/brieger.ch\/fr\/product\/emballages-cadeaux-branche-de-baies-1-bouteille\/\">\n\t\t\t\t<td class=\"prodimg\"><a href=\"https:\/\/brieger.ch\/fr\/product\/emballages-cadeaux-branche-de-baies-1-bouteille\/\"><img decoding=\"async\" width=\"400\" height=\"723\" src=\"https:\/\/brieger.ch\/wp-content\/uploads\/2025\/09\/Beerenzweig_1er_WK_links_300dpi-2.jpg\" class=\"attachment-shop_thumbnail size-shop_thumbnail wp-post-image\" alt=\"Schmale Geschenkbox aus Karton mit weihnachtlichem Pflanzenmotiv\" srcset=\"https:\/\/brieger.ch\/wp-content\/uploads\/2025\/09\/Beerenzweig_1er_WK_links_300dpi-2-200x362.jpg 200w, https:\/\/brieger.ch\/wp-content\/uploads\/2025\/09\/Beerenzweig_1er_WK_links_300dpi-2-221x400.jpg 221w, https:\/\/brieger.ch\/wp-content\/uploads\/2025\/09\/Beerenzweig_1er_WK_links_300dpi-2.jpg 400w\" sizes=\"(max-width: 400px) 100vw, 400px\" \/><\/a><\/td>\n\t\t\t\t<td class=\"abgr\"><a href=\"https:\/\/brieger.ch\/fr\/product\/emballages-cadeaux-branche-de-baies-1-bouteille\/\">31408<\/a><\/td>\n\t\t\t\t<td class=\"zahlrechts abgr\"><a href=\"https:\/\/brieger.ch\/fr\/product\/emballages-cadeaux-branche-de-baies-1-bouteille\/\">380<\/a><\/td>\n\t\t\t\t<td class=\"zahlrechts abgr\"><a href=\"https:\/\/brieger.ch\/fr\/product\/emballages-cadeaux-branche-de-baies-1-bouteille\/\">88<\/a><\/td>\n\t\t\t\t<td class=\"zahlrechts abgr\"><a href=\"https:\/\/brieger.ch\/fr\/product\/emballages-cadeaux-branche-de-baies-1-bouteille\/\">100<\/a><\/td>\n\t\t\t\t<td class=\"zahlrechts abgr\"><a href=\"https:\/\/brieger.ch\/fr\/product\/emballages-cadeaux-branche-de-baies-1-bouteille\/\">1.5 mm<\/a><\/td>\n\t\t\t\t<td class=\"zahlrechts abgr\"><a href=\"https:\/\/brieger.ch\/fr\/product\/emballages-cadeaux-branche-de-baies-1-bouteille\/\">1<\/a><\/td>\n\t\t\t\t<td class=\"zahlrechts abgr\"><a href=\"https:\/\/brieger.ch\/fr\/product\/emballages-cadeaux-branche-de-baies-1-bouteille\/\"><div id=\"wpv-view-layout-619-CPID102969\" class=\"js-wpv-view-layout js-wpv-layout-responsive js-wpv-view-layout-619-CPID102969\" data-viewnumber=\"619-CPID102969\" data-pagination=\"{&quot;id&quot;:619,&quot;query&quot;:&quot;normal&quot;,&quot;type&quot;:&quot;disabled&quot;,&quot;effect&quot;:&quot;fade&quot;,&quot;duration&quot;:500,&quot;speed&quot;:5,&quot;pause_on_hover&quot;:&quot;disabled&quot;,&quot;stop_rollover&quot;:&quot;false&quot;,&quot;cache_pages&quot;:&quot;enabled&quot;,&quot;preload_images&quot;:&quot;enabled&quot;,&quot;preload_pages&quot;:&quot;enabled&quot;,&quot;preload_reach&quot;:1,&quot;spinner&quot;:&quot;builtin&quot;,&quot;spinner_image&quot;:&quot;https:\/\/brieger.ch\/wp-content\/plugins\/wp-views\/embedded\/res\/img\/ajax-loader.gif&quot;,&quot;callback_next&quot;:&quot;&quot;,&quot;manage_history&quot;:&quot;disabled&quot;,&quot;has_controls_in_form&quot;:&quot;disabled&quot;,&quot;infinite_tolerance&quot;:&quot;0&quot;,&quot;max_pages&quot;:1,&quot;page&quot;:1,&quot;base_permalink&quot;:&quot;\/fr\/wp-json\/wp\/v2\/pages\/40598?wpv_view_count=619-CPID102969&amp;wpv_paged=WPV_PAGE_NUM&quot;,&quot;loop&quot;:{&quot;type&quot;:&quot;&quot;,&quot;name&quot;:&quot;&quot;,&quot;data&quot;:&#091;&#093;,&quot;id&quot;:0}}\" data-permalink=\"\/fr\/wp-json\/wp\/v2\/pages\/40598?wpv_view_count=619-CPID102969\">\n\n\t\n\tn\/a\n<\/div><\/a><\/td>\n\t\t\t\t<td class=\"preisrechts\"><a href=\"https:\/\/brieger.ch\/fr\/product\/emballages-cadeaux-branche-de-baies-1-bouteille\/\">2.37<\/a><\/td>\n\t\t\t\t<td><a class=\"newprod\" href=\"https:\/\/brieger.ch\/fr\/product\/emballages-cadeaux-branche-de-baies-1-bouteille\/\">Neu<\/a><\/td>\n\t\t\t<\/tr><tr class=\"prodselect\" data-href=\"https:\/\/brieger.ch\/fr\/product\/bandeau-merry-christmas-1-bouteille\/\">\n\t\t\t\t<td class=\"prodimg\"><a href=\"https:\/\/brieger.ch\/fr\/product\/bandeau-merry-christmas-1-bouteille\/\"><img decoding=\"async\" width=\"1181\" height=\"1327\" src=\"https:\/\/brieger.ch\/wp-content\/uploads\/2025\/09\/3er_WK_Struktura_Bordeaux_Banderole_Merry-Christmas_CMYK.jpg\" class=\"attachment-shop_thumbnail size-shop_thumbnail wp-post-image\" alt=\"Violette Geschenkbox aus Karton mit Weihnachtsbanderole\" srcset=\"https:\/\/brieger.ch\/wp-content\/uploads\/2025\/09\/3er_WK_Struktura_Bordeaux_Banderole_Merry-Christmas_CMYK-200x225.jpg 200w, https:\/\/brieger.ch\/wp-content\/uploads\/2025\/09\/3er_WK_Struktura_Bordeaux_Banderole_Merry-Christmas_CMYK-356x400.jpg 356w, https:\/\/brieger.ch\/wp-content\/uploads\/2025\/09\/3er_WK_Struktura_Bordeaux_Banderole_Merry-Christmas_CMYK-400x449.jpg 400w, https:\/\/brieger.ch\/wp-content\/uploads\/2025\/09\/3er_WK_Struktura_Bordeaux_Banderole_Merry-Christmas_CMYK-500x562.jpg 500w, https:\/\/brieger.ch\/wp-content\/uploads\/2025\/09\/3er_WK_Struktura_Bordeaux_Banderole_Merry-Christmas_CMYK-600x674.jpg 600w, https:\/\/brieger.ch\/wp-content\/uploads\/2025\/09\/3er_WK_Struktura_Bordeaux_Banderole_Merry-Christmas_CMYK-700x787.jpg 700w, https:\/\/brieger.ch\/wp-content\/uploads\/2025\/09\/3er_WK_Struktura_Bordeaux_Banderole_Merry-Christmas_CMYK-712x800.jpg 712w, https:\/\/brieger.ch\/wp-content\/uploads\/2025\/09\/3er_WK_Struktura_Bordeaux_Banderole_Merry-Christmas_CMYK-768x863.jpg 768w, https:\/\/brieger.ch\/wp-content\/uploads\/2025\/09\/3er_WK_Struktura_Bordeaux_Banderole_Merry-Christmas_CMYK-800x899.jpg 800w, https:\/\/brieger.ch\/wp-content\/uploads\/2025\/09\/3er_WK_Struktura_Bordeaux_Banderole_Merry-Christmas_CMYK.jpg 1181w\" sizes=\"(max-width: 1181px) 100vw, 1181px\" \/><\/a><\/td>\n\t\t\t\t<td class=\"abgr\"><a href=\"https:\/\/brieger.ch\/fr\/product\/bandeau-merry-christmas-1-bouteille\/\">31417<\/a><\/td>\n\t\t\t\t<td class=\"zahlrechts abgr\"><a href=\"https:\/\/brieger.ch\/fr\/product\/bandeau-merry-christmas-1-bouteille\/\">380<\/a><\/td>\n\t\t\t\t<td class=\"zahlrechts abgr\"><a href=\"https:\/\/brieger.ch\/fr\/product\/bandeau-merry-christmas-1-bouteille\/\">88<\/a><\/td>\n\t\t\t\t<td class=\"zahlrechts abgr\"><a href=\"https:\/\/brieger.ch\/fr\/product\/bandeau-merry-christmas-1-bouteille\/\">100<\/a><\/td>\n\t\t\t\t<td class=\"zahlrechts abgr\"><a href=\"https:\/\/brieger.ch\/fr\/product\/bandeau-merry-christmas-1-bouteille\/\"><\/a><\/td>\n\t\t\t\t<td class=\"zahlrechts abgr\"><a href=\"https:\/\/brieger.ch\/fr\/product\/bandeau-merry-christmas-1-bouteille\/\">1<\/a><\/td>\n\t\t\t\t<td class=\"zahlrechts abgr\"><a href=\"https:\/\/brieger.ch\/fr\/product\/bandeau-merry-christmas-1-bouteille\/\"><div id=\"wpv-view-layout-619-CPID103024\" class=\"js-wpv-view-layout js-wpv-layout-responsive js-wpv-view-layout-619-CPID103024\" data-viewnumber=\"619-CPID103024\" data-pagination=\"{&quot;id&quot;:619,&quot;query&quot;:&quot;normal&quot;,&quot;type&quot;:&quot;disabled&quot;,&quot;effect&quot;:&quot;fade&quot;,&quot;duration&quot;:500,&quot;speed&quot;:5,&quot;pause_on_hover&quot;:&quot;disabled&quot;,&quot;stop_rollover&quot;:&quot;false&quot;,&quot;cache_pages&quot;:&quot;enabled&quot;,&quot;preload_images&quot;:&quot;enabled&quot;,&quot;preload_pages&quot;:&quot;enabled&quot;,&quot;preload_reach&quot;:1,&quot;spinner&quot;:&quot;builtin&quot;,&quot;spinner_image&quot;:&quot;https:\/\/brieger.ch\/wp-content\/plugins\/wp-views\/embedded\/res\/img\/ajax-loader.gif&quot;,&quot;callback_next&quot;:&quot;&quot;,&quot;manage_history&quot;:&quot;disabled&quot;,&quot;has_controls_in_form&quot;:&quot;disabled&quot;,&quot;infinite_tolerance&quot;:&quot;0&quot;,&quot;max_pages&quot;:1,&quot;page&quot;:1,&quot;base_permalink&quot;:&quot;\/fr\/wp-json\/wp\/v2\/pages\/40598?wpv_view_count=619-CPID103024&amp;wpv_paged=WPV_PAGE_NUM&quot;,&quot;loop&quot;:{&quot;type&quot;:&quot;&quot;,&quot;name&quot;:&quot;&quot;,&quot;data&quot;:&#091;&#093;,&quot;id&quot;:0}}\" data-permalink=\"\/fr\/wp-json\/wp\/v2\/pages\/40598?wpv_view_count=619-CPID103024\">\n\n\t\n\tn\/a\n<\/div><\/a><\/td>\n\t\t\t\t<td class=\"preisrechts\"><a href=\"https:\/\/brieger.ch\/fr\/product\/bandeau-merry-christmas-1-bouteille\/\">0.90<\/a><\/td>\n\t\t\t\t<td><a class=\"newprod\" href=\"https:\/\/brieger.ch\/fr\/product\/bandeau-merry-christmas-1-bouteille\/\">Neu<\/a><\/td>\n\t\t\t<\/tr><tr class=\"prodselect\" data-href=\"https:\/\/brieger.ch\/fr\/product\/31207\/\">\n\t\t\t\t<td class=\"prodimg\"><a href=\"https:\/\/brieger.ch\/fr\/product\/31207\/\"><img decoding=\"async\" width=\"100\" height=\"100\" src=\"https:\/\/brieger.ch\/wp-content\/uploads\/2021\/10\/31207-Weihnachtsgruesse_1er_WK_links-100x100.jpg\" class=\"attachment-shop_thumbnail size-shop_thumbnail wp-post-image\" alt=\"\" srcset=\"https:\/\/brieger.ch\/wp-content\/uploads\/2021\/10\/31207-Weihnachtsgruesse_1er_WK_links-66x66.jpg 66w, https:\/\/brieger.ch\/wp-content\/uploads\/2021\/10\/31207-Weihnachtsgruesse_1er_WK_links-100x100.jpg 100w, https:\/\/brieger.ch\/wp-content\/uploads\/2021\/10\/31207-Weihnachtsgruesse_1er_WK_links-200x200.jpg 200w, https:\/\/brieger.ch\/wp-content\/uploads\/2021\/10\/31207-Weihnachtsgruesse_1er_WK_links-280x280.jpg 280w, https:\/\/brieger.ch\/wp-content\/uploads\/2021\/10\/31207-Weihnachtsgruesse_1er_WK_links-400x400.jpg 400w, https:\/\/brieger.ch\/wp-content\/uploads\/2021\/10\/31207-Weihnachtsgruesse_1er_WK_links-500x500.jpg 500w, https:\/\/brieger.ch\/wp-content\/uploads\/2021\/10\/31207-Weihnachtsgruesse_1er_WK_links-600x600.jpg 600w, https:\/\/brieger.ch\/wp-content\/uploads\/2021\/10\/31207-Weihnachtsgruesse_1er_WK_links-700x700.jpg 700w, https:\/\/brieger.ch\/wp-content\/uploads\/2021\/10\/31207-Weihnachtsgruesse_1er_WK_links-768x768.jpg 768w, https:\/\/brieger.ch\/wp-content\/uploads\/2021\/10\/31207-Weihnachtsgruesse_1er_WK_links-800x800.jpg 800w, https:\/\/brieger.ch\/wp-content\/uploads\/2021\/10\/31207-Weihnachtsgruesse_1er_WK_links.jpg 1200w\" sizes=\"(max-width: 100px) 100vw, 100px\" \/><\/a><\/td>\n\t\t\t\t<td class=\"abgr\"><a href=\"https:\/\/brieger.ch\/fr\/product\/31207\/\">31207<\/a><\/td>\n\t\t\t\t<td class=\"zahlrechts abgr\"><a href=\"https:\/\/brieger.ch\/fr\/product\/31207\/\">380<\/a><\/td>\n\t\t\t\t<td class=\"zahlrechts abgr\"><a href=\"https:\/\/brieger.ch\/fr\/product\/31207\/\">88<\/a><\/td>\n\t\t\t\t<td class=\"zahlrechts abgr\"><a href=\"https:\/\/brieger.ch\/fr\/product\/31207\/\">100<\/a><\/td>\n\t\t\t\t<td class=\"zahlrechts abgr\"><a href=\"https:\/\/brieger.ch\/fr\/product\/31207\/\">1.5 mm<\/a><\/td>\n\t\t\t\t<td class=\"zahlrechts abgr\"><a href=\"https:\/\/brieger.ch\/fr\/product\/31207\/\">1<\/a><\/td>\n\t\t\t\t<td class=\"zahlrechts abgr\"><a href=\"https:\/\/brieger.ch\/fr\/product\/31207\/\"><div id=\"wpv-view-layout-619-CPID57384\" class=\"js-wpv-view-layout js-wpv-layout-responsive js-wpv-view-layout-619-CPID57384\" data-viewnumber=\"619-CPID57384\" data-pagination=\"{&quot;id&quot;:619,&quot;query&quot;:&quot;normal&quot;,&quot;type&quot;:&quot;disabled&quot;,&quot;effect&quot;:&quot;fade&quot;,&quot;duration&quot;:500,&quot;speed&quot;:5,&quot;pause_on_hover&quot;:&quot;disabled&quot;,&quot;stop_rollover&quot;:&quot;false&quot;,&quot;cache_pages&quot;:&quot;enabled&quot;,&quot;preload_images&quot;:&quot;enabled&quot;,&quot;preload_pages&quot;:&quot;enabled&quot;,&quot;preload_reach&quot;:1,&quot;spinner&quot;:&quot;builtin&quot;,&quot;spinner_image&quot;:&quot;https:\/\/brieger.ch\/wp-content\/plugins\/wp-views\/embedded\/res\/img\/ajax-loader.gif&quot;,&quot;callback_next&quot;:&quot;&quot;,&quot;manage_history&quot;:&quot;disabled&quot;,&quot;has_controls_in_form&quot;:&quot;disabled&quot;,&quot;infinite_tolerance&quot;:&quot;0&quot;,&quot;max_pages&quot;:1,&quot;page&quot;:1,&quot;base_permalink&quot;:&quot;\/fr\/wp-json\/wp\/v2\/pages\/40598?wpv_view_count=619-CPID57384&amp;wpv_paged=WPV_PAGE_NUM&quot;,&quot;loop&quot;:{&quot;type&quot;:&quot;&quot;,&quot;name&quot;:&quot;&quot;,&quot;data&quot;:&#091;&#093;,&quot;id&quot;:0}}\" data-permalink=\"\/fr\/wp-json\/wp\/v2\/pages\/40598?wpv_view_count=619-CPID57384\">\n\n\t\n\t\t<img decoding=\"async\" src=\"https:\/\/brieger.ch\/wp-content\/uploads\/2021\/10\/Weihnachtsgruesse.jpg\" alt=\"Salutations de No\u00ebl\" title=\"Salutations de No\u00ebl\" class=\"attachment-full\" \/>\n\t\n\t\n<\/div><\/a><\/td>\n\t\t\t\t<td class=\"preisrechts\"><a href=\"https:\/\/brieger.ch\/fr\/product\/31207\/\">2.59<\/a><\/td>\n\t\t\t\t<td><a  href=\"https:\/\/brieger.ch\/fr\/product\/31207\/\"><\/a><\/td>\n\t\t\t<\/tr><tr class=\"prodselect\" data-href=\"https:\/\/brieger.ch\/fr\/product\/31135\/\">\n\t\t\t\t<td class=\"prodimg\"><a href=\"https:\/\/brieger.ch\/fr\/product\/31135\/\"><img decoding=\"async\" width=\"100\" height=\"100\" src=\"https:\/\/brieger.ch\/wp-content\/uploads\/2020\/05\/31131_1-100x100.jpg\" class=\"attachment-shop_thumbnail size-shop_thumbnail wp-post-image\" alt=\"\" srcset=\"https:\/\/brieger.ch\/wp-content\/uploads\/2020\/05\/31131_1-66x66.jpg 66w, https:\/\/brieger.ch\/wp-content\/uploads\/2020\/05\/31131_1-100x100.jpg 100w, https:\/\/brieger.ch\/wp-content\/uploads\/2020\/05\/31131_1-200x200.jpg 200w, https:\/\/brieger.ch\/wp-content\/uploads\/2020\/05\/31131_1-280x280.jpg 280w, https:\/\/brieger.ch\/wp-content\/uploads\/2020\/05\/31131_1-400x400.jpg 400w, https:\/\/brieger.ch\/wp-content\/uploads\/2020\/05\/31131_1-500x500.jpg 500w, https:\/\/brieger.ch\/wp-content\/uploads\/2020\/05\/31131_1-600x600.jpg 600w, https:\/\/brieger.ch\/wp-content\/uploads\/2020\/05\/31131_1-700x700.jpg 700w, https:\/\/brieger.ch\/wp-content\/uploads\/2020\/05\/31131_1-768x768.jpg 768w, https:\/\/brieger.ch\/wp-content\/uploads\/2020\/05\/31131_1.jpg 800w\" sizes=\"(max-width: 100px) 100vw, 100px\" \/><\/a><\/td>\n\t\t\t\t<td class=\"abgr\"><a href=\"https:\/\/brieger.ch\/fr\/product\/31135\/\">31135<\/a><\/td>\n\t\t\t\t<td class=\"zahlrechts abgr\"><a href=\"https:\/\/brieger.ch\/fr\/product\/31135\/\">385<\/a><\/td>\n\t\t\t\t<td class=\"zahlrechts abgr\"><a href=\"https:\/\/brieger.ch\/fr\/product\/31135\/\">118<\/a><\/td>\n\t\t\t\t<td class=\"zahlrechts abgr\"><a href=\"https:\/\/brieger.ch\/fr\/product\/31135\/\">110<\/a><\/td>\n\t\t\t\t<td class=\"zahlrechts abgr\"><a href=\"https:\/\/brieger.ch\/fr\/product\/31135\/\">2.5 mm<\/a><\/td>\n\t\t\t\t<td class=\"zahlrechts abgr\"><a href=\"https:\/\/brieger.ch\/fr\/product\/31135\/\">1<\/a><\/td>\n\t\t\t\t<td class=\"zahlrechts abgr\"><a href=\"https:\/\/brieger.ch\/fr\/product\/31135\/\"><div id=\"wpv-view-layout-619-CPID39779\" class=\"js-wpv-view-layout js-wpv-layout-responsive js-wpv-view-layout-619-CPID39779\" data-viewnumber=\"619-CPID39779\" data-pagination=\"{&quot;id&quot;:619,&quot;query&quot;:&quot;normal&quot;,&quot;type&quot;:&quot;disabled&quot;,&quot;effect&quot;:&quot;fade&quot;,&quot;duration&quot;:500,&quot;speed&quot;:5,&quot;pause_on_hover&quot;:&quot;disabled&quot;,&quot;stop_rollover&quot;:&quot;false&quot;,&quot;cache_pages&quot;:&quot;enabled&quot;,&quot;preload_images&quot;:&quot;enabled&quot;,&quot;preload_pages&quot;:&quot;enabled&quot;,&quot;preload_reach&quot;:1,&quot;spinner&quot;:&quot;builtin&quot;,&quot;spinner_image&quot;:&quot;https:\/\/brieger.ch\/wp-content\/plugins\/wp-views\/embedded\/res\/img\/ajax-loader.gif&quot;,&quot;callback_next&quot;:&quot;&quot;,&quot;manage_history&quot;:&quot;disabled&quot;,&quot;has_controls_in_form&quot;:&quot;disabled&quot;,&quot;infinite_tolerance&quot;:&quot;0&quot;,&quot;max_pages&quot;:1,&quot;page&quot;:1,&quot;base_permalink&quot;:&quot;\/fr\/wp-json\/wp\/v2\/pages\/40598?wpv_view_count=619-CPID39779&amp;wpv_paged=WPV_PAGE_NUM&quot;,&quot;loop&quot;:{&quot;type&quot;:&quot;&quot;,&quot;name&quot;:&quot;&quot;,&quot;data&quot;:&#091;&#093;,&quot;id&quot;:0}}\" data-permalink=\"\/fr\/wp-json\/wp\/v2\/pages\/40598?wpv_view_count=619-CPID39779\">\n\n\t\n\t\t<img decoding=\"async\" src=\"https:\/\/brieger.ch\/wp-content\/uploads\/2019\/05\/weiss.jpg\" alt=\"blanc\" title=\"blanc\" class=\"attachment-full\" \/>\n\t\n\t\n<\/div><\/a><\/td>\n\t\t\t\t<td class=\"preisrechts\"><a href=\"https:\/\/brieger.ch\/fr\/product\/31135\/\">3.01<\/a><\/td>\n\t\t\t\t<td><a  href=\"https:\/\/brieger.ch\/fr\/product\/31135\/\"><\/a><\/td>\n\t\t\t<\/tr><tr class=\"prodselect\" data-href=\"https:\/\/brieger.ch\/fr\/product\/31240\/\">\n\t\t\t\t<td class=\"prodimg\"><a href=\"https:\/\/brieger.ch\/fr\/product\/31240\/\"><img decoding=\"async\" width=\"100\" height=\"100\" src=\"https:\/\/brieger.ch\/wp-content\/uploads\/2020\/11\/31240-100x100.jpg\" class=\"attachment-shop_thumbnail size-shop_thumbnail wp-post-image\" alt=\"\" srcset=\"https:\/\/brieger.ch\/wp-content\/uploads\/2020\/11\/31240-66x66.jpg 66w, https:\/\/brieger.ch\/wp-content\/uploads\/2020\/11\/31240-100x100.jpg 100w, https:\/\/brieger.ch\/wp-content\/uploads\/2020\/11\/31240-200x200.jpg 200w, https:\/\/brieger.ch\/wp-content\/uploads\/2020\/11\/31240-280x280.jpg 280w, https:\/\/brieger.ch\/wp-content\/uploads\/2020\/11\/31240-400x400.jpg 400w, https:\/\/brieger.ch\/wp-content\/uploads\/2020\/11\/31240-500x500.jpg 500w, https:\/\/brieger.ch\/wp-content\/uploads\/2020\/11\/31240-600x600.jpg 600w, https:\/\/brieger.ch\/wp-content\/uploads\/2020\/11\/31240-700x700.jpg 700w, https:\/\/brieger.ch\/wp-content\/uploads\/2020\/11\/31240-768x768.jpg 768w, https:\/\/brieger.ch\/wp-content\/uploads\/2020\/11\/31240-800x800.jpg 800w, https:\/\/brieger.ch\/wp-content\/uploads\/2020\/11\/31240.jpg 1200w\" sizes=\"(max-width: 100px) 100vw, 100px\" \/><\/a><\/td>\n\t\t\t\t<td class=\"abgr\"><a href=\"https:\/\/brieger.ch\/fr\/product\/31240\/\">31240<\/a><\/td>\n\t\t\t\t<td class=\"zahlrechts abgr\"><a href=\"https:\/\/brieger.ch\/fr\/product\/31240\/\">395<\/a><\/td>\n\t\t\t\t<td class=\"zahlrechts abgr\"><a href=\"https:\/\/brieger.ch\/fr\/product\/31240\/\">360<\/a><\/td>\n\t\t\t\t<td class=\"zahlrechts abgr\"><a href=\"https:\/\/brieger.ch\/fr\/product\/31240\/\">101<\/a><\/td>\n\t\t\t\t<td class=\"zahlrechts abgr\"><a href=\"https:\/\/brieger.ch\/fr\/product\/31240\/\"><\/a><\/td>\n\t\t\t\t<td class=\"zahlrechts abgr\"><a href=\"https:\/\/brieger.ch\/fr\/product\/31240\/\">4<\/a><\/td>\n\t\t\t\t<td class=\"zahlrechts abgr\"><a href=\"https:\/\/brieger.ch\/fr\/product\/31240\/\"><div id=\"wpv-view-layout-619-CPID45649\" class=\"js-wpv-view-layout js-wpv-layout-responsive js-wpv-view-layout-619-CPID45649\" data-viewnumber=\"619-CPID45649\" data-pagination=\"{&quot;id&quot;:619,&quot;query&quot;:&quot;normal&quot;,&quot;type&quot;:&quot;disabled&quot;,&quot;effect&quot;:&quot;fade&quot;,&quot;duration&quot;:500,&quot;speed&quot;:5,&quot;pause_on_hover&quot;:&quot;disabled&quot;,&quot;stop_rollover&quot;:&quot;false&quot;,&quot;cache_pages&quot;:&quot;enabled&quot;,&quot;preload_images&quot;:&quot;enabled&quot;,&quot;preload_pages&quot;:&quot;enabled&quot;,&quot;preload_reach&quot;:1,&quot;spinner&quot;:&quot;builtin&quot;,&quot;spinner_image&quot;:&quot;https:\/\/brieger.ch\/wp-content\/plugins\/wp-views\/embedded\/res\/img\/ajax-loader.gif&quot;,&quot;callback_next&quot;:&quot;&quot;,&quot;manage_history&quot;:&quot;disabled&quot;,&quot;has_controls_in_form&quot;:&quot;disabled&quot;,&quot;infinite_tolerance&quot;:&quot;0&quot;,&quot;max_pages&quot;:1,&quot;page&quot;:1,&quot;base_permalink&quot;:&quot;\/fr\/wp-json\/wp\/v2\/pages\/40598?wpv_view_count=619-CPID45649&amp;wpv_paged=WPV_PAGE_NUM&quot;,&quot;loop&quot;:{&quot;type&quot;:&quot;&quot;,&quot;name&quot;:&quot;&quot;,&quot;data&quot;:&#091;&#093;,&quot;id&quot;:0}}\" data-permalink=\"\/fr\/wp-json\/wp\/v2\/pages\/40598?wpv_view_count=619-CPID45649\">\n\n\t\n\t\t<img decoding=\"async\" src=\"https:\/\/brieger.ch\/wp-content\/uploads\/2019\/05\/schwarz.jpg\" alt=\"noir\" title=\"noir\" class=\"attachment-full\" \/>\n\t\n\t\n<\/div><\/a><\/td>\n\t\t\t\t<td class=\"preisrechts\"><a href=\"https:\/\/brieger.ch\/fr\/product\/31240\/\">6.59<\/a><\/td>\n\t\t\t\t<td><a  href=\"https:\/\/brieger.ch\/fr\/product\/31240\/\"><\/a><\/td>\n\t\t\t<\/tr><tr class=\"prodselect\" data-href=\"https:\/\/brieger.ch\/fr\/product\/31228\/\">\n\t\t\t\t<td class=\"prodimg\"><a href=\"https:\/\/brieger.ch\/fr\/product\/31228\/\"><img decoding=\"async\" width=\"100\" height=\"100\" src=\"https:\/\/brieger.ch\/wp-content\/uploads\/2020\/05\/31224-100x100.jpg\" class=\"attachment-shop_thumbnail size-shop_thumbnail wp-post-image\" alt=\"\" srcset=\"https:\/\/brieger.ch\/wp-content\/uploads\/2020\/05\/31224-66x66.jpg 66w, https:\/\/brieger.ch\/wp-content\/uploads\/2020\/05\/31224-100x100.jpg 100w, https:\/\/brieger.ch\/wp-content\/uploads\/2020\/05\/31224-200x200.jpg 200w, https:\/\/brieger.ch\/wp-content\/uploads\/2020\/05\/31224-280x280.jpg 280w, https:\/\/brieger.ch\/wp-content\/uploads\/2020\/05\/31224-400x400.jpg 400w, https:\/\/brieger.ch\/wp-content\/uploads\/2020\/05\/31224-500x500.jpg 500w, https:\/\/brieger.ch\/wp-content\/uploads\/2020\/05\/31224-600x600.jpg 600w, https:\/\/brieger.ch\/wp-content\/uploads\/2020\/05\/31224-700x700.jpg 700w, https:\/\/brieger.ch\/wp-content\/uploads\/2020\/05\/31224-768x768.jpg 768w, https:\/\/brieger.ch\/wp-content\/uploads\/2020\/05\/31224.jpg 800w\" sizes=\"(max-width: 100px) 100vw, 100px\" \/><\/a><\/td>\n\t\t\t\t<td class=\"abgr\"><a href=\"https:\/\/brieger.ch\/fr\/product\/31228\/\">31228<\/a><\/td>\n\t\t\t\t<td class=\"zahlrechts abgr\"><a href=\"https:\/\/brieger.ch\/fr\/product\/31228\/\">405<\/a><\/td>\n\t\t\t\t<td class=\"zahlrechts abgr\"><a href=\"https:\/\/brieger.ch\/fr\/product\/31228\/\">116<\/a><\/td>\n\t\t\t\t<td class=\"zahlrechts abgr\"><a href=\"https:\/\/brieger.ch\/fr\/product\/31228\/\">124<\/a><\/td>\n\t\t\t\t<td class=\"zahlrechts abgr\"><a href=\"https:\/\/brieger.ch\/fr\/product\/31228\/\">1.5 mm<\/a><\/td>\n\t\t\t\t<td class=\"zahlrechts abgr\"><a href=\"https:\/\/brieger.ch\/fr\/product\/31228\/\">1<\/a><\/td>\n\t\t\t\t<td class=\"zahlrechts abgr\"><a href=\"https:\/\/brieger.ch\/fr\/product\/31228\/\"><div id=\"wpv-view-layout-619-CPID43335\" class=\"js-wpv-view-layout js-wpv-layout-responsive js-wpv-view-layout-619-CPID43335\" data-viewnumber=\"619-CPID43335\" data-pagination=\"{&quot;id&quot;:619,&quot;query&quot;:&quot;normal&quot;,&quot;type&quot;:&quot;disabled&quot;,&quot;effect&quot;:&quot;fade&quot;,&quot;duration&quot;:500,&quot;speed&quot;:5,&quot;pause_on_hover&quot;:&quot;disabled&quot;,&quot;stop_rollover&quot;:&quot;false&quot;,&quot;cache_pages&quot;:&quot;enabled&quot;,&quot;preload_images&quot;:&quot;enabled&quot;,&quot;preload_pages&quot;:&quot;enabled&quot;,&quot;preload_reach&quot;:1,&quot;spinner&quot;:&quot;builtin&quot;,&quot;spinner_image&quot;:&quot;https:\/\/brieger.ch\/wp-content\/plugins\/wp-views\/embedded\/res\/img\/ajax-loader.gif&quot;,&quot;callback_next&quot;:&quot;&quot;,&quot;manage_history&quot;:&quot;disabled&quot;,&quot;has_controls_in_form&quot;:&quot;disabled&quot;,&quot;infinite_tolerance&quot;:&quot;0&quot;,&quot;max_pages&quot;:1,&quot;page&quot;:1,&quot;base_permalink&quot;:&quot;\/fr\/wp-json\/wp\/v2\/pages\/40598?wpv_view_count=619-CPID43335&amp;wpv_paged=WPV_PAGE_NUM&quot;,&quot;loop&quot;:{&quot;type&quot;:&quot;&quot;,&quot;name&quot;:&quot;&quot;,&quot;data&quot;:&#091;&#093;,&quot;id&quot;:0}}\" data-permalink=\"\/fr\/wp-json\/wp\/v2\/pages\/40598?wpv_view_count=619-CPID43335\">\n\n\t\n\t\t<img decoding=\"async\" src=\"https:\/\/brieger.ch\/wp-content\/uploads\/2019\/05\/schwarz.jpg\" alt=\"noir\" title=\"noir\" class=\"attachment-full\" \/>\n\t\n\t\n<\/div><\/a><\/td>\n\t\t\t\t<td class=\"preisrechts\"><a href=\"https:\/\/brieger.ch\/fr\/product\/31228\/\">4.03<\/a><\/td>\n\t\t\t\t<td><a  href=\"https:\/\/brieger.ch\/fr\/product\/31228\/\"><\/a><\/td>\n\t\t\t<\/tr>\n\t\t<\/tbody>\n\t<\/table>\n\t\n<p class=\"anzhits\">R\u00e9sultats: 48<\/p>\n\t\n<\/div>\n<\/div><div class=\"fusion-text fusion-text-10\"><\/div><div class=\"fusion-clearfix\"><\/div><\/div><\/div><\/div><\/div><div class=\"fusion-fullwidth fullwidth-box fusion-builder-row-4 nonhundred-percent-fullwidth non-hundred-percent-height-scrolling\" style=\"--awb-border-radius-top-left:0px;--awb-border-radius-top-right:0px;--awb-border-radius-bottom-right:0px;--awb-border-radius-bottom-left:0px;--awb-padding-top:44px;--awb-flex-wrap:wrap;\" ><div class=\"fusion-builder-row fusion-row\"><div class=\"fusion-layout-column fusion_builder_column fusion-builder-column-10 fusion_builder_column_1_1 1_1 fusion-one-full fusion-column-first fusion-column-last\" style=\"--awb-bg-size:cover;\"><div class=\"fusion-column-wrapper fusion-column-has-shadow fusion-flex-column-wrapper-legacy\"><div class=\"fusion-title title fusion-title-1 fusion-title-text fusion-title-size-two\" style=\"--awb-sep-color:var(--awb-color3);\"><h2 class=\"fusion-title-heading title-heading-left\" style=\"margin:0;\">Bo\u00eetes cadeaux pliantes \u2013 la solution pratique<\/h2><span class=\"awb-title-spacer\"><\/span><div class=\"title-sep-container\"><div class=\"title-sep sep-single sep-solid\" style=\"border-color:var(--awb-color3);\"><\/div><\/div><\/div><div class=\"fusion-text fusion-text-11\"><p>Notre s\u00e9rie d\u2019emballages cadeaux en <a href=\"https:\/\/brieger.ch\/fr\/boites\/boites-pliantes\/\">bo\u00eetes pliantes<\/a> fait partie des solutions d\u2019emballage les plus flexibles et les plus efficaces. Ces <a href=\"https:\/\/brieger.ch\/fr\/boites\/\">bo\u00eetes<\/a> sont livr\u00e9es \u00e0 plat, ce qui permet de les stocker de mani\u00e8re tr\u00e8s compacte. Elles peuvent ensuite \u00eatre mont\u00e9es rapidement et offrent une excellente stabilit\u00e9 pour emballer vos produits.<\/p>\n<p>Pour les entreprises qui doivent emballer de grandes quantit\u00e9s de produits \u2013 par exemple dans <a href=\"https:\/\/brieger.ch\/fr\/e-commerce\/\">l\u2019emballage pour commerce en ligne<\/a>, la vente au d\u00e9tail ou lors d\u2019actions promotionnelles \u2013 les bo\u00eetes pliantes repr\u00e9sentent une solution particuli\u00e8rement pratique.<\/p>\n<p>Les coffrets cadeaux sont disponibles dans diff\u00e9rentes couleurs, tailles et finitions. Des petites bo\u00eetes cadeaux aux emballages plus grands pour plusieurs produits, il existe des <a href=\"https:\/\/brieger.ch\/fr\/\">solutions d\u2019emballages<\/a> adapt\u00e9es \u00e0 de nombreuses applications. Les mod\u00e8les avec ou sans fen\u00eatre offrent \u00e9galement des possibilit\u00e9s suppl\u00e9mentaires de pr\u00e9sentation.<\/p>\n<p>Un autre avantage important : les bo\u00eetes pliantes peuvent \u00eatre personnalis\u00e9es avec une impression. Elles sont donc id\u00e9ales pour les entreprises qui souhaitent renforcer la visibilit\u00e9 de leur marque avec un emballage professionnel.<\/p>\n<\/div><div class=\"fusion-title title fusion-title-2 fusion-title-text fusion-title-size-two\" style=\"--awb-sep-color:var(--awb-color3);\"><h2 class=\"fusion-title-heading title-heading-left\" style=\"margin:0;\">Emballages cadeaux avec fen\u00eatre<\/h2><span class=\"awb-title-spacer\"><\/span><div class=\"title-sep-container\"><div class=\"title-sep sep-single sep-solid\" style=\"border-color:var(--awb-color3);\"><\/div><\/div><\/div><div class=\"fusion-text fusion-text-12\"><p>Les emballages cadeaux avec fen\u00eatre offrent une excellente possibilit\u00e9 de pr\u00e9senter les produits de mani\u00e8re visible. Gr\u00e2ce \u00e0 la fen\u00eatre int\u00e9gr\u00e9e, les clients peuvent voir le contenu avant m\u00eame d\u2019ouvrir la bo\u00eete.<\/p>\n<p>Ce type d\u2019emballage est particuli\u00e8rement adapt\u00e9 pour des produits haut de gamme comme les chocolats, les cosm\u00e9tiques, les bougies, les boissons ou les sp\u00e9cialit\u00e9s gastronomiques. L\u2019association d\u2019un carton solide et d\u2019une fen\u00eatre transparente cr\u00e9e une pr\u00e9sentation \u00e9l\u00e9gante qui attire l\u2019attention dans les rayons.<\/p>\n<p>M\u00eame pour l\u2019exp\u00e9dition, ces emballages peuvent \u00eatre utilis\u00e9s efficacement. Combin\u00e9s avec un emballage de transport adapt\u00e9, les produits restent parfaitement prot\u00e9g\u00e9s tout en conservant une pr\u00e9sentation haut de gamme.<\/p>\n<\/div><div class=\"fusion-title title fusion-title-3 fusion-title-text fusion-title-size-two\" style=\"--awb-sep-color:var(--awb-color3);\"><h2 class=\"fusion-title-heading title-heading-left\" style=\"margin:0;\">Acheter des emballages cadeaux en ligne<\/h2><span class=\"awb-title-spacer\"><\/span><div class=\"title-sep-container\"><div class=\"title-sep sep-single sep-solid\" style=\"border-color:var(--awb-color3);\"><\/div><\/div><\/div><div class=\"fusion-text fusion-text-13\"><p>Vous pouvez acheter facilement vos emballages cadeaux en ligne. Notre assortiment s\u2019adresse aussi bien aux entreprises ayant des besoins importants qu\u2019aux particuliers recherchant de petites quantit\u00e9s.<\/p>\n<p>Gr\u00e2ce au syst\u00e8me de filtres pratique, vous pouvez rapidement trouver la solution adapt\u00e9e en fonction de la taille, de la couleur, de la qualit\u00e9 du carton ou du nombre de bouteilles.<\/p>\n<p>Le processus de commande est clair et rapide, et la livraison rapide en Suisse vous permet de recevoir vos solutions d\u2019emballage sans d\u00e9lai. Sur demande, nous pouvons \u00e9galement fournir des \u00e9chantillons afin que vous puissiez v\u00e9rifier la qualit\u00e9 et le design avant de passer une commande plus importante.<\/p>\n<\/div><div class=\"fusion-title title fusion-title-4 fusion-title-text fusion-title-size-two\" style=\"--awb-sep-color:var(--awb-color3);\"><h2 class=\"fusion-title-heading title-heading-left\" style=\"margin:0;\">Aper\u00e7u de nos cat\u00e9gories d\u2019emballages cadeaux<\/h2><span class=\"awb-title-spacer\"><\/span><div class=\"title-sep-container\"><div class=\"title-sep sep-single sep-solid\" style=\"border-color:var(--awb-color3);\"><\/div><\/div><\/div><div class=\"fusion-text fusion-text-14\"><p>Afin de vous aider \u00e0 trouver rapidement l\u2019emballage adapt\u00e9 \u00e0 votre produit ou \u00e0 votre id\u00e9e cadeau, BRIEGER propose diff\u00e9rentes gammes et s\u00e9ries d\u2019emballages avec des designs et des mat\u00e9riaux vari\u00e9s.<\/p>\n<\/div><div class=\"fusion-text fusion-text-15\"><h3>Emballages cadeaux pour No\u00ebl<\/h3>\n<p>Pour les f\u00eates de fin d\u2019ann\u00e9e, BRIEGER propose des emballages sp\u00e9cialement con\u00e7us avec des motifs et designs de No\u00ebl. Ils sont parfaits pour les campagnes de cadeaux saisonni\u00e8res ou les coffrets cadeaux festifs.<\/p>\n<h3><span style=\"font-weight: 400;\">Emballages cadeaux Pure Line<\/span><\/h3>\n<p><span style=\"font-weight: 400;\">La s\u00e9rie Pure Line se distingue par une \u00e9l\u00e9gance minimaliste. Les emballages dans des tons naturels ou noirs offrent un style moderne et discret, id\u00e9al pour des id\u00e9es cadeaux contemporaines.<\/span><\/p>\n<h3><span style=\"font-weight: 400;\">Emballages cadeaux Struktura Vita<\/span><\/h3>\n<p><span style=\"font-weight: 400;\">Les emballages de la gamme Struktura Vita se caract\u00e9risent par leur surface textur\u00e9e et leurs couleurs \u00e9l\u00e9gantes comme l\u2019anthracite ou le noir. Ils sont particuli\u00e8rement adapt\u00e9s aux pr\u00e9sentations de produits haut de gamme.<\/span><\/p>\n<h3><span style=\"font-weight: 400;\">Emballages cadeaux ondulation ouverte<\/span><\/h3>\n<p><span style=\"font-weight: 400;\">Ces emballages mettent en valeur la structure de la cannelure du carton, cr\u00e9ant un style naturel et original. Ils sont souvent utilis\u00e9s pour des produits gourmands ou des coffrets cadeaux artisanaux.<\/span><\/p>\n<h3><span style=\"font-weight: 400;\">Emballages cadeaux bruns<\/span><\/h3>\n<p><span style=\"font-weight: 400;\">Les emballages dans des tons naturels ou imitation bois offrent un aspect authentique et chaleureux. Ils sont parfaits pour les bouteilles de vin, les produits gastronomiques ou les produits artisanaux.<\/span><\/p>\n<h3><span style=\"font-weight: 400;\">Emballages cadeaux bo\u00eetes pliantes<\/span><\/h3>\n<p><span style=\"font-weight: 400;\">Les bo\u00eetes pliantes en carton sont particuli\u00e8rement pratiques et peu encombrantes. Elles sont rapides \u00e0 monter, robustes et id\u00e9ales pour les op\u00e9rations d\u2019exp\u00e9dition ou les actions promotionnelles.<\/span><\/p>\n<h3><span style=\"font-weight: 400;\">Emballages cadeaux Ligne Noire<\/span><\/h3>\n<p><a href=\"https:\/\/brieger.ch\/fr\/ligne-noire\/\"><span style=\"font-weight: 400;\">La collection Ligne Noire<\/span><\/a><span style=\"font-weight: 400;\"> propose des coffrets en carton noir \u00e9l\u00e9gants avec une finition premium. Ils sont parfaitement adapt\u00e9s pour les produits haut de gamme et le branding d\u2019entreprise.<\/span><\/p>\n<h2><span style=\"font-weight: 400;\">Personnaliser les emballages cadeaux \u2013 rendre votre marque visible<\/span><\/h2>\n<p><span style=\"font-weight: 400;\">Les emballages personnalis\u00e9s permettent aux entreprises de renforcer leur image de marque. Chez BRIEGER, il est possible de faire imprimer vos emballages cadeaux avec votre logo, un slogan ou un design graphique sp\u00e9cifique.<\/span><\/p>\n<p><span style=\"font-weight: 400;\">Un emballage personnalis\u00e9 augmente la reconnaissance de la marque et donne une impression professionnelle aux clients et partenaires.<\/span><\/p>\n<p><span style=\"font-weight: 400;\">Lors de campagnes promotionnelles, de salons ou de lancements de produits, un emballage coh\u00e9rent contribue fortement \u00e0 l\u2019image globale de l\u2019entreprise. De nombreuses solutions d\u2019emballage peuvent \u00eatre personnalis\u00e9es m\u00eame pour des petites s\u00e9ries.<\/span><\/p>\n<h2><span style=\"font-weight: 400;\">Des emballages cadeaux de qualit\u00e9 pour chaque occasion<\/span><\/h2>\n<p><span style=\"font-weight: 400;\">Un emballage cadeau de qualit\u00e9 ne se limite pas \u00e0 prot\u00e9ger un produit. Il am\u00e9liore la pr\u00e9sentation, valorise le contenu et cr\u00e9e une exp\u00e9rience m\u00e9morable pour le destinataire.<\/span><\/p>\n<p><span style=\"font-weight: 400;\">Avec les solutions d\u2019emballage de BRIEGER, vous b\u00e9n\u00e9ficiez de mat\u00e9riaux robustes, de designs attrayants et de solutions adapt\u00e9es \u00e0 de nombreuses applications. Qu\u2019il s\u2019agisse de cadeaux d\u2019entreprise, d\u2019actions promotionnelles saisonni\u00e8res ou de coffrets produits premium, vous trouverez chez BRIEGER l\u2019emballage id\u00e9al.<\/span><\/p>\n<p><span style=\"font-weight: 400;\">D\u00e9couvrez notre assortiment et commandez vos emballages cadeaux facilement en ligne.<\/span><\/p>\n<\/div><div class=\"fusion-clearfix\"><\/div><\/div><\/div><\/div><\/div><div id=\"instructions-de-montage\" class=\"fusion-container-anchor\"><div class=\"fusion-fullwidth fullwidth-box fusion-builder-row-5 fusion-flex-container has-pattern-background has-mask-background nonhundred-percent-fullwidth non-hundred-percent-height-scrolling\" style=\"--awb-border-radius-top-left:0px;--awb-border-radius-top-right:0px;--awb-border-radius-bottom-right:0px;--awb-border-radius-bottom-left:0px;--awb-padding-top:30px;--awb-padding-right:30px;--awb-padding-bottom:30px;--awb-padding-left:30px;--awb-margin-top:75px;--awb-background-image:linear-gradient(180deg, rgba(246,246,246,0.39) 0%,rgba(224,222,222,0.26) 100%);--awb-flex-wrap:wrap;\" ><div class=\"fusion-builder-row fusion-row fusion-flex-align-items-flex-start fusion-flex-content-wrap\" style=\"max-width:1144px;margin-left: calc(-4% \/ 2 );margin-right: calc(-4% \/ 2 );\"><div class=\"fusion-layout-column fusion_builder_column fusion-builder-column-11 fusion_builder_column_1_1 1_1 fusion-flex-column\" style=\"--awb-bg-size:cover;--awb-width-large:100%;--awb-margin-top-large:0px;--awb-spacing-right-large:1.92%;--awb-margin-bottom-large:0px;--awb-spacing-left-large:1.92%;--awb-width-medium:100%;--awb-order-medium:0;--awb-spacing-right-medium:1.92%;--awb-spacing-left-medium:1.92%;--awb-width-small:100%;--awb-order-small:0;--awb-spacing-right-small:1.92%;--awb-spacing-left-small:1.92%;\" data-scroll-devices=\"small-visibility,medium-visibility,large-visibility\"><div class=\"fusion-column-wrapper fusion-column-has-shadow fusion-flex-justify-content-flex-start fusion-content-layout-column\"><div class=\"fusion-title title fusion-title-5 fusion-sep-none fusion-title-text fusion-title-size-two\" style=\"--awb-text-color:#212934;\"><h2 class=\"fusion-title-heading title-heading-left\" style=\"margin:0;\">Instructions de montage<\/h2><\/div><\/div><\/div><div class=\"fusion-layout-column fusion_builder_column fusion-builder-column-12 fusion_builder_column_1_6 1_6 fusion-flex-column\" style=\"--awb-bg-size:cover;--awb-width-large:16.666666666667%;--awb-margin-top-large:0px;--awb-spacing-right-large:11.52%;--awb-margin-bottom-large:20px;--awb-spacing-left-large:11.52%;--awb-width-medium:100%;--awb-order-medium:0;--awb-spacing-right-medium:1.92%;--awb-spacing-left-medium:1.92%;--awb-width-small:100%;--awb-order-small:0;--awb-spacing-right-small:1.92%;--awb-spacing-left-small:1.92%;\"><div class=\"fusion-column-wrapper fusion-column-has-shadow fusion-flex-justify-content-flex-start fusion-content-layout-column\"><a class=\"awb-lightbox awb-lightbox-1\" data-title=\"Emballage cadeaux, noir, partie 1 : coffret\" title=\"Emballage cadeaux, noir, partie 1 : coffret\" href=\"https:\/\/www.youtube.com\/watch?v=Ouu2dszt644&amp;list=PLS0QyrhLU4M9fd3fN6peMDcTZtbo1c_X8&amp;index=11&amp;pp=iAQB\" data-caption=\"Instructions de montage\" data-rel=\"iLightbox\"><img decoding=\"async\" src=\"https:\/\/brieger.ch\/wp-content\/uploads\/2020\/07\/youtube-lightbox.jpg\"><\/a><div class=\"fusion-text fusion-text-16\" style=\"--awb-font-size:12px;--awb-margin-top:15px;\"><p>Emballage cadeaux, noir, partie 1 : coffret<\/p>\n<\/div><\/div><\/div><div class=\"fusion-layout-column fusion_builder_column fusion-builder-column-13 fusion_builder_column_1_6 1_6 fusion-flex-column\" style=\"--awb-bg-size:cover;--awb-width-large:16.666666666667%;--awb-margin-top-large:0px;--awb-spacing-right-large:11.52%;--awb-margin-bottom-large:20px;--awb-spacing-left-large:11.52%;--awb-width-medium:100%;--awb-order-medium:0;--awb-spacing-right-medium:1.92%;--awb-spacing-left-medium:1.92%;--awb-width-small:100%;--awb-order-small:0;--awb-spacing-right-small:1.92%;--awb-spacing-left-small:1.92%;\"><div class=\"fusion-column-wrapper fusion-column-has-shadow fusion-flex-justify-content-flex-start fusion-content-layout-column\"><a class=\"awb-lightbox awb-lightbox-2\" data-title=\"Emballage cadeaux, noir, partie 2 : insert et assemblage\" title=\"Emballage cadeaux, noir, partie 2 : insert et assemblage\" href=\"https:\/\/www.youtube.com\/watch?v=2qnSYR9gD5M&amp;list=PLS0QyrhLU4M9fd3fN6peMDcTZtbo1c_X8&amp;index=12&amp;pp=iAQB\" data-caption=\"Instructions de montage\" data-rel=\"iLightbox\"><img decoding=\"async\" src=\"https:\/\/brieger.ch\/wp-content\/uploads\/2020\/07\/youtube-lightbox.jpg\"><\/a><div class=\"fusion-text fusion-text-17\" style=\"--awb-font-size:12px;--awb-margin-top:15px;\"><p>Emballage cadeaux, noir, partie 2 : insert et assemblage<\/p>\n<\/div><\/div><\/div><div class=\"fusion-layout-column fusion_builder_column fusion-builder-column-14 fusion_builder_column_1_2 1_2 fusion-flex-column\" style=\"--awb-bg-size:cover;--awb-width-large:50%;--awb-margin-top-large:0px;--awb-spacing-right-large:3.84%;--awb-margin-bottom-large:20px;--awb-spacing-left-large:3.84%;--awb-width-medium:100%;--awb-order-medium:0;--awb-spacing-right-medium:1.92%;--awb-spacing-left-medium:1.92%;--awb-width-small:100%;--awb-order-small:0;--awb-spacing-right-small:1.92%;--awb-spacing-left-small:1.92%;\"><div class=\"fusion-column-wrapper fusion-column-has-shadow fusion-flex-justify-content-flex-start fusion-content-layout-column\"><div class=\"fusion-image-element \" style=\"text-align:center;--awb-max-width:100px;--awb-caption-title-font-family:var(--h2_typography-font-family);--awb-caption-title-font-weight:var(--h2_typography-font-weight);--awb-caption-title-font-style:var(--h2_typography-font-style);--awb-caption-title-size:var(--h2_typography-font-size);--awb-caption-title-transform:var(--h2_typography-text-transform);--awb-caption-title-line-height:var(--h2_typography-line-height);--awb-caption-title-letter-spacing:var(--h2_typography-letter-spacing);\"><span class=\" fusion-imageframe imageframe-none imageframe-7 hover-type-none\"><img decoding=\"async\" width=\"1000\" height=\"1000\" title=\"Brieger-QR_Playlist_Aufbauvideos_fr\" src=\"https:\/\/brieger.ch\/wp-content\/uploads\/2023\/05\/Brieger-QR_Playlist_Aufbauvideos_fr.jpg\" alt class=\"img-responsive wp-image-77698\" srcset=\"https:\/\/brieger.ch\/wp-content\/uploads\/2023\/05\/Brieger-QR_Playlist_Aufbauvideos_fr-200x200.jpg 200w, https:\/\/brieger.ch\/wp-content\/uploads\/2023\/05\/Brieger-QR_Playlist_Aufbauvideos_fr-400x400.jpg 400w, https:\/\/brieger.ch\/wp-content\/uploads\/2023\/05\/Brieger-QR_Playlist_Aufbauvideos_fr-600x600.jpg 600w, https:\/\/brieger.ch\/wp-content\/uploads\/2023\/05\/Brieger-QR_Playlist_Aufbauvideos_fr-800x800.jpg 800w, https:\/\/brieger.ch\/wp-content\/uploads\/2023\/05\/Brieger-QR_Playlist_Aufbauvideos_fr.jpg 1000w\" sizes=\"(max-width: 1024px) 100vw, (max-width: 640px) 100vw, 600px\" \/><\/span><\/div><div style=\"text-align:center;\"><a class=\"fusion-button button-flat fusion-button-default-size button-default fusion-button-default button-2 fusion-button-default-span fusion-button-default-type\" style=\"--button_margin-top:40px;\" target=\"_blank\" rel=\"noopener noreferrer\" href=\"https:\/\/youtube.com\/playlist?list=PLS0QyrhLU4M9fd3fN6peMDcTZtbo1c_X8\"><span class=\"fusion-button-text\">Toutes les instructions de montage<\/span><i class=\"fa-arrow-right fas button-icon-right\" aria-hidden=\"true\"><\/i><\/a><\/div><\/div><\/div><\/div><\/div><\/div><div class=\"fusion-fullwidth fullwidth-box fusion-builder-row-6 fusion-flex-container has-pattern-background has-mask-background nonhundred-percent-fullwidth non-hundred-percent-height-scrolling\" style=\"--awb-border-radius-top-left:0px;--awb-border-radius-top-right:0px;--awb-border-radius-bottom-right:0px;--awb-border-radius-bottom-left:0px;--awb-flex-wrap:wrap;\" ><div class=\"fusion-builder-row fusion-row fusion-flex-align-items-flex-start fusion-flex-content-wrap\" style=\"max-width:1144px;margin-left: calc(-4% \/ 2 );margin-right: calc(-4% \/ 2 );\"><div class=\"fusion-layout-column fusion_builder_column fusion-builder-column-15 fusion_builder_column_1_1 1_1 fusion-flex-column\" style=\"--awb-bg-size:cover;--awb-width-large:100%;--awb-margin-top-large:0px;--awb-spacing-right-large:1.92%;--awb-margin-bottom-large:20px;--awb-spacing-left-large:1.92%;--awb-width-medium:100%;--awb-order-medium:0;--awb-spacing-right-medium:1.92%;--awb-spacing-left-medium:1.92%;--awb-width-small:100%;--awb-order-small:0;--awb-spacing-right-small:1.92%;--awb-spacing-left-small:1.92%;\"><div class=\"fusion-column-wrapper fusion-column-has-shadow fusion-flex-justify-content-flex-start fusion-content-layout-column\"><div class=\"fusion-separator fusion-has-icon fusion-full-width-sep\" style=\"align-self: center;margin-left: auto;margin-right: auto;margin-bottom:20px;width:100%;\"><div class=\"fusion-separator-border sep-single sep-solid\" style=\"--awb-height:20px;--awb-amount:20px;--awb-sep-color:var(--awb-color3);border-color:var(--awb-color3);border-top-width:2px;\"><\/div><span class=\"icon-wrapper\" style=\"border-color:var(--awb-color3);background-color:var(--awb-color1);font-size:14px;width: 1.75em; height: 1.75em;border-width:2px;padding:2px;margin-top:-1px\"><i class=\"fa-question fas\" style=\"font-size: inherit;color:var(--awb-color3);\" aria-hidden=\"true\"><\/i><\/span><div class=\"fusion-separator-border sep-single sep-solid\" style=\"--awb-height:20px;--awb-amount:20px;--awb-sep-color:var(--awb-color3);border-color:var(--awb-color3);border-top-width:2px;\"><\/div><\/div><div class=\"fusion-title title fusion-title-6 fusion-title-center fusion-title-text fusion-title-size-two\"><div class=\"title-sep-container title-sep-container-left\"><div class=\"title-sep sep-double sep-solid\" style=\"border-color:#e0dede;\"><\/div><\/div><span class=\"awb-title-spacer\"><\/span><h2 class=\"fusion-title-heading title-heading-center\" style=\"margin:0;\">FAQ<\/h2><span class=\"awb-title-spacer\"><\/span><div class=\"title-sep-container title-sep-container-right\"><div class=\"title-sep sep-double sep-solid\" style=\"border-color:#e0dede;\"><\/div><\/div><\/div><div class=\"accordian fusion-accordian\" style=\"--awb-border-size:1px;--awb-icon-size:13px;--awb-content-font-size:14px;--awb-icon-alignment:left;--awb-hover-color:#f9f9f9;--awb-border-color:#cccccc;--awb-background-color:#ffffff;--awb-divider-color:#e0dede;--awb-divider-hover-color:#e0dede;--awb-icon-color:#ffffff;--awb-title-color:#ce5400;--awb-content-color:#747474;--awb-icon-box-color:#333333;--awb-toggle-hover-accent-color:#ce5400;--awb-title-font-family:&quot;Helvetica Neue Bold&quot;;--awb-title-font-weight:400;--awb-title-font-style:normal;--awb-content-font-family:&quot;Helvetica Neue Roman&quot;;--awb-content-font-style:normal;--awb-content-font-weight:400;\"><div class=\"panel-group fusion-toggle-icon-boxed\" id=\"accordion-40598-1\"><div class=\"fusion-panel panel-default panel-8737100fd321dc6d3 fusion-toggle-has-divider\" style=\"--awb-title-color:#ce5400;\"><div class=\"panel-heading\"><h3 class=\"panel-title toggle\" id=\"toggle_8737100fd321dc6d3\"><a aria-expanded=\"false\" aria-controls=\"8737100fd321dc6d3\" role=\"button\" data-toggle=\"collapse\" data-parent=\"#accordion-40598-1\" data-target=\"#8737100fd321dc6d3\" href=\"#8737100fd321dc6d3\"><span class=\"fusion-toggle-icon-wrapper\" aria-hidden=\"true\"><i class=\"fa-fusion-box active-icon awb-icon-minus\" aria-hidden=\"true\"><\/i><i class=\"fa-fusion-box inactive-icon awb-icon-plus\" aria-hidden=\"true\"><\/i><\/span><span class=\"fusion-toggle-heading\">Que sont les emballages cadeaux en carton ?<\/span><\/a><\/h3><\/div><div id=\"8737100fd321dc6d3\" class=\"panel-collapse collapse \" aria-labelledby=\"toggle_8737100fd321dc6d3\"><div class=\"panel-body toggle-content fusion-clearfix\">\n<p>Les emballages cadeaux en carton sont des solutions d\u2019emballage solides sp\u00e9cialement con\u00e7ues pour emballer des cadeaux de mani\u00e8re \u00e9l\u00e9gante et s\u00e9curis\u00e9e. Contrairement au papier cadeau classique, ils offrent une meilleure protection tout en apportant une pr\u00e9sentation plus soign\u00e9e.<\/p>\n<p>Ils sont souvent utilis\u00e9s pour les bouteilles, les cosm\u00e9tiques, les produits gastronomiques ou les coffrets cadeaux et sont disponibles dans diff\u00e9rentes tailles, couleurs et designs. De nombreux emballages en carton peuvent \u00e9galement \u00eatre r\u00e9utilis\u00e9s et recycl\u00e9s.<\/p>\n<\/div><\/div><\/div><div class=\"fusion-panel panel-default panel-0752baa3534238d6c fusion-toggle-has-divider\" style=\"--awb-title-color:#ce5400;\"><div class=\"panel-heading\"><h3 class=\"panel-title toggle\" id=\"toggle_0752baa3534238d6c\"><a aria-expanded=\"false\" aria-controls=\"0752baa3534238d6c\" role=\"button\" data-toggle=\"collapse\" data-parent=\"#accordion-40598-1\" data-target=\"#0752baa3534238d6c\" href=\"#0752baa3534238d6c\"><span class=\"fusion-toggle-icon-wrapper\" aria-hidden=\"true\"><i class=\"fa-fusion-box active-icon awb-icon-minus\" aria-hidden=\"true\"><\/i><i class=\"fa-fusion-box inactive-icon awb-icon-plus\" aria-hidden=\"true\"><\/i><\/span><span class=\"fusion-toggle-heading\">Puis-je faire imprimer des emballages cadeaux personnalis\u00e9s ?<\/span><\/a><\/h3><\/div><div id=\"0752baa3534238d6c\" class=\"panel-collapse collapse \" aria-labelledby=\"toggle_0752baa3534238d6c\"><div class=\"panel-body toggle-content fusion-clearfix\">\n<p>Oui, sur <a href=\"http:\/\/brieger.ch\/\" target=\"_blank\" rel=\"noopener\" data-link-card=\"true\" data-via=\"editor comment\">Brieger.ch<\/a>, de nombreux emballages cadeaux peuvent \u00eatre personnalis\u00e9s avec une impression. Les entreprises peuvent ajouter leur logo, un slogan ou un design sp\u00e9cifique.<\/p>\n<p>Cela est particuli\u00e8rement int\u00e9ressant pour les cadeaux d\u2019entreprise, les actions marketing ou les campagnes saisonni\u00e8res. Les emballages personnalis\u00e9s renforcent l\u2019image de marque et offrent une pr\u00e9sentation professionnelle.<\/p>\n<\/div><\/div><\/div><div class=\"fusion-panel panel-default panel-657b694cde92115ef fusion-toggle-has-divider\" style=\"--awb-title-color:#ce5400;\"><div class=\"panel-heading\"><h3 class=\"panel-title toggle\" id=\"toggle_657b694cde92115ef\"><a aria-expanded=\"false\" aria-controls=\"657b694cde92115ef\" role=\"button\" data-toggle=\"collapse\" data-parent=\"#accordion-40598-1\" data-target=\"#657b694cde92115ef\" href=\"#657b694cde92115ef\"><span class=\"fusion-toggle-icon-wrapper\" aria-hidden=\"true\"><i class=\"fa-fusion-box active-icon awb-icon-minus\" aria-hidden=\"true\"><\/i><i class=\"fa-fusion-box inactive-icon awb-icon-plus\" aria-hidden=\"true\"><\/i><\/span><span class=\"fusion-toggle-heading\">Quels emballages cadeaux conviennent pour No\u00ebl ?<\/span><\/a><\/h3><\/div><div id=\"657b694cde92115ef\" class=\"panel-collapse collapse \" aria-labelledby=\"toggle_657b694cde92115ef\"><div class=\"panel-body toggle-content fusion-clearfix\">\n<p>Pour la p\u00e9riode de No\u00ebl, Brieger propose diff\u00e9rents emballages cadeaux avec des motifs et des couleurs festives. Les mod\u00e8les dans des couleurs classiques comme le rouge, l\u2019or ou l\u2019argent sont particuli\u00e8rement populaires.<\/p>\n<p>Beaucoup de ces emballages pr\u00e9sentent des impressions d\u00e9coratives ou des surfaces structur\u00e9es et conviennent parfaitement pour les cadeaux de No\u00ebl, les coffrets cadeaux ou les cadeaux d\u2019entreprise.<\/p>\n<\/div><\/div><\/div><div class=\"fusion-panel panel-default panel-bf4dedda7bc0ec60f fusion-toggle-has-divider\" style=\"--awb-title-color:#ce5400;\"><div class=\"panel-heading\"><h3 class=\"panel-title toggle\" id=\"toggle_bf4dedda7bc0ec60f\"><a aria-expanded=\"false\" aria-controls=\"bf4dedda7bc0ec60f\" role=\"button\" data-toggle=\"collapse\" data-parent=\"#accordion-40598-1\" data-target=\"#bf4dedda7bc0ec60f\" href=\"#bf4dedda7bc0ec60f\"><span class=\"fusion-toggle-icon-wrapper\" aria-hidden=\"true\"><i class=\"fa-fusion-box active-icon awb-icon-minus\" aria-hidden=\"true\"><\/i><i class=\"fa-fusion-box inactive-icon awb-icon-plus\" aria-hidden=\"true\"><\/i><\/span><span class=\"fusion-toggle-heading\">Comment trouver la bonne taille pour mon cadeau ?<\/span><\/a><\/h3><\/div><div id=\"bf4dedda7bc0ec60f\" class=\"panel-collapse collapse \" aria-labelledby=\"toggle_bf4dedda7bc0ec60f\"><div class=\"panel-body toggle-content fusion-clearfix\">\n<p>Vous pouvez facilement trouver la taille adapt\u00e9e gr\u00e2ce \u00e0 la fonction de filtre dans la boutique en ligne. Il est possible de rechercher les emballages selon la longueur, la largeur et la hauteur.<\/p>\n<p>Cela vous permet de choisir une bo\u00eete qui correspond parfaitement \u00e0 votre produit et de garantir un emballage s\u00fbr et esth\u00e9tique.<\/p>\n<\/div><\/div><\/div><div class=\"fusion-panel panel-default panel-5f0254e3a073da19e fusion-toggle-has-divider\" style=\"--awb-title-color:#ce5400;\"><div class=\"panel-heading\"><h3 class=\"panel-title toggle\" id=\"toggle_5f0254e3a073da19e\"><a aria-expanded=\"false\" aria-controls=\"5f0254e3a073da19e\" role=\"button\" data-toggle=\"collapse\" data-parent=\"#accordion-40598-1\" data-target=\"#5f0254e3a073da19e\" href=\"#5f0254e3a073da19e\"><span class=\"fusion-toggle-icon-wrapper\" aria-hidden=\"true\"><i class=\"fa-fusion-box active-icon awb-icon-minus\" aria-hidden=\"true\"><\/i><i class=\"fa-fusion-box inactive-icon awb-icon-plus\" aria-hidden=\"true\"><\/i><\/span><span class=\"fusion-toggle-heading\">Les emballages cadeaux sont-ils durables ?<\/span><\/a><\/h3><\/div><div id=\"5f0254e3a073da19e\" class=\"panel-collapse collapse \" aria-labelledby=\"toggle_5f0254e3a073da19e\"><div class=\"panel-body toggle-content fusion-clearfix\">\n<p>De nombreux emballages cadeaux sont fabriqu\u00e9s \u00e0 partir de carton recyclable ou de mat\u00e9riaux certifi\u00e9s FSC. Ces mat\u00e9riaux proviennent de for\u00eats g\u00e9r\u00e9es de mani\u00e8re responsable.<\/p>\n<p>Les emballages en carton constituent donc une solution \u00e9cologique, car ils peuvent \u00eatre recycl\u00e9s et souvent r\u00e9utilis\u00e9s plusieurs fois.<\/p>\n<\/div><\/div><\/div><div class=\"fusion-panel panel-default panel-9858fc202dd2d315c fusion-toggle-has-divider\" style=\"--awb-title-color:#ce5400;\"><div class=\"panel-heading\"><h3 class=\"panel-title toggle\" id=\"toggle_9858fc202dd2d315c\"><a aria-expanded=\"false\" aria-controls=\"9858fc202dd2d315c\" role=\"button\" data-toggle=\"collapse\" data-parent=\"#accordion-40598-1\" data-target=\"#9858fc202dd2d315c\" href=\"#9858fc202dd2d315c\"><span class=\"fusion-toggle-icon-wrapper\" aria-hidden=\"true\"><i class=\"fa-fusion-box active-icon awb-icon-minus\" aria-hidden=\"true\"><\/i><i class=\"fa-fusion-box inactive-icon awb-icon-plus\" aria-hidden=\"true\"><\/i><\/span><span class=\"fusion-toggle-heading\">Existe-t-il des emballages cadeaux avec fen\u00eatre ?<\/span><\/a><\/h3><\/div><div id=\"9858fc202dd2d315c\" class=\"panel-collapse collapse \" aria-labelledby=\"toggle_9858fc202dd2d315c\"><div class=\"panel-body toggle-content fusion-clearfix\">\n<p>Oui, Brieger propose plusieurs emballages cadeaux avec une fen\u00eatre transparente. Cela permet de voir le contenu du coffret avant m\u00eame de l\u2019ouvrir.<\/p>\n<p>Ces emballages sont particuli\u00e8rement adapt\u00e9s pour les produits tels que les chocolats, les cosm\u00e9tiques, les bougies ou les boissons, car ils mettent le produit en valeur tout en le prot\u00e9geant.<\/p>\n<\/div><\/div><\/div><div class=\"fusion-panel panel-default panel-692037f87bb7aa774 fusion-toggle-has-divider\" style=\"--awb-title-color:#ce5400;\"><div class=\"panel-heading\"><h3 class=\"panel-title toggle\" id=\"toggle_692037f87bb7aa774\"><a aria-expanded=\"false\" aria-controls=\"692037f87bb7aa774\" role=\"button\" data-toggle=\"collapse\" data-parent=\"#accordion-40598-1\" data-target=\"#692037f87bb7aa774\" href=\"#692037f87bb7aa774\"><span class=\"fusion-toggle-icon-wrapper\" aria-hidden=\"true\"><i class=\"fa-fusion-box active-icon awb-icon-minus\" aria-hidden=\"true\"><\/i><i class=\"fa-fusion-box inactive-icon awb-icon-plus\" aria-hidden=\"true\"><\/i><\/span><span class=\"fusion-toggle-heading\">Puis-je acheter des emballages cadeaux en ligne ?<\/span><\/a><\/h3><\/div><div id=\"692037f87bb7aa774\" class=\"panel-collapse collapse \" aria-labelledby=\"toggle_692037f87bb7aa774\"><div class=\"panel-body toggle-content fusion-clearfix\">\n<p>Oui, sur <a href=\"http:\/\/brieger.ch\/\" target=\"_blank\" rel=\"noopener\" data-link-card=\"true\" data-via=\"editor comment\">Brieger.ch<\/a>, vous pouvez acheter facilement des emballages cadeaux en ligne. La boutique propose un large choix de solutions d\u2019emballage dans diff\u00e9rentes tailles et styles.<\/p>\n<p>Gr\u00e2ce aux filtres disponibles, vous pouvez rapidement trouver l\u2019emballage adapt\u00e9 \u00e0 votre produit ou \u00e0 votre cadeau.<\/p>\n<\/div><\/div><\/div><div class=\"fusion-panel panel-default panel-2460260f00eacc1fa fusion-toggle-has-divider\" style=\"--awb-title-color:#ce5400;\"><div class=\"panel-heading\"><h3 class=\"panel-title toggle\" id=\"toggle_2460260f00eacc1fa\"><a aria-expanded=\"false\" aria-controls=\"2460260f00eacc1fa\" role=\"button\" data-toggle=\"collapse\" data-parent=\"#accordion-40598-1\" data-target=\"#2460260f00eacc1fa\" href=\"#2460260f00eacc1fa\"><span class=\"fusion-toggle-icon-wrapper\" aria-hidden=\"true\"><i class=\"fa-fusion-box active-icon awb-icon-minus\" aria-hidden=\"true\"><\/i><i class=\"fa-fusion-box inactive-icon awb-icon-plus\" aria-hidden=\"true\"><\/i><\/span><span class=\"fusion-toggle-heading\">Quelles id\u00e9es d\u2019emballages cadeaux existent pour les entreprises ?<\/span><\/a><\/h3><\/div><div id=\"2460260f00eacc1fa\" class=\"panel-collapse collapse \" aria-labelledby=\"toggle_2460260f00eacc1fa\"><div class=\"panel-body toggle-content fusion-clearfix\">\n<p>Les entreprises choisissent souvent des bo\u00eetes pliantes \u00e9l\u00e9gantes, des coffrets cadeaux en carton ou des emballages personnalis\u00e9s avec logo. Ces solutions sont id\u00e9ales pour les cadeaux d\u2019entreprise ou les actions promotionnelles.<\/p>\n<p>Les emballages durables en carton et les designs neutres sont \u00e9galement tr\u00e8s populaires, car ils peuvent \u00eatre utilis\u00e9s pour diff\u00e9rentes occasions tout au long de l\u2019ann\u00e9e.<\/p>\n<\/div><\/div><\/div><\/div><\/div><script type=\"application\/ld+json\">\n{\n  \"@context\": \"https:\/\/schema.org\",\n  \"@type\": \"FAQPage\",\n  \"mainEntity\": [\n    {\n      \"@type\": \"Question\",\n      \"name\": \"Quel est le l\u2019emballage le plus appropri\u00e9 pour l\u2019envoi au tarif postale ?\",\n      \"acceptedAnswer\": {\n        \"@type\": \"Answer\",\n        \"text\": \"Les enveloppes matelass\u00e9es, les pochettes en papier et les emballages l\u00e9gers sont parfaits pour les envois postaux. Ils offrent une protection optimale tout en r\u00e9duisant les frais d\u2019exp\u00e9dition et sont disponibles en diff\u00e9rentes tailles, ce qui vous permet de trouver la solution adapt\u00e9e \u00e0 presque tous les produits.\"\n      }\n    },\n    {\n      \"@type\": \"Question\",\n      \"name\": \"Existe-t-il des solutions \u00e9cologiques pour l\u2019emballage e-commerce ?\",\n      \"acceptedAnswer\": {\n        \"@type\": \"Answer\",\n        \"text\": \"Oui, vous trouverez chez nous une large gamme d\u2019emballage \u00e9cologiques. Il s\u2019agit notamment de pochettes d\u2019exp\u00e9dition en papier et de mat\u00e9riel de remplissage en papier recycl\u00e9 qui constituent une alternative durable aux mat\u00e9riaux d\u2019emballage traditionnels. Nos pochettes en papier e-commerce sont fabriqu\u00e9es \u00e0 partir de mat\u00e9riaux recycl\u00e9s et peuvent \u00eatre envoy\u00e9es dans le respect de l\u2019environnement.\"\n      }\n    },\n    {\n      \"@type\": \"Question\",\n      \"name\": \"Puis-je personnaliser mon emballage e-commerce ?\",\n      \"acceptedAnswer\": {\n        \"@type\": \"Answer\",\n        \"text\": \"Absolument ! Nous vous offrons la possibilit\u00e9 de concevoir des emballages e-commerce individuels et de les imprimer avec votre logo. Qu\u2019il s\u2019agisse de bo\u00eetes, de pochettes d\u2019exp\u00e9dition ou de bo\u00eetes \u00e0 rabat, nous vous permettons de concevoir vos solutions d\u2019emballage selon vos souhaits et de pr\u00e9senter ainsi parfaitement votre marque.\"\n      }\n    },\n    {\n      \"@type\": \"Question\",\n      \"name\": \"Quelles sont les options d\u2019emballages disponibles pour les produits volumineux ou lourd ?\",\n      \"acceptedAnswer\": {\n        \"@type\": \"Answer\",\n        \"text\": \"Pour l'envoi de produits volumineux ou lourds, nous mettons \u00e0 disposition un large choix de bo\u00eetes robustes, de Varibox et de bo\u00eetes avec fond automatique sp\u00e9cialement con\u00e7ues pour les marchandises plus grandes et plus lourdes. Ces emballages E-Commerce garantissent une protection maximale et sont parfaitement adapt\u00e9s \u00e0 l'envoi de produits volumineux. Outre les options typiques pour les marchandises volumineuses, nous proposons \u00e9galement des solutions sp\u00e9ciales pour l'emballage des bouteilles, comme nos emballages pour le vin et la bi\u00e8re, qui garantissent l'envoi s\u00e9curis\u00e9 des bouteilles.\"\n      }\n    }\n  ]\n}\n<\/script>\n<\/div><\/div><\/div><\/div><\/p>\n","protected":false},"excerpt":{"rendered":"","protected":false},"author":1,"featured_media":36149,"parent":40590,"menu_order":3,"comment_status":"closed","ping_status":"closed","template":"","meta":{"_searchwp_excluded":"","footnotes":""},"class_list":["post-40598","page","type-page","status-publish","has-post-thumbnail","hentry"],"_links":{"self":[{"href":"https:\/\/brieger.ch\/fr\/wp-json\/wp\/v2\/pages\/40598","targetHints":{"allow":["GET"]}}],"collection":[{"href":"https:\/\/brieger.ch\/fr\/wp-json\/wp\/v2\/pages"}],"about":[{"href":"https:\/\/brieger.ch\/fr\/wp-json\/wp\/v2\/types\/page"}],"author":[{"embeddable":true,"href":"https:\/\/brieger.ch\/fr\/wp-json\/wp\/v2\/users\/1"}],"replies":[{"embeddable":true,"href":"https:\/\/brieger.ch\/fr\/wp-json\/wp\/v2\/comments?post=40598"}],"version-history":[{"count":13,"href":"https:\/\/brieger.ch\/fr\/wp-json\/wp\/v2\/pages\/40598\/revisions"}],"predecessor-version":[{"id":110189,"href":"https:\/\/brieger.ch\/fr\/wp-json\/wp\/v2\/pages\/40598\/revisions\/110189"}],"up":[{"embeddable":true,"href":"https:\/\/brieger.ch\/fr\/wp-json\/wp\/v2\/pages\/40590"}],"wp:featuredmedia":[{"embeddable":true,"href":"https:\/\/brieger.ch\/fr\/wp-json\/wp\/v2\/media\/36149"}],"wp:attachment":[{"href":"https:\/\/brieger.ch\/fr\/wp-json\/wp\/v2\/media?parent=40598"}],"curies":[{"name":"wp","href":"https:\/\/api.w.org\/{rel}","templated":true}]}}