{"id":40569,"date":"2020-08-04T14:07:48","date_gmt":"2020-08-04T12:07:48","guid":{"rendered":"https:\/\/brieger.hundert1.ch\/accessoires\/pochettes-pour-documents\/"},"modified":"2026-03-10T08:50:52","modified_gmt":"2026-03-10T07:50:52","slug":"pochettes-pour-documents","status":"publish","type":"page","link":"https:\/\/brieger.ch\/fr\/accessoires\/pochettes-pour-documents\/","title":{"rendered":"Pochette pour document transparente pour une exp\u00e9dition professionnelle"},"content":{"rendered":"<p><div class=\"fusion-fullwidth fullwidth-box fusion-builder-row-1 fusion-flex-container has-pattern-background has-mask-background nonhundred-percent-fullwidth non-hundred-percent-height-scrolling\" style=\"--awb-border-radius-top-left:0px;--awb-border-radius-top-right:0px;--awb-border-radius-bottom-right:0px;--awb-border-radius-bottom-left:0px;--awb-flex-wrap:wrap;\" ><div class=\"fusion-builder-row fusion-row fusion-flex-align-items-flex-start fusion-flex-content-wrap\" style=\"max-width:1144px;margin-left: calc(-4% \/ 2 );margin-right: calc(-4% \/ 2 );\"><div class=\"fusion-layout-column fusion_builder_column fusion-builder-column-0 fusion_builder_column_1_4 1_4 fusion-flex-column\" style=\"--awb-bg-size:cover;--awb-width-large:25%;--awb-margin-top-large:0px;--awb-spacing-right-large:7.68%;--awb-margin-bottom-large:20px;--awb-spacing-left-large:7.68%;--awb-width-medium:100%;--awb-order-medium:0;--awb-spacing-right-medium:1.92%;--awb-spacing-left-medium:1.92%;--awb-width-small:100%;--awb-order-small:0;--awb-spacing-right-small:1.92%;--awb-spacing-left-small:1.92%;\"><div class=\"fusion-column-wrapper fusion-column-has-shadow fusion-flex-justify-content-flex-start fusion-content-layout-column\"><div class=\"fusion-image-element \" style=\"--awb-caption-title-font-family:var(--h2_typography-font-family);--awb-caption-title-font-weight:var(--h2_typography-font-weight);--awb-caption-title-font-style:var(--h2_typography-font-style);--awb-caption-title-size:var(--h2_typography-font-size);--awb-caption-title-transform:var(--h2_typography-text-transform);--awb-caption-title-line-height:var(--h2_typography-line-height);--awb-caption-title-letter-spacing:var(--h2_typography-letter-spacing);\"><span class=\" fusion-imageframe imageframe-none imageframe-1 hover-type-none\"><img decoding=\"async\" width=\"800\" height=\"800\" alt=\"Pochette pour document transparente \" title=\"78310\" src=\"https:\/\/brieger.ch\/wp-content\/uploads\/2020\/05\/78310.jpg\" class=\"img-responsive wp-image-33452\" srcset=\"https:\/\/brieger.ch\/wp-content\/uploads\/2020\/05\/78310-200x200.jpg 200w, https:\/\/brieger.ch\/wp-content\/uploads\/2020\/05\/78310-400x400.jpg 400w, https:\/\/brieger.ch\/wp-content\/uploads\/2020\/05\/78310-600x600.jpg 600w, https:\/\/brieger.ch\/wp-content\/uploads\/2020\/05\/78310.jpg 800w\" sizes=\"(max-width: 1024px) 100vw, (max-width: 640px) 100vw, 400px\" \/><\/span><\/div><\/div><\/div><div class=\"fusion-layout-column fusion_builder_column fusion-builder-column-1 fusion_builder_column_3_4 3_4 fusion-flex-column\" style=\"--awb-bg-size:cover;--awb-width-large:75%;--awb-margin-top-large:0px;--awb-spacing-right-large:2.56%;--awb-margin-bottom-large:20px;--awb-spacing-left-large:2.56%;--awb-width-medium:100%;--awb-order-medium:0;--awb-spacing-right-medium:1.92%;--awb-spacing-left-medium:1.92%;--awb-width-small:100%;--awb-order-small:0;--awb-spacing-right-small:1.92%;--awb-spacing-left-small:1.92%;\"><div class=\"fusion-column-wrapper fusion-column-has-shadow fusion-flex-justify-content-flex-start fusion-content-layout-column\"><div class=\"fusion-text fusion-text-1\"><p>Qu&rsquo;il s&rsquo;agisse d&rsquo;un bon de livraison, d&rsquo;une facture ou d&rsquo;un formulaire douanier, chaque document doit \u00eatre facile \u00e0 trouver et \u00e0 prot\u00e9ger lors de l&rsquo;exp\u00e9dition. Avec nos pochettes pour documents autocollantes de haute qualit\u00e9, cela peut \u00eatre fait de mani\u00e8re fiable et professionnelle. Les pochettes adh\u00e8rent directement \u00e0 l&#8217;emballage, prot\u00e9geant vos documents de l&rsquo;humidit\u00e9 et de la salet\u00e9 et rendant le contenu visible en un coup d&rsquo;\u0153il. Qu&rsquo;il s&rsquo;agisse des <a href=\"https:\/\/brieger.ch\/fr\/c5\/\" target=\"_blank\" rel=\"noopener\">formats DIN C5<\/a>, <a href=\"https:\/\/brieger.ch\/fr\/c6-5\/\" target=\"_blank\" rel=\"noopener\">C6\/5<\/a> et <a href=\"https:\/\/brieger.ch\/fr\/c4\/\" target=\"_blank\" rel=\"noopener\">C4<\/a>, notre s\u00e9lection de sacs \u00e0 documents s&rsquo;adapte \u00e0 vos besoins.<\/p>\n<p>Choisissez parmi des unit\u00e9s d&#8217;emballage allant jusqu&rsquo;\u00e0 250 pi\u00e8ces par bo\u00eete et b\u00e9n\u00e9ficiez d&rsquo;une livraison rapide directement depuis notre entrep\u00f4t. Cela simplifie les processus internes, \u00e9vite les malentendus lors de la livraison et garantit une exp\u00e9dition sans probl\u00e8me.<\/p>\n<\/div><div class=\"fusion-title title fusion-title-1 fusion-title-text fusion-title-size-two\" style=\"--awb-sep-color:var(--awb-color3);\"><div class=\"title-sep-container title-sep-container-left fusion-no-large-visibility fusion-no-medium-visibility fusion-no-small-visibility\"><div class=\"title-sep sep-single sep-solid\" style=\"border-color:var(--awb-color3);\"><\/div><\/div><span class=\"awb-title-spacer fusion-no-large-visibility fusion-no-medium-visibility fusion-no-small-visibility\"><\/span><h2 class=\"fusion-title-heading title-heading-left\" style=\"margin:0;\">Poche pour documents : protection polyvalente pour vos documents d&rsquo;exp\u00e9dition<\/h2><span class=\"awb-title-spacer\"><\/span><div class=\"title-sep-container title-sep-container-right\"><div class=\"title-sep sep-single sep-solid\" style=\"border-color:var(--awb-color3);\"><\/div><\/div><\/div><div class=\"fusion-text fusion-text-2\"><p>Dans le transport maritime d&rsquo;entreprise, la clart\u00e9, l&rsquo;ordre et la s\u00e9curit\u00e9 sont cruciaux. Les sacs \u00e0 documents sont un outil indispensable pour fixer de mani\u00e8re s\u00fbre et visible les documents d&rsquo;exp\u00e9dition, les bons de livraison et les factures ou les documents d&rsquo;accompagnement \u00e0 l&rsquo;ext\u00e9rieur de l&#8217;emballage. Les sacs postaux prot\u00e8gent de la salet\u00e9 et de l&rsquo;humidit\u00e9 et garantissent que les papiers qu&rsquo;ils contiennent restent lisibles et tra\u00e7ables \u00e0 tout moment.<\/p>\n<\/div><\/div><\/div><\/div><\/div><div class=\"fusion-fullwidth fullwidth-box fusion-builder-row-2 nonhundred-percent-fullwidth non-hundred-percent-height-scrolling\" style=\"--awb-border-radius-top-left:0px;--awb-border-radius-top-right:0px;--awb-border-radius-bottom-right:0px;--awb-border-radius-bottom-left:0px;--awb-padding-top:44px;--awb-flex-wrap:wrap;\" ><div class=\"fusion-builder-row fusion-row\"><div class=\"fusion-layout-column fusion_builder_column fusion-builder-column-2 fusion_builder_column_1_1 1_1 fusion-one-full fusion-column-first fusion-column-last\" style=\"--awb-bg-blend:overlay;--awb-bg-size:cover;\"><div class=\"fusion-column-wrapper fusion-flex-column-wrapper-legacy\"><div class=\"fusion-text fusion-text-3\"><p>Les produits peuvent \u00eatre filtr\u00e9s selon diff\u00e9rents crit\u00e8res<\/p>\n<\/div><div class=\"fusion-clearfix\"><\/div><\/div><\/div><div class=\"fusion-layout-column fusion_builder_column fusion-builder-column-3 fusion_builder_column_1_1 1_1 fusion-one-full fusion-column-first fusion-column-last\" style=\"--awb-bg-blend:overlay;--awb-bg-size:cover;\"><div class=\"fusion-column-wrapper fusion-flex-column-wrapper-legacy\"><div class=\"fusion-text fusion-text-4\"><form autocomplete=\"off\" name=\"wpv-filter-41479\" action=\"\/fr\/wp-json\/wp\/v2\/pages\/40569?wpv_view_count=41479\" method=\"get\" class=\"wpv-filter-form js-wpv-filter-form js-wpv-filter-form-41479 js-wpv-form-full js-wpv-dps-enabled js-wpv-ajax-results-enabled\" data-viewnumber=\"41479\" data-viewid=\"41479\" data-viewhash=\"eyJuYW1lIjoic2VhcmNoX2Rva3VtZW50ZW50YXNjaGVuLWZyIiwiY2FjaGVkIjoib2ZmIn0=\" data-viewwidgetid=\"0\" data-orderby=\"\" data-order=\"\" data-orderbyas=\"\" data-orderbysecond=\"\" data-ordersecond=\"\" data-parametric=\"{&quot;query&quot;:&quot;normal&quot;,&quot;id&quot;:41479,&quot;view_id&quot;:41479,&quot;widget_id&quot;:0,&quot;view_hash&quot;:&quot;41479&quot;,&quot;action&quot;:&quot;\\\/fr\\\/wp-json\\\/wp\\\/v2\\\/pages\\\/40569?wpv_view_count=41479&quot;,&quot;sort&quot;:{&quot;orderby&quot;:&quot;&quot;,&quot;order&quot;:&quot;&quot;,&quot;orderby_as&quot;:&quot;&quot;,&quot;orderby_second&quot;:&quot;&quot;,&quot;order_second&quot;:&quot;&quot;},&quot;orderby&quot;:&quot;&quot;,&quot;order&quot;:&quot;&quot;,&quot;orderby_as&quot;:&quot;&quot;,&quot;orderby_second&quot;:&quot;&quot;,&quot;order_second&quot;:&quot;&quot;,&quot;ajax_form&quot;:&quot;&quot;,&quot;ajax_results&quot;:&quot;&quot;,&quot;effect&quot;:&quot;fade&quot;,&quot;prebefore&quot;:&quot;&quot;,&quot;before&quot;:&quot;&quot;,&quot;after&quot;:&quot;&quot;,&quot;attributes&quot;:{&quot;cached&quot;:&quot;off&quot;},&quot;environment&quot;:{&quot;current_post_id&quot;:40569,&quot;parent_post_id&quot;:40569,&quot;parent_term_id&quot;:0,&quot;parent_user_id&quot;:0,&quot;archive&quot;:{&quot;type&quot;:&quot;&quot;,&quot;name&quot;:&quot;&quot;,&quot;data&quot;:[]}},&quot;loop&quot;:{&quot;type&quot;:&quot;&quot;,&quot;name&quot;:&quot;&quot;,&quot;data&quot;:[],&quot;id&quot;:0}}\" data-attributes=\"{&quot;cached&quot;:&quot;off&quot;}\" data-environment=\"{&quot;current_post_id&quot;:40569,&quot;parent_post_id&quot;:40569,&quot;parent_term_id&quot;:0,&quot;parent_user_id&quot;:0,&quot;archive&quot;:{&quot;type&quot;:&quot;&quot;,&quot;name&quot;:&quot;&quot;,&quot;data&quot;:[]}}\"><input type=\"hidden\" class=\"js-wpv-dps-filter-data js-wpv-filter-data-for-this-form\" data-action=\"\/fr\/wp-json\/wp\/v2\/pages\/40569?wpv_view_count=41479\" data-page=\"1\" data-ajax=\"enable\" data-effect=\"fade\" data-maxpages=\"0\" data-ajaxprebefore=\"\" data-ajaxbefore=\"\" data-ajaxafter=\"\" \/><input class=\"wpv_view_count wpv_view_count-41479\" type=\"hidden\" name=\"wpv_view_count\" value=\"41479\" \/>\n<div class=\"prodsearchbox\">\n  \n  \n  <div class=\"form-group\">\n\t<label>Types d'articles<\/label>\n\t<div class=\"radio\">\n\t\t\t\t\t\t\t\t\t<label for=\"artikelart-\"  class=\"\" >\n\t\t\t\t\t\t\t\t\t\t<input id=\"artikelart-\"  class=\"js-wpv-filter-trigger\"\n\t\t\t\t\t\t\t\t\t\t\tname=\"wpv-artikelart\" type=\"radio\" value=\"0\"  checked='checked'\n\t\t\t\t\t\t\t\t\t\t\/>\n\t\t\t\t\t\t\t\t\t\tVoir tout\n\t\t\t\t\t\t\t\t\t<\/label>\n\t\t\t\t\t\t\t\t<\/div><div class=\"radio\"><label for=\"artikelart-pochettes-pour-documents-en-papier\"><input type=\"radio\" id=\"artikelart-pochettes-pour-documents-en-papier\" class=\"js-wpv-filter-trigger\" name=\"wpv-artikelart\" value=\"pochettes-pour-documents-en-papier\" \/>Pochettes pour documents en papier<\/label><\/div><div class=\"radio\"><label for=\"artikelart-pochettes-pour-documents-impression-rouge\"><input type=\"radio\" id=\"artikelart-pochettes-pour-documents-impression-rouge\" class=\"js-wpv-filter-trigger\" name=\"wpv-artikelart\" value=\"pochettes-pour-documents-impression-rouge\" \/>Pochettes pour documents impression rouge<\/label><\/div><div class=\"radio\"><label for=\"artikelart-pochettes-pour-documents-noir\"><input type=\"radio\" id=\"artikelart-pochettes-pour-documents-noir\" class=\"js-wpv-filter-trigger\" name=\"wpv-artikelart\" value=\"pochettes-pour-documents-noir\" \/>Pochettes pour documents noir<\/label><\/div><div class=\"radio\"><label for=\"artikelart-pochettes-pour-documents-transparent\"><input type=\"radio\" id=\"artikelart-pochettes-pour-documents-transparent\" class=\"js-wpv-filter-trigger\" name=\"wpv-artikelart\" value=\"pochettes-pour-documents-transparent\" \/>Pochettes pour documents transparent<\/label><\/div>\n<\/div>\n  \n<div class=\"form-group\">\n\t<div class=\"checkbox\"><label for=\"wpv_control_checkbox_wpcf-breen-badge\"><input type=\"checkbox\" id=\"wpv_control_checkbox_wpcf-breen-badge\" class=\"js-wpv-filter-trigger checkbox\" name=\"wpv-wpcf-breen-badge\" value=\"1\" \/>BREEN<\/label><\/div>\n<\/div>  \n  \n<div class=\"farbenseparator\">&nbsp;<\/div>\n<div class=\"laenge_in_mm_search\">\n  <div class=\"form-group\">\n\t<label>Longueur<\/label>\n\t<select id=\"wpv_control_select__length\" name=\"wpv-_length\" class=\"js-wpv-filter-trigger form-control\"><option value=\"\" selected=\"selected\">Longueur en mm<\/option><option value=\"224\">224<\/option><option value=\"225\">225<\/option><option value=\"228\">228<\/option><option value=\"229\">229<\/option><option value=\"230\">230<\/option><option value=\"235\">235<\/option><option value=\"310\">310<\/option><\/select>\n<\/div>\n  \n<\/div>\n<div class=\"breite_in_mm_search\">  \n<div class=\"form-group\">\n\t<label>Hauteur<\/label>\n\t<select id=\"wpv_control_select__height\" name=\"wpv-_height\" class=\"js-wpv-filter-trigger form-control\"><option value=\"\" selected=\"selected\">Hauteur en mm<\/option><option value=\"110\">110<\/option><option value=\"114\">114<\/option><option value=\"120\">120<\/option><option value=\"154\">154<\/option><option value=\"160\">160<\/option><option value=\"165\">165<\/option><option value=\"230\">230<\/option><\/select>\n<\/div>  \n  \n<\/div>\n<div class=\"norm_search_spez\">   \n<div class=\"form-group\">\n\t<label>Format<\/label>\n\t<select id=\"wpv_control_select_wpcf-norm\" name=\"wpv-wpcf-norm\" class=\"js-wpv-filter-trigger form-control\"><option value=\"\" selected=\"selected\">Format<\/option><option value=\"C4\">C4<\/option><option value=\"C5\">C5<\/option><option value=\"C6\/5\">C6\/5<\/option><\/select>\n<\/div>  \n<\/div> \n \n\n\n  \n   \n  \n  \n<div style=\"clear:both;\"><\/div>\n<div class=\"btns_search\">  \n  <button type=\"submit\" class=\"fusion-button button-flat wpv-submit-trigger js-wpv-submit-trigger btn\" style=\"border:1px #000 solid;background:#fff;\">Recherche<\/button> <button type=\"button\" class=\"fusion-button button-flat wpv-reset-trigger js-wpv-reset-trigger btn\" style=\"border:1px #000 solid;background:#fff;\">R\u00e9initialisation<\/button>\n<\/div>\n<\/div><p style=\"display:none; text-align:center;\" class=\"js-wpv-dps-spinner\"><img decoding=\"async\" src=\"https:\/\/brieger.ch\/wp-content\/plugins\/wp-views\/embedded\/res\/img\/ajax-loader3.svg\" \/><\/p>\n<\/form>\n<div id=\"wpv-view-layout-41479\" class=\"js-wpv-view-layout js-wpv-layout-responsive js-wpv-view-layout-41479\" data-viewnumber=\"41479\" data-pagination=\"{&quot;id&quot;:41479,&quot;query&quot;:&quot;normal&quot;,&quot;type&quot;:&quot;disabled&quot;,&quot;effect&quot;:&quot;fade&quot;,&quot;duration&quot;:500,&quot;speed&quot;:5,&quot;pause_on_hover&quot;:&quot;disabled&quot;,&quot;stop_rollover&quot;:&quot;false&quot;,&quot;cache_pages&quot;:&quot;enabled&quot;,&quot;preload_images&quot;:&quot;enabled&quot;,&quot;preload_pages&quot;:&quot;enabled&quot;,&quot;preload_reach&quot;:1,&quot;spinner&quot;:&quot;builtin&quot;,&quot;spinner_image&quot;:&quot;https:\/\/brieger.ch\/wp-content\/plugins\/wp-views\/embedded\/res\/img\/ajax-loader.gif&quot;,&quot;callback_next&quot;:&quot;&quot;,&quot;manage_history&quot;:&quot;disabled&quot;,&quot;has_controls_in_form&quot;:&quot;disabled&quot;,&quot;infinite_tolerance&quot;:&quot;0&quot;,&quot;max_pages&quot;:0,&quot;page&quot;:1,&quot;base_permalink&quot;:&quot;\/fr\/wp-json\/wp\/v2\/pages\/40569?wpv_view_count=41479&amp;wpv_paged=WPV_PAGE_NUM&quot;,&quot;loop&quot;:{&quot;type&quot;:&quot;&quot;,&quot;name&quot;:&quot;&quot;,&quot;data&quot;:[],&quot;id&quot;:0}}\" data-permalink=\"\/fr\/wp-json\/wp\/v2\/pages\/40569?wpv_view_count=41479\">\n\n\t\n\t<div id=\"product-select\"><\/div>\n\t<table width=\"100%\">\n\t\t<thead>\n\t\t\t<tr class=\"titelreihe\"><th class=\"prodimg\">&nbsp;<\/th>\n\t\t\t\t<th class=\"zahlrechts\"><a href=\"#\" class=\"wpv-header-no-sort js-wpv-sort-trigger js-wpv-column-header-click\" data-viewnumber=\"41479\" data-orderby=\"post_title\" data-order=\"asc\" data-orderbyas=\"\">Article<span class=\"wpv-sorting-indicator\"><\/span><\/a><\/th>\n\t\t\t\t<th class=\"zahllinks\"><a href=\"#\" class=\"wpv-header-no-sort js-wpv-sort-trigger js-wpv-column-header-click\" data-viewnumber=\"41479\" data-orderby=\"post-taxonomy\" data-order=\"asc\" data-orderbyas=\"\">Type<span class=\"wpv-sorting-indicator\"><\/span><\/a><\/th>\n\t\t\t\t<th class=\"zahlrechts\"><a href=\"#\" class=\"wpv-header-no-sort js-wpv-sort-trigger js-wpv-column-header-click\" data-viewnumber=\"41479\" data-orderby=\"field-wpcf-laenge\" data-order=\"asc\" data-orderbyas=\"numeric\">Longueur<span class=\"wpv-sorting-indicator\"><\/span><\/a><\/th>\n\t\t\t\t<th class=\"zahlrechts\"><a href=\"#\" class=\"wpv-header-no-sort js-wpv-sort-trigger js-wpv-column-header-click\" data-viewnumber=\"41479\" data-orderby=\"field-wpcf-hoehe\" data-order=\"asc\" data-orderbyas=\"numeric\">Hauteur<span class=\"wpv-sorting-indicator\"><\/span><\/a><\/th>\n\t\t\t\t<th class=\"zahlrechts\"><a href=\"#\" class=\"wpv-header-no-sort js-wpv-sort-trigger js-wpv-column-header-click\" data-viewnumber=\"41479\" data-orderby=\"field-wpcf-norm\" data-order=\"asc\" data-orderbyas=\"\">Format<span class=\"wpv-sorting-indicator\"><\/span><\/a><\/th>\n\t\t\t\t<th class=\"preisrechts\"><a href=\"#\" class=\"wpv-header-no-sort js-wpv-sort-trigger js-wpv-column-header-click\" data-viewnumber=\"41479\" data-orderby=\"field-wpcf-ab-preis\" data-order=\"asc\" data-orderbyas=\"numeric\">Prix d\u00e8s<span class=\"wpv-sorting-indicator\"><\/span><\/a><\/th>\n              \t<th><a href=\"#\" class=\"wpv-header-no-sort js-wpv-sort-trigger js-wpv-column-header-click\" data-viewnumber=\"41479\" data-orderby=\"post-taxonomy\" data-order=\"asc\" data-orderbyas=\"\">&nbsp;<span class=\"wpv-sorting-indicator\"><\/span><\/a><\/th>\n\t\t\t<\/tr>\n\t\t<\/thead>\n\t\t<tbody class=\"wpv-loop js-wpv-loop\">\n\t\t<tr class=\"prodselect brihighlight\" data-href=\"https:\/\/brieger.ch\/fr\/product\/78410\/\">\n\t\t\t\t<td><a class=\"prodimglist\" href=\"https:\/\/brieger.ch\/fr\/product\/78410\/\"><img decoding=\"async\" width=\"100\" height=\"100\" src=\"https:\/\/brieger.ch\/wp-content\/uploads\/2020\/05\/78410-100x100.jpg\" class=\"attachment-shop_thumbnail size-shop_thumbnail wp-post-image\" alt=\"\" srcset=\"https:\/\/brieger.ch\/wp-content\/uploads\/2020\/05\/78410-66x66.jpg 66w, https:\/\/brieger.ch\/wp-content\/uploads\/2020\/05\/78410-100x100.jpg 100w, https:\/\/brieger.ch\/wp-content\/uploads\/2020\/05\/78410-200x200.jpg 200w, https:\/\/brieger.ch\/wp-content\/uploads\/2020\/05\/78410-280x280.jpg 280w, https:\/\/brieger.ch\/wp-content\/uploads\/2020\/05\/78410-400x400.jpg 400w, https:\/\/brieger.ch\/wp-content\/uploads\/2020\/05\/78410-500x500.jpg 500w, https:\/\/brieger.ch\/wp-content\/uploads\/2020\/05\/78410-600x600.jpg 600w, https:\/\/brieger.ch\/wp-content\/uploads\/2020\/05\/78410.jpg 650w\" sizes=\"(max-width: 100px) 100vw, 100px\" \/><\/a><div class=\"badgegreendiv\"><a class=\"breenbtn\" href=\"https:\/\/brieger.ch\/fr\/product\/78410\/\"><img decoding=\"async\" src=\"https:\/\/brieger.ch\/wp-content\/uploads\/2021\/04\/breen-badge3.png\" alt=\"BREEN\" width=\"33px\" height=\"33px\" \/><\/a><\/div><\/td>\n\t\t\t\t<td class=\"abgr\"><a href=\"https:\/\/brieger.ch\/fr\/product\/78410\/\">78410<\/a><\/td>\n\t\t\t\t<td class=\"abgrtxtli\"><a href=\"https:\/\/brieger.ch\/fr\/product\/78410\/\">Pochettes pour documents en papier<\/a><\/td>\n\t\t\t\t<td class=\"zahlrechts abgr\"><a href=\"https:\/\/brieger.ch\/fr\/product\/78410\/\">224<\/a><\/td>\n\t\t\t\t<td class=\"zahlrechts abgr\"><a href=\"https:\/\/brieger.ch\/fr\/product\/78410\/\">120<\/a><\/td>\n\t\t\t\t<td class=\"zahlrechts abgr\"><a href=\"https:\/\/brieger.ch\/fr\/product\/78410\/\">C6\/5<\/a><\/td>\n\t\t\t\t<td class=\"preisrechts\"><a href=\"https:\/\/brieger.ch\/fr\/product\/78410\/\">53.60<\/a><\/td>\n              \t<td><a  href=\"https:\/\/brieger.ch\/fr\/product\/78410\/\"><\/a><\/td>\n\t\t\t<\/tr><tr class=\"prodselect brihighlight\" data-href=\"https:\/\/brieger.ch\/fr\/product\/78409\/\">\n\t\t\t\t<td><a class=\"prodimglist\" href=\"https:\/\/brieger.ch\/fr\/product\/78409\/\"><img decoding=\"async\" width=\"946\" height=\"524\" src=\"https:\/\/brieger.ch\/wp-content\/uploads\/2023\/11\/Doku-n.jpg\" class=\"attachment-shop_thumbnail size-shop_thumbnail wp-post-image\" alt=\"Lieferschein - rechnung\" srcset=\"https:\/\/brieger.ch\/wp-content\/uploads\/2023\/11\/Doku-n-200x111.jpg 200w, https:\/\/brieger.ch\/wp-content\/uploads\/2023\/11\/Doku-n-400x222.jpg 400w, https:\/\/brieger.ch\/wp-content\/uploads\/2023\/11\/Doku-n-500x277.jpg 500w, https:\/\/brieger.ch\/wp-content\/uploads\/2023\/11\/Doku-n-600x332.jpg 600w, https:\/\/brieger.ch\/wp-content\/uploads\/2023\/11\/Doku-n-700x388.jpg 700w, https:\/\/brieger.ch\/wp-content\/uploads\/2023\/11\/Doku-n-722x400.jpg 722w, https:\/\/brieger.ch\/wp-content\/uploads\/2023\/11\/Doku-n-768x425.jpg 768w, https:\/\/brieger.ch\/wp-content\/uploads\/2023\/11\/Doku-n-800x443.jpg 800w, https:\/\/brieger.ch\/wp-content\/uploads\/2023\/11\/Doku-n.jpg 946w\" sizes=\"(max-width: 946px) 100vw, 946px\" \/><\/a><div class=\"badgegreendiv\"><a class=\"breenbtn\" href=\"https:\/\/brieger.ch\/fr\/product\/78409\/\"><img decoding=\"async\" src=\"https:\/\/brieger.ch\/wp-content\/uploads\/2021\/04\/breen-badge3.png\" alt=\"BREEN\" width=\"33px\" height=\"33px\" \/><\/a><\/div><\/td>\n\t\t\t\t<td class=\"abgr\"><a href=\"https:\/\/brieger.ch\/fr\/product\/78409\/\">78409<\/a><\/td>\n\t\t\t\t<td class=\"abgrtxtli\"><a href=\"https:\/\/brieger.ch\/fr\/product\/78409\/\">Pochettes pour documents en papier<\/a><\/td>\n\t\t\t\t<td class=\"zahlrechts abgr\"><a href=\"https:\/\/brieger.ch\/fr\/product\/78409\/\">224<\/a><\/td>\n\t\t\t\t<td class=\"zahlrechts abgr\"><a href=\"https:\/\/brieger.ch\/fr\/product\/78409\/\">120<\/a><\/td>\n\t\t\t\t<td class=\"zahlrechts abgr\"><a href=\"https:\/\/brieger.ch\/fr\/product\/78409\/\">C6\/5<\/a><\/td>\n\t\t\t\t<td class=\"preisrechts\"><a href=\"https:\/\/brieger.ch\/fr\/product\/78409\/\">53.60<\/a><\/td>\n              \t<td><a class=\"badgeprod\" href=\"https:\/\/brieger.ch\/fr\/product\/78409\/\">Sale<\/a><\/td>\n\t\t\t<\/tr><tr class=\"prodselect \" data-href=\"https:\/\/brieger.ch\/fr\/product\/78116\/\">\n\t\t\t\t<td><a class=\"prodimglist\" href=\"https:\/\/brieger.ch\/fr\/product\/78116\/\"><img decoding=\"async\" width=\"100\" height=\"100\" src=\"https:\/\/brieger.ch\/wp-content\/uploads\/2020\/05\/78310-100x100.jpg\" class=\"attachment-shop_thumbnail size-shop_thumbnail wp-post-image\" alt=\"\" srcset=\"https:\/\/brieger.ch\/wp-content\/uploads\/2020\/05\/78310-66x66.jpg 66w, https:\/\/brieger.ch\/wp-content\/uploads\/2020\/05\/78310-100x100.jpg 100w, https:\/\/brieger.ch\/wp-content\/uploads\/2020\/05\/78310-200x200.jpg 200w, https:\/\/brieger.ch\/wp-content\/uploads\/2020\/05\/78310-280x280.jpg 280w, https:\/\/brieger.ch\/wp-content\/uploads\/2020\/05\/78310-400x400.jpg 400w, https:\/\/brieger.ch\/wp-content\/uploads\/2020\/05\/78310-500x500.jpg 500w, https:\/\/brieger.ch\/wp-content\/uploads\/2020\/05\/78310-600x600.jpg 600w, https:\/\/brieger.ch\/wp-content\/uploads\/2020\/05\/78310-700x700.jpg 700w, https:\/\/brieger.ch\/wp-content\/uploads\/2020\/05\/78310-768x768.jpg 768w, https:\/\/brieger.ch\/wp-content\/uploads\/2020\/05\/78310.jpg 800w\" sizes=\"(max-width: 100px) 100vw, 100px\" \/><\/a><\/td>\n\t\t\t\t<td class=\"abgr\"><a href=\"https:\/\/brieger.ch\/fr\/product\/78116\/\">78116<\/a><\/td>\n\t\t\t\t<td class=\"abgrtxtli\"><a href=\"https:\/\/brieger.ch\/fr\/product\/78116\/\">Pochettes pour documents impression rouge<\/a><\/td>\n\t\t\t\t<td class=\"zahlrechts abgr\"><a href=\"https:\/\/brieger.ch\/fr\/product\/78116\/\">225<\/a><\/td>\n\t\t\t\t<td class=\"zahlrechts abgr\"><a href=\"https:\/\/brieger.ch\/fr\/product\/78116\/\">160<\/a><\/td>\n\t\t\t\t<td class=\"zahlrechts abgr\"><a href=\"https:\/\/brieger.ch\/fr\/product\/78116\/\">C5<\/a><\/td>\n\t\t\t\t<td class=\"preisrechts\"><a href=\"https:\/\/brieger.ch\/fr\/product\/78116\/\">29.10<\/a><\/td>\n              \t<td><a  href=\"https:\/\/brieger.ch\/fr\/product\/78116\/\"><\/a><\/td>\n\t\t\t<\/tr><tr class=\"prodselect \" data-href=\"https:\/\/brieger.ch\/fr\/product\/78214\/\">\n\t\t\t\t<td><a class=\"prodimglist\" href=\"https:\/\/brieger.ch\/fr\/product\/78214\/\"><img decoding=\"async\" width=\"100\" height=\"100\" src=\"https:\/\/brieger.ch\/wp-content\/uploads\/2020\/05\/M78211-100x100.jpg\" class=\"attachment-shop_thumbnail size-shop_thumbnail wp-post-image\" alt=\"Dokumententaschen\" srcset=\"https:\/\/brieger.ch\/wp-content\/uploads\/2020\/05\/M78211-66x66.jpg 66w, https:\/\/brieger.ch\/wp-content\/uploads\/2020\/05\/M78211-100x100.jpg 100w, https:\/\/brieger.ch\/wp-content\/uploads\/2020\/05\/M78211-200x200.jpg 200w, https:\/\/brieger.ch\/wp-content\/uploads\/2020\/05\/M78211-280x280.jpg 280w, https:\/\/brieger.ch\/wp-content\/uploads\/2020\/05\/M78211-400x400.jpg 400w, https:\/\/brieger.ch\/wp-content\/uploads\/2020\/05\/M78211-500x500.jpg 500w, https:\/\/brieger.ch\/wp-content\/uploads\/2020\/05\/M78211-600x600.jpg 600w, https:\/\/brieger.ch\/wp-content\/uploads\/2020\/05\/M78211-700x700.jpg 700w, https:\/\/brieger.ch\/wp-content\/uploads\/2020\/05\/M78211-768x768.jpg 768w, https:\/\/brieger.ch\/wp-content\/uploads\/2020\/05\/M78211-800x800.jpg 800w, https:\/\/brieger.ch\/wp-content\/uploads\/2020\/05\/M78211.jpg 1200w\" sizes=\"(max-width: 100px) 100vw, 100px\" \/><\/a><\/td>\n\t\t\t\t<td class=\"abgr\"><a href=\"https:\/\/brieger.ch\/fr\/product\/78214\/\">78214<\/a><\/td>\n\t\t\t\t<td class=\"abgrtxtli\"><a href=\"https:\/\/brieger.ch\/fr\/product\/78214\/\">Pochettes pour documents transparent<\/a><\/td>\n\t\t\t\t<td class=\"zahlrechts abgr\"><a href=\"https:\/\/brieger.ch\/fr\/product\/78214\/\">225<\/a><\/td>\n\t\t\t\t<td class=\"zahlrechts abgr\"><a href=\"https:\/\/brieger.ch\/fr\/product\/78214\/\">110<\/a><\/td>\n\t\t\t\t<td class=\"zahlrechts abgr\"><a href=\"https:\/\/brieger.ch\/fr\/product\/78214\/\">C6\/5<\/a><\/td>\n\t\t\t\t<td class=\"preisrechts\"><a href=\"https:\/\/brieger.ch\/fr\/product\/78214\/\">19.50<\/a><\/td>\n              \t<td><a  href=\"https:\/\/brieger.ch\/fr\/product\/78214\/\"><\/a><\/td>\n\t\t\t<\/tr><tr class=\"prodselect \" data-href=\"https:\/\/brieger.ch\/fr\/product\/78216\/\">\n\t\t\t\t<td><a class=\"prodimglist\" href=\"https:\/\/brieger.ch\/fr\/product\/78216\/\"><img decoding=\"async\" width=\"100\" height=\"100\" src=\"https:\/\/brieger.ch\/wp-content\/uploads\/2021\/10\/78212-100x100.jpg\" class=\"attachment-shop_thumbnail size-shop_thumbnail wp-post-image\" alt=\"\" srcset=\"https:\/\/brieger.ch\/wp-content\/uploads\/2021\/10\/78212-66x66.jpg 66w, https:\/\/brieger.ch\/wp-content\/uploads\/2021\/10\/78212-100x100.jpg 100w, https:\/\/brieger.ch\/wp-content\/uploads\/2021\/10\/78212-200x200.jpg 200w, https:\/\/brieger.ch\/wp-content\/uploads\/2021\/10\/78212-280x280.jpg 280w, https:\/\/brieger.ch\/wp-content\/uploads\/2021\/10\/78212-400x400.jpg 400w, https:\/\/brieger.ch\/wp-content\/uploads\/2021\/10\/78212-500x500.jpg 500w, https:\/\/brieger.ch\/wp-content\/uploads\/2021\/10\/78212-600x600.jpg 600w, https:\/\/brieger.ch\/wp-content\/uploads\/2021\/10\/78212.jpg 650w\" sizes=\"(max-width: 100px) 100vw, 100px\" \/><\/a><\/td>\n\t\t\t\t<td class=\"abgr\"><a href=\"https:\/\/brieger.ch\/fr\/product\/78216\/\">78216<\/a><\/td>\n\t\t\t\t<td class=\"abgrtxtli\"><a href=\"https:\/\/brieger.ch\/fr\/product\/78216\/\">Pochettes pour documents transparent<\/a><\/td>\n\t\t\t\t<td class=\"zahlrechts abgr\"><a href=\"https:\/\/brieger.ch\/fr\/product\/78216\/\">225<\/a><\/td>\n\t\t\t\t<td class=\"zahlrechts abgr\"><a href=\"https:\/\/brieger.ch\/fr\/product\/78216\/\">160<\/a><\/td>\n\t\t\t\t<td class=\"zahlrechts abgr\"><a href=\"https:\/\/brieger.ch\/fr\/product\/78216\/\">C5<\/a><\/td>\n\t\t\t\t<td class=\"preisrechts\"><a href=\"https:\/\/brieger.ch\/fr\/product\/78216\/\">23.90<\/a><\/td>\n              \t<td><a  href=\"https:\/\/brieger.ch\/fr\/product\/78216\/\"><\/a><\/td>\n\t\t\t<\/tr><tr class=\"prodselect brihighlight\" data-href=\"https:\/\/brieger.ch\/fr\/product\/78411\/\">\n\t\t\t\t<td><a class=\"prodimglist\" href=\"https:\/\/brieger.ch\/fr\/product\/78411\/\"><img decoding=\"async\" width=\"100\" height=\"100\" src=\"https:\/\/brieger.ch\/wp-content\/uploads\/2020\/05\/78411-100x100.jpg\" class=\"attachment-shop_thumbnail size-shop_thumbnail wp-post-image\" alt=\"Dokumententaschen\" srcset=\"https:\/\/brieger.ch\/wp-content\/uploads\/2020\/05\/78411-66x66.jpg 66w, https:\/\/brieger.ch\/wp-content\/uploads\/2020\/05\/78411-100x100.jpg 100w, https:\/\/brieger.ch\/wp-content\/uploads\/2020\/05\/78411-200x200.jpg 200w, https:\/\/brieger.ch\/wp-content\/uploads\/2020\/05\/78411-280x280.jpg 280w, https:\/\/brieger.ch\/wp-content\/uploads\/2020\/05\/78411-400x400.jpg 400w, https:\/\/brieger.ch\/wp-content\/uploads\/2020\/05\/78411-500x500.jpg 500w, https:\/\/brieger.ch\/wp-content\/uploads\/2020\/05\/78411-600x600.jpg 600w, https:\/\/brieger.ch\/wp-content\/uploads\/2020\/05\/78411-700x700.jpg 700w, https:\/\/brieger.ch\/wp-content\/uploads\/2020\/05\/78411-768x768.jpg 768w, https:\/\/brieger.ch\/wp-content\/uploads\/2020\/05\/78411-800x800.jpg 800w, https:\/\/brieger.ch\/wp-content\/uploads\/2020\/05\/78411.jpg 1200w\" sizes=\"(max-width: 100px) 100vw, 100px\" \/><\/a><div class=\"badgegreendiv\"><a class=\"breenbtn\" href=\"https:\/\/brieger.ch\/fr\/product\/78411\/\"><img decoding=\"async\" src=\"https:\/\/brieger.ch\/wp-content\/uploads\/2021\/04\/breen-badge3.png\" alt=\"BREEN\" width=\"33px\" height=\"33px\" \/><\/a><\/div><\/td>\n\t\t\t\t<td class=\"abgr\"><a href=\"https:\/\/brieger.ch\/fr\/product\/78411\/\">78411<\/a><\/td>\n\t\t\t\t<td class=\"abgrtxtli\"><a href=\"https:\/\/brieger.ch\/fr\/product\/78411\/\">Pochettes pour documents en papier<\/a><\/td>\n\t\t\t\t<td class=\"zahlrechts abgr\"><a href=\"https:\/\/brieger.ch\/fr\/product\/78411\/\">228<\/a><\/td>\n\t\t\t\t<td class=\"zahlrechts abgr\"><a href=\"https:\/\/brieger.ch\/fr\/product\/78411\/\">120<\/a><\/td>\n\t\t\t\t<td class=\"zahlrechts abgr\"><a href=\"https:\/\/brieger.ch\/fr\/product\/78411\/\">C6\/5<\/a><\/td>\n\t\t\t\t<td class=\"preisrechts\"><a href=\"https:\/\/brieger.ch\/fr\/product\/78411\/\">14.87<\/a><\/td>\n              \t<td><a  href=\"https:\/\/brieger.ch\/fr\/product\/78411\/\"><\/a><\/td>\n\t\t\t<\/tr><tr class=\"prodselect brihighlight\" data-href=\"https:\/\/brieger.ch\/fr\/product\/78412\/\">\n\t\t\t\t<td><a class=\"prodimglist\" href=\"https:\/\/brieger.ch\/fr\/product\/78412\/\"><img decoding=\"async\" width=\"100\" height=\"100\" src=\"https:\/\/brieger.ch\/wp-content\/uploads\/2020\/05\/78411-100x100.jpg\" class=\"attachment-shop_thumbnail size-shop_thumbnail wp-post-image\" alt=\"Dokumententaschen\" srcset=\"https:\/\/brieger.ch\/wp-content\/uploads\/2020\/05\/78411-66x66.jpg 66w, https:\/\/brieger.ch\/wp-content\/uploads\/2020\/05\/78411-100x100.jpg 100w, https:\/\/brieger.ch\/wp-content\/uploads\/2020\/05\/78411-200x200.jpg 200w, https:\/\/brieger.ch\/wp-content\/uploads\/2020\/05\/78411-280x280.jpg 280w, https:\/\/brieger.ch\/wp-content\/uploads\/2020\/05\/78411-400x400.jpg 400w, https:\/\/brieger.ch\/wp-content\/uploads\/2020\/05\/78411-500x500.jpg 500w, https:\/\/brieger.ch\/wp-content\/uploads\/2020\/05\/78411-600x600.jpg 600w, https:\/\/brieger.ch\/wp-content\/uploads\/2020\/05\/78411-700x700.jpg 700w, https:\/\/brieger.ch\/wp-content\/uploads\/2020\/05\/78411-768x768.jpg 768w, https:\/\/brieger.ch\/wp-content\/uploads\/2020\/05\/78411-800x800.jpg 800w, https:\/\/brieger.ch\/wp-content\/uploads\/2020\/05\/78411.jpg 1200w\" sizes=\"(max-width: 100px) 100vw, 100px\" \/><\/a><div class=\"badgegreendiv\"><a class=\"breenbtn\" href=\"https:\/\/brieger.ch\/fr\/product\/78412\/\"><img decoding=\"async\" src=\"https:\/\/brieger.ch\/wp-content\/uploads\/2021\/04\/breen-badge3.png\" alt=\"BREEN\" width=\"33px\" height=\"33px\" \/><\/a><\/div><\/td>\n\t\t\t\t<td class=\"abgr\"><a href=\"https:\/\/brieger.ch\/fr\/product\/78412\/\">78412<\/a><\/td>\n\t\t\t\t<td class=\"abgrtxtli\"><a href=\"https:\/\/brieger.ch\/fr\/product\/78412\/\">Pochettes pour documents en papier<\/a><\/td>\n\t\t\t\t<td class=\"zahlrechts abgr\"><a href=\"https:\/\/brieger.ch\/fr\/product\/78412\/\">228<\/a><\/td>\n\t\t\t\t<td class=\"zahlrechts abgr\"><a href=\"https:\/\/brieger.ch\/fr\/product\/78412\/\">165<\/a><\/td>\n\t\t\t\t<td class=\"zahlrechts abgr\"><a href=\"https:\/\/brieger.ch\/fr\/product\/78412\/\">C5<\/a><\/td>\n\t\t\t\t<td class=\"preisrechts\"><a href=\"https:\/\/brieger.ch\/fr\/product\/78412\/\">18.39<\/a><\/td>\n              \t<td><a  href=\"https:\/\/brieger.ch\/fr\/product\/78412\/\"><\/a><\/td>\n\t\t\t<\/tr><tr class=\"prodselect brihighlight\" data-href=\"https:\/\/brieger.ch\/fr\/product\/78413\/\">\n\t\t\t\t<td><a class=\"prodimglist\" href=\"https:\/\/brieger.ch\/fr\/product\/78413\/\"><img decoding=\"async\" width=\"100\" height=\"100\" src=\"https:\/\/brieger.ch\/wp-content\/uploads\/2021\/07\/Brieger-Dokumententasche_02-100x100.jpg\" class=\"attachment-shop_thumbnail size-shop_thumbnail wp-post-image\" alt=\"Dokumententaschen\" srcset=\"https:\/\/brieger.ch\/wp-content\/uploads\/2021\/07\/Brieger-Dokumententasche_02-66x66.jpg 66w, https:\/\/brieger.ch\/wp-content\/uploads\/2021\/07\/Brieger-Dokumententasche_02-100x100.jpg 100w, https:\/\/brieger.ch\/wp-content\/uploads\/2021\/07\/Brieger-Dokumententasche_02-200x200.jpg 200w, https:\/\/brieger.ch\/wp-content\/uploads\/2021\/07\/Brieger-Dokumententasche_02-280x280.jpg 280w, https:\/\/brieger.ch\/wp-content\/uploads\/2021\/07\/Brieger-Dokumententasche_02-400x400.jpg 400w, https:\/\/brieger.ch\/wp-content\/uploads\/2021\/07\/Brieger-Dokumententasche_02-500x500.jpg 500w, https:\/\/brieger.ch\/wp-content\/uploads\/2021\/07\/Brieger-Dokumententasche_02-600x600.jpg 600w, https:\/\/brieger.ch\/wp-content\/uploads\/2021\/07\/Brieger-Dokumententasche_02-700x700.jpg 700w, https:\/\/brieger.ch\/wp-content\/uploads\/2021\/07\/Brieger-Dokumententasche_02-768x768.jpg 768w, https:\/\/brieger.ch\/wp-content\/uploads\/2021\/07\/Brieger-Dokumententasche_02-800x800.jpg 800w, https:\/\/brieger.ch\/wp-content\/uploads\/2021\/07\/Brieger-Dokumententasche_02.jpg 1200w\" sizes=\"(max-width: 100px) 100vw, 100px\" \/><\/a><div class=\"badgegreendiv\"><a class=\"breenbtn\" href=\"https:\/\/brieger.ch\/fr\/product\/78413\/\"><img decoding=\"async\" src=\"https:\/\/brieger.ch\/wp-content\/uploads\/2021\/04\/breen-badge3.png\" alt=\"BREEN\" width=\"33px\" height=\"33px\" \/><\/a><\/div><\/td>\n\t\t\t\t<td class=\"abgr\"><a href=\"https:\/\/brieger.ch\/fr\/product\/78413\/\">78413<\/a><\/td>\n\t\t\t\t<td class=\"abgrtxtli\"><a href=\"https:\/\/brieger.ch\/fr\/product\/78413\/\">Pochettes pour documents en papier<\/a><\/td>\n\t\t\t\t<td class=\"zahlrechts abgr\"><a href=\"https:\/\/brieger.ch\/fr\/product\/78413\/\">229<\/a><\/td>\n\t\t\t\t<td class=\"zahlrechts abgr\"><a href=\"https:\/\/brieger.ch\/fr\/product\/78413\/\">114<\/a><\/td>\n\t\t\t\t<td class=\"zahlrechts abgr\"><a href=\"https:\/\/brieger.ch\/fr\/product\/78413\/\">C6\/5<\/a><\/td>\n\t\t\t\t<td class=\"preisrechts\"><a href=\"https:\/\/brieger.ch\/fr\/product\/78413\/\">27.89<\/a><\/td>\n              \t<td><a  href=\"https:\/\/brieger.ch\/fr\/product\/78413\/\"><\/a><\/td>\n\t\t\t<\/tr><tr class=\"prodselect brihighlight\" data-href=\"https:\/\/brieger.ch\/fr\/product\/78414\/\">\n\t\t\t\t<td><a class=\"prodimglist\" href=\"https:\/\/brieger.ch\/fr\/product\/78414\/\"><img decoding=\"async\" width=\"100\" height=\"100\" src=\"https:\/\/brieger.ch\/wp-content\/uploads\/2021\/07\/Brieger-Dokumententasche_01-100x100.jpg\" class=\"attachment-shop_thumbnail size-shop_thumbnail wp-post-image\" alt=\"Dokumententaschen\" srcset=\"https:\/\/brieger.ch\/wp-content\/uploads\/2021\/07\/Brieger-Dokumententasche_01-66x66.jpg 66w, https:\/\/brieger.ch\/wp-content\/uploads\/2021\/07\/Brieger-Dokumententasche_01-100x100.jpg 100w, https:\/\/brieger.ch\/wp-content\/uploads\/2021\/07\/Brieger-Dokumententasche_01-200x200.jpg 200w, https:\/\/brieger.ch\/wp-content\/uploads\/2021\/07\/Brieger-Dokumententasche_01-280x280.jpg 280w, https:\/\/brieger.ch\/wp-content\/uploads\/2021\/07\/Brieger-Dokumententasche_01-400x400.jpg 400w, https:\/\/brieger.ch\/wp-content\/uploads\/2021\/07\/Brieger-Dokumententasche_01-500x500.jpg 500w, https:\/\/brieger.ch\/wp-content\/uploads\/2021\/07\/Brieger-Dokumententasche_01-600x600.jpg 600w, https:\/\/brieger.ch\/wp-content\/uploads\/2021\/07\/Brieger-Dokumententasche_01-700x700.jpg 700w, https:\/\/brieger.ch\/wp-content\/uploads\/2021\/07\/Brieger-Dokumententasche_01-768x768.jpg 768w, https:\/\/brieger.ch\/wp-content\/uploads\/2021\/07\/Brieger-Dokumententasche_01-800x800.jpg 800w, https:\/\/brieger.ch\/wp-content\/uploads\/2021\/07\/Brieger-Dokumententasche_01.jpg 1200w\" sizes=\"(max-width: 100px) 100vw, 100px\" \/><\/a><div class=\"badgegreendiv\"><a class=\"breenbtn\" href=\"https:\/\/brieger.ch\/fr\/product\/78414\/\"><img decoding=\"async\" src=\"https:\/\/brieger.ch\/wp-content\/uploads\/2021\/04\/breen-badge3.png\" alt=\"BREEN\" width=\"33px\" height=\"33px\" \/><\/a><\/div><\/td>\n\t\t\t\t<td class=\"abgr\"><a href=\"https:\/\/brieger.ch\/fr\/product\/78414\/\">78414<\/a><\/td>\n\t\t\t\t<td class=\"abgrtxtli\"><a href=\"https:\/\/brieger.ch\/fr\/product\/78414\/\">Pochettes pour documents en papier<\/a><\/td>\n\t\t\t\t<td class=\"zahlrechts abgr\"><a href=\"https:\/\/brieger.ch\/fr\/product\/78414\/\">229<\/a><\/td>\n\t\t\t\t<td class=\"zahlrechts abgr\"><a href=\"https:\/\/brieger.ch\/fr\/product\/78414\/\">114<\/a><\/td>\n\t\t\t\t<td class=\"zahlrechts abgr\"><a href=\"https:\/\/brieger.ch\/fr\/product\/78414\/\">C6\/5<\/a><\/td>\n\t\t\t\t<td class=\"preisrechts\"><a href=\"https:\/\/brieger.ch\/fr\/product\/78414\/\">27.89<\/a><\/td>\n              \t<td><a  href=\"https:\/\/brieger.ch\/fr\/product\/78414\/\"><\/a><\/td>\n\t\t\t<\/tr><tr class=\"prodselect brihighlight\" data-href=\"https:\/\/brieger.ch\/fr\/product\/78415\/\">\n\t\t\t\t<td><a class=\"prodimglist\" href=\"https:\/\/brieger.ch\/fr\/product\/78415\/\"><img decoding=\"async\" width=\"1474\" height=\"1200\" src=\"https:\/\/brieger.ch\/wp-content\/uploads\/2025\/04\/78415.jpg\" class=\"attachment-shop_thumbnail size-shop_thumbnail wp-post-image\" alt=\"Normgerechte Versandtasche aus Karton mit Klebeverschluss\" srcset=\"https:\/\/brieger.ch\/wp-content\/uploads\/2025\/04\/78415-200x163.jpg 200w, https:\/\/brieger.ch\/wp-content\/uploads\/2025\/04\/78415-400x326.jpg 400w, https:\/\/brieger.ch\/wp-content\/uploads\/2025\/04\/78415-491x400.jpg 491w, https:\/\/brieger.ch\/wp-content\/uploads\/2025\/04\/78415-500x407.jpg 500w, https:\/\/brieger.ch\/wp-content\/uploads\/2025\/04\/78415-600x489.jpg 600w, https:\/\/brieger.ch\/wp-content\/uploads\/2025\/04\/78415-700x570.jpg 700w, https:\/\/brieger.ch\/wp-content\/uploads\/2025\/04\/78415-768x625.jpg 768w, https:\/\/brieger.ch\/wp-content\/uploads\/2025\/04\/78415-800x651.jpg 800w, https:\/\/brieger.ch\/wp-content\/uploads\/2025\/04\/78415-982x800.jpg 982w, https:\/\/brieger.ch\/wp-content\/uploads\/2025\/04\/78415-1200x977.jpg 1200w, https:\/\/brieger.ch\/wp-content\/uploads\/2025\/04\/78415-2048x1668.jpg 1473w, https:\/\/brieger.ch\/wp-content\/uploads\/2025\/04\/78415.jpg 1474w\" sizes=\"(max-width: 1474px) 100vw, 1474px\" \/><\/a><div class=\"badgegreendiv\"><a class=\"breenbtn\" href=\"https:\/\/brieger.ch\/fr\/product\/78415\/\"><img decoding=\"async\" src=\"https:\/\/brieger.ch\/wp-content\/uploads\/2021\/04\/breen-badge3.png\" alt=\"BREEN\" width=\"33px\" height=\"33px\" \/><\/a><\/div><\/td>\n\t\t\t\t<td class=\"abgr\"><a href=\"https:\/\/brieger.ch\/fr\/product\/78415\/\">78415<\/a><\/td>\n\t\t\t\t<td class=\"abgrtxtli\"><a href=\"https:\/\/brieger.ch\/fr\/product\/78415\/\">Pochettes pour documents en papier<\/a><\/td>\n\t\t\t\t<td class=\"zahlrechts abgr\"><a href=\"https:\/\/brieger.ch\/fr\/product\/78415\/\">229<\/a><\/td>\n\t\t\t\t<td class=\"zahlrechts abgr\"><a href=\"https:\/\/brieger.ch\/fr\/product\/78415\/\">154<\/a><\/td>\n\t\t\t\t<td class=\"zahlrechts abgr\"><a href=\"https:\/\/brieger.ch\/fr\/product\/78415\/\">C5<\/a><\/td>\n\t\t\t\t<td class=\"preisrechts\"><a href=\"https:\/\/brieger.ch\/fr\/product\/78415\/\">33.10<\/a><\/td>\n              \t<td><a class=\"newprod\" href=\"https:\/\/brieger.ch\/fr\/product\/78415\/\">Neu<\/a><\/td>\n\t\t\t<\/tr><tr class=\"prodselect \" data-href=\"https:\/\/brieger.ch\/fr\/product\/78114\/\">\n\t\t\t\t<td><a class=\"prodimglist\" href=\"https:\/\/brieger.ch\/fr\/product\/78114\/\"><img decoding=\"async\" width=\"100\" height=\"100\" src=\"https:\/\/brieger.ch\/wp-content\/uploads\/2020\/05\/78310-100x100.jpg\" class=\"attachment-shop_thumbnail size-shop_thumbnail wp-post-image\" alt=\"\" srcset=\"https:\/\/brieger.ch\/wp-content\/uploads\/2020\/05\/78310-66x66.jpg 66w, https:\/\/brieger.ch\/wp-content\/uploads\/2020\/05\/78310-100x100.jpg 100w, https:\/\/brieger.ch\/wp-content\/uploads\/2020\/05\/78310-200x200.jpg 200w, https:\/\/brieger.ch\/wp-content\/uploads\/2020\/05\/78310-280x280.jpg 280w, https:\/\/brieger.ch\/wp-content\/uploads\/2020\/05\/78310-400x400.jpg 400w, https:\/\/brieger.ch\/wp-content\/uploads\/2020\/05\/78310-500x500.jpg 500w, https:\/\/brieger.ch\/wp-content\/uploads\/2020\/05\/78310-600x600.jpg 600w, https:\/\/brieger.ch\/wp-content\/uploads\/2020\/05\/78310-700x700.jpg 700w, https:\/\/brieger.ch\/wp-content\/uploads\/2020\/05\/78310-768x768.jpg 768w, https:\/\/brieger.ch\/wp-content\/uploads\/2020\/05\/78310.jpg 800w\" sizes=\"(max-width: 100px) 100vw, 100px\" \/><\/a><\/td>\n\t\t\t\t<td class=\"abgr\"><a href=\"https:\/\/brieger.ch\/fr\/product\/78114\/\">78114<\/a><\/td>\n\t\t\t\t<td class=\"abgrtxtli\"><a href=\"https:\/\/brieger.ch\/fr\/product\/78114\/\">Pochettes pour documents impression rouge<\/a><\/td>\n\t\t\t\t<td class=\"zahlrechts abgr\"><a href=\"https:\/\/brieger.ch\/fr\/product\/78114\/\">230<\/a><\/td>\n\t\t\t\t<td class=\"zahlrechts abgr\"><a href=\"https:\/\/brieger.ch\/fr\/product\/78114\/\">120<\/a><\/td>\n\t\t\t\t<td class=\"zahlrechts abgr\"><a href=\"https:\/\/brieger.ch\/fr\/product\/78114\/\">C6\/5<\/a><\/td>\n\t\t\t\t<td class=\"preisrechts\"><a href=\"https:\/\/brieger.ch\/fr\/product\/78114\/\">19.90<\/a><\/td>\n              \t<td><a  href=\"https:\/\/brieger.ch\/fr\/product\/78114\/\"><\/a><\/td>\n\t\t\t<\/tr><tr class=\"prodselect \" data-href=\"https:\/\/brieger.ch\/fr\/product\/78115\/\">\n\t\t\t\t<td><a class=\"prodimglist\" href=\"https:\/\/brieger.ch\/fr\/product\/78115\/\"><img decoding=\"async\" width=\"2560\" height=\"1707\" src=\"https:\/\/brieger.ch\/wp-content\/uploads\/2020\/07\/78115-scaled-e1684745889448.jpg\" class=\"attachment-shop_thumbnail size-shop_thumbnail wp-post-image\" alt=\"Rote Dokumententaschen mit Sichtfenster f\u00fcr Versand und Begleitpapiere\" \/><\/a><\/td>\n\t\t\t\t<td class=\"abgr\"><a href=\"https:\/\/brieger.ch\/fr\/product\/78115\/\">78115<\/a><\/td>\n\t\t\t\t<td class=\"abgrtxtli\"><a href=\"https:\/\/brieger.ch\/fr\/product\/78115\/\">Pochettes pour documents impression rouge<\/a><\/td>\n\t\t\t\t<td class=\"zahlrechts abgr\"><a href=\"https:\/\/brieger.ch\/fr\/product\/78115\/\">230<\/a><\/td>\n\t\t\t\t<td class=\"zahlrechts abgr\"><a href=\"https:\/\/brieger.ch\/fr\/product\/78115\/\">120<\/a><\/td>\n\t\t\t\t<td class=\"zahlrechts abgr\"><a href=\"https:\/\/brieger.ch\/fr\/product\/78115\/\">C6\/5<\/a><\/td>\n\t\t\t\t<td class=\"preisrechts\"><a href=\"https:\/\/brieger.ch\/fr\/product\/78115\/\">19.90<\/a><\/td>\n              \t<td><a  href=\"https:\/\/brieger.ch\/fr\/product\/78115\/\"><\/a><\/td>\n\t\t\t<\/tr><tr class=\"prodselect \" data-href=\"https:\/\/brieger.ch\/fr\/product\/78215\/\">\n\t\t\t\t<td><a class=\"prodimglist\" href=\"https:\/\/brieger.ch\/fr\/product\/78215\/\"><img decoding=\"async\" width=\"100\" height=\"100\" src=\"https:\/\/brieger.ch\/wp-content\/uploads\/2020\/05\/M78211-100x100.jpg\" class=\"attachment-shop_thumbnail size-shop_thumbnail wp-post-image\" alt=\"Dokumententaschen\" srcset=\"https:\/\/brieger.ch\/wp-content\/uploads\/2020\/05\/M78211-66x66.jpg 66w, https:\/\/brieger.ch\/wp-content\/uploads\/2020\/05\/M78211-100x100.jpg 100w, https:\/\/brieger.ch\/wp-content\/uploads\/2020\/05\/M78211-200x200.jpg 200w, https:\/\/brieger.ch\/wp-content\/uploads\/2020\/05\/M78211-280x280.jpg 280w, https:\/\/brieger.ch\/wp-content\/uploads\/2020\/05\/M78211-400x400.jpg 400w, https:\/\/brieger.ch\/wp-content\/uploads\/2020\/05\/M78211-500x500.jpg 500w, https:\/\/brieger.ch\/wp-content\/uploads\/2020\/05\/M78211-600x600.jpg 600w, https:\/\/brieger.ch\/wp-content\/uploads\/2020\/05\/M78211-700x700.jpg 700w, https:\/\/brieger.ch\/wp-content\/uploads\/2020\/05\/M78211-768x768.jpg 768w, https:\/\/brieger.ch\/wp-content\/uploads\/2020\/05\/M78211-800x800.jpg 800w, https:\/\/brieger.ch\/wp-content\/uploads\/2020\/05\/M78211.jpg 1200w\" sizes=\"(max-width: 100px) 100vw, 100px\" \/><\/a><\/td>\n\t\t\t\t<td class=\"abgr\"><a href=\"https:\/\/brieger.ch\/fr\/product\/78215\/\">78215<\/a><\/td>\n\t\t\t\t<td class=\"abgrtxtli\"><a href=\"https:\/\/brieger.ch\/fr\/product\/78215\/\">Pochettes pour documents transparent<\/a><\/td>\n\t\t\t\t<td class=\"zahlrechts abgr\"><a href=\"https:\/\/brieger.ch\/fr\/product\/78215\/\">230<\/a><\/td>\n\t\t\t\t<td class=\"zahlrechts abgr\"><a href=\"https:\/\/brieger.ch\/fr\/product\/78215\/\">120<\/a><\/td>\n\t\t\t\t<td class=\"zahlrechts abgr\"><a href=\"https:\/\/brieger.ch\/fr\/product\/78215\/\">C6\/5<\/a><\/td>\n\t\t\t\t<td class=\"preisrechts\"><a href=\"https:\/\/brieger.ch\/fr\/product\/78215\/\">17.90<\/a><\/td>\n              \t<td><a  href=\"https:\/\/brieger.ch\/fr\/product\/78215\/\"><\/a><\/td>\n\t\t\t<\/tr><tr class=\"prodselect \" data-href=\"https:\/\/brieger.ch\/fr\/product\/78511\/\">\n\t\t\t\t<td><a class=\"prodimglist\" href=\"https:\/\/brieger.ch\/fr\/product\/78511\/\"><img decoding=\"async\" width=\"100\" height=\"100\" src=\"https:\/\/brieger.ch\/wp-content\/uploads\/2020\/05\/78110-100x100.jpg\" class=\"attachment-shop_thumbnail size-shop_thumbnail wp-post-image\" alt=\"Dokumententaschen\" srcset=\"https:\/\/brieger.ch\/wp-content\/uploads\/2020\/05\/78110-66x66.jpg 66w, https:\/\/brieger.ch\/wp-content\/uploads\/2020\/05\/78110-100x100.jpg 100w, https:\/\/brieger.ch\/wp-content\/uploads\/2020\/05\/78110-200x200.jpg 200w, https:\/\/brieger.ch\/wp-content\/uploads\/2020\/05\/78110-280x280.jpg 280w, https:\/\/brieger.ch\/wp-content\/uploads\/2020\/05\/78110-400x400.jpg 400w, https:\/\/brieger.ch\/wp-content\/uploads\/2020\/05\/78110-500x500.jpg 500w, https:\/\/brieger.ch\/wp-content\/uploads\/2020\/05\/78110-600x600.jpg 600w, https:\/\/brieger.ch\/wp-content\/uploads\/2020\/05\/78110-700x700.jpg 700w, https:\/\/brieger.ch\/wp-content\/uploads\/2020\/05\/78110-768x768.jpg 768w, https:\/\/brieger.ch\/wp-content\/uploads\/2020\/05\/78110.jpg 800w\" sizes=\"(max-width: 100px) 100vw, 100px\" \/><\/a><\/td>\n\t\t\t\t<td class=\"abgr\"><a href=\"https:\/\/brieger.ch\/fr\/product\/78511\/\">78511<\/a><\/td>\n\t\t\t\t<td class=\"abgrtxtli\"><a href=\"https:\/\/brieger.ch\/fr\/product\/78511\/\">Pochettes pour documents noir<\/a><\/td>\n\t\t\t\t<td class=\"zahlrechts abgr\"><a href=\"https:\/\/brieger.ch\/fr\/product\/78511\/\">235<\/a><\/td>\n\t\t\t\t<td class=\"zahlrechts abgr\"><a href=\"https:\/\/brieger.ch\/fr\/product\/78511\/\">120<\/a><\/td>\n\t\t\t\t<td class=\"zahlrechts abgr\"><a href=\"https:\/\/brieger.ch\/fr\/product\/78511\/\">C6\/5<\/a><\/td>\n\t\t\t\t<td class=\"preisrechts\"><a href=\"https:\/\/brieger.ch\/fr\/product\/78511\/\">20.83<\/a><\/td>\n              \t<td><a  href=\"https:\/\/brieger.ch\/fr\/product\/78511\/\"><\/a><\/td>\n\t\t\t<\/tr><tr class=\"prodselect \" data-href=\"https:\/\/brieger.ch\/fr\/product\/78512\/\">\n\t\t\t\t<td><a class=\"prodimglist\" href=\"https:\/\/brieger.ch\/fr\/product\/78512\/\"><img decoding=\"async\" width=\"1200\" height=\"1262\" src=\"https:\/\/brieger.ch\/wp-content\/uploads\/2020\/07\/78512-scaled.jpg\" class=\"attachment-shop_thumbnail size-shop_thumbnail wp-post-image\" alt=\"https:\/\/brieger.ch\/produkt\/78411\/\" srcset=\"https:\/\/brieger.ch\/wp-content\/uploads\/2020\/07\/78512-200x210.jpg 200w, https:\/\/brieger.ch\/wp-content\/uploads\/2020\/07\/78512-380x400.jpg 380w, https:\/\/brieger.ch\/wp-content\/uploads\/2020\/07\/78512-400x421.jpg 400w, https:\/\/brieger.ch\/wp-content\/uploads\/2020\/07\/78512-500x526.jpg 500w, https:\/\/brieger.ch\/wp-content\/uploads\/2020\/07\/78512-600x631.jpg 600w, https:\/\/brieger.ch\/wp-content\/uploads\/2020\/07\/78512-700x736.jpg 700w, https:\/\/brieger.ch\/wp-content\/uploads\/2020\/07\/78512-761x800.jpg 761w, https:\/\/brieger.ch\/wp-content\/uploads\/2020\/07\/78512-768x808.jpg 768w, https:\/\/brieger.ch\/wp-content\/uploads\/2020\/07\/78512-800x841.jpg 800w, https:\/\/brieger.ch\/wp-content\/uploads\/2020\/07\/78512-scaled.jpg 1200w\" sizes=\"(max-width: 1200px) 100vw, 1200px\" \/><\/a><\/td>\n\t\t\t\t<td class=\"abgr\"><a href=\"https:\/\/brieger.ch\/fr\/product\/78512\/\">78512<\/a><\/td>\n\t\t\t\t<td class=\"abgrtxtli\"><a href=\"https:\/\/brieger.ch\/fr\/product\/78512\/\">Pochettes pour documents noir<\/a><\/td>\n\t\t\t\t<td class=\"zahlrechts abgr\"><a href=\"https:\/\/brieger.ch\/fr\/product\/78512\/\">235<\/a><\/td>\n\t\t\t\t<td class=\"zahlrechts abgr\"><a href=\"https:\/\/brieger.ch\/fr\/product\/78512\/\">120<\/a><\/td>\n\t\t\t\t<td class=\"zahlrechts abgr\"><a href=\"https:\/\/brieger.ch\/fr\/product\/78512\/\">C6\/5<\/a><\/td>\n\t\t\t\t<td class=\"preisrechts\"><a href=\"https:\/\/brieger.ch\/fr\/product\/78512\/\">20.83<\/a><\/td>\n              \t<td><a  href=\"https:\/\/brieger.ch\/fr\/product\/78512\/\"><\/a><\/td>\n\t\t\t<\/tr><tr class=\"prodselect \" data-href=\"https:\/\/brieger.ch\/fr\/product\/78217\/\">\n\t\t\t\t<td><a class=\"prodimglist\" href=\"https:\/\/brieger.ch\/fr\/product\/78217\/\"><img decoding=\"async\" width=\"100\" height=\"100\" src=\"https:\/\/brieger.ch\/wp-content\/uploads\/2020\/05\/M78211-100x100.jpg\" class=\"attachment-shop_thumbnail size-shop_thumbnail wp-post-image\" alt=\"Dokumententaschen\" srcset=\"https:\/\/brieger.ch\/wp-content\/uploads\/2020\/05\/M78211-66x66.jpg 66w, https:\/\/brieger.ch\/wp-content\/uploads\/2020\/05\/M78211-100x100.jpg 100w, https:\/\/brieger.ch\/wp-content\/uploads\/2020\/05\/M78211-200x200.jpg 200w, https:\/\/brieger.ch\/wp-content\/uploads\/2020\/05\/M78211-280x280.jpg 280w, https:\/\/brieger.ch\/wp-content\/uploads\/2020\/05\/M78211-400x400.jpg 400w, https:\/\/brieger.ch\/wp-content\/uploads\/2020\/05\/M78211-500x500.jpg 500w, https:\/\/brieger.ch\/wp-content\/uploads\/2020\/05\/M78211-600x600.jpg 600w, https:\/\/brieger.ch\/wp-content\/uploads\/2020\/05\/M78211-700x700.jpg 700w, https:\/\/brieger.ch\/wp-content\/uploads\/2020\/05\/M78211-768x768.jpg 768w, https:\/\/brieger.ch\/wp-content\/uploads\/2020\/05\/M78211-800x800.jpg 800w, https:\/\/brieger.ch\/wp-content\/uploads\/2020\/05\/M78211.jpg 1200w\" sizes=\"(max-width: 100px) 100vw, 100px\" \/><\/a><\/td>\n\t\t\t\t<td class=\"abgr\"><a href=\"https:\/\/brieger.ch\/fr\/product\/78217\/\">78217<\/a><\/td>\n\t\t\t\t<td class=\"abgrtxtli\"><a href=\"https:\/\/brieger.ch\/fr\/product\/78217\/\">Pochettes pour documents transparent<\/a><\/td>\n\t\t\t\t<td class=\"zahlrechts abgr\"><a href=\"https:\/\/brieger.ch\/fr\/product\/78217\/\">310<\/a><\/td>\n\t\t\t\t<td class=\"zahlrechts abgr\"><a href=\"https:\/\/brieger.ch\/fr\/product\/78217\/\">230<\/a><\/td>\n\t\t\t\t<td class=\"zahlrechts abgr\"><a href=\"https:\/\/brieger.ch\/fr\/product\/78217\/\">C4<\/a><\/td>\n\t\t\t\t<td class=\"preisrechts\"><a href=\"https:\/\/brieger.ch\/fr\/product\/78217\/\">39.30<\/a><\/td>\n              \t<td><a class=\"badgeprod\" href=\"https:\/\/brieger.ch\/fr\/product\/78217\/\">Sale<\/a><\/td>\n\t\t\t<\/tr>\n\t\t<\/tbody>\n\t<\/table>\n\t\n<p class=\"anzhits\">R\u00e9sultats: 16<\/p>\n\t\n<\/div>\n<\/div><div class=\"fusion-clearfix\"><\/div><\/div><\/div><\/div><\/div><div class=\"fusion-fullwidth fullwidth-box fusion-builder-row-3 fusion-flex-container has-pattern-background has-mask-background nonhundred-percent-fullwidth non-hundred-percent-height-scrolling\" style=\"--awb-border-radius-top-left:0px;--awb-border-radius-top-right:0px;--awb-border-radius-bottom-right:0px;--awb-border-radius-bottom-left:0px;--awb-flex-wrap:wrap;\" ><div class=\"fusion-builder-row fusion-row fusion-flex-align-items-flex-start fusion-flex-content-wrap\" style=\"max-width:1144px;margin-left: calc(-4% \/ 2 );margin-right: calc(-4% \/ 2 );\"><div class=\"fusion-layout-column fusion_builder_column fusion-builder-column-4 fusion_builder_column_1_1 1_1 fusion-flex-column\" style=\"--awb-bg-size:cover;--awb-width-large:100%;--awb-margin-top-large:0px;--awb-spacing-right-large:1.92%;--awb-margin-bottom-large:20px;--awb-spacing-left-large:1.92%;--awb-width-medium:100%;--awb-order-medium:0;--awb-spacing-right-medium:1.92%;--awb-spacing-left-medium:1.92%;--awb-width-small:100%;--awb-order-small:0;--awb-spacing-right-small:1.92%;--awb-spacing-left-small:1.92%;\"><div class=\"fusion-column-wrapper fusion-column-has-shadow fusion-flex-justify-content-flex-start fusion-content-layout-column\"><div class=\"fusion-title title fusion-title-2 fusion-title-text fusion-title-size-two\" style=\"--awb-sep-color:var(--awb-color3);\"><div class=\"title-sep-container title-sep-container-left fusion-no-large-visibility fusion-no-medium-visibility fusion-no-small-visibility\"><div class=\"title-sep sep-single sep-solid\" style=\"border-color:var(--awb-color3);\"><\/div><\/div><span class=\"awb-title-spacer fusion-no-large-visibility fusion-no-medium-visibility fusion-no-small-visibility\"><\/span><h2 class=\"fusion-title-heading title-heading-left\" style=\"margin:0;\">Des pochettes porte document personnalis\u00e9es pour tous les secteurs<\/h2><span class=\"awb-title-spacer\"><\/span><div class=\"title-sep-container title-sep-container-right\"><div class=\"title-sep sep-single sep-solid\" style=\"border-color:var(--awb-color3);\"><\/div><\/div><\/div><div class=\"fusion-text fusion-text-5\"><p>Que ce soit pour le commerce en ligne, la logistique, la distribution ou la production : les documents ci-inclus doivent toujours \u00eatre bien positionn\u00e9s sur les colis. Brieger vous propose une large gamme de mod\u00e8les robustes et pratiques, tant dans diff\u00e9rents <a href=\"https:\/\/brieger.ch\/fr\/formats-a5-a4-b4-b5\/\" target=\"_blank\" rel=\"noopener\">formats<\/a> que mat\u00e9riaux. Gr\u00e2ce \u00e0 leur facilit\u00e9 d&rsquo;utilisation, nos solutions sont id\u00e9ales pour une utilisation quotidienne dans la gestion des marchandises<\/p>\n<\/div><\/div><\/div><\/div><\/div><div class=\"fusion-fullwidth fullwidth-box fusion-builder-row-4 fusion-flex-container has-pattern-background has-mask-background nonhundred-percent-fullwidth non-hundred-percent-height-scrolling\" style=\"--awb-border-radius-top-left:0px;--awb-border-radius-top-right:0px;--awb-border-radius-bottom-right:0px;--awb-border-radius-bottom-left:0px;--awb-flex-wrap:wrap;\" ><div class=\"fusion-builder-row fusion-row fusion-flex-align-items-flex-start fusion-flex-content-wrap\" style=\"max-width:1144px;margin-left: calc(-4% \/ 2 );margin-right: calc(-4% \/ 2 );\"><div class=\"fusion-layout-column fusion_builder_column fusion-builder-column-5 fusion_builder_column_1_1 1_1 fusion-flex-column\" style=\"--awb-bg-size:cover;--awb-width-large:100%;--awb-margin-top-large:0px;--awb-spacing-right-large:1.92%;--awb-margin-bottom-large:20px;--awb-spacing-left-large:1.92%;--awb-width-medium:100%;--awb-order-medium:0;--awb-spacing-right-medium:1.92%;--awb-spacing-left-medium:1.92%;--awb-width-small:100%;--awb-order-small:0;--awb-spacing-right-small:1.92%;--awb-spacing-left-small:1.92%;\"><div class=\"fusion-column-wrapper fusion-column-has-shadow fusion-flex-justify-content-flex-start fusion-content-layout-column\"><div class=\"fusion-title title fusion-title-3 fusion-title-text fusion-title-size-two\" style=\"--awb-sep-color:var(--awb-color3);\"><div class=\"title-sep-container title-sep-container-left fusion-no-large-visibility fusion-no-medium-visibility fusion-no-small-visibility\"><div class=\"title-sep sep-single sep-solid\" style=\"border-color:var(--awb-color3);\"><\/div><\/div><span class=\"awb-title-spacer fusion-no-large-visibility fusion-no-medium-visibility fusion-no-small-visibility\"><\/span><h2 class=\"fusion-title-heading title-heading-left\" style=\"margin:0;\">Adh\u00e9sives, transparentes ou en papier \u2013 \u00e0 vous de choisir !<\/h2><span class=\"awb-title-spacer\"><\/span><div class=\"title-sep-container title-sep-container-right\"><div class=\"title-sep sep-single sep-solid\" style=\"border-color:var(--awb-color3);\"><\/div><\/div><\/div><\/div><\/div><\/div><\/div><div class=\"fusion-fullwidth fullwidth-box fusion-builder-row-5 fusion-flex-container has-pattern-background has-mask-background nonhundred-percent-fullwidth non-hundred-percent-height-scrolling\" style=\"--awb-border-radius-top-left:0px;--awb-border-radius-top-right:0px;--awb-border-radius-bottom-right:0px;--awb-border-radius-bottom-left:0px;--awb-flex-wrap:wrap;\" ><div class=\"fusion-builder-row fusion-row fusion-flex-align-items-flex-start fusion-flex-content-wrap\" style=\"max-width:1144px;margin-left: calc(-4% \/ 2 );margin-right: calc(-4% \/ 2 );\"><div class=\"fusion-layout-column fusion_builder_column fusion-builder-column-6 fusion_builder_column_3_4 3_4 fusion-flex-column\" style=\"--awb-bg-size:cover;--awb-width-large:75%;--awb-margin-top-large:0px;--awb-spacing-right-large:2.56%;--awb-margin-bottom-large:20px;--awb-spacing-left-large:2.56%;--awb-width-medium:100%;--awb-order-medium:0;--awb-spacing-right-medium:1.92%;--awb-spacing-left-medium:1.92%;--awb-width-small:100%;--awb-order-small:0;--awb-spacing-right-small:1.92%;--awb-spacing-left-small:1.92%;\"><div class=\"fusion-column-wrapper fusion-column-has-shadow fusion-flex-justify-content-flex-start fusion-content-layout-column\"><div class=\"fusion-text fusion-text-6\"><p>Nos pochettes pour documents autocollants permettent une fixation rapide et fiable sur du carton, des emballages en aluminium ou des r\u00e9cipients en plastique. Ils adh\u00e8rent de mani\u00e8re s\u00fbre et durable, sans <a href=\"https:\/\/brieger.ch\/fr\/accessoires\/rubans-adhesifs-et-derouleurs\/\" target=\"_blank\" rel=\"noopener\">ruban adh\u00e9sif<\/a> suppl\u00e9mentaire ni aide pour une manipulation facile.<\/p>\n<p>Si vous \u00eates \u00e0 la recherche d&rsquo;une solution particuli\u00e8rement qualitative et visuellement attrayante, nos pochettes pour <a href=\"https:\/\/brieger.ch\/fr\/product\/78214\/\" target=\"_blank\" rel=\"noopener\">documents transparents<\/a> sont id\u00e9aux. Ils permettent de voir l&rsquo;ensemble du contenu d&rsquo;un seul coup d&rsquo;\u0153il, ce qui simplifie l&rsquo;identification et acc\u00e9l\u00e8re le processus.<\/p>\n<p>En outre, nous proposons \u00e9galement des sacs \u00e0 <a href=\"https:\/\/brieger.ch\/fr\/product\/78411\/\" target=\"_blank\" rel=\"noopener\">documents en papier<\/a> \u2013 comme alternative durable pour les entreprises qui appr\u00e9cient les emballages respectueux de l&rsquo;environnement.<\/p>\n<\/div><\/div><\/div><div class=\"fusion-layout-column fusion_builder_column fusion-builder-column-7 fusion_builder_column_1_4 1_4 fusion-flex-column\" style=\"--awb-bg-size:cover;--awb-width-large:25%;--awb-margin-top-large:0px;--awb-spacing-right-large:7.68%;--awb-margin-bottom-large:20px;--awb-spacing-left-large:7.68%;--awb-width-medium:100%;--awb-order-medium:0;--awb-spacing-right-medium:1.92%;--awb-spacing-left-medium:1.92%;--awb-width-small:100%;--awb-order-small:0;--awb-spacing-right-small:1.92%;--awb-spacing-left-small:1.92%;\"><div class=\"fusion-column-wrapper fusion-column-has-shadow fusion-flex-justify-content-flex-start fusion-content-layout-column\"><div class=\"fusion-image-element \" style=\"--awb-caption-title-font-family:var(--h2_typography-font-family);--awb-caption-title-font-weight:var(--h2_typography-font-weight);--awb-caption-title-font-style:var(--h2_typography-font-style);--awb-caption-title-size:var(--h2_typography-font-size);--awb-caption-title-transform:var(--h2_typography-text-transform);--awb-caption-title-line-height:var(--h2_typography-line-height);--awb-caption-title-letter-spacing:var(--h2_typography-letter-spacing);\"><span class=\" fusion-imageframe imageframe-none imageframe-2 hover-type-none\"><img decoding=\"async\" width=\"500\" height=\"500\" alt=\"Pochette pour document neu\" title=\"kat-dokumententaschen-Gruppe-78310_78321\" src=\"https:\/\/brieger.ch\/wp-content\/uploads\/2020\/07\/kat-dokumententaschen-Gruppe-78310_78321.jpg\" class=\"img-responsive wp-image-35901\" srcset=\"https:\/\/brieger.ch\/wp-content\/uploads\/2020\/07\/kat-dokumententaschen-Gruppe-78310_78321-200x200.jpg 200w, https:\/\/brieger.ch\/wp-content\/uploads\/2020\/07\/kat-dokumententaschen-Gruppe-78310_78321-400x400.jpg 400w, https:\/\/brieger.ch\/wp-content\/uploads\/2020\/07\/kat-dokumententaschen-Gruppe-78310_78321.jpg 500w\" sizes=\"(max-width: 1024px) 100vw, (max-width: 640px) 100vw, 400px\" \/><\/span><\/div><\/div><\/div><\/div><\/div><div class=\"fusion-fullwidth fullwidth-box fusion-builder-row-6 fusion-flex-container has-pattern-background has-mask-background nonhundred-percent-fullwidth non-hundred-percent-height-scrolling\" style=\"--awb-border-radius-top-left:0px;--awb-border-radius-top-right:0px;--awb-border-radius-bottom-right:0px;--awb-border-radius-bottom-left:0px;--awb-flex-wrap:wrap;\" ><div class=\"fusion-builder-row fusion-row fusion-flex-align-items-flex-start fusion-flex-content-wrap\" style=\"max-width:1144px;margin-left: calc(-4% \/ 2 );margin-right: calc(-4% \/ 2 );\"><div class=\"fusion-layout-column fusion_builder_column fusion-builder-column-8 fusion_builder_column_1_1 1_1 fusion-flex-column\" style=\"--awb-bg-size:cover;--awb-width-large:100%;--awb-margin-top-large:0px;--awb-spacing-right-large:1.92%;--awb-margin-bottom-large:20px;--awb-spacing-left-large:1.92%;--awb-width-medium:100%;--awb-order-medium:0;--awb-spacing-right-medium:1.92%;--awb-spacing-left-medium:1.92%;--awb-width-small:100%;--awb-order-small:0;--awb-spacing-right-small:1.92%;--awb-spacing-left-small:1.92%;\"><div class=\"fusion-column-wrapper fusion-column-has-shadow fusion-flex-justify-content-flex-start fusion-content-layout-column\"><div class=\"fusion-title title fusion-title-4 fusion-title-text fusion-title-size-two\" style=\"--awb-sep-color:var(--awb-color3);\"><div class=\"title-sep-container title-sep-container-left fusion-no-large-visibility fusion-no-medium-visibility fusion-no-small-visibility\"><div class=\"title-sep sep-single sep-solid\" style=\"border-color:var(--awb-color3);\"><\/div><\/div><span class=\"awb-title-spacer fusion-no-large-visibility fusion-no-medium-visibility fusion-no-small-visibility\"><\/span><h2 class=\"fusion-title-heading title-heading-left\" style=\"margin:0;\">Des pochettes adapt\u00e9es \u00e0 tous les formats de documents<\/h2><span class=\"awb-title-spacer\"><\/span><div class=\"title-sep-container title-sep-container-right\"><div class=\"title-sep sep-single sep-solid\" style=\"border-color:var(--awb-color3);\"><\/div><\/div><\/div><div class=\"fusion-text fusion-text-7\"><p>La bonne taille pour chaque usage : nos sacs \u00e0 <a href=\"https:\/\/brieger.ch\/fr\/product\/78216\/\" target=\"_blank\" rel=\"noopener\">documents C5<\/a> sont particuli\u00e8rement populaires, car ils sont parfaits pour les bons de livraison, les factures ou les petits papiers d&rsquo;accompagnement. Les envois plus petits b\u00e9n\u00e9ficient de formats compacts tels que C6\/5 pour des documents d&rsquo;exp\u00e9dition r\u00e9duits ou des encarts minces.<\/p>\n<\/div><div class=\"fusion-title title fusion-title-5 fusion-title-text fusion-title-size-two\" style=\"--awb-sep-color:var(--awb-color3);\"><div class=\"title-sep-container title-sep-container-left fusion-no-large-visibility fusion-no-medium-visibility fusion-no-small-visibility\"><div class=\"title-sep sep-single sep-solid\" style=\"border-color:var(--awb-color3);\"><\/div><\/div><span class=\"awb-title-spacer fusion-no-large-visibility fusion-no-medium-visibility fusion-no-small-visibility\"><\/span><h2 class=\"fusion-title-heading title-heading-left\" style=\"margin:0;\">Pochettes de livraison avec ou sans impression \u2013 bien identifi\u00e9es<\/h2><span class=\"awb-title-spacer\"><\/span><div class=\"title-sep-container title-sep-container-right\"><div class=\"title-sep sep-single sep-solid\" style=\"border-color:var(--awb-color3);\"><\/div><\/div><\/div><div class=\"fusion-text fusion-text-8\"><p>En plus des variantes neutres, nous proposons \u00e9galement des pochettes pour documents avec des informations pr\u00e9imprim\u00e9es \u2013 dans diff\u00e9rentes couleurs et langues. Le marquage accrocheur facilite l&rsquo;affectation \u00e0 la r\u00e9ception des marchandises et permet un traitement sans erreur.<br \/>\nNos pochettes autocollantes pour bons de livraison sont particuli\u00e8rement pratiques car elles peuvent \u00eatre appliqu\u00e9es rapidement et assurent une tenue optimale, m\u00eame sur les itin\u00e9raires maritimes tr\u00e8s fr\u00e9quent\u00e9s.<\/p>\n<\/div><div class=\"fusion-title title fusion-title-6 fusion-title-text fusion-title-size-two\" style=\"--awb-sep-color:var(--awb-color3);\"><div class=\"title-sep-container title-sep-container-left fusion-no-large-visibility fusion-no-medium-visibility fusion-no-small-visibility\"><div class=\"title-sep sep-single sep-solid\" style=\"border-color:var(--awb-color3);\"><\/div><\/div><span class=\"awb-title-spacer fusion-no-large-visibility fusion-no-medium-visibility fusion-no-small-visibility\"><\/span><h2 class=\"fusion-title-heading title-heading-left\" style=\"margin:0;\">Vos avantages en un coup d\u2019\u0153il :<\/h2><span class=\"awb-title-spacer\"><\/span><div class=\"title-sep-container title-sep-container-right\"><div class=\"title-sep sep-single sep-solid\" style=\"border-color:var(--awb-color3);\"><\/div><\/div><\/div><ul style=\"--awb-line-height:23.8px;--awb-icon-width:23.8px;--awb-icon-height:23.8px;--awb-icon-margin:9.8px;--awb-content-margin:33.6px;--awb-circlecolor:var(--awb-color3);--awb-circle-yes-font-size:12.32px;\" class=\"fusion-checklist fusion-checklist-1 fusion-checklist-default type-icons\"><li class=\"fusion-li-item\" style=\"\"><span class=\"icon-wrapper circle-yes\"><i class=\"fusion-li-icon awb-icon-check\" aria-hidden=\"true\"><\/i><\/span><div class=\"fusion-li-item-content\">Large gamme de formats : C5, C6\/5, C4 et tailles personnalis\u00e9es<\/div><\/li><li class=\"fusion-li-item\" style=\"\"><span class=\"icon-wrapper circle-yes\"><i class=\"fusion-li-icon awb-icon-check\" aria-hidden=\"true\"><\/i><\/span><div class=\"fusion-li-item-content\">Diff\u00e9rents mat\u00e9riaux : plastique, papier<\/div><\/li><li class=\"fusion-li-item\" style=\"\"><span class=\"icon-wrapper circle-yes\"><i class=\"fusion-li-icon awb-icon-check\" aria-hidden=\"true\"><\/i><\/span><div class=\"fusion-li-item-content\">Disponible avec ou sans impression, existe \u00e9galement en noir<\/div><\/li><li class=\"fusion-li-item\" style=\"\"><span class=\"icon-wrapper circle-yes\"><i class=\"fusion-li-icon awb-icon-check\" aria-hidden=\"true\"><\/i><\/span><div class=\"fusion-li-item-content\">Force d&rsquo;adh\u00e9rence \u00e9lev\u00e9e pour les variantes autocollantes<\/div><\/li><li class=\"fusion-li-item\" style=\"\"><span class=\"icon-wrapper circle-yes\"><i class=\"fusion-li-icon awb-icon-check\" aria-hidden=\"true\"><\/i><\/span><div class=\"fusion-li-item-content\">Prot\u00e8ge de mani\u00e8re fiable contre l&rsquo;humidit\u00e9 et les dommages<\/div><\/li><li class=\"fusion-li-item\" style=\"\"><span class=\"icon-wrapper circle-yes\"><i class=\"fusion-li-icon awb-icon-check\" aria-hidden=\"true\"><\/i><\/span><div class=\"fusion-li-item-content\">Id\u00e9al pour les factures, les bons de livraison, les documents d&rsquo;accompagnement, les documents douaniers<\/div><\/li><\/ul><\/div><\/div><\/div><\/div><div class=\"fusion-fullwidth fullwidth-box fusion-builder-row-7 fusion-flex-container has-pattern-background has-mask-background nonhundred-percent-fullwidth non-hundred-percent-height-scrolling\" style=\"--awb-border-radius-top-left:0px;--awb-border-radius-top-right:0px;--awb-border-radius-bottom-right:0px;--awb-border-radius-bottom-left:0px;--awb-flex-wrap:wrap;\" ><div class=\"fusion-builder-row fusion-row fusion-flex-align-items-flex-start fusion-flex-content-wrap\" style=\"max-width:1144px;margin-left: calc(-4% \/ 2 );margin-right: calc(-4% \/ 2 );\"><div class=\"fusion-layout-column fusion_builder_column fusion-builder-column-9 fusion_builder_column_1_1 1_1 fusion-flex-column\" style=\"--awb-bg-size:cover;--awb-width-large:100%;--awb-margin-top-large:0px;--awb-spacing-right-large:1.92%;--awb-margin-bottom-large:20px;--awb-spacing-left-large:1.92%;--awb-width-medium:100%;--awb-order-medium:0;--awb-spacing-right-medium:1.92%;--awb-spacing-left-medium:1.92%;--awb-width-small:100%;--awb-order-small:0;--awb-spacing-right-small:1.92%;--awb-spacing-left-small:1.92%;\"><div class=\"fusion-column-wrapper fusion-column-has-shadow fusion-flex-justify-content-flex-start fusion-content-layout-column\"><div class=\"fusion-title title fusion-title-7 fusion-title-text fusion-title-size-two\" style=\"--awb-sep-color:var(--awb-color3);\"><div class=\"title-sep-container title-sep-container-left fusion-no-large-visibility fusion-no-medium-visibility fusion-no-small-visibility\"><div class=\"title-sep sep-single sep-solid\" style=\"border-color:var(--awb-color3);\"><\/div><\/div><span class=\"awb-title-spacer fusion-no-large-visibility fusion-no-medium-visibility fusion-no-small-visibility\"><\/span><h2 class=\"fusion-title-heading title-heading-left\" style=\"margin:0;\">Pochette pour documents : Id\u00e9al pour des processus d&rsquo;exp\u00e9dition efficaces<\/h2><span class=\"awb-title-spacer\"><\/span><div class=\"title-sep-container title-sep-container-right\"><div class=\"title-sep sep-single sep-solid\" style=\"border-color:var(--awb-color3);\"><\/div><\/div><\/div><div class=\"fusion-text fusion-text-9\"><p>Une exp\u00e9dition rapide et fiable commence par le bon emballage, y compris des solutions documentaires professionnelles. Nos pochetttes pour documents peuvent \u00eatre trait\u00e9es efficacement et sont compatibles avec les lignes d&#8217;emballage courantes, les stations d&rsquo;exp\u00e9dition et les processus automatis\u00e9s.<br \/>\nVous pouvez \u00e9galement utiliser nos fonctions de filtrage dans la boutique en ligne pour trouver exactement les bons articles &#8211; des sacs \u00e0 documents rouges imprim\u00e9s aux sacs \u00e0 documents en papier.<\/p>\n<\/div><div class=\"fusion-title title fusion-title-8 fusion-title-text fusion-title-size-two\" style=\"--awb-sep-color:var(--awb-color3);\"><div class=\"title-sep-container title-sep-container-left fusion-no-large-visibility fusion-no-medium-visibility fusion-no-small-visibility\"><div class=\"title-sep sep-single sep-solid\" style=\"border-color:var(--awb-color3);\"><\/div><\/div><span class=\"awb-title-spacer fusion-no-large-visibility fusion-no-medium-visibility fusion-no-small-visibility\"><\/span><h2 class=\"fusion-title-heading title-heading-left\" style=\"margin:0;\">Sous-cat\u00e9gories en un coup d\u2019\u0153il<\/h2><span class=\"awb-title-spacer\"><\/span><div class=\"title-sep-container title-sep-container-right\"><div class=\"title-sep sep-single sep-solid\" style=\"border-color:var(--awb-color3);\"><\/div><\/div><\/div><\/div><\/div><\/div><\/div><div class=\"fusion-fullwidth fullwidth-box fusion-builder-row-8 fusion-flex-container has-pattern-background has-mask-background nonhundred-percent-fullwidth non-hundred-percent-height-scrolling\" style=\"--awb-border-radius-top-left:0px;--awb-border-radius-top-right:0px;--awb-border-radius-bottom-right:0px;--awb-border-radius-bottom-left:0px;--awb-flex-wrap:wrap;\" ><div class=\"fusion-builder-row fusion-row fusion-flex-align-items-flex-start fusion-flex-content-wrap\" style=\"max-width:1144px;margin-left: calc(-4% \/ 2 );margin-right: calc(-4% \/ 2 );\"><div class=\"fusion-layout-column fusion_builder_column fusion-builder-column-10 fusion_builder_column_3_4 3_4 fusion-flex-column\" style=\"--awb-bg-size:cover;--awb-width-large:75%;--awb-margin-top-large:0px;--awb-spacing-right-large:2.56%;--awb-margin-bottom-large:20px;--awb-spacing-left-large:2.56%;--awb-width-medium:100%;--awb-order-medium:0;--awb-spacing-right-medium:1.92%;--awb-spacing-left-medium:1.92%;--awb-width-small:100%;--awb-order-small:0;--awb-spacing-right-small:1.92%;--awb-spacing-left-small:1.92%;\"><div class=\"fusion-column-wrapper fusion-column-has-shadow fusion-flex-justify-content-flex-start fusion-content-layout-column\"><div class=\"fusion-title title fusion-title-9 fusion-title-text fusion-title-size-three\" style=\"--awb-sep-color:var(--awb-color6);\"><div class=\"title-sep-container title-sep-container-left fusion-no-large-visibility fusion-no-medium-visibility fusion-no-small-visibility\"><div class=\"title-sep sep-single sep-solid\" style=\"border-color:var(--awb-color6);\"><\/div><\/div><span class=\"awb-title-spacer fusion-no-large-visibility fusion-no-medium-visibility fusion-no-small-visibility\"><\/span><h3 class=\"fusion-title-heading title-heading-left\" style=\"margin:0;\">Pochettes porte-documents avec impression rouge<\/h3><span class=\"awb-title-spacer\"><\/span><div class=\"title-sep-container title-sep-container-right\"><div class=\"title-sep sep-single sep-solid\" style=\"border-color:var(--awb-color6);\"><\/div><\/div><\/div><div class=\"fusion-text fusion-text-10\"><p>Des<a href=\"https:\/\/brieger.ch\/fr\/product\/78116\/\" target=\"_blank\" rel=\"noopener\"> pochettes<\/a> visuellement marquantes, avec impression rouge sur fond vif \u2013 id\u00e9ales pour une identification rapide \u00e0 la r\u00e9ception ou lors du transport.<\/p>\n<\/div><\/div><\/div><div class=\"fusion-layout-column fusion_builder_column fusion-builder-column-11 fusion_builder_column_1_4 1_4 fusion-flex-column\" style=\"--awb-bg-size:cover;--awb-width-large:25%;--awb-margin-top-large:0px;--awb-spacing-right-large:7.68%;--awb-margin-bottom-large:20px;--awb-spacing-left-large:7.68%;--awb-width-medium:100%;--awb-order-medium:0;--awb-spacing-right-medium:1.92%;--awb-spacing-left-medium:1.92%;--awb-width-small:100%;--awb-order-small:0;--awb-spacing-right-small:1.92%;--awb-spacing-left-small:1.92%;\"><div class=\"fusion-column-wrapper fusion-column-has-shadow fusion-flex-justify-content-flex-start fusion-content-layout-column\"><div class=\"fusion-image-element \" style=\"--awb-caption-title-font-family:var(--h2_typography-font-family);--awb-caption-title-font-weight:var(--h2_typography-font-weight);--awb-caption-title-font-style:var(--h2_typography-font-style);--awb-caption-title-size:var(--h2_typography-font-size);--awb-caption-title-transform:var(--h2_typography-text-transform);--awb-caption-title-line-height:var(--h2_typography-line-height);--awb-caption-title-letter-spacing:var(--h2_typography-letter-spacing);\"><span class=\" fusion-imageframe imageframe-none imageframe-3 hover-type-none\"><img decoding=\"async\" width=\"1200\" height=\"1200\" alt=\"Pochettes porte-documents \" title=\"Brieger-Dokumententasche_01\" src=\"https:\/\/brieger.ch\/wp-content\/uploads\/2021\/07\/Brieger-Dokumententasche_01.jpg\" class=\"img-responsive wp-image-54916\" srcset=\"https:\/\/brieger.ch\/wp-content\/uploads\/2021\/07\/Brieger-Dokumententasche_01-200x200.jpg 200w, https:\/\/brieger.ch\/wp-content\/uploads\/2021\/07\/Brieger-Dokumententasche_01-400x400.jpg 400w, https:\/\/brieger.ch\/wp-content\/uploads\/2021\/07\/Brieger-Dokumententasche_01-600x600.jpg 600w, https:\/\/brieger.ch\/wp-content\/uploads\/2021\/07\/Brieger-Dokumententasche_01-800x800.jpg 800w, https:\/\/brieger.ch\/wp-content\/uploads\/2021\/07\/Brieger-Dokumententasche_01.jpg 1200w\" sizes=\"(max-width: 1024px) 100vw, (max-width: 640px) 100vw, 400px\" \/><\/span><\/div><\/div><\/div><\/div><\/div><div class=\"fusion-fullwidth fullwidth-box fusion-builder-row-9 fusion-flex-container has-pattern-background has-mask-background nonhundred-percent-fullwidth non-hundred-percent-height-scrolling\" style=\"--awb-border-radius-top-left:0px;--awb-border-radius-top-right:0px;--awb-border-radius-bottom-right:0px;--awb-border-radius-bottom-left:0px;--awb-flex-wrap:wrap;\" ><div class=\"fusion-builder-row fusion-row fusion-flex-align-items-flex-start fusion-flex-content-wrap\" style=\"max-width:1144px;margin-left: calc(-4% \/ 2 );margin-right: calc(-4% \/ 2 );\"><div class=\"fusion-layout-column fusion_builder_column fusion-builder-column-12 fusion_builder_column_3_4 3_4 fusion-flex-column\" style=\"--awb-bg-size:cover;--awb-width-large:75%;--awb-margin-top-large:0px;--awb-spacing-right-large:2.56%;--awb-margin-bottom-large:20px;--awb-spacing-left-large:2.56%;--awb-width-medium:100%;--awb-order-medium:0;--awb-spacing-right-medium:1.92%;--awb-spacing-left-medium:1.92%;--awb-width-small:100%;--awb-order-small:0;--awb-spacing-right-small:1.92%;--awb-spacing-left-small:1.92%;\"><div class=\"fusion-column-wrapper fusion-column-has-shadow fusion-flex-justify-content-flex-start fusion-content-layout-column\"><div class=\"fusion-title title fusion-title-10 fusion-title-text fusion-title-size-three\" style=\"--awb-sep-color:var(--awb-color6);\"><div class=\"title-sep-container title-sep-container-left fusion-no-large-visibility fusion-no-medium-visibility fusion-no-small-visibility\"><div class=\"title-sep sep-single sep-solid\" style=\"border-color:var(--awb-color6);\"><\/div><\/div><span class=\"awb-title-spacer fusion-no-large-visibility fusion-no-medium-visibility fusion-no-small-visibility\"><\/span><h3 class=\"fusion-title-heading title-heading-left\" style=\"margin:0;\">Pochettes papier<\/h3><span class=\"awb-title-spacer\"><\/span><div class=\"title-sep-container title-sep-container-right\"><div class=\"title-sep sep-single sep-solid\" style=\"border-color:var(--awb-color6);\"><\/div><\/div><\/div><div class=\"fusion-text fusion-text-11\"><p>Une alternative \u00e9coresponsable fabriqu\u00e9e \u00e0 100\u202f% en papier. <a href=\"https:\/\/brieger.ch\/fr\/product\/78411\/\" target=\"_blank\" rel=\"noopener\">Ces pochettes<\/a> porte-documents sont compostables, biod\u00e9gradables et recyclables \u2013 parfaites pour un emballage durable.<\/p>\n<\/div><\/div><\/div><div class=\"fusion-layout-column fusion_builder_column fusion-builder-column-13 fusion_builder_column_1_4 1_4 fusion-flex-column\" style=\"--awb-bg-size:cover;--awb-width-large:25%;--awb-margin-top-large:0px;--awb-spacing-right-large:7.68%;--awb-margin-bottom-large:20px;--awb-spacing-left-large:7.68%;--awb-width-medium:100%;--awb-order-medium:0;--awb-spacing-right-medium:1.92%;--awb-spacing-left-medium:1.92%;--awb-width-small:100%;--awb-order-small:0;--awb-spacing-right-small:1.92%;--awb-spacing-left-small:1.92%;\"><div class=\"fusion-column-wrapper fusion-column-has-shadow fusion-flex-justify-content-flex-start fusion-content-layout-column\"><div class=\"fusion-image-element \" style=\"--awb-caption-title-font-family:var(--h2_typography-font-family);--awb-caption-title-font-weight:var(--h2_typography-font-weight);--awb-caption-title-font-style:var(--h2_typography-font-style);--awb-caption-title-size:var(--h2_typography-font-size);--awb-caption-title-transform:var(--h2_typography-text-transform);--awb-caption-title-line-height:var(--h2_typography-line-height);--awb-caption-title-letter-spacing:var(--h2_typography-letter-spacing);\"><span class=\" fusion-imageframe imageframe-none imageframe-4 hover-type-none\"><img decoding=\"async\" width=\"2560\" height=\"1707\" alt=\"Pochettes papier\" title=\"78115\" src=\"https:\/\/brieger.ch\/wp-content\/uploads\/2020\/07\/78115-scaled-e1684745889448.jpg\" class=\"img-responsive wp-image-77545\"\/><\/span><\/div><\/div><\/div><\/div><\/div><div class=\"fusion-fullwidth fullwidth-box fusion-builder-row-10 fusion-flex-container has-pattern-background has-mask-background nonhundred-percent-fullwidth non-hundred-percent-height-scrolling\" style=\"--awb-border-radius-top-left:0px;--awb-border-radius-top-right:0px;--awb-border-radius-bottom-right:0px;--awb-border-radius-bottom-left:0px;--awb-flex-wrap:wrap;\" ><div class=\"fusion-builder-row fusion-row fusion-flex-align-items-flex-start fusion-flex-content-wrap\" style=\"max-width:1144px;margin-left: calc(-4% \/ 2 );margin-right: calc(-4% \/ 2 );\"><div class=\"fusion-layout-column fusion_builder_column fusion-builder-column-14 fusion_builder_column_3_4 3_4 fusion-flex-column\" style=\"--awb-bg-size:cover;--awb-width-large:75%;--awb-margin-top-large:0px;--awb-spacing-right-large:2.56%;--awb-margin-bottom-large:20px;--awb-spacing-left-large:2.56%;--awb-width-medium:100%;--awb-order-medium:0;--awb-spacing-right-medium:1.92%;--awb-spacing-left-medium:1.92%;--awb-width-small:100%;--awb-order-small:0;--awb-spacing-right-small:1.92%;--awb-spacing-left-small:1.92%;\"><div class=\"fusion-column-wrapper fusion-column-has-shadow fusion-flex-justify-content-flex-start fusion-content-layout-column\"><div class=\"fusion-title title fusion-title-11 fusion-title-text fusion-title-size-three\" style=\"--awb-sep-color:var(--awb-color6);\"><div class=\"title-sep-container title-sep-container-left fusion-no-large-visibility fusion-no-medium-visibility fusion-no-small-visibility\"><div class=\"title-sep sep-single sep-solid\" style=\"border-color:var(--awb-color6);\"><\/div><\/div><span class=\"awb-title-spacer fusion-no-large-visibility fusion-no-medium-visibility fusion-no-small-visibility\"><\/span><h3 class=\"fusion-title-heading title-heading-left\" style=\"margin:0;\">Pochettes noires<\/h3><span class=\"awb-title-spacer\"><\/span><div class=\"title-sep-container title-sep-container-right\"><div class=\"title-sep sep-single sep-solid\" style=\"border-color:var(--awb-color6);\"><\/div><\/div><\/div><div class=\"fusion-text fusion-text-12\"><p>Des <a href=\"https:\/\/brieger.ch\/fr\/product\/78512\/\" target=\"_blank\" rel=\"noopener\">mod\u00e8les<\/a> opaques sans impression \u2013 parfaits pour les documents confidentiels ou les porte-documents \u00e0 usage interne.<\/p>\n<\/div><\/div><\/div><div class=\"fusion-layout-column fusion_builder_column fusion-builder-column-15 fusion_builder_column_1_4 1_4 fusion-flex-column\" style=\"--awb-bg-size:cover;--awb-width-large:25%;--awb-margin-top-large:0px;--awb-spacing-right-large:7.68%;--awb-margin-bottom-large:20px;--awb-spacing-left-large:7.68%;--awb-width-medium:100%;--awb-order-medium:0;--awb-spacing-right-medium:1.92%;--awb-spacing-left-medium:1.92%;--awb-width-small:100%;--awb-order-small:0;--awb-spacing-right-small:1.92%;--awb-spacing-left-small:1.92%;\"><div class=\"fusion-column-wrapper fusion-column-has-shadow fusion-flex-justify-content-flex-start fusion-content-layout-column\"><div class=\"fusion-image-element \" style=\"--awb-caption-title-font-family:var(--h2_typography-font-family);--awb-caption-title-font-weight:var(--h2_typography-font-weight);--awb-caption-title-font-style:var(--h2_typography-font-style);--awb-caption-title-size:var(--h2_typography-font-size);--awb-caption-title-transform:var(--h2_typography-text-transform);--awb-caption-title-line-height:var(--h2_typography-line-height);--awb-caption-title-letter-spacing:var(--h2_typography-letter-spacing);\"><span class=\" fusion-imageframe imageframe-none imageframe-5 hover-type-none\"><img decoding=\"async\" width=\"1200\" height=\"1262\" alt=\"Pochettes noires\" title=\"78512\" src=\"https:\/\/brieger.ch\/wp-content\/uploads\/2020\/07\/78512-scaled.jpg\" class=\"img-responsive wp-image-77897\" srcset=\"https:\/\/brieger.ch\/wp-content\/uploads\/2020\/07\/78512-200x210.jpg 200w, https:\/\/brieger.ch\/wp-content\/uploads\/2020\/07\/78512-400x421.jpg 400w, https:\/\/brieger.ch\/wp-content\/uploads\/2020\/07\/78512-600x631.jpg 600w, https:\/\/brieger.ch\/wp-content\/uploads\/2020\/07\/78512-800x841.jpg 800w, https:\/\/brieger.ch\/wp-content\/uploads\/2020\/07\/78512-scaled.jpg 1200w\" sizes=\"(max-width: 1024px) 100vw, (max-width: 640px) 100vw, 400px\" \/><\/span><\/div><\/div><\/div><\/div><\/div><div class=\"fusion-fullwidth fullwidth-box fusion-builder-row-11 fusion-flex-container has-pattern-background has-mask-background nonhundred-percent-fullwidth non-hundred-percent-height-scrolling\" style=\"--awb-border-radius-top-left:0px;--awb-border-radius-top-right:0px;--awb-border-radius-bottom-right:0px;--awb-border-radius-bottom-left:0px;--awb-flex-wrap:wrap;\" ><div class=\"fusion-builder-row fusion-row fusion-flex-align-items-flex-start fusion-flex-content-wrap\" style=\"max-width:1144px;margin-left: calc(-4% \/ 2 );margin-right: calc(-4% \/ 2 );\"><div class=\"fusion-layout-column fusion_builder_column fusion-builder-column-16 fusion_builder_column_3_4 3_4 fusion-flex-column\" style=\"--awb-bg-size:cover;--awb-width-large:75%;--awb-margin-top-large:0px;--awb-spacing-right-large:2.56%;--awb-margin-bottom-large:20px;--awb-spacing-left-large:2.56%;--awb-width-medium:100%;--awb-order-medium:0;--awb-spacing-right-medium:1.92%;--awb-spacing-left-medium:1.92%;--awb-width-small:100%;--awb-order-small:0;--awb-spacing-right-small:1.92%;--awb-spacing-left-small:1.92%;\"><div class=\"fusion-column-wrapper fusion-column-has-shadow fusion-flex-justify-content-flex-start fusion-content-layout-column\"><div class=\"fusion-title title fusion-title-12 fusion-title-text fusion-title-size-three\" style=\"--awb-sep-color:var(--awb-color6);\"><div class=\"title-sep-container title-sep-container-left fusion-no-large-visibility fusion-no-medium-visibility fusion-no-small-visibility\"><div class=\"title-sep sep-single sep-solid\" style=\"border-color:var(--awb-color6);\"><\/div><\/div><span class=\"awb-title-spacer fusion-no-large-visibility fusion-no-medium-visibility fusion-no-small-visibility\"><\/span><h3 class=\"fusion-title-heading title-heading-left\" style=\"margin:0;\">Pochettes porte-document plastique transparentes<\/h3><span class=\"awb-title-spacer\"><\/span><div class=\"title-sep-container title-sep-container-right\"><div class=\"title-sep sep-single sep-solid\" style=\"border-color:var(--awb-color6);\"><\/div><\/div><\/div><div class=\"fusion-text fusion-text-13\"><p>Permettent une lecture compl\u00e8te du contenu sans ouverture \u2013 id\u00e9ales pour les formulaires douaniers, les documents multilingues ou les envois internationaux.<\/p>\n<\/div><\/div><\/div><div class=\"fusion-layout-column fusion_builder_column fusion-builder-column-17 fusion_builder_column_1_4 1_4 fusion-flex-column\" style=\"--awb-bg-size:cover;--awb-width-large:25%;--awb-margin-top-large:0px;--awb-spacing-right-large:7.68%;--awb-margin-bottom-large:20px;--awb-spacing-left-large:7.68%;--awb-width-medium:100%;--awb-order-medium:0;--awb-spacing-right-medium:1.92%;--awb-spacing-left-medium:1.92%;--awb-width-small:100%;--awb-order-small:0;--awb-spacing-right-small:1.92%;--awb-spacing-left-small:1.92%;\"><div class=\"fusion-column-wrapper fusion-column-has-shadow fusion-flex-justify-content-flex-start fusion-content-layout-column\"><div class=\"fusion-image-element \" style=\"--awb-caption-title-font-family:var(--h2_typography-font-family);--awb-caption-title-font-weight:var(--h2_typography-font-weight);--awb-caption-title-font-style:var(--h2_typography-font-style);--awb-caption-title-size:var(--h2_typography-font-size);--awb-caption-title-transform:var(--h2_typography-text-transform);--awb-caption-title-line-height:var(--h2_typography-line-height);--awb-caption-title-letter-spacing:var(--h2_typography-letter-spacing);\"><span class=\" fusion-imageframe imageframe-none imageframe-6 hover-type-none\"><img decoding=\"async\" width=\"1200\" height=\"1200\" alt=\"Dokumententaschen\" title=\"M78211\" src=\"https:\/\/brieger.ch\/wp-content\/uploads\/2020\/05\/M78211.jpg\" class=\"img-responsive wp-image-33457\" srcset=\"https:\/\/brieger.ch\/wp-content\/uploads\/2020\/05\/M78211-200x200.jpg 200w, https:\/\/brieger.ch\/wp-content\/uploads\/2020\/05\/M78211-400x400.jpg 400w, https:\/\/brieger.ch\/wp-content\/uploads\/2020\/05\/M78211-600x600.jpg 600w, https:\/\/brieger.ch\/wp-content\/uploads\/2020\/05\/M78211-800x800.jpg 800w, https:\/\/brieger.ch\/wp-content\/uploads\/2020\/05\/M78211.jpg 1200w\" sizes=\"(max-width: 1024px) 100vw, (max-width: 640px) 100vw, 400px\" \/><\/span><\/div><\/div><\/div><\/div><\/div><div class=\"fusion-fullwidth fullwidth-box fusion-builder-row-12 fusion-flex-container has-pattern-background has-mask-background nonhundred-percent-fullwidth non-hundred-percent-height-scrolling\" style=\"--awb-border-radius-top-left:0px;--awb-border-radius-top-right:0px;--awb-border-radius-bottom-right:0px;--awb-border-radius-bottom-left:0px;--awb-flex-wrap:wrap;\" ><div class=\"fusion-builder-row fusion-row fusion-flex-align-items-flex-start fusion-flex-content-wrap\" style=\"max-width:1144px;margin-left: calc(-4% \/ 2 );margin-right: calc(-4% \/ 2 );\"><div class=\"fusion-layout-column fusion_builder_column fusion-builder-column-18 fusion_builder_column_1_1 1_1 fusion-flex-column\" style=\"--awb-bg-size:cover;--awb-width-large:100%;--awb-margin-top-large:0px;--awb-spacing-right-large:1.92%;--awb-margin-bottom-large:20px;--awb-spacing-left-large:1.92%;--awb-width-medium:100%;--awb-order-medium:0;--awb-spacing-right-medium:1.92%;--awb-spacing-left-medium:1.92%;--awb-width-small:100%;--awb-order-small:0;--awb-spacing-right-small:1.92%;--awb-spacing-left-small:1.92%;\"><div class=\"fusion-column-wrapper fusion-column-has-shadow fusion-flex-justify-content-flex-start fusion-content-layout-column\"><div class=\"fusion-title title fusion-title-13 fusion-title-text fusion-title-size-three\" style=\"--awb-sep-color:var(--awb-color6);\"><div class=\"title-sep-container title-sep-container-left fusion-no-large-visibility fusion-no-medium-visibility fusion-no-small-visibility\"><div class=\"title-sep sep-single sep-solid\" style=\"border-color:var(--awb-color6);\"><\/div><\/div><span class=\"awb-title-spacer fusion-no-large-visibility fusion-no-medium-visibility fusion-no-small-visibility\"><\/span><h3 class=\"fusion-title-heading title-heading-left\" style=\"margin:0;\">Papier (\u00c9co-conception)<\/h3><span class=\"awb-title-spacer\"><\/span><div class=\"title-sep-container title-sep-container-right\"><div class=\"title-sep sep-single sep-solid\" style=\"border-color:var(--awb-color6);\"><\/div><\/div><\/div><div class=\"fusion-text fusion-text-14\"><p>Notre solution papier est sans chlore, biod\u00e9gradable et conforme aux normes de gestion durable des ressources.<\/p>\n<\/div><div class=\"fusion-title title fusion-title-14 fusion-title-text fusion-title-size-three\" style=\"--awb-sep-color:var(--awb-color6);\"><div class=\"title-sep-container title-sep-container-left fusion-no-large-visibility fusion-no-medium-visibility fusion-no-small-visibility\"><div class=\"title-sep sep-single sep-solid\" style=\"border-color:var(--awb-color6);\"><\/div><\/div><span class=\"awb-title-spacer fusion-no-large-visibility fusion-no-medium-visibility fusion-no-small-visibility\"><\/span><h3 class=\"fusion-title-heading title-heading-left\" style=\"margin:0;\">Fermeture r\u00e9p\u00e9t\u00e9e (r\u00e9utilisable)<\/h3><span class=\"awb-title-spacer\"><\/span><div class=\"title-sep-container title-sep-container-right\"><div class=\"title-sep sep-single sep-solid\" style=\"border-color:var(--awb-color6);\"><\/div><\/div><\/div><div class=\"fusion-text fusion-text-15\"><p><a href=\"https:\/\/brieger.ch\/fr\/product\/78214\/\" target=\"_blank\" rel=\"noopener\">Cette version<\/a> est refermable et con\u00e7ue pour une utilisation multiple, l\u2019archivage ou les proc\u00e9dures douani\u00e8res \u2013 parfaite pour un usage intensif et professionnel.<\/p>\n<\/div><\/div><\/div><\/div><\/div><div class=\"fusion-fullwidth fullwidth-box fusion-builder-row-13 fusion-flex-container has-pattern-background has-mask-background nonhundred-percent-fullwidth non-hundred-percent-height-scrolling\" style=\"--awb-border-radius-top-left:0px;--awb-border-radius-top-right:0px;--awb-border-radius-bottom-right:0px;--awb-border-radius-bottom-left:0px;--awb-flex-wrap:wrap;\" ><div class=\"fusion-builder-row fusion-row fusion-flex-align-items-flex-start fusion-flex-content-wrap\" style=\"max-width:1144px;margin-left: calc(-4% \/ 2 );margin-right: calc(-4% \/ 2 );\"><div class=\"fusion-layout-column fusion_builder_column fusion-builder-column-19 fusion_builder_column_1_1 1_1 fusion-flex-column\" style=\"--awb-bg-size:cover;--awb-width-large:100%;--awb-margin-top-large:0px;--awb-spacing-right-large:1.92%;--awb-margin-bottom-large:20px;--awb-spacing-left-large:1.92%;--awb-width-medium:100%;--awb-order-medium:0;--awb-spacing-right-medium:1.92%;--awb-spacing-left-medium:1.92%;--awb-width-small:100%;--awb-order-small:0;--awb-spacing-right-small:1.92%;--awb-spacing-left-small:1.92%;\"><div class=\"fusion-column-wrapper fusion-column-has-shadow fusion-flex-justify-content-flex-start fusion-content-layout-column\"><div class=\"fusion-separator fusion-has-icon fusion-full-width-sep\" style=\"align-self: center;margin-left: auto;margin-right: auto;margin-bottom:20px;width:100%;\"><div class=\"fusion-separator-border sep-single sep-solid\" style=\"--awb-height:20px;--awb-amount:20px;--awb-sep-color:var(--awb-color3);border-color:var(--awb-color3);border-top-width:2px;\"><\/div><span class=\"icon-wrapper\" style=\"border-color:var(--awb-color3);background-color:var(--awb-color1);font-size:14px;width: 1.75em; height: 1.75em;border-width:2px;padding:2px;margin-top:-1px\"><i class=\"fa-question fas\" style=\"font-size: inherit;color:var(--awb-color3);\" aria-hidden=\"true\"><\/i><\/span><div class=\"fusion-separator-border sep-single sep-solid\" style=\"--awb-height:20px;--awb-amount:20px;--awb-sep-color:var(--awb-color3);border-color:var(--awb-color3);border-top-width:2px;\"><\/div><\/div><div class=\"fusion-title title fusion-title-15 fusion-title-center fusion-title-text fusion-title-size-two\"><div class=\"title-sep-container title-sep-container-left\"><div class=\"title-sep sep-double sep-solid\" style=\"border-color:#e0dede;\"><\/div><\/div><span class=\"awb-title-spacer\"><\/span><h2 class=\"fusion-title-heading title-heading-center\" style=\"margin:0;\">FAQ<\/h2><span class=\"awb-title-spacer\"><\/span><div class=\"title-sep-container title-sep-container-right\"><div class=\"title-sep sep-double sep-solid\" style=\"border-color:#e0dede;\"><\/div><\/div><\/div><div class=\"accordian fusion-accordian\" style=\"--awb-border-size:1px;--awb-icon-size:13px;--awb-content-font-size:14px;--awb-icon-alignment:left;--awb-hover-color:#f9f9f9;--awb-border-color:#cccccc;--awb-background-color:#ffffff;--awb-divider-color:#e0dede;--awb-divider-hover-color:#e0dede;--awb-icon-color:#ffffff;--awb-title-color:#ce5400;--awb-content-color:#747474;--awb-icon-box-color:#333333;--awb-toggle-hover-accent-color:#ce5400;--awb-title-font-family:&quot;Helvetica Neue Bold&quot;;--awb-title-font-weight:400;--awb-title-font-style:normal;--awb-content-font-family:&quot;Helvetica Neue Roman&quot;;--awb-content-font-style:normal;--awb-content-font-weight:400;\"><div class=\"panel-group fusion-toggle-icon-boxed\" id=\"accordion-40569-1\"><div class=\"fusion-panel panel-default panel-ab4ff4613973f5a98 fusion-toggle-has-divider\"><div class=\"panel-heading\"><h3 class=\"panel-title toggle\" id=\"toggle_ab4ff4613973f5a98\"><a aria-expanded=\"false\" aria-controls=\"ab4ff4613973f5a98\" role=\"button\" data-toggle=\"collapse\" data-parent=\"#accordion-40569-1\" data-target=\"#ab4ff4613973f5a98\" href=\"#ab4ff4613973f5a98\"><span class=\"fusion-toggle-icon-wrapper\" aria-hidden=\"true\"><i class=\"fa-fusion-box active-icon awb-icon-minus\" aria-hidden=\"true\"><\/i><i class=\"fa-fusion-box inactive-icon awb-icon-plus\" aria-hidden=\"true\"><\/i><\/span><span class=\"fusion-toggle-heading\">Qu'est-ce qu'un porte-documents ?<\/span><\/a><\/h3><\/div><div id=\"ab4ff4613973f5a98\" class=\"panel-collapse collapse \" aria-labelledby=\"toggle_ab4ff4613973f5a98\"><div class=\"panel-body toggle-content fusion-clearfix\">\n<p>Une pochette pour documents est une pochette autocollante permettant d&rsquo;attacher des documents d&rsquo;exp\u00e9dition \u00e0 des colis, des palettes ou des bo\u00eetes. Il prot\u00e8ge les documents des influences ext\u00e9rieures et veille \u00e0 ce que les bons de livraison ou les factures soient clairement visibles.<\/p>\n<\/div><\/div><\/div><div class=\"fusion-panel panel-default panel-299191c1f50b6a5c6 fusion-toggle-has-divider\"><div class=\"panel-heading\"><h3 class=\"panel-title toggle\" id=\"toggle_299191c1f50b6a5c6\"><a aria-expanded=\"false\" aria-controls=\"299191c1f50b6a5c6\" role=\"button\" data-toggle=\"collapse\" data-parent=\"#accordion-40569-1\" data-target=\"#299191c1f50b6a5c6\" href=\"#299191c1f50b6a5c6\"><span class=\"fusion-toggle-icon-wrapper\" aria-hidden=\"true\"><i class=\"fa-fusion-box active-icon awb-icon-minus\" aria-hidden=\"true\"><\/i><i class=\"fa-fusion-box inactive-icon awb-icon-plus\" aria-hidden=\"true\"><\/i><\/span><span class=\"fusion-toggle-heading\">Pourquoi ai-je besoin de pochettes pour documents ?<\/span><\/a><\/h3><\/div><div id=\"299191c1f50b6a5c6\" class=\"panel-collapse collapse \" aria-labelledby=\"toggle_299191c1f50b6a5c6\"><div class=\"panel-body toggle-content fusion-clearfix\">\n<p>Les poches pour bons de livraison permettent d&rsquo;attacher directement \u00e0 l&rsquo;envoi des documents d&rsquo;accompagnement tels que des bons de livraison ou des factures. La pochette du bon de livraison permet au destinataire d&rsquo;identifier plus facilement la marchandise et au prestataire de services d&rsquo;exp\u00e9dition de la traiter.<\/p>\n<\/div><\/div><\/div><div class=\"fusion-panel panel-default panel-46b8b5096ee6885f6 fusion-toggle-has-divider\"><div class=\"panel-heading\"><h3 class=\"panel-title toggle\" id=\"toggle_46b8b5096ee6885f6\"><a aria-expanded=\"false\" aria-controls=\"46b8b5096ee6885f6\" role=\"button\" data-toggle=\"collapse\" data-parent=\"#accordion-40569-1\" data-target=\"#46b8b5096ee6885f6\" href=\"#46b8b5096ee6885f6\"><span class=\"fusion-toggle-icon-wrapper\" aria-hidden=\"true\"><i class=\"fa-fusion-box active-icon awb-icon-minus\" aria-hidden=\"true\"><\/i><i class=\"fa-fusion-box inactive-icon awb-icon-plus\" aria-hidden=\"true\"><\/i><\/span><span class=\"fusion-toggle-heading\">Quelle est la diff\u00e9rence entre les pochettes transparentes et imprim\u00e9es ?<\/span><\/a><\/h3><\/div><div id=\"46b8b5096ee6885f6\" class=\"panel-collapse collapse \" aria-labelledby=\"toggle_46b8b5096ee6885f6\"><div class=\"panel-body toggle-content fusion-clearfix\">\n<p>Des pochettes transparentes pour documents affichent l&rsquo;int\u00e9gralit\u00e9 du contenu, ce qui est id\u00e9al pour les papiers douaniers ou les documents multilingues. Les variantes imprim\u00e9es indiquent clairement le contenu (par exemple \u00ab bon de livraison \u00bb) et facilitent la manipulation dans l&rsquo;entrep\u00f4t.<\/p>\n<\/div><\/div><\/div><div class=\"fusion-panel panel-default panel-f6ea29f722877024a fusion-toggle-has-divider\"><div class=\"panel-heading\"><h3 class=\"panel-title toggle\" id=\"toggle_f6ea29f722877024a\"><a aria-expanded=\"false\" aria-controls=\"f6ea29f722877024a\" role=\"button\" data-toggle=\"collapse\" data-parent=\"#accordion-40569-1\" data-target=\"#f6ea29f722877024a\" href=\"#f6ea29f722877024a\"><span class=\"fusion-toggle-icon-wrapper\" aria-hidden=\"true\"><i class=\"fa-fusion-box active-icon awb-icon-minus\" aria-hidden=\"true\"><\/i><i class=\"fa-fusion-box inactive-icon awb-icon-plus\" aria-hidden=\"true\"><\/i><\/span><span class=\"fusion-toggle-heading\">Quels sont les formats ?<\/span><\/a><\/h3><\/div><div id=\"f6ea29f722877024a\" class=\"panel-collapse collapse \" aria-labelledby=\"toggle_f6ea29f722877024a\"><div class=\"panel-body toggle-content fusion-clearfix\">\n<p>Les pochettes pour documents C5 pour les formats DIN A5 et plus petits et C6\/5 pour les encarts d&rsquo;exp\u00e9dition compacts sont populaires. D&rsquo;autres tailles et formats sp\u00e9ciaux sont \u00e9galement disponibles.<\/p>\n<\/div><\/div><\/div><div class=\"fusion-panel panel-default panel-ba54e0d5073f8d165 fusion-toggle-has-divider\"><div class=\"panel-heading\"><h3 class=\"panel-title toggle\" id=\"toggle_ba54e0d5073f8d165\"><a aria-expanded=\"false\" aria-controls=\"ba54e0d5073f8d165\" role=\"button\" data-toggle=\"collapse\" data-parent=\"#accordion-40569-1\" data-target=\"#ba54e0d5073f8d165\" href=\"#ba54e0d5073f8d165\"><span class=\"fusion-toggle-icon-wrapper\" aria-hidden=\"true\"><i class=\"fa-fusion-box active-icon awb-icon-minus\" aria-hidden=\"true\"><\/i><i class=\"fa-fusion-box inactive-icon awb-icon-plus\" aria-hidden=\"true\"><\/i><\/span><span class=\"fusion-toggle-heading\">Existe-t-il \u00e9galement des options \u00e9cologiques ?<\/span><\/a><\/h3><\/div><div id=\"ba54e0d5073f8d165\" class=\"panel-collapse collapse \" aria-labelledby=\"toggle_ba54e0d5073f8d165\"><div class=\"panel-body toggle-content fusion-clearfix\">\n<p>Oui, la gamme de Brieger comprend \u00e9galement des sacs \u00e0 documents en papier comme alternative durable. Ceux-ci peuvent \u00eatre recycl\u00e9s et s&rsquo;int\u00e8grent id\u00e9alement dans un concept d&rsquo;exp\u00e9dition respectueux de l&rsquo;environnement.<\/p>\n<\/div><\/div><\/div><\/div><\/div><script type=\"application\/ld+json\">\n{\n  \"@context\": \"https:\/\/schema.org\",\n  \"@type\": \"FAQPage\",\n  \"mainEntity\": [\n    {\n      \"@type\": \"Question\",\n      \"name\": \"Qu'est-ce qu'un porte-documents ?\",\n      \"acceptedAnswer\": {\n        \"@type\": \"Answer\",\n        \"text\": \"Une pochette pour documents est une pochette autocollante permettant d'attacher des documents d'exp\u00e9dition \u00e0 des colis, des palettes ou des bo\u00eetes. Elle prot\u00e8ge les documents des influences ext\u00e9rieures et veille \u00e0 ce que les bons de livraison ou les factures soient clairement visibles.\"\n      }\n    },\n    {\n      \"@type\": \"Question\",\n      \"name\": \"Pourquoi ai-je besoin de pochettes pour documents ?\",\n      \"acceptedAnswer\": {\n        \"@type\": \"Answer\",\n        \"text\": \"Les pochettes pour bons de livraison permettent d'attacher directement \u00e0 l'envoi des documents d'accompagnement tels que des bons de livraison ou des factures. Elles permettent au destinataire d'identifier plus facilement la marchandise et au prestataire de services d'exp\u00e9dition de la traiter efficacement.\"\n      }\n    },\n    {\n      \"@type\": \"Question\",\n      \"name\": \"Quelle est la diff\u00e9rence entre les pochettes transparentes et imprim\u00e9es ?\",\n      \"acceptedAnswer\": {\n        \"@type\": \"Answer\",\n        \"text\": \"Les pochettes transparentes pour documents affichent l'int\u00e9gralit\u00e9 du contenu, ce qui est id\u00e9al pour les papiers douaniers ou les documents multilingues. Les variantes imprim\u00e9es indiquent clairement le contenu (par exemple \u00ab bon de livraison \u00bb) et facilitent la manipulation dans l'entrep\u00f4t.\"\n      }\n    },\n    {\n      \"@type\": \"Question\",\n      \"name\": \"Quels sont les formats disponibles ?\",\n      \"acceptedAnswer\": {\n        \"@type\": \"Answer\",\n        \"text\": \"Les pochettes pour documents C5 pour les formats DIN A5 et plus petits et C6\/5 pour les encarts d'exp\u00e9dition compacts sont populaires. D'autres tailles et formats sp\u00e9ciaux sont \u00e9galement disponibles pour s'adapter \u00e0 diff\u00e9rents besoins logistiques.\"\n      }\n    },\n    {\n      \"@type\": \"Question\",\n      \"name\": \"Existe-t-il \u00e9galement des options \u00e9cologiques ?\",\n      \"acceptedAnswer\": {\n        \"@type\": \"Answer\",\n        \"text\": \"Oui, la gamme de Brieger comprend \u00e9galement des pochettes pour documents en papier comme alternative durable. Celles-ci peuvent \u00eatre recycl\u00e9es et s'int\u00e8grent parfaitement dans un concept d'exp\u00e9dition respectueux de l'environnement.\"\n      }\n    }\n  ]\n}\n<\/script>\n<\/div><\/div><\/div><\/div><\/p>\n","protected":false},"excerpt":{"rendered":"<p>Pochettes autocollantes pour documents d&rsquo;exp\u00e9dition. Vous avez le choix entre des pochettes avec ou sans impression.<\/p>\n","protected":false},"author":1,"featured_media":35901,"parent":40537,"menu_order":8,"comment_status":"closed","ping_status":"closed","template":"","meta":{"_searchwp_excluded":"","footnotes":""},"class_list":["post-40569","page","type-page","status-publish","has-post-thumbnail","hentry"],"_links":{"self":[{"href":"https:\/\/brieger.ch\/fr\/wp-json\/wp\/v2\/pages\/40569","targetHints":{"allow":["GET"]}}],"collection":[{"href":"https:\/\/brieger.ch\/fr\/wp-json\/wp\/v2\/pages"}],"about":[{"href":"https:\/\/brieger.ch\/fr\/wp-json\/wp\/v2\/types\/page"}],"author":[{"embeddable":true,"href":"https:\/\/brieger.ch\/fr\/wp-json\/wp\/v2\/users\/1"}],"replies":[{"embeddable":true,"href":"https:\/\/brieger.ch\/fr\/wp-json\/wp\/v2\/comments?post=40569"}],"version-history":[{"count":3,"href":"https:\/\/brieger.ch\/fr\/wp-json\/wp\/v2\/pages\/40569\/revisions"}],"predecessor-version":[{"id":108776,"href":"https:\/\/brieger.ch\/fr\/wp-json\/wp\/v2\/pages\/40569\/revisions\/108776"}],"up":[{"embeddable":true,"href":"https:\/\/brieger.ch\/fr\/wp-json\/wp\/v2\/pages\/40537"}],"wp:featuredmedia":[{"embeddable":true,"href":"https:\/\/brieger.ch\/fr\/wp-json\/wp\/v2\/media\/35901"}],"wp:attachment":[{"href":"https:\/\/brieger.ch\/fr\/wp-json\/wp\/v2\/media?parent=40569"}],"curies":[{"name":"wp","href":"https:\/\/api.w.org\/{rel}","templated":true}]}}