{"id":40518,"date":"2020-08-04T10:28:31","date_gmt":"2020-08-04T08:28:31","guid":{"rendered":"https:\/\/brieger.hundert1.ch\/emballages-postaux\/emballages-universels\/"},"modified":"2026-03-10T08:16:31","modified_gmt":"2026-03-10T07:16:31","slug":"emballages-universels","status":"publish","type":"page","link":"https:\/\/brieger.ch\/fr\/emballages-postaux\/emballages-universels\/","title":{"rendered":"Enveloppe universelle professionnelle"},"content":{"rendered":"<p><div class=\"fusion-fullwidth fullwidth-box fusion-builder-row-1 fusion-flex-container has-pattern-background has-mask-background nonhundred-percent-fullwidth non-hundred-percent-height-scrolling\" style=\"--awb-border-radius-top-left:0px;--awb-border-radius-top-right:0px;--awb-border-radius-bottom-right:0px;--awb-border-radius-bottom-left:0px;--awb-flex-wrap:wrap;\" ><div class=\"fusion-builder-row fusion-row fusion-flex-align-items-flex-start fusion-flex-content-wrap\" style=\"max-width:1144px;margin-left: calc(-4% \/ 2 );margin-right: calc(-4% \/ 2 );\"><div class=\"fusion-layout-column fusion_builder_column fusion-builder-column-0 fusion_builder_column_1_4 1_4 fusion-flex-column\" style=\"--awb-bg-size:cover;--awb-width-large:25%;--awb-margin-top-large:0px;--awb-spacing-right-large:7.68%;--awb-margin-bottom-large:20px;--awb-spacing-left-large:7.68%;--awb-width-medium:100%;--awb-order-medium:0;--awb-spacing-right-medium:1.92%;--awb-spacing-left-medium:1.92%;--awb-width-small:100%;--awb-order-small:0;--awb-spacing-right-small:1.92%;--awb-spacing-left-small:1.92%;\"><div class=\"fusion-column-wrapper fusion-column-has-shadow fusion-flex-justify-content-flex-start fusion-content-layout-column\"><div class=\"fusion-image-element \" style=\"--awb-caption-title-font-family:var(--h2_typography-font-family);--awb-caption-title-font-weight:var(--h2_typography-font-weight);--awb-caption-title-font-style:var(--h2_typography-font-style);--awb-caption-title-size:var(--h2_typography-font-size);--awb-caption-title-transform:var(--h2_typography-text-transform);--awb-caption-title-line-height:var(--h2_typography-line-height);--awb-caption-title-letter-spacing:var(--h2_typography-letter-spacing);\"><span class=\" fusion-imageframe imageframe-none imageframe-1 hover-type-none\"><img decoding=\"async\" width=\"1200\" height=\"1200\" title=\"58_25_02\" src=\"https:\/\/brieger.ch\/wp-content\/uploads\/2020\/05\/58_25_02.jpg\" alt class=\"img-responsive wp-image-34179\" srcset=\"https:\/\/brieger.ch\/wp-content\/uploads\/2020\/05\/58_25_02-200x200.jpg 200w, https:\/\/brieger.ch\/wp-content\/uploads\/2020\/05\/58_25_02-400x400.jpg 400w, https:\/\/brieger.ch\/wp-content\/uploads\/2020\/05\/58_25_02-600x600.jpg 600w, https:\/\/brieger.ch\/wp-content\/uploads\/2020\/05\/58_25_02-800x800.jpg 800w, https:\/\/brieger.ch\/wp-content\/uploads\/2020\/05\/58_25_02.jpg 1200w\" sizes=\"(max-width: 1024px) 100vw, (max-width: 640px) 100vw, 400px\" \/><\/span><\/div><\/div><\/div><div class=\"fusion-layout-column fusion_builder_column fusion-builder-column-1 fusion_builder_column_3_4 3_4 fusion-flex-column\" style=\"--awb-bg-size:cover;--awb-width-large:75%;--awb-margin-top-large:0px;--awb-spacing-right-large:2.56%;--awb-margin-bottom-large:20px;--awb-spacing-left-large:2.56%;--awb-width-medium:100%;--awb-order-medium:0;--awb-spacing-right-medium:1.92%;--awb-spacing-left-medium:1.92%;--awb-width-small:100%;--awb-order-small:0;--awb-spacing-right-small:1.92%;--awb-spacing-left-small:1.92%;\"><div class=\"fusion-column-wrapper fusion-column-has-shadow fusion-flex-justify-content-flex-start fusion-content-layout-column\"><div class=\"fusion-text fusion-text-1\"><p>Les emballages universels sont la solution id\u00e9ale pour l\u2019exp\u00e9dition s\u00e9curis\u00e9e d\u2019une grande vari\u00e9t\u00e9 de produits. Qu\u2019il s\u2019agisse d\u2019emballages pour livres, de supports publicitaires ou de textiles \u2013 avec un emballage multifonction robuste et flexible, vos marchandises sont parfaitement prot\u00e9g\u00e9es. Ces emballages sont fabriqu\u00e9s \u00e0 partir de carton ondul\u00e9 solide, offrant une protection fiable tout en \u00e9tant respectueux de l\u2019environnement.<\/p>\n<\/div><div class=\"fusion-title title fusion-title-1 fusion-title-text fusion-title-size-two\" style=\"--awb-sep-color:var(--awb-color3);\"><div class=\"title-sep-container title-sep-container-left fusion-no-large-visibility fusion-no-medium-visibility fusion-no-small-visibility\"><div class=\"title-sep sep-single sep-solid\" style=\"border-color:var(--awb-color3);\"><\/div><\/div><span class=\"awb-title-spacer fusion-no-large-visibility fusion-no-medium-visibility fusion-no-small-visibility\"><\/span><h2 class=\"fusion-title-heading title-heading-left\" style=\"margin:0;\">Que signifie \u00ab\u00a0emballage universel\u00a0\u00bb ?<\/h2><span class=\"awb-title-spacer\"><\/span><div class=\"title-sep-container title-sep-container-right\"><div class=\"title-sep sep-single sep-solid\" style=\"border-color:var(--awb-color3);\"><\/div><\/div><\/div><div class=\"fusion-text fusion-text-2\"><p>Un <a href=\"https:\/\/brieger.ch\/fr\/product\/46140\/\" target=\"_blank\" rel=\"noopener\">emballage universel<\/a> est une solution d\u2019emballage polyvalente qui se distingue par sa flexibilit\u00e9 et son adaptabilit\u00e9. Gr\u00e2ce \u00e0 sa hauteur de remplissage variable, il peut \u00eatre utilis\u00e9 pour diff\u00e9rents produits \u2013 des petits objets jusqu\u2019aux articles plus volumineux. Ces emballages sont particuli\u00e8rement adapt\u00e9s pour l\u2019envoi s\u00e9curis\u00e9 de livres, catalogues et classeurs.<\/p>\n<\/div><div class=\"fusion-title title fusion-title-2 fusion-title-text fusion-title-size-two\" style=\"--awb-sep-color:var(--awb-color3);\"><div class=\"title-sep-container title-sep-container-left fusion-no-large-visibility fusion-no-medium-visibility fusion-no-small-visibility\"><div class=\"title-sep sep-single sep-solid\" style=\"border-color:var(--awb-color3);\"><\/div><\/div><span class=\"awb-title-spacer fusion-no-large-visibility fusion-no-medium-visibility fusion-no-small-visibility\"><\/span><h2 class=\"fusion-title-heading title-heading-left\" style=\"margin:0;\">Caract\u00e9ristiques d\u2019un emballage universel<\/h2><span class=\"awb-title-spacer\"><\/span><div class=\"title-sep-container title-sep-container-right\"><div class=\"title-sep sep-single sep-solid\" style=\"border-color:var(--awb-color3);\"><\/div><\/div><\/div><div class=\"fusion-text fusion-text-3\"><p>Les principales caract\u00e9ristiques d\u2019un emballage universel sont les suivantes :<\/p>\n<\/div><ul style=\"--awb-line-height:23.8px;--awb-icon-width:23.8px;--awb-icon-height:23.8px;--awb-icon-margin:9.8px;--awb-content-margin:33.6px;--awb-circlecolor:var(--awb-color3);--awb-circle-yes-font-size:12.32px;\" class=\"fusion-checklist fusion-checklist-1 fusion-checklist-default type-icons\"><li class=\"fusion-li-item\" style=\"\"><span class=\"icon-wrapper circle-yes\"><i class=\"fusion-li-icon awb-icon-check\" aria-hidden=\"true\"><\/i><\/span><div class=\"fusion-li-item-content\">Flexibilit\u00e9 : adaptable \u00e0 diff\u00e9rents produits gr\u00e2ce \u00e0 une hauteur de remplissage variable.<\/div><\/li><li class=\"fusion-li-item\" style=\"\"><span class=\"icon-wrapper circle-yes\"><i class=\"fusion-li-icon awb-icon-check\" aria-hidden=\"true\"><\/i><\/span><div class=\"fusion-li-item-content\">Robustesse : fabriqu\u00e9 en carton ondul\u00e9 pour une protection optimale.<\/div><\/li><li class=\"fusion-li-item\" style=\"\"><span class=\"icon-wrapper circle-yes\"><i class=\"fusion-li-icon awb-icon-check\" aria-hidden=\"true\"><\/i><\/span><div class=\"fusion-li-item-content\">Utilisation facile : conditionnement rapide gr\u00e2ce \u00e0 une fermeture autocollante et \u00e0 une bande d\u2019arrachage.<\/div><\/li><li class=\"fusion-li-item\" style=\"\"><span class=\"icon-wrapper circle-yes\"><i class=\"fusion-li-icon awb-icon-check\" aria-hidden=\"true\"><\/i><\/span><div class=\"fusion-li-item-content\">Recyclable : mat\u00e9riau \u00e9cologique pouvant \u00eatre \u00e9limin\u00e9 de mani\u00e8re durable.<\/div><\/li><li class=\"fusion-li-item\" style=\"\"><span class=\"icon-wrapper circle-yes\"><i class=\"fusion-li-icon awb-icon-check\" aria-hidden=\"true\"><\/i><\/span><div class=\"fusion-li-item-content\">\n<p>Fermeture s\u00e9curis\u00e9e : protection contre les dommages caus\u00e9s par le transport gr\u00e2ce \u00e0 la<a href=\"https:\/\/brieger.ch\/fr\/accessoires\/decoupes-coins-de-protection\/\" target=\"_blank\" rel=\"noopener\"> protection<\/a> des bords et \u00e0 une construction robuste.<\/p>\n<\/div><\/li><\/ul><div style=\"text-align:center;\"><a class=\"fusion-button button-flat button-small button-custom fusion-button-default button-1 fusion-button-default-span fusion-button-default-type\" style=\"--button_accent_color:var(--awb-color3);--button_border_color:var(--awb-color3);--button_accent_hover_color:var(--awb-color3);--button_border_hover_color:var(--awb-color3);--button_gradient_top_color:var(--awb-color1);--button_gradient_bottom_color:var(--awb-color1);--button_gradient_top_color_hover:var(--awb-color1);--button_gradient_bottom_color_hover:var(--awb-color1);\" target=\"_self\" href=\"#instructions-de-montage\"><i class=\"fa-arrow-down fas button-icon-left\" aria-hidden=\"true\"><\/i><span class=\"fusion-button-text\">Instructions de montage<\/span><\/a><\/div><\/div><\/div><\/div><\/div><div class=\"fusion-fullwidth fullwidth-box fusion-builder-row-2 nonhundred-percent-fullwidth non-hundred-percent-height-scrolling\" style=\"--awb-border-radius-top-left:0px;--awb-border-radius-top-right:0px;--awb-border-radius-bottom-right:0px;--awb-border-radius-bottom-left:0px;--awb-padding-top:44px;--awb-flex-wrap:wrap;\" ><div class=\"fusion-builder-row fusion-row\"><div class=\"fusion-layout-column fusion_builder_column fusion-builder-column-2 fusion_builder_column_1_1 1_1 fusion-one-full fusion-column-first fusion-column-last\" style=\"--awb-bg-blend:overlay;--awb-bg-size:cover;\"><div class=\"fusion-column-wrapper fusion-flex-column-wrapper-legacy\"><div class=\"fusion-text fusion-text-4\"><p>Les produits peuvent \u00eatre filtr\u00e9s selon diff\u00e9rents crit\u00e8res<\/p>\n<\/div><div class=\"fusion-clearfix\"><\/div><\/div><\/div><div class=\"fusion-layout-column fusion_builder_column fusion-builder-column-3 fusion_builder_column_1_1 1_1 fusion-one-full fusion-column-first fusion-column-last\" style=\"--awb-bg-blend:overlay;--awb-bg-size:cover;\"><div class=\"fusion-column-wrapper fusion-flex-column-wrapper-legacy\"><div class=\"fusion-text fusion-text-5\"><form autocomplete=\"off\" name=\"wpv-filter-41439\" action=\"\/fr\/wp-json\/wp\/v2\/pages\/40518?wpv_view_count=41439\" method=\"get\" class=\"wpv-filter-form js-wpv-filter-form js-wpv-filter-form-41439 js-wpv-form-full js-wpv-dps-enabled js-wpv-ajax-results-enabled\" data-viewnumber=\"41439\" data-viewid=\"41439\" data-viewhash=\"eyJuYW1lIjoic2VhcmNoX3VuaXZlcnNhbHZlcnBhY2t1bmdlbi1mciIsImNhY2hlZCI6Im9mZiJ9\" data-viewwidgetid=\"0\" data-orderby=\"\" data-order=\"\" data-orderbyas=\"\" data-orderbysecond=\"\" data-ordersecond=\"\" data-parametric=\"{&quot;query&quot;:&quot;normal&quot;,&quot;id&quot;:41439,&quot;view_id&quot;:41439,&quot;widget_id&quot;:0,&quot;view_hash&quot;:&quot;41439&quot;,&quot;action&quot;:&quot;\\\/fr\\\/wp-json\\\/wp\\\/v2\\\/pages\\\/40518?wpv_view_count=41439&quot;,&quot;sort&quot;:{&quot;orderby&quot;:&quot;&quot;,&quot;order&quot;:&quot;&quot;,&quot;orderby_as&quot;:&quot;&quot;,&quot;orderby_second&quot;:&quot;&quot;,&quot;order_second&quot;:&quot;&quot;},&quot;orderby&quot;:&quot;&quot;,&quot;order&quot;:&quot;&quot;,&quot;orderby_as&quot;:&quot;&quot;,&quot;orderby_second&quot;:&quot;&quot;,&quot;order_second&quot;:&quot;&quot;,&quot;ajax_form&quot;:&quot;&quot;,&quot;ajax_results&quot;:&quot;&quot;,&quot;effect&quot;:&quot;fade&quot;,&quot;prebefore&quot;:&quot;&quot;,&quot;before&quot;:&quot;&quot;,&quot;after&quot;:&quot;&quot;,&quot;attributes&quot;:{&quot;cached&quot;:&quot;off&quot;},&quot;environment&quot;:{&quot;current_post_id&quot;:40518,&quot;parent_post_id&quot;:40518,&quot;parent_term_id&quot;:0,&quot;parent_user_id&quot;:0,&quot;archive&quot;:{&quot;type&quot;:&quot;&quot;,&quot;name&quot;:&quot;&quot;,&quot;data&quot;:[]}},&quot;loop&quot;:{&quot;type&quot;:&quot;&quot;,&quot;name&quot;:&quot;&quot;,&quot;data&quot;:[],&quot;id&quot;:0}}\" data-attributes=\"{&quot;cached&quot;:&quot;off&quot;}\" data-environment=\"{&quot;current_post_id&quot;:40518,&quot;parent_post_id&quot;:40518,&quot;parent_term_id&quot;:0,&quot;parent_user_id&quot;:0,&quot;archive&quot;:{&quot;type&quot;:&quot;&quot;,&quot;name&quot;:&quot;&quot;,&quot;data&quot;:[]}}\"><input type=\"hidden\" class=\"js-wpv-dps-filter-data js-wpv-filter-data-for-this-form\" data-action=\"\/fr\/wp-json\/wp\/v2\/pages\/40518?wpv_view_count=41439\" data-page=\"1\" data-ajax=\"enable\" data-effect=\"fade\" data-maxpages=\"0\" data-ajaxprebefore=\"\" data-ajaxbefore=\"\" data-ajaxafter=\"\" \/><input class=\"wpv_view_count wpv_view_count-41439\" type=\"hidden\" name=\"wpv_view_count\" value=\"41439\" \/>\n<div class=\"prodsearchbox\">\n\n<div class=\"form-group\">\n\t<label>Types d'articles<\/label>\n\t<div class=\"radio\">\n\t\t\t\t\t\t\t\t\t<label for=\"artikelart-\"  class=\"\" >\n\t\t\t\t\t\t\t\t\t\t<input id=\"artikelart-\"  class=\"js-wpv-filter-trigger\"\n\t\t\t\t\t\t\t\t\t\t\tname=\"wpv-artikelart\" type=\"radio\" value=\"0\"  checked='checked'\n\t\t\t\t\t\t\t\t\t\t\/>\n\t\t\t\t\t\t\t\t\t\tVoir tous\n\t\t\t\t\t\t\t\t\t<\/label>\n\t\t\t\t\t\t\t\t<\/div><div class=\"radio\"><label for=\"artikelart-lemballage-universel-varifix-varier-la-hauteur-avec-1-fermetures-autocollantes\"><input type=\"radio\" id=\"artikelart-lemballage-universel-varifix-varier-la-hauteur-avec-1-fermetures-autocollantes\" class=\"js-wpv-filter-trigger\" name=\"wpv-artikelart\" value=\"lemballage-universel-varifix-varier-la-hauteur-avec-1-fermetures-autocollantes\" \/>Emballage universel VARIFIX, varier la hauteur, avec 1 fermeture autocollante<\/label><\/div><div class=\"radio\"><label for=\"artikelart-lemballage-universel-varitop-varier-la-hauteur-avec-2-fermetures-autocollantes\"><input type=\"radio\" id=\"artikelart-lemballage-universel-varitop-varier-la-hauteur-avec-2-fermetures-autocollantes\" class=\"js-wpv-filter-trigger\" name=\"wpv-artikelart\" value=\"lemballage-universel-varitop-varier-la-hauteur-avec-2-fermetures-autocollantes\" \/>Emballage universel VARITOP, varier la hauteur, avec 2 fermetures autocollantes<\/label><\/div><div class=\"radio\"><label for=\"artikelart-lemballage-universel-varivel-double-cannelure-varier-la-hauteur-sans-fermetures-autocollantes\"><input type=\"radio\" id=\"artikelart-lemballage-universel-varivel-double-cannelure-varier-la-hauteur-sans-fermetures-autocollantes\" class=\"js-wpv-filter-trigger\" name=\"wpv-artikelart\" value=\"lemballage-universel-varivel-double-cannelure-varier-la-hauteur-sans-fermetures-autocollantes\" \/>Emballage universel VARIVEL double cannelure, varier la hauteur, sans fermeture autocollante<\/label><\/div><div class=\"radio\"><label for=\"artikelart-lemballage-universel-varivel-tres-haut-varier-la-hauteur-sans-fermetures-autocollantes\"><input type=\"radio\" id=\"artikelart-lemballage-universel-varivel-tres-haut-varier-la-hauteur-sans-fermetures-autocollantes\" class=\"js-wpv-filter-trigger\" name=\"wpv-artikelart\" value=\"lemballage-universel-varivel-tres-haut-varier-la-hauteur-sans-fermetures-autocollantes\" \/>Emballage universel VARIVEL tr\u00e8s haut, varier la hauteur, sans fermeture autocollante<\/label><\/div><div class=\"radio\"><label for=\"artikelart-lemballage-universel-varivel-varier-la-hauteur-sans-fermetures-autocollantes\"><input type=\"radio\" id=\"artikelart-lemballage-universel-varivel-varier-la-hauteur-sans-fermetures-autocollantes\" class=\"js-wpv-filter-trigger\" name=\"wpv-artikelart\" value=\"lemballage-universel-varivel-varier-la-hauteur-sans-fermetures-autocollantes\" \/>Emballage universel VARIVEL, varier la hauteur, sans fermeture autocollante<\/label><\/div>\n<\/div>\n  \n<div class=\"form-group\">\n\t<div class=\"checkbox\"><label for=\"wpv_control_checkbox_wpcf-breen-badge\"><input type=\"checkbox\" id=\"wpv_control_checkbox_wpcf-breen-badge\" class=\"js-wpv-filter-trigger checkbox\" name=\"wpv-wpcf-breen-badge\" value=\"1\" \/>BREEN<\/label><\/div>\n<\/div>\n  \n<div class=\"farbenseparator\">&nbsp;<\/div>\n<div class=\"innenmasse\">Longueur x largeur x hauteur = Dimensions internes<\/div>  \n<div class=\"laenge_in_mm_search_universal\">\n  <div class=\"form-group\">\n\t<label>Longueur<\/label>\n\t<select id=\"wpv_control_select__length\" name=\"wpv-_length\" class=\"js-wpv-filter-trigger form-control\"><option value=\"\" selected=\"selected\">Longueur en mm<\/option><option value=\"145\">145<\/option><option value=\"150\">150<\/option><option value=\"175\">175<\/option><option value=\"217\">217<\/option><option value=\"225\">225<\/option><option value=\"245\">245<\/option><option value=\"265\">265<\/option><option value=\"270\">270<\/option><option value=\"275\">275<\/option><option value=\"300\">300<\/option><option value=\"305\">305<\/option><option value=\"309\">309<\/option><option value=\"315\">315<\/option><option value=\"325\">325<\/option><option value=\"330\">330<\/option><option value=\"335\">335<\/option><option value=\"355\">355<\/option><option value=\"360\">360<\/option><option value=\"380\">380<\/option><option value=\"390\">390<\/option><option value=\"420\">420<\/option><option value=\"455\">455<\/option><option value=\"505\">505<\/option><option value=\"550\">550<\/option><option value=\"610\">610<\/option><option value=\"635\">635<\/option><option value=\"758\">758<\/option><\/select>\n<\/div>\n  \n<\/div>\n<div class=\"breite_in_mm_search_universal\">  \n<div class=\"form-group\">\n\t<label>Largeur<\/label>\n\t<select id=\"wpv_control_select__width\" name=\"wpv-_width\" class=\"js-wpv-filter-trigger form-control\"><option value=\"\" selected=\"selected\">Largeur en mm<\/option><option value=\"128\">128<\/option><option value=\"155\">155<\/option><option value=\"165\">165<\/option><option value=\"175\">175<\/option><option value=\"185\">185<\/option><option value=\"210\">210<\/option><option value=\"215\">215<\/option><option value=\"222\">222<\/option><option value=\"225\">225<\/option><option value=\"235\">235<\/option><option value=\"240\">240<\/option><option value=\"245\">245<\/option><option value=\"250\">250<\/option><option value=\"255\">255<\/option><option value=\"265\">265<\/option><option value=\"270\">270<\/option><option value=\"290\">290<\/option><option value=\"315\">315<\/option><option value=\"320\">320<\/option><option value=\"325\">325<\/option><option value=\"355\">355<\/option><option value=\"360\">360<\/option><option value=\"370\">370<\/option><option value=\"430\">430<\/option><option value=\"465\">465<\/option><option value=\"505\">505<\/option><\/select>\n<\/div>  \n  \n<\/div>\n  \n  \n <div class=\"hoehe_von_search_universal\">\n\t<div class=\"form-group\">\n\t<label>Hauteur min.<\/label>\n\t<select id=\"wpv_control_select_wpcf-hoehe-von-innenmasse\" name=\"wpv-wpcf-hoehe-von-innenmasse\" class=\"js-wpv-filter-trigger form-control\"><option value=\"\" selected=\"selected\">Hauteur min.<\/option><option value=\"0\">0<\/option><option value=\"10\">10<\/option><option value=\"15\">15<\/option><option value=\"20\">20<\/option><option value=\"30\">30<\/option><option value=\"35\">35<\/option><option value=\"50\">50<\/option><\/select>\n<\/div>\n<\/div> \n  \n <div class=\"hoehe_bis_search_universal\">\n\t<div class=\"form-group\">\n\t<label>Hauteur max.<\/label>\n\t<select id=\"wpv_control_select_wpcf-hoehe-bis-innenmasse\" name=\"wpv-wpcf-hoehe-bis-innenmasse\" class=\"js-wpv-filter-trigger form-control\"><option value=\"\" selected=\"selected\">Hauteur max.<\/option><option value=\"30\">30<\/option><option value=\"40\">40<\/option><option value=\"42\">42<\/option><option value=\"45\">45<\/option><option value=\"50\">50<\/option><option value=\"52\">52<\/option><option value=\"55\">55<\/option><option value=\"60\">60<\/option><option value=\"70\">70<\/option><option value=\"75\">75<\/option><option value=\"80\">80<\/option><option value=\"90\">90<\/option><option value=\"100\">100<\/option><option value=\"110\">110<\/option><option value=\"120\">120<\/option><\/select>\n<\/div>\n<\/div>   \n  \n<div class=\"norm_search_universal\">\n<div class=\"form-group\">\n\t<label>Format<\/label>\n\t<select id=\"wpv_control_select_wpcf-norm\" name=\"wpv-wpcf-norm\" class=\"js-wpv-filter-trigger form-control\"><option value=\"\" selected=\"selected\">Format<\/option><option value=\"A2\">A2<\/option><option value=\"A3\">A3<\/option><option value=\"A4\">A4<\/option><option value=\"A5\">A5<\/option><\/select>\n<\/div>  \n<\/div>\n  \n  \n  \n  \n<div class=\"qualitaet_search_universal\">  \n<div class=\"form-group\">\n\t<label>Qualit\u00e9<\/label>\n\t<select name=\"wpv-qualitaet\" class=\"js-wpv-filter-trigger form-control\"><option selected='selected' value=\"0\">\u00c9paisseur<\/option><option value=\"1-5-mm\">1.5 mm<\/option><option value=\"2-2-mm\">2.2 mm<\/option><option value=\"3-0-mm\">3.0 mm<\/option><option value=\"4-0-mm\">4.0 mm<\/option><option value=\"6-0-mm\">6.0 mm<\/option><\/select>\n<\/div>  \n<\/div>  \n<div style=\"clear:both;\"><\/div>\n<div class=\"farbenseparator\">&nbsp;<\/div>\n\t\n<div class=\"form-group\">\n\t<label>Couleurs<\/label>\n<div class=\"farbenbtns\">\n\t<div class=\"radio\"><label for=\"farbe-blanc\"><input type=\"radio\" id=\"farbe-blanc\" class=\"js-wpv-filter-trigger\" name=\"wpv-farbe\" value=\"blanc\" \/>blanc<\/label><\/div><div class=\"radio\"><label for=\"farbe-brun\"><input type=\"radio\" id=\"farbe-brun\" class=\"js-wpv-filter-trigger\" name=\"wpv-farbe\" value=\"brun\" \/>brun<\/label><\/div><div class=\"radio\"><label for=\"farbe-noir\"><input type=\"radio\" id=\"farbe-noir\" class=\"js-wpv-filter-trigger\" name=\"wpv-farbe\" value=\"noir\" \/>noir<\/label><\/div>\n<\/div><\/div>\n  \n   \n  \n  \n<div style=\"clear:both;\"><\/div>\n<div class=\"btns_search\">  \n  <button type=\"submit\" class=\"fusion-button button-flat wpv-submit-trigger js-wpv-submit-trigger btn\" style=\"border:1px #000 solid;background:#fff;\">Suchen<\/button> <button type=\"button\" class=\"fusion-button button-flat wpv-reset-trigger js-wpv-reset-trigger btn\" style=\"border:1px #000 solid;background:#fff;\">R\u00e9initialiser<\/button>\n<\/div>\n<\/div><p style=\"display:none; text-align:center;\" class=\"js-wpv-dps-spinner\"><img decoding=\"async\" src=\"https:\/\/brieger.ch\/wp-content\/plugins\/wp-views\/embedded\/res\/img\/ajax-loader3.svg\" \/><\/p>\n<\/form>\n<div id=\"wpv-view-layout-41439\" class=\"js-wpv-view-layout js-wpv-layout-responsive js-wpv-view-layout-41439\" data-viewnumber=\"41439\" data-pagination=\"{&quot;id&quot;:41439,&quot;query&quot;:&quot;normal&quot;,&quot;type&quot;:&quot;disabled&quot;,&quot;effect&quot;:&quot;fade&quot;,&quot;duration&quot;:500,&quot;speed&quot;:5,&quot;pause_on_hover&quot;:&quot;disabled&quot;,&quot;stop_rollover&quot;:&quot;false&quot;,&quot;cache_pages&quot;:&quot;enabled&quot;,&quot;preload_images&quot;:&quot;enabled&quot;,&quot;preload_pages&quot;:&quot;enabled&quot;,&quot;preload_reach&quot;:1,&quot;spinner&quot;:&quot;builtin&quot;,&quot;spinner_image&quot;:&quot;https:\/\/brieger.ch\/wp-content\/plugins\/wp-views\/embedded\/res\/img\/ajax-loader.gif&quot;,&quot;callback_next&quot;:&quot;&quot;,&quot;manage_history&quot;:&quot;disabled&quot;,&quot;has_controls_in_form&quot;:&quot;disabled&quot;,&quot;infinite_tolerance&quot;:&quot;0&quot;,&quot;max_pages&quot;:0,&quot;page&quot;:1,&quot;base_permalink&quot;:&quot;\/fr\/wp-json\/wp\/v2\/pages\/40518?wpv_view_count=41439&amp;wpv_paged=WPV_PAGE_NUM&quot;,&quot;loop&quot;:{&quot;type&quot;:&quot;&quot;,&quot;name&quot;:&quot;&quot;,&quot;data&quot;:[],&quot;id&quot;:0}}\" data-permalink=\"\/fr\/wp-json\/wp\/v2\/pages\/40518?wpv_view_count=41439\">\n\n\t\n\t<div id=\"product-select\"><\/div>\n\t<table width=\"100%\">\n\t\t<thead>\n\t\t\t<tr class=\"titelreihe\"><th class=\"prodimg\">&nbsp;<\/th>\n\t\t\t\t<th class=\"zahlrechts\"><a href=\"#\" class=\"wpv-header-no-sort js-wpv-sort-trigger js-wpv-column-header-click\" data-viewnumber=\"41439\" data-orderby=\"post_title\" data-order=\"asc\" data-orderbyas=\"\">Article<span class=\"wpv-sorting-indicator\"><\/span><\/a><\/th>\n\t\t\t\t<th class=\"zahlrechts\"><a href=\"#\" class=\"wpv-header-no-sort js-wpv-sort-trigger js-wpv-column-header-click\" data-viewnumber=\"41439\" data-orderby=\"field-wpcf-laenge\" data-order=\"asc\" data-orderbyas=\"numeric\">Longueur<span class=\"wpv-sorting-indicator\"><\/span><\/a><\/th>\n\t\t\t\t<th class=\"zahlrechts\"><a href=\"#\" class=\"wpv-header-no-sort js-wpv-sort-trigger js-wpv-column-header-click\" data-viewnumber=\"41439\" data-orderby=\"field-wpcf-breite\" data-order=\"asc\" data-orderbyas=\"numeric\">Largeur<span class=\"wpv-sorting-indicator\"><\/span><\/a><\/th>\n                <th class=\"zahlrechts\"><a href=\"#\" class=\"wpv-header-no-sort js-wpv-sort-trigger js-wpv-column-header-click\" data-viewnumber=\"41439\" data-orderby=\"field-wpcf-hoehe-von-innenmasse\" data-order=\"asc\" data-orderbyas=\"numeric\">Hauteur min.<span class=\"wpv-sorting-indicator\"><\/span><\/a><\/th>\n                <th class=\"zahlrechts\"><a href=\"#\" class=\"wpv-header-no-sort js-wpv-sort-trigger js-wpv-column-header-click\" data-viewnumber=\"41439\" data-orderby=\"field-wpcf-hoehe-bis-innenmasse\" data-order=\"asc\" data-orderbyas=\"numeric\">Hauteur max.<span class=\"wpv-sorting-indicator\"><\/span><\/a><\/th>\n\t\t\t\t<th class=\"zahlrechts\"><a href=\"#\" class=\"wpv-header-no-sort js-wpv-sort-trigger js-wpv-column-header-click\" data-viewnumber=\"41439\" data-orderby=\"field-wpcf-norm\" data-order=\"asc\" data-orderbyas=\"\">Format<span class=\"wpv-sorting-indicator\"><\/span><\/a><\/th>\n\t\t\t\t<th class=\"zahlrechts\"><a href=\"#\" class=\"wpv-header-no-sort js-wpv-sort-trigger js-wpv-column-header-click\" data-viewnumber=\"41439\" data-orderby=\"post-taxonomy\" data-order=\"asc\" data-orderbyas=\"\">Qualit\u00e9<span class=\"wpv-sorting-indicator\"><\/span><\/a><\/th>\n\t\t\t\t<th class=\"zahlrechts\"><a href=\"#\" class=\"wpv-header-no-sort js-wpv-sort-trigger js-wpv-column-header-click\" data-viewnumber=\"41439\" data-orderby=\"field-wpcf-farbe\" data-order=\"asc\" data-orderbyas=\"\">Couleur<span class=\"wpv-sorting-indicator\"><\/span><\/a><\/th>\n\t\t\t\t<th class=\"preisrechts\"><a href=\"#\" class=\"wpv-header-no-sort js-wpv-sort-trigger js-wpv-column-header-click\" data-viewnumber=\"41439\" data-orderby=\"field-wpcf-ab-preis\" data-order=\"asc\" data-orderbyas=\"numeric\">Prix d\u00e8s<span class=\"wpv-sorting-indicator\"><\/span><\/a><\/th>\n              \t<th><a href=\"#\" class=\"wpv-header-no-sort js-wpv-sort-trigger js-wpv-column-header-click\" data-viewnumber=\"41439\" data-orderby=\"post-taxonomy\" data-order=\"asc\" data-orderbyas=\"\">&nbsp;<span class=\"wpv-sorting-indicator\"><\/span><\/a><\/th>\n\t\t\t<\/tr>\n\t\t<\/thead>\n\t\t<tbody class=\"wpv-loop js-wpv-loop\">\n\t\t<tr class=\"prodselect\" data-href=\"https:\/\/brieger.ch\/fr\/product\/44211\/\">\n\t\t\t\t<td><a class=\"prodimglist\" href=\"https:\/\/brieger.ch\/fr\/product\/44211\/\"><img decoding=\"async\" width=\"100\" height=\"100\" src=\"https:\/\/brieger.ch\/wp-content\/uploads\/2020\/05\/44225_1-100x100.jpg\" class=\"attachment-shop_thumbnail size-shop_thumbnail wp-post-image\" alt=\"varitop\" srcset=\"https:\/\/brieger.ch\/wp-content\/uploads\/2020\/05\/44225_1-66x66.jpg 66w, https:\/\/brieger.ch\/wp-content\/uploads\/2020\/05\/44225_1-100x100.jpg 100w, https:\/\/brieger.ch\/wp-content\/uploads\/2020\/05\/44225_1-200x200.jpg 200w, https:\/\/brieger.ch\/wp-content\/uploads\/2020\/05\/44225_1-280x280.jpg 280w, https:\/\/brieger.ch\/wp-content\/uploads\/2020\/05\/44225_1-400x400.jpg 400w, https:\/\/brieger.ch\/wp-content\/uploads\/2020\/05\/44225_1-500x500.jpg 500w, https:\/\/brieger.ch\/wp-content\/uploads\/2020\/05\/44225_1-600x600.jpg 600w, https:\/\/brieger.ch\/wp-content\/uploads\/2020\/05\/44225_1.jpg 700w\" sizes=\"(max-width: 100px) 100vw, 100px\" \/><\/a><\/td>\n\t\t\t\t<td class=\"abgr\"><a href=\"https:\/\/brieger.ch\/fr\/product\/44211\/\">44211<\/a><\/td>\n\t\t\t\t<td class=\"zahlrechts abgr\"><a href=\"https:\/\/brieger.ch\/fr\/product\/44211\/\">145<\/a><\/td>\n\t\t\t\t<td class=\"zahlrechts abgr\"><a href=\"https:\/\/brieger.ch\/fr\/product\/44211\/\">128<\/a><\/td>\n                <td class=\"zahlrechts abgr\"><a href=\"https:\/\/brieger.ch\/fr\/product\/44211\/\">10<\/a><\/td>\n                <td class=\"zahlrechts abgr\"><a href=\"https:\/\/brieger.ch\/fr\/product\/44211\/\">52<\/a><\/td>\n\t\t\t\t<td class=\"zahlrechts abgr\"><a href=\"https:\/\/brieger.ch\/fr\/product\/44211\/\"><\/a><\/td>\n\t\t\t\t<td class=\"zahlrechts abgr\"><a href=\"https:\/\/brieger.ch\/fr\/product\/44211\/\">1.5 mm<\/a><\/td>\n\t\t\t\t<td class=\"zahlrechts abgr\"><a href=\"https:\/\/brieger.ch\/fr\/product\/44211\/\"><div id=\"wpv-view-layout-619-CPID40319\" class=\"js-wpv-view-layout js-wpv-layout-responsive js-wpv-view-layout-619-CPID40319\" data-viewnumber=\"619-CPID40319\" data-pagination=\"{&quot;id&quot;:619,&quot;query&quot;:&quot;normal&quot;,&quot;type&quot;:&quot;disabled&quot;,&quot;effect&quot;:&quot;fade&quot;,&quot;duration&quot;:500,&quot;speed&quot;:5,&quot;pause_on_hover&quot;:&quot;disabled&quot;,&quot;stop_rollover&quot;:&quot;false&quot;,&quot;cache_pages&quot;:&quot;enabled&quot;,&quot;preload_images&quot;:&quot;enabled&quot;,&quot;preload_pages&quot;:&quot;enabled&quot;,&quot;preload_reach&quot;:1,&quot;spinner&quot;:&quot;builtin&quot;,&quot;spinner_image&quot;:&quot;https:\/\/brieger.ch\/wp-content\/plugins\/wp-views\/embedded\/res\/img\/ajax-loader.gif&quot;,&quot;callback_next&quot;:&quot;&quot;,&quot;manage_history&quot;:&quot;disabled&quot;,&quot;has_controls_in_form&quot;:&quot;disabled&quot;,&quot;infinite_tolerance&quot;:&quot;0&quot;,&quot;max_pages&quot;:1,&quot;page&quot;:1,&quot;base_permalink&quot;:&quot;\/fr\/wp-json\/wp\/v2\/pages\/40518?wpv_view_count=619-CPID40319&amp;wpv_paged=WPV_PAGE_NUM&quot;,&quot;loop&quot;:{&quot;type&quot;:&quot;&quot;,&quot;name&quot;:&quot;&quot;,&quot;data&quot;:&#091;&#093;,&quot;id&quot;:0}}\" data-permalink=\"\/fr\/wp-json\/wp\/v2\/pages\/40518?wpv_view_count=619-CPID40319\">\n\n\t\n\t\t<img decoding=\"async\" src=\"https:\/\/brieger.ch\/wp-content\/uploads\/2019\/05\/weiss.jpg\" alt=\"blanc\" title=\"blanc\" class=\"attachment-full\" \/>\n\t\n\t\n<\/div><\/a><\/td>\n\t\t\t\t<td class=\"preisrechts\"><a href=\"https:\/\/brieger.ch\/fr\/product\/44211\/\">0.75<\/a><\/td>\n              \t<td><a class=\"badgeprod\" href=\"https:\/\/brieger.ch\/fr\/product\/44211\/\">Sale<\/a><\/td>\n\t\t\t<\/tr><tr class=\"prodselect\" data-href=\"https:\/\/brieger.ch\/fr\/product\/45111\/\">\n\t\t\t\t<td><a class=\"prodimglist\" href=\"https:\/\/brieger.ch\/fr\/product\/45111\/\"><img decoding=\"async\" width=\"100\" height=\"100\" src=\"https:\/\/brieger.ch\/wp-content\/uploads\/2020\/05\/58_25_02-100x100.jpg\" class=\"attachment-shop_thumbnail size-shop_thumbnail wp-post-image\" alt=\"\" srcset=\"https:\/\/brieger.ch\/wp-content\/uploads\/2020\/05\/58_25_02-66x66.jpg 66w, https:\/\/brieger.ch\/wp-content\/uploads\/2020\/05\/58_25_02-100x100.jpg 100w, https:\/\/brieger.ch\/wp-content\/uploads\/2020\/05\/58_25_02-200x200.jpg 200w, https:\/\/brieger.ch\/wp-content\/uploads\/2020\/05\/58_25_02-280x280.jpg 280w, https:\/\/brieger.ch\/wp-content\/uploads\/2020\/05\/58_25_02-400x400.jpg 400w, https:\/\/brieger.ch\/wp-content\/uploads\/2020\/05\/58_25_02-500x500.jpg 500w, https:\/\/brieger.ch\/wp-content\/uploads\/2020\/05\/58_25_02-600x600.jpg 600w, https:\/\/brieger.ch\/wp-content\/uploads\/2020\/05\/58_25_02-700x700.jpg 700w, https:\/\/brieger.ch\/wp-content\/uploads\/2020\/05\/58_25_02-768x768.jpg 768w, https:\/\/brieger.ch\/wp-content\/uploads\/2020\/05\/58_25_02-800x800.jpg 800w, https:\/\/brieger.ch\/wp-content\/uploads\/2020\/05\/58_25_02.jpg 1200w\" sizes=\"(max-width: 100px) 100vw, 100px\" \/><\/a><\/td>\n\t\t\t\t<td class=\"abgr\"><a href=\"https:\/\/brieger.ch\/fr\/product\/45111\/\">45111<\/a><\/td>\n\t\t\t\t<td class=\"zahlrechts abgr\"><a href=\"https:\/\/brieger.ch\/fr\/product\/45111\/\">150<\/a><\/td>\n\t\t\t\t<td class=\"zahlrechts abgr\"><a href=\"https:\/\/brieger.ch\/fr\/product\/45111\/\">128<\/a><\/td>\n                <td class=\"zahlrechts abgr\"><a href=\"https:\/\/brieger.ch\/fr\/product\/45111\/\">10<\/a><\/td>\n                <td class=\"zahlrechts abgr\"><a href=\"https:\/\/brieger.ch\/fr\/product\/45111\/\">42<\/a><\/td>\n\t\t\t\t<td class=\"zahlrechts abgr\"><a href=\"https:\/\/brieger.ch\/fr\/product\/45111\/\"><\/a><\/td>\n\t\t\t\t<td class=\"zahlrechts abgr\"><a href=\"https:\/\/brieger.ch\/fr\/product\/45111\/\">1.5 mm<\/a><\/td>\n\t\t\t\t<td class=\"zahlrechts abgr\"><a href=\"https:\/\/brieger.ch\/fr\/product\/45111\/\"><div id=\"wpv-view-layout-619-CPID40273\" class=\"js-wpv-view-layout js-wpv-layout-responsive js-wpv-view-layout-619-CPID40273\" data-viewnumber=\"619-CPID40273\" data-pagination=\"{&quot;id&quot;:619,&quot;query&quot;:&quot;normal&quot;,&quot;type&quot;:&quot;disabled&quot;,&quot;effect&quot;:&quot;fade&quot;,&quot;duration&quot;:500,&quot;speed&quot;:5,&quot;pause_on_hover&quot;:&quot;disabled&quot;,&quot;stop_rollover&quot;:&quot;false&quot;,&quot;cache_pages&quot;:&quot;enabled&quot;,&quot;preload_images&quot;:&quot;enabled&quot;,&quot;preload_pages&quot;:&quot;enabled&quot;,&quot;preload_reach&quot;:1,&quot;spinner&quot;:&quot;builtin&quot;,&quot;spinner_image&quot;:&quot;https:\/\/brieger.ch\/wp-content\/plugins\/wp-views\/embedded\/res\/img\/ajax-loader.gif&quot;,&quot;callback_next&quot;:&quot;&quot;,&quot;manage_history&quot;:&quot;disabled&quot;,&quot;has_controls_in_form&quot;:&quot;disabled&quot;,&quot;infinite_tolerance&quot;:&quot;0&quot;,&quot;max_pages&quot;:1,&quot;page&quot;:1,&quot;base_permalink&quot;:&quot;\/fr\/wp-json\/wp\/v2\/pages\/40518?wpv_view_count=619-CPID40273&amp;wpv_paged=WPV_PAGE_NUM&quot;,&quot;loop&quot;:{&quot;type&quot;:&quot;&quot;,&quot;name&quot;:&quot;&quot;,&quot;data&quot;:&#091;&#093;,&quot;id&quot;:0}}\" data-permalink=\"\/fr\/wp-json\/wp\/v2\/pages\/40518?wpv_view_count=619-CPID40273\">\n\n\t\n\t\t<img decoding=\"async\" src=\"https:\/\/brieger.ch\/wp-content\/uploads\/2019\/05\/braun.jpg\" alt=\"brun\" title=\"brun\" class=\"attachment-full\" \/>\n\t\n\t\n<\/div><\/a><\/td>\n\t\t\t\t<td class=\"preisrechts\"><a href=\"https:\/\/brieger.ch\/fr\/product\/45111\/\">0.66<\/a><\/td>\n              \t<td><a  href=\"https:\/\/brieger.ch\/fr\/product\/45111\/\"><\/a><\/td>\n\t\t\t<\/tr><tr class=\"prodselect\" data-href=\"https:\/\/brieger.ch\/fr\/product\/45113\/\">\n\t\t\t\t<td><a class=\"prodimglist\" href=\"https:\/\/brieger.ch\/fr\/product\/45113\/\"><img decoding=\"async\" width=\"100\" height=\"100\" src=\"https:\/\/brieger.ch\/wp-content\/uploads\/2020\/05\/58_25_02-100x100.jpg\" class=\"attachment-shop_thumbnail size-shop_thumbnail wp-post-image\" alt=\"\" srcset=\"https:\/\/brieger.ch\/wp-content\/uploads\/2020\/05\/58_25_02-66x66.jpg 66w, https:\/\/brieger.ch\/wp-content\/uploads\/2020\/05\/58_25_02-100x100.jpg 100w, https:\/\/brieger.ch\/wp-content\/uploads\/2020\/05\/58_25_02-200x200.jpg 200w, https:\/\/brieger.ch\/wp-content\/uploads\/2020\/05\/58_25_02-280x280.jpg 280w, https:\/\/brieger.ch\/wp-content\/uploads\/2020\/05\/58_25_02-400x400.jpg 400w, https:\/\/brieger.ch\/wp-content\/uploads\/2020\/05\/58_25_02-500x500.jpg 500w, https:\/\/brieger.ch\/wp-content\/uploads\/2020\/05\/58_25_02-600x600.jpg 600w, https:\/\/brieger.ch\/wp-content\/uploads\/2020\/05\/58_25_02-700x700.jpg 700w, https:\/\/brieger.ch\/wp-content\/uploads\/2020\/05\/58_25_02-768x768.jpg 768w, https:\/\/brieger.ch\/wp-content\/uploads\/2020\/05\/58_25_02-800x800.jpg 800w, https:\/\/brieger.ch\/wp-content\/uploads\/2020\/05\/58_25_02.jpg 1200w\" sizes=\"(max-width: 100px) 100vw, 100px\" \/><\/a><\/td>\n\t\t\t\t<td class=\"abgr\"><a href=\"https:\/\/brieger.ch\/fr\/product\/45113\/\">45113<\/a><\/td>\n\t\t\t\t<td class=\"zahlrechts abgr\"><a href=\"https:\/\/brieger.ch\/fr\/product\/45113\/\">175<\/a><\/td>\n\t\t\t\t<td class=\"zahlrechts abgr\"><a href=\"https:\/\/brieger.ch\/fr\/product\/45113\/\">175<\/a><\/td>\n                <td class=\"zahlrechts abgr\"><a href=\"https:\/\/brieger.ch\/fr\/product\/45113\/\">0<\/a><\/td>\n                <td class=\"zahlrechts abgr\"><a href=\"https:\/\/brieger.ch\/fr\/product\/45113\/\">55<\/a><\/td>\n\t\t\t\t<td class=\"zahlrechts abgr\"><a href=\"https:\/\/brieger.ch\/fr\/product\/45113\/\"><\/a><\/td>\n\t\t\t\t<td class=\"zahlrechts abgr\"><a href=\"https:\/\/brieger.ch\/fr\/product\/45113\/\">3.0 mm<\/a><\/td>\n\t\t\t\t<td class=\"zahlrechts abgr\"><a href=\"https:\/\/brieger.ch\/fr\/product\/45113\/\"><div id=\"wpv-view-layout-619-CPID40275\" class=\"js-wpv-view-layout js-wpv-layout-responsive js-wpv-view-layout-619-CPID40275\" data-viewnumber=\"619-CPID40275\" data-pagination=\"{&quot;id&quot;:619,&quot;query&quot;:&quot;normal&quot;,&quot;type&quot;:&quot;disabled&quot;,&quot;effect&quot;:&quot;fade&quot;,&quot;duration&quot;:500,&quot;speed&quot;:5,&quot;pause_on_hover&quot;:&quot;disabled&quot;,&quot;stop_rollover&quot;:&quot;false&quot;,&quot;cache_pages&quot;:&quot;enabled&quot;,&quot;preload_images&quot;:&quot;enabled&quot;,&quot;preload_pages&quot;:&quot;enabled&quot;,&quot;preload_reach&quot;:1,&quot;spinner&quot;:&quot;builtin&quot;,&quot;spinner_image&quot;:&quot;https:\/\/brieger.ch\/wp-content\/plugins\/wp-views\/embedded\/res\/img\/ajax-loader.gif&quot;,&quot;callback_next&quot;:&quot;&quot;,&quot;manage_history&quot;:&quot;disabled&quot;,&quot;has_controls_in_form&quot;:&quot;disabled&quot;,&quot;infinite_tolerance&quot;:&quot;0&quot;,&quot;max_pages&quot;:1,&quot;page&quot;:1,&quot;base_permalink&quot;:&quot;\/fr\/wp-json\/wp\/v2\/pages\/40518?wpv_view_count=619-CPID40275&amp;wpv_paged=WPV_PAGE_NUM&quot;,&quot;loop&quot;:{&quot;type&quot;:&quot;&quot;,&quot;name&quot;:&quot;&quot;,&quot;data&quot;:&#091;&#093;,&quot;id&quot;:0}}\" data-permalink=\"\/fr\/wp-json\/wp\/v2\/pages\/40518?wpv_view_count=619-CPID40275\">\n\n\t\n\t\t<img decoding=\"async\" src=\"https:\/\/brieger.ch\/wp-content\/uploads\/2019\/05\/braun.jpg\" alt=\"brun\" title=\"brun\" class=\"attachment-full\" \/>\n\t\n\t\n<\/div><\/a><\/td>\n\t\t\t\t<td class=\"preisrechts\"><a href=\"https:\/\/brieger.ch\/fr\/product\/45113\/\">0.74<\/a><\/td>\n              \t<td><a  href=\"https:\/\/brieger.ch\/fr\/product\/45113\/\"><\/a><\/td>\n\t\t\t<\/tr><tr class=\"prodselect\" data-href=\"https:\/\/brieger.ch\/fr\/product\/45217\/\">\n\t\t\t\t<td><a class=\"prodimglist\" href=\"https:\/\/brieger.ch\/fr\/product\/45217\/\"><img decoding=\"async\" width=\"100\" height=\"100\" src=\"https:\/\/brieger.ch\/wp-content\/uploads\/2020\/05\/58_35_01-100x100.jpg\" class=\"attachment-shop_thumbnail size-shop_thumbnail wp-post-image\" alt=\"\" srcset=\"https:\/\/brieger.ch\/wp-content\/uploads\/2020\/05\/58_35_01-66x66.jpg 66w, https:\/\/brieger.ch\/wp-content\/uploads\/2020\/05\/58_35_01-100x100.jpg 100w, https:\/\/brieger.ch\/wp-content\/uploads\/2020\/05\/58_35_01-200x200.jpg 200w, https:\/\/brieger.ch\/wp-content\/uploads\/2020\/05\/58_35_01-280x280.jpg 280w, https:\/\/brieger.ch\/wp-content\/uploads\/2020\/05\/58_35_01-400x400.jpg 400w, https:\/\/brieger.ch\/wp-content\/uploads\/2020\/05\/58_35_01-500x500.jpg 500w, https:\/\/brieger.ch\/wp-content\/uploads\/2020\/05\/58_35_01-600x600.jpg 600w, https:\/\/brieger.ch\/wp-content\/uploads\/2020\/05\/58_35_01-700x700.jpg 700w, https:\/\/brieger.ch\/wp-content\/uploads\/2020\/05\/58_35_01-768x768.jpg 768w, https:\/\/brieger.ch\/wp-content\/uploads\/2020\/05\/58_35_01-800x800.jpg 800w, https:\/\/brieger.ch\/wp-content\/uploads\/2020\/05\/58_35_01.jpg 1200w\" sizes=\"(max-width: 100px) 100vw, 100px\" \/><\/a><\/td>\n\t\t\t\t<td class=\"abgr\"><a href=\"https:\/\/brieger.ch\/fr\/product\/45217\/\">45217<\/a><\/td>\n\t\t\t\t<td class=\"zahlrechts abgr\"><a href=\"https:\/\/brieger.ch\/fr\/product\/45217\/\">217<\/a><\/td>\n\t\t\t\t<td class=\"zahlrechts abgr\"><a href=\"https:\/\/brieger.ch\/fr\/product\/45217\/\">155<\/a><\/td>\n                <td class=\"zahlrechts abgr\"><a href=\"https:\/\/brieger.ch\/fr\/product\/45217\/\">20<\/a><\/td>\n                <td class=\"zahlrechts abgr\"><a href=\"https:\/\/brieger.ch\/fr\/product\/45217\/\">60<\/a><\/td>\n\t\t\t\t<td class=\"zahlrechts abgr\"><a href=\"https:\/\/brieger.ch\/fr\/product\/45217\/\">A5<\/a><\/td>\n\t\t\t\t<td class=\"zahlrechts abgr\"><a href=\"https:\/\/brieger.ch\/fr\/product\/45217\/\">3.0 mm<\/a><\/td>\n\t\t\t\t<td class=\"zahlrechts abgr\"><a href=\"https:\/\/brieger.ch\/fr\/product\/45217\/\"><div id=\"wpv-view-layout-619-CPID40304\" class=\"js-wpv-view-layout js-wpv-layout-responsive js-wpv-view-layout-619-CPID40304\" data-viewnumber=\"619-CPID40304\" data-pagination=\"{&quot;id&quot;:619,&quot;query&quot;:&quot;normal&quot;,&quot;type&quot;:&quot;disabled&quot;,&quot;effect&quot;:&quot;fade&quot;,&quot;duration&quot;:500,&quot;speed&quot;:5,&quot;pause_on_hover&quot;:&quot;disabled&quot;,&quot;stop_rollover&quot;:&quot;false&quot;,&quot;cache_pages&quot;:&quot;enabled&quot;,&quot;preload_images&quot;:&quot;enabled&quot;,&quot;preload_pages&quot;:&quot;enabled&quot;,&quot;preload_reach&quot;:1,&quot;spinner&quot;:&quot;builtin&quot;,&quot;spinner_image&quot;:&quot;https:\/\/brieger.ch\/wp-content\/plugins\/wp-views\/embedded\/res\/img\/ajax-loader.gif&quot;,&quot;callback_next&quot;:&quot;&quot;,&quot;manage_history&quot;:&quot;disabled&quot;,&quot;has_controls_in_form&quot;:&quot;disabled&quot;,&quot;infinite_tolerance&quot;:&quot;0&quot;,&quot;max_pages&quot;:1,&quot;page&quot;:1,&quot;base_permalink&quot;:&quot;\/fr\/wp-json\/wp\/v2\/pages\/40518?wpv_view_count=619-CPID40304&amp;wpv_paged=WPV_PAGE_NUM&quot;,&quot;loop&quot;:{&quot;type&quot;:&quot;&quot;,&quot;name&quot;:&quot;&quot;,&quot;data&quot;:&#091;&#093;,&quot;id&quot;:0}}\" data-permalink=\"\/fr\/wp-json\/wp\/v2\/pages\/40518?wpv_view_count=619-CPID40304\">\n\n\t\n\t\t<img decoding=\"async\" src=\"https:\/\/brieger.ch\/wp-content\/uploads\/2019\/05\/weiss.jpg\" alt=\"blanc\" title=\"blanc\" class=\"attachment-full\" \/>\n\t\n\t\n<\/div><\/a><\/td>\n\t\t\t\t<td class=\"preisrechts\"><a href=\"https:\/\/brieger.ch\/fr\/product\/45217\/\">1.01<\/a><\/td>\n              \t<td><a  href=\"https:\/\/brieger.ch\/fr\/product\/45217\/\"><\/a><\/td>\n\t\t\t<\/tr><tr class=\"prodselect\" data-href=\"https:\/\/brieger.ch\/fr\/product\/45317\/\">\n\t\t\t\t<td><a class=\"prodimglist\" href=\"https:\/\/brieger.ch\/fr\/product\/45317\/\"><img decoding=\"async\" width=\"1772\" height=\"1181\" src=\"https:\/\/brieger.ch\/wp-content\/uploads\/2020\/07\/Universalverpackung_45317-1.jpg\" class=\"attachment-shop_thumbnail size-shop_thumbnail wp-post-image\" alt=\"varifix\" srcset=\"https:\/\/brieger.ch\/wp-content\/uploads\/2020\/07\/Universalverpackung_45317-1-200x133.jpg 200w, https:\/\/brieger.ch\/wp-content\/uploads\/2020\/07\/Universalverpackung_45317-1-400x267.jpg 400w, https:\/\/brieger.ch\/wp-content\/uploads\/2020\/07\/Universalverpackung_45317-1-500x333.jpg 500w, https:\/\/brieger.ch\/wp-content\/uploads\/2020\/07\/Universalverpackung_45317-1-600x400.jpg 600w, https:\/\/brieger.ch\/wp-content\/uploads\/2020\/07\/Universalverpackung_45317-1-700x467.jpg 700w, https:\/\/brieger.ch\/wp-content\/uploads\/2020\/07\/Universalverpackung_45317-1-768x512.jpg 768w, https:\/\/brieger.ch\/wp-content\/uploads\/2020\/07\/Universalverpackung_45317-1-800x533.jpg 800w, https:\/\/brieger.ch\/wp-content\/uploads\/2020\/07\/Universalverpackung_45317-1-1200x800.jpg 1200w, https:\/\/brieger.ch\/wp-content\/uploads\/2020\/07\/Universalverpackung_45317-1-1536x1024.jpg 1536w, https:\/\/brieger.ch\/wp-content\/uploads\/2020\/07\/Universalverpackung_45317-1.jpg 1772w\" sizes=\"(max-width: 1772px) 100vw, 1772px\" \/><\/a><\/td>\n\t\t\t\t<td class=\"abgr\"><a href=\"https:\/\/brieger.ch\/fr\/product\/45317\/\">45317<\/a><\/td>\n\t\t\t\t<td class=\"zahlrechts abgr\"><a href=\"https:\/\/brieger.ch\/fr\/product\/45317\/\">217<\/a><\/td>\n\t\t\t\t<td class=\"zahlrechts abgr\"><a href=\"https:\/\/brieger.ch\/fr\/product\/45317\/\">155<\/a><\/td>\n                <td class=\"zahlrechts abgr\"><a href=\"https:\/\/brieger.ch\/fr\/product\/45317\/\">0<\/a><\/td>\n                <td class=\"zahlrechts abgr\"><a href=\"https:\/\/brieger.ch\/fr\/product\/45317\/\">60<\/a><\/td>\n\t\t\t\t<td class=\"zahlrechts abgr\"><a href=\"https:\/\/brieger.ch\/fr\/product\/45317\/\">A5<\/a><\/td>\n\t\t\t\t<td class=\"zahlrechts abgr\"><a href=\"https:\/\/brieger.ch\/fr\/product\/45317\/\">1.5 mm<\/a><\/td>\n\t\t\t\t<td class=\"zahlrechts abgr\"><a href=\"https:\/\/brieger.ch\/fr\/product\/45317\/\"><div id=\"wpv-view-layout-619-CPID40313\" class=\"js-wpv-view-layout js-wpv-layout-responsive js-wpv-view-layout-619-CPID40313\" data-viewnumber=\"619-CPID40313\" data-pagination=\"{&quot;id&quot;:619,&quot;query&quot;:&quot;normal&quot;,&quot;type&quot;:&quot;disabled&quot;,&quot;effect&quot;:&quot;fade&quot;,&quot;duration&quot;:500,&quot;speed&quot;:5,&quot;pause_on_hover&quot;:&quot;disabled&quot;,&quot;stop_rollover&quot;:&quot;false&quot;,&quot;cache_pages&quot;:&quot;enabled&quot;,&quot;preload_images&quot;:&quot;enabled&quot;,&quot;preload_pages&quot;:&quot;enabled&quot;,&quot;preload_reach&quot;:1,&quot;spinner&quot;:&quot;builtin&quot;,&quot;spinner_image&quot;:&quot;https:\/\/brieger.ch\/wp-content\/plugins\/wp-views\/embedded\/res\/img\/ajax-loader.gif&quot;,&quot;callback_next&quot;:&quot;&quot;,&quot;manage_history&quot;:&quot;disabled&quot;,&quot;has_controls_in_form&quot;:&quot;disabled&quot;,&quot;infinite_tolerance&quot;:&quot;0&quot;,&quot;max_pages&quot;:1,&quot;page&quot;:1,&quot;base_permalink&quot;:&quot;\/fr\/wp-json\/wp\/v2\/pages\/40518?wpv_view_count=619-CPID40313&amp;wpv_paged=WPV_PAGE_NUM&quot;,&quot;loop&quot;:{&quot;type&quot;:&quot;&quot;,&quot;name&quot;:&quot;&quot;,&quot;data&quot;:&#091;&#093;,&quot;id&quot;:0}}\" data-permalink=\"\/fr\/wp-json\/wp\/v2\/pages\/40518?wpv_view_count=619-CPID40313\">\n\n\t\n\t\t<img decoding=\"async\" src=\"https:\/\/brieger.ch\/wp-content\/uploads\/2019\/05\/braun.jpg\" alt=\"brun\" title=\"brun\" class=\"attachment-full\" \/>\n\t\n\t\n<\/div><\/a><\/td>\n\t\t\t\t<td class=\"preisrechts\"><a href=\"https:\/\/brieger.ch\/fr\/product\/45317\/\">0.53<\/a><\/td>\n              \t<td><a  href=\"https:\/\/brieger.ch\/fr\/product\/45317\/\"><\/a><\/td>\n\t\t\t<\/tr><tr class=\"prodselect\" data-href=\"https:\/\/brieger.ch\/fr\/product\/44216\/\">\n\t\t\t\t<td><a class=\"prodimglist\" href=\"https:\/\/brieger.ch\/fr\/product\/44216\/\"><img decoding=\"async\" width=\"100\" height=\"100\" src=\"https:\/\/brieger.ch\/wp-content\/uploads\/2020\/05\/44225_1-100x100.jpg\" class=\"attachment-shop_thumbnail size-shop_thumbnail wp-post-image\" alt=\"varitop\" srcset=\"https:\/\/brieger.ch\/wp-content\/uploads\/2020\/05\/44225_1-66x66.jpg 66w, https:\/\/brieger.ch\/wp-content\/uploads\/2020\/05\/44225_1-100x100.jpg 100w, https:\/\/brieger.ch\/wp-content\/uploads\/2020\/05\/44225_1-200x200.jpg 200w, https:\/\/brieger.ch\/wp-content\/uploads\/2020\/05\/44225_1-280x280.jpg 280w, https:\/\/brieger.ch\/wp-content\/uploads\/2020\/05\/44225_1-400x400.jpg 400w, https:\/\/brieger.ch\/wp-content\/uploads\/2020\/05\/44225_1-500x500.jpg 500w, https:\/\/brieger.ch\/wp-content\/uploads\/2020\/05\/44225_1-600x600.jpg 600w, https:\/\/brieger.ch\/wp-content\/uploads\/2020\/05\/44225_1.jpg 700w\" sizes=\"(max-width: 100px) 100vw, 100px\" \/><\/a><\/td>\n\t\t\t\t<td class=\"abgr\"><a href=\"https:\/\/brieger.ch\/fr\/product\/44216\/\">44216<\/a><\/td>\n\t\t\t\t<td class=\"zahlrechts abgr\"><a href=\"https:\/\/brieger.ch\/fr\/product\/44216\/\">217<\/a><\/td>\n\t\t\t\t<td class=\"zahlrechts abgr\"><a href=\"https:\/\/brieger.ch\/fr\/product\/44216\/\">155<\/a><\/td>\n                <td class=\"zahlrechts abgr\"><a href=\"https:\/\/brieger.ch\/fr\/product\/44216\/\">0<\/a><\/td>\n                <td class=\"zahlrechts abgr\"><a href=\"https:\/\/brieger.ch\/fr\/product\/44216\/\">55<\/a><\/td>\n\t\t\t\t<td class=\"zahlrechts abgr\"><a href=\"https:\/\/brieger.ch\/fr\/product\/44216\/\">A5<\/a><\/td>\n\t\t\t\t<td class=\"zahlrechts abgr\"><a href=\"https:\/\/brieger.ch\/fr\/product\/44216\/\">1.5 mm<\/a><\/td>\n\t\t\t\t<td class=\"zahlrechts abgr\"><a href=\"https:\/\/brieger.ch\/fr\/product\/44216\/\"><div id=\"wpv-view-layout-619-CPID40320\" class=\"js-wpv-view-layout js-wpv-layout-responsive js-wpv-view-layout-619-CPID40320\" data-viewnumber=\"619-CPID40320\" data-pagination=\"{&quot;id&quot;:619,&quot;query&quot;:&quot;normal&quot;,&quot;type&quot;:&quot;disabled&quot;,&quot;effect&quot;:&quot;fade&quot;,&quot;duration&quot;:500,&quot;speed&quot;:5,&quot;pause_on_hover&quot;:&quot;disabled&quot;,&quot;stop_rollover&quot;:&quot;false&quot;,&quot;cache_pages&quot;:&quot;enabled&quot;,&quot;preload_images&quot;:&quot;enabled&quot;,&quot;preload_pages&quot;:&quot;enabled&quot;,&quot;preload_reach&quot;:1,&quot;spinner&quot;:&quot;builtin&quot;,&quot;spinner_image&quot;:&quot;https:\/\/brieger.ch\/wp-content\/plugins\/wp-views\/embedded\/res\/img\/ajax-loader.gif&quot;,&quot;callback_next&quot;:&quot;&quot;,&quot;manage_history&quot;:&quot;disabled&quot;,&quot;has_controls_in_form&quot;:&quot;disabled&quot;,&quot;infinite_tolerance&quot;:&quot;0&quot;,&quot;max_pages&quot;:1,&quot;page&quot;:1,&quot;base_permalink&quot;:&quot;\/fr\/wp-json\/wp\/v2\/pages\/40518?wpv_view_count=619-CPID40320&amp;wpv_paged=WPV_PAGE_NUM&quot;,&quot;loop&quot;:{&quot;type&quot;:&quot;&quot;,&quot;name&quot;:&quot;&quot;,&quot;data&quot;:&#091;&#093;,&quot;id&quot;:0}}\" data-permalink=\"\/fr\/wp-json\/wp\/v2\/pages\/40518?wpv_view_count=619-CPID40320\">\n\n\t\n\t\t<img decoding=\"async\" src=\"https:\/\/brieger.ch\/wp-content\/uploads\/2019\/05\/weiss.jpg\" alt=\"blanc\" title=\"blanc\" class=\"attachment-full\" \/>\n\t\n\t\n<\/div><\/a><\/td>\n\t\t\t\t<td class=\"preisrechts\"><a href=\"https:\/\/brieger.ch\/fr\/product\/44216\/\">0.94<\/a><\/td>\n              \t<td><a  href=\"https:\/\/brieger.ch\/fr\/product\/44216\/\"><\/a><\/td>\n\t\t\t<\/tr><tr class=\"prodselect\" data-href=\"https:\/\/brieger.ch\/fr\/product\/46117\/\">\n\t\t\t\t<td><a class=\"prodimglist\" href=\"https:\/\/brieger.ch\/fr\/product\/46117\/\"><img decoding=\"async\" width=\"100\" height=\"100\" src=\"https:\/\/brieger.ch\/wp-content\/uploads\/2020\/05\/Varivel_78D_NM_01-100x100.jpg\" class=\"attachment-shop_thumbnail size-shop_thumbnail wp-post-image\" alt=\"varivel\" srcset=\"https:\/\/brieger.ch\/wp-content\/uploads\/2020\/05\/Varivel_78D_NM_01-66x66.jpg 66w, https:\/\/brieger.ch\/wp-content\/uploads\/2020\/05\/Varivel_78D_NM_01-100x100.jpg 100w, https:\/\/brieger.ch\/wp-content\/uploads\/2020\/05\/Varivel_78D_NM_01-200x200.jpg 200w, https:\/\/brieger.ch\/wp-content\/uploads\/2020\/05\/Varivel_78D_NM_01-280x280.jpg 280w, https:\/\/brieger.ch\/wp-content\/uploads\/2020\/05\/Varivel_78D_NM_01-400x400.jpg 400w, https:\/\/brieger.ch\/wp-content\/uploads\/2020\/05\/Varivel_78D_NM_01-500x500.jpg 500w, https:\/\/brieger.ch\/wp-content\/uploads\/2020\/05\/Varivel_78D_NM_01-600x600.jpg 600w, https:\/\/brieger.ch\/wp-content\/uploads\/2020\/05\/Varivel_78D_NM_01-700x700.jpg 700w, https:\/\/brieger.ch\/wp-content\/uploads\/2020\/05\/Varivel_78D_NM_01-768x768.jpg 768w, https:\/\/brieger.ch\/wp-content\/uploads\/2020\/05\/Varivel_78D_NM_01-800x800.jpg 800w, https:\/\/brieger.ch\/wp-content\/uploads\/2020\/05\/Varivel_78D_NM_01.jpg 1200w\" sizes=\"(max-width: 100px) 100vw, 100px\" \/><\/a><div class=\"badgegreendiv\"><a class=\"breenbtn\" href=\"https:\/\/brieger.ch\/fr\/product\/46117\/\"><img decoding=\"async\" src=\"https:\/\/brieger.ch\/wp-content\/uploads\/2021\/04\/breen-badge3.png\" alt=\"BREEN\" width=\"33px\" height=\"33px\" \/><\/a><\/div><\/td>\n\t\t\t\t<td class=\"abgr\"><a href=\"https:\/\/brieger.ch\/fr\/product\/46117\/\">46117<\/a><\/td>\n\t\t\t\t<td class=\"zahlrechts abgr\"><a href=\"https:\/\/brieger.ch\/fr\/product\/46117\/\">217<\/a><\/td>\n\t\t\t\t<td class=\"zahlrechts abgr\"><a href=\"https:\/\/brieger.ch\/fr\/product\/46117\/\">155<\/a><\/td>\n                <td class=\"zahlrechts abgr\"><a href=\"https:\/\/brieger.ch\/fr\/product\/46117\/\">20<\/a><\/td>\n                <td class=\"zahlrechts abgr\"><a href=\"https:\/\/brieger.ch\/fr\/product\/46117\/\">60<\/a><\/td>\n\t\t\t\t<td class=\"zahlrechts abgr\"><a href=\"https:\/\/brieger.ch\/fr\/product\/46117\/\">A5<\/a><\/td>\n\t\t\t\t<td class=\"zahlrechts abgr\"><a href=\"https:\/\/brieger.ch\/fr\/product\/46117\/\">3.0 mm<\/a><\/td>\n\t\t\t\t<td class=\"zahlrechts abgr\"><a href=\"https:\/\/brieger.ch\/fr\/product\/46117\/\"><div id=\"wpv-view-layout-619-CPID40337\" class=\"js-wpv-view-layout js-wpv-layout-responsive js-wpv-view-layout-619-CPID40337\" data-viewnumber=\"619-CPID40337\" data-pagination=\"{&quot;id&quot;:619,&quot;query&quot;:&quot;normal&quot;,&quot;type&quot;:&quot;disabled&quot;,&quot;effect&quot;:&quot;fade&quot;,&quot;duration&quot;:500,&quot;speed&quot;:5,&quot;pause_on_hover&quot;:&quot;disabled&quot;,&quot;stop_rollover&quot;:&quot;false&quot;,&quot;cache_pages&quot;:&quot;enabled&quot;,&quot;preload_images&quot;:&quot;enabled&quot;,&quot;preload_pages&quot;:&quot;enabled&quot;,&quot;preload_reach&quot;:1,&quot;spinner&quot;:&quot;builtin&quot;,&quot;spinner_image&quot;:&quot;https:\/\/brieger.ch\/wp-content\/plugins\/wp-views\/embedded\/res\/img\/ajax-loader.gif&quot;,&quot;callback_next&quot;:&quot;&quot;,&quot;manage_history&quot;:&quot;disabled&quot;,&quot;has_controls_in_form&quot;:&quot;disabled&quot;,&quot;infinite_tolerance&quot;:&quot;0&quot;,&quot;max_pages&quot;:1,&quot;page&quot;:1,&quot;base_permalink&quot;:&quot;\/fr\/wp-json\/wp\/v2\/pages\/40518?wpv_view_count=619-CPID40337&amp;wpv_paged=WPV_PAGE_NUM&quot;,&quot;loop&quot;:{&quot;type&quot;:&quot;&quot;,&quot;name&quot;:&quot;&quot;,&quot;data&quot;:&#091;&#093;,&quot;id&quot;:0}}\" data-permalink=\"\/fr\/wp-json\/wp\/v2\/pages\/40518?wpv_view_count=619-CPID40337\">\n\n\t\n\t\t<img decoding=\"async\" src=\"https:\/\/brieger.ch\/wp-content\/uploads\/2019\/05\/braun.jpg\" alt=\"brun\" title=\"brun\" class=\"attachment-full\" \/>\n\t\n\t\n<\/div><\/a><\/td>\n\t\t\t\t<td class=\"preisrechts\"><a href=\"https:\/\/brieger.ch\/fr\/product\/46117\/\">0.80<\/a><\/td>\n              \t<td><a class=\"badgeprod\" href=\"https:\/\/brieger.ch\/fr\/product\/46117\/\">Sale<\/a><\/td>\n\t\t\t<\/tr><tr class=\"prodselect\" data-href=\"https:\/\/brieger.ch\/fr\/product\/45524\/\">\n\t\t\t\t<td><a class=\"prodimglist\" href=\"https:\/\/brieger.ch\/fr\/product\/45524\/\"><img decoding=\"async\" width=\"100\" height=\"100\" src=\"https:\/\/brieger.ch\/wp-content\/uploads\/2020\/05\/45524_01-100x100.jpg\" class=\"attachment-shop_thumbnail size-shop_thumbnail wp-post-image\" alt=\"\" srcset=\"https:\/\/brieger.ch\/wp-content\/uploads\/2020\/05\/45524_01-66x66.jpg 66w, https:\/\/brieger.ch\/wp-content\/uploads\/2020\/05\/45524_01-100x100.jpg 100w, https:\/\/brieger.ch\/wp-content\/uploads\/2020\/05\/45524_01-200x200.jpg 200w, https:\/\/brieger.ch\/wp-content\/uploads\/2020\/05\/45524_01-280x280.jpg 280w, https:\/\/brieger.ch\/wp-content\/uploads\/2020\/05\/45524_01-400x400.jpg 400w, https:\/\/brieger.ch\/wp-content\/uploads\/2020\/05\/45524_01-500x500.jpg 500w, https:\/\/brieger.ch\/wp-content\/uploads\/2020\/05\/45524_01-600x600.jpg 600w, https:\/\/brieger.ch\/wp-content\/uploads\/2020\/05\/45524_01-700x700.jpg 700w, https:\/\/brieger.ch\/wp-content\/uploads\/2020\/05\/45524_01-768x768.jpg 768w, https:\/\/brieger.ch\/wp-content\/uploads\/2020\/05\/45524_01-800x800.jpg 800w, https:\/\/brieger.ch\/wp-content\/uploads\/2020\/05\/45524_01.jpg 1200w\" sizes=\"(max-width: 100px) 100vw, 100px\" \/><\/a><\/td>\n\t\t\t\t<td class=\"abgr\"><a href=\"https:\/\/brieger.ch\/fr\/product\/45524\/\">45524<\/a><\/td>\n\t\t\t\t<td class=\"zahlrechts abgr\"><a href=\"https:\/\/brieger.ch\/fr\/product\/45524\/\">217<\/a><\/td>\n\t\t\t\t<td class=\"zahlrechts abgr\"><a href=\"https:\/\/brieger.ch\/fr\/product\/45524\/\">155<\/a><\/td>\n                <td class=\"zahlrechts abgr\"><a href=\"https:\/\/brieger.ch\/fr\/product\/45524\/\">0<\/a><\/td>\n                <td class=\"zahlrechts abgr\"><a href=\"https:\/\/brieger.ch\/fr\/product\/45524\/\">40<\/a><\/td>\n\t\t\t\t<td class=\"zahlrechts abgr\"><a href=\"https:\/\/brieger.ch\/fr\/product\/45524\/\">A5<\/a><\/td>\n\t\t\t\t<td class=\"zahlrechts abgr\"><a href=\"https:\/\/brieger.ch\/fr\/product\/45524\/\">1.5 mm<\/a><\/td>\n\t\t\t\t<td class=\"zahlrechts abgr\"><a href=\"https:\/\/brieger.ch\/fr\/product\/45524\/\"><div id=\"wpv-view-layout-619-CPID40356\" class=\"js-wpv-view-layout js-wpv-layout-responsive js-wpv-view-layout-619-CPID40356\" data-viewnumber=\"619-CPID40356\" data-pagination=\"{&quot;id&quot;:619,&quot;query&quot;:&quot;normal&quot;,&quot;type&quot;:&quot;disabled&quot;,&quot;effect&quot;:&quot;fade&quot;,&quot;duration&quot;:500,&quot;speed&quot;:5,&quot;pause_on_hover&quot;:&quot;disabled&quot;,&quot;stop_rollover&quot;:&quot;false&quot;,&quot;cache_pages&quot;:&quot;enabled&quot;,&quot;preload_images&quot;:&quot;enabled&quot;,&quot;preload_pages&quot;:&quot;enabled&quot;,&quot;preload_reach&quot;:1,&quot;spinner&quot;:&quot;builtin&quot;,&quot;spinner_image&quot;:&quot;https:\/\/brieger.ch\/wp-content\/plugins\/wp-views\/embedded\/res\/img\/ajax-loader.gif&quot;,&quot;callback_next&quot;:&quot;&quot;,&quot;manage_history&quot;:&quot;disabled&quot;,&quot;has_controls_in_form&quot;:&quot;disabled&quot;,&quot;infinite_tolerance&quot;:&quot;0&quot;,&quot;max_pages&quot;:1,&quot;page&quot;:1,&quot;base_permalink&quot;:&quot;\/fr\/wp-json\/wp\/v2\/pages\/40518?wpv_view_count=619-CPID40356&amp;wpv_paged=WPV_PAGE_NUM&quot;,&quot;loop&quot;:{&quot;type&quot;:&quot;&quot;,&quot;name&quot;:&quot;&quot;,&quot;data&quot;:&#091;&#093;,&quot;id&quot;:0}}\" data-permalink=\"\/fr\/wp-json\/wp\/v2\/pages\/40518?wpv_view_count=619-CPID40356\">\n\n\t\n\t\t<img decoding=\"async\" src=\"https:\/\/brieger.ch\/wp-content\/uploads\/2019\/05\/schwarz.jpg\" alt=\"noir\" title=\"noir\" class=\"attachment-full\" \/>\n\t\n\t\n<\/div><\/a><\/td>\n\t\t\t\t<td class=\"preisrechts\"><a href=\"https:\/\/brieger.ch\/fr\/product\/45524\/\">2.21<\/a><\/td>\n              \t<td><a  href=\"https:\/\/brieger.ch\/fr\/product\/45524\/\"><\/a><\/td>\n\t\t\t<\/tr><tr class=\"prodselect\" data-href=\"https:\/\/brieger.ch\/fr\/product\/45118\/\">\n\t\t\t\t<td><a class=\"prodimglist\" href=\"https:\/\/brieger.ch\/fr\/product\/45118\/\"><img decoding=\"async\" width=\"100\" height=\"100\" src=\"https:\/\/brieger.ch\/wp-content\/uploads\/2020\/05\/58_25_02-100x100.jpg\" class=\"attachment-shop_thumbnail size-shop_thumbnail wp-post-image\" alt=\"\" srcset=\"https:\/\/brieger.ch\/wp-content\/uploads\/2020\/05\/58_25_02-66x66.jpg 66w, https:\/\/brieger.ch\/wp-content\/uploads\/2020\/05\/58_25_02-100x100.jpg 100w, https:\/\/brieger.ch\/wp-content\/uploads\/2020\/05\/58_25_02-200x200.jpg 200w, https:\/\/brieger.ch\/wp-content\/uploads\/2020\/05\/58_25_02-280x280.jpg 280w, https:\/\/brieger.ch\/wp-content\/uploads\/2020\/05\/58_25_02-400x400.jpg 400w, https:\/\/brieger.ch\/wp-content\/uploads\/2020\/05\/58_25_02-500x500.jpg 500w, https:\/\/brieger.ch\/wp-content\/uploads\/2020\/05\/58_25_02-600x600.jpg 600w, https:\/\/brieger.ch\/wp-content\/uploads\/2020\/05\/58_25_02-700x700.jpg 700w, https:\/\/brieger.ch\/wp-content\/uploads\/2020\/05\/58_25_02-768x768.jpg 768w, https:\/\/brieger.ch\/wp-content\/uploads\/2020\/05\/58_25_02-800x800.jpg 800w, https:\/\/brieger.ch\/wp-content\/uploads\/2020\/05\/58_25_02.jpg 1200w\" sizes=\"(max-width: 100px) 100vw, 100px\" \/><\/a><\/td>\n\t\t\t\t<td class=\"abgr\"><a href=\"https:\/\/brieger.ch\/fr\/product\/45118\/\">45118<\/a><\/td>\n\t\t\t\t<td class=\"zahlrechts abgr\"><a href=\"https:\/\/brieger.ch\/fr\/product\/45118\/\">217<\/a><\/td>\n\t\t\t\t<td class=\"zahlrechts abgr\"><a href=\"https:\/\/brieger.ch\/fr\/product\/45118\/\">165<\/a><\/td>\n                <td class=\"zahlrechts abgr\"><a href=\"https:\/\/brieger.ch\/fr\/product\/45118\/\">0<\/a><\/td>\n                <td class=\"zahlrechts abgr\"><a href=\"https:\/\/brieger.ch\/fr\/product\/45118\/\">40<\/a><\/td>\n\t\t\t\t<td class=\"zahlrechts abgr\"><a href=\"https:\/\/brieger.ch\/fr\/product\/45118\/\"><\/a><\/td>\n\t\t\t\t<td class=\"zahlrechts abgr\"><a href=\"https:\/\/brieger.ch\/fr\/product\/45118\/\">3.0 mm<\/a><\/td>\n\t\t\t\t<td class=\"zahlrechts abgr\"><a href=\"https:\/\/brieger.ch\/fr\/product\/45118\/\"><div id=\"wpv-view-layout-619-CPID40278\" class=\"js-wpv-view-layout js-wpv-layout-responsive js-wpv-view-layout-619-CPID40278\" data-viewnumber=\"619-CPID40278\" data-pagination=\"{&quot;id&quot;:619,&quot;query&quot;:&quot;normal&quot;,&quot;type&quot;:&quot;disabled&quot;,&quot;effect&quot;:&quot;fade&quot;,&quot;duration&quot;:500,&quot;speed&quot;:5,&quot;pause_on_hover&quot;:&quot;disabled&quot;,&quot;stop_rollover&quot;:&quot;false&quot;,&quot;cache_pages&quot;:&quot;enabled&quot;,&quot;preload_images&quot;:&quot;enabled&quot;,&quot;preload_pages&quot;:&quot;enabled&quot;,&quot;preload_reach&quot;:1,&quot;spinner&quot;:&quot;builtin&quot;,&quot;spinner_image&quot;:&quot;https:\/\/brieger.ch\/wp-content\/plugins\/wp-views\/embedded\/res\/img\/ajax-loader.gif&quot;,&quot;callback_next&quot;:&quot;&quot;,&quot;manage_history&quot;:&quot;disabled&quot;,&quot;has_controls_in_form&quot;:&quot;disabled&quot;,&quot;infinite_tolerance&quot;:&quot;0&quot;,&quot;max_pages&quot;:1,&quot;page&quot;:1,&quot;base_permalink&quot;:&quot;\/fr\/wp-json\/wp\/v2\/pages\/40518?wpv_view_count=619-CPID40278&amp;wpv_paged=WPV_PAGE_NUM&quot;,&quot;loop&quot;:{&quot;type&quot;:&quot;&quot;,&quot;name&quot;:&quot;&quot;,&quot;data&quot;:&#091;&#093;,&quot;id&quot;:0}}\" data-permalink=\"\/fr\/wp-json\/wp\/v2\/pages\/40518?wpv_view_count=619-CPID40278\">\n\n\t\n\t\t<img decoding=\"async\" src=\"https:\/\/brieger.ch\/wp-content\/uploads\/2019\/05\/braun.jpg\" alt=\"brun\" title=\"brun\" class=\"attachment-full\" \/>\n\t\n\t\n<\/div><\/a><\/td>\n\t\t\t\t<td class=\"preisrechts\"><a href=\"https:\/\/brieger.ch\/fr\/product\/45118\/\">0.81<\/a><\/td>\n              \t<td><a class=\"badgeprod\" href=\"https:\/\/brieger.ch\/fr\/product\/45118\/\">Sale<\/a><\/td>\n\t\t\t<\/tr><tr class=\"prodselect\" data-href=\"https:\/\/brieger.ch\/fr\/product\/45717\/\">\n\t\t\t\t<td><a class=\"prodimglist\" href=\"https:\/\/brieger.ch\/fr\/product\/45717\/\"><img decoding=\"async\" width=\"100\" height=\"100\" src=\"https:\/\/brieger.ch\/wp-content\/uploads\/2020\/05\/58_25_02-100x100.jpg\" class=\"attachment-shop_thumbnail size-shop_thumbnail wp-post-image\" alt=\"\" srcset=\"https:\/\/brieger.ch\/wp-content\/uploads\/2020\/05\/58_25_02-66x66.jpg 66w, https:\/\/brieger.ch\/wp-content\/uploads\/2020\/05\/58_25_02-100x100.jpg 100w, https:\/\/brieger.ch\/wp-content\/uploads\/2020\/05\/58_25_02-200x200.jpg 200w, https:\/\/brieger.ch\/wp-content\/uploads\/2020\/05\/58_25_02-280x280.jpg 280w, https:\/\/brieger.ch\/wp-content\/uploads\/2020\/05\/58_25_02-400x400.jpg 400w, https:\/\/brieger.ch\/wp-content\/uploads\/2020\/05\/58_25_02-500x500.jpg 500w, https:\/\/brieger.ch\/wp-content\/uploads\/2020\/05\/58_25_02-600x600.jpg 600w, https:\/\/brieger.ch\/wp-content\/uploads\/2020\/05\/58_25_02-700x700.jpg 700w, https:\/\/brieger.ch\/wp-content\/uploads\/2020\/05\/58_25_02-768x768.jpg 768w, https:\/\/brieger.ch\/wp-content\/uploads\/2020\/05\/58_25_02-800x800.jpg 800w, https:\/\/brieger.ch\/wp-content\/uploads\/2020\/05\/58_25_02.jpg 1200w\" sizes=\"(max-width: 100px) 100vw, 100px\" \/><\/a><\/td>\n\t\t\t\t<td class=\"abgr\"><a href=\"https:\/\/brieger.ch\/fr\/product\/45717\/\">45717<\/a><\/td>\n\t\t\t\t<td class=\"zahlrechts abgr\"><a href=\"https:\/\/brieger.ch\/fr\/product\/45717\/\">217<\/a><\/td>\n\t\t\t\t<td class=\"zahlrechts abgr\"><a href=\"https:\/\/brieger.ch\/fr\/product\/45717\/\">155<\/a><\/td>\n                <td class=\"zahlrechts abgr\"><a href=\"https:\/\/brieger.ch\/fr\/product\/45717\/\">20<\/a><\/td>\n                <td class=\"zahlrechts abgr\"><a href=\"https:\/\/brieger.ch\/fr\/product\/45717\/\">60<\/a><\/td>\n\t\t\t\t<td class=\"zahlrechts abgr\"><a href=\"https:\/\/brieger.ch\/fr\/product\/45717\/\">A5<\/a><\/td>\n\t\t\t\t<td class=\"zahlrechts abgr\"><a href=\"https:\/\/brieger.ch\/fr\/product\/45717\/\">2.2 mm<\/a><\/td>\n\t\t\t\t<td class=\"zahlrechts abgr\"><a href=\"https:\/\/brieger.ch\/fr\/product\/45717\/\"><div id=\"wpv-view-layout-619-CPID40277\" class=\"js-wpv-view-layout js-wpv-layout-responsive js-wpv-view-layout-619-CPID40277\" data-viewnumber=\"619-CPID40277\" data-pagination=\"{&quot;id&quot;:619,&quot;query&quot;:&quot;normal&quot;,&quot;type&quot;:&quot;disabled&quot;,&quot;effect&quot;:&quot;fade&quot;,&quot;duration&quot;:500,&quot;speed&quot;:5,&quot;pause_on_hover&quot;:&quot;disabled&quot;,&quot;stop_rollover&quot;:&quot;false&quot;,&quot;cache_pages&quot;:&quot;enabled&quot;,&quot;preload_images&quot;:&quot;enabled&quot;,&quot;preload_pages&quot;:&quot;enabled&quot;,&quot;preload_reach&quot;:1,&quot;spinner&quot;:&quot;builtin&quot;,&quot;spinner_image&quot;:&quot;https:\/\/brieger.ch\/wp-content\/plugins\/wp-views\/embedded\/res\/img\/ajax-loader.gif&quot;,&quot;callback_next&quot;:&quot;&quot;,&quot;manage_history&quot;:&quot;disabled&quot;,&quot;has_controls_in_form&quot;:&quot;disabled&quot;,&quot;infinite_tolerance&quot;:&quot;0&quot;,&quot;max_pages&quot;:1,&quot;page&quot;:1,&quot;base_permalink&quot;:&quot;\/fr\/wp-json\/wp\/v2\/pages\/40518?wpv_view_count=619-CPID40277&amp;wpv_paged=WPV_PAGE_NUM&quot;,&quot;loop&quot;:{&quot;type&quot;:&quot;&quot;,&quot;name&quot;:&quot;&quot;,&quot;data&quot;:&#091;&#093;,&quot;id&quot;:0}}\" data-permalink=\"\/fr\/wp-json\/wp\/v2\/pages\/40518?wpv_view_count=619-CPID40277\">\n\n\t\n\t\t<img decoding=\"async\" src=\"https:\/\/brieger.ch\/wp-content\/uploads\/2019\/05\/braun.jpg\" alt=\"brun\" title=\"brun\" class=\"attachment-full\" \/>\n\t\n\t\n<\/div><\/a><\/td>\n\t\t\t\t<td class=\"preisrechts\"><a href=\"https:\/\/brieger.ch\/fr\/product\/45717\/\">0.73<\/a><\/td>\n              \t<td><a  href=\"https:\/\/brieger.ch\/fr\/product\/45717\/\"><\/a><\/td>\n\t\t\t<\/tr><tr class=\"prodselect\" data-href=\"https:\/\/brieger.ch\/fr\/product\/44219\/\">\n\t\t\t\t<td><a class=\"prodimglist\" href=\"https:\/\/brieger.ch\/fr\/product\/44219\/\"><img decoding=\"async\" width=\"100\" height=\"100\" src=\"https:\/\/brieger.ch\/wp-content\/uploads\/2020\/05\/44225_1-100x100.jpg\" class=\"attachment-shop_thumbnail size-shop_thumbnail wp-post-image\" alt=\"varitop\" srcset=\"https:\/\/brieger.ch\/wp-content\/uploads\/2020\/05\/44225_1-66x66.jpg 66w, https:\/\/brieger.ch\/wp-content\/uploads\/2020\/05\/44225_1-100x100.jpg 100w, https:\/\/brieger.ch\/wp-content\/uploads\/2020\/05\/44225_1-200x200.jpg 200w, https:\/\/brieger.ch\/wp-content\/uploads\/2020\/05\/44225_1-280x280.jpg 280w, https:\/\/brieger.ch\/wp-content\/uploads\/2020\/05\/44225_1-400x400.jpg 400w, https:\/\/brieger.ch\/wp-content\/uploads\/2020\/05\/44225_1-500x500.jpg 500w, https:\/\/brieger.ch\/wp-content\/uploads\/2020\/05\/44225_1-600x600.jpg 600w, https:\/\/brieger.ch\/wp-content\/uploads\/2020\/05\/44225_1.jpg 700w\" sizes=\"(max-width: 100px) 100vw, 100px\" \/><\/a><\/td>\n\t\t\t\t<td class=\"abgr\"><a href=\"https:\/\/brieger.ch\/fr\/product\/44219\/\">44219<\/a><\/td>\n\t\t\t\t<td class=\"zahlrechts abgr\"><a href=\"https:\/\/brieger.ch\/fr\/product\/44219\/\">225<\/a><\/td>\n\t\t\t\t<td class=\"zahlrechts abgr\"><a href=\"https:\/\/brieger.ch\/fr\/product\/44219\/\">225<\/a><\/td>\n                <td class=\"zahlrechts abgr\"><a href=\"https:\/\/brieger.ch\/fr\/product\/44219\/\">0<\/a><\/td>\n                <td class=\"zahlrechts abgr\"><a href=\"https:\/\/brieger.ch\/fr\/product\/44219\/\">80<\/a><\/td>\n\t\t\t\t<td class=\"zahlrechts abgr\"><a href=\"https:\/\/brieger.ch\/fr\/product\/44219\/\"><\/a><\/td>\n\t\t\t\t<td class=\"zahlrechts abgr\"><a href=\"https:\/\/brieger.ch\/fr\/product\/44219\/\">1.5 mm<\/a><\/td>\n\t\t\t\t<td class=\"zahlrechts abgr\"><a href=\"https:\/\/brieger.ch\/fr\/product\/44219\/\"><div id=\"wpv-view-layout-619-CPID40321\" class=\"js-wpv-view-layout js-wpv-layout-responsive js-wpv-view-layout-619-CPID40321\" data-viewnumber=\"619-CPID40321\" data-pagination=\"{&quot;id&quot;:619,&quot;query&quot;:&quot;normal&quot;,&quot;type&quot;:&quot;disabled&quot;,&quot;effect&quot;:&quot;fade&quot;,&quot;duration&quot;:500,&quot;speed&quot;:5,&quot;pause_on_hover&quot;:&quot;disabled&quot;,&quot;stop_rollover&quot;:&quot;false&quot;,&quot;cache_pages&quot;:&quot;enabled&quot;,&quot;preload_images&quot;:&quot;enabled&quot;,&quot;preload_pages&quot;:&quot;enabled&quot;,&quot;preload_reach&quot;:1,&quot;spinner&quot;:&quot;builtin&quot;,&quot;spinner_image&quot;:&quot;https:\/\/brieger.ch\/wp-content\/plugins\/wp-views\/embedded\/res\/img\/ajax-loader.gif&quot;,&quot;callback_next&quot;:&quot;&quot;,&quot;manage_history&quot;:&quot;disabled&quot;,&quot;has_controls_in_form&quot;:&quot;disabled&quot;,&quot;infinite_tolerance&quot;:&quot;0&quot;,&quot;max_pages&quot;:1,&quot;page&quot;:1,&quot;base_permalink&quot;:&quot;\/fr\/wp-json\/wp\/v2\/pages\/40518?wpv_view_count=619-CPID40321&amp;wpv_paged=WPV_PAGE_NUM&quot;,&quot;loop&quot;:{&quot;type&quot;:&quot;&quot;,&quot;name&quot;:&quot;&quot;,&quot;data&quot;:&#091;&#093;,&quot;id&quot;:0}}\" data-permalink=\"\/fr\/wp-json\/wp\/v2\/pages\/40518?wpv_view_count=619-CPID40321\">\n\n\t\n\t\t<img decoding=\"async\" src=\"https:\/\/brieger.ch\/wp-content\/uploads\/2019\/05\/weiss.jpg\" alt=\"blanc\" title=\"blanc\" class=\"attachment-full\" \/>\n\t\n\t\n<\/div><\/a><\/td>\n\t\t\t\t<td class=\"preisrechts\"><a href=\"https:\/\/brieger.ch\/fr\/product\/44219\/\">1.25<\/a><\/td>\n              \t<td><a  href=\"https:\/\/brieger.ch\/fr\/product\/44219\/\"><\/a><\/td>\n\t\t\t<\/tr><tr class=\"prodselect\" data-href=\"https:\/\/brieger.ch\/fr\/product\/45119\/\">\n\t\t\t\t<td><a class=\"prodimglist\" href=\"https:\/\/brieger.ch\/fr\/product\/45119\/\"><img decoding=\"async\" width=\"100\" height=\"100\" src=\"https:\/\/brieger.ch\/wp-content\/uploads\/2020\/05\/58_25_02-100x100.jpg\" class=\"attachment-shop_thumbnail size-shop_thumbnail wp-post-image\" alt=\"\" srcset=\"https:\/\/brieger.ch\/wp-content\/uploads\/2020\/05\/58_25_02-66x66.jpg 66w, https:\/\/brieger.ch\/wp-content\/uploads\/2020\/05\/58_25_02-100x100.jpg 100w, https:\/\/brieger.ch\/wp-content\/uploads\/2020\/05\/58_25_02-200x200.jpg 200w, https:\/\/brieger.ch\/wp-content\/uploads\/2020\/05\/58_25_02-280x280.jpg 280w, https:\/\/brieger.ch\/wp-content\/uploads\/2020\/05\/58_25_02-400x400.jpg 400w, https:\/\/brieger.ch\/wp-content\/uploads\/2020\/05\/58_25_02-500x500.jpg 500w, https:\/\/brieger.ch\/wp-content\/uploads\/2020\/05\/58_25_02-600x600.jpg 600w, https:\/\/brieger.ch\/wp-content\/uploads\/2020\/05\/58_25_02-700x700.jpg 700w, https:\/\/brieger.ch\/wp-content\/uploads\/2020\/05\/58_25_02-768x768.jpg 768w, https:\/\/brieger.ch\/wp-content\/uploads\/2020\/05\/58_25_02-800x800.jpg 800w, https:\/\/brieger.ch\/wp-content\/uploads\/2020\/05\/58_25_02.jpg 1200w\" sizes=\"(max-width: 100px) 100vw, 100px\" \/><\/a><\/td>\n\t\t\t\t<td class=\"abgr\"><a href=\"https:\/\/brieger.ch\/fr\/product\/45119\/\">45119<\/a><\/td>\n\t\t\t\t<td class=\"zahlrechts abgr\"><a href=\"https:\/\/brieger.ch\/fr\/product\/45119\/\">225<\/a><\/td>\n\t\t\t\t<td class=\"zahlrechts abgr\"><a href=\"https:\/\/brieger.ch\/fr\/product\/45119\/\">225<\/a><\/td>\n                <td class=\"zahlrechts abgr\"><a href=\"https:\/\/brieger.ch\/fr\/product\/45119\/\">0<\/a><\/td>\n                <td class=\"zahlrechts abgr\"><a href=\"https:\/\/brieger.ch\/fr\/product\/45119\/\">60<\/a><\/td>\n\t\t\t\t<td class=\"zahlrechts abgr\"><a href=\"https:\/\/brieger.ch\/fr\/product\/45119\/\"><\/a><\/td>\n\t\t\t\t<td class=\"zahlrechts abgr\"><a href=\"https:\/\/brieger.ch\/fr\/product\/45119\/\">3.0 mm<\/a><\/td>\n\t\t\t\t<td class=\"zahlrechts abgr\"><a href=\"https:\/\/brieger.ch\/fr\/product\/45119\/\"><div id=\"wpv-view-layout-619-CPID40279\" class=\"js-wpv-view-layout js-wpv-layout-responsive js-wpv-view-layout-619-CPID40279\" data-viewnumber=\"619-CPID40279\" data-pagination=\"{&quot;id&quot;:619,&quot;query&quot;:&quot;normal&quot;,&quot;type&quot;:&quot;disabled&quot;,&quot;effect&quot;:&quot;fade&quot;,&quot;duration&quot;:500,&quot;speed&quot;:5,&quot;pause_on_hover&quot;:&quot;disabled&quot;,&quot;stop_rollover&quot;:&quot;false&quot;,&quot;cache_pages&quot;:&quot;enabled&quot;,&quot;preload_images&quot;:&quot;enabled&quot;,&quot;preload_pages&quot;:&quot;enabled&quot;,&quot;preload_reach&quot;:1,&quot;spinner&quot;:&quot;builtin&quot;,&quot;spinner_image&quot;:&quot;https:\/\/brieger.ch\/wp-content\/plugins\/wp-views\/embedded\/res\/img\/ajax-loader.gif&quot;,&quot;callback_next&quot;:&quot;&quot;,&quot;manage_history&quot;:&quot;disabled&quot;,&quot;has_controls_in_form&quot;:&quot;disabled&quot;,&quot;infinite_tolerance&quot;:&quot;0&quot;,&quot;max_pages&quot;:1,&quot;page&quot;:1,&quot;base_permalink&quot;:&quot;\/fr\/wp-json\/wp\/v2\/pages\/40518?wpv_view_count=619-CPID40279&amp;wpv_paged=WPV_PAGE_NUM&quot;,&quot;loop&quot;:{&quot;type&quot;:&quot;&quot;,&quot;name&quot;:&quot;&quot;,&quot;data&quot;:&#091;&#093;,&quot;id&quot;:0}}\" data-permalink=\"\/fr\/wp-json\/wp\/v2\/pages\/40518?wpv_view_count=619-CPID40279\">\n\n\t\n\t\t<img decoding=\"async\" src=\"https:\/\/brieger.ch\/wp-content\/uploads\/2019\/05\/braun.jpg\" alt=\"brun\" title=\"brun\" class=\"attachment-full\" \/>\n\t\n\t\n<\/div><\/a><\/td>\n\t\t\t\t<td class=\"preisrechts\"><a href=\"https:\/\/brieger.ch\/fr\/product\/45119\/\">0.97<\/a><\/td>\n              \t<td><a  href=\"https:\/\/brieger.ch\/fr\/product\/45119\/\"><\/a><\/td>\n\t\t\t<\/tr><tr class=\"prodselect\" data-href=\"https:\/\/brieger.ch\/fr\/product\/45219\/\">\n\t\t\t\t<td><a class=\"prodimglist\" href=\"https:\/\/brieger.ch\/fr\/product\/45219\/\"><img decoding=\"async\" width=\"100\" height=\"100\" src=\"https:\/\/brieger.ch\/wp-content\/uploads\/2020\/05\/58_35_01-100x100.jpg\" class=\"attachment-shop_thumbnail size-shop_thumbnail wp-post-image\" alt=\"\" srcset=\"https:\/\/brieger.ch\/wp-content\/uploads\/2020\/05\/58_35_01-66x66.jpg 66w, https:\/\/brieger.ch\/wp-content\/uploads\/2020\/05\/58_35_01-100x100.jpg 100w, https:\/\/brieger.ch\/wp-content\/uploads\/2020\/05\/58_35_01-200x200.jpg 200w, https:\/\/brieger.ch\/wp-content\/uploads\/2020\/05\/58_35_01-280x280.jpg 280w, https:\/\/brieger.ch\/wp-content\/uploads\/2020\/05\/58_35_01-400x400.jpg 400w, https:\/\/brieger.ch\/wp-content\/uploads\/2020\/05\/58_35_01-500x500.jpg 500w, https:\/\/brieger.ch\/wp-content\/uploads\/2020\/05\/58_35_01-600x600.jpg 600w, https:\/\/brieger.ch\/wp-content\/uploads\/2020\/05\/58_35_01-700x700.jpg 700w, https:\/\/brieger.ch\/wp-content\/uploads\/2020\/05\/58_35_01-768x768.jpg 768w, https:\/\/brieger.ch\/wp-content\/uploads\/2020\/05\/58_35_01-800x800.jpg 800w, https:\/\/brieger.ch\/wp-content\/uploads\/2020\/05\/58_35_01.jpg 1200w\" sizes=\"(max-width: 100px) 100vw, 100px\" \/><\/a><\/td>\n\t\t\t\t<td class=\"abgr\"><a href=\"https:\/\/brieger.ch\/fr\/product\/45219\/\">45219<\/a><\/td>\n\t\t\t\t<td class=\"zahlrechts abgr\"><a href=\"https:\/\/brieger.ch\/fr\/product\/45219\/\">225<\/a><\/td>\n\t\t\t\t<td class=\"zahlrechts abgr\"><a href=\"https:\/\/brieger.ch\/fr\/product\/45219\/\">225<\/a><\/td>\n                <td class=\"zahlrechts abgr\"><a href=\"https:\/\/brieger.ch\/fr\/product\/45219\/\">0<\/a><\/td>\n                <td class=\"zahlrechts abgr\"><a href=\"https:\/\/brieger.ch\/fr\/product\/45219\/\">60<\/a><\/td>\n\t\t\t\t<td class=\"zahlrechts abgr\"><a href=\"https:\/\/brieger.ch\/fr\/product\/45219\/\"><\/a><\/td>\n\t\t\t\t<td class=\"zahlrechts abgr\"><a href=\"https:\/\/brieger.ch\/fr\/product\/45219\/\">3.0 mm<\/a><\/td>\n\t\t\t\t<td class=\"zahlrechts abgr\"><a href=\"https:\/\/brieger.ch\/fr\/product\/45219\/\"><div id=\"wpv-view-layout-619-CPID40305\" class=\"js-wpv-view-layout js-wpv-layout-responsive js-wpv-view-layout-619-CPID40305\" data-viewnumber=\"619-CPID40305\" data-pagination=\"{&quot;id&quot;:619,&quot;query&quot;:&quot;normal&quot;,&quot;type&quot;:&quot;disabled&quot;,&quot;effect&quot;:&quot;fade&quot;,&quot;duration&quot;:500,&quot;speed&quot;:5,&quot;pause_on_hover&quot;:&quot;disabled&quot;,&quot;stop_rollover&quot;:&quot;false&quot;,&quot;cache_pages&quot;:&quot;enabled&quot;,&quot;preload_images&quot;:&quot;enabled&quot;,&quot;preload_pages&quot;:&quot;enabled&quot;,&quot;preload_reach&quot;:1,&quot;spinner&quot;:&quot;builtin&quot;,&quot;spinner_image&quot;:&quot;https:\/\/brieger.ch\/wp-content\/plugins\/wp-views\/embedded\/res\/img\/ajax-loader.gif&quot;,&quot;callback_next&quot;:&quot;&quot;,&quot;manage_history&quot;:&quot;disabled&quot;,&quot;has_controls_in_form&quot;:&quot;disabled&quot;,&quot;infinite_tolerance&quot;:&quot;0&quot;,&quot;max_pages&quot;:1,&quot;page&quot;:1,&quot;base_permalink&quot;:&quot;\/fr\/wp-json\/wp\/v2\/pages\/40518?wpv_view_count=619-CPID40305&amp;wpv_paged=WPV_PAGE_NUM&quot;,&quot;loop&quot;:{&quot;type&quot;:&quot;&quot;,&quot;name&quot;:&quot;&quot;,&quot;data&quot;:&#091;&#093;,&quot;id&quot;:0}}\" data-permalink=\"\/fr\/wp-json\/wp\/v2\/pages\/40518?wpv_view_count=619-CPID40305\">\n\n\t\n\t\t<img decoding=\"async\" src=\"https:\/\/brieger.ch\/wp-content\/uploads\/2019\/05\/weiss.jpg\" alt=\"blanc\" title=\"blanc\" class=\"attachment-full\" \/>\n\t\n\t\n<\/div><\/a><\/td>\n\t\t\t\t<td class=\"preisrechts\"><a href=\"https:\/\/brieger.ch\/fr\/product\/45219\/\">1.25<\/a><\/td>\n              \t<td><a  href=\"https:\/\/brieger.ch\/fr\/product\/45219\/\"><\/a><\/td>\n\t\t\t<\/tr><tr class=\"prodselect\" data-href=\"https:\/\/brieger.ch\/fr\/product\/46721\/\">\n\t\t\t\t<td><a class=\"prodimglist\" href=\"https:\/\/brieger.ch\/fr\/product\/46721\/\"><img decoding=\"async\" width=\"100\" height=\"100\" src=\"https:\/\/brieger.ch\/wp-content\/uploads\/2020\/05\/Varivel_78D_NM_01-100x100.jpg\" class=\"attachment-shop_thumbnail size-shop_thumbnail wp-post-image\" alt=\"varivel\" srcset=\"https:\/\/brieger.ch\/wp-content\/uploads\/2020\/05\/Varivel_78D_NM_01-66x66.jpg 66w, https:\/\/brieger.ch\/wp-content\/uploads\/2020\/05\/Varivel_78D_NM_01-100x100.jpg 100w, https:\/\/brieger.ch\/wp-content\/uploads\/2020\/05\/Varivel_78D_NM_01-200x200.jpg 200w, https:\/\/brieger.ch\/wp-content\/uploads\/2020\/05\/Varivel_78D_NM_01-280x280.jpg 280w, https:\/\/brieger.ch\/wp-content\/uploads\/2020\/05\/Varivel_78D_NM_01-400x400.jpg 400w, https:\/\/brieger.ch\/wp-content\/uploads\/2020\/05\/Varivel_78D_NM_01-500x500.jpg 500w, https:\/\/brieger.ch\/wp-content\/uploads\/2020\/05\/Varivel_78D_NM_01-600x600.jpg 600w, https:\/\/brieger.ch\/wp-content\/uploads\/2020\/05\/Varivel_78D_NM_01-700x700.jpg 700w, https:\/\/brieger.ch\/wp-content\/uploads\/2020\/05\/Varivel_78D_NM_01-768x768.jpg 768w, https:\/\/brieger.ch\/wp-content\/uploads\/2020\/05\/Varivel_78D_NM_01-800x800.jpg 800w, https:\/\/brieger.ch\/wp-content\/uploads\/2020\/05\/Varivel_78D_NM_01.jpg 1200w\" sizes=\"(max-width: 100px) 100vw, 100px\" \/><\/a><div class=\"badgegreendiv\"><a class=\"breenbtn\" href=\"https:\/\/brieger.ch\/fr\/product\/46721\/\"><img decoding=\"async\" src=\"https:\/\/brieger.ch\/wp-content\/uploads\/2021\/04\/breen-badge3.png\" alt=\"BREEN\" width=\"33px\" height=\"33px\" \/><\/a><\/div><\/td>\n\t\t\t\t<td class=\"abgr\"><a href=\"https:\/\/brieger.ch\/fr\/product\/46721\/\">46721<\/a><\/td>\n\t\t\t\t<td class=\"zahlrechts abgr\"><a href=\"https:\/\/brieger.ch\/fr\/product\/46721\/\">245<\/a><\/td>\n\t\t\t\t<td class=\"zahlrechts abgr\"><a href=\"https:\/\/brieger.ch\/fr\/product\/46721\/\">165<\/a><\/td>\n                <td class=\"zahlrechts abgr\"><a href=\"https:\/\/brieger.ch\/fr\/product\/46721\/\">30<\/a><\/td>\n                <td class=\"zahlrechts abgr\"><a href=\"https:\/\/brieger.ch\/fr\/product\/46721\/\">70<\/a><\/td>\n\t\t\t\t<td class=\"zahlrechts abgr\"><a href=\"https:\/\/brieger.ch\/fr\/product\/46721\/\"><\/a><\/td>\n\t\t\t\t<td class=\"zahlrechts abgr\"><a href=\"https:\/\/brieger.ch\/fr\/product\/46721\/\">2.2 mm<\/a><\/td>\n\t\t\t\t<td class=\"zahlrechts abgr\"><a href=\"https:\/\/brieger.ch\/fr\/product\/46721\/\"><div id=\"wpv-view-layout-619-CPID40338\" class=\"js-wpv-view-layout js-wpv-layout-responsive js-wpv-view-layout-619-CPID40338\" data-viewnumber=\"619-CPID40338\" data-pagination=\"{&quot;id&quot;:619,&quot;query&quot;:&quot;normal&quot;,&quot;type&quot;:&quot;disabled&quot;,&quot;effect&quot;:&quot;fade&quot;,&quot;duration&quot;:500,&quot;speed&quot;:5,&quot;pause_on_hover&quot;:&quot;disabled&quot;,&quot;stop_rollover&quot;:&quot;false&quot;,&quot;cache_pages&quot;:&quot;enabled&quot;,&quot;preload_images&quot;:&quot;enabled&quot;,&quot;preload_pages&quot;:&quot;enabled&quot;,&quot;preload_reach&quot;:1,&quot;spinner&quot;:&quot;builtin&quot;,&quot;spinner_image&quot;:&quot;https:\/\/brieger.ch\/wp-content\/plugins\/wp-views\/embedded\/res\/img\/ajax-loader.gif&quot;,&quot;callback_next&quot;:&quot;&quot;,&quot;manage_history&quot;:&quot;disabled&quot;,&quot;has_controls_in_form&quot;:&quot;disabled&quot;,&quot;infinite_tolerance&quot;:&quot;0&quot;,&quot;max_pages&quot;:1,&quot;page&quot;:1,&quot;base_permalink&quot;:&quot;\/fr\/wp-json\/wp\/v2\/pages\/40518?wpv_view_count=619-CPID40338&amp;wpv_paged=WPV_PAGE_NUM&quot;,&quot;loop&quot;:{&quot;type&quot;:&quot;&quot;,&quot;name&quot;:&quot;&quot;,&quot;data&quot;:&#091;&#093;,&quot;id&quot;:0}}\" data-permalink=\"\/fr\/wp-json\/wp\/v2\/pages\/40518?wpv_view_count=619-CPID40338\">\n\n\t\n\t\t<img decoding=\"async\" src=\"https:\/\/brieger.ch\/wp-content\/uploads\/2019\/05\/braun.jpg\" alt=\"brun\" title=\"brun\" class=\"attachment-full\" \/>\n\t\n\t\n<\/div><\/a><\/td>\n\t\t\t\t<td class=\"preisrechts\"><a href=\"https:\/\/brieger.ch\/fr\/product\/46721\/\">0.82<\/a><\/td>\n              \t<td><a  href=\"https:\/\/brieger.ch\/fr\/product\/46721\/\"><\/a><\/td>\n\t\t\t<\/tr><tr class=\"prodselect\" data-href=\"https:\/\/brieger.ch\/fr\/product\/44220\/\">\n\t\t\t\t<td><a class=\"prodimglist\" href=\"https:\/\/brieger.ch\/fr\/product\/44220\/\"><img decoding=\"async\" width=\"100\" height=\"100\" src=\"https:\/\/brieger.ch\/wp-content\/uploads\/2020\/05\/44225_1-100x100.jpg\" class=\"attachment-shop_thumbnail size-shop_thumbnail wp-post-image\" alt=\"varitop\" srcset=\"https:\/\/brieger.ch\/wp-content\/uploads\/2020\/05\/44225_1-66x66.jpg 66w, https:\/\/brieger.ch\/wp-content\/uploads\/2020\/05\/44225_1-100x100.jpg 100w, https:\/\/brieger.ch\/wp-content\/uploads\/2020\/05\/44225_1-200x200.jpg 200w, https:\/\/brieger.ch\/wp-content\/uploads\/2020\/05\/44225_1-280x280.jpg 280w, https:\/\/brieger.ch\/wp-content\/uploads\/2020\/05\/44225_1-400x400.jpg 400w, https:\/\/brieger.ch\/wp-content\/uploads\/2020\/05\/44225_1-500x500.jpg 500w, https:\/\/brieger.ch\/wp-content\/uploads\/2020\/05\/44225_1-600x600.jpg 600w, https:\/\/brieger.ch\/wp-content\/uploads\/2020\/05\/44225_1.jpg 700w\" sizes=\"(max-width: 100px) 100vw, 100px\" \/><\/a><\/td>\n\t\t\t\t<td class=\"abgr\"><a href=\"https:\/\/brieger.ch\/fr\/product\/44220\/\">44220<\/a><\/td>\n\t\t\t\t<td class=\"zahlrechts abgr\"><a href=\"https:\/\/brieger.ch\/fr\/product\/44220\/\">245<\/a><\/td>\n\t\t\t\t<td class=\"zahlrechts abgr\"><a href=\"https:\/\/brieger.ch\/fr\/product\/44220\/\">165<\/a><\/td>\n                <td class=\"zahlrechts abgr\"><a href=\"https:\/\/brieger.ch\/fr\/product\/44220\/\">0<\/a><\/td>\n                <td class=\"zahlrechts abgr\"><a href=\"https:\/\/brieger.ch\/fr\/product\/44220\/\">60<\/a><\/td>\n\t\t\t\t<td class=\"zahlrechts abgr\"><a href=\"https:\/\/brieger.ch\/fr\/product\/44220\/\"><\/a><\/td>\n\t\t\t\t<td class=\"zahlrechts abgr\"><a href=\"https:\/\/brieger.ch\/fr\/product\/44220\/\">1.5 mm<\/a><\/td>\n\t\t\t\t<td class=\"zahlrechts abgr\"><a href=\"https:\/\/brieger.ch\/fr\/product\/44220\/\"><div id=\"wpv-view-layout-619-CPID40322\" class=\"js-wpv-view-layout js-wpv-layout-responsive js-wpv-view-layout-619-CPID40322\" data-viewnumber=\"619-CPID40322\" data-pagination=\"{&quot;id&quot;:619,&quot;query&quot;:&quot;normal&quot;,&quot;type&quot;:&quot;disabled&quot;,&quot;effect&quot;:&quot;fade&quot;,&quot;duration&quot;:500,&quot;speed&quot;:5,&quot;pause_on_hover&quot;:&quot;disabled&quot;,&quot;stop_rollover&quot;:&quot;false&quot;,&quot;cache_pages&quot;:&quot;enabled&quot;,&quot;preload_images&quot;:&quot;enabled&quot;,&quot;preload_pages&quot;:&quot;enabled&quot;,&quot;preload_reach&quot;:1,&quot;spinner&quot;:&quot;builtin&quot;,&quot;spinner_image&quot;:&quot;https:\/\/brieger.ch\/wp-content\/plugins\/wp-views\/embedded\/res\/img\/ajax-loader.gif&quot;,&quot;callback_next&quot;:&quot;&quot;,&quot;manage_history&quot;:&quot;disabled&quot;,&quot;has_controls_in_form&quot;:&quot;disabled&quot;,&quot;infinite_tolerance&quot;:&quot;0&quot;,&quot;max_pages&quot;:1,&quot;page&quot;:1,&quot;base_permalink&quot;:&quot;\/fr\/wp-json\/wp\/v2\/pages\/40518?wpv_view_count=619-CPID40322&amp;wpv_paged=WPV_PAGE_NUM&quot;,&quot;loop&quot;:{&quot;type&quot;:&quot;&quot;,&quot;name&quot;:&quot;&quot;,&quot;data&quot;:&#091;&#093;,&quot;id&quot;:0}}\" data-permalink=\"\/fr\/wp-json\/wp\/v2\/pages\/40518?wpv_view_count=619-CPID40322\">\n\n\t\n\t\t<img decoding=\"async\" src=\"https:\/\/brieger.ch\/wp-content\/uploads\/2019\/05\/weiss.jpg\" alt=\"blanc\" title=\"blanc\" class=\"attachment-full\" \/>\n\t\n\t\n<\/div><\/a><\/td>\n\t\t\t\t<td class=\"preisrechts\"><a href=\"https:\/\/brieger.ch\/fr\/product\/44220\/\">0.98<\/a><\/td>\n              \t<td><a  href=\"https:\/\/brieger.ch\/fr\/product\/44220\/\"><\/a><\/td>\n\t\t\t<\/tr><tr class=\"prodselect\" data-href=\"https:\/\/brieger.ch\/fr\/product\/45221\/\">\n\t\t\t\t<td><a class=\"prodimglist\" href=\"https:\/\/brieger.ch\/fr\/product\/45221\/\"><img decoding=\"async\" width=\"100\" height=\"100\" src=\"https:\/\/brieger.ch\/wp-content\/uploads\/2020\/05\/58_35_01-100x100.jpg\" class=\"attachment-shop_thumbnail size-shop_thumbnail wp-post-image\" alt=\"\" srcset=\"https:\/\/brieger.ch\/wp-content\/uploads\/2020\/05\/58_35_01-66x66.jpg 66w, https:\/\/brieger.ch\/wp-content\/uploads\/2020\/05\/58_35_01-100x100.jpg 100w, https:\/\/brieger.ch\/wp-content\/uploads\/2020\/05\/58_35_01-200x200.jpg 200w, https:\/\/brieger.ch\/wp-content\/uploads\/2020\/05\/58_35_01-280x280.jpg 280w, https:\/\/brieger.ch\/wp-content\/uploads\/2020\/05\/58_35_01-400x400.jpg 400w, https:\/\/brieger.ch\/wp-content\/uploads\/2020\/05\/58_35_01-500x500.jpg 500w, https:\/\/brieger.ch\/wp-content\/uploads\/2020\/05\/58_35_01-600x600.jpg 600w, https:\/\/brieger.ch\/wp-content\/uploads\/2020\/05\/58_35_01-700x700.jpg 700w, https:\/\/brieger.ch\/wp-content\/uploads\/2020\/05\/58_35_01-768x768.jpg 768w, https:\/\/brieger.ch\/wp-content\/uploads\/2020\/05\/58_35_01-800x800.jpg 800w, https:\/\/brieger.ch\/wp-content\/uploads\/2020\/05\/58_35_01.jpg 1200w\" sizes=\"(max-width: 100px) 100vw, 100px\" \/><\/a><\/td>\n\t\t\t\t<td class=\"abgr\"><a href=\"https:\/\/brieger.ch\/fr\/product\/45221\/\">45221<\/a><\/td>\n\t\t\t\t<td class=\"zahlrechts abgr\"><a href=\"https:\/\/brieger.ch\/fr\/product\/45221\/\">245<\/a><\/td>\n\t\t\t\t<td class=\"zahlrechts abgr\"><a href=\"https:\/\/brieger.ch\/fr\/product\/45221\/\">165<\/a><\/td>\n                <td class=\"zahlrechts abgr\"><a href=\"https:\/\/brieger.ch\/fr\/product\/45221\/\">30<\/a><\/td>\n                <td class=\"zahlrechts abgr\"><a href=\"https:\/\/brieger.ch\/fr\/product\/45221\/\">70<\/a><\/td>\n\t\t\t\t<td class=\"zahlrechts abgr\"><a href=\"https:\/\/brieger.ch\/fr\/product\/45221\/\"><\/a><\/td>\n\t\t\t\t<td class=\"zahlrechts abgr\"><a href=\"https:\/\/brieger.ch\/fr\/product\/45221\/\">3.0 mm<\/a><\/td>\n\t\t\t\t<td class=\"zahlrechts abgr\"><a href=\"https:\/\/brieger.ch\/fr\/product\/45221\/\"><div id=\"wpv-view-layout-619-CPID40306\" class=\"js-wpv-view-layout js-wpv-layout-responsive js-wpv-view-layout-619-CPID40306\" data-viewnumber=\"619-CPID40306\" data-pagination=\"{&quot;id&quot;:619,&quot;query&quot;:&quot;normal&quot;,&quot;type&quot;:&quot;disabled&quot;,&quot;effect&quot;:&quot;fade&quot;,&quot;duration&quot;:500,&quot;speed&quot;:5,&quot;pause_on_hover&quot;:&quot;disabled&quot;,&quot;stop_rollover&quot;:&quot;false&quot;,&quot;cache_pages&quot;:&quot;enabled&quot;,&quot;preload_images&quot;:&quot;enabled&quot;,&quot;preload_pages&quot;:&quot;enabled&quot;,&quot;preload_reach&quot;:1,&quot;spinner&quot;:&quot;builtin&quot;,&quot;spinner_image&quot;:&quot;https:\/\/brieger.ch\/wp-content\/plugins\/wp-views\/embedded\/res\/img\/ajax-loader.gif&quot;,&quot;callback_next&quot;:&quot;&quot;,&quot;manage_history&quot;:&quot;disabled&quot;,&quot;has_controls_in_form&quot;:&quot;disabled&quot;,&quot;infinite_tolerance&quot;:&quot;0&quot;,&quot;max_pages&quot;:1,&quot;page&quot;:1,&quot;base_permalink&quot;:&quot;\/fr\/wp-json\/wp\/v2\/pages\/40518?wpv_view_count=619-CPID40306&amp;wpv_paged=WPV_PAGE_NUM&quot;,&quot;loop&quot;:{&quot;type&quot;:&quot;&quot;,&quot;name&quot;:&quot;&quot;,&quot;data&quot;:&#091;&#093;,&quot;id&quot;:0}}\" data-permalink=\"\/fr\/wp-json\/wp\/v2\/pages\/40518?wpv_view_count=619-CPID40306\">\n\n\t\n\t\t<img decoding=\"async\" src=\"https:\/\/brieger.ch\/wp-content\/uploads\/2019\/05\/weiss.jpg\" alt=\"blanc\" title=\"blanc\" class=\"attachment-full\" \/>\n\t\n\t\n<\/div><\/a><\/td>\n\t\t\t\t<td class=\"preisrechts\"><a href=\"https:\/\/brieger.ch\/fr\/product\/45221\/\">1.04<\/a><\/td>\n              \t<td><a  href=\"https:\/\/brieger.ch\/fr\/product\/45221\/\"><\/a><\/td>\n\t\t\t<\/tr><tr class=\"prodselect\" data-href=\"https:\/\/brieger.ch\/fr\/product\/45321\/\">\n\t\t\t\t<td><a class=\"prodimglist\" href=\"https:\/\/brieger.ch\/fr\/product\/45321\/\"><img decoding=\"async\" width=\"1772\" height=\"1181\" src=\"https:\/\/brieger.ch\/wp-content\/uploads\/2020\/07\/Universalverpackung_45317-1.jpg\" class=\"attachment-shop_thumbnail size-shop_thumbnail wp-post-image\" alt=\"varifix\" srcset=\"https:\/\/brieger.ch\/wp-content\/uploads\/2020\/07\/Universalverpackung_45317-1-200x133.jpg 200w, https:\/\/brieger.ch\/wp-content\/uploads\/2020\/07\/Universalverpackung_45317-1-400x267.jpg 400w, https:\/\/brieger.ch\/wp-content\/uploads\/2020\/07\/Universalverpackung_45317-1-500x333.jpg 500w, https:\/\/brieger.ch\/wp-content\/uploads\/2020\/07\/Universalverpackung_45317-1-600x400.jpg 600w, https:\/\/brieger.ch\/wp-content\/uploads\/2020\/07\/Universalverpackung_45317-1-700x467.jpg 700w, https:\/\/brieger.ch\/wp-content\/uploads\/2020\/07\/Universalverpackung_45317-1-768x512.jpg 768w, https:\/\/brieger.ch\/wp-content\/uploads\/2020\/07\/Universalverpackung_45317-1-800x533.jpg 800w, https:\/\/brieger.ch\/wp-content\/uploads\/2020\/07\/Universalverpackung_45317-1-1200x800.jpg 1200w, https:\/\/brieger.ch\/wp-content\/uploads\/2020\/07\/Universalverpackung_45317-1-1536x1024.jpg 1536w, https:\/\/brieger.ch\/wp-content\/uploads\/2020\/07\/Universalverpackung_45317-1.jpg 1772w\" sizes=\"(max-width: 1772px) 100vw, 1772px\" \/><\/a><\/td>\n\t\t\t\t<td class=\"abgr\"><a href=\"https:\/\/brieger.ch\/fr\/product\/45321\/\">45321<\/a><\/td>\n\t\t\t\t<td class=\"zahlrechts abgr\"><a href=\"https:\/\/brieger.ch\/fr\/product\/45321\/\">245<\/a><\/td>\n\t\t\t\t<td class=\"zahlrechts abgr\"><a href=\"https:\/\/brieger.ch\/fr\/product\/45321\/\">165<\/a><\/td>\n                <td class=\"zahlrechts abgr\"><a href=\"https:\/\/brieger.ch\/fr\/product\/45321\/\">0<\/a><\/td>\n                <td class=\"zahlrechts abgr\"><a href=\"https:\/\/brieger.ch\/fr\/product\/45321\/\">70<\/a><\/td>\n\t\t\t\t<td class=\"zahlrechts abgr\"><a href=\"https:\/\/brieger.ch\/fr\/product\/45321\/\"><\/a><\/td>\n\t\t\t\t<td class=\"zahlrechts abgr\"><a href=\"https:\/\/brieger.ch\/fr\/product\/45321\/\">1.5 mm<\/a><\/td>\n\t\t\t\t<td class=\"zahlrechts abgr\"><a href=\"https:\/\/brieger.ch\/fr\/product\/45321\/\"><div id=\"wpv-view-layout-619-CPID40314\" class=\"js-wpv-view-layout js-wpv-layout-responsive js-wpv-view-layout-619-CPID40314\" data-viewnumber=\"619-CPID40314\" data-pagination=\"{&quot;id&quot;:619,&quot;query&quot;:&quot;normal&quot;,&quot;type&quot;:&quot;disabled&quot;,&quot;effect&quot;:&quot;fade&quot;,&quot;duration&quot;:500,&quot;speed&quot;:5,&quot;pause_on_hover&quot;:&quot;disabled&quot;,&quot;stop_rollover&quot;:&quot;false&quot;,&quot;cache_pages&quot;:&quot;enabled&quot;,&quot;preload_images&quot;:&quot;enabled&quot;,&quot;preload_pages&quot;:&quot;enabled&quot;,&quot;preload_reach&quot;:1,&quot;spinner&quot;:&quot;builtin&quot;,&quot;spinner_image&quot;:&quot;https:\/\/brieger.ch\/wp-content\/plugins\/wp-views\/embedded\/res\/img\/ajax-loader.gif&quot;,&quot;callback_next&quot;:&quot;&quot;,&quot;manage_history&quot;:&quot;disabled&quot;,&quot;has_controls_in_form&quot;:&quot;disabled&quot;,&quot;infinite_tolerance&quot;:&quot;0&quot;,&quot;max_pages&quot;:1,&quot;page&quot;:1,&quot;base_permalink&quot;:&quot;\/fr\/wp-json\/wp\/v2\/pages\/40518?wpv_view_count=619-CPID40314&amp;wpv_paged=WPV_PAGE_NUM&quot;,&quot;loop&quot;:{&quot;type&quot;:&quot;&quot;,&quot;name&quot;:&quot;&quot;,&quot;data&quot;:&#091;&#093;,&quot;id&quot;:0}}\" data-permalink=\"\/fr\/wp-json\/wp\/v2\/pages\/40518?wpv_view_count=619-CPID40314\">\n\n\t\n\t\t<img decoding=\"async\" src=\"https:\/\/brieger.ch\/wp-content\/uploads\/2019\/05\/braun.jpg\" alt=\"brun\" title=\"brun\" class=\"attachment-full\" \/>\n\t\n\t\n<\/div><\/a><\/td>\n\t\t\t\t<td class=\"preisrechts\"><a href=\"https:\/\/brieger.ch\/fr\/product\/45321\/\">0.56<\/a><\/td>\n              \t<td><a  href=\"https:\/\/brieger.ch\/fr\/product\/45321\/\"><\/a><\/td>\n\t\t\t<\/tr><tr class=\"prodselect\" data-href=\"https:\/\/brieger.ch\/fr\/product\/45121\/\">\n\t\t\t\t<td><a class=\"prodimglist\" href=\"https:\/\/brieger.ch\/fr\/product\/45121\/\"><img decoding=\"async\" width=\"100\" height=\"100\" src=\"https:\/\/brieger.ch\/wp-content\/uploads\/2020\/05\/58_25_02-100x100.jpg\" class=\"attachment-shop_thumbnail size-shop_thumbnail wp-post-image\" alt=\"\" srcset=\"https:\/\/brieger.ch\/wp-content\/uploads\/2020\/05\/58_25_02-66x66.jpg 66w, https:\/\/brieger.ch\/wp-content\/uploads\/2020\/05\/58_25_02-100x100.jpg 100w, https:\/\/brieger.ch\/wp-content\/uploads\/2020\/05\/58_25_02-200x200.jpg 200w, https:\/\/brieger.ch\/wp-content\/uploads\/2020\/05\/58_25_02-280x280.jpg 280w, https:\/\/brieger.ch\/wp-content\/uploads\/2020\/05\/58_25_02-400x400.jpg 400w, https:\/\/brieger.ch\/wp-content\/uploads\/2020\/05\/58_25_02-500x500.jpg 500w, https:\/\/brieger.ch\/wp-content\/uploads\/2020\/05\/58_25_02-600x600.jpg 600w, https:\/\/brieger.ch\/wp-content\/uploads\/2020\/05\/58_25_02-700x700.jpg 700w, https:\/\/brieger.ch\/wp-content\/uploads\/2020\/05\/58_25_02-768x768.jpg 768w, https:\/\/brieger.ch\/wp-content\/uploads\/2020\/05\/58_25_02-800x800.jpg 800w, https:\/\/brieger.ch\/wp-content\/uploads\/2020\/05\/58_25_02.jpg 1200w\" sizes=\"(max-width: 100px) 100vw, 100px\" \/><\/a><\/td>\n\t\t\t\t<td class=\"abgr\"><a href=\"https:\/\/brieger.ch\/fr\/product\/45121\/\">45121<\/a><\/td>\n\t\t\t\t<td class=\"zahlrechts abgr\"><a href=\"https:\/\/brieger.ch\/fr\/product\/45121\/\">245<\/a><\/td>\n\t\t\t\t<td class=\"zahlrechts abgr\"><a href=\"https:\/\/brieger.ch\/fr\/product\/45121\/\">165<\/a><\/td>\n                <td class=\"zahlrechts abgr\"><a href=\"https:\/\/brieger.ch\/fr\/product\/45121\/\">30<\/a><\/td>\n                <td class=\"zahlrechts abgr\"><a href=\"https:\/\/brieger.ch\/fr\/product\/45121\/\">70<\/a><\/td>\n\t\t\t\t<td class=\"zahlrechts abgr\"><a href=\"https:\/\/brieger.ch\/fr\/product\/45121\/\"><\/a><\/td>\n\t\t\t\t<td class=\"zahlrechts abgr\"><a href=\"https:\/\/brieger.ch\/fr\/product\/45121\/\">3.0 mm<\/a><\/td>\n\t\t\t\t<td class=\"zahlrechts abgr\"><a href=\"https:\/\/brieger.ch\/fr\/product\/45121\/\"><div id=\"wpv-view-layout-619-CPID40281\" class=\"js-wpv-view-layout js-wpv-layout-responsive js-wpv-view-layout-619-CPID40281\" data-viewnumber=\"619-CPID40281\" data-pagination=\"{&quot;id&quot;:619,&quot;query&quot;:&quot;normal&quot;,&quot;type&quot;:&quot;disabled&quot;,&quot;effect&quot;:&quot;fade&quot;,&quot;duration&quot;:500,&quot;speed&quot;:5,&quot;pause_on_hover&quot;:&quot;disabled&quot;,&quot;stop_rollover&quot;:&quot;false&quot;,&quot;cache_pages&quot;:&quot;enabled&quot;,&quot;preload_images&quot;:&quot;enabled&quot;,&quot;preload_pages&quot;:&quot;enabled&quot;,&quot;preload_reach&quot;:1,&quot;spinner&quot;:&quot;builtin&quot;,&quot;spinner_image&quot;:&quot;https:\/\/brieger.ch\/wp-content\/plugins\/wp-views\/embedded\/res\/img\/ajax-loader.gif&quot;,&quot;callback_next&quot;:&quot;&quot;,&quot;manage_history&quot;:&quot;disabled&quot;,&quot;has_controls_in_form&quot;:&quot;disabled&quot;,&quot;infinite_tolerance&quot;:&quot;0&quot;,&quot;max_pages&quot;:1,&quot;page&quot;:1,&quot;base_permalink&quot;:&quot;\/fr\/wp-json\/wp\/v2\/pages\/40518?wpv_view_count=619-CPID40281&amp;wpv_paged=WPV_PAGE_NUM&quot;,&quot;loop&quot;:{&quot;type&quot;:&quot;&quot;,&quot;name&quot;:&quot;&quot;,&quot;data&quot;:&#091;&#093;,&quot;id&quot;:0}}\" data-permalink=\"\/fr\/wp-json\/wp\/v2\/pages\/40518?wpv_view_count=619-CPID40281\">\n\n\t\n\t\t<img decoding=\"async\" src=\"https:\/\/brieger.ch\/wp-content\/uploads\/2019\/05\/braun.jpg\" alt=\"brun\" title=\"brun\" class=\"attachment-full\" \/>\n\t\n\t\n<\/div><\/a><\/td>\n\t\t\t\t<td class=\"preisrechts\"><a href=\"https:\/\/brieger.ch\/fr\/product\/45121\/\">0.84<\/a><\/td>\n              \t<td><a  href=\"https:\/\/brieger.ch\/fr\/product\/45121\/\"><\/a><\/td>\n\t\t\t<\/tr><tr class=\"prodselect\" data-href=\"https:\/\/brieger.ch\/fr\/product\/45120\/\">\n\t\t\t\t<td><a class=\"prodimglist\" href=\"https:\/\/brieger.ch\/fr\/product\/45120\/\"><img decoding=\"async\" width=\"100\" height=\"100\" src=\"https:\/\/brieger.ch\/wp-content\/uploads\/2020\/05\/58_25_02-100x100.jpg\" class=\"attachment-shop_thumbnail size-shop_thumbnail wp-post-image\" alt=\"\" srcset=\"https:\/\/brieger.ch\/wp-content\/uploads\/2020\/05\/58_25_02-66x66.jpg 66w, https:\/\/brieger.ch\/wp-content\/uploads\/2020\/05\/58_25_02-100x100.jpg 100w, https:\/\/brieger.ch\/wp-content\/uploads\/2020\/05\/58_25_02-200x200.jpg 200w, https:\/\/brieger.ch\/wp-content\/uploads\/2020\/05\/58_25_02-280x280.jpg 280w, https:\/\/brieger.ch\/wp-content\/uploads\/2020\/05\/58_25_02-400x400.jpg 400w, https:\/\/brieger.ch\/wp-content\/uploads\/2020\/05\/58_25_02-500x500.jpg 500w, https:\/\/brieger.ch\/wp-content\/uploads\/2020\/05\/58_25_02-600x600.jpg 600w, https:\/\/brieger.ch\/wp-content\/uploads\/2020\/05\/58_25_02-700x700.jpg 700w, https:\/\/brieger.ch\/wp-content\/uploads\/2020\/05\/58_25_02-768x768.jpg 768w, https:\/\/brieger.ch\/wp-content\/uploads\/2020\/05\/58_25_02-800x800.jpg 800w, https:\/\/brieger.ch\/wp-content\/uploads\/2020\/05\/58_25_02.jpg 1200w\" sizes=\"(max-width: 100px) 100vw, 100px\" \/><\/a><\/td>\n\t\t\t\t<td class=\"abgr\"><a href=\"https:\/\/brieger.ch\/fr\/product\/45120\/\">45720<\/a><\/td>\n\t\t\t\t<td class=\"zahlrechts abgr\"><a href=\"https:\/\/brieger.ch\/fr\/product\/45120\/\">245<\/a><\/td>\n\t\t\t\t<td class=\"zahlrechts abgr\"><a href=\"https:\/\/brieger.ch\/fr\/product\/45120\/\">165<\/a><\/td>\n                <td class=\"zahlrechts abgr\"><a href=\"https:\/\/brieger.ch\/fr\/product\/45120\/\">0<\/a><\/td>\n                <td class=\"zahlrechts abgr\"><a href=\"https:\/\/brieger.ch\/fr\/product\/45120\/\">40<\/a><\/td>\n\t\t\t\t<td class=\"zahlrechts abgr\"><a href=\"https:\/\/brieger.ch\/fr\/product\/45120\/\"><\/a><\/td>\n\t\t\t\t<td class=\"zahlrechts abgr\"><a href=\"https:\/\/brieger.ch\/fr\/product\/45120\/\">2.2 mm<\/a><\/td>\n\t\t\t\t<td class=\"zahlrechts abgr\"><a href=\"https:\/\/brieger.ch\/fr\/product\/45120\/\"><div id=\"wpv-view-layout-619-CPID40280\" class=\"js-wpv-view-layout js-wpv-layout-responsive js-wpv-view-layout-619-CPID40280\" data-viewnumber=\"619-CPID40280\" data-pagination=\"{&quot;id&quot;:619,&quot;query&quot;:&quot;normal&quot;,&quot;type&quot;:&quot;disabled&quot;,&quot;effect&quot;:&quot;fade&quot;,&quot;duration&quot;:500,&quot;speed&quot;:5,&quot;pause_on_hover&quot;:&quot;disabled&quot;,&quot;stop_rollover&quot;:&quot;false&quot;,&quot;cache_pages&quot;:&quot;enabled&quot;,&quot;preload_images&quot;:&quot;enabled&quot;,&quot;preload_pages&quot;:&quot;enabled&quot;,&quot;preload_reach&quot;:1,&quot;spinner&quot;:&quot;builtin&quot;,&quot;spinner_image&quot;:&quot;https:\/\/brieger.ch\/wp-content\/plugins\/wp-views\/embedded\/res\/img\/ajax-loader.gif&quot;,&quot;callback_next&quot;:&quot;&quot;,&quot;manage_history&quot;:&quot;disabled&quot;,&quot;has_controls_in_form&quot;:&quot;disabled&quot;,&quot;infinite_tolerance&quot;:&quot;0&quot;,&quot;max_pages&quot;:1,&quot;page&quot;:1,&quot;base_permalink&quot;:&quot;\/fr\/wp-json\/wp\/v2\/pages\/40518?wpv_view_count=619-CPID40280&amp;wpv_paged=WPV_PAGE_NUM&quot;,&quot;loop&quot;:{&quot;type&quot;:&quot;&quot;,&quot;name&quot;:&quot;&quot;,&quot;data&quot;:&#091;&#093;,&quot;id&quot;:0}}\" data-permalink=\"\/fr\/wp-json\/wp\/v2\/pages\/40518?wpv_view_count=619-CPID40280\">\n\n\t\n\t\t<img decoding=\"async\" src=\"https:\/\/brieger.ch\/wp-content\/uploads\/2019\/05\/braun.jpg\" alt=\"brun\" title=\"brun\" class=\"attachment-full\" \/>\n\t\n\t\n<\/div><\/a><\/td>\n\t\t\t\t<td class=\"preisrechts\"><a href=\"https:\/\/brieger.ch\/fr\/product\/45120\/\">0.81<\/a><\/td>\n              \t<td><a  href=\"https:\/\/brieger.ch\/fr\/product\/45120\/\"><\/a><\/td>\n\t\t\t<\/tr><tr class=\"prodselect\" data-href=\"https:\/\/brieger.ch\/fr\/product\/45724\/\">\n\t\t\t\t<td><a class=\"prodimglist\" href=\"https:\/\/brieger.ch\/fr\/product\/45724\/\"><img decoding=\"async\" width=\"100\" height=\"100\" src=\"https:\/\/brieger.ch\/wp-content\/uploads\/2020\/05\/58_25_02-100x100.jpg\" class=\"attachment-shop_thumbnail size-shop_thumbnail wp-post-image\" alt=\"\" srcset=\"https:\/\/brieger.ch\/wp-content\/uploads\/2020\/05\/58_25_02-66x66.jpg 66w, https:\/\/brieger.ch\/wp-content\/uploads\/2020\/05\/58_25_02-100x100.jpg 100w, https:\/\/brieger.ch\/wp-content\/uploads\/2020\/05\/58_25_02-200x200.jpg 200w, https:\/\/brieger.ch\/wp-content\/uploads\/2020\/05\/58_25_02-280x280.jpg 280w, https:\/\/brieger.ch\/wp-content\/uploads\/2020\/05\/58_25_02-400x400.jpg 400w, https:\/\/brieger.ch\/wp-content\/uploads\/2020\/05\/58_25_02-500x500.jpg 500w, https:\/\/brieger.ch\/wp-content\/uploads\/2020\/05\/58_25_02-600x600.jpg 600w, https:\/\/brieger.ch\/wp-content\/uploads\/2020\/05\/58_25_02-700x700.jpg 700w, https:\/\/brieger.ch\/wp-content\/uploads\/2020\/05\/58_25_02-768x768.jpg 768w, https:\/\/brieger.ch\/wp-content\/uploads\/2020\/05\/58_25_02-800x800.jpg 800w, https:\/\/brieger.ch\/wp-content\/uploads\/2020\/05\/58_25_02.jpg 1200w\" sizes=\"(max-width: 100px) 100vw, 100px\" \/><\/a><\/td>\n\t\t\t\t<td class=\"abgr\"><a href=\"https:\/\/brieger.ch\/fr\/product\/45724\/\">45724<\/a><\/td>\n\t\t\t\t<td class=\"zahlrechts abgr\"><a href=\"https:\/\/brieger.ch\/fr\/product\/45724\/\">265<\/a><\/td>\n\t\t\t\t<td class=\"zahlrechts abgr\"><a href=\"https:\/\/brieger.ch\/fr\/product\/45724\/\">265<\/a><\/td>\n                <td class=\"zahlrechts abgr\"><a href=\"https:\/\/brieger.ch\/fr\/product\/45724\/\">0<\/a><\/td>\n                <td class=\"zahlrechts abgr\"><a href=\"https:\/\/brieger.ch\/fr\/product\/45724\/\">80<\/a><\/td>\n\t\t\t\t<td class=\"zahlrechts abgr\"><a href=\"https:\/\/brieger.ch\/fr\/product\/45724\/\"><\/a><\/td>\n\t\t\t\t<td class=\"zahlrechts abgr\"><a href=\"https:\/\/brieger.ch\/fr\/product\/45724\/\">3.0 mm<\/a><\/td>\n\t\t\t\t<td class=\"zahlrechts abgr\"><a href=\"https:\/\/brieger.ch\/fr\/product\/45724\/\"><div id=\"wpv-view-layout-619-CPID40282\" class=\"js-wpv-view-layout js-wpv-layout-responsive js-wpv-view-layout-619-CPID40282\" data-viewnumber=\"619-CPID40282\" data-pagination=\"{&quot;id&quot;:619,&quot;query&quot;:&quot;normal&quot;,&quot;type&quot;:&quot;disabled&quot;,&quot;effect&quot;:&quot;fade&quot;,&quot;duration&quot;:500,&quot;speed&quot;:5,&quot;pause_on_hover&quot;:&quot;disabled&quot;,&quot;stop_rollover&quot;:&quot;false&quot;,&quot;cache_pages&quot;:&quot;enabled&quot;,&quot;preload_images&quot;:&quot;enabled&quot;,&quot;preload_pages&quot;:&quot;enabled&quot;,&quot;preload_reach&quot;:1,&quot;spinner&quot;:&quot;builtin&quot;,&quot;spinner_image&quot;:&quot;https:\/\/brieger.ch\/wp-content\/plugins\/wp-views\/embedded\/res\/img\/ajax-loader.gif&quot;,&quot;callback_next&quot;:&quot;&quot;,&quot;manage_history&quot;:&quot;disabled&quot;,&quot;has_controls_in_form&quot;:&quot;disabled&quot;,&quot;infinite_tolerance&quot;:&quot;0&quot;,&quot;max_pages&quot;:1,&quot;page&quot;:1,&quot;base_permalink&quot;:&quot;\/fr\/wp-json\/wp\/v2\/pages\/40518?wpv_view_count=619-CPID40282&amp;wpv_paged=WPV_PAGE_NUM&quot;,&quot;loop&quot;:{&quot;type&quot;:&quot;&quot;,&quot;name&quot;:&quot;&quot;,&quot;data&quot;:&#091;&#093;,&quot;id&quot;:0}}\" data-permalink=\"\/fr\/wp-json\/wp\/v2\/pages\/40518?wpv_view_count=619-CPID40282\">\n\n\t\n\t\t<img decoding=\"async\" src=\"https:\/\/brieger.ch\/wp-content\/uploads\/2019\/05\/braun.jpg\" alt=\"brun\" title=\"brun\" class=\"attachment-full\" \/>\n\t\n\t\n<\/div><\/a><\/td>\n\t\t\t\t<td class=\"preisrechts\"><a href=\"https:\/\/brieger.ch\/fr\/product\/45724\/\">1.28<\/a><\/td>\n              \t<td><a  href=\"https:\/\/brieger.ch\/fr\/product\/45724\/\"><\/a><\/td>\n\t\t\t<\/tr><tr class=\"prodselect\" data-href=\"https:\/\/brieger.ch\/fr\/product\/45126\/\">\n\t\t\t\t<td><a class=\"prodimglist\" href=\"https:\/\/brieger.ch\/fr\/product\/45126\/\"><img decoding=\"async\" width=\"100\" height=\"100\" src=\"https:\/\/brieger.ch\/wp-content\/uploads\/2020\/05\/58_25_02-100x100.jpg\" class=\"attachment-shop_thumbnail size-shop_thumbnail wp-post-image\" alt=\"\" srcset=\"https:\/\/brieger.ch\/wp-content\/uploads\/2020\/05\/58_25_02-66x66.jpg 66w, https:\/\/brieger.ch\/wp-content\/uploads\/2020\/05\/58_25_02-100x100.jpg 100w, https:\/\/brieger.ch\/wp-content\/uploads\/2020\/05\/58_25_02-200x200.jpg 200w, https:\/\/brieger.ch\/wp-content\/uploads\/2020\/05\/58_25_02-280x280.jpg 280w, https:\/\/brieger.ch\/wp-content\/uploads\/2020\/05\/58_25_02-400x400.jpg 400w, https:\/\/brieger.ch\/wp-content\/uploads\/2020\/05\/58_25_02-500x500.jpg 500w, https:\/\/brieger.ch\/wp-content\/uploads\/2020\/05\/58_25_02-600x600.jpg 600w, https:\/\/brieger.ch\/wp-content\/uploads\/2020\/05\/58_25_02-700x700.jpg 700w, https:\/\/brieger.ch\/wp-content\/uploads\/2020\/05\/58_25_02-768x768.jpg 768w, https:\/\/brieger.ch\/wp-content\/uploads\/2020\/05\/58_25_02-800x800.jpg 800w, https:\/\/brieger.ch\/wp-content\/uploads\/2020\/05\/58_25_02.jpg 1200w\" sizes=\"(max-width: 100px) 100vw, 100px\" \/><\/a><\/td>\n\t\t\t\t<td class=\"abgr\"><a href=\"https:\/\/brieger.ch\/fr\/product\/45126\/\">45726<\/a><\/td>\n\t\t\t\t<td class=\"zahlrechts abgr\"><a href=\"https:\/\/brieger.ch\/fr\/product\/45126\/\">270<\/a><\/td>\n\t\t\t\t<td class=\"zahlrechts abgr\"><a href=\"https:\/\/brieger.ch\/fr\/product\/45126\/\">185<\/a><\/td>\n                <td class=\"zahlrechts abgr\"><a href=\"https:\/\/brieger.ch\/fr\/product\/45126\/\">30<\/a><\/td>\n                <td class=\"zahlrechts abgr\"><a href=\"https:\/\/brieger.ch\/fr\/product\/45126\/\">80<\/a><\/td>\n\t\t\t\t<td class=\"zahlrechts abgr\"><a href=\"https:\/\/brieger.ch\/fr\/product\/45126\/\"><\/a><\/td>\n\t\t\t\t<td class=\"zahlrechts abgr\"><a href=\"https:\/\/brieger.ch\/fr\/product\/45126\/\">2.2 mm<\/a><\/td>\n\t\t\t\t<td class=\"zahlrechts abgr\"><a href=\"https:\/\/brieger.ch\/fr\/product\/45126\/\"><div id=\"wpv-view-layout-619-CPID40284\" class=\"js-wpv-view-layout js-wpv-layout-responsive js-wpv-view-layout-619-CPID40284\" data-viewnumber=\"619-CPID40284\" data-pagination=\"{&quot;id&quot;:619,&quot;query&quot;:&quot;normal&quot;,&quot;type&quot;:&quot;disabled&quot;,&quot;effect&quot;:&quot;fade&quot;,&quot;duration&quot;:500,&quot;speed&quot;:5,&quot;pause_on_hover&quot;:&quot;disabled&quot;,&quot;stop_rollover&quot;:&quot;false&quot;,&quot;cache_pages&quot;:&quot;enabled&quot;,&quot;preload_images&quot;:&quot;enabled&quot;,&quot;preload_pages&quot;:&quot;enabled&quot;,&quot;preload_reach&quot;:1,&quot;spinner&quot;:&quot;builtin&quot;,&quot;spinner_image&quot;:&quot;https:\/\/brieger.ch\/wp-content\/plugins\/wp-views\/embedded\/res\/img\/ajax-loader.gif&quot;,&quot;callback_next&quot;:&quot;&quot;,&quot;manage_history&quot;:&quot;disabled&quot;,&quot;has_controls_in_form&quot;:&quot;disabled&quot;,&quot;infinite_tolerance&quot;:&quot;0&quot;,&quot;max_pages&quot;:1,&quot;page&quot;:1,&quot;base_permalink&quot;:&quot;\/fr\/wp-json\/wp\/v2\/pages\/40518?wpv_view_count=619-CPID40284&amp;wpv_paged=WPV_PAGE_NUM&quot;,&quot;loop&quot;:{&quot;type&quot;:&quot;&quot;,&quot;name&quot;:&quot;&quot;,&quot;data&quot;:&#091;&#093;,&quot;id&quot;:0}}\" data-permalink=\"\/fr\/wp-json\/wp\/v2\/pages\/40518?wpv_view_count=619-CPID40284\">\n\n\t\n\t\t<img decoding=\"async\" src=\"https:\/\/brieger.ch\/wp-content\/uploads\/2019\/05\/braun.jpg\" alt=\"brun\" title=\"brun\" class=\"attachment-full\" \/>\n\t\n\t\n<\/div><\/a><\/td>\n\t\t\t\t<td class=\"preisrechts\"><a href=\"https:\/\/brieger.ch\/fr\/product\/45126\/\">0.95<\/a><\/td>\n              \t<td><a  href=\"https:\/\/brieger.ch\/fr\/product\/45126\/\"><\/a><\/td>\n\t\t\t<\/tr><tr class=\"prodselect\" data-href=\"https:\/\/brieger.ch\/fr\/product\/45326\/\">\n\t\t\t\t<td><a class=\"prodimglist\" href=\"https:\/\/brieger.ch\/fr\/product\/45326\/\"><img decoding=\"async\" width=\"1772\" height=\"1181\" src=\"https:\/\/brieger.ch\/wp-content\/uploads\/2020\/07\/Universalverpackung_45317-1.jpg\" class=\"attachment-shop_thumbnail size-shop_thumbnail wp-post-image\" alt=\"varifix\" srcset=\"https:\/\/brieger.ch\/wp-content\/uploads\/2020\/07\/Universalverpackung_45317-1-200x133.jpg 200w, https:\/\/brieger.ch\/wp-content\/uploads\/2020\/07\/Universalverpackung_45317-1-400x267.jpg 400w, https:\/\/brieger.ch\/wp-content\/uploads\/2020\/07\/Universalverpackung_45317-1-500x333.jpg 500w, https:\/\/brieger.ch\/wp-content\/uploads\/2020\/07\/Universalverpackung_45317-1-600x400.jpg 600w, https:\/\/brieger.ch\/wp-content\/uploads\/2020\/07\/Universalverpackung_45317-1-700x467.jpg 700w, https:\/\/brieger.ch\/wp-content\/uploads\/2020\/07\/Universalverpackung_45317-1-768x512.jpg 768w, https:\/\/brieger.ch\/wp-content\/uploads\/2020\/07\/Universalverpackung_45317-1-800x533.jpg 800w, https:\/\/brieger.ch\/wp-content\/uploads\/2020\/07\/Universalverpackung_45317-1-1200x800.jpg 1200w, https:\/\/brieger.ch\/wp-content\/uploads\/2020\/07\/Universalverpackung_45317-1-1536x1024.jpg 1536w, https:\/\/brieger.ch\/wp-content\/uploads\/2020\/07\/Universalverpackung_45317-1.jpg 1772w\" sizes=\"(max-width: 1772px) 100vw, 1772px\" \/><\/a><\/td>\n\t\t\t\t<td class=\"abgr\"><a href=\"https:\/\/brieger.ch\/fr\/product\/45326\/\">45326<\/a><\/td>\n\t\t\t\t<td class=\"zahlrechts abgr\"><a href=\"https:\/\/brieger.ch\/fr\/product\/45326\/\">270<\/a><\/td>\n\t\t\t\t<td class=\"zahlrechts abgr\"><a href=\"https:\/\/brieger.ch\/fr\/product\/45326\/\">185<\/a><\/td>\n                <td class=\"zahlrechts abgr\"><a href=\"https:\/\/brieger.ch\/fr\/product\/45326\/\">0<\/a><\/td>\n                <td class=\"zahlrechts abgr\"><a href=\"https:\/\/brieger.ch\/fr\/product\/45326\/\">80<\/a><\/td>\n\t\t\t\t<td class=\"zahlrechts abgr\"><a href=\"https:\/\/brieger.ch\/fr\/product\/45326\/\"><\/a><\/td>\n\t\t\t\t<td class=\"zahlrechts abgr\"><a href=\"https:\/\/brieger.ch\/fr\/product\/45326\/\">1.5 mm<\/a><\/td>\n\t\t\t\t<td class=\"zahlrechts abgr\"><a href=\"https:\/\/brieger.ch\/fr\/product\/45326\/\"><div id=\"wpv-view-layout-619-CPID40315\" class=\"js-wpv-view-layout js-wpv-layout-responsive js-wpv-view-layout-619-CPID40315\" data-viewnumber=\"619-CPID40315\" data-pagination=\"{&quot;id&quot;:619,&quot;query&quot;:&quot;normal&quot;,&quot;type&quot;:&quot;disabled&quot;,&quot;effect&quot;:&quot;fade&quot;,&quot;duration&quot;:500,&quot;speed&quot;:5,&quot;pause_on_hover&quot;:&quot;disabled&quot;,&quot;stop_rollover&quot;:&quot;false&quot;,&quot;cache_pages&quot;:&quot;enabled&quot;,&quot;preload_images&quot;:&quot;enabled&quot;,&quot;preload_pages&quot;:&quot;enabled&quot;,&quot;preload_reach&quot;:1,&quot;spinner&quot;:&quot;builtin&quot;,&quot;spinner_image&quot;:&quot;https:\/\/brieger.ch\/wp-content\/plugins\/wp-views\/embedded\/res\/img\/ajax-loader.gif&quot;,&quot;callback_next&quot;:&quot;&quot;,&quot;manage_history&quot;:&quot;disabled&quot;,&quot;has_controls_in_form&quot;:&quot;disabled&quot;,&quot;infinite_tolerance&quot;:&quot;0&quot;,&quot;max_pages&quot;:1,&quot;page&quot;:1,&quot;base_permalink&quot;:&quot;\/fr\/wp-json\/wp\/v2\/pages\/40518?wpv_view_count=619-CPID40315&amp;wpv_paged=WPV_PAGE_NUM&quot;,&quot;loop&quot;:{&quot;type&quot;:&quot;&quot;,&quot;name&quot;:&quot;&quot;,&quot;data&quot;:&#091;&#093;,&quot;id&quot;:0}}\" data-permalink=\"\/fr\/wp-json\/wp\/v2\/pages\/40518?wpv_view_count=619-CPID40315\">\n\n\t\n\t\t<img decoding=\"async\" src=\"https:\/\/brieger.ch\/wp-content\/uploads\/2019\/05\/braun.jpg\" alt=\"brun\" title=\"brun\" class=\"attachment-full\" \/>\n\t\n\t\n<\/div><\/a><\/td>\n\t\t\t\t<td class=\"preisrechts\"><a href=\"https:\/\/brieger.ch\/fr\/product\/45326\/\">0.66<\/a><\/td>\n              \t<td><a  href=\"https:\/\/brieger.ch\/fr\/product\/45326\/\"><\/a><\/td>\n\t\t\t<\/tr><tr class=\"prodselect\" data-href=\"https:\/\/brieger.ch\/fr\/product\/45125\/\">\n\t\t\t\t<td><a class=\"prodimglist\" href=\"https:\/\/brieger.ch\/fr\/product\/45125\/\"><img decoding=\"async\" width=\"100\" height=\"100\" src=\"https:\/\/brieger.ch\/wp-content\/uploads\/2020\/05\/58_25_02-100x100.jpg\" class=\"attachment-shop_thumbnail size-shop_thumbnail wp-post-image\" alt=\"\" srcset=\"https:\/\/brieger.ch\/wp-content\/uploads\/2020\/05\/58_25_02-66x66.jpg 66w, https:\/\/brieger.ch\/wp-content\/uploads\/2020\/05\/58_25_02-100x100.jpg 100w, https:\/\/brieger.ch\/wp-content\/uploads\/2020\/05\/58_25_02-200x200.jpg 200w, https:\/\/brieger.ch\/wp-content\/uploads\/2020\/05\/58_25_02-280x280.jpg 280w, https:\/\/brieger.ch\/wp-content\/uploads\/2020\/05\/58_25_02-400x400.jpg 400w, https:\/\/brieger.ch\/wp-content\/uploads\/2020\/05\/58_25_02-500x500.jpg 500w, https:\/\/brieger.ch\/wp-content\/uploads\/2020\/05\/58_25_02-600x600.jpg 600w, https:\/\/brieger.ch\/wp-content\/uploads\/2020\/05\/58_25_02-700x700.jpg 700w, https:\/\/brieger.ch\/wp-content\/uploads\/2020\/05\/58_25_02-768x768.jpg 768w, https:\/\/brieger.ch\/wp-content\/uploads\/2020\/05\/58_25_02-800x800.jpg 800w, https:\/\/brieger.ch\/wp-content\/uploads\/2020\/05\/58_25_02.jpg 1200w\" sizes=\"(max-width: 100px) 100vw, 100px\" \/><\/a><\/td>\n\t\t\t\t<td class=\"abgr\"><a href=\"https:\/\/brieger.ch\/fr\/product\/45125\/\">45125<\/a><\/td>\n\t\t\t\t<td class=\"zahlrechts abgr\"><a href=\"https:\/\/brieger.ch\/fr\/product\/45125\/\">270<\/a><\/td>\n\t\t\t\t<td class=\"zahlrechts abgr\"><a href=\"https:\/\/brieger.ch\/fr\/product\/45125\/\">185<\/a><\/td>\n                <td class=\"zahlrechts abgr\"><a href=\"https:\/\/brieger.ch\/fr\/product\/45125\/\">0<\/a><\/td>\n                <td class=\"zahlrechts abgr\"><a href=\"https:\/\/brieger.ch\/fr\/product\/45125\/\">40<\/a><\/td>\n\t\t\t\t<td class=\"zahlrechts abgr\"><a href=\"https:\/\/brieger.ch\/fr\/product\/45125\/\"><\/a><\/td>\n\t\t\t\t<td class=\"zahlrechts abgr\"><a href=\"https:\/\/brieger.ch\/fr\/product\/45125\/\">3.0 mm<\/a><\/td>\n\t\t\t\t<td class=\"zahlrechts abgr\"><a href=\"https:\/\/brieger.ch\/fr\/product\/45125\/\"><div id=\"wpv-view-layout-619-CPID40283\" class=\"js-wpv-view-layout js-wpv-layout-responsive js-wpv-view-layout-619-CPID40283\" data-viewnumber=\"619-CPID40283\" data-pagination=\"{&quot;id&quot;:619,&quot;query&quot;:&quot;normal&quot;,&quot;type&quot;:&quot;disabled&quot;,&quot;effect&quot;:&quot;fade&quot;,&quot;duration&quot;:500,&quot;speed&quot;:5,&quot;pause_on_hover&quot;:&quot;disabled&quot;,&quot;stop_rollover&quot;:&quot;false&quot;,&quot;cache_pages&quot;:&quot;enabled&quot;,&quot;preload_images&quot;:&quot;enabled&quot;,&quot;preload_pages&quot;:&quot;enabled&quot;,&quot;preload_reach&quot;:1,&quot;spinner&quot;:&quot;builtin&quot;,&quot;spinner_image&quot;:&quot;https:\/\/brieger.ch\/wp-content\/plugins\/wp-views\/embedded\/res\/img\/ajax-loader.gif&quot;,&quot;callback_next&quot;:&quot;&quot;,&quot;manage_history&quot;:&quot;disabled&quot;,&quot;has_controls_in_form&quot;:&quot;disabled&quot;,&quot;infinite_tolerance&quot;:&quot;0&quot;,&quot;max_pages&quot;:1,&quot;page&quot;:1,&quot;base_permalink&quot;:&quot;\/fr\/wp-json\/wp\/v2\/pages\/40518?wpv_view_count=619-CPID40283&amp;wpv_paged=WPV_PAGE_NUM&quot;,&quot;loop&quot;:{&quot;type&quot;:&quot;&quot;,&quot;name&quot;:&quot;&quot;,&quot;data&quot;:&#091;&#093;,&quot;id&quot;:0}}\" data-permalink=\"\/fr\/wp-json\/wp\/v2\/pages\/40518?wpv_view_count=619-CPID40283\">\n\n\t\n\t\t<img decoding=\"async\" src=\"https:\/\/brieger.ch\/wp-content\/uploads\/2019\/05\/braun.jpg\" alt=\"brun\" title=\"brun\" class=\"attachment-full\" \/>\n\t\n\t\n<\/div><\/a><\/td>\n\t\t\t\t<td class=\"preisrechts\"><a href=\"https:\/\/brieger.ch\/fr\/product\/45125\/\">0.97<\/a><\/td>\n              \t<td><a  href=\"https:\/\/brieger.ch\/fr\/product\/45125\/\"><\/a><\/td>\n\t\t\t<\/tr><tr class=\"prodselect\" data-href=\"https:\/\/brieger.ch\/fr\/product\/44225\/\">\n\t\t\t\t<td><a class=\"prodimglist\" href=\"https:\/\/brieger.ch\/fr\/product\/44225\/\"><img decoding=\"async\" width=\"100\" height=\"100\" src=\"https:\/\/brieger.ch\/wp-content\/uploads\/2020\/05\/44225_1-100x100.jpg\" class=\"attachment-shop_thumbnail size-shop_thumbnail wp-post-image\" alt=\"varitop\" srcset=\"https:\/\/brieger.ch\/wp-content\/uploads\/2020\/05\/44225_1-66x66.jpg 66w, https:\/\/brieger.ch\/wp-content\/uploads\/2020\/05\/44225_1-100x100.jpg 100w, https:\/\/brieger.ch\/wp-content\/uploads\/2020\/05\/44225_1-200x200.jpg 200w, https:\/\/brieger.ch\/wp-content\/uploads\/2020\/05\/44225_1-280x280.jpg 280w, https:\/\/brieger.ch\/wp-content\/uploads\/2020\/05\/44225_1-400x400.jpg 400w, https:\/\/brieger.ch\/wp-content\/uploads\/2020\/05\/44225_1-500x500.jpg 500w, https:\/\/brieger.ch\/wp-content\/uploads\/2020\/05\/44225_1-600x600.jpg 600w, https:\/\/brieger.ch\/wp-content\/uploads\/2020\/05\/44225_1.jpg 700w\" sizes=\"(max-width: 100px) 100vw, 100px\" \/><\/a><\/td>\n\t\t\t\t<td class=\"abgr\"><a href=\"https:\/\/brieger.ch\/fr\/product\/44225\/\">44225<\/a><\/td>\n\t\t\t\t<td class=\"zahlrechts abgr\"><a href=\"https:\/\/brieger.ch\/fr\/product\/44225\/\">270<\/a><\/td>\n\t\t\t\t<td class=\"zahlrechts abgr\"><a href=\"https:\/\/brieger.ch\/fr\/product\/44225\/\">185<\/a><\/td>\n                <td class=\"zahlrechts abgr\"><a href=\"https:\/\/brieger.ch\/fr\/product\/44225\/\">0<\/a><\/td>\n                <td class=\"zahlrechts abgr\"><a href=\"https:\/\/brieger.ch\/fr\/product\/44225\/\">70<\/a><\/td>\n\t\t\t\t<td class=\"zahlrechts abgr\"><a href=\"https:\/\/brieger.ch\/fr\/product\/44225\/\"><\/a><\/td>\n\t\t\t\t<td class=\"zahlrechts abgr\"><a href=\"https:\/\/brieger.ch\/fr\/product\/44225\/\">1.5 mm<\/a><\/td>\n\t\t\t\t<td class=\"zahlrechts abgr\"><a href=\"https:\/\/brieger.ch\/fr\/product\/44225\/\"><div id=\"wpv-view-layout-619-CPID40324\" class=\"js-wpv-view-layout js-wpv-layout-responsive js-wpv-view-layout-619-CPID40324\" data-viewnumber=\"619-CPID40324\" data-pagination=\"{&quot;id&quot;:619,&quot;query&quot;:&quot;normal&quot;,&quot;type&quot;:&quot;disabled&quot;,&quot;effect&quot;:&quot;fade&quot;,&quot;duration&quot;:500,&quot;speed&quot;:5,&quot;pause_on_hover&quot;:&quot;disabled&quot;,&quot;stop_rollover&quot;:&quot;false&quot;,&quot;cache_pages&quot;:&quot;enabled&quot;,&quot;preload_images&quot;:&quot;enabled&quot;,&quot;preload_pages&quot;:&quot;enabled&quot;,&quot;preload_reach&quot;:1,&quot;spinner&quot;:&quot;builtin&quot;,&quot;spinner_image&quot;:&quot;https:\/\/brieger.ch\/wp-content\/plugins\/wp-views\/embedded\/res\/img\/ajax-loader.gif&quot;,&quot;callback_next&quot;:&quot;&quot;,&quot;manage_history&quot;:&quot;disabled&quot;,&quot;has_controls_in_form&quot;:&quot;disabled&quot;,&quot;infinite_tolerance&quot;:&quot;0&quot;,&quot;max_pages&quot;:1,&quot;page&quot;:1,&quot;base_permalink&quot;:&quot;\/fr\/wp-json\/wp\/v2\/pages\/40518?wpv_view_count=619-CPID40324&amp;wpv_paged=WPV_PAGE_NUM&quot;,&quot;loop&quot;:{&quot;type&quot;:&quot;&quot;,&quot;name&quot;:&quot;&quot;,&quot;data&quot;:&#091;&#093;,&quot;id&quot;:0}}\" data-permalink=\"\/fr\/wp-json\/wp\/v2\/pages\/40518?wpv_view_count=619-CPID40324\">\n\n\t\n\t\t<img decoding=\"async\" src=\"https:\/\/brieger.ch\/wp-content\/uploads\/2019\/05\/weiss.jpg\" alt=\"blanc\" title=\"blanc\" class=\"attachment-full\" \/>\n\t\n\t\n<\/div><\/a><\/td>\n\t\t\t\t<td class=\"preisrechts\"><a href=\"https:\/\/brieger.ch\/fr\/product\/44225\/\">1.08<\/a><\/td>\n              \t<td><a  href=\"https:\/\/brieger.ch\/fr\/product\/44225\/\"><\/a><\/td>\n\t\t\t<\/tr><tr class=\"prodselect\" data-href=\"https:\/\/brieger.ch\/fr\/product\/46126\/\">\n\t\t\t\t<td><a class=\"prodimglist\" href=\"https:\/\/brieger.ch\/fr\/product\/46126\/\"><img decoding=\"async\" width=\"100\" height=\"100\" src=\"https:\/\/brieger.ch\/wp-content\/uploads\/2020\/05\/Varivel_78D_NM_01-100x100.jpg\" class=\"attachment-shop_thumbnail size-shop_thumbnail wp-post-image\" alt=\"varivel\" srcset=\"https:\/\/brieger.ch\/wp-content\/uploads\/2020\/05\/Varivel_78D_NM_01-66x66.jpg 66w, https:\/\/brieger.ch\/wp-content\/uploads\/2020\/05\/Varivel_78D_NM_01-100x100.jpg 100w, https:\/\/brieger.ch\/wp-content\/uploads\/2020\/05\/Varivel_78D_NM_01-200x200.jpg 200w, https:\/\/brieger.ch\/wp-content\/uploads\/2020\/05\/Varivel_78D_NM_01-280x280.jpg 280w, https:\/\/brieger.ch\/wp-content\/uploads\/2020\/05\/Varivel_78D_NM_01-400x400.jpg 400w, https:\/\/brieger.ch\/wp-content\/uploads\/2020\/05\/Varivel_78D_NM_01-500x500.jpg 500w, https:\/\/brieger.ch\/wp-content\/uploads\/2020\/05\/Varivel_78D_NM_01-600x600.jpg 600w, https:\/\/brieger.ch\/wp-content\/uploads\/2020\/05\/Varivel_78D_NM_01-700x700.jpg 700w, https:\/\/brieger.ch\/wp-content\/uploads\/2020\/05\/Varivel_78D_NM_01-768x768.jpg 768w, https:\/\/brieger.ch\/wp-content\/uploads\/2020\/05\/Varivel_78D_NM_01-800x800.jpg 800w, https:\/\/brieger.ch\/wp-content\/uploads\/2020\/05\/Varivel_78D_NM_01.jpg 1200w\" sizes=\"(max-width: 100px) 100vw, 100px\" \/><\/a><div class=\"badgegreendiv\"><a class=\"breenbtn\" href=\"https:\/\/brieger.ch\/fr\/product\/46126\/\"><img decoding=\"async\" src=\"https:\/\/brieger.ch\/wp-content\/uploads\/2021\/04\/breen-badge3.png\" alt=\"BREEN\" width=\"33px\" height=\"33px\" \/><\/a><\/div><\/td>\n\t\t\t\t<td class=\"abgr\"><a href=\"https:\/\/brieger.ch\/fr\/product\/46126\/\">56<\/a><\/td>\n\t\t\t\t<td class=\"zahlrechts abgr\"><a href=\"https:\/\/brieger.ch\/fr\/product\/46126\/\">270<\/a><\/td>\n\t\t\t\t<td class=\"zahlrechts abgr\"><a href=\"https:\/\/brieger.ch\/fr\/product\/46126\/\">185<\/a><\/td>\n                <td class=\"zahlrechts abgr\"><a href=\"https:\/\/brieger.ch\/fr\/product\/46126\/\">30<\/a><\/td>\n                <td class=\"zahlrechts abgr\"><a href=\"https:\/\/brieger.ch\/fr\/product\/46126\/\">80<\/a><\/td>\n\t\t\t\t<td class=\"zahlrechts abgr\"><a href=\"https:\/\/brieger.ch\/fr\/product\/46126\/\"><\/a><\/td>\n\t\t\t\t<td class=\"zahlrechts abgr\"><a href=\"https:\/\/brieger.ch\/fr\/product\/46126\/\">3.0 mm<\/a><\/td>\n\t\t\t\t<td class=\"zahlrechts abgr\"><a href=\"https:\/\/brieger.ch\/fr\/product\/46126\/\"><div id=\"wpv-view-layout-619-CPID40339\" class=\"js-wpv-view-layout js-wpv-layout-responsive js-wpv-view-layout-619-CPID40339\" data-viewnumber=\"619-CPID40339\" data-pagination=\"{&quot;id&quot;:619,&quot;query&quot;:&quot;normal&quot;,&quot;type&quot;:&quot;disabled&quot;,&quot;effect&quot;:&quot;fade&quot;,&quot;duration&quot;:500,&quot;speed&quot;:5,&quot;pause_on_hover&quot;:&quot;disabled&quot;,&quot;stop_rollover&quot;:&quot;false&quot;,&quot;cache_pages&quot;:&quot;enabled&quot;,&quot;preload_images&quot;:&quot;enabled&quot;,&quot;preload_pages&quot;:&quot;enabled&quot;,&quot;preload_reach&quot;:1,&quot;spinner&quot;:&quot;builtin&quot;,&quot;spinner_image&quot;:&quot;https:\/\/brieger.ch\/wp-content\/plugins\/wp-views\/embedded\/res\/img\/ajax-loader.gif&quot;,&quot;callback_next&quot;:&quot;&quot;,&quot;manage_history&quot;:&quot;disabled&quot;,&quot;has_controls_in_form&quot;:&quot;disabled&quot;,&quot;infinite_tolerance&quot;:&quot;0&quot;,&quot;max_pages&quot;:1,&quot;page&quot;:1,&quot;base_permalink&quot;:&quot;\/fr\/wp-json\/wp\/v2\/pages\/40518?wpv_view_count=619-CPID40339&amp;wpv_paged=WPV_PAGE_NUM&quot;,&quot;loop&quot;:{&quot;type&quot;:&quot;&quot;,&quot;name&quot;:&quot;&quot;,&quot;data&quot;:&#091;&#093;,&quot;id&quot;:0}}\" data-permalink=\"\/fr\/wp-json\/wp\/v2\/pages\/40518?wpv_view_count=619-CPID40339\">\n\n\t\n\t\t<img decoding=\"async\" src=\"https:\/\/brieger.ch\/wp-content\/uploads\/2019\/05\/braun.jpg\" alt=\"brun\" title=\"brun\" class=\"attachment-full\" \/>\n\t\n\t\n<\/div><\/a><\/td>\n\t\t\t\t<td class=\"preisrechts\"><a href=\"https:\/\/brieger.ch\/fr\/product\/46126\/\">0.97<\/a><\/td>\n              \t<td><a  href=\"https:\/\/brieger.ch\/fr\/product\/46126\/\"><\/a><\/td>\n\t\t\t<\/tr><tr class=\"prodselect\" data-href=\"https:\/\/brieger.ch\/fr\/product\/45127\/\">\n\t\t\t\t<td><a class=\"prodimglist\" href=\"https:\/\/brieger.ch\/fr\/product\/45127\/\"><img decoding=\"async\" width=\"100\" height=\"100\" src=\"https:\/\/brieger.ch\/wp-content\/uploads\/2020\/05\/58_25_02-100x100.jpg\" class=\"attachment-shop_thumbnail size-shop_thumbnail wp-post-image\" alt=\"\" srcset=\"https:\/\/brieger.ch\/wp-content\/uploads\/2020\/05\/58_25_02-66x66.jpg 66w, https:\/\/brieger.ch\/wp-content\/uploads\/2020\/05\/58_25_02-100x100.jpg 100w, https:\/\/brieger.ch\/wp-content\/uploads\/2020\/05\/58_25_02-200x200.jpg 200w, https:\/\/brieger.ch\/wp-content\/uploads\/2020\/05\/58_25_02-280x280.jpg 280w, https:\/\/brieger.ch\/wp-content\/uploads\/2020\/05\/58_25_02-400x400.jpg 400w, https:\/\/brieger.ch\/wp-content\/uploads\/2020\/05\/58_25_02-500x500.jpg 500w, https:\/\/brieger.ch\/wp-content\/uploads\/2020\/05\/58_25_02-600x600.jpg 600w, https:\/\/brieger.ch\/wp-content\/uploads\/2020\/05\/58_25_02-700x700.jpg 700w, https:\/\/brieger.ch\/wp-content\/uploads\/2020\/05\/58_25_02-768x768.jpg 768w, https:\/\/brieger.ch\/wp-content\/uploads\/2020\/05\/58_25_02-800x800.jpg 800w, https:\/\/brieger.ch\/wp-content\/uploads\/2020\/05\/58_25_02.jpg 1200w\" sizes=\"(max-width: 100px) 100vw, 100px\" \/><\/a><\/td>\n\t\t\t\t<td class=\"abgr\"><a href=\"https:\/\/brieger.ch\/fr\/product\/45127\/\">45127<\/a><\/td>\n\t\t\t\t<td class=\"zahlrechts abgr\"><a href=\"https:\/\/brieger.ch\/fr\/product\/45127\/\">275<\/a><\/td>\n\t\t\t\t<td class=\"zahlrechts abgr\"><a href=\"https:\/\/brieger.ch\/fr\/product\/45127\/\">245<\/a><\/td>\n                <td class=\"zahlrechts abgr\"><a href=\"https:\/\/brieger.ch\/fr\/product\/45127\/\">0<\/a><\/td>\n                <td class=\"zahlrechts abgr\"><a href=\"https:\/\/brieger.ch\/fr\/product\/45127\/\">60<\/a><\/td>\n\t\t\t\t<td class=\"zahlrechts abgr\"><a href=\"https:\/\/brieger.ch\/fr\/product\/45127\/\"><\/a><\/td>\n\t\t\t\t<td class=\"zahlrechts abgr\"><a href=\"https:\/\/brieger.ch\/fr\/product\/45127\/\">3.0 mm<\/a><\/td>\n\t\t\t\t<td class=\"zahlrechts abgr\"><a href=\"https:\/\/brieger.ch\/fr\/product\/45127\/\"><div id=\"wpv-view-layout-619-CPID40285\" class=\"js-wpv-view-layout js-wpv-layout-responsive js-wpv-view-layout-619-CPID40285\" data-viewnumber=\"619-CPID40285\" data-pagination=\"{&quot;id&quot;:619,&quot;query&quot;:&quot;normal&quot;,&quot;type&quot;:&quot;disabled&quot;,&quot;effect&quot;:&quot;fade&quot;,&quot;duration&quot;:500,&quot;speed&quot;:5,&quot;pause_on_hover&quot;:&quot;disabled&quot;,&quot;stop_rollover&quot;:&quot;false&quot;,&quot;cache_pages&quot;:&quot;enabled&quot;,&quot;preload_images&quot;:&quot;enabled&quot;,&quot;preload_pages&quot;:&quot;enabled&quot;,&quot;preload_reach&quot;:1,&quot;spinner&quot;:&quot;builtin&quot;,&quot;spinner_image&quot;:&quot;https:\/\/brieger.ch\/wp-content\/plugins\/wp-views\/embedded\/res\/img\/ajax-loader.gif&quot;,&quot;callback_next&quot;:&quot;&quot;,&quot;manage_history&quot;:&quot;disabled&quot;,&quot;has_controls_in_form&quot;:&quot;disabled&quot;,&quot;infinite_tolerance&quot;:&quot;0&quot;,&quot;max_pages&quot;:1,&quot;page&quot;:1,&quot;base_permalink&quot;:&quot;\/fr\/wp-json\/wp\/v2\/pages\/40518?wpv_view_count=619-CPID40285&amp;wpv_paged=WPV_PAGE_NUM&quot;,&quot;loop&quot;:{&quot;type&quot;:&quot;&quot;,&quot;name&quot;:&quot;&quot;,&quot;data&quot;:&#091;&#093;,&quot;id&quot;:0}}\" data-permalink=\"\/fr\/wp-json\/wp\/v2\/pages\/40518?wpv_view_count=619-CPID40285\">\n\n\t\n\t\t<img decoding=\"async\" src=\"https:\/\/brieger.ch\/wp-content\/uploads\/2019\/05\/braun.jpg\" alt=\"brun\" title=\"brun\" class=\"attachment-full\" \/>\n\t\n\t\n<\/div><\/a><\/td>\n\t\t\t\t<td class=\"preisrechts\"><a href=\"https:\/\/brieger.ch\/fr\/product\/45127\/\">1.39<\/a><\/td>\n              \t<td><a  href=\"https:\/\/brieger.ch\/fr\/product\/45127\/\"><\/a><\/td>\n\t\t\t<\/tr><tr class=\"prodselect\" data-href=\"https:\/\/brieger.ch\/fr\/product\/46428\/\">\n\t\t\t\t<td><a class=\"prodimglist\" href=\"https:\/\/brieger.ch\/fr\/product\/46428\/\"><img decoding=\"async\" width=\"100\" height=\"100\" src=\"https:\/\/brieger.ch\/wp-content\/uploads\/2020\/05\/140-100x100.jpg\" class=\"attachment-shop_thumbnail size-shop_thumbnail wp-post-image\" alt=\"\" srcset=\"https:\/\/brieger.ch\/wp-content\/uploads\/2020\/05\/140-66x66.jpg 66w, https:\/\/brieger.ch\/wp-content\/uploads\/2020\/05\/140-100x100.jpg 100w, https:\/\/brieger.ch\/wp-content\/uploads\/2020\/05\/140-200x200.jpg 200w, https:\/\/brieger.ch\/wp-content\/uploads\/2020\/05\/140-280x280.jpg 280w, https:\/\/brieger.ch\/wp-content\/uploads\/2020\/05\/140-400x400.jpg 400w, https:\/\/brieger.ch\/wp-content\/uploads\/2020\/05\/140-500x500.jpg 500w, https:\/\/brieger.ch\/wp-content\/uploads\/2020\/05\/140-600x600.jpg 600w, https:\/\/brieger.ch\/wp-content\/uploads\/2020\/05\/140.jpg 650w\" sizes=\"(max-width: 100px) 100vw, 100px\" \/><\/a><div class=\"badgegreendiv\"><a class=\"breenbtn\" href=\"https:\/\/brieger.ch\/fr\/product\/46428\/\"><img decoding=\"async\" src=\"https:\/\/brieger.ch\/wp-content\/uploads\/2021\/04\/breen-badge3.png\" alt=\"BREEN\" width=\"33px\" height=\"33px\" \/><\/a><\/div><\/td>\n\t\t\t\t<td class=\"abgr\"><a href=\"https:\/\/brieger.ch\/fr\/product\/46428\/\">46428<\/a><\/td>\n\t\t\t\t<td class=\"zahlrechts abgr\"><a href=\"https:\/\/brieger.ch\/fr\/product\/46428\/\">300<\/a><\/td>\n\t\t\t\t<td class=\"zahlrechts abgr\"><a href=\"https:\/\/brieger.ch\/fr\/product\/46428\/\">210<\/a><\/td>\n                <td class=\"zahlrechts abgr\"><a href=\"https:\/\/brieger.ch\/fr\/product\/46428\/\">50<\/a><\/td>\n                <td class=\"zahlrechts abgr\"><a href=\"https:\/\/brieger.ch\/fr\/product\/46428\/\">110<\/a><\/td>\n\t\t\t\t<td class=\"zahlrechts abgr\"><a href=\"https:\/\/brieger.ch\/fr\/product\/46428\/\">A4<\/a><\/td>\n\t\t\t\t<td class=\"zahlrechts abgr\"><a href=\"https:\/\/brieger.ch\/fr\/product\/46428\/\">3.0 mm<\/a><\/td>\n\t\t\t\t<td class=\"zahlrechts abgr\"><a href=\"https:\/\/brieger.ch\/fr\/product\/46428\/\"><div id=\"wpv-view-layout-619-CPID78103\" class=\"js-wpv-view-layout js-wpv-layout-responsive js-wpv-view-layout-619-CPID78103\" data-viewnumber=\"619-CPID78103\" data-pagination=\"{&quot;id&quot;:619,&quot;query&quot;:&quot;normal&quot;,&quot;type&quot;:&quot;disabled&quot;,&quot;effect&quot;:&quot;fade&quot;,&quot;duration&quot;:500,&quot;speed&quot;:5,&quot;pause_on_hover&quot;:&quot;disabled&quot;,&quot;stop_rollover&quot;:&quot;false&quot;,&quot;cache_pages&quot;:&quot;enabled&quot;,&quot;preload_images&quot;:&quot;enabled&quot;,&quot;preload_pages&quot;:&quot;enabled&quot;,&quot;preload_reach&quot;:1,&quot;spinner&quot;:&quot;builtin&quot;,&quot;spinner_image&quot;:&quot;https:\/\/brieger.ch\/wp-content\/plugins\/wp-views\/embedded\/res\/img\/ajax-loader.gif&quot;,&quot;callback_next&quot;:&quot;&quot;,&quot;manage_history&quot;:&quot;disabled&quot;,&quot;has_controls_in_form&quot;:&quot;disabled&quot;,&quot;infinite_tolerance&quot;:&quot;0&quot;,&quot;max_pages&quot;:1,&quot;page&quot;:1,&quot;base_permalink&quot;:&quot;\/fr\/wp-json\/wp\/v2\/pages\/40518?wpv_view_count=619-CPID78103&amp;wpv_paged=WPV_PAGE_NUM&quot;,&quot;loop&quot;:{&quot;type&quot;:&quot;&quot;,&quot;name&quot;:&quot;&quot;,&quot;data&quot;:&#091;&#093;,&quot;id&quot;:0}}\" data-permalink=\"\/fr\/wp-json\/wp\/v2\/pages\/40518?wpv_view_count=619-CPID78103\">\n\n\t\n\t\t<img decoding=\"async\" src=\"https:\/\/brieger.ch\/wp-content\/uploads\/2019\/05\/braun.jpg\" alt=\"brun\" title=\"brun\" class=\"attachment-full\" \/>\n\t\n\t\n<\/div><\/a><\/td>\n\t\t\t\t<td class=\"preisrechts\"><a href=\"https:\/\/brieger.ch\/fr\/product\/46428\/\">1.23<\/a><\/td>\n              \t<td><a  href=\"https:\/\/brieger.ch\/fr\/product\/46428\/\"><\/a><\/td>\n\t\t\t<\/tr><tr class=\"prodselect\" data-href=\"https:\/\/brieger.ch\/fr\/product\/45534\/\">\n\t\t\t\t<td><a class=\"prodimglist\" href=\"https:\/\/brieger.ch\/fr\/product\/45534\/\"><img decoding=\"async\" width=\"100\" height=\"100\" src=\"https:\/\/brieger.ch\/wp-content\/uploads\/2020\/05\/45524_01-100x100.jpg\" class=\"attachment-shop_thumbnail size-shop_thumbnail wp-post-image\" alt=\"\" srcset=\"https:\/\/brieger.ch\/wp-content\/uploads\/2020\/05\/45524_01-66x66.jpg 66w, https:\/\/brieger.ch\/wp-content\/uploads\/2020\/05\/45524_01-100x100.jpg 100w, https:\/\/brieger.ch\/wp-content\/uploads\/2020\/05\/45524_01-200x200.jpg 200w, https:\/\/brieger.ch\/wp-content\/uploads\/2020\/05\/45524_01-280x280.jpg 280w, https:\/\/brieger.ch\/wp-content\/uploads\/2020\/05\/45524_01-400x400.jpg 400w, https:\/\/brieger.ch\/wp-content\/uploads\/2020\/05\/45524_01-500x500.jpg 500w, https:\/\/brieger.ch\/wp-content\/uploads\/2020\/05\/45524_01-600x600.jpg 600w, https:\/\/brieger.ch\/wp-content\/uploads\/2020\/05\/45524_01-700x700.jpg 700w, https:\/\/brieger.ch\/wp-content\/uploads\/2020\/05\/45524_01-768x768.jpg 768w, https:\/\/brieger.ch\/wp-content\/uploads\/2020\/05\/45524_01-800x800.jpg 800w, https:\/\/brieger.ch\/wp-content\/uploads\/2020\/05\/45524_01.jpg 1200w\" sizes=\"(max-width: 100px) 100vw, 100px\" \/><\/a><\/td>\n\t\t\t\t<td class=\"abgr\"><a href=\"https:\/\/brieger.ch\/fr\/product\/45534\/\">45534<\/a><\/td>\n\t\t\t\t<td class=\"zahlrechts abgr\"><a href=\"https:\/\/brieger.ch\/fr\/product\/45534\/\">305<\/a><\/td>\n\t\t\t\t<td class=\"zahlrechts abgr\"><a href=\"https:\/\/brieger.ch\/fr\/product\/45534\/\">215<\/a><\/td>\n                <td class=\"zahlrechts abgr\"><a href=\"https:\/\/brieger.ch\/fr\/product\/45534\/\">0<\/a><\/td>\n                <td class=\"zahlrechts abgr\"><a href=\"https:\/\/brieger.ch\/fr\/product\/45534\/\">45<\/a><\/td>\n\t\t\t\t<td class=\"zahlrechts abgr\"><a href=\"https:\/\/brieger.ch\/fr\/product\/45534\/\">A4<\/a><\/td>\n\t\t\t\t<td class=\"zahlrechts abgr\"><a href=\"https:\/\/brieger.ch\/fr\/product\/45534\/\">1.5 mm<\/a><\/td>\n\t\t\t\t<td class=\"zahlrechts abgr\"><a href=\"https:\/\/brieger.ch\/fr\/product\/45534\/\"><div id=\"wpv-view-layout-619-CPID40357\" class=\"js-wpv-view-layout js-wpv-layout-responsive js-wpv-view-layout-619-CPID40357\" data-viewnumber=\"619-CPID40357\" data-pagination=\"{&quot;id&quot;:619,&quot;query&quot;:&quot;normal&quot;,&quot;type&quot;:&quot;disabled&quot;,&quot;effect&quot;:&quot;fade&quot;,&quot;duration&quot;:500,&quot;speed&quot;:5,&quot;pause_on_hover&quot;:&quot;disabled&quot;,&quot;stop_rollover&quot;:&quot;false&quot;,&quot;cache_pages&quot;:&quot;enabled&quot;,&quot;preload_images&quot;:&quot;enabled&quot;,&quot;preload_pages&quot;:&quot;enabled&quot;,&quot;preload_reach&quot;:1,&quot;spinner&quot;:&quot;builtin&quot;,&quot;spinner_image&quot;:&quot;https:\/\/brieger.ch\/wp-content\/plugins\/wp-views\/embedded\/res\/img\/ajax-loader.gif&quot;,&quot;callback_next&quot;:&quot;&quot;,&quot;manage_history&quot;:&quot;disabled&quot;,&quot;has_controls_in_form&quot;:&quot;disabled&quot;,&quot;infinite_tolerance&quot;:&quot;0&quot;,&quot;max_pages&quot;:1,&quot;page&quot;:1,&quot;base_permalink&quot;:&quot;\/fr\/wp-json\/wp\/v2\/pages\/40518?wpv_view_count=619-CPID40357&amp;wpv_paged=WPV_PAGE_NUM&quot;,&quot;loop&quot;:{&quot;type&quot;:&quot;&quot;,&quot;name&quot;:&quot;&quot;,&quot;data&quot;:&#091;&#093;,&quot;id&quot;:0}}\" data-permalink=\"\/fr\/wp-json\/wp\/v2\/pages\/40518?wpv_view_count=619-CPID40357\">\n\n\t\n\t\t<img decoding=\"async\" src=\"https:\/\/brieger.ch\/wp-content\/uploads\/2019\/05\/schwarz.jpg\" alt=\"noir\" title=\"noir\" class=\"attachment-full\" \/>\n\t\n\t\n<\/div><\/a><\/td>\n\t\t\t\t<td class=\"preisrechts\"><a href=\"https:\/\/brieger.ch\/fr\/product\/45534\/\">2.88<\/a><\/td>\n              \t<td><a  href=\"https:\/\/brieger.ch\/fr\/product\/45534\/\"><\/a><\/td>\n\t\t\t<\/tr><tr class=\"prodselect\" data-href=\"https:\/\/brieger.ch\/fr\/product\/45730\/\">\n\t\t\t\t<td><a class=\"prodimglist\" href=\"https:\/\/brieger.ch\/fr\/product\/45730\/\"><img decoding=\"async\" width=\"100\" height=\"100\" src=\"https:\/\/brieger.ch\/wp-content\/uploads\/2020\/05\/58_25_02-100x100.jpg\" class=\"attachment-shop_thumbnail size-shop_thumbnail wp-post-image\" alt=\"\" srcset=\"https:\/\/brieger.ch\/wp-content\/uploads\/2020\/05\/58_25_02-66x66.jpg 66w, https:\/\/brieger.ch\/wp-content\/uploads\/2020\/05\/58_25_02-100x100.jpg 100w, https:\/\/brieger.ch\/wp-content\/uploads\/2020\/05\/58_25_02-200x200.jpg 200w, https:\/\/brieger.ch\/wp-content\/uploads\/2020\/05\/58_25_02-280x280.jpg 280w, https:\/\/brieger.ch\/wp-content\/uploads\/2020\/05\/58_25_02-400x400.jpg 400w, https:\/\/brieger.ch\/wp-content\/uploads\/2020\/05\/58_25_02-500x500.jpg 500w, https:\/\/brieger.ch\/wp-content\/uploads\/2020\/05\/58_25_02-600x600.jpg 600w, https:\/\/brieger.ch\/wp-content\/uploads\/2020\/05\/58_25_02-700x700.jpg 700w, https:\/\/brieger.ch\/wp-content\/uploads\/2020\/05\/58_25_02-768x768.jpg 768w, https:\/\/brieger.ch\/wp-content\/uploads\/2020\/05\/58_25_02-800x800.jpg 800w, https:\/\/brieger.ch\/wp-content\/uploads\/2020\/05\/58_25_02.jpg 1200w\" sizes=\"(max-width: 100px) 100vw, 100px\" \/><\/a><\/td>\n\t\t\t\t<td class=\"abgr\"><a href=\"https:\/\/brieger.ch\/fr\/product\/45730\/\">45730<\/a><\/td>\n\t\t\t\t<td class=\"zahlrechts abgr\"><a href=\"https:\/\/brieger.ch\/fr\/product\/45730\/\">305<\/a><\/td>\n\t\t\t\t<td class=\"zahlrechts abgr\"><a href=\"https:\/\/brieger.ch\/fr\/product\/45730\/\">215<\/a><\/td>\n                <td class=\"zahlrechts abgr\"><a href=\"https:\/\/brieger.ch\/fr\/product\/45730\/\">0<\/a><\/td>\n                <td class=\"zahlrechts abgr\"><a href=\"https:\/\/brieger.ch\/fr\/product\/45730\/\">60<\/a><\/td>\n\t\t\t\t<td class=\"zahlrechts abgr\"><a href=\"https:\/\/brieger.ch\/fr\/product\/45730\/\">A4<\/a><\/td>\n\t\t\t\t<td class=\"zahlrechts abgr\"><a href=\"https:\/\/brieger.ch\/fr\/product\/45730\/\">2.2 mm<\/a><\/td>\n\t\t\t\t<td class=\"zahlrechts abgr\"><a href=\"https:\/\/brieger.ch\/fr\/product\/45730\/\"><div id=\"wpv-view-layout-619-CPID40286\" class=\"js-wpv-view-layout js-wpv-layout-responsive js-wpv-view-layout-619-CPID40286\" data-viewnumber=\"619-CPID40286\" data-pagination=\"{&quot;id&quot;:619,&quot;query&quot;:&quot;normal&quot;,&quot;type&quot;:&quot;disabled&quot;,&quot;effect&quot;:&quot;fade&quot;,&quot;duration&quot;:500,&quot;speed&quot;:5,&quot;pause_on_hover&quot;:&quot;disabled&quot;,&quot;stop_rollover&quot;:&quot;false&quot;,&quot;cache_pages&quot;:&quot;enabled&quot;,&quot;preload_images&quot;:&quot;enabled&quot;,&quot;preload_pages&quot;:&quot;enabled&quot;,&quot;preload_reach&quot;:1,&quot;spinner&quot;:&quot;builtin&quot;,&quot;spinner_image&quot;:&quot;https:\/\/brieger.ch\/wp-content\/plugins\/wp-views\/embedded\/res\/img\/ajax-loader.gif&quot;,&quot;callback_next&quot;:&quot;&quot;,&quot;manage_history&quot;:&quot;disabled&quot;,&quot;has_controls_in_form&quot;:&quot;disabled&quot;,&quot;infinite_tolerance&quot;:&quot;0&quot;,&quot;max_pages&quot;:1,&quot;page&quot;:1,&quot;base_permalink&quot;:&quot;\/fr\/wp-json\/wp\/v2\/pages\/40518?wpv_view_count=619-CPID40286&amp;wpv_paged=WPV_PAGE_NUM&quot;,&quot;loop&quot;:{&quot;type&quot;:&quot;&quot;,&quot;name&quot;:&quot;&quot;,&quot;data&quot;:&#091;&#093;,&quot;id&quot;:0}}\" data-permalink=\"\/fr\/wp-json\/wp\/v2\/pages\/40518?wpv_view_count=619-CPID40286\">\n\n\t\n\t\t<img decoding=\"async\" src=\"https:\/\/brieger.ch\/wp-content\/uploads\/2019\/05\/braun.jpg\" alt=\"brun\" title=\"brun\" class=\"attachment-full\" \/>\n\t\n\t\n<\/div><\/a><\/td>\n\t\t\t\t<td class=\"preisrechts\"><a href=\"https:\/\/brieger.ch\/fr\/product\/45730\/\">0.84<\/a><\/td>\n              \t<td><a  href=\"https:\/\/brieger.ch\/fr\/product\/45730\/\"><\/a><\/td>\n\t\t\t<\/tr><tr class=\"prodselect\" data-href=\"https:\/\/brieger.ch\/fr\/product\/45331\/\">\n\t\t\t\t<td><a class=\"prodimglist\" href=\"https:\/\/brieger.ch\/fr\/product\/45331\/\"><img decoding=\"async\" width=\"1772\" height=\"1181\" src=\"https:\/\/brieger.ch\/wp-content\/uploads\/2020\/07\/Universalverpackung_45317-1.jpg\" class=\"attachment-shop_thumbnail size-shop_thumbnail wp-post-image\" alt=\"varifix\" srcset=\"https:\/\/brieger.ch\/wp-content\/uploads\/2020\/07\/Universalverpackung_45317-1-200x133.jpg 200w, https:\/\/brieger.ch\/wp-content\/uploads\/2020\/07\/Universalverpackung_45317-1-400x267.jpg 400w, https:\/\/brieger.ch\/wp-content\/uploads\/2020\/07\/Universalverpackung_45317-1-500x333.jpg 500w, https:\/\/brieger.ch\/wp-content\/uploads\/2020\/07\/Universalverpackung_45317-1-600x400.jpg 600w, https:\/\/brieger.ch\/wp-content\/uploads\/2020\/07\/Universalverpackung_45317-1-700x467.jpg 700w, https:\/\/brieger.ch\/wp-content\/uploads\/2020\/07\/Universalverpackung_45317-1-768x512.jpg 768w, https:\/\/brieger.ch\/wp-content\/uploads\/2020\/07\/Universalverpackung_45317-1-800x533.jpg 800w, https:\/\/brieger.ch\/wp-content\/uploads\/2020\/07\/Universalverpackung_45317-1-1200x800.jpg 1200w, https:\/\/brieger.ch\/wp-content\/uploads\/2020\/07\/Universalverpackung_45317-1-1536x1024.jpg 1536w, https:\/\/brieger.ch\/wp-content\/uploads\/2020\/07\/Universalverpackung_45317-1.jpg 1772w\" sizes=\"(max-width: 1772px) 100vw, 1772px\" \/><\/a><\/td>\n\t\t\t\t<td class=\"abgr\"><a href=\"https:\/\/brieger.ch\/fr\/product\/45331\/\">45331<\/a><\/td>\n\t\t\t\t<td class=\"zahlrechts abgr\"><a href=\"https:\/\/brieger.ch\/fr\/product\/45331\/\">305<\/a><\/td>\n\t\t\t\t<td class=\"zahlrechts abgr\"><a href=\"https:\/\/brieger.ch\/fr\/product\/45331\/\">215<\/a><\/td>\n                <td class=\"zahlrechts abgr\"><a href=\"https:\/\/brieger.ch\/fr\/product\/45331\/\">0<\/a><\/td>\n                <td class=\"zahlrechts abgr\"><a href=\"https:\/\/brieger.ch\/fr\/product\/45331\/\">90<\/a><\/td>\n\t\t\t\t<td class=\"zahlrechts abgr\"><a href=\"https:\/\/brieger.ch\/fr\/product\/45331\/\"><\/a><\/td>\n\t\t\t\t<td class=\"zahlrechts abgr\"><a href=\"https:\/\/brieger.ch\/fr\/product\/45331\/\">1.5 mm<\/a><\/td>\n\t\t\t\t<td class=\"zahlrechts abgr\"><a href=\"https:\/\/brieger.ch\/fr\/product\/45331\/\"><div id=\"wpv-view-layout-619-CPID40316\" class=\"js-wpv-view-layout js-wpv-layout-responsive js-wpv-view-layout-619-CPID40316\" data-viewnumber=\"619-CPID40316\" data-pagination=\"{&quot;id&quot;:619,&quot;query&quot;:&quot;normal&quot;,&quot;type&quot;:&quot;disabled&quot;,&quot;effect&quot;:&quot;fade&quot;,&quot;duration&quot;:500,&quot;speed&quot;:5,&quot;pause_on_hover&quot;:&quot;disabled&quot;,&quot;stop_rollover&quot;:&quot;false&quot;,&quot;cache_pages&quot;:&quot;enabled&quot;,&quot;preload_images&quot;:&quot;enabled&quot;,&quot;preload_pages&quot;:&quot;enabled&quot;,&quot;preload_reach&quot;:1,&quot;spinner&quot;:&quot;builtin&quot;,&quot;spinner_image&quot;:&quot;https:\/\/brieger.ch\/wp-content\/plugins\/wp-views\/embedded\/res\/img\/ajax-loader.gif&quot;,&quot;callback_next&quot;:&quot;&quot;,&quot;manage_history&quot;:&quot;disabled&quot;,&quot;has_controls_in_form&quot;:&quot;disabled&quot;,&quot;infinite_tolerance&quot;:&quot;0&quot;,&quot;max_pages&quot;:1,&quot;page&quot;:1,&quot;base_permalink&quot;:&quot;\/fr\/wp-json\/wp\/v2\/pages\/40518?wpv_view_count=619-CPID40316&amp;wpv_paged=WPV_PAGE_NUM&quot;,&quot;loop&quot;:{&quot;type&quot;:&quot;&quot;,&quot;name&quot;:&quot;&quot;,&quot;data&quot;:&#091;&#093;,&quot;id&quot;:0}}\" data-permalink=\"\/fr\/wp-json\/wp\/v2\/pages\/40518?wpv_view_count=619-CPID40316\">\n\n\t\n\t\t<img decoding=\"async\" src=\"https:\/\/brieger.ch\/wp-content\/uploads\/2019\/05\/braun.jpg\" alt=\"brun\" title=\"brun\" class=\"attachment-full\" \/>\n\t\n\t\n<\/div><\/a><\/td>\n\t\t\t\t<td class=\"preisrechts\"><a href=\"https:\/\/brieger.ch\/fr\/product\/45331\/\">0.81<\/a><\/td>\n              \t<td><a  href=\"https:\/\/brieger.ch\/fr\/product\/45331\/\"><\/a><\/td>\n\t\t\t<\/tr><tr class=\"prodselect\" data-href=\"https:\/\/brieger.ch\/fr\/product\/45131\/\">\n\t\t\t\t<td><a class=\"prodimglist\" href=\"https:\/\/brieger.ch\/fr\/product\/45131\/\"><img decoding=\"async\" width=\"100\" height=\"100\" src=\"https:\/\/brieger.ch\/wp-content\/uploads\/2020\/05\/58_25_02-100x100.jpg\" class=\"attachment-shop_thumbnail size-shop_thumbnail wp-post-image\" alt=\"\" srcset=\"https:\/\/brieger.ch\/wp-content\/uploads\/2020\/05\/58_25_02-66x66.jpg 66w, https:\/\/brieger.ch\/wp-content\/uploads\/2020\/05\/58_25_02-100x100.jpg 100w, https:\/\/brieger.ch\/wp-content\/uploads\/2020\/05\/58_25_02-200x200.jpg 200w, https:\/\/brieger.ch\/wp-content\/uploads\/2020\/05\/58_25_02-280x280.jpg 280w, https:\/\/brieger.ch\/wp-content\/uploads\/2020\/05\/58_25_02-400x400.jpg 400w, https:\/\/brieger.ch\/wp-content\/uploads\/2020\/05\/58_25_02-500x500.jpg 500w, https:\/\/brieger.ch\/wp-content\/uploads\/2020\/05\/58_25_02-600x600.jpg 600w, https:\/\/brieger.ch\/wp-content\/uploads\/2020\/05\/58_25_02-700x700.jpg 700w, https:\/\/brieger.ch\/wp-content\/uploads\/2020\/05\/58_25_02-768x768.jpg 768w, https:\/\/brieger.ch\/wp-content\/uploads\/2020\/05\/58_25_02-800x800.jpg 800w, https:\/\/brieger.ch\/wp-content\/uploads\/2020\/05\/58_25_02.jpg 1200w\" sizes=\"(max-width: 100px) 100vw, 100px\" \/><\/a><\/td>\n\t\t\t\t<td class=\"abgr\"><a href=\"https:\/\/brieger.ch\/fr\/product\/45131\/\">45131<\/a><\/td>\n\t\t\t\t<td class=\"zahlrechts abgr\"><a href=\"https:\/\/brieger.ch\/fr\/product\/45131\/\">305<\/a><\/td>\n\t\t\t\t<td class=\"zahlrechts abgr\"><a href=\"https:\/\/brieger.ch\/fr\/product\/45131\/\">215<\/a><\/td>\n                <td class=\"zahlrechts abgr\"><a href=\"https:\/\/brieger.ch\/fr\/product\/45131\/\">35<\/a><\/td>\n                <td class=\"zahlrechts abgr\"><a href=\"https:\/\/brieger.ch\/fr\/product\/45131\/\">90<\/a><\/td>\n\t\t\t\t<td class=\"zahlrechts abgr\"><a href=\"https:\/\/brieger.ch\/fr\/product\/45131\/\">A4<\/a><\/td>\n\t\t\t\t<td class=\"zahlrechts abgr\"><a href=\"https:\/\/brieger.ch\/fr\/product\/45131\/\">3.0 mm<\/a><\/td>\n\t\t\t\t<td class=\"zahlrechts abgr\"><a href=\"https:\/\/brieger.ch\/fr\/product\/45131\/\"><div id=\"wpv-view-layout-619-CPID40287\" class=\"js-wpv-view-layout js-wpv-layout-responsive js-wpv-view-layout-619-CPID40287\" data-viewnumber=\"619-CPID40287\" data-pagination=\"{&quot;id&quot;:619,&quot;query&quot;:&quot;normal&quot;,&quot;type&quot;:&quot;disabled&quot;,&quot;effect&quot;:&quot;fade&quot;,&quot;duration&quot;:500,&quot;speed&quot;:5,&quot;pause_on_hover&quot;:&quot;disabled&quot;,&quot;stop_rollover&quot;:&quot;false&quot;,&quot;cache_pages&quot;:&quot;enabled&quot;,&quot;preload_images&quot;:&quot;enabled&quot;,&quot;preload_pages&quot;:&quot;enabled&quot;,&quot;preload_reach&quot;:1,&quot;spinner&quot;:&quot;builtin&quot;,&quot;spinner_image&quot;:&quot;https:\/\/brieger.ch\/wp-content\/plugins\/wp-views\/embedded\/res\/img\/ajax-loader.gif&quot;,&quot;callback_next&quot;:&quot;&quot;,&quot;manage_history&quot;:&quot;disabled&quot;,&quot;has_controls_in_form&quot;:&quot;disabled&quot;,&quot;infinite_tolerance&quot;:&quot;0&quot;,&quot;max_pages&quot;:1,&quot;page&quot;:1,&quot;base_permalink&quot;:&quot;\/fr\/wp-json\/wp\/v2\/pages\/40518?wpv_view_count=619-CPID40287&amp;wpv_paged=WPV_PAGE_NUM&quot;,&quot;loop&quot;:{&quot;type&quot;:&quot;&quot;,&quot;name&quot;:&quot;&quot;,&quot;data&quot;:&#091;&#093;,&quot;id&quot;:0}}\" data-permalink=\"\/fr\/wp-json\/wp\/v2\/pages\/40518?wpv_view_count=619-CPID40287\">\n\n\t\n\t\t<img decoding=\"async\" src=\"https:\/\/brieger.ch\/wp-content\/uploads\/2019\/05\/braun.jpg\" alt=\"brun\" title=\"brun\" class=\"attachment-full\" \/>\n\t\n\t\n<\/div><\/a><\/td>\n\t\t\t\t<td class=\"preisrechts\"><a href=\"https:\/\/brieger.ch\/fr\/product\/45131\/\">0.87<\/a><\/td>\n              \t<td><a  href=\"https:\/\/brieger.ch\/fr\/product\/45131\/\"><\/a><\/td>\n\t\t\t<\/tr><tr class=\"prodselect\" data-href=\"https:\/\/brieger.ch\/fr\/product\/45133\/\">\n\t\t\t\t<td><a class=\"prodimglist\" href=\"https:\/\/brieger.ch\/fr\/product\/45133\/\"><img decoding=\"async\" width=\"100\" height=\"100\" src=\"https:\/\/brieger.ch\/wp-content\/uploads\/2020\/05\/58_25_02-100x100.jpg\" class=\"attachment-shop_thumbnail size-shop_thumbnail wp-post-image\" alt=\"\" srcset=\"https:\/\/brieger.ch\/wp-content\/uploads\/2020\/05\/58_25_02-66x66.jpg 66w, https:\/\/brieger.ch\/wp-content\/uploads\/2020\/05\/58_25_02-100x100.jpg 100w, https:\/\/brieger.ch\/wp-content\/uploads\/2020\/05\/58_25_02-200x200.jpg 200w, https:\/\/brieger.ch\/wp-content\/uploads\/2020\/05\/58_25_02-280x280.jpg 280w, https:\/\/brieger.ch\/wp-content\/uploads\/2020\/05\/58_25_02-400x400.jpg 400w, https:\/\/brieger.ch\/wp-content\/uploads\/2020\/05\/58_25_02-500x500.jpg 500w, https:\/\/brieger.ch\/wp-content\/uploads\/2020\/05\/58_25_02-600x600.jpg 600w, https:\/\/brieger.ch\/wp-content\/uploads\/2020\/05\/58_25_02-700x700.jpg 700w, https:\/\/brieger.ch\/wp-content\/uploads\/2020\/05\/58_25_02-768x768.jpg 768w, https:\/\/brieger.ch\/wp-content\/uploads\/2020\/05\/58_25_02-800x800.jpg 800w, https:\/\/brieger.ch\/wp-content\/uploads\/2020\/05\/58_25_02.jpg 1200w\" sizes=\"(max-width: 100px) 100vw, 100px\" \/><\/a><\/td>\n\t\t\t\t<td class=\"abgr\"><a href=\"https:\/\/brieger.ch\/fr\/product\/45133\/\">45133<\/a><\/td>\n\t\t\t\t<td class=\"zahlrechts abgr\"><a href=\"https:\/\/brieger.ch\/fr\/product\/45133\/\">305<\/a><\/td>\n\t\t\t\t<td class=\"zahlrechts abgr\"><a href=\"https:\/\/brieger.ch\/fr\/product\/45133\/\">240<\/a><\/td>\n                <td class=\"zahlrechts abgr\"><a href=\"https:\/\/brieger.ch\/fr\/product\/45133\/\">0<\/a><\/td>\n                <td class=\"zahlrechts abgr\"><a href=\"https:\/\/brieger.ch\/fr\/product\/45133\/\">60<\/a><\/td>\n\t\t\t\t<td class=\"zahlrechts abgr\"><a href=\"https:\/\/brieger.ch\/fr\/product\/45133\/\"><\/a><\/td>\n\t\t\t\t<td class=\"zahlrechts abgr\"><a href=\"https:\/\/brieger.ch\/fr\/product\/45133\/\">3.0 mm<\/a><\/td>\n\t\t\t\t<td class=\"zahlrechts abgr\"><a href=\"https:\/\/brieger.ch\/fr\/product\/45133\/\"><div id=\"wpv-view-layout-619-CPID40288\" class=\"js-wpv-view-layout js-wpv-layout-responsive js-wpv-view-layout-619-CPID40288\" data-viewnumber=\"619-CPID40288\" data-pagination=\"{&quot;id&quot;:619,&quot;query&quot;:&quot;normal&quot;,&quot;type&quot;:&quot;disabled&quot;,&quot;effect&quot;:&quot;fade&quot;,&quot;duration&quot;:500,&quot;speed&quot;:5,&quot;pause_on_hover&quot;:&quot;disabled&quot;,&quot;stop_rollover&quot;:&quot;false&quot;,&quot;cache_pages&quot;:&quot;enabled&quot;,&quot;preload_images&quot;:&quot;enabled&quot;,&quot;preload_pages&quot;:&quot;enabled&quot;,&quot;preload_reach&quot;:1,&quot;spinner&quot;:&quot;builtin&quot;,&quot;spinner_image&quot;:&quot;https:\/\/brieger.ch\/wp-content\/plugins\/wp-views\/embedded\/res\/img\/ajax-loader.gif&quot;,&quot;callback_next&quot;:&quot;&quot;,&quot;manage_history&quot;:&quot;disabled&quot;,&quot;has_controls_in_form&quot;:&quot;disabled&quot;,&quot;infinite_tolerance&quot;:&quot;0&quot;,&quot;max_pages&quot;:1,&quot;page&quot;:1,&quot;base_permalink&quot;:&quot;\/fr\/wp-json\/wp\/v2\/pages\/40518?wpv_view_count=619-CPID40288&amp;wpv_paged=WPV_PAGE_NUM&quot;,&quot;loop&quot;:{&quot;type&quot;:&quot;&quot;,&quot;name&quot;:&quot;&quot;,&quot;data&quot;:&#091;&#093;,&quot;id&quot;:0}}\" data-permalink=\"\/fr\/wp-json\/wp\/v2\/pages\/40518?wpv_view_count=619-CPID40288\">\n\n\t\n\t\t<img decoding=\"async\" src=\"https:\/\/brieger.ch\/wp-content\/uploads\/2019\/05\/braun.jpg\" alt=\"brun\" title=\"brun\" class=\"attachment-full\" \/>\n\t\n\t\n<\/div><\/a><\/td>\n\t\t\t\t<td class=\"preisrechts\"><a href=\"https:\/\/brieger.ch\/fr\/product\/45133\/\">1.18<\/a><\/td>\n              \t<td><a  href=\"https:\/\/brieger.ch\/fr\/product\/45133\/\"><\/a><\/td>\n\t\t\t<\/tr><tr class=\"prodselect\" data-href=\"https:\/\/brieger.ch\/fr\/product\/46131\/\">\n\t\t\t\t<td><a class=\"prodimglist\" href=\"https:\/\/brieger.ch\/fr\/product\/46131\/\"><img decoding=\"async\" width=\"100\" height=\"100\" src=\"https:\/\/brieger.ch\/wp-content\/uploads\/2020\/05\/Varivel_78D_NM_01-100x100.jpg\" class=\"attachment-shop_thumbnail size-shop_thumbnail wp-post-image\" alt=\"varivel\" srcset=\"https:\/\/brieger.ch\/wp-content\/uploads\/2020\/05\/Varivel_78D_NM_01-66x66.jpg 66w, https:\/\/brieger.ch\/wp-content\/uploads\/2020\/05\/Varivel_78D_NM_01-100x100.jpg 100w, https:\/\/brieger.ch\/wp-content\/uploads\/2020\/05\/Varivel_78D_NM_01-200x200.jpg 200w, https:\/\/brieger.ch\/wp-content\/uploads\/2020\/05\/Varivel_78D_NM_01-280x280.jpg 280w, https:\/\/brieger.ch\/wp-content\/uploads\/2020\/05\/Varivel_78D_NM_01-400x400.jpg 400w, https:\/\/brieger.ch\/wp-content\/uploads\/2020\/05\/Varivel_78D_NM_01-500x500.jpg 500w, https:\/\/brieger.ch\/wp-content\/uploads\/2020\/05\/Varivel_78D_NM_01-600x600.jpg 600w, https:\/\/brieger.ch\/wp-content\/uploads\/2020\/05\/Varivel_78D_NM_01-700x700.jpg 700w, https:\/\/brieger.ch\/wp-content\/uploads\/2020\/05\/Varivel_78D_NM_01-768x768.jpg 768w, https:\/\/brieger.ch\/wp-content\/uploads\/2020\/05\/Varivel_78D_NM_01-800x800.jpg 800w, https:\/\/brieger.ch\/wp-content\/uploads\/2020\/05\/Varivel_78D_NM_01.jpg 1200w\" sizes=\"(max-width: 100px) 100vw, 100px\" \/><\/a><div class=\"badgegreendiv\"><a class=\"breenbtn\" href=\"https:\/\/brieger.ch\/fr\/product\/46131\/\"><img decoding=\"async\" src=\"https:\/\/brieger.ch\/wp-content\/uploads\/2021\/04\/breen-badge3.png\" alt=\"BREEN\" width=\"33px\" height=\"33px\" \/><\/a><\/div><\/td>\n\t\t\t\t<td class=\"abgr\"><a href=\"https:\/\/brieger.ch\/fr\/product\/46131\/\">46131<\/a><\/td>\n\t\t\t\t<td class=\"zahlrechts abgr\"><a href=\"https:\/\/brieger.ch\/fr\/product\/46131\/\">305<\/a><\/td>\n\t\t\t\t<td class=\"zahlrechts abgr\"><a href=\"https:\/\/brieger.ch\/fr\/product\/46131\/\">215<\/a><\/td>\n                <td class=\"zahlrechts abgr\"><a href=\"https:\/\/brieger.ch\/fr\/product\/46131\/\">35<\/a><\/td>\n                <td class=\"zahlrechts abgr\"><a href=\"https:\/\/brieger.ch\/fr\/product\/46131\/\">90<\/a><\/td>\n\t\t\t\t<td class=\"zahlrechts abgr\"><a href=\"https:\/\/brieger.ch\/fr\/product\/46131\/\">A4<\/a><\/td>\n\t\t\t\t<td class=\"zahlrechts abgr\"><a href=\"https:\/\/brieger.ch\/fr\/product\/46131\/\">3.0 mm<\/a><\/td>\n\t\t\t\t<td class=\"zahlrechts abgr\"><a href=\"https:\/\/brieger.ch\/fr\/product\/46131\/\"><div id=\"wpv-view-layout-619-CPID40340\" class=\"js-wpv-view-layout js-wpv-layout-responsive js-wpv-view-layout-619-CPID40340\" data-viewnumber=\"619-CPID40340\" data-pagination=\"{&quot;id&quot;:619,&quot;query&quot;:&quot;normal&quot;,&quot;type&quot;:&quot;disabled&quot;,&quot;effect&quot;:&quot;fade&quot;,&quot;duration&quot;:500,&quot;speed&quot;:5,&quot;pause_on_hover&quot;:&quot;disabled&quot;,&quot;stop_rollover&quot;:&quot;false&quot;,&quot;cache_pages&quot;:&quot;enabled&quot;,&quot;preload_images&quot;:&quot;enabled&quot;,&quot;preload_pages&quot;:&quot;enabled&quot;,&quot;preload_reach&quot;:1,&quot;spinner&quot;:&quot;builtin&quot;,&quot;spinner_image&quot;:&quot;https:\/\/brieger.ch\/wp-content\/plugins\/wp-views\/embedded\/res\/img\/ajax-loader.gif&quot;,&quot;callback_next&quot;:&quot;&quot;,&quot;manage_history&quot;:&quot;disabled&quot;,&quot;has_controls_in_form&quot;:&quot;disabled&quot;,&quot;infinite_tolerance&quot;:&quot;0&quot;,&quot;max_pages&quot;:1,&quot;page&quot;:1,&quot;base_permalink&quot;:&quot;\/fr\/wp-json\/wp\/v2\/pages\/40518?wpv_view_count=619-CPID40340&amp;wpv_paged=WPV_PAGE_NUM&quot;,&quot;loop&quot;:{&quot;type&quot;:&quot;&quot;,&quot;name&quot;:&quot;&quot;,&quot;data&quot;:&#091;&#093;,&quot;id&quot;:0}}\" data-permalink=\"\/fr\/wp-json\/wp\/v2\/pages\/40518?wpv_view_count=619-CPID40340\">\n\n\t\n\t\t<img decoding=\"async\" src=\"https:\/\/brieger.ch\/wp-content\/uploads\/2019\/05\/braun.jpg\" alt=\"brun\" title=\"brun\" class=\"attachment-full\" \/>\n\t\n\t\n<\/div><\/a><\/td>\n\t\t\t\t<td class=\"preisrechts\"><a href=\"https:\/\/brieger.ch\/fr\/product\/46131\/\">1.09<\/a><\/td>\n              \t<td><a  href=\"https:\/\/brieger.ch\/fr\/product\/46131\/\"><\/a><\/td>\n\t\t\t<\/tr><tr class=\"prodselect\" data-href=\"https:\/\/brieger.ch\/fr\/product\/44730\/\">\n\t\t\t\t<td><a class=\"prodimglist\" href=\"https:\/\/brieger.ch\/fr\/product\/44730\/\"><img decoding=\"async\" width=\"100\" height=\"100\" src=\"https:\/\/brieger.ch\/wp-content\/uploads\/2020\/05\/44225_1-100x100.jpg\" class=\"attachment-shop_thumbnail size-shop_thumbnail wp-post-image\" alt=\"varitop\" srcset=\"https:\/\/brieger.ch\/wp-content\/uploads\/2020\/05\/44225_1-66x66.jpg 66w, https:\/\/brieger.ch\/wp-content\/uploads\/2020\/05\/44225_1-100x100.jpg 100w, https:\/\/brieger.ch\/wp-content\/uploads\/2020\/05\/44225_1-200x200.jpg 200w, https:\/\/brieger.ch\/wp-content\/uploads\/2020\/05\/44225_1-280x280.jpg 280w, https:\/\/brieger.ch\/wp-content\/uploads\/2020\/05\/44225_1-400x400.jpg 400w, https:\/\/brieger.ch\/wp-content\/uploads\/2020\/05\/44225_1-500x500.jpg 500w, https:\/\/brieger.ch\/wp-content\/uploads\/2020\/05\/44225_1-600x600.jpg 600w, https:\/\/brieger.ch\/wp-content\/uploads\/2020\/05\/44225_1.jpg 700w\" sizes=\"(max-width: 100px) 100vw, 100px\" \/><\/a><\/td>\n\t\t\t\t<td class=\"abgr\"><a href=\"https:\/\/brieger.ch\/fr\/product\/44730\/\">44730<\/a><\/td>\n\t\t\t\t<td class=\"zahlrechts abgr\"><a href=\"https:\/\/brieger.ch\/fr\/product\/44730\/\">305<\/a><\/td>\n\t\t\t\t<td class=\"zahlrechts abgr\"><a href=\"https:\/\/brieger.ch\/fr\/product\/44730\/\">215<\/a><\/td>\n                <td class=\"zahlrechts abgr\"><a href=\"https:\/\/brieger.ch\/fr\/product\/44730\/\">0<\/a><\/td>\n                <td class=\"zahlrechts abgr\"><a href=\"https:\/\/brieger.ch\/fr\/product\/44730\/\">75<\/a><\/td>\n\t\t\t\t<td class=\"zahlrechts abgr\"><a href=\"https:\/\/brieger.ch\/fr\/product\/44730\/\">A4<\/a><\/td>\n\t\t\t\t<td class=\"zahlrechts abgr\"><a href=\"https:\/\/brieger.ch\/fr\/product\/44730\/\">2.2 mm<\/a><\/td>\n\t\t\t\t<td class=\"zahlrechts abgr\"><a href=\"https:\/\/brieger.ch\/fr\/product\/44730\/\"><div id=\"wpv-view-layout-619-CPID40325\" class=\"js-wpv-view-layout js-wpv-layout-responsive js-wpv-view-layout-619-CPID40325\" data-viewnumber=\"619-CPID40325\" data-pagination=\"{&quot;id&quot;:619,&quot;query&quot;:&quot;normal&quot;,&quot;type&quot;:&quot;disabled&quot;,&quot;effect&quot;:&quot;fade&quot;,&quot;duration&quot;:500,&quot;speed&quot;:5,&quot;pause_on_hover&quot;:&quot;disabled&quot;,&quot;stop_rollover&quot;:&quot;false&quot;,&quot;cache_pages&quot;:&quot;enabled&quot;,&quot;preload_images&quot;:&quot;enabled&quot;,&quot;preload_pages&quot;:&quot;enabled&quot;,&quot;preload_reach&quot;:1,&quot;spinner&quot;:&quot;builtin&quot;,&quot;spinner_image&quot;:&quot;https:\/\/brieger.ch\/wp-content\/plugins\/wp-views\/embedded\/res\/img\/ajax-loader.gif&quot;,&quot;callback_next&quot;:&quot;&quot;,&quot;manage_history&quot;:&quot;disabled&quot;,&quot;has_controls_in_form&quot;:&quot;disabled&quot;,&quot;infinite_tolerance&quot;:&quot;0&quot;,&quot;max_pages&quot;:1,&quot;page&quot;:1,&quot;base_permalink&quot;:&quot;\/fr\/wp-json\/wp\/v2\/pages\/40518?wpv_view_count=619-CPID40325&amp;wpv_paged=WPV_PAGE_NUM&quot;,&quot;loop&quot;:{&quot;type&quot;:&quot;&quot;,&quot;name&quot;:&quot;&quot;,&quot;data&quot;:&#091;&#093;,&quot;id&quot;:0}}\" data-permalink=\"\/fr\/wp-json\/wp\/v2\/pages\/40518?wpv_view_count=619-CPID40325\">\n\n\t\n\t\t<img decoding=\"async\" src=\"https:\/\/brieger.ch\/wp-content\/uploads\/2019\/05\/weiss.jpg\" alt=\"blanc\" title=\"blanc\" class=\"attachment-full\" \/>\n\t\n\t\n<\/div><\/a><\/td>\n\t\t\t\t<td class=\"preisrechts\"><a href=\"https:\/\/brieger.ch\/fr\/product\/44730\/\">1.31<\/a><\/td>\n              \t<td><a  href=\"https:\/\/brieger.ch\/fr\/product\/44730\/\"><\/a><\/td>\n\t\t\t<\/tr><tr class=\"prodselect\" data-href=\"https:\/\/brieger.ch\/fr\/product\/45230\/\">\n\t\t\t\t<td><a class=\"prodimglist\" href=\"https:\/\/brieger.ch\/fr\/product\/45230\/\"><img decoding=\"async\" width=\"100\" height=\"100\" src=\"https:\/\/brieger.ch\/wp-content\/uploads\/2020\/05\/58_35_01-100x100.jpg\" class=\"attachment-shop_thumbnail size-shop_thumbnail wp-post-image\" alt=\"\" srcset=\"https:\/\/brieger.ch\/wp-content\/uploads\/2020\/05\/58_35_01-66x66.jpg 66w, https:\/\/brieger.ch\/wp-content\/uploads\/2020\/05\/58_35_01-100x100.jpg 100w, https:\/\/brieger.ch\/wp-content\/uploads\/2020\/05\/58_35_01-200x200.jpg 200w, https:\/\/brieger.ch\/wp-content\/uploads\/2020\/05\/58_35_01-280x280.jpg 280w, https:\/\/brieger.ch\/wp-content\/uploads\/2020\/05\/58_35_01-400x400.jpg 400w, https:\/\/brieger.ch\/wp-content\/uploads\/2020\/05\/58_35_01-500x500.jpg 500w, https:\/\/brieger.ch\/wp-content\/uploads\/2020\/05\/58_35_01-600x600.jpg 600w, https:\/\/brieger.ch\/wp-content\/uploads\/2020\/05\/58_35_01-700x700.jpg 700w, https:\/\/brieger.ch\/wp-content\/uploads\/2020\/05\/58_35_01-768x768.jpg 768w, https:\/\/brieger.ch\/wp-content\/uploads\/2020\/05\/58_35_01-800x800.jpg 800w, https:\/\/brieger.ch\/wp-content\/uploads\/2020\/05\/58_35_01.jpg 1200w\" sizes=\"(max-width: 100px) 100vw, 100px\" \/><\/a><\/td>\n\t\t\t\t<td class=\"abgr\"><a href=\"https:\/\/brieger.ch\/fr\/product\/45230\/\">45230<\/a><\/td>\n\t\t\t\t<td class=\"zahlrechts abgr\"><a href=\"https:\/\/brieger.ch\/fr\/product\/45230\/\">305<\/a><\/td>\n\t\t\t\t<td class=\"zahlrechts abgr\"><a href=\"https:\/\/brieger.ch\/fr\/product\/45230\/\">215<\/a><\/td>\n                <td class=\"zahlrechts abgr\"><a href=\"https:\/\/brieger.ch\/fr\/product\/45230\/\">0<\/a><\/td>\n                <td class=\"zahlrechts abgr\"><a href=\"https:\/\/brieger.ch\/fr\/product\/45230\/\">60<\/a><\/td>\n\t\t\t\t<td class=\"zahlrechts abgr\"><a href=\"https:\/\/brieger.ch\/fr\/product\/45230\/\">A4<\/a><\/td>\n\t\t\t\t<td class=\"zahlrechts abgr\"><a href=\"https:\/\/brieger.ch\/fr\/product\/45230\/\">3.0 mm<\/a><\/td>\n\t\t\t\t<td class=\"zahlrechts abgr\"><a href=\"https:\/\/brieger.ch\/fr\/product\/45230\/\"><div id=\"wpv-view-layout-619-CPID40308\" class=\"js-wpv-view-layout js-wpv-layout-responsive js-wpv-view-layout-619-CPID40308\" data-viewnumber=\"619-CPID40308\" data-pagination=\"{&quot;id&quot;:619,&quot;query&quot;:&quot;normal&quot;,&quot;type&quot;:&quot;disabled&quot;,&quot;effect&quot;:&quot;fade&quot;,&quot;duration&quot;:500,&quot;speed&quot;:5,&quot;pause_on_hover&quot;:&quot;disabled&quot;,&quot;stop_rollover&quot;:&quot;false&quot;,&quot;cache_pages&quot;:&quot;enabled&quot;,&quot;preload_images&quot;:&quot;enabled&quot;,&quot;preload_pages&quot;:&quot;enabled&quot;,&quot;preload_reach&quot;:1,&quot;spinner&quot;:&quot;builtin&quot;,&quot;spinner_image&quot;:&quot;https:\/\/brieger.ch\/wp-content\/plugins\/wp-views\/embedded\/res\/img\/ajax-loader.gif&quot;,&quot;callback_next&quot;:&quot;&quot;,&quot;manage_history&quot;:&quot;disabled&quot;,&quot;has_controls_in_form&quot;:&quot;disabled&quot;,&quot;infinite_tolerance&quot;:&quot;0&quot;,&quot;max_pages&quot;:1,&quot;page&quot;:1,&quot;base_permalink&quot;:&quot;\/fr\/wp-json\/wp\/v2\/pages\/40518?wpv_view_count=619-CPID40308&amp;wpv_paged=WPV_PAGE_NUM&quot;,&quot;loop&quot;:{&quot;type&quot;:&quot;&quot;,&quot;name&quot;:&quot;&quot;,&quot;data&quot;:&#091;&#093;,&quot;id&quot;:0}}\" data-permalink=\"\/fr\/wp-json\/wp\/v2\/pages\/40518?wpv_view_count=619-CPID40308\">\n\n\t\n\t\t<img decoding=\"async\" src=\"https:\/\/brieger.ch\/wp-content\/uploads\/2019\/05\/weiss.jpg\" alt=\"blanc\" title=\"blanc\" class=\"attachment-full\" \/>\n\t\n\t\n<\/div><\/a><\/td>\n\t\t\t\t<td class=\"preisrechts\"><a href=\"https:\/\/brieger.ch\/fr\/product\/45230\/\">1.36<\/a><\/td>\n              \t<td><a  href=\"https:\/\/brieger.ch\/fr\/product\/45230\/\"><\/a><\/td>\n\t\t\t<\/tr><tr class=\"prodselect\" data-href=\"https:\/\/brieger.ch\/fr\/product\/45134\/\">\n\t\t\t\t<td><a class=\"prodimglist\" href=\"https:\/\/brieger.ch\/fr\/product\/45134\/\"><img decoding=\"async\" width=\"100\" height=\"100\" src=\"https:\/\/brieger.ch\/wp-content\/uploads\/2020\/05\/58_25_02-100x100.jpg\" class=\"attachment-shop_thumbnail size-shop_thumbnail wp-post-image\" alt=\"\" srcset=\"https:\/\/brieger.ch\/wp-content\/uploads\/2020\/05\/58_25_02-66x66.jpg 66w, https:\/\/brieger.ch\/wp-content\/uploads\/2020\/05\/58_25_02-100x100.jpg 100w, https:\/\/brieger.ch\/wp-content\/uploads\/2020\/05\/58_25_02-200x200.jpg 200w, https:\/\/brieger.ch\/wp-content\/uploads\/2020\/05\/58_25_02-280x280.jpg 280w, https:\/\/brieger.ch\/wp-content\/uploads\/2020\/05\/58_25_02-400x400.jpg 400w, https:\/\/brieger.ch\/wp-content\/uploads\/2020\/05\/58_25_02-500x500.jpg 500w, https:\/\/brieger.ch\/wp-content\/uploads\/2020\/05\/58_25_02-600x600.jpg 600w, https:\/\/brieger.ch\/wp-content\/uploads\/2020\/05\/58_25_02-700x700.jpg 700w, https:\/\/brieger.ch\/wp-content\/uploads\/2020\/05\/58_25_02-768x768.jpg 768w, https:\/\/brieger.ch\/wp-content\/uploads\/2020\/05\/58_25_02-800x800.jpg 800w, https:\/\/brieger.ch\/wp-content\/uploads\/2020\/05\/58_25_02.jpg 1200w\" sizes=\"(max-width: 100px) 100vw, 100px\" \/><\/a><\/td>\n\t\t\t\t<td class=\"abgr\"><a href=\"https:\/\/brieger.ch\/fr\/product\/45134\/\">45134<\/a><\/td>\n\t\t\t\t<td class=\"zahlrechts abgr\"><a href=\"https:\/\/brieger.ch\/fr\/product\/45134\/\">305<\/a><\/td>\n\t\t\t\t<td class=\"zahlrechts abgr\"><a href=\"https:\/\/brieger.ch\/fr\/product\/45134\/\">240<\/a><\/td>\n                <td class=\"zahlrechts abgr\"><a href=\"https:\/\/brieger.ch\/fr\/product\/45134\/\">35<\/a><\/td>\n                <td class=\"zahlrechts abgr\"><a href=\"https:\/\/brieger.ch\/fr\/product\/45134\/\">90<\/a><\/td>\n\t\t\t\t<td class=\"zahlrechts abgr\"><a href=\"https:\/\/brieger.ch\/fr\/product\/45134\/\"><\/a><\/td>\n\t\t\t\t<td class=\"zahlrechts abgr\"><a href=\"https:\/\/brieger.ch\/fr\/product\/45134\/\">3.0 mm<\/a><\/td>\n\t\t\t\t<td class=\"zahlrechts abgr\"><a href=\"https:\/\/brieger.ch\/fr\/product\/45134\/\"><div id=\"wpv-view-layout-619-CPID40289\" class=\"js-wpv-view-layout js-wpv-layout-responsive js-wpv-view-layout-619-CPID40289\" data-viewnumber=\"619-CPID40289\" data-pagination=\"{&quot;id&quot;:619,&quot;query&quot;:&quot;normal&quot;,&quot;type&quot;:&quot;disabled&quot;,&quot;effect&quot;:&quot;fade&quot;,&quot;duration&quot;:500,&quot;speed&quot;:5,&quot;pause_on_hover&quot;:&quot;disabled&quot;,&quot;stop_rollover&quot;:&quot;false&quot;,&quot;cache_pages&quot;:&quot;enabled&quot;,&quot;preload_images&quot;:&quot;enabled&quot;,&quot;preload_pages&quot;:&quot;enabled&quot;,&quot;preload_reach&quot;:1,&quot;spinner&quot;:&quot;builtin&quot;,&quot;spinner_image&quot;:&quot;https:\/\/brieger.ch\/wp-content\/plugins\/wp-views\/embedded\/res\/img\/ajax-loader.gif&quot;,&quot;callback_next&quot;:&quot;&quot;,&quot;manage_history&quot;:&quot;disabled&quot;,&quot;has_controls_in_form&quot;:&quot;disabled&quot;,&quot;infinite_tolerance&quot;:&quot;0&quot;,&quot;max_pages&quot;:1,&quot;page&quot;:1,&quot;base_permalink&quot;:&quot;\/fr\/wp-json\/wp\/v2\/pages\/40518?wpv_view_count=619-CPID40289&amp;wpv_paged=WPV_PAGE_NUM&quot;,&quot;loop&quot;:{&quot;type&quot;:&quot;&quot;,&quot;name&quot;:&quot;&quot;,&quot;data&quot;:&#091;&#093;,&quot;id&quot;:0}}\" data-permalink=\"\/fr\/wp-json\/wp\/v2\/pages\/40518?wpv_view_count=619-CPID40289\">\n\n\t\n\t\t<img decoding=\"async\" src=\"https:\/\/brieger.ch\/wp-content\/uploads\/2019\/05\/braun.jpg\" alt=\"brun\" title=\"brun\" class=\"attachment-full\" \/>\n\t\n\t\n<\/div><\/a><\/td>\n\t\t\t\t<td class=\"preisrechts\"><a href=\"https:\/\/brieger.ch\/fr\/product\/45134\/\">1.28<\/a><\/td>\n              \t<td><a  href=\"https:\/\/brieger.ch\/fr\/product\/45134\/\"><\/a><\/td>\n\t\t\t<\/tr><tr class=\"prodselect\" data-href=\"https:\/\/brieger.ch\/fr\/product\/45135\/\">\n\t\t\t\t<td><a class=\"prodimglist\" href=\"https:\/\/brieger.ch\/fr\/product\/45135\/\"><img decoding=\"async\" width=\"100\" height=\"100\" src=\"https:\/\/brieger.ch\/wp-content\/uploads\/2020\/05\/58_25_02-100x100.jpg\" class=\"attachment-shop_thumbnail size-shop_thumbnail wp-post-image\" alt=\"\" srcset=\"https:\/\/brieger.ch\/wp-content\/uploads\/2020\/05\/58_25_02-66x66.jpg 66w, https:\/\/brieger.ch\/wp-content\/uploads\/2020\/05\/58_25_02-100x100.jpg 100w, https:\/\/brieger.ch\/wp-content\/uploads\/2020\/05\/58_25_02-200x200.jpg 200w, https:\/\/brieger.ch\/wp-content\/uploads\/2020\/05\/58_25_02-280x280.jpg 280w, https:\/\/brieger.ch\/wp-content\/uploads\/2020\/05\/58_25_02-400x400.jpg 400w, https:\/\/brieger.ch\/wp-content\/uploads\/2020\/05\/58_25_02-500x500.jpg 500w, https:\/\/brieger.ch\/wp-content\/uploads\/2020\/05\/58_25_02-600x600.jpg 600w, https:\/\/brieger.ch\/wp-content\/uploads\/2020\/05\/58_25_02-700x700.jpg 700w, https:\/\/brieger.ch\/wp-content\/uploads\/2020\/05\/58_25_02-768x768.jpg 768w, https:\/\/brieger.ch\/wp-content\/uploads\/2020\/05\/58_25_02-800x800.jpg 800w, https:\/\/brieger.ch\/wp-content\/uploads\/2020\/05\/58_25_02.jpg 1200w\" sizes=\"(max-width: 100px) 100vw, 100px\" \/><\/a><\/td>\n\t\t\t\t<td class=\"abgr\"><a href=\"https:\/\/brieger.ch\/fr\/product\/45135\/\">45135<\/a><\/td>\n\t\t\t\t<td class=\"zahlrechts abgr\"><a href=\"https:\/\/brieger.ch\/fr\/product\/45135\/\">309<\/a><\/td>\n\t\t\t\t<td class=\"zahlrechts abgr\"><a href=\"https:\/\/brieger.ch\/fr\/product\/45135\/\">222<\/a><\/td>\n                <td class=\"zahlrechts abgr\"><a href=\"https:\/\/brieger.ch\/fr\/product\/45135\/\">0<\/a><\/td>\n                <td class=\"zahlrechts abgr\"><a href=\"https:\/\/brieger.ch\/fr\/product\/45135\/\">40<\/a><\/td>\n\t\t\t\t<td class=\"zahlrechts abgr\"><a href=\"https:\/\/brieger.ch\/fr\/product\/45135\/\"><\/a><\/td>\n\t\t\t\t<td class=\"zahlrechts abgr\"><a href=\"https:\/\/brieger.ch\/fr\/product\/45135\/\">3.0 mm<\/a><\/td>\n\t\t\t\t<td class=\"zahlrechts abgr\"><a href=\"https:\/\/brieger.ch\/fr\/product\/45135\/\"><div id=\"wpv-view-layout-619-CPID40290\" class=\"js-wpv-view-layout js-wpv-layout-responsive js-wpv-view-layout-619-CPID40290\" data-viewnumber=\"619-CPID40290\" data-pagination=\"{&quot;id&quot;:619,&quot;query&quot;:&quot;normal&quot;,&quot;type&quot;:&quot;disabled&quot;,&quot;effect&quot;:&quot;fade&quot;,&quot;duration&quot;:500,&quot;speed&quot;:5,&quot;pause_on_hover&quot;:&quot;disabled&quot;,&quot;stop_rollover&quot;:&quot;false&quot;,&quot;cache_pages&quot;:&quot;enabled&quot;,&quot;preload_images&quot;:&quot;enabled&quot;,&quot;preload_pages&quot;:&quot;enabled&quot;,&quot;preload_reach&quot;:1,&quot;spinner&quot;:&quot;builtin&quot;,&quot;spinner_image&quot;:&quot;https:\/\/brieger.ch\/wp-content\/plugins\/wp-views\/embedded\/res\/img\/ajax-loader.gif&quot;,&quot;callback_next&quot;:&quot;&quot;,&quot;manage_history&quot;:&quot;disabled&quot;,&quot;has_controls_in_form&quot;:&quot;disabled&quot;,&quot;infinite_tolerance&quot;:&quot;0&quot;,&quot;max_pages&quot;:1,&quot;page&quot;:1,&quot;base_permalink&quot;:&quot;\/fr\/wp-json\/wp\/v2\/pages\/40518?wpv_view_count=619-CPID40290&amp;wpv_paged=WPV_PAGE_NUM&quot;,&quot;loop&quot;:{&quot;type&quot;:&quot;&quot;,&quot;name&quot;:&quot;&quot;,&quot;data&quot;:&#091;&#093;,&quot;id&quot;:0}}\" data-permalink=\"\/fr\/wp-json\/wp\/v2\/pages\/40518?wpv_view_count=619-CPID40290\">\n\n\t\n\t\t<img decoding=\"async\" src=\"https:\/\/brieger.ch\/wp-content\/uploads\/2019\/05\/braun.jpg\" alt=\"brun\" title=\"brun\" class=\"attachment-full\" \/>\n\t\n\t\n<\/div><\/a><\/td>\n\t\t\t\t<td class=\"preisrechts\"><a href=\"https:\/\/brieger.ch\/fr\/product\/45135\/\">1.16<\/a><\/td>\n              \t<td><a class=\"badgeprod\" href=\"https:\/\/brieger.ch\/fr\/product\/45135\/\">Sale<\/a><\/td>\n\t\t\t<\/tr><tr class=\"prodselect\" data-href=\"https:\/\/brieger.ch\/fr\/product\/45737\/\">\n\t\t\t\t<td><a class=\"prodimglist\" href=\"https:\/\/brieger.ch\/fr\/product\/45737\/\"><img decoding=\"async\" width=\"100\" height=\"100\" src=\"https:\/\/brieger.ch\/wp-content\/uploads\/2020\/05\/58_25_02-100x100.jpg\" class=\"attachment-shop_thumbnail size-shop_thumbnail wp-post-image\" alt=\"\" srcset=\"https:\/\/brieger.ch\/wp-content\/uploads\/2020\/05\/58_25_02-66x66.jpg 66w, https:\/\/brieger.ch\/wp-content\/uploads\/2020\/05\/58_25_02-100x100.jpg 100w, https:\/\/brieger.ch\/wp-content\/uploads\/2020\/05\/58_25_02-200x200.jpg 200w, https:\/\/brieger.ch\/wp-content\/uploads\/2020\/05\/58_25_02-280x280.jpg 280w, https:\/\/brieger.ch\/wp-content\/uploads\/2020\/05\/58_25_02-400x400.jpg 400w, https:\/\/brieger.ch\/wp-content\/uploads\/2020\/05\/58_25_02-500x500.jpg 500w, https:\/\/brieger.ch\/wp-content\/uploads\/2020\/05\/58_25_02-600x600.jpg 600w, https:\/\/brieger.ch\/wp-content\/uploads\/2020\/05\/58_25_02-700x700.jpg 700w, https:\/\/brieger.ch\/wp-content\/uploads\/2020\/05\/58_25_02-768x768.jpg 768w, https:\/\/brieger.ch\/wp-content\/uploads\/2020\/05\/58_25_02-800x800.jpg 800w, https:\/\/brieger.ch\/wp-content\/uploads\/2020\/05\/58_25_02.jpg 1200w\" sizes=\"(max-width: 100px) 100vw, 100px\" \/><\/a><\/td>\n\t\t\t\t<td class=\"abgr\"><a href=\"https:\/\/brieger.ch\/fr\/product\/45737\/\">45737<\/a><\/td>\n\t\t\t\t<td class=\"zahlrechts abgr\"><a href=\"https:\/\/brieger.ch\/fr\/product\/45737\/\">309<\/a><\/td>\n\t\t\t\t<td class=\"zahlrechts abgr\"><a href=\"https:\/\/brieger.ch\/fr\/product\/45737\/\">222<\/a><\/td>\n                <td class=\"zahlrechts abgr\"><a href=\"https:\/\/brieger.ch\/fr\/product\/45737\/\">30<\/a><\/td>\n                <td class=\"zahlrechts abgr\"><a href=\"https:\/\/brieger.ch\/fr\/product\/45737\/\">90<\/a><\/td>\n\t\t\t\t<td class=\"zahlrechts abgr\"><a href=\"https:\/\/brieger.ch\/fr\/product\/45737\/\"><\/a><\/td>\n\t\t\t\t<td class=\"zahlrechts abgr\"><a href=\"https:\/\/brieger.ch\/fr\/product\/45737\/\">2.2 mm<\/a><\/td>\n\t\t\t\t<td class=\"zahlrechts abgr\"><a href=\"https:\/\/brieger.ch\/fr\/product\/45737\/\"><div id=\"wpv-view-layout-619-CPID40291\" class=\"js-wpv-view-layout js-wpv-layout-responsive js-wpv-view-layout-619-CPID40291\" data-viewnumber=\"619-CPID40291\" data-pagination=\"{&quot;id&quot;:619,&quot;query&quot;:&quot;normal&quot;,&quot;type&quot;:&quot;disabled&quot;,&quot;effect&quot;:&quot;fade&quot;,&quot;duration&quot;:500,&quot;speed&quot;:5,&quot;pause_on_hover&quot;:&quot;disabled&quot;,&quot;stop_rollover&quot;:&quot;false&quot;,&quot;cache_pages&quot;:&quot;enabled&quot;,&quot;preload_images&quot;:&quot;enabled&quot;,&quot;preload_pages&quot;:&quot;enabled&quot;,&quot;preload_reach&quot;:1,&quot;spinner&quot;:&quot;builtin&quot;,&quot;spinner_image&quot;:&quot;https:\/\/brieger.ch\/wp-content\/plugins\/wp-views\/embedded\/res\/img\/ajax-loader.gif&quot;,&quot;callback_next&quot;:&quot;&quot;,&quot;manage_history&quot;:&quot;disabled&quot;,&quot;has_controls_in_form&quot;:&quot;disabled&quot;,&quot;infinite_tolerance&quot;:&quot;0&quot;,&quot;max_pages&quot;:1,&quot;page&quot;:1,&quot;base_permalink&quot;:&quot;\/fr\/wp-json\/wp\/v2\/pages\/40518?wpv_view_count=619-CPID40291&amp;wpv_paged=WPV_PAGE_NUM&quot;,&quot;loop&quot;:{&quot;type&quot;:&quot;&quot;,&quot;name&quot;:&quot;&quot;,&quot;data&quot;:&#091;&#093;,&quot;id&quot;:0}}\" data-permalink=\"\/fr\/wp-json\/wp\/v2\/pages\/40518?wpv_view_count=619-CPID40291\">\n\n\t\n\t\t<img decoding=\"async\" src=\"https:\/\/brieger.ch\/wp-content\/uploads\/2019\/05\/braun.jpg\" alt=\"brun\" title=\"brun\" class=\"attachment-full\" \/>\n\t\n\t\n<\/div><\/a><\/td>\n\t\t\t\t<td class=\"preisrechts\"><a href=\"https:\/\/brieger.ch\/fr\/product\/45737\/\">1.17<\/a><\/td>\n              \t<td><a  href=\"https:\/\/brieger.ch\/fr\/product\/45737\/\"><\/a><\/td>\n\t\t\t<\/tr><tr class=\"prodselect\" data-href=\"https:\/\/brieger.ch\/fr\/product\/44235\/\">\n\t\t\t\t<td><a class=\"prodimglist\" href=\"https:\/\/brieger.ch\/fr\/product\/44235\/\"><img decoding=\"async\" width=\"100\" height=\"100\" src=\"https:\/\/brieger.ch\/wp-content\/uploads\/2020\/05\/44225_1-100x100.jpg\" class=\"attachment-shop_thumbnail size-shop_thumbnail wp-post-image\" alt=\"varitop\" srcset=\"https:\/\/brieger.ch\/wp-content\/uploads\/2020\/05\/44225_1-66x66.jpg 66w, https:\/\/brieger.ch\/wp-content\/uploads\/2020\/05\/44225_1-100x100.jpg 100w, https:\/\/brieger.ch\/wp-content\/uploads\/2020\/05\/44225_1-200x200.jpg 200w, https:\/\/brieger.ch\/wp-content\/uploads\/2020\/05\/44225_1-280x280.jpg 280w, https:\/\/brieger.ch\/wp-content\/uploads\/2020\/05\/44225_1-400x400.jpg 400w, https:\/\/brieger.ch\/wp-content\/uploads\/2020\/05\/44225_1-500x500.jpg 500w, https:\/\/brieger.ch\/wp-content\/uploads\/2020\/05\/44225_1-600x600.jpg 600w, https:\/\/brieger.ch\/wp-content\/uploads\/2020\/05\/44225_1.jpg 700w\" sizes=\"(max-width: 100px) 100vw, 100px\" \/><\/a><\/td>\n\t\t\t\t<td class=\"abgr\"><a href=\"https:\/\/brieger.ch\/fr\/product\/44235\/\">44235<\/a><\/td>\n\t\t\t\t<td class=\"zahlrechts abgr\"><a href=\"https:\/\/brieger.ch\/fr\/product\/44235\/\">309<\/a><\/td>\n\t\t\t\t<td class=\"zahlrechts abgr\"><a href=\"https:\/\/brieger.ch\/fr\/product\/44235\/\">222<\/a><\/td>\n                <td class=\"zahlrechts abgr\"><a href=\"https:\/\/brieger.ch\/fr\/product\/44235\/\">0<\/a><\/td>\n                <td class=\"zahlrechts abgr\"><a href=\"https:\/\/brieger.ch\/fr\/product\/44235\/\">80<\/a><\/td>\n\t\t\t\t<td class=\"zahlrechts abgr\"><a href=\"https:\/\/brieger.ch\/fr\/product\/44235\/\"><\/a><\/td>\n\t\t\t\t<td class=\"zahlrechts abgr\"><a href=\"https:\/\/brieger.ch\/fr\/product\/44235\/\">3.0 mm<\/a><\/td>\n\t\t\t\t<td class=\"zahlrechts abgr\"><a href=\"https:\/\/brieger.ch\/fr\/product\/44235\/\"><div id=\"wpv-view-layout-619-CPID40326\" class=\"js-wpv-view-layout js-wpv-layout-responsive js-wpv-view-layout-619-CPID40326\" data-viewnumber=\"619-CPID40326\" data-pagination=\"{&quot;id&quot;:619,&quot;query&quot;:&quot;normal&quot;,&quot;type&quot;:&quot;disabled&quot;,&quot;effect&quot;:&quot;fade&quot;,&quot;duration&quot;:500,&quot;speed&quot;:5,&quot;pause_on_hover&quot;:&quot;disabled&quot;,&quot;stop_rollover&quot;:&quot;false&quot;,&quot;cache_pages&quot;:&quot;enabled&quot;,&quot;preload_images&quot;:&quot;enabled&quot;,&quot;preload_pages&quot;:&quot;enabled&quot;,&quot;preload_reach&quot;:1,&quot;spinner&quot;:&quot;builtin&quot;,&quot;spinner_image&quot;:&quot;https:\/\/brieger.ch\/wp-content\/plugins\/wp-views\/embedded\/res\/img\/ajax-loader.gif&quot;,&quot;callback_next&quot;:&quot;&quot;,&quot;manage_history&quot;:&quot;disabled&quot;,&quot;has_controls_in_form&quot;:&quot;disabled&quot;,&quot;infinite_tolerance&quot;:&quot;0&quot;,&quot;max_pages&quot;:1,&quot;page&quot;:1,&quot;base_permalink&quot;:&quot;\/fr\/wp-json\/wp\/v2\/pages\/40518?wpv_view_count=619-CPID40326&amp;wpv_paged=WPV_PAGE_NUM&quot;,&quot;loop&quot;:{&quot;type&quot;:&quot;&quot;,&quot;name&quot;:&quot;&quot;,&quot;data&quot;:&#091;&#093;,&quot;id&quot;:0}}\" data-permalink=\"\/fr\/wp-json\/wp\/v2\/pages\/40518?wpv_view_count=619-CPID40326\">\n\n\t\n\t\t<img decoding=\"async\" src=\"https:\/\/brieger.ch\/wp-content\/uploads\/2019\/05\/weiss.jpg\" alt=\"blanc\" title=\"blanc\" class=\"attachment-full\" \/>\n\t\n\t\n<\/div><\/a><\/td>\n\t\t\t\t<td class=\"preisrechts\"><a href=\"https:\/\/brieger.ch\/fr\/product\/44235\/\">1.31<\/a><\/td>\n              \t<td><a  href=\"https:\/\/brieger.ch\/fr\/product\/44235\/\"><\/a><\/td>\n\t\t\t<\/tr><tr class=\"prodselect\" data-href=\"https:\/\/brieger.ch\/fr\/product\/47137\/\">\n\t\t\t\t<td><a class=\"prodimglist\" href=\"https:\/\/brieger.ch\/fr\/product\/47137\/\"><img decoding=\"async\" width=\"100\" height=\"100\" src=\"https:\/\/brieger.ch\/wp-content\/uploads\/2020\/05\/Varivel_78D_NM_01-100x100.jpg\" class=\"attachment-shop_thumbnail size-shop_thumbnail wp-post-image\" alt=\"varivel\" srcset=\"https:\/\/brieger.ch\/wp-content\/uploads\/2020\/05\/Varivel_78D_NM_01-66x66.jpg 66w, https:\/\/brieger.ch\/wp-content\/uploads\/2020\/05\/Varivel_78D_NM_01-100x100.jpg 100w, https:\/\/brieger.ch\/wp-content\/uploads\/2020\/05\/Varivel_78D_NM_01-200x200.jpg 200w, https:\/\/brieger.ch\/wp-content\/uploads\/2020\/05\/Varivel_78D_NM_01-280x280.jpg 280w, https:\/\/brieger.ch\/wp-content\/uploads\/2020\/05\/Varivel_78D_NM_01-400x400.jpg 400w, https:\/\/brieger.ch\/wp-content\/uploads\/2020\/05\/Varivel_78D_NM_01-500x500.jpg 500w, https:\/\/brieger.ch\/wp-content\/uploads\/2020\/05\/Varivel_78D_NM_01-600x600.jpg 600w, https:\/\/brieger.ch\/wp-content\/uploads\/2020\/05\/Varivel_78D_NM_01-700x700.jpg 700w, https:\/\/brieger.ch\/wp-content\/uploads\/2020\/05\/Varivel_78D_NM_01-768x768.jpg 768w, https:\/\/brieger.ch\/wp-content\/uploads\/2020\/05\/Varivel_78D_NM_01-800x800.jpg 800w, https:\/\/brieger.ch\/wp-content\/uploads\/2020\/05\/Varivel_78D_NM_01.jpg 1200w\" sizes=\"(max-width: 100px) 100vw, 100px\" \/><\/a><div class=\"badgegreendiv\"><a class=\"breenbtn\" href=\"https:\/\/brieger.ch\/fr\/product\/47137\/\"><img decoding=\"async\" src=\"https:\/\/brieger.ch\/wp-content\/uploads\/2021\/04\/breen-badge3.png\" alt=\"BREEN\" width=\"33px\" height=\"33px\" \/><\/a><\/div><\/td>\n\t\t\t\t<td class=\"abgr\"><a href=\"https:\/\/brieger.ch\/fr\/product\/47137\/\">47137<\/a><\/td>\n\t\t\t\t<td class=\"zahlrechts abgr\"><a href=\"https:\/\/brieger.ch\/fr\/product\/47137\/\">309<\/a><\/td>\n\t\t\t\t<td class=\"zahlrechts abgr\"><a href=\"https:\/\/brieger.ch\/fr\/product\/47137\/\">222<\/a><\/td>\n                <td class=\"zahlrechts abgr\"><a href=\"https:\/\/brieger.ch\/fr\/product\/47137\/\">30<\/a><\/td>\n                <td class=\"zahlrechts abgr\"><a href=\"https:\/\/brieger.ch\/fr\/product\/47137\/\">90<\/a><\/td>\n\t\t\t\t<td class=\"zahlrechts abgr\"><a href=\"https:\/\/brieger.ch\/fr\/product\/47137\/\"><\/a><\/td>\n\t\t\t\t<td class=\"zahlrechts abgr\"><a href=\"https:\/\/brieger.ch\/fr\/product\/47137\/\">6.0 mm<\/a><\/td>\n\t\t\t\t<td class=\"zahlrechts abgr\"><a href=\"https:\/\/brieger.ch\/fr\/product\/47137\/\"><div id=\"wpv-view-layout-619-CPID40350\" class=\"js-wpv-view-layout js-wpv-layout-responsive js-wpv-view-layout-619-CPID40350\" data-viewnumber=\"619-CPID40350\" data-pagination=\"{&quot;id&quot;:619,&quot;query&quot;:&quot;normal&quot;,&quot;type&quot;:&quot;disabled&quot;,&quot;effect&quot;:&quot;fade&quot;,&quot;duration&quot;:500,&quot;speed&quot;:5,&quot;pause_on_hover&quot;:&quot;disabled&quot;,&quot;stop_rollover&quot;:&quot;false&quot;,&quot;cache_pages&quot;:&quot;enabled&quot;,&quot;preload_images&quot;:&quot;enabled&quot;,&quot;preload_pages&quot;:&quot;enabled&quot;,&quot;preload_reach&quot;:1,&quot;spinner&quot;:&quot;builtin&quot;,&quot;spinner_image&quot;:&quot;https:\/\/brieger.ch\/wp-content\/plugins\/wp-views\/embedded\/res\/img\/ajax-loader.gif&quot;,&quot;callback_next&quot;:&quot;&quot;,&quot;manage_history&quot;:&quot;disabled&quot;,&quot;has_controls_in_form&quot;:&quot;disabled&quot;,&quot;infinite_tolerance&quot;:&quot;0&quot;,&quot;max_pages&quot;:1,&quot;page&quot;:1,&quot;base_permalink&quot;:&quot;\/fr\/wp-json\/wp\/v2\/pages\/40518?wpv_view_count=619-CPID40350&amp;wpv_paged=WPV_PAGE_NUM&quot;,&quot;loop&quot;:{&quot;type&quot;:&quot;&quot;,&quot;name&quot;:&quot;&quot;,&quot;data&quot;:&#091;&#093;,&quot;id&quot;:0}}\" data-permalink=\"\/fr\/wp-json\/wp\/v2\/pages\/40518?wpv_view_count=619-CPID40350\">\n\n\t\n\t\t<img decoding=\"async\" src=\"https:\/\/brieger.ch\/wp-content\/uploads\/2019\/05\/braun.jpg\" alt=\"brun\" title=\"brun\" class=\"attachment-full\" \/>\n\t\n\t\n<\/div><\/a><\/td>\n\t\t\t\t<td class=\"preisrechts\"><a href=\"https:\/\/brieger.ch\/fr\/product\/47137\/\">2.37<\/a><\/td>\n              \t<td><a  href=\"https:\/\/brieger.ch\/fr\/product\/47137\/\"><\/a><\/td>\n\t\t\t<\/tr><tr class=\"prodselect\" data-href=\"https:\/\/brieger.ch\/fr\/product\/46436\/\">\n\t\t\t\t<td><a class=\"prodimglist\" href=\"https:\/\/brieger.ch\/fr\/product\/46436\/\"><img decoding=\"async\" width=\"100\" height=\"100\" src=\"https:\/\/brieger.ch\/wp-content\/uploads\/2020\/05\/140-100x100.jpg\" class=\"attachment-shop_thumbnail size-shop_thumbnail wp-post-image\" alt=\"\" srcset=\"https:\/\/brieger.ch\/wp-content\/uploads\/2020\/05\/140-66x66.jpg 66w, https:\/\/brieger.ch\/wp-content\/uploads\/2020\/05\/140-100x100.jpg 100w, https:\/\/brieger.ch\/wp-content\/uploads\/2020\/05\/140-200x200.jpg 200w, https:\/\/brieger.ch\/wp-content\/uploads\/2020\/05\/140-280x280.jpg 280w, https:\/\/brieger.ch\/wp-content\/uploads\/2020\/05\/140-400x400.jpg 400w, https:\/\/brieger.ch\/wp-content\/uploads\/2020\/05\/140-500x500.jpg 500w, https:\/\/brieger.ch\/wp-content\/uploads\/2020\/05\/140-600x600.jpg 600w, https:\/\/brieger.ch\/wp-content\/uploads\/2020\/05\/140.jpg 650w\" sizes=\"(max-width: 100px) 100vw, 100px\" \/><\/a><div class=\"badgegreendiv\"><a class=\"breenbtn\" href=\"https:\/\/brieger.ch\/fr\/product\/46436\/\"><img decoding=\"async\" src=\"https:\/\/brieger.ch\/wp-content\/uploads\/2021\/04\/breen-badge3.png\" alt=\"BREEN\" width=\"33px\" height=\"33px\" \/><\/a><\/div><\/td>\n\t\t\t\t<td class=\"abgr\"><a href=\"https:\/\/brieger.ch\/fr\/product\/46436\/\">46436<\/a><\/td>\n\t\t\t\t<td class=\"zahlrechts abgr\"><a href=\"https:\/\/brieger.ch\/fr\/product\/46436\/\">315<\/a><\/td>\n\t\t\t\t<td class=\"zahlrechts abgr\"><a href=\"https:\/\/brieger.ch\/fr\/product\/46436\/\">235<\/a><\/td>\n                <td class=\"zahlrechts abgr\"><a href=\"https:\/\/brieger.ch\/fr\/product\/46436\/\">50<\/a><\/td>\n                <td class=\"zahlrechts abgr\"><a href=\"https:\/\/brieger.ch\/fr\/product\/46436\/\">120<\/a><\/td>\n\t\t\t\t<td class=\"zahlrechts abgr\"><a href=\"https:\/\/brieger.ch\/fr\/product\/46436\/\"><\/a><\/td>\n\t\t\t\t<td class=\"zahlrechts abgr\"><a href=\"https:\/\/brieger.ch\/fr\/product\/46436\/\">3.0 mm<\/a><\/td>\n\t\t\t\t<td class=\"zahlrechts abgr\"><a href=\"https:\/\/brieger.ch\/fr\/product\/46436\/\"><div id=\"wpv-view-layout-619-CPID40335\" class=\"js-wpv-view-layout js-wpv-layout-responsive js-wpv-view-layout-619-CPID40335\" data-viewnumber=\"619-CPID40335\" data-pagination=\"{&quot;id&quot;:619,&quot;query&quot;:&quot;normal&quot;,&quot;type&quot;:&quot;disabled&quot;,&quot;effect&quot;:&quot;fade&quot;,&quot;duration&quot;:500,&quot;speed&quot;:5,&quot;pause_on_hover&quot;:&quot;disabled&quot;,&quot;stop_rollover&quot;:&quot;false&quot;,&quot;cache_pages&quot;:&quot;enabled&quot;,&quot;preload_images&quot;:&quot;enabled&quot;,&quot;preload_pages&quot;:&quot;enabled&quot;,&quot;preload_reach&quot;:1,&quot;spinner&quot;:&quot;builtin&quot;,&quot;spinner_image&quot;:&quot;https:\/\/brieger.ch\/wp-content\/plugins\/wp-views\/embedded\/res\/img\/ajax-loader.gif&quot;,&quot;callback_next&quot;:&quot;&quot;,&quot;manage_history&quot;:&quot;disabled&quot;,&quot;has_controls_in_form&quot;:&quot;disabled&quot;,&quot;infinite_tolerance&quot;:&quot;0&quot;,&quot;max_pages&quot;:1,&quot;page&quot;:1,&quot;base_permalink&quot;:&quot;\/fr\/wp-json\/wp\/v2\/pages\/40518?wpv_view_count=619-CPID40335&amp;wpv_paged=WPV_PAGE_NUM&quot;,&quot;loop&quot;:{&quot;type&quot;:&quot;&quot;,&quot;name&quot;:&quot;&quot;,&quot;data&quot;:&#091;&#093;,&quot;id&quot;:0}}\" data-permalink=\"\/fr\/wp-json\/wp\/v2\/pages\/40518?wpv_view_count=619-CPID40335\">\n\n\t\n\t\t<img decoding=\"async\" src=\"https:\/\/brieger.ch\/wp-content\/uploads\/2019\/05\/braun.jpg\" alt=\"brun\" title=\"brun\" class=\"attachment-full\" \/>\n\t\n\t\n<\/div><\/a><\/td>\n\t\t\t\t<td class=\"preisrechts\"><a href=\"https:\/\/brieger.ch\/fr\/product\/46436\/\">1.36<\/a><\/td>\n              \t<td><a  href=\"https:\/\/brieger.ch\/fr\/product\/46436\/\"><\/a><\/td>\n\t\t\t<\/tr><tr class=\"prodselect\" data-href=\"https:\/\/brieger.ch\/fr\/product\/44238\/\">\n\t\t\t\t<td><a class=\"prodimglist\" href=\"https:\/\/brieger.ch\/fr\/product\/44238\/\"><img decoding=\"async\" width=\"100\" height=\"100\" src=\"https:\/\/brieger.ch\/wp-content\/uploads\/2020\/05\/44225_1-100x100.jpg\" class=\"attachment-shop_thumbnail size-shop_thumbnail wp-post-image\" alt=\"varitop\" srcset=\"https:\/\/brieger.ch\/wp-content\/uploads\/2020\/05\/44225_1-66x66.jpg 66w, https:\/\/brieger.ch\/wp-content\/uploads\/2020\/05\/44225_1-100x100.jpg 100w, https:\/\/brieger.ch\/wp-content\/uploads\/2020\/05\/44225_1-200x200.jpg 200w, https:\/\/brieger.ch\/wp-content\/uploads\/2020\/05\/44225_1-280x280.jpg 280w, https:\/\/brieger.ch\/wp-content\/uploads\/2020\/05\/44225_1-400x400.jpg 400w, https:\/\/brieger.ch\/wp-content\/uploads\/2020\/05\/44225_1-500x500.jpg 500w, https:\/\/brieger.ch\/wp-content\/uploads\/2020\/05\/44225_1-600x600.jpg 600w, https:\/\/brieger.ch\/wp-content\/uploads\/2020\/05\/44225_1.jpg 700w\" sizes=\"(max-width: 100px) 100vw, 100px\" \/><\/a><\/td>\n\t\t\t\t<td class=\"abgr\"><a href=\"https:\/\/brieger.ch\/fr\/product\/44238\/\">44238<\/a><\/td>\n\t\t\t\t<td class=\"zahlrechts abgr\"><a href=\"https:\/\/brieger.ch\/fr\/product\/44238\/\">315<\/a><\/td>\n\t\t\t\t<td class=\"zahlrechts abgr\"><a href=\"https:\/\/brieger.ch\/fr\/product\/44238\/\">315<\/a><\/td>\n                <td class=\"zahlrechts abgr\"><a href=\"https:\/\/brieger.ch\/fr\/product\/44238\/\">0<\/a><\/td>\n                <td class=\"zahlrechts abgr\"><a href=\"https:\/\/brieger.ch\/fr\/product\/44238\/\">90<\/a><\/td>\n\t\t\t\t<td class=\"zahlrechts abgr\"><a href=\"https:\/\/brieger.ch\/fr\/product\/44238\/\"><\/a><\/td>\n\t\t\t\t<td class=\"zahlrechts abgr\"><a href=\"https:\/\/brieger.ch\/fr\/product\/44238\/\">3.0 mm<\/a><\/td>\n\t\t\t\t<td class=\"zahlrechts abgr\"><a href=\"https:\/\/brieger.ch\/fr\/product\/44238\/\"><div id=\"wpv-view-layout-619-CPID40327\" class=\"js-wpv-view-layout js-wpv-layout-responsive js-wpv-view-layout-619-CPID40327\" data-viewnumber=\"619-CPID40327\" data-pagination=\"{&quot;id&quot;:619,&quot;query&quot;:&quot;normal&quot;,&quot;type&quot;:&quot;disabled&quot;,&quot;effect&quot;:&quot;fade&quot;,&quot;duration&quot;:500,&quot;speed&quot;:5,&quot;pause_on_hover&quot;:&quot;disabled&quot;,&quot;stop_rollover&quot;:&quot;false&quot;,&quot;cache_pages&quot;:&quot;enabled&quot;,&quot;preload_images&quot;:&quot;enabled&quot;,&quot;preload_pages&quot;:&quot;enabled&quot;,&quot;preload_reach&quot;:1,&quot;spinner&quot;:&quot;builtin&quot;,&quot;spinner_image&quot;:&quot;https:\/\/brieger.ch\/wp-content\/plugins\/wp-views\/embedded\/res\/img\/ajax-loader.gif&quot;,&quot;callback_next&quot;:&quot;&quot;,&quot;manage_history&quot;:&quot;disabled&quot;,&quot;has_controls_in_form&quot;:&quot;disabled&quot;,&quot;infinite_tolerance&quot;:&quot;0&quot;,&quot;max_pages&quot;:1,&quot;page&quot;:1,&quot;base_permalink&quot;:&quot;\/fr\/wp-json\/wp\/v2\/pages\/40518?wpv_view_count=619-CPID40327&amp;wpv_paged=WPV_PAGE_NUM&quot;,&quot;loop&quot;:{&quot;type&quot;:&quot;&quot;,&quot;name&quot;:&quot;&quot;,&quot;data&quot;:&#091;&#093;,&quot;id&quot;:0}}\" data-permalink=\"\/fr\/wp-json\/wp\/v2\/pages\/40518?wpv_view_count=619-CPID40327\">\n\n\t\n\t\t<img decoding=\"async\" src=\"https:\/\/brieger.ch\/wp-content\/uploads\/2019\/05\/weiss.jpg\" alt=\"blanc\" title=\"blanc\" class=\"attachment-full\" \/>\n\t\n\t\n<\/div><\/a><\/td>\n\t\t\t\t<td class=\"preisrechts\"><a href=\"https:\/\/brieger.ch\/fr\/product\/44238\/\">1.97<\/a><\/td>\n              \t<td><a  href=\"https:\/\/brieger.ch\/fr\/product\/44238\/\"><\/a><\/td>\n\t\t\t<\/tr><tr class=\"prodselect\" data-href=\"https:\/\/brieger.ch\/fr\/product\/45238\/\">\n\t\t\t\t<td><a class=\"prodimglist\" href=\"https:\/\/brieger.ch\/fr\/product\/45238\/\"><img decoding=\"async\" width=\"100\" height=\"100\" src=\"https:\/\/brieger.ch\/wp-content\/uploads\/2020\/05\/58_35_01-100x100.jpg\" class=\"attachment-shop_thumbnail size-shop_thumbnail wp-post-image\" alt=\"\" srcset=\"https:\/\/brieger.ch\/wp-content\/uploads\/2020\/05\/58_35_01-66x66.jpg 66w, https:\/\/brieger.ch\/wp-content\/uploads\/2020\/05\/58_35_01-100x100.jpg 100w, https:\/\/brieger.ch\/wp-content\/uploads\/2020\/05\/58_35_01-200x200.jpg 200w, https:\/\/brieger.ch\/wp-content\/uploads\/2020\/05\/58_35_01-280x280.jpg 280w, https:\/\/brieger.ch\/wp-content\/uploads\/2020\/05\/58_35_01-400x400.jpg 400w, https:\/\/brieger.ch\/wp-content\/uploads\/2020\/05\/58_35_01-500x500.jpg 500w, https:\/\/brieger.ch\/wp-content\/uploads\/2020\/05\/58_35_01-600x600.jpg 600w, https:\/\/brieger.ch\/wp-content\/uploads\/2020\/05\/58_35_01-700x700.jpg 700w, https:\/\/brieger.ch\/wp-content\/uploads\/2020\/05\/58_35_01-768x768.jpg 768w, https:\/\/brieger.ch\/wp-content\/uploads\/2020\/05\/58_35_01-800x800.jpg 800w, https:\/\/brieger.ch\/wp-content\/uploads\/2020\/05\/58_35_01.jpg 1200w\" sizes=\"(max-width: 100px) 100vw, 100px\" \/><\/a><\/td>\n\t\t\t\t<td class=\"abgr\"><a href=\"https:\/\/brieger.ch\/fr\/product\/45238\/\">45238<\/a><\/td>\n\t\t\t\t<td class=\"zahlrechts abgr\"><a href=\"https:\/\/brieger.ch\/fr\/product\/45238\/\">315<\/a><\/td>\n\t\t\t\t<td class=\"zahlrechts abgr\"><a href=\"https:\/\/brieger.ch\/fr\/product\/45238\/\">315<\/a><\/td>\n                <td class=\"zahlrechts abgr\"><a href=\"https:\/\/brieger.ch\/fr\/product\/45238\/\">0<\/a><\/td>\n                <td class=\"zahlrechts abgr\"><a href=\"https:\/\/brieger.ch\/fr\/product\/45238\/\">80<\/a><\/td>\n\t\t\t\t<td class=\"zahlrechts abgr\"><a href=\"https:\/\/brieger.ch\/fr\/product\/45238\/\"><\/a><\/td>\n\t\t\t\t<td class=\"zahlrechts abgr\"><a href=\"https:\/\/brieger.ch\/fr\/product\/45238\/\">3.0 mm<\/a><\/td>\n\t\t\t\t<td class=\"zahlrechts abgr\"><a href=\"https:\/\/brieger.ch\/fr\/product\/45238\/\"><div id=\"wpv-view-layout-619-CPID40309\" class=\"js-wpv-view-layout js-wpv-layout-responsive js-wpv-view-layout-619-CPID40309\" data-viewnumber=\"619-CPID40309\" data-pagination=\"{&quot;id&quot;:619,&quot;query&quot;:&quot;normal&quot;,&quot;type&quot;:&quot;disabled&quot;,&quot;effect&quot;:&quot;fade&quot;,&quot;duration&quot;:500,&quot;speed&quot;:5,&quot;pause_on_hover&quot;:&quot;disabled&quot;,&quot;stop_rollover&quot;:&quot;false&quot;,&quot;cache_pages&quot;:&quot;enabled&quot;,&quot;preload_images&quot;:&quot;enabled&quot;,&quot;preload_pages&quot;:&quot;enabled&quot;,&quot;preload_reach&quot;:1,&quot;spinner&quot;:&quot;builtin&quot;,&quot;spinner_image&quot;:&quot;https:\/\/brieger.ch\/wp-content\/plugins\/wp-views\/embedded\/res\/img\/ajax-loader.gif&quot;,&quot;callback_next&quot;:&quot;&quot;,&quot;manage_history&quot;:&quot;disabled&quot;,&quot;has_controls_in_form&quot;:&quot;disabled&quot;,&quot;infinite_tolerance&quot;:&quot;0&quot;,&quot;max_pages&quot;:1,&quot;page&quot;:1,&quot;base_permalink&quot;:&quot;\/fr\/wp-json\/wp\/v2\/pages\/40518?wpv_view_count=619-CPID40309&amp;wpv_paged=WPV_PAGE_NUM&quot;,&quot;loop&quot;:{&quot;type&quot;:&quot;&quot;,&quot;name&quot;:&quot;&quot;,&quot;data&quot;:&#091;&#093;,&quot;id&quot;:0}}\" data-permalink=\"\/fr\/wp-json\/wp\/v2\/pages\/40518?wpv_view_count=619-CPID40309\">\n\n\t\n\t\t<img decoding=\"async\" src=\"https:\/\/brieger.ch\/wp-content\/uploads\/2019\/05\/weiss.jpg\" alt=\"blanc\" title=\"blanc\" class=\"attachment-full\" \/>\n\t\n\t\n<\/div><\/a><\/td>\n\t\t\t\t<td class=\"preisrechts\"><a href=\"https:\/\/brieger.ch\/fr\/product\/45238\/\">2.09<\/a><\/td>\n              \t<td><a  href=\"https:\/\/brieger.ch\/fr\/product\/45238\/\"><\/a><\/td>\n\t\t\t<\/tr><tr class=\"prodselect\" data-href=\"https:\/\/brieger.ch\/fr\/product\/45138\/\">\n\t\t\t\t<td><a class=\"prodimglist\" href=\"https:\/\/brieger.ch\/fr\/product\/45138\/\"><img decoding=\"async\" width=\"100\" height=\"100\" src=\"https:\/\/brieger.ch\/wp-content\/uploads\/2020\/05\/58_25_02-100x100.jpg\" class=\"attachment-shop_thumbnail size-shop_thumbnail wp-post-image\" alt=\"\" srcset=\"https:\/\/brieger.ch\/wp-content\/uploads\/2020\/05\/58_25_02-66x66.jpg 66w, https:\/\/brieger.ch\/wp-content\/uploads\/2020\/05\/58_25_02-100x100.jpg 100w, https:\/\/brieger.ch\/wp-content\/uploads\/2020\/05\/58_25_02-200x200.jpg 200w, https:\/\/brieger.ch\/wp-content\/uploads\/2020\/05\/58_25_02-280x280.jpg 280w, https:\/\/brieger.ch\/wp-content\/uploads\/2020\/05\/58_25_02-400x400.jpg 400w, https:\/\/brieger.ch\/wp-content\/uploads\/2020\/05\/58_25_02-500x500.jpg 500w, https:\/\/brieger.ch\/wp-content\/uploads\/2020\/05\/58_25_02-600x600.jpg 600w, https:\/\/brieger.ch\/wp-content\/uploads\/2020\/05\/58_25_02-700x700.jpg 700w, https:\/\/brieger.ch\/wp-content\/uploads\/2020\/05\/58_25_02-768x768.jpg 768w, https:\/\/brieger.ch\/wp-content\/uploads\/2020\/05\/58_25_02-800x800.jpg 800w, https:\/\/brieger.ch\/wp-content\/uploads\/2020\/05\/58_25_02.jpg 1200w\" sizes=\"(max-width: 100px) 100vw, 100px\" \/><\/a><\/td>\n\t\t\t\t<td class=\"abgr\"><a href=\"https:\/\/brieger.ch\/fr\/product\/45138\/\">45738<\/a><\/td>\n\t\t\t\t<td class=\"zahlrechts abgr\"><a href=\"https:\/\/brieger.ch\/fr\/product\/45138\/\">315<\/a><\/td>\n\t\t\t\t<td class=\"zahlrechts abgr\"><a href=\"https:\/\/brieger.ch\/fr\/product\/45138\/\">315<\/a><\/td>\n                <td class=\"zahlrechts abgr\"><a href=\"https:\/\/brieger.ch\/fr\/product\/45138\/\">0<\/a><\/td>\n                <td class=\"zahlrechts abgr\"><a href=\"https:\/\/brieger.ch\/fr\/product\/45138\/\">80<\/a><\/td>\n\t\t\t\t<td class=\"zahlrechts abgr\"><a href=\"https:\/\/brieger.ch\/fr\/product\/45138\/\"><\/a><\/td>\n\t\t\t\t<td class=\"zahlrechts abgr\"><a href=\"https:\/\/brieger.ch\/fr\/product\/45138\/\">2.2 mm<\/a><\/td>\n\t\t\t\t<td class=\"zahlrechts abgr\"><a href=\"https:\/\/brieger.ch\/fr\/product\/45138\/\"><div id=\"wpv-view-layout-619-CPID79281\" class=\"js-wpv-view-layout js-wpv-layout-responsive js-wpv-view-layout-619-CPID79281\" data-viewnumber=\"619-CPID79281\" data-pagination=\"{&quot;id&quot;:619,&quot;query&quot;:&quot;normal&quot;,&quot;type&quot;:&quot;disabled&quot;,&quot;effect&quot;:&quot;fade&quot;,&quot;duration&quot;:500,&quot;speed&quot;:5,&quot;pause_on_hover&quot;:&quot;disabled&quot;,&quot;stop_rollover&quot;:&quot;false&quot;,&quot;cache_pages&quot;:&quot;enabled&quot;,&quot;preload_images&quot;:&quot;enabled&quot;,&quot;preload_pages&quot;:&quot;enabled&quot;,&quot;preload_reach&quot;:1,&quot;spinner&quot;:&quot;builtin&quot;,&quot;spinner_image&quot;:&quot;https:\/\/brieger.ch\/wp-content\/plugins\/wp-views\/embedded\/res\/img\/ajax-loader.gif&quot;,&quot;callback_next&quot;:&quot;&quot;,&quot;manage_history&quot;:&quot;disabled&quot;,&quot;has_controls_in_form&quot;:&quot;disabled&quot;,&quot;infinite_tolerance&quot;:&quot;0&quot;,&quot;max_pages&quot;:1,&quot;page&quot;:1,&quot;base_permalink&quot;:&quot;\/fr\/wp-json\/wp\/v2\/pages\/40518?wpv_view_count=619-CPID79281&amp;wpv_paged=WPV_PAGE_NUM&quot;,&quot;loop&quot;:{&quot;type&quot;:&quot;&quot;,&quot;name&quot;:&quot;&quot;,&quot;data&quot;:&#091;&#093;,&quot;id&quot;:0}}\" data-permalink=\"\/fr\/wp-json\/wp\/v2\/pages\/40518?wpv_view_count=619-CPID79281\">\n\n\t\n\t\t<img decoding=\"async\" src=\"https:\/\/brieger.ch\/wp-content\/uploads\/2019\/05\/braun.jpg\" alt=\"brun\" title=\"brun\" class=\"attachment-full\" \/>\n\t\n\t\n<\/div><\/a><\/td>\n\t\t\t\t<td class=\"preisrechts\"><a href=\"https:\/\/brieger.ch\/fr\/product\/45138\/\">1.73<\/a><\/td>\n              \t<td><a  href=\"https:\/\/brieger.ch\/fr\/product\/45138\/\"><\/a><\/td>\n\t\t\t<\/tr><tr class=\"prodselect\" data-href=\"https:\/\/brieger.ch\/fr\/product\/45239\/\">\n\t\t\t\t<td><a class=\"prodimglist\" href=\"https:\/\/brieger.ch\/fr\/product\/45239\/\"><img decoding=\"async\" width=\"100\" height=\"100\" src=\"https:\/\/brieger.ch\/wp-content\/uploads\/2020\/05\/58_35_01-100x100.jpg\" class=\"attachment-shop_thumbnail size-shop_thumbnail wp-post-image\" alt=\"\" srcset=\"https:\/\/brieger.ch\/wp-content\/uploads\/2020\/05\/58_35_01-66x66.jpg 66w, https:\/\/brieger.ch\/wp-content\/uploads\/2020\/05\/58_35_01-100x100.jpg 100w, https:\/\/brieger.ch\/wp-content\/uploads\/2020\/05\/58_35_01-200x200.jpg 200w, https:\/\/brieger.ch\/wp-content\/uploads\/2020\/05\/58_35_01-280x280.jpg 280w, https:\/\/brieger.ch\/wp-content\/uploads\/2020\/05\/58_35_01-400x400.jpg 400w, https:\/\/brieger.ch\/wp-content\/uploads\/2020\/05\/58_35_01-500x500.jpg 500w, https:\/\/brieger.ch\/wp-content\/uploads\/2020\/05\/58_35_01-600x600.jpg 600w, https:\/\/brieger.ch\/wp-content\/uploads\/2020\/05\/58_35_01-700x700.jpg 700w, https:\/\/brieger.ch\/wp-content\/uploads\/2020\/05\/58_35_01-768x768.jpg 768w, https:\/\/brieger.ch\/wp-content\/uploads\/2020\/05\/58_35_01-800x800.jpg 800w, https:\/\/brieger.ch\/wp-content\/uploads\/2020\/05\/58_35_01.jpg 1200w\" sizes=\"(max-width: 100px) 100vw, 100px\" \/><\/a><\/td>\n\t\t\t\t<td class=\"abgr\"><a href=\"https:\/\/brieger.ch\/fr\/product\/45239\/\">45239<\/a><\/td>\n\t\t\t\t<td class=\"zahlrechts abgr\"><a href=\"https:\/\/brieger.ch\/fr\/product\/45239\/\">325<\/a><\/td>\n\t\t\t\t<td class=\"zahlrechts abgr\"><a href=\"https:\/\/brieger.ch\/fr\/product\/45239\/\">250<\/a><\/td>\n                <td class=\"zahlrechts abgr\"><a href=\"https:\/\/brieger.ch\/fr\/product\/45239\/\">15<\/a><\/td>\n                <td class=\"zahlrechts abgr\"><a href=\"https:\/\/brieger.ch\/fr\/product\/45239\/\">80<\/a><\/td>\n\t\t\t\t<td class=\"zahlrechts abgr\"><a href=\"https:\/\/brieger.ch\/fr\/product\/45239\/\"><\/a><\/td>\n\t\t\t\t<td class=\"zahlrechts abgr\"><a href=\"https:\/\/brieger.ch\/fr\/product\/45239\/\">3.0 mm<\/a><\/td>\n\t\t\t\t<td class=\"zahlrechts abgr\"><a href=\"https:\/\/brieger.ch\/fr\/product\/45239\/\"><div id=\"wpv-view-layout-619-CPID40310\" class=\"js-wpv-view-layout js-wpv-layout-responsive js-wpv-view-layout-619-CPID40310\" data-viewnumber=\"619-CPID40310\" data-pagination=\"{&quot;id&quot;:619,&quot;query&quot;:&quot;normal&quot;,&quot;type&quot;:&quot;disabled&quot;,&quot;effect&quot;:&quot;fade&quot;,&quot;duration&quot;:500,&quot;speed&quot;:5,&quot;pause_on_hover&quot;:&quot;disabled&quot;,&quot;stop_rollover&quot;:&quot;false&quot;,&quot;cache_pages&quot;:&quot;enabled&quot;,&quot;preload_images&quot;:&quot;enabled&quot;,&quot;preload_pages&quot;:&quot;enabled&quot;,&quot;preload_reach&quot;:1,&quot;spinner&quot;:&quot;builtin&quot;,&quot;spinner_image&quot;:&quot;https:\/\/brieger.ch\/wp-content\/plugins\/wp-views\/embedded\/res\/img\/ajax-loader.gif&quot;,&quot;callback_next&quot;:&quot;&quot;,&quot;manage_history&quot;:&quot;disabled&quot;,&quot;has_controls_in_form&quot;:&quot;disabled&quot;,&quot;infinite_tolerance&quot;:&quot;0&quot;,&quot;max_pages&quot;:1,&quot;page&quot;:1,&quot;base_permalink&quot;:&quot;\/fr\/wp-json\/wp\/v2\/pages\/40518?wpv_view_count=619-CPID40310&amp;wpv_paged=WPV_PAGE_NUM&quot;,&quot;loop&quot;:{&quot;type&quot;:&quot;&quot;,&quot;name&quot;:&quot;&quot;,&quot;data&quot;:&#091;&#093;,&quot;id&quot;:0}}\" data-permalink=\"\/fr\/wp-json\/wp\/v2\/pages\/40518?wpv_view_count=619-CPID40310\">\n\n\t\n\t\t<img decoding=\"async\" src=\"https:\/\/brieger.ch\/wp-content\/uploads\/2019\/05\/weiss.jpg\" alt=\"blanc\" title=\"blanc\" class=\"attachment-full\" \/>\n\t\n\t\n<\/div><\/a><\/td>\n\t\t\t\t<td class=\"preisrechts\"><a href=\"https:\/\/brieger.ch\/fr\/product\/45239\/\">1.59<\/a><\/td>\n              \t<td><a  href=\"https:\/\/brieger.ch\/fr\/product\/45239\/\"><\/a><\/td>\n\t\t\t<\/tr><tr class=\"prodselect\" data-href=\"https:\/\/brieger.ch\/fr\/product\/46139\/\">\n\t\t\t\t<td><a class=\"prodimglist\" href=\"https:\/\/brieger.ch\/fr\/product\/46139\/\"><img decoding=\"async\" width=\"100\" height=\"100\" src=\"https:\/\/brieger.ch\/wp-content\/uploads\/2020\/05\/Varivel_78D_NM_01-100x100.jpg\" class=\"attachment-shop_thumbnail size-shop_thumbnail wp-post-image\" alt=\"varivel\" srcset=\"https:\/\/brieger.ch\/wp-content\/uploads\/2020\/05\/Varivel_78D_NM_01-66x66.jpg 66w, https:\/\/brieger.ch\/wp-content\/uploads\/2020\/05\/Varivel_78D_NM_01-100x100.jpg 100w, https:\/\/brieger.ch\/wp-content\/uploads\/2020\/05\/Varivel_78D_NM_01-200x200.jpg 200w, https:\/\/brieger.ch\/wp-content\/uploads\/2020\/05\/Varivel_78D_NM_01-280x280.jpg 280w, https:\/\/brieger.ch\/wp-content\/uploads\/2020\/05\/Varivel_78D_NM_01-400x400.jpg 400w, https:\/\/brieger.ch\/wp-content\/uploads\/2020\/05\/Varivel_78D_NM_01-500x500.jpg 500w, https:\/\/brieger.ch\/wp-content\/uploads\/2020\/05\/Varivel_78D_NM_01-600x600.jpg 600w, https:\/\/brieger.ch\/wp-content\/uploads\/2020\/05\/Varivel_78D_NM_01-700x700.jpg 700w, https:\/\/brieger.ch\/wp-content\/uploads\/2020\/05\/Varivel_78D_NM_01-768x768.jpg 768w, https:\/\/brieger.ch\/wp-content\/uploads\/2020\/05\/Varivel_78D_NM_01-800x800.jpg 800w, https:\/\/brieger.ch\/wp-content\/uploads\/2020\/05\/Varivel_78D_NM_01.jpg 1200w\" sizes=\"(max-width: 100px) 100vw, 100px\" \/><\/a><div class=\"badgegreendiv\"><a class=\"breenbtn\" href=\"https:\/\/brieger.ch\/fr\/product\/46139\/\"><img decoding=\"async\" src=\"https:\/\/brieger.ch\/wp-content\/uploads\/2021\/04\/breen-badge3.png\" alt=\"BREEN\" width=\"33px\" height=\"33px\" \/><\/a><\/div><\/td>\n\t\t\t\t<td class=\"abgr\"><a href=\"https:\/\/brieger.ch\/fr\/product\/46139\/\">46139<\/a><\/td>\n\t\t\t\t<td class=\"zahlrechts abgr\"><a href=\"https:\/\/brieger.ch\/fr\/product\/46139\/\">325<\/a><\/td>\n\t\t\t\t<td class=\"zahlrechts abgr\"><a href=\"https:\/\/brieger.ch\/fr\/product\/46139\/\">250<\/a><\/td>\n                <td class=\"zahlrechts abgr\"><a href=\"https:\/\/brieger.ch\/fr\/product\/46139\/\">15<\/a><\/td>\n                <td class=\"zahlrechts abgr\"><a href=\"https:\/\/brieger.ch\/fr\/product\/46139\/\">80<\/a><\/td>\n\t\t\t\t<td class=\"zahlrechts abgr\"><a href=\"https:\/\/brieger.ch\/fr\/product\/46139\/\"><\/a><\/td>\n\t\t\t\t<td class=\"zahlrechts abgr\"><a href=\"https:\/\/brieger.ch\/fr\/product\/46139\/\">3.0 mm<\/a><\/td>\n\t\t\t\t<td class=\"zahlrechts abgr\"><a href=\"https:\/\/brieger.ch\/fr\/product\/46139\/\"><div id=\"wpv-view-layout-619-CPID40343\" class=\"js-wpv-view-layout js-wpv-layout-responsive js-wpv-view-layout-619-CPID40343\" data-viewnumber=\"619-CPID40343\" data-pagination=\"{&quot;id&quot;:619,&quot;query&quot;:&quot;normal&quot;,&quot;type&quot;:&quot;disabled&quot;,&quot;effect&quot;:&quot;fade&quot;,&quot;duration&quot;:500,&quot;speed&quot;:5,&quot;pause_on_hover&quot;:&quot;disabled&quot;,&quot;stop_rollover&quot;:&quot;false&quot;,&quot;cache_pages&quot;:&quot;enabled&quot;,&quot;preload_images&quot;:&quot;enabled&quot;,&quot;preload_pages&quot;:&quot;enabled&quot;,&quot;preload_reach&quot;:1,&quot;spinner&quot;:&quot;builtin&quot;,&quot;spinner_image&quot;:&quot;https:\/\/brieger.ch\/wp-content\/plugins\/wp-views\/embedded\/res\/img\/ajax-loader.gif&quot;,&quot;callback_next&quot;:&quot;&quot;,&quot;manage_history&quot;:&quot;disabled&quot;,&quot;has_controls_in_form&quot;:&quot;disabled&quot;,&quot;infinite_tolerance&quot;:&quot;0&quot;,&quot;max_pages&quot;:1,&quot;page&quot;:1,&quot;base_permalink&quot;:&quot;\/fr\/wp-json\/wp\/v2\/pages\/40518?wpv_view_count=619-CPID40343&amp;wpv_paged=WPV_PAGE_NUM&quot;,&quot;loop&quot;:{&quot;type&quot;:&quot;&quot;,&quot;name&quot;:&quot;&quot;,&quot;data&quot;:&#091;&#093;,&quot;id&quot;:0}}\" data-permalink=\"\/fr\/wp-json\/wp\/v2\/pages\/40518?wpv_view_count=619-CPID40343\">\n\n\t\n\t\t<img decoding=\"async\" src=\"https:\/\/brieger.ch\/wp-content\/uploads\/2019\/05\/braun.jpg\" alt=\"brun\" title=\"brun\" class=\"attachment-full\" \/>\n\t\n\t\n<\/div><\/a><\/td>\n\t\t\t\t<td class=\"preisrechts\"><a href=\"https:\/\/brieger.ch\/fr\/product\/46139\/\">1.24<\/a><\/td>\n              \t<td><a  href=\"https:\/\/brieger.ch\/fr\/product\/46139\/\"><\/a><\/td>\n\t\t\t<\/tr><tr class=\"prodselect\" data-href=\"https:\/\/brieger.ch\/fr\/product\/44739\/\">\n\t\t\t\t<td><a class=\"prodimglist\" href=\"https:\/\/brieger.ch\/fr\/product\/44739\/\"><img decoding=\"async\" width=\"100\" height=\"100\" src=\"https:\/\/brieger.ch\/wp-content\/uploads\/2020\/05\/44225_1-100x100.jpg\" class=\"attachment-shop_thumbnail size-shop_thumbnail wp-post-image\" alt=\"varitop\" srcset=\"https:\/\/brieger.ch\/wp-content\/uploads\/2020\/05\/44225_1-66x66.jpg 66w, https:\/\/brieger.ch\/wp-content\/uploads\/2020\/05\/44225_1-100x100.jpg 100w, https:\/\/brieger.ch\/wp-content\/uploads\/2020\/05\/44225_1-200x200.jpg 200w, https:\/\/brieger.ch\/wp-content\/uploads\/2020\/05\/44225_1-280x280.jpg 280w, https:\/\/brieger.ch\/wp-content\/uploads\/2020\/05\/44225_1-400x400.jpg 400w, https:\/\/brieger.ch\/wp-content\/uploads\/2020\/05\/44225_1-500x500.jpg 500w, https:\/\/brieger.ch\/wp-content\/uploads\/2020\/05\/44225_1-600x600.jpg 600w, https:\/\/brieger.ch\/wp-content\/uploads\/2020\/05\/44225_1.jpg 700w\" sizes=\"(max-width: 100px) 100vw, 100px\" \/><\/a><\/td>\n\t\t\t\t<td class=\"abgr\"><a href=\"https:\/\/brieger.ch\/fr\/product\/44739\/\">44739<\/a><\/td>\n\t\t\t\t<td class=\"zahlrechts abgr\"><a href=\"https:\/\/brieger.ch\/fr\/product\/44739\/\">325<\/a><\/td>\n\t\t\t\t<td class=\"zahlrechts abgr\"><a href=\"https:\/\/brieger.ch\/fr\/product\/44739\/\">250<\/a><\/td>\n                <td class=\"zahlrechts abgr\"><a href=\"https:\/\/brieger.ch\/fr\/product\/44739\/\">0<\/a><\/td>\n                <td class=\"zahlrechts abgr\"><a href=\"https:\/\/brieger.ch\/fr\/product\/44739\/\">100<\/a><\/td>\n\t\t\t\t<td class=\"zahlrechts abgr\"><a href=\"https:\/\/brieger.ch\/fr\/product\/44739\/\"><\/a><\/td>\n\t\t\t\t<td class=\"zahlrechts abgr\"><a href=\"https:\/\/brieger.ch\/fr\/product\/44739\/\">2.2 mm<\/a><\/td>\n\t\t\t\t<td class=\"zahlrechts abgr\"><a href=\"https:\/\/brieger.ch\/fr\/product\/44739\/\"><div id=\"wpv-view-layout-619-CPID40328\" class=\"js-wpv-view-layout js-wpv-layout-responsive js-wpv-view-layout-619-CPID40328\" data-viewnumber=\"619-CPID40328\" data-pagination=\"{&quot;id&quot;:619,&quot;query&quot;:&quot;normal&quot;,&quot;type&quot;:&quot;disabled&quot;,&quot;effect&quot;:&quot;fade&quot;,&quot;duration&quot;:500,&quot;speed&quot;:5,&quot;pause_on_hover&quot;:&quot;disabled&quot;,&quot;stop_rollover&quot;:&quot;false&quot;,&quot;cache_pages&quot;:&quot;enabled&quot;,&quot;preload_images&quot;:&quot;enabled&quot;,&quot;preload_pages&quot;:&quot;enabled&quot;,&quot;preload_reach&quot;:1,&quot;spinner&quot;:&quot;builtin&quot;,&quot;spinner_image&quot;:&quot;https:\/\/brieger.ch\/wp-content\/plugins\/wp-views\/embedded\/res\/img\/ajax-loader.gif&quot;,&quot;callback_next&quot;:&quot;&quot;,&quot;manage_history&quot;:&quot;disabled&quot;,&quot;has_controls_in_form&quot;:&quot;disabled&quot;,&quot;infinite_tolerance&quot;:&quot;0&quot;,&quot;max_pages&quot;:1,&quot;page&quot;:1,&quot;base_permalink&quot;:&quot;\/fr\/wp-json\/wp\/v2\/pages\/40518?wpv_view_count=619-CPID40328&amp;wpv_paged=WPV_PAGE_NUM&quot;,&quot;loop&quot;:{&quot;type&quot;:&quot;&quot;,&quot;name&quot;:&quot;&quot;,&quot;data&quot;:&#091;&#093;,&quot;id&quot;:0}}\" data-permalink=\"\/fr\/wp-json\/wp\/v2\/pages\/40518?wpv_view_count=619-CPID40328\">\n\n\t\n\t\t<img decoding=\"async\" src=\"https:\/\/brieger.ch\/wp-content\/uploads\/2019\/05\/weiss.jpg\" alt=\"blanc\" title=\"blanc\" class=\"attachment-full\" \/>\n\t\n\t\n<\/div><\/a><\/td>\n\t\t\t\t<td class=\"preisrechts\"><a href=\"https:\/\/brieger.ch\/fr\/product\/44739\/\">1.41<\/a><\/td>\n              \t<td><a  href=\"https:\/\/brieger.ch\/fr\/product\/44739\/\"><\/a><\/td>\n\t\t\t<\/tr><tr class=\"prodselect\" data-href=\"https:\/\/brieger.ch\/fr\/product\/45139\/\">\n\t\t\t\t<td><a class=\"prodimglist\" href=\"https:\/\/brieger.ch\/fr\/product\/45139\/\"><img decoding=\"async\" width=\"100\" height=\"100\" src=\"https:\/\/brieger.ch\/wp-content\/uploads\/2020\/05\/58_25_02-100x100.jpg\" class=\"attachment-shop_thumbnail size-shop_thumbnail wp-post-image\" alt=\"\" srcset=\"https:\/\/brieger.ch\/wp-content\/uploads\/2020\/05\/58_25_02-66x66.jpg 66w, https:\/\/brieger.ch\/wp-content\/uploads\/2020\/05\/58_25_02-100x100.jpg 100w, https:\/\/brieger.ch\/wp-content\/uploads\/2020\/05\/58_25_02-200x200.jpg 200w, https:\/\/brieger.ch\/wp-content\/uploads\/2020\/05\/58_25_02-280x280.jpg 280w, https:\/\/brieger.ch\/wp-content\/uploads\/2020\/05\/58_25_02-400x400.jpg 400w, https:\/\/brieger.ch\/wp-content\/uploads\/2020\/05\/58_25_02-500x500.jpg 500w, https:\/\/brieger.ch\/wp-content\/uploads\/2020\/05\/58_25_02-600x600.jpg 600w, https:\/\/brieger.ch\/wp-content\/uploads\/2020\/05\/58_25_02-700x700.jpg 700w, https:\/\/brieger.ch\/wp-content\/uploads\/2020\/05\/58_25_02-768x768.jpg 768w, https:\/\/brieger.ch\/wp-content\/uploads\/2020\/05\/58_25_02-800x800.jpg 800w, https:\/\/brieger.ch\/wp-content\/uploads\/2020\/05\/58_25_02.jpg 1200w\" sizes=\"(max-width: 100px) 100vw, 100px\" \/><\/a><\/td>\n\t\t\t\t<td class=\"abgr\"><a href=\"https:\/\/brieger.ch\/fr\/product\/45139\/\">45139<\/a><\/td>\n\t\t\t\t<td class=\"zahlrechts abgr\"><a href=\"https:\/\/brieger.ch\/fr\/product\/45139\/\">325<\/a><\/td>\n\t\t\t\t<td class=\"zahlrechts abgr\"><a href=\"https:\/\/brieger.ch\/fr\/product\/45139\/\">250<\/a><\/td>\n                <td class=\"zahlrechts abgr\"><a href=\"https:\/\/brieger.ch\/fr\/product\/45139\/\">15<\/a><\/td>\n                <td class=\"zahlrechts abgr\"><a href=\"https:\/\/brieger.ch\/fr\/product\/45139\/\">80<\/a><\/td>\n\t\t\t\t<td class=\"zahlrechts abgr\"><a href=\"https:\/\/brieger.ch\/fr\/product\/45139\/\"><\/a><\/td>\n\t\t\t\t<td class=\"zahlrechts abgr\"><a href=\"https:\/\/brieger.ch\/fr\/product\/45139\/\">3.0 mm<\/a><\/td>\n\t\t\t\t<td class=\"zahlrechts abgr\"><a href=\"https:\/\/brieger.ch\/fr\/product\/45139\/\"><div id=\"wpv-view-layout-619-CPID40293\" class=\"js-wpv-view-layout js-wpv-layout-responsive js-wpv-view-layout-619-CPID40293\" data-viewnumber=\"619-CPID40293\" data-pagination=\"{&quot;id&quot;:619,&quot;query&quot;:&quot;normal&quot;,&quot;type&quot;:&quot;disabled&quot;,&quot;effect&quot;:&quot;fade&quot;,&quot;duration&quot;:500,&quot;speed&quot;:5,&quot;pause_on_hover&quot;:&quot;disabled&quot;,&quot;stop_rollover&quot;:&quot;false&quot;,&quot;cache_pages&quot;:&quot;enabled&quot;,&quot;preload_images&quot;:&quot;enabled&quot;,&quot;preload_pages&quot;:&quot;enabled&quot;,&quot;preload_reach&quot;:1,&quot;spinner&quot;:&quot;builtin&quot;,&quot;spinner_image&quot;:&quot;https:\/\/brieger.ch\/wp-content\/plugins\/wp-views\/embedded\/res\/img\/ajax-loader.gif&quot;,&quot;callback_next&quot;:&quot;&quot;,&quot;manage_history&quot;:&quot;disabled&quot;,&quot;has_controls_in_form&quot;:&quot;disabled&quot;,&quot;infinite_tolerance&quot;:&quot;0&quot;,&quot;max_pages&quot;:1,&quot;page&quot;:1,&quot;base_permalink&quot;:&quot;\/fr\/wp-json\/wp\/v2\/pages\/40518?wpv_view_count=619-CPID40293&amp;wpv_paged=WPV_PAGE_NUM&quot;,&quot;loop&quot;:{&quot;type&quot;:&quot;&quot;,&quot;name&quot;:&quot;&quot;,&quot;data&quot;:&#091;&#093;,&quot;id&quot;:0}}\" data-permalink=\"\/fr\/wp-json\/wp\/v2\/pages\/40518?wpv_view_count=619-CPID40293\">\n\n\t\n\t\t<img decoding=\"async\" src=\"https:\/\/brieger.ch\/wp-content\/uploads\/2019\/05\/braun.jpg\" alt=\"brun\" title=\"brun\" class=\"attachment-full\" \/>\n\t\n\t\n<\/div><\/a><\/td>\n\t\t\t\t<td class=\"preisrechts\"><a href=\"https:\/\/brieger.ch\/fr\/product\/45139\/\">1.25<\/a><\/td>\n              \t<td><a  href=\"https:\/\/brieger.ch\/fr\/product\/45139\/\"><\/a><\/td>\n\t\t\t<\/tr><tr class=\"prodselect\" data-href=\"https:\/\/brieger.ch\/fr\/product\/45240\/\">\n\t\t\t\t<td><a class=\"prodimglist\" href=\"https:\/\/brieger.ch\/fr\/product\/45240\/\"><img decoding=\"async\" width=\"100\" height=\"100\" src=\"https:\/\/brieger.ch\/wp-content\/uploads\/2020\/05\/58_35_01-100x100.jpg\" class=\"attachment-shop_thumbnail size-shop_thumbnail wp-post-image\" alt=\"\" srcset=\"https:\/\/brieger.ch\/wp-content\/uploads\/2020\/05\/58_35_01-66x66.jpg 66w, https:\/\/brieger.ch\/wp-content\/uploads\/2020\/05\/58_35_01-100x100.jpg 100w, https:\/\/brieger.ch\/wp-content\/uploads\/2020\/05\/58_35_01-200x200.jpg 200w, https:\/\/brieger.ch\/wp-content\/uploads\/2020\/05\/58_35_01-280x280.jpg 280w, https:\/\/brieger.ch\/wp-content\/uploads\/2020\/05\/58_35_01-400x400.jpg 400w, https:\/\/brieger.ch\/wp-content\/uploads\/2020\/05\/58_35_01-500x500.jpg 500w, https:\/\/brieger.ch\/wp-content\/uploads\/2020\/05\/58_35_01-600x600.jpg 600w, https:\/\/brieger.ch\/wp-content\/uploads\/2020\/05\/58_35_01-700x700.jpg 700w, https:\/\/brieger.ch\/wp-content\/uploads\/2020\/05\/58_35_01-768x768.jpg 768w, https:\/\/brieger.ch\/wp-content\/uploads\/2020\/05\/58_35_01-800x800.jpg 800w, https:\/\/brieger.ch\/wp-content\/uploads\/2020\/05\/58_35_01.jpg 1200w\" sizes=\"(max-width: 100px) 100vw, 100px\" \/><\/a><\/td>\n\t\t\t\t<td class=\"abgr\"><a href=\"https:\/\/brieger.ch\/fr\/product\/45240\/\">45240<\/a><\/td>\n\t\t\t\t<td class=\"zahlrechts abgr\"><a href=\"https:\/\/brieger.ch\/fr\/product\/45240\/\">330<\/a><\/td>\n\t\t\t\t<td class=\"zahlrechts abgr\"><a href=\"https:\/\/brieger.ch\/fr\/product\/45240\/\">270<\/a><\/td>\n                <td class=\"zahlrechts abgr\"><a href=\"https:\/\/brieger.ch\/fr\/product\/45240\/\">0<\/a><\/td>\n                <td class=\"zahlrechts abgr\"><a href=\"https:\/\/brieger.ch\/fr\/product\/45240\/\">80<\/a><\/td>\n\t\t\t\t<td class=\"zahlrechts abgr\"><a href=\"https:\/\/brieger.ch\/fr\/product\/45240\/\"><\/a><\/td>\n\t\t\t\t<td class=\"zahlrechts abgr\"><a href=\"https:\/\/brieger.ch\/fr\/product\/45240\/\">3.0 mm<\/a><\/td>\n\t\t\t\t<td class=\"zahlrechts abgr\"><a href=\"https:\/\/brieger.ch\/fr\/product\/45240\/\"><div id=\"wpv-view-layout-619-CPID40311\" class=\"js-wpv-view-layout js-wpv-layout-responsive js-wpv-view-layout-619-CPID40311\" data-viewnumber=\"619-CPID40311\" data-pagination=\"{&quot;id&quot;:619,&quot;query&quot;:&quot;normal&quot;,&quot;type&quot;:&quot;disabled&quot;,&quot;effect&quot;:&quot;fade&quot;,&quot;duration&quot;:500,&quot;speed&quot;:5,&quot;pause_on_hover&quot;:&quot;disabled&quot;,&quot;stop_rollover&quot;:&quot;false&quot;,&quot;cache_pages&quot;:&quot;enabled&quot;,&quot;preload_images&quot;:&quot;enabled&quot;,&quot;preload_pages&quot;:&quot;enabled&quot;,&quot;preload_reach&quot;:1,&quot;spinner&quot;:&quot;builtin&quot;,&quot;spinner_image&quot;:&quot;https:\/\/brieger.ch\/wp-content\/plugins\/wp-views\/embedded\/res\/img\/ajax-loader.gif&quot;,&quot;callback_next&quot;:&quot;&quot;,&quot;manage_history&quot;:&quot;disabled&quot;,&quot;has_controls_in_form&quot;:&quot;disabled&quot;,&quot;infinite_tolerance&quot;:&quot;0&quot;,&quot;max_pages&quot;:1,&quot;page&quot;:1,&quot;base_permalink&quot;:&quot;\/fr\/wp-json\/wp\/v2\/pages\/40518?wpv_view_count=619-CPID40311&amp;wpv_paged=WPV_PAGE_NUM&quot;,&quot;loop&quot;:{&quot;type&quot;:&quot;&quot;,&quot;name&quot;:&quot;&quot;,&quot;data&quot;:&#091;&#093;,&quot;id&quot;:0}}\" data-permalink=\"\/fr\/wp-json\/wp\/v2\/pages\/40518?wpv_view_count=619-CPID40311\">\n\n\t\n\t\t<img decoding=\"async\" src=\"https:\/\/brieger.ch\/wp-content\/uploads\/2019\/05\/weiss.jpg\" alt=\"blanc\" title=\"blanc\" class=\"attachment-full\" \/>\n\t\n\t\n<\/div><\/a><\/td>\n\t\t\t\t<td class=\"preisrechts\"><a href=\"https:\/\/brieger.ch\/fr\/product\/45240\/\">1.75<\/a><\/td>\n              \t<td><a  href=\"https:\/\/brieger.ch\/fr\/product\/45240\/\"><\/a><\/td>\n\t\t\t<\/tr><tr class=\"prodselect\" data-href=\"https:\/\/brieger.ch\/fr\/product\/46140\/\">\n\t\t\t\t<td><a class=\"prodimglist\" href=\"https:\/\/brieger.ch\/fr\/product\/46140\/\"><img decoding=\"async\" width=\"100\" height=\"100\" src=\"https:\/\/brieger.ch\/wp-content\/uploads\/2020\/05\/Varivel_78D_NM_01-100x100.jpg\" class=\"attachment-shop_thumbnail size-shop_thumbnail wp-post-image\" alt=\"varivel\" srcset=\"https:\/\/brieger.ch\/wp-content\/uploads\/2020\/05\/Varivel_78D_NM_01-66x66.jpg 66w, https:\/\/brieger.ch\/wp-content\/uploads\/2020\/05\/Varivel_78D_NM_01-100x100.jpg 100w, https:\/\/brieger.ch\/wp-content\/uploads\/2020\/05\/Varivel_78D_NM_01-200x200.jpg 200w, https:\/\/brieger.ch\/wp-content\/uploads\/2020\/05\/Varivel_78D_NM_01-280x280.jpg 280w, https:\/\/brieger.ch\/wp-content\/uploads\/2020\/05\/Varivel_78D_NM_01-400x400.jpg 400w, https:\/\/brieger.ch\/wp-content\/uploads\/2020\/05\/Varivel_78D_NM_01-500x500.jpg 500w, https:\/\/brieger.ch\/wp-content\/uploads\/2020\/05\/Varivel_78D_NM_01-600x600.jpg 600w, https:\/\/brieger.ch\/wp-content\/uploads\/2020\/05\/Varivel_78D_NM_01-700x700.jpg 700w, https:\/\/brieger.ch\/wp-content\/uploads\/2020\/05\/Varivel_78D_NM_01-768x768.jpg 768w, https:\/\/brieger.ch\/wp-content\/uploads\/2020\/05\/Varivel_78D_NM_01-800x800.jpg 800w, https:\/\/brieger.ch\/wp-content\/uploads\/2020\/05\/Varivel_78D_NM_01.jpg 1200w\" sizes=\"(max-width: 100px) 100vw, 100px\" \/><\/a><div class=\"badgegreendiv\"><a class=\"breenbtn\" href=\"https:\/\/brieger.ch\/fr\/product\/46140\/\"><img decoding=\"async\" src=\"https:\/\/brieger.ch\/wp-content\/uploads\/2021\/04\/breen-badge3.png\" alt=\"BREEN\" width=\"33px\" height=\"33px\" \/><\/a><\/div><\/td>\n\t\t\t\t<td class=\"abgr\"><a href=\"https:\/\/brieger.ch\/fr\/product\/46140\/\">46140<\/a><\/td>\n\t\t\t\t<td class=\"zahlrechts abgr\"><a href=\"https:\/\/brieger.ch\/fr\/product\/46140\/\">330<\/a><\/td>\n\t\t\t\t<td class=\"zahlrechts abgr\"><a href=\"https:\/\/brieger.ch\/fr\/product\/46140\/\">270<\/a><\/td>\n                <td class=\"zahlrechts abgr\"><a href=\"https:\/\/brieger.ch\/fr\/product\/46140\/\">0<\/a><\/td>\n                <td class=\"zahlrechts abgr\"><a href=\"https:\/\/brieger.ch\/fr\/product\/46140\/\">80<\/a><\/td>\n\t\t\t\t<td class=\"zahlrechts abgr\"><a href=\"https:\/\/brieger.ch\/fr\/product\/46140\/\"><\/a><\/td>\n\t\t\t\t<td class=\"zahlrechts abgr\"><a href=\"https:\/\/brieger.ch\/fr\/product\/46140\/\">3.0 mm<\/a><\/td>\n\t\t\t\t<td class=\"zahlrechts abgr\"><a href=\"https:\/\/brieger.ch\/fr\/product\/46140\/\"><div id=\"wpv-view-layout-619-CPID40344\" class=\"js-wpv-view-layout js-wpv-layout-responsive js-wpv-view-layout-619-CPID40344\" data-viewnumber=\"619-CPID40344\" data-pagination=\"{&quot;id&quot;:619,&quot;query&quot;:&quot;normal&quot;,&quot;type&quot;:&quot;disabled&quot;,&quot;effect&quot;:&quot;fade&quot;,&quot;duration&quot;:500,&quot;speed&quot;:5,&quot;pause_on_hover&quot;:&quot;disabled&quot;,&quot;stop_rollover&quot;:&quot;false&quot;,&quot;cache_pages&quot;:&quot;enabled&quot;,&quot;preload_images&quot;:&quot;enabled&quot;,&quot;preload_pages&quot;:&quot;enabled&quot;,&quot;preload_reach&quot;:1,&quot;spinner&quot;:&quot;builtin&quot;,&quot;spinner_image&quot;:&quot;https:\/\/brieger.ch\/wp-content\/plugins\/wp-views\/embedded\/res\/img\/ajax-loader.gif&quot;,&quot;callback_next&quot;:&quot;&quot;,&quot;manage_history&quot;:&quot;disabled&quot;,&quot;has_controls_in_form&quot;:&quot;disabled&quot;,&quot;infinite_tolerance&quot;:&quot;0&quot;,&quot;max_pages&quot;:1,&quot;page&quot;:1,&quot;base_permalink&quot;:&quot;\/fr\/wp-json\/wp\/v2\/pages\/40518?wpv_view_count=619-CPID40344&amp;wpv_paged=WPV_PAGE_NUM&quot;,&quot;loop&quot;:{&quot;type&quot;:&quot;&quot;,&quot;name&quot;:&quot;&quot;,&quot;data&quot;:&#091;&#093;,&quot;id&quot;:0}}\" data-permalink=\"\/fr\/wp-json\/wp\/v2\/pages\/40518?wpv_view_count=619-CPID40344\">\n\n\t\n\t\t<img decoding=\"async\" src=\"https:\/\/brieger.ch\/wp-content\/uploads\/2019\/05\/braun.jpg\" alt=\"brun\" title=\"brun\" class=\"attachment-full\" \/>\n\t\n\t\n<\/div><\/a><\/td>\n\t\t\t\t<td class=\"preisrechts\"><a href=\"https:\/\/brieger.ch\/fr\/product\/46140\/\">1.39<\/a><\/td>\n              \t<td><a  href=\"https:\/\/brieger.ch\/fr\/product\/46140\/\"><\/a><\/td>\n\t\t\t<\/tr><tr class=\"prodselect\" data-href=\"https:\/\/brieger.ch\/fr\/product\/44240\/\">\n\t\t\t\t<td><a class=\"prodimglist\" href=\"https:\/\/brieger.ch\/fr\/product\/44240\/\"><img decoding=\"async\" width=\"100\" height=\"100\" src=\"https:\/\/brieger.ch\/wp-content\/uploads\/2020\/05\/44225_1-100x100.jpg\" class=\"attachment-shop_thumbnail size-shop_thumbnail wp-post-image\" alt=\"varitop\" srcset=\"https:\/\/brieger.ch\/wp-content\/uploads\/2020\/05\/44225_1-66x66.jpg 66w, https:\/\/brieger.ch\/wp-content\/uploads\/2020\/05\/44225_1-100x100.jpg 100w, https:\/\/brieger.ch\/wp-content\/uploads\/2020\/05\/44225_1-200x200.jpg 200w, https:\/\/brieger.ch\/wp-content\/uploads\/2020\/05\/44225_1-280x280.jpg 280w, https:\/\/brieger.ch\/wp-content\/uploads\/2020\/05\/44225_1-400x400.jpg 400w, https:\/\/brieger.ch\/wp-content\/uploads\/2020\/05\/44225_1-500x500.jpg 500w, https:\/\/brieger.ch\/wp-content\/uploads\/2020\/05\/44225_1-600x600.jpg 600w, https:\/\/brieger.ch\/wp-content\/uploads\/2020\/05\/44225_1.jpg 700w\" sizes=\"(max-width: 100px) 100vw, 100px\" \/><\/a><\/td>\n\t\t\t\t<td class=\"abgr\"><a href=\"https:\/\/brieger.ch\/fr\/product\/44240\/\">44240<\/a><\/td>\n\t\t\t\t<td class=\"zahlrechts abgr\"><a href=\"https:\/\/brieger.ch\/fr\/product\/44240\/\">330<\/a><\/td>\n\t\t\t\t<td class=\"zahlrechts abgr\"><a href=\"https:\/\/brieger.ch\/fr\/product\/44240\/\">270<\/a><\/td>\n                <td class=\"zahlrechts abgr\"><a href=\"https:\/\/brieger.ch\/fr\/product\/44240\/\">0<\/a><\/td>\n                <td class=\"zahlrechts abgr\"><a href=\"https:\/\/brieger.ch\/fr\/product\/44240\/\">100<\/a><\/td>\n\t\t\t\t<td class=\"zahlrechts abgr\"><a href=\"https:\/\/brieger.ch\/fr\/product\/44240\/\"><\/a><\/td>\n\t\t\t\t<td class=\"zahlrechts abgr\"><a href=\"https:\/\/brieger.ch\/fr\/product\/44240\/\">3.0 mm<\/a><\/td>\n\t\t\t\t<td class=\"zahlrechts abgr\"><a href=\"https:\/\/brieger.ch\/fr\/product\/44240\/\"><div id=\"wpv-view-layout-619-CPID40329\" class=\"js-wpv-view-layout js-wpv-layout-responsive js-wpv-view-layout-619-CPID40329\" data-viewnumber=\"619-CPID40329\" data-pagination=\"{&quot;id&quot;:619,&quot;query&quot;:&quot;normal&quot;,&quot;type&quot;:&quot;disabled&quot;,&quot;effect&quot;:&quot;fade&quot;,&quot;duration&quot;:500,&quot;speed&quot;:5,&quot;pause_on_hover&quot;:&quot;disabled&quot;,&quot;stop_rollover&quot;:&quot;false&quot;,&quot;cache_pages&quot;:&quot;enabled&quot;,&quot;preload_images&quot;:&quot;enabled&quot;,&quot;preload_pages&quot;:&quot;enabled&quot;,&quot;preload_reach&quot;:1,&quot;spinner&quot;:&quot;builtin&quot;,&quot;spinner_image&quot;:&quot;https:\/\/brieger.ch\/wp-content\/plugins\/wp-views\/embedded\/res\/img\/ajax-loader.gif&quot;,&quot;callback_next&quot;:&quot;&quot;,&quot;manage_history&quot;:&quot;disabled&quot;,&quot;has_controls_in_form&quot;:&quot;disabled&quot;,&quot;infinite_tolerance&quot;:&quot;0&quot;,&quot;max_pages&quot;:1,&quot;page&quot;:1,&quot;base_permalink&quot;:&quot;\/fr\/wp-json\/wp\/v2\/pages\/40518?wpv_view_count=619-CPID40329&amp;wpv_paged=WPV_PAGE_NUM&quot;,&quot;loop&quot;:{&quot;type&quot;:&quot;&quot;,&quot;name&quot;:&quot;&quot;,&quot;data&quot;:&#091;&#093;,&quot;id&quot;:0}}\" data-permalink=\"\/fr\/wp-json\/wp\/v2\/pages\/40518?wpv_view_count=619-CPID40329\">\n\n\t\n\t\t<img decoding=\"async\" src=\"https:\/\/brieger.ch\/wp-content\/uploads\/2019\/05\/weiss.jpg\" alt=\"blanc\" title=\"blanc\" class=\"attachment-full\" \/>\n\t\n\t\n<\/div><\/a><\/td>\n\t\t\t\t<td class=\"preisrechts\"><a href=\"https:\/\/brieger.ch\/fr\/product\/44240\/\">1.61<\/a><\/td>\n              \t<td><a  href=\"https:\/\/brieger.ch\/fr\/product\/44240\/\"><\/a><\/td>\n\t\t\t<\/tr><tr class=\"prodselect\" data-href=\"https:\/\/brieger.ch\/fr\/product\/45740\/\">\n\t\t\t\t<td><a class=\"prodimglist\" href=\"https:\/\/brieger.ch\/fr\/product\/45740\/\"><img decoding=\"async\" width=\"100\" height=\"100\" src=\"https:\/\/brieger.ch\/wp-content\/uploads\/2020\/05\/58_25_02-100x100.jpg\" class=\"attachment-shop_thumbnail size-shop_thumbnail wp-post-image\" alt=\"\" srcset=\"https:\/\/brieger.ch\/wp-content\/uploads\/2020\/05\/58_25_02-66x66.jpg 66w, https:\/\/brieger.ch\/wp-content\/uploads\/2020\/05\/58_25_02-100x100.jpg 100w, https:\/\/brieger.ch\/wp-content\/uploads\/2020\/05\/58_25_02-200x200.jpg 200w, https:\/\/brieger.ch\/wp-content\/uploads\/2020\/05\/58_25_02-280x280.jpg 280w, https:\/\/brieger.ch\/wp-content\/uploads\/2020\/05\/58_25_02-400x400.jpg 400w, https:\/\/brieger.ch\/wp-content\/uploads\/2020\/05\/58_25_02-500x500.jpg 500w, https:\/\/brieger.ch\/wp-content\/uploads\/2020\/05\/58_25_02-600x600.jpg 600w, https:\/\/brieger.ch\/wp-content\/uploads\/2020\/05\/58_25_02-700x700.jpg 700w, https:\/\/brieger.ch\/wp-content\/uploads\/2020\/05\/58_25_02-768x768.jpg 768w, https:\/\/brieger.ch\/wp-content\/uploads\/2020\/05\/58_25_02-800x800.jpg 800w, https:\/\/brieger.ch\/wp-content\/uploads\/2020\/05\/58_25_02.jpg 1200w\" sizes=\"(max-width: 100px) 100vw, 100px\" \/><\/a><\/td>\n\t\t\t\t<td class=\"abgr\"><a href=\"https:\/\/brieger.ch\/fr\/product\/45740\/\">45740<\/a><\/td>\n\t\t\t\t<td class=\"zahlrechts abgr\"><a href=\"https:\/\/brieger.ch\/fr\/product\/45740\/\">330<\/a><\/td>\n\t\t\t\t<td class=\"zahlrechts abgr\"><a href=\"https:\/\/brieger.ch\/fr\/product\/45740\/\">270<\/a><\/td>\n                <td class=\"zahlrechts abgr\"><a href=\"https:\/\/brieger.ch\/fr\/product\/45740\/\">0<\/a><\/td>\n                <td class=\"zahlrechts abgr\"><a href=\"https:\/\/brieger.ch\/fr\/product\/45740\/\">80<\/a><\/td>\n\t\t\t\t<td class=\"zahlrechts abgr\"><a href=\"https:\/\/brieger.ch\/fr\/product\/45740\/\"><\/a><\/td>\n\t\t\t\t<td class=\"zahlrechts abgr\"><a href=\"https:\/\/brieger.ch\/fr\/product\/45740\/\">3.0 mm<\/a><\/td>\n\t\t\t\t<td class=\"zahlrechts abgr\"><a href=\"https:\/\/brieger.ch\/fr\/product\/45740\/\"><div id=\"wpv-view-layout-619-CPID68024\" class=\"js-wpv-view-layout js-wpv-layout-responsive js-wpv-view-layout-619-CPID68024\" data-viewnumber=\"619-CPID68024\" data-pagination=\"{&quot;id&quot;:619,&quot;query&quot;:&quot;normal&quot;,&quot;type&quot;:&quot;disabled&quot;,&quot;effect&quot;:&quot;fade&quot;,&quot;duration&quot;:500,&quot;speed&quot;:5,&quot;pause_on_hover&quot;:&quot;disabled&quot;,&quot;stop_rollover&quot;:&quot;false&quot;,&quot;cache_pages&quot;:&quot;enabled&quot;,&quot;preload_images&quot;:&quot;enabled&quot;,&quot;preload_pages&quot;:&quot;enabled&quot;,&quot;preload_reach&quot;:1,&quot;spinner&quot;:&quot;builtin&quot;,&quot;spinner_image&quot;:&quot;https:\/\/brieger.ch\/wp-content\/plugins\/wp-views\/embedded\/res\/img\/ajax-loader.gif&quot;,&quot;callback_next&quot;:&quot;&quot;,&quot;manage_history&quot;:&quot;disabled&quot;,&quot;has_controls_in_form&quot;:&quot;disabled&quot;,&quot;infinite_tolerance&quot;:&quot;0&quot;,&quot;max_pages&quot;:1,&quot;page&quot;:1,&quot;base_permalink&quot;:&quot;\/fr\/wp-json\/wp\/v2\/pages\/40518?wpv_view_count=619-CPID68024&amp;wpv_paged=WPV_PAGE_NUM&quot;,&quot;loop&quot;:{&quot;type&quot;:&quot;&quot;,&quot;name&quot;:&quot;&quot;,&quot;data&quot;:&#091;&#093;,&quot;id&quot;:0}}\" data-permalink=\"\/fr\/wp-json\/wp\/v2\/pages\/40518?wpv_view_count=619-CPID68024\">\n\n\t\n\t\t<img decoding=\"async\" src=\"https:\/\/brieger.ch\/wp-content\/uploads\/2019\/05\/braun.jpg\" alt=\"brun\" title=\"brun\" class=\"attachment-full\" \/>\n\t\n\t\n<\/div><\/a><\/td>\n\t\t\t\t<td class=\"preisrechts\"><a href=\"https:\/\/brieger.ch\/fr\/product\/45740\/\">1.26<\/a><\/td>\n              \t<td><a  href=\"https:\/\/brieger.ch\/fr\/product\/45740\/\"><\/a><\/td>\n\t\t\t<\/tr><tr class=\"prodselect\" data-href=\"https:\/\/brieger.ch\/fr\/product\/45141\/\">\n\t\t\t\t<td><a class=\"prodimglist\" href=\"https:\/\/brieger.ch\/fr\/product\/45141\/\"><img decoding=\"async\" width=\"100\" height=\"100\" src=\"https:\/\/brieger.ch\/wp-content\/uploads\/2020\/05\/58_25_02-100x100.jpg\" class=\"attachment-shop_thumbnail size-shop_thumbnail wp-post-image\" alt=\"\" srcset=\"https:\/\/brieger.ch\/wp-content\/uploads\/2020\/05\/58_25_02-66x66.jpg 66w, https:\/\/brieger.ch\/wp-content\/uploads\/2020\/05\/58_25_02-100x100.jpg 100w, https:\/\/brieger.ch\/wp-content\/uploads\/2020\/05\/58_25_02-200x200.jpg 200w, https:\/\/brieger.ch\/wp-content\/uploads\/2020\/05\/58_25_02-280x280.jpg 280w, https:\/\/brieger.ch\/wp-content\/uploads\/2020\/05\/58_25_02-400x400.jpg 400w, https:\/\/brieger.ch\/wp-content\/uploads\/2020\/05\/58_25_02-500x500.jpg 500w, https:\/\/brieger.ch\/wp-content\/uploads\/2020\/05\/58_25_02-600x600.jpg 600w, https:\/\/brieger.ch\/wp-content\/uploads\/2020\/05\/58_25_02-700x700.jpg 700w, https:\/\/brieger.ch\/wp-content\/uploads\/2020\/05\/58_25_02-768x768.jpg 768w, https:\/\/brieger.ch\/wp-content\/uploads\/2020\/05\/58_25_02-800x800.jpg 800w, https:\/\/brieger.ch\/wp-content\/uploads\/2020\/05\/58_25_02.jpg 1200w\" sizes=\"(max-width: 100px) 100vw, 100px\" \/><\/a><\/td>\n\t\t\t\t<td class=\"abgr\"><a href=\"https:\/\/brieger.ch\/fr\/product\/45141\/\">45141<\/a><\/td>\n\t\t\t\t<td class=\"zahlrechts abgr\"><a href=\"https:\/\/brieger.ch\/fr\/product\/45141\/\">335<\/a><\/td>\n\t\t\t\t<td class=\"zahlrechts abgr\"><a href=\"https:\/\/brieger.ch\/fr\/product\/45141\/\">325<\/a><\/td>\n                <td class=\"zahlrechts abgr\"><a href=\"https:\/\/brieger.ch\/fr\/product\/45141\/\">0<\/a><\/td>\n                <td class=\"zahlrechts abgr\"><a href=\"https:\/\/brieger.ch\/fr\/product\/45141\/\">80<\/a><\/td>\n\t\t\t\t<td class=\"zahlrechts abgr\"><a href=\"https:\/\/brieger.ch\/fr\/product\/45141\/\"><\/a><\/td>\n\t\t\t\t<td class=\"zahlrechts abgr\"><a href=\"https:\/\/brieger.ch\/fr\/product\/45141\/\">3.0 mm<\/a><\/td>\n\t\t\t\t<td class=\"zahlrechts abgr\"><a href=\"https:\/\/brieger.ch\/fr\/product\/45141\/\"><div id=\"wpv-view-layout-619-CPID40295\" class=\"js-wpv-view-layout js-wpv-layout-responsive js-wpv-view-layout-619-CPID40295\" data-viewnumber=\"619-CPID40295\" data-pagination=\"{&quot;id&quot;:619,&quot;query&quot;:&quot;normal&quot;,&quot;type&quot;:&quot;disabled&quot;,&quot;effect&quot;:&quot;fade&quot;,&quot;duration&quot;:500,&quot;speed&quot;:5,&quot;pause_on_hover&quot;:&quot;disabled&quot;,&quot;stop_rollover&quot;:&quot;false&quot;,&quot;cache_pages&quot;:&quot;enabled&quot;,&quot;preload_images&quot;:&quot;enabled&quot;,&quot;preload_pages&quot;:&quot;enabled&quot;,&quot;preload_reach&quot;:1,&quot;spinner&quot;:&quot;builtin&quot;,&quot;spinner_image&quot;:&quot;https:\/\/brieger.ch\/wp-content\/plugins\/wp-views\/embedded\/res\/img\/ajax-loader.gif&quot;,&quot;callback_next&quot;:&quot;&quot;,&quot;manage_history&quot;:&quot;disabled&quot;,&quot;has_controls_in_form&quot;:&quot;disabled&quot;,&quot;infinite_tolerance&quot;:&quot;0&quot;,&quot;max_pages&quot;:1,&quot;page&quot;:1,&quot;base_permalink&quot;:&quot;\/fr\/wp-json\/wp\/v2\/pages\/40518?wpv_view_count=619-CPID40295&amp;wpv_paged=WPV_PAGE_NUM&quot;,&quot;loop&quot;:{&quot;type&quot;:&quot;&quot;,&quot;name&quot;:&quot;&quot;,&quot;data&quot;:&#091;&#093;,&quot;id&quot;:0}}\" data-permalink=\"\/fr\/wp-json\/wp\/v2\/pages\/40518?wpv_view_count=619-CPID40295\">\n\n\t\n\t\t<img decoding=\"async\" src=\"https:\/\/brieger.ch\/wp-content\/uploads\/2019\/05\/braun.jpg\" alt=\"brun\" title=\"brun\" class=\"attachment-full\" \/>\n\t\n\t\n<\/div><\/a><\/td>\n\t\t\t\t<td class=\"preisrechts\"><a href=\"https:\/\/brieger.ch\/fr\/product\/45141\/\">1.80<\/a><\/td>\n              \t<td><a  href=\"https:\/\/brieger.ch\/fr\/product\/45141\/\"><\/a><\/td>\n\t\t\t<\/tr><tr class=\"prodselect\" data-href=\"https:\/\/brieger.ch\/fr\/product\/45142\/\">\n\t\t\t\t<td><a class=\"prodimglist\" href=\"https:\/\/brieger.ch\/fr\/product\/45142\/\"><img decoding=\"async\" width=\"100\" height=\"100\" src=\"https:\/\/brieger.ch\/wp-content\/uploads\/2020\/05\/58_25_02-100x100.jpg\" class=\"attachment-shop_thumbnail size-shop_thumbnail wp-post-image\" alt=\"\" srcset=\"https:\/\/brieger.ch\/wp-content\/uploads\/2020\/05\/58_25_02-66x66.jpg 66w, https:\/\/brieger.ch\/wp-content\/uploads\/2020\/05\/58_25_02-100x100.jpg 100w, https:\/\/brieger.ch\/wp-content\/uploads\/2020\/05\/58_25_02-200x200.jpg 200w, https:\/\/brieger.ch\/wp-content\/uploads\/2020\/05\/58_25_02-280x280.jpg 280w, https:\/\/brieger.ch\/wp-content\/uploads\/2020\/05\/58_25_02-400x400.jpg 400w, https:\/\/brieger.ch\/wp-content\/uploads\/2020\/05\/58_25_02-500x500.jpg 500w, https:\/\/brieger.ch\/wp-content\/uploads\/2020\/05\/58_25_02-600x600.jpg 600w, https:\/\/brieger.ch\/wp-content\/uploads\/2020\/05\/58_25_02-700x700.jpg 700w, https:\/\/brieger.ch\/wp-content\/uploads\/2020\/05\/58_25_02-768x768.jpg 768w, https:\/\/brieger.ch\/wp-content\/uploads\/2020\/05\/58_25_02-800x800.jpg 800w, https:\/\/brieger.ch\/wp-content\/uploads\/2020\/05\/58_25_02.jpg 1200w\" sizes=\"(max-width: 100px) 100vw, 100px\" \/><\/a><\/td>\n\t\t\t\t<td class=\"abgr\"><a href=\"https:\/\/brieger.ch\/fr\/product\/45142\/\">45142<\/a><\/td>\n\t\t\t\t<td class=\"zahlrechts abgr\"><a href=\"https:\/\/brieger.ch\/fr\/product\/45142\/\">355<\/a><\/td>\n\t\t\t\t<td class=\"zahlrechts abgr\"><a href=\"https:\/\/brieger.ch\/fr\/product\/45142\/\">255<\/a><\/td>\n                <td class=\"zahlrechts abgr\"><a href=\"https:\/\/brieger.ch\/fr\/product\/45142\/\">0<\/a><\/td>\n                <td class=\"zahlrechts abgr\"><a href=\"https:\/\/brieger.ch\/fr\/product\/45142\/\">80<\/a><\/td>\n\t\t\t\t<td class=\"zahlrechts abgr\"><a href=\"https:\/\/brieger.ch\/fr\/product\/45142\/\"><\/a><\/td>\n\t\t\t\t<td class=\"zahlrechts abgr\"><a href=\"https:\/\/brieger.ch\/fr\/product\/45142\/\">3.0 mm<\/a><\/td>\n\t\t\t\t<td class=\"zahlrechts abgr\"><a href=\"https:\/\/brieger.ch\/fr\/product\/45142\/\"><div id=\"wpv-view-layout-619-CPID40296\" class=\"js-wpv-view-layout js-wpv-layout-responsive js-wpv-view-layout-619-CPID40296\" data-viewnumber=\"619-CPID40296\" data-pagination=\"{&quot;id&quot;:619,&quot;query&quot;:&quot;normal&quot;,&quot;type&quot;:&quot;disabled&quot;,&quot;effect&quot;:&quot;fade&quot;,&quot;duration&quot;:500,&quot;speed&quot;:5,&quot;pause_on_hover&quot;:&quot;disabled&quot;,&quot;stop_rollover&quot;:&quot;false&quot;,&quot;cache_pages&quot;:&quot;enabled&quot;,&quot;preload_images&quot;:&quot;enabled&quot;,&quot;preload_pages&quot;:&quot;enabled&quot;,&quot;preload_reach&quot;:1,&quot;spinner&quot;:&quot;builtin&quot;,&quot;spinner_image&quot;:&quot;https:\/\/brieger.ch\/wp-content\/plugins\/wp-views\/embedded\/res\/img\/ajax-loader.gif&quot;,&quot;callback_next&quot;:&quot;&quot;,&quot;manage_history&quot;:&quot;disabled&quot;,&quot;has_controls_in_form&quot;:&quot;disabled&quot;,&quot;infinite_tolerance&quot;:&quot;0&quot;,&quot;max_pages&quot;:1,&quot;page&quot;:1,&quot;base_permalink&quot;:&quot;\/fr\/wp-json\/wp\/v2\/pages\/40518?wpv_view_count=619-CPID40296&amp;wpv_paged=WPV_PAGE_NUM&quot;,&quot;loop&quot;:{&quot;type&quot;:&quot;&quot;,&quot;name&quot;:&quot;&quot;,&quot;data&quot;:&#091;&#093;,&quot;id&quot;:0}}\" data-permalink=\"\/fr\/wp-json\/wp\/v2\/pages\/40518?wpv_view_count=619-CPID40296\">\n\n\t\n\t\t<img decoding=\"async\" src=\"https:\/\/brieger.ch\/wp-content\/uploads\/2019\/05\/braun.jpg\" alt=\"brun\" title=\"brun\" class=\"attachment-full\" \/>\n\t\n\t\n<\/div><\/a><\/td>\n\t\t\t\t<td class=\"preisrechts\"><a href=\"https:\/\/brieger.ch\/fr\/product\/45142\/\">1.39<\/a><\/td>\n              \t<td><a  href=\"https:\/\/brieger.ch\/fr\/product\/45142\/\"><\/a><\/td>\n\t\t\t<\/tr><tr class=\"prodselect\" data-href=\"https:\/\/brieger.ch\/fr\/product\/45161\/\">\n\t\t\t\t<td><a class=\"prodimglist\" href=\"https:\/\/brieger.ch\/fr\/product\/45161\/\"><img decoding=\"async\" width=\"100\" height=\"100\" src=\"https:\/\/brieger.ch\/wp-content\/uploads\/2020\/05\/Varivel_78D_NM_01-100x100.jpg\" class=\"attachment-shop_thumbnail size-shop_thumbnail wp-post-image\" alt=\"varivel\" srcset=\"https:\/\/brieger.ch\/wp-content\/uploads\/2020\/05\/Varivel_78D_NM_01-66x66.jpg 66w, https:\/\/brieger.ch\/wp-content\/uploads\/2020\/05\/Varivel_78D_NM_01-100x100.jpg 100w, https:\/\/brieger.ch\/wp-content\/uploads\/2020\/05\/Varivel_78D_NM_01-200x200.jpg 200w, https:\/\/brieger.ch\/wp-content\/uploads\/2020\/05\/Varivel_78D_NM_01-280x280.jpg 280w, https:\/\/brieger.ch\/wp-content\/uploads\/2020\/05\/Varivel_78D_NM_01-400x400.jpg 400w, https:\/\/brieger.ch\/wp-content\/uploads\/2020\/05\/Varivel_78D_NM_01-500x500.jpg 500w, https:\/\/brieger.ch\/wp-content\/uploads\/2020\/05\/Varivel_78D_NM_01-600x600.jpg 600w, https:\/\/brieger.ch\/wp-content\/uploads\/2020\/05\/Varivel_78D_NM_01-700x700.jpg 700w, https:\/\/brieger.ch\/wp-content\/uploads\/2020\/05\/Varivel_78D_NM_01-768x768.jpg 768w, https:\/\/brieger.ch\/wp-content\/uploads\/2020\/05\/Varivel_78D_NM_01-800x800.jpg 800w, https:\/\/brieger.ch\/wp-content\/uploads\/2020\/05\/Varivel_78D_NM_01.jpg 1200w\" sizes=\"(max-width: 100px) 100vw, 100px\" \/><\/a><div class=\"badgegreendiv\"><a class=\"breenbtn\" href=\"https:\/\/brieger.ch\/fr\/product\/45161\/\"><img decoding=\"async\" src=\"https:\/\/brieger.ch\/wp-content\/uploads\/2021\/04\/breen-badge3.png\" alt=\"BREEN\" width=\"33px\" height=\"33px\" \/><\/a><\/div><\/td>\n\t\t\t\t<td class=\"abgr\"><a href=\"https:\/\/brieger.ch\/fr\/product\/45161\/\">45161<\/a><\/td>\n\t\t\t\t<td class=\"zahlrechts abgr\"><a href=\"https:\/\/brieger.ch\/fr\/product\/45161\/\">360<\/a><\/td>\n\t\t\t\t<td class=\"zahlrechts abgr\"><a href=\"https:\/\/brieger.ch\/fr\/product\/45161\/\">360<\/a><\/td>\n                <td class=\"zahlrechts abgr\"><a href=\"https:\/\/brieger.ch\/fr\/product\/45161\/\">0<\/a><\/td>\n                <td class=\"zahlrechts abgr\"><a href=\"https:\/\/brieger.ch\/fr\/product\/45161\/\">120<\/a><\/td>\n\t\t\t\t<td class=\"zahlrechts abgr\"><a href=\"https:\/\/brieger.ch\/fr\/product\/45161\/\"><\/a><\/td>\n\t\t\t\t<td class=\"zahlrechts abgr\"><a href=\"https:\/\/brieger.ch\/fr\/product\/45161\/\">6.0 mm<\/a><\/td>\n\t\t\t\t<td class=\"zahlrechts abgr\"><a href=\"https:\/\/brieger.ch\/fr\/product\/45161\/\"><div id=\"wpv-view-layout-619-CPID87233\" class=\"js-wpv-view-layout js-wpv-layout-responsive js-wpv-view-layout-619-CPID87233\" data-viewnumber=\"619-CPID87233\" data-pagination=\"{&quot;id&quot;:619,&quot;query&quot;:&quot;normal&quot;,&quot;type&quot;:&quot;disabled&quot;,&quot;effect&quot;:&quot;fade&quot;,&quot;duration&quot;:500,&quot;speed&quot;:5,&quot;pause_on_hover&quot;:&quot;disabled&quot;,&quot;stop_rollover&quot;:&quot;false&quot;,&quot;cache_pages&quot;:&quot;enabled&quot;,&quot;preload_images&quot;:&quot;enabled&quot;,&quot;preload_pages&quot;:&quot;enabled&quot;,&quot;preload_reach&quot;:1,&quot;spinner&quot;:&quot;builtin&quot;,&quot;spinner_image&quot;:&quot;https:\/\/brieger.ch\/wp-content\/plugins\/wp-views\/embedded\/res\/img\/ajax-loader.gif&quot;,&quot;callback_next&quot;:&quot;&quot;,&quot;manage_history&quot;:&quot;disabled&quot;,&quot;has_controls_in_form&quot;:&quot;disabled&quot;,&quot;infinite_tolerance&quot;:&quot;0&quot;,&quot;max_pages&quot;:1,&quot;page&quot;:1,&quot;base_permalink&quot;:&quot;\/fr\/wp-json\/wp\/v2\/pages\/40518?wpv_view_count=619-CPID87233&amp;wpv_paged=WPV_PAGE_NUM&quot;,&quot;loop&quot;:{&quot;type&quot;:&quot;&quot;,&quot;name&quot;:&quot;&quot;,&quot;data&quot;:&#091;&#093;,&quot;id&quot;:0}}\" data-permalink=\"\/fr\/wp-json\/wp\/v2\/pages\/40518?wpv_view_count=619-CPID87233\">\n\n\t\n\t\t<img decoding=\"async\" src=\"https:\/\/brieger.ch\/wp-content\/uploads\/2019\/05\/braun.jpg\" alt=\"brun\" title=\"brun\" class=\"attachment-full\" \/>\n\t\n\t\n<\/div><\/a><\/td>\n\t\t\t\t<td class=\"preisrechts\"><a href=\"https:\/\/brieger.ch\/fr\/product\/45161\/\">4.74<\/a><\/td>\n              \t<td><a class=\"newprod\" href=\"https:\/\/brieger.ch\/fr\/product\/45161\/\">Neu<\/a><\/td>\n\t\t\t<\/tr><tr class=\"prodselect\" data-href=\"https:\/\/brieger.ch\/fr\/product\/44243\/\">\n\t\t\t\t<td><a class=\"prodimglist\" href=\"https:\/\/brieger.ch\/fr\/product\/44243\/\"><img decoding=\"async\" width=\"100\" height=\"100\" src=\"https:\/\/brieger.ch\/wp-content\/uploads\/2020\/05\/44225_1-100x100.jpg\" class=\"attachment-shop_thumbnail size-shop_thumbnail wp-post-image\" alt=\"varitop\" srcset=\"https:\/\/brieger.ch\/wp-content\/uploads\/2020\/05\/44225_1-66x66.jpg 66w, https:\/\/brieger.ch\/wp-content\/uploads\/2020\/05\/44225_1-100x100.jpg 100w, https:\/\/brieger.ch\/wp-content\/uploads\/2020\/05\/44225_1-200x200.jpg 200w, https:\/\/brieger.ch\/wp-content\/uploads\/2020\/05\/44225_1-280x280.jpg 280w, https:\/\/brieger.ch\/wp-content\/uploads\/2020\/05\/44225_1-400x400.jpg 400w, https:\/\/brieger.ch\/wp-content\/uploads\/2020\/05\/44225_1-500x500.jpg 500w, https:\/\/brieger.ch\/wp-content\/uploads\/2020\/05\/44225_1-600x600.jpg 600w, https:\/\/brieger.ch\/wp-content\/uploads\/2020\/05\/44225_1.jpg 700w\" sizes=\"(max-width: 100px) 100vw, 100px\" \/><\/a><\/td>\n\t\t\t\t<td class=\"abgr\"><a href=\"https:\/\/brieger.ch\/fr\/product\/44243\/\">44243<\/a><\/td>\n\t\t\t\t<td class=\"zahlrechts abgr\"><a href=\"https:\/\/brieger.ch\/fr\/product\/44243\/\">380<\/a><\/td>\n\t\t\t\t<td class=\"zahlrechts abgr\"><a href=\"https:\/\/brieger.ch\/fr\/product\/44243\/\">290<\/a><\/td>\n                <td class=\"zahlrechts abgr\"><a href=\"https:\/\/brieger.ch\/fr\/product\/44243\/\">0<\/a><\/td>\n                <td class=\"zahlrechts abgr\"><a href=\"https:\/\/brieger.ch\/fr\/product\/44243\/\">100<\/a><\/td>\n\t\t\t\t<td class=\"zahlrechts abgr\"><a href=\"https:\/\/brieger.ch\/fr\/product\/44243\/\"><\/a><\/td>\n\t\t\t\t<td class=\"zahlrechts abgr\"><a href=\"https:\/\/brieger.ch\/fr\/product\/44243\/\">3.0 mm<\/a><\/td>\n\t\t\t\t<td class=\"zahlrechts abgr\"><a href=\"https:\/\/brieger.ch\/fr\/product\/44243\/\"><div id=\"wpv-view-layout-619-CPID40330\" class=\"js-wpv-view-layout js-wpv-layout-responsive js-wpv-view-layout-619-CPID40330\" data-viewnumber=\"619-CPID40330\" data-pagination=\"{&quot;id&quot;:619,&quot;query&quot;:&quot;normal&quot;,&quot;type&quot;:&quot;disabled&quot;,&quot;effect&quot;:&quot;fade&quot;,&quot;duration&quot;:500,&quot;speed&quot;:5,&quot;pause_on_hover&quot;:&quot;disabled&quot;,&quot;stop_rollover&quot;:&quot;false&quot;,&quot;cache_pages&quot;:&quot;enabled&quot;,&quot;preload_images&quot;:&quot;enabled&quot;,&quot;preload_pages&quot;:&quot;enabled&quot;,&quot;preload_reach&quot;:1,&quot;spinner&quot;:&quot;builtin&quot;,&quot;spinner_image&quot;:&quot;https:\/\/brieger.ch\/wp-content\/plugins\/wp-views\/embedded\/res\/img\/ajax-loader.gif&quot;,&quot;callback_next&quot;:&quot;&quot;,&quot;manage_history&quot;:&quot;disabled&quot;,&quot;has_controls_in_form&quot;:&quot;disabled&quot;,&quot;infinite_tolerance&quot;:&quot;0&quot;,&quot;max_pages&quot;:1,&quot;page&quot;:1,&quot;base_permalink&quot;:&quot;\/fr\/wp-json\/wp\/v2\/pages\/40518?wpv_view_count=619-CPID40330&amp;wpv_paged=WPV_PAGE_NUM&quot;,&quot;loop&quot;:{&quot;type&quot;:&quot;&quot;,&quot;name&quot;:&quot;&quot;,&quot;data&quot;:&#091;&#093;,&quot;id&quot;:0}}\" data-permalink=\"\/fr\/wp-json\/wp\/v2\/pages\/40518?wpv_view_count=619-CPID40330\">\n\n\t\n\t\t<img decoding=\"async\" src=\"https:\/\/brieger.ch\/wp-content\/uploads\/2019\/05\/weiss.jpg\" alt=\"blanc\" title=\"blanc\" class=\"attachment-full\" \/>\n\t\n\t\n<\/div><\/a><\/td>\n\t\t\t\t<td class=\"preisrechts\"><a href=\"https:\/\/brieger.ch\/fr\/product\/44243\/\">1.95<\/a><\/td>\n              \t<td><a  href=\"https:\/\/brieger.ch\/fr\/product\/44243\/\"><\/a><\/td>\n\t\t\t<\/tr><tr class=\"prodselect\" data-href=\"https:\/\/brieger.ch\/fr\/product\/45743\/\">\n\t\t\t\t<td><a class=\"prodimglist\" href=\"https:\/\/brieger.ch\/fr\/product\/45743\/\"><img decoding=\"async\" width=\"100\" height=\"100\" src=\"https:\/\/brieger.ch\/wp-content\/uploads\/2020\/05\/58_25_02-100x100.jpg\" class=\"attachment-shop_thumbnail size-shop_thumbnail wp-post-image\" alt=\"\" srcset=\"https:\/\/brieger.ch\/wp-content\/uploads\/2020\/05\/58_25_02-66x66.jpg 66w, https:\/\/brieger.ch\/wp-content\/uploads\/2020\/05\/58_25_02-100x100.jpg 100w, https:\/\/brieger.ch\/wp-content\/uploads\/2020\/05\/58_25_02-200x200.jpg 200w, https:\/\/brieger.ch\/wp-content\/uploads\/2020\/05\/58_25_02-280x280.jpg 280w, https:\/\/brieger.ch\/wp-content\/uploads\/2020\/05\/58_25_02-400x400.jpg 400w, https:\/\/brieger.ch\/wp-content\/uploads\/2020\/05\/58_25_02-500x500.jpg 500w, https:\/\/brieger.ch\/wp-content\/uploads\/2020\/05\/58_25_02-600x600.jpg 600w, https:\/\/brieger.ch\/wp-content\/uploads\/2020\/05\/58_25_02-700x700.jpg 700w, https:\/\/brieger.ch\/wp-content\/uploads\/2020\/05\/58_25_02-768x768.jpg 768w, https:\/\/brieger.ch\/wp-content\/uploads\/2020\/05\/58_25_02-800x800.jpg 800w, https:\/\/brieger.ch\/wp-content\/uploads\/2020\/05\/58_25_02.jpg 1200w\" sizes=\"(max-width: 100px) 100vw, 100px\" \/><\/a><\/td>\n\t\t\t\t<td class=\"abgr\"><a href=\"https:\/\/brieger.ch\/fr\/product\/45743\/\">45743<\/a><\/td>\n\t\t\t\t<td class=\"zahlrechts abgr\"><a href=\"https:\/\/brieger.ch\/fr\/product\/45743\/\">380<\/a><\/td>\n\t\t\t\t<td class=\"zahlrechts abgr\"><a href=\"https:\/\/brieger.ch\/fr\/product\/45743\/\">290<\/a><\/td>\n                <td class=\"zahlrechts abgr\"><a href=\"https:\/\/brieger.ch\/fr\/product\/45743\/\">0<\/a><\/td>\n                <td class=\"zahlrechts abgr\"><a href=\"https:\/\/brieger.ch\/fr\/product\/45743\/\">80<\/a><\/td>\n\t\t\t\t<td class=\"zahlrechts abgr\"><a href=\"https:\/\/brieger.ch\/fr\/product\/45743\/\"><\/a><\/td>\n\t\t\t\t<td class=\"zahlrechts abgr\"><a href=\"https:\/\/brieger.ch\/fr\/product\/45743\/\">2.2 mm<\/a><\/td>\n\t\t\t\t<td class=\"zahlrechts abgr\"><a href=\"https:\/\/brieger.ch\/fr\/product\/45743\/\"><div id=\"wpv-view-layout-619-CPID40297\" class=\"js-wpv-view-layout js-wpv-layout-responsive js-wpv-view-layout-619-CPID40297\" data-viewnumber=\"619-CPID40297\" data-pagination=\"{&quot;id&quot;:619,&quot;query&quot;:&quot;normal&quot;,&quot;type&quot;:&quot;disabled&quot;,&quot;effect&quot;:&quot;fade&quot;,&quot;duration&quot;:500,&quot;speed&quot;:5,&quot;pause_on_hover&quot;:&quot;disabled&quot;,&quot;stop_rollover&quot;:&quot;false&quot;,&quot;cache_pages&quot;:&quot;enabled&quot;,&quot;preload_images&quot;:&quot;enabled&quot;,&quot;preload_pages&quot;:&quot;enabled&quot;,&quot;preload_reach&quot;:1,&quot;spinner&quot;:&quot;builtin&quot;,&quot;spinner_image&quot;:&quot;https:\/\/brieger.ch\/wp-content\/plugins\/wp-views\/embedded\/res\/img\/ajax-loader.gif&quot;,&quot;callback_next&quot;:&quot;&quot;,&quot;manage_history&quot;:&quot;disabled&quot;,&quot;has_controls_in_form&quot;:&quot;disabled&quot;,&quot;infinite_tolerance&quot;:&quot;0&quot;,&quot;max_pages&quot;:1,&quot;page&quot;:1,&quot;base_permalink&quot;:&quot;\/fr\/wp-json\/wp\/v2\/pages\/40518?wpv_view_count=619-CPID40297&amp;wpv_paged=WPV_PAGE_NUM&quot;,&quot;loop&quot;:{&quot;type&quot;:&quot;&quot;,&quot;name&quot;:&quot;&quot;,&quot;data&quot;:&#091;&#093;,&quot;id&quot;:0}}\" data-permalink=\"\/fr\/wp-json\/wp\/v2\/pages\/40518?wpv_view_count=619-CPID40297\">\n\n\t\n\t\t<img decoding=\"async\" src=\"https:\/\/brieger.ch\/wp-content\/uploads\/2019\/05\/braun.jpg\" alt=\"brun\" title=\"brun\" class=\"attachment-full\" \/>\n\t\n\t\n<\/div><\/a><\/td>\n\t\t\t\t<td class=\"preisrechts\"><a href=\"https:\/\/brieger.ch\/fr\/product\/45743\/\">1.76<\/a><\/td>\n              \t<td><a  href=\"https:\/\/brieger.ch\/fr\/product\/45743\/\"><\/a><\/td>\n\t\t\t<\/tr><tr class=\"prodselect\" data-href=\"https:\/\/brieger.ch\/fr\/product\/46143\/\">\n\t\t\t\t<td><a class=\"prodimglist\" href=\"https:\/\/brieger.ch\/fr\/product\/46143\/\"><img decoding=\"async\" width=\"100\" height=\"100\" src=\"https:\/\/brieger.ch\/wp-content\/uploads\/2020\/05\/Varivel_78D_NM_01-100x100.jpg\" class=\"attachment-shop_thumbnail size-shop_thumbnail wp-post-image\" alt=\"varivel\" srcset=\"https:\/\/brieger.ch\/wp-content\/uploads\/2020\/05\/Varivel_78D_NM_01-66x66.jpg 66w, https:\/\/brieger.ch\/wp-content\/uploads\/2020\/05\/Varivel_78D_NM_01-100x100.jpg 100w, https:\/\/brieger.ch\/wp-content\/uploads\/2020\/05\/Varivel_78D_NM_01-200x200.jpg 200w, https:\/\/brieger.ch\/wp-content\/uploads\/2020\/05\/Varivel_78D_NM_01-280x280.jpg 280w, https:\/\/brieger.ch\/wp-content\/uploads\/2020\/05\/Varivel_78D_NM_01-400x400.jpg 400w, https:\/\/brieger.ch\/wp-content\/uploads\/2020\/05\/Varivel_78D_NM_01-500x500.jpg 500w, https:\/\/brieger.ch\/wp-content\/uploads\/2020\/05\/Varivel_78D_NM_01-600x600.jpg 600w, https:\/\/brieger.ch\/wp-content\/uploads\/2020\/05\/Varivel_78D_NM_01-700x700.jpg 700w, https:\/\/brieger.ch\/wp-content\/uploads\/2020\/05\/Varivel_78D_NM_01-768x768.jpg 768w, https:\/\/brieger.ch\/wp-content\/uploads\/2020\/05\/Varivel_78D_NM_01-800x800.jpg 800w, https:\/\/brieger.ch\/wp-content\/uploads\/2020\/05\/Varivel_78D_NM_01.jpg 1200w\" sizes=\"(max-width: 100px) 100vw, 100px\" \/><\/a><div class=\"badgegreendiv\"><a class=\"breenbtn\" href=\"https:\/\/brieger.ch\/fr\/product\/46143\/\"><img decoding=\"async\" src=\"https:\/\/brieger.ch\/wp-content\/uploads\/2021\/04\/breen-badge3.png\" alt=\"BREEN\" width=\"33px\" height=\"33px\" \/><\/a><\/div><\/td>\n\t\t\t\t<td class=\"abgr\"><a href=\"https:\/\/brieger.ch\/fr\/product\/46143\/\">46143<\/a><\/td>\n\t\t\t\t<td class=\"zahlrechts abgr\"><a href=\"https:\/\/brieger.ch\/fr\/product\/46143\/\">380<\/a><\/td>\n\t\t\t\t<td class=\"zahlrechts abgr\"><a href=\"https:\/\/brieger.ch\/fr\/product\/46143\/\">290<\/a><\/td>\n                <td class=\"zahlrechts abgr\"><a href=\"https:\/\/brieger.ch\/fr\/product\/46143\/\">0<\/a><\/td>\n                <td class=\"zahlrechts abgr\"><a href=\"https:\/\/brieger.ch\/fr\/product\/46143\/\">80<\/a><\/td>\n\t\t\t\t<td class=\"zahlrechts abgr\"><a href=\"https:\/\/brieger.ch\/fr\/product\/46143\/\"><\/a><\/td>\n\t\t\t\t<td class=\"zahlrechts abgr\"><a href=\"https:\/\/brieger.ch\/fr\/product\/46143\/\">3.0 mm<\/a><\/td>\n\t\t\t\t<td class=\"zahlrechts abgr\"><a href=\"https:\/\/brieger.ch\/fr\/product\/46143\/\"><div id=\"wpv-view-layout-619-CPID40346\" class=\"js-wpv-view-layout js-wpv-layout-responsive js-wpv-view-layout-619-CPID40346\" data-viewnumber=\"619-CPID40346\" data-pagination=\"{&quot;id&quot;:619,&quot;query&quot;:&quot;normal&quot;,&quot;type&quot;:&quot;disabled&quot;,&quot;effect&quot;:&quot;fade&quot;,&quot;duration&quot;:500,&quot;speed&quot;:5,&quot;pause_on_hover&quot;:&quot;disabled&quot;,&quot;stop_rollover&quot;:&quot;false&quot;,&quot;cache_pages&quot;:&quot;enabled&quot;,&quot;preload_images&quot;:&quot;enabled&quot;,&quot;preload_pages&quot;:&quot;enabled&quot;,&quot;preload_reach&quot;:1,&quot;spinner&quot;:&quot;builtin&quot;,&quot;spinner_image&quot;:&quot;https:\/\/brieger.ch\/wp-content\/plugins\/wp-views\/embedded\/res\/img\/ajax-loader.gif&quot;,&quot;callback_next&quot;:&quot;&quot;,&quot;manage_history&quot;:&quot;disabled&quot;,&quot;has_controls_in_form&quot;:&quot;disabled&quot;,&quot;infinite_tolerance&quot;:&quot;0&quot;,&quot;max_pages&quot;:1,&quot;page&quot;:1,&quot;base_permalink&quot;:&quot;\/fr\/wp-json\/wp\/v2\/pages\/40518?wpv_view_count=619-CPID40346&amp;wpv_paged=WPV_PAGE_NUM&quot;,&quot;loop&quot;:{&quot;type&quot;:&quot;&quot;,&quot;name&quot;:&quot;&quot;,&quot;data&quot;:&#091;&#093;,&quot;id&quot;:0}}\" data-permalink=\"\/fr\/wp-json\/wp\/v2\/pages\/40518?wpv_view_count=619-CPID40346\">\n\n\t\n\t\t<img decoding=\"async\" src=\"https:\/\/brieger.ch\/wp-content\/uploads\/2019\/05\/braun.jpg\" alt=\"brun\" title=\"brun\" class=\"attachment-full\" \/>\n\t\n\t\n<\/div><\/a><\/td>\n\t\t\t\t<td class=\"preisrechts\"><a href=\"https:\/\/brieger.ch\/fr\/product\/46143\/\">1.63<\/a><\/td>\n              \t<td><a  href=\"https:\/\/brieger.ch\/fr\/product\/46143\/\"><\/a><\/td>\n\t\t\t<\/tr><tr class=\"prodselect\" data-href=\"https:\/\/brieger.ch\/fr\/product\/45144\/\">\n\t\t\t\t<td><a class=\"prodimglist\" href=\"https:\/\/brieger.ch\/fr\/product\/45144\/\"><img decoding=\"async\" width=\"100\" height=\"100\" src=\"https:\/\/brieger.ch\/wp-content\/uploads\/2020\/05\/58_25_02-100x100.jpg\" class=\"attachment-shop_thumbnail size-shop_thumbnail wp-post-image\" alt=\"\" srcset=\"https:\/\/brieger.ch\/wp-content\/uploads\/2020\/05\/58_25_02-66x66.jpg 66w, https:\/\/brieger.ch\/wp-content\/uploads\/2020\/05\/58_25_02-100x100.jpg 100w, https:\/\/brieger.ch\/wp-content\/uploads\/2020\/05\/58_25_02-200x200.jpg 200w, https:\/\/brieger.ch\/wp-content\/uploads\/2020\/05\/58_25_02-280x280.jpg 280w, https:\/\/brieger.ch\/wp-content\/uploads\/2020\/05\/58_25_02-400x400.jpg 400w, https:\/\/brieger.ch\/wp-content\/uploads\/2020\/05\/58_25_02-500x500.jpg 500w, https:\/\/brieger.ch\/wp-content\/uploads\/2020\/05\/58_25_02-600x600.jpg 600w, https:\/\/brieger.ch\/wp-content\/uploads\/2020\/05\/58_25_02-700x700.jpg 700w, https:\/\/brieger.ch\/wp-content\/uploads\/2020\/05\/58_25_02-768x768.jpg 768w, https:\/\/brieger.ch\/wp-content\/uploads\/2020\/05\/58_25_02-800x800.jpg 800w, https:\/\/brieger.ch\/wp-content\/uploads\/2020\/05\/58_25_02.jpg 1200w\" sizes=\"(max-width: 100px) 100vw, 100px\" \/><\/a><\/td>\n\t\t\t\t<td class=\"abgr\"><a href=\"https:\/\/brieger.ch\/fr\/product\/45144\/\">45144<\/a><\/td>\n\t\t\t\t<td class=\"zahlrechts abgr\"><a href=\"https:\/\/brieger.ch\/fr\/product\/45144\/\">390<\/a><\/td>\n\t\t\t\t<td class=\"zahlrechts abgr\"><a href=\"https:\/\/brieger.ch\/fr\/product\/45144\/\">370<\/a><\/td>\n                <td class=\"zahlrechts abgr\"><a href=\"https:\/\/brieger.ch\/fr\/product\/45144\/\">0<\/a><\/td>\n                <td class=\"zahlrechts abgr\"><a href=\"https:\/\/brieger.ch\/fr\/product\/45144\/\">80<\/a><\/td>\n\t\t\t\t<td class=\"zahlrechts abgr\"><a href=\"https:\/\/brieger.ch\/fr\/product\/45144\/\"><\/a><\/td>\n\t\t\t\t<td class=\"zahlrechts abgr\"><a href=\"https:\/\/brieger.ch\/fr\/product\/45144\/\">3.0 mm<\/a><\/td>\n\t\t\t\t<td class=\"zahlrechts abgr\"><a href=\"https:\/\/brieger.ch\/fr\/product\/45144\/\"><div id=\"wpv-view-layout-619-CPID40298\" class=\"js-wpv-view-layout js-wpv-layout-responsive js-wpv-view-layout-619-CPID40298\" data-viewnumber=\"619-CPID40298\" data-pagination=\"{&quot;id&quot;:619,&quot;query&quot;:&quot;normal&quot;,&quot;type&quot;:&quot;disabled&quot;,&quot;effect&quot;:&quot;fade&quot;,&quot;duration&quot;:500,&quot;speed&quot;:5,&quot;pause_on_hover&quot;:&quot;disabled&quot;,&quot;stop_rollover&quot;:&quot;false&quot;,&quot;cache_pages&quot;:&quot;enabled&quot;,&quot;preload_images&quot;:&quot;enabled&quot;,&quot;preload_pages&quot;:&quot;enabled&quot;,&quot;preload_reach&quot;:1,&quot;spinner&quot;:&quot;builtin&quot;,&quot;spinner_image&quot;:&quot;https:\/\/brieger.ch\/wp-content\/plugins\/wp-views\/embedded\/res\/img\/ajax-loader.gif&quot;,&quot;callback_next&quot;:&quot;&quot;,&quot;manage_history&quot;:&quot;disabled&quot;,&quot;has_controls_in_form&quot;:&quot;disabled&quot;,&quot;infinite_tolerance&quot;:&quot;0&quot;,&quot;max_pages&quot;:1,&quot;page&quot;:1,&quot;base_permalink&quot;:&quot;\/fr\/wp-json\/wp\/v2\/pages\/40518?wpv_view_count=619-CPID40298&amp;wpv_paged=WPV_PAGE_NUM&quot;,&quot;loop&quot;:{&quot;type&quot;:&quot;&quot;,&quot;name&quot;:&quot;&quot;,&quot;data&quot;:&#091;&#093;,&quot;id&quot;:0}}\" data-permalink=\"\/fr\/wp-json\/wp\/v2\/pages\/40518?wpv_view_count=619-CPID40298\">\n\n\t\n\t\t<img decoding=\"async\" src=\"https:\/\/brieger.ch\/wp-content\/uploads\/2019\/05\/braun.jpg\" alt=\"brun\" title=\"brun\" class=\"attachment-full\" \/>\n\t\n\t\n<\/div><\/a><\/td>\n\t\t\t\t<td class=\"preisrechts\"><a href=\"https:\/\/brieger.ch\/fr\/product\/45144\/\">2.72<\/a><\/td>\n              \t<td><a  href=\"https:\/\/brieger.ch\/fr\/product\/45144\/\"><\/a><\/td>\n\t\t\t<\/tr><tr class=\"prodselect\" data-href=\"https:\/\/brieger.ch\/fr\/product\/45745\/\">\n\t\t\t\t<td><a class=\"prodimglist\" href=\"https:\/\/brieger.ch\/fr\/product\/45745\/\"><img decoding=\"async\" width=\"100\" height=\"100\" src=\"https:\/\/brieger.ch\/wp-content\/uploads\/2020\/05\/58_25_02-100x100.jpg\" class=\"attachment-shop_thumbnail size-shop_thumbnail wp-post-image\" alt=\"\" srcset=\"https:\/\/brieger.ch\/wp-content\/uploads\/2020\/05\/58_25_02-66x66.jpg 66w, https:\/\/brieger.ch\/wp-content\/uploads\/2020\/05\/58_25_02-100x100.jpg 100w, https:\/\/brieger.ch\/wp-content\/uploads\/2020\/05\/58_25_02-200x200.jpg 200w, https:\/\/brieger.ch\/wp-content\/uploads\/2020\/05\/58_25_02-280x280.jpg 280w, https:\/\/brieger.ch\/wp-content\/uploads\/2020\/05\/58_25_02-400x400.jpg 400w, https:\/\/brieger.ch\/wp-content\/uploads\/2020\/05\/58_25_02-500x500.jpg 500w, https:\/\/brieger.ch\/wp-content\/uploads\/2020\/05\/58_25_02-600x600.jpg 600w, https:\/\/brieger.ch\/wp-content\/uploads\/2020\/05\/58_25_02-700x700.jpg 700w, https:\/\/brieger.ch\/wp-content\/uploads\/2020\/05\/58_25_02-768x768.jpg 768w, https:\/\/brieger.ch\/wp-content\/uploads\/2020\/05\/58_25_02-800x800.jpg 800w, https:\/\/brieger.ch\/wp-content\/uploads\/2020\/05\/58_25_02.jpg 1200w\" sizes=\"(max-width: 100px) 100vw, 100px\" \/><\/a><\/td>\n\t\t\t\t<td class=\"abgr\"><a href=\"https:\/\/brieger.ch\/fr\/product\/45745\/\">45745<\/a><\/td>\n\t\t\t\t<td class=\"zahlrechts abgr\"><a href=\"https:\/\/brieger.ch\/fr\/product\/45745\/\">420<\/a><\/td>\n\t\t\t\t<td class=\"zahlrechts abgr\"><a href=\"https:\/\/brieger.ch\/fr\/product\/45745\/\">250<\/a><\/td>\n                <td class=\"zahlrechts abgr\"><a href=\"https:\/\/brieger.ch\/fr\/product\/45745\/\">0<\/a><\/td>\n                <td class=\"zahlrechts abgr\"><a href=\"https:\/\/brieger.ch\/fr\/product\/45745\/\">80<\/a><\/td>\n\t\t\t\t<td class=\"zahlrechts abgr\"><a href=\"https:\/\/brieger.ch\/fr\/product\/45745\/\"><\/a><\/td>\n\t\t\t\t<td class=\"zahlrechts abgr\"><a href=\"https:\/\/brieger.ch\/fr\/product\/45745\/\">2.2 mm<\/a><\/td>\n\t\t\t\t<td class=\"zahlrechts abgr\"><a href=\"https:\/\/brieger.ch\/fr\/product\/45745\/\"><div id=\"wpv-view-layout-619-CPID40299\" class=\"js-wpv-view-layout js-wpv-layout-responsive js-wpv-view-layout-619-CPID40299\" data-viewnumber=\"619-CPID40299\" data-pagination=\"{&quot;id&quot;:619,&quot;query&quot;:&quot;normal&quot;,&quot;type&quot;:&quot;disabled&quot;,&quot;effect&quot;:&quot;fade&quot;,&quot;duration&quot;:500,&quot;speed&quot;:5,&quot;pause_on_hover&quot;:&quot;disabled&quot;,&quot;stop_rollover&quot;:&quot;false&quot;,&quot;cache_pages&quot;:&quot;enabled&quot;,&quot;preload_images&quot;:&quot;enabled&quot;,&quot;preload_pages&quot;:&quot;enabled&quot;,&quot;preload_reach&quot;:1,&quot;spinner&quot;:&quot;builtin&quot;,&quot;spinner_image&quot;:&quot;https:\/\/brieger.ch\/wp-content\/plugins\/wp-views\/embedded\/res\/img\/ajax-loader.gif&quot;,&quot;callback_next&quot;:&quot;&quot;,&quot;manage_history&quot;:&quot;disabled&quot;,&quot;has_controls_in_form&quot;:&quot;disabled&quot;,&quot;infinite_tolerance&quot;:&quot;0&quot;,&quot;max_pages&quot;:1,&quot;page&quot;:1,&quot;base_permalink&quot;:&quot;\/fr\/wp-json\/wp\/v2\/pages\/40518?wpv_view_count=619-CPID40299&amp;wpv_paged=WPV_PAGE_NUM&quot;,&quot;loop&quot;:{&quot;type&quot;:&quot;&quot;,&quot;name&quot;:&quot;&quot;,&quot;data&quot;:&#091;&#093;,&quot;id&quot;:0}}\" data-permalink=\"\/fr\/wp-json\/wp\/v2\/pages\/40518?wpv_view_count=619-CPID40299\">\n\n\t\n\t\t<img decoding=\"async\" src=\"https:\/\/brieger.ch\/wp-content\/uploads\/2019\/05\/braun.jpg\" alt=\"brun\" title=\"brun\" class=\"attachment-full\" \/>\n\t\n\t\n<\/div><\/a><\/td>\n\t\t\t\t<td class=\"preisrechts\"><a href=\"https:\/\/brieger.ch\/fr\/product\/45745\/\">1.84<\/a><\/td>\n              \t<td><a  href=\"https:\/\/brieger.ch\/fr\/product\/45745\/\"><\/a><\/td>\n\t\t\t<\/tr><tr class=\"prodselect\" data-href=\"https:\/\/brieger.ch\/fr\/product\/45747\/\">\n\t\t\t\t<td><a class=\"prodimglist\" href=\"https:\/\/brieger.ch\/fr\/product\/45747\/\"><img decoding=\"async\" width=\"100\" height=\"100\" src=\"https:\/\/brieger.ch\/wp-content\/uploads\/2020\/05\/58_25_02-100x100.jpg\" class=\"attachment-shop_thumbnail size-shop_thumbnail wp-post-image\" alt=\"\" srcset=\"https:\/\/brieger.ch\/wp-content\/uploads\/2020\/05\/58_25_02-66x66.jpg 66w, https:\/\/brieger.ch\/wp-content\/uploads\/2020\/05\/58_25_02-100x100.jpg 100w, https:\/\/brieger.ch\/wp-content\/uploads\/2020\/05\/58_25_02-200x200.jpg 200w, https:\/\/brieger.ch\/wp-content\/uploads\/2020\/05\/58_25_02-280x280.jpg 280w, https:\/\/brieger.ch\/wp-content\/uploads\/2020\/05\/58_25_02-400x400.jpg 400w, https:\/\/brieger.ch\/wp-content\/uploads\/2020\/05\/58_25_02-500x500.jpg 500w, https:\/\/brieger.ch\/wp-content\/uploads\/2020\/05\/58_25_02-600x600.jpg 600w, https:\/\/brieger.ch\/wp-content\/uploads\/2020\/05\/58_25_02-700x700.jpg 700w, https:\/\/brieger.ch\/wp-content\/uploads\/2020\/05\/58_25_02-768x768.jpg 768w, https:\/\/brieger.ch\/wp-content\/uploads\/2020\/05\/58_25_02-800x800.jpg 800w, https:\/\/brieger.ch\/wp-content\/uploads\/2020\/05\/58_25_02.jpg 1200w\" sizes=\"(max-width: 100px) 100vw, 100px\" \/><\/a><\/td>\n\t\t\t\t<td class=\"abgr\"><a href=\"https:\/\/brieger.ch\/fr\/product\/45747\/\">45747<\/a><\/td>\n\t\t\t\t<td class=\"zahlrechts abgr\"><a href=\"https:\/\/brieger.ch\/fr\/product\/45747\/\">455<\/a><\/td>\n\t\t\t\t<td class=\"zahlrechts abgr\"><a href=\"https:\/\/brieger.ch\/fr\/product\/45747\/\">370<\/a><\/td>\n                <td class=\"zahlrechts abgr\"><a href=\"https:\/\/brieger.ch\/fr\/product\/45747\/\">0<\/a><\/td>\n                <td class=\"zahlrechts abgr\"><a href=\"https:\/\/brieger.ch\/fr\/product\/45747\/\">30<\/a><\/td>\n\t\t\t\t<td class=\"zahlrechts abgr\"><a href=\"https:\/\/brieger.ch\/fr\/product\/45747\/\"><\/a><\/td>\n\t\t\t\t<td class=\"zahlrechts abgr\"><a href=\"https:\/\/brieger.ch\/fr\/product\/45747\/\">3.0 mm<\/a><\/td>\n\t\t\t\t<td class=\"zahlrechts abgr\"><a href=\"https:\/\/brieger.ch\/fr\/product\/45747\/\"><div id=\"wpv-view-layout-619-CPID40301\" class=\"js-wpv-view-layout js-wpv-layout-responsive js-wpv-view-layout-619-CPID40301\" data-viewnumber=\"619-CPID40301\" data-pagination=\"{&quot;id&quot;:619,&quot;query&quot;:&quot;normal&quot;,&quot;type&quot;:&quot;disabled&quot;,&quot;effect&quot;:&quot;fade&quot;,&quot;duration&quot;:500,&quot;speed&quot;:5,&quot;pause_on_hover&quot;:&quot;disabled&quot;,&quot;stop_rollover&quot;:&quot;false&quot;,&quot;cache_pages&quot;:&quot;enabled&quot;,&quot;preload_images&quot;:&quot;enabled&quot;,&quot;preload_pages&quot;:&quot;enabled&quot;,&quot;preload_reach&quot;:1,&quot;spinner&quot;:&quot;builtin&quot;,&quot;spinner_image&quot;:&quot;https:\/\/brieger.ch\/wp-content\/plugins\/wp-views\/embedded\/res\/img\/ajax-loader.gif&quot;,&quot;callback_next&quot;:&quot;&quot;,&quot;manage_history&quot;:&quot;disabled&quot;,&quot;has_controls_in_form&quot;:&quot;disabled&quot;,&quot;infinite_tolerance&quot;:&quot;0&quot;,&quot;max_pages&quot;:1,&quot;page&quot;:1,&quot;base_permalink&quot;:&quot;\/fr\/wp-json\/wp\/v2\/pages\/40518?wpv_view_count=619-CPID40301&amp;wpv_paged=WPV_PAGE_NUM&quot;,&quot;loop&quot;:{&quot;type&quot;:&quot;&quot;,&quot;name&quot;:&quot;&quot;,&quot;data&quot;:&#091;&#093;,&quot;id&quot;:0}}\" data-permalink=\"\/fr\/wp-json\/wp\/v2\/pages\/40518?wpv_view_count=619-CPID40301\">\n\n\t\n\t\t<img decoding=\"async\" src=\"https:\/\/brieger.ch\/wp-content\/uploads\/2019\/05\/braun.jpg\" alt=\"brun\" title=\"brun\" class=\"attachment-full\" \/>\n\t\n\t\n<\/div><\/a><\/td>\n\t\t\t\t<td class=\"preisrechts\"><a href=\"https:\/\/brieger.ch\/fr\/product\/45747\/\">2.85<\/a><\/td>\n              \t<td><a  href=\"https:\/\/brieger.ch\/fr\/product\/45747\/\"><\/a><\/td>\n\t\t\t<\/tr><tr class=\"prodselect\" data-href=\"https:\/\/brieger.ch\/fr\/product\/45746\/\">\n\t\t\t\t<td><a class=\"prodimglist\" href=\"https:\/\/brieger.ch\/fr\/product\/45746\/\"><img decoding=\"async\" width=\"100\" height=\"100\" src=\"https:\/\/brieger.ch\/wp-content\/uploads\/2020\/05\/58_25_02-100x100.jpg\" class=\"attachment-shop_thumbnail size-shop_thumbnail wp-post-image\" alt=\"\" srcset=\"https:\/\/brieger.ch\/wp-content\/uploads\/2020\/05\/58_25_02-66x66.jpg 66w, https:\/\/brieger.ch\/wp-content\/uploads\/2020\/05\/58_25_02-100x100.jpg 100w, https:\/\/brieger.ch\/wp-content\/uploads\/2020\/05\/58_25_02-200x200.jpg 200w, https:\/\/brieger.ch\/wp-content\/uploads\/2020\/05\/58_25_02-280x280.jpg 280w, https:\/\/brieger.ch\/wp-content\/uploads\/2020\/05\/58_25_02-400x400.jpg 400w, https:\/\/brieger.ch\/wp-content\/uploads\/2020\/05\/58_25_02-500x500.jpg 500w, https:\/\/brieger.ch\/wp-content\/uploads\/2020\/05\/58_25_02-600x600.jpg 600w, https:\/\/brieger.ch\/wp-content\/uploads\/2020\/05\/58_25_02-700x700.jpg 700w, https:\/\/brieger.ch\/wp-content\/uploads\/2020\/05\/58_25_02-768x768.jpg 768w, https:\/\/brieger.ch\/wp-content\/uploads\/2020\/05\/58_25_02-800x800.jpg 800w, https:\/\/brieger.ch\/wp-content\/uploads\/2020\/05\/58_25_02.jpg 1200w\" sizes=\"(max-width: 100px) 100vw, 100px\" \/><\/a><\/td>\n\t\t\t\t<td class=\"abgr\"><a href=\"https:\/\/brieger.ch\/fr\/product\/45746\/\">45746<\/a><\/td>\n\t\t\t\t<td class=\"zahlrechts abgr\"><a href=\"https:\/\/brieger.ch\/fr\/product\/45746\/\">455<\/a><\/td>\n\t\t\t\t<td class=\"zahlrechts abgr\"><a href=\"https:\/\/brieger.ch\/fr\/product\/45746\/\">320<\/a><\/td>\n                <td class=\"zahlrechts abgr\"><a href=\"https:\/\/brieger.ch\/fr\/product\/45746\/\">0<\/a><\/td>\n                <td class=\"zahlrechts abgr\"><a href=\"https:\/\/brieger.ch\/fr\/product\/45746\/\">80<\/a><\/td>\n\t\t\t\t<td class=\"zahlrechts abgr\"><a href=\"https:\/\/brieger.ch\/fr\/product\/45746\/\">A3<\/a><\/td>\n\t\t\t\t<td class=\"zahlrechts abgr\"><a href=\"https:\/\/brieger.ch\/fr\/product\/45746\/\">2.2 mm<\/a><\/td>\n\t\t\t\t<td class=\"zahlrechts abgr\"><a href=\"https:\/\/brieger.ch\/fr\/product\/45746\/\"><div id=\"wpv-view-layout-619-CPID40300\" class=\"js-wpv-view-layout js-wpv-layout-responsive js-wpv-view-layout-619-CPID40300\" data-viewnumber=\"619-CPID40300\" data-pagination=\"{&quot;id&quot;:619,&quot;query&quot;:&quot;normal&quot;,&quot;type&quot;:&quot;disabled&quot;,&quot;effect&quot;:&quot;fade&quot;,&quot;duration&quot;:500,&quot;speed&quot;:5,&quot;pause_on_hover&quot;:&quot;disabled&quot;,&quot;stop_rollover&quot;:&quot;false&quot;,&quot;cache_pages&quot;:&quot;enabled&quot;,&quot;preload_images&quot;:&quot;enabled&quot;,&quot;preload_pages&quot;:&quot;enabled&quot;,&quot;preload_reach&quot;:1,&quot;spinner&quot;:&quot;builtin&quot;,&quot;spinner_image&quot;:&quot;https:\/\/brieger.ch\/wp-content\/plugins\/wp-views\/embedded\/res\/img\/ajax-loader.gif&quot;,&quot;callback_next&quot;:&quot;&quot;,&quot;manage_history&quot;:&quot;disabled&quot;,&quot;has_controls_in_form&quot;:&quot;disabled&quot;,&quot;infinite_tolerance&quot;:&quot;0&quot;,&quot;max_pages&quot;:1,&quot;page&quot;:1,&quot;base_permalink&quot;:&quot;\/fr\/wp-json\/wp\/v2\/pages\/40518?wpv_view_count=619-CPID40300&amp;wpv_paged=WPV_PAGE_NUM&quot;,&quot;loop&quot;:{&quot;type&quot;:&quot;&quot;,&quot;name&quot;:&quot;&quot;,&quot;data&quot;:&#091;&#093;,&quot;id&quot;:0}}\" data-permalink=\"\/fr\/wp-json\/wp\/v2\/pages\/40518?wpv_view_count=619-CPID40300\">\n\n\t\n\t\t<img decoding=\"async\" src=\"https:\/\/brieger.ch\/wp-content\/uploads\/2019\/05\/braun.jpg\" alt=\"brun\" title=\"brun\" class=\"attachment-full\" \/>\n\t\n\t\n<\/div><\/a><\/td>\n\t\t\t\t<td class=\"preisrechts\"><a href=\"https:\/\/brieger.ch\/fr\/product\/45746\/\">1.94<\/a><\/td>\n              \t<td><a  href=\"https:\/\/brieger.ch\/fr\/product\/45746\/\"><\/a><\/td>\n\t\t\t<\/tr><tr class=\"prodselect\" data-href=\"https:\/\/brieger.ch\/fr\/product\/46146\/\">\n\t\t\t\t<td><a class=\"prodimglist\" href=\"https:\/\/brieger.ch\/fr\/product\/46146\/\"><img decoding=\"async\" width=\"100\" height=\"100\" src=\"https:\/\/brieger.ch\/wp-content\/uploads\/2020\/05\/Varivel_78D_NM_01-100x100.jpg\" class=\"attachment-shop_thumbnail size-shop_thumbnail wp-post-image\" alt=\"varivel\" srcset=\"https:\/\/brieger.ch\/wp-content\/uploads\/2020\/05\/Varivel_78D_NM_01-66x66.jpg 66w, https:\/\/brieger.ch\/wp-content\/uploads\/2020\/05\/Varivel_78D_NM_01-100x100.jpg 100w, https:\/\/brieger.ch\/wp-content\/uploads\/2020\/05\/Varivel_78D_NM_01-200x200.jpg 200w, https:\/\/brieger.ch\/wp-content\/uploads\/2020\/05\/Varivel_78D_NM_01-280x280.jpg 280w, https:\/\/brieger.ch\/wp-content\/uploads\/2020\/05\/Varivel_78D_NM_01-400x400.jpg 400w, https:\/\/brieger.ch\/wp-content\/uploads\/2020\/05\/Varivel_78D_NM_01-500x500.jpg 500w, https:\/\/brieger.ch\/wp-content\/uploads\/2020\/05\/Varivel_78D_NM_01-600x600.jpg 600w, https:\/\/brieger.ch\/wp-content\/uploads\/2020\/05\/Varivel_78D_NM_01-700x700.jpg 700w, https:\/\/brieger.ch\/wp-content\/uploads\/2020\/05\/Varivel_78D_NM_01-768x768.jpg 768w, https:\/\/brieger.ch\/wp-content\/uploads\/2020\/05\/Varivel_78D_NM_01-800x800.jpg 800w, https:\/\/brieger.ch\/wp-content\/uploads\/2020\/05\/Varivel_78D_NM_01.jpg 1200w\" sizes=\"(max-width: 100px) 100vw, 100px\" \/><\/a><div class=\"badgegreendiv\"><a class=\"breenbtn\" href=\"https:\/\/brieger.ch\/fr\/product\/46146\/\"><img decoding=\"async\" src=\"https:\/\/brieger.ch\/wp-content\/uploads\/2021\/04\/breen-badge3.png\" alt=\"BREEN\" width=\"33px\" height=\"33px\" \/><\/a><\/div><\/td>\n\t\t\t\t<td class=\"abgr\"><a href=\"https:\/\/brieger.ch\/fr\/product\/46146\/\">46146<\/a><\/td>\n\t\t\t\t<td class=\"zahlrechts abgr\"><a href=\"https:\/\/brieger.ch\/fr\/product\/46146\/\">455<\/a><\/td>\n\t\t\t\t<td class=\"zahlrechts abgr\"><a href=\"https:\/\/brieger.ch\/fr\/product\/46146\/\">320<\/a><\/td>\n                <td class=\"zahlrechts abgr\"><a href=\"https:\/\/brieger.ch\/fr\/product\/46146\/\">0<\/a><\/td>\n                <td class=\"zahlrechts abgr\"><a href=\"https:\/\/brieger.ch\/fr\/product\/46146\/\">80<\/a><\/td>\n\t\t\t\t<td class=\"zahlrechts abgr\"><a href=\"https:\/\/brieger.ch\/fr\/product\/46146\/\">A3<\/a><\/td>\n\t\t\t\t<td class=\"zahlrechts abgr\"><a href=\"https:\/\/brieger.ch\/fr\/product\/46146\/\">3.0 mm<\/a><\/td>\n\t\t\t\t<td class=\"zahlrechts abgr\"><a href=\"https:\/\/brieger.ch\/fr\/product\/46146\/\"><div id=\"wpv-view-layout-619-CPID40347\" class=\"js-wpv-view-layout js-wpv-layout-responsive js-wpv-view-layout-619-CPID40347\" data-viewnumber=\"619-CPID40347\" data-pagination=\"{&quot;id&quot;:619,&quot;query&quot;:&quot;normal&quot;,&quot;type&quot;:&quot;disabled&quot;,&quot;effect&quot;:&quot;fade&quot;,&quot;duration&quot;:500,&quot;speed&quot;:5,&quot;pause_on_hover&quot;:&quot;disabled&quot;,&quot;stop_rollover&quot;:&quot;false&quot;,&quot;cache_pages&quot;:&quot;enabled&quot;,&quot;preload_images&quot;:&quot;enabled&quot;,&quot;preload_pages&quot;:&quot;enabled&quot;,&quot;preload_reach&quot;:1,&quot;spinner&quot;:&quot;builtin&quot;,&quot;spinner_image&quot;:&quot;https:\/\/brieger.ch\/wp-content\/plugins\/wp-views\/embedded\/res\/img\/ajax-loader.gif&quot;,&quot;callback_next&quot;:&quot;&quot;,&quot;manage_history&quot;:&quot;disabled&quot;,&quot;has_controls_in_form&quot;:&quot;disabled&quot;,&quot;infinite_tolerance&quot;:&quot;0&quot;,&quot;max_pages&quot;:1,&quot;page&quot;:1,&quot;base_permalink&quot;:&quot;\/fr\/wp-json\/wp\/v2\/pages\/40518?wpv_view_count=619-CPID40347&amp;wpv_paged=WPV_PAGE_NUM&quot;,&quot;loop&quot;:{&quot;type&quot;:&quot;&quot;,&quot;name&quot;:&quot;&quot;,&quot;data&quot;:&#091;&#093;,&quot;id&quot;:0}}\" data-permalink=\"\/fr\/wp-json\/wp\/v2\/pages\/40518?wpv_view_count=619-CPID40347\">\n\n\t\n\t\t<img decoding=\"async\" src=\"https:\/\/brieger.ch\/wp-content\/uploads\/2019\/05\/braun.jpg\" alt=\"brun\" title=\"brun\" class=\"attachment-full\" \/>\n\t\n\t\n<\/div><\/a><\/td>\n\t\t\t\t<td class=\"preisrechts\"><a href=\"https:\/\/brieger.ch\/fr\/product\/46146\/\">2.32<\/a><\/td>\n              \t<td><a  href=\"https:\/\/brieger.ch\/fr\/product\/46146\/\"><\/a><\/td>\n\t\t\t<\/tr><tr class=\"prodselect\" data-href=\"https:\/\/brieger.ch\/fr\/product\/45246\/\">\n\t\t\t\t<td><a class=\"prodimglist\" href=\"https:\/\/brieger.ch\/fr\/product\/45246\/\"><img decoding=\"async\" width=\"100\" height=\"100\" src=\"https:\/\/brieger.ch\/wp-content\/uploads\/2020\/05\/58_35_01-100x100.jpg\" class=\"attachment-shop_thumbnail size-shop_thumbnail wp-post-image\" alt=\"\" srcset=\"https:\/\/brieger.ch\/wp-content\/uploads\/2020\/05\/58_35_01-66x66.jpg 66w, https:\/\/brieger.ch\/wp-content\/uploads\/2020\/05\/58_35_01-100x100.jpg 100w, https:\/\/brieger.ch\/wp-content\/uploads\/2020\/05\/58_35_01-200x200.jpg 200w, https:\/\/brieger.ch\/wp-content\/uploads\/2020\/05\/58_35_01-280x280.jpg 280w, https:\/\/brieger.ch\/wp-content\/uploads\/2020\/05\/58_35_01-400x400.jpg 400w, https:\/\/brieger.ch\/wp-content\/uploads\/2020\/05\/58_35_01-500x500.jpg 500w, https:\/\/brieger.ch\/wp-content\/uploads\/2020\/05\/58_35_01-600x600.jpg 600w, https:\/\/brieger.ch\/wp-content\/uploads\/2020\/05\/58_35_01-700x700.jpg 700w, https:\/\/brieger.ch\/wp-content\/uploads\/2020\/05\/58_35_01-768x768.jpg 768w, https:\/\/brieger.ch\/wp-content\/uploads\/2020\/05\/58_35_01-800x800.jpg 800w, https:\/\/brieger.ch\/wp-content\/uploads\/2020\/05\/58_35_01.jpg 1200w\" sizes=\"(max-width: 100px) 100vw, 100px\" \/><\/a><\/td>\n\t\t\t\t<td class=\"abgr\"><a href=\"https:\/\/brieger.ch\/fr\/product\/45246\/\">45246<\/a><\/td>\n\t\t\t\t<td class=\"zahlrechts abgr\"><a href=\"https:\/\/brieger.ch\/fr\/product\/45246\/\">455<\/a><\/td>\n\t\t\t\t<td class=\"zahlrechts abgr\"><a href=\"https:\/\/brieger.ch\/fr\/product\/45246\/\">320<\/a><\/td>\n                <td class=\"zahlrechts abgr\"><a href=\"https:\/\/brieger.ch\/fr\/product\/45246\/\">0<\/a><\/td>\n                <td class=\"zahlrechts abgr\"><a href=\"https:\/\/brieger.ch\/fr\/product\/45246\/\">80<\/a><\/td>\n\t\t\t\t<td class=\"zahlrechts abgr\"><a href=\"https:\/\/brieger.ch\/fr\/product\/45246\/\">A3<\/a><\/td>\n\t\t\t\t<td class=\"zahlrechts abgr\"><a href=\"https:\/\/brieger.ch\/fr\/product\/45246\/\">3.0 mm<\/a><\/td>\n\t\t\t\t<td class=\"zahlrechts abgr\"><a href=\"https:\/\/brieger.ch\/fr\/product\/45246\/\"><div id=\"wpv-view-layout-619-CPID40312\" class=\"js-wpv-view-layout js-wpv-layout-responsive js-wpv-view-layout-619-CPID40312\" data-viewnumber=\"619-CPID40312\" data-pagination=\"{&quot;id&quot;:619,&quot;query&quot;:&quot;normal&quot;,&quot;type&quot;:&quot;disabled&quot;,&quot;effect&quot;:&quot;fade&quot;,&quot;duration&quot;:500,&quot;speed&quot;:5,&quot;pause_on_hover&quot;:&quot;disabled&quot;,&quot;stop_rollover&quot;:&quot;false&quot;,&quot;cache_pages&quot;:&quot;enabled&quot;,&quot;preload_images&quot;:&quot;enabled&quot;,&quot;preload_pages&quot;:&quot;enabled&quot;,&quot;preload_reach&quot;:1,&quot;spinner&quot;:&quot;builtin&quot;,&quot;spinner_image&quot;:&quot;https:\/\/brieger.ch\/wp-content\/plugins\/wp-views\/embedded\/res\/img\/ajax-loader.gif&quot;,&quot;callback_next&quot;:&quot;&quot;,&quot;manage_history&quot;:&quot;disabled&quot;,&quot;has_controls_in_form&quot;:&quot;disabled&quot;,&quot;infinite_tolerance&quot;:&quot;0&quot;,&quot;max_pages&quot;:1,&quot;page&quot;:1,&quot;base_permalink&quot;:&quot;\/fr\/wp-json\/wp\/v2\/pages\/40518?wpv_view_count=619-CPID40312&amp;wpv_paged=WPV_PAGE_NUM&quot;,&quot;loop&quot;:{&quot;type&quot;:&quot;&quot;,&quot;name&quot;:&quot;&quot;,&quot;data&quot;:&#091;&#093;,&quot;id&quot;:0}}\" data-permalink=\"\/fr\/wp-json\/wp\/v2\/pages\/40518?wpv_view_count=619-CPID40312\">\n\n\t\n\t\t<img decoding=\"async\" src=\"https:\/\/brieger.ch\/wp-content\/uploads\/2019\/05\/weiss.jpg\" alt=\"blanc\" title=\"blanc\" class=\"attachment-full\" \/>\n\t\n\t\n<\/div><\/a><\/td>\n\t\t\t\t<td class=\"preisrechts\"><a href=\"https:\/\/brieger.ch\/fr\/product\/45246\/\">2.91<\/a><\/td>\n              \t<td><a  href=\"https:\/\/brieger.ch\/fr\/product\/45246\/\"><\/a><\/td>\n\t\t\t<\/tr><tr class=\"prodselect\" data-href=\"https:\/\/brieger.ch\/fr\/product\/44246\/\">\n\t\t\t\t<td><a class=\"prodimglist\" href=\"https:\/\/brieger.ch\/fr\/product\/44246\/\"><img decoding=\"async\" width=\"100\" height=\"100\" src=\"https:\/\/brieger.ch\/wp-content\/uploads\/2020\/05\/44225_1-100x100.jpg\" class=\"attachment-shop_thumbnail size-shop_thumbnail wp-post-image\" alt=\"varitop\" srcset=\"https:\/\/brieger.ch\/wp-content\/uploads\/2020\/05\/44225_1-66x66.jpg 66w, https:\/\/brieger.ch\/wp-content\/uploads\/2020\/05\/44225_1-100x100.jpg 100w, https:\/\/brieger.ch\/wp-content\/uploads\/2020\/05\/44225_1-200x200.jpg 200w, https:\/\/brieger.ch\/wp-content\/uploads\/2020\/05\/44225_1-280x280.jpg 280w, https:\/\/brieger.ch\/wp-content\/uploads\/2020\/05\/44225_1-400x400.jpg 400w, https:\/\/brieger.ch\/wp-content\/uploads\/2020\/05\/44225_1-500x500.jpg 500w, https:\/\/brieger.ch\/wp-content\/uploads\/2020\/05\/44225_1-600x600.jpg 600w, https:\/\/brieger.ch\/wp-content\/uploads\/2020\/05\/44225_1.jpg 700w\" sizes=\"(max-width: 100px) 100vw, 100px\" \/><\/a><\/td>\n\t\t\t\t<td class=\"abgr\"><a href=\"https:\/\/brieger.ch\/fr\/product\/44246\/\">44246<\/a><\/td>\n\t\t\t\t<td class=\"zahlrechts abgr\"><a href=\"https:\/\/brieger.ch\/fr\/product\/44246\/\">455<\/a><\/td>\n\t\t\t\t<td class=\"zahlrechts abgr\"><a href=\"https:\/\/brieger.ch\/fr\/product\/44246\/\">320<\/a><\/td>\n                <td class=\"zahlrechts abgr\"><a href=\"https:\/\/brieger.ch\/fr\/product\/44246\/\">0<\/a><\/td>\n                <td class=\"zahlrechts abgr\"><a href=\"https:\/\/brieger.ch\/fr\/product\/44246\/\">90<\/a><\/td>\n\t\t\t\t<td class=\"zahlrechts abgr\"><a href=\"https:\/\/brieger.ch\/fr\/product\/44246\/\">A3<\/a><\/td>\n\t\t\t\t<td class=\"zahlrechts abgr\"><a href=\"https:\/\/brieger.ch\/fr\/product\/44246\/\">3.0 mm<\/a><\/td>\n\t\t\t\t<td class=\"zahlrechts abgr\"><a href=\"https:\/\/brieger.ch\/fr\/product\/44246\/\"><div id=\"wpv-view-layout-619-CPID40331\" class=\"js-wpv-view-layout js-wpv-layout-responsive js-wpv-view-layout-619-CPID40331\" data-viewnumber=\"619-CPID40331\" data-pagination=\"{&quot;id&quot;:619,&quot;query&quot;:&quot;normal&quot;,&quot;type&quot;:&quot;disabled&quot;,&quot;effect&quot;:&quot;fade&quot;,&quot;duration&quot;:500,&quot;speed&quot;:5,&quot;pause_on_hover&quot;:&quot;disabled&quot;,&quot;stop_rollover&quot;:&quot;false&quot;,&quot;cache_pages&quot;:&quot;enabled&quot;,&quot;preload_images&quot;:&quot;enabled&quot;,&quot;preload_pages&quot;:&quot;enabled&quot;,&quot;preload_reach&quot;:1,&quot;spinner&quot;:&quot;builtin&quot;,&quot;spinner_image&quot;:&quot;https:\/\/brieger.ch\/wp-content\/plugins\/wp-views\/embedded\/res\/img\/ajax-loader.gif&quot;,&quot;callback_next&quot;:&quot;&quot;,&quot;manage_history&quot;:&quot;disabled&quot;,&quot;has_controls_in_form&quot;:&quot;disabled&quot;,&quot;infinite_tolerance&quot;:&quot;0&quot;,&quot;max_pages&quot;:1,&quot;page&quot;:1,&quot;base_permalink&quot;:&quot;\/fr\/wp-json\/wp\/v2\/pages\/40518?wpv_view_count=619-CPID40331&amp;wpv_paged=WPV_PAGE_NUM&quot;,&quot;loop&quot;:{&quot;type&quot;:&quot;&quot;,&quot;name&quot;:&quot;&quot;,&quot;data&quot;:&#091;&#093;,&quot;id&quot;:0}}\" data-permalink=\"\/fr\/wp-json\/wp\/v2\/pages\/40518?wpv_view_count=619-CPID40331\">\n\n\t\n\t\t<img decoding=\"async\" src=\"https:\/\/brieger.ch\/wp-content\/uploads\/2019\/05\/weiss.jpg\" alt=\"blanc\" title=\"blanc\" class=\"attachment-full\" \/>\n\t\n\t\n<\/div><\/a><\/td>\n\t\t\t\t<td class=\"preisrechts\"><a href=\"https:\/\/brieger.ch\/fr\/product\/44246\/\">2.99<\/a><\/td>\n              \t<td><a  href=\"https:\/\/brieger.ch\/fr\/product\/44246\/\"><\/a><\/td>\n\t\t\t<\/tr><tr class=\"prodselect\" data-href=\"https:\/\/brieger.ch\/fr\/product\/47149\/\">\n\t\t\t\t<td><a class=\"prodimglist\" href=\"https:\/\/brieger.ch\/fr\/product\/47149\/\"><img decoding=\"async\" width=\"100\" height=\"100\" src=\"https:\/\/brieger.ch\/wp-content\/uploads\/2020\/05\/Varivel_78D_NM_01-100x100.jpg\" class=\"attachment-shop_thumbnail size-shop_thumbnail wp-post-image\" alt=\"varivel\" srcset=\"https:\/\/brieger.ch\/wp-content\/uploads\/2020\/05\/Varivel_78D_NM_01-66x66.jpg 66w, https:\/\/brieger.ch\/wp-content\/uploads\/2020\/05\/Varivel_78D_NM_01-100x100.jpg 100w, https:\/\/brieger.ch\/wp-content\/uploads\/2020\/05\/Varivel_78D_NM_01-200x200.jpg 200w, https:\/\/brieger.ch\/wp-content\/uploads\/2020\/05\/Varivel_78D_NM_01-280x280.jpg 280w, https:\/\/brieger.ch\/wp-content\/uploads\/2020\/05\/Varivel_78D_NM_01-400x400.jpg 400w, https:\/\/brieger.ch\/wp-content\/uploads\/2020\/05\/Varivel_78D_NM_01-500x500.jpg 500w, https:\/\/brieger.ch\/wp-content\/uploads\/2020\/05\/Varivel_78D_NM_01-600x600.jpg 600w, https:\/\/brieger.ch\/wp-content\/uploads\/2020\/05\/Varivel_78D_NM_01-700x700.jpg 700w, https:\/\/brieger.ch\/wp-content\/uploads\/2020\/05\/Varivel_78D_NM_01-768x768.jpg 768w, https:\/\/brieger.ch\/wp-content\/uploads\/2020\/05\/Varivel_78D_NM_01-800x800.jpg 800w, https:\/\/brieger.ch\/wp-content\/uploads\/2020\/05\/Varivel_78D_NM_01.jpg 1200w\" sizes=\"(max-width: 100px) 100vw, 100px\" \/><\/a><div class=\"badgegreendiv\"><a class=\"breenbtn\" href=\"https:\/\/brieger.ch\/fr\/product\/47149\/\"><img decoding=\"async\" src=\"https:\/\/brieger.ch\/wp-content\/uploads\/2021\/04\/breen-badge3.png\" alt=\"BREEN\" width=\"33px\" height=\"33px\" \/><\/a><\/div><\/td>\n\t\t\t\t<td class=\"abgr\"><a href=\"https:\/\/brieger.ch\/fr\/product\/47149\/\">47149<\/a><\/td>\n\t\t\t\t<td class=\"zahlrechts abgr\"><a href=\"https:\/\/brieger.ch\/fr\/product\/47149\/\">505<\/a><\/td>\n\t\t\t\t<td class=\"zahlrechts abgr\"><a href=\"https:\/\/brieger.ch\/fr\/product\/47149\/\">505<\/a><\/td>\n                <td class=\"zahlrechts abgr\"><a href=\"https:\/\/brieger.ch\/fr\/product\/47149\/\">0<\/a><\/td>\n                <td class=\"zahlrechts abgr\"><a href=\"https:\/\/brieger.ch\/fr\/product\/47149\/\">50<\/a><\/td>\n\t\t\t\t<td class=\"zahlrechts abgr\"><a href=\"https:\/\/brieger.ch\/fr\/product\/47149\/\"><\/a><\/td>\n\t\t\t\t<td class=\"zahlrechts abgr\"><a href=\"https:\/\/brieger.ch\/fr\/product\/47149\/\">6.0 mm<\/a><\/td>\n\t\t\t\t<td class=\"zahlrechts abgr\"><a href=\"https:\/\/brieger.ch\/fr\/product\/47149\/\"><div id=\"wpv-view-layout-619-CPID40352\" class=\"js-wpv-view-layout js-wpv-layout-responsive js-wpv-view-layout-619-CPID40352\" data-viewnumber=\"619-CPID40352\" data-pagination=\"{&quot;id&quot;:619,&quot;query&quot;:&quot;normal&quot;,&quot;type&quot;:&quot;disabled&quot;,&quot;effect&quot;:&quot;fade&quot;,&quot;duration&quot;:500,&quot;speed&quot;:5,&quot;pause_on_hover&quot;:&quot;disabled&quot;,&quot;stop_rollover&quot;:&quot;false&quot;,&quot;cache_pages&quot;:&quot;enabled&quot;,&quot;preload_images&quot;:&quot;enabled&quot;,&quot;preload_pages&quot;:&quot;enabled&quot;,&quot;preload_reach&quot;:1,&quot;spinner&quot;:&quot;builtin&quot;,&quot;spinner_image&quot;:&quot;https:\/\/brieger.ch\/wp-content\/plugins\/wp-views\/embedded\/res\/img\/ajax-loader.gif&quot;,&quot;callback_next&quot;:&quot;&quot;,&quot;manage_history&quot;:&quot;disabled&quot;,&quot;has_controls_in_form&quot;:&quot;disabled&quot;,&quot;infinite_tolerance&quot;:&quot;0&quot;,&quot;max_pages&quot;:1,&quot;page&quot;:1,&quot;base_permalink&quot;:&quot;\/fr\/wp-json\/wp\/v2\/pages\/40518?wpv_view_count=619-CPID40352&amp;wpv_paged=WPV_PAGE_NUM&quot;,&quot;loop&quot;:{&quot;type&quot;:&quot;&quot;,&quot;name&quot;:&quot;&quot;,&quot;data&quot;:&#091;&#093;,&quot;id&quot;:0}}\" data-permalink=\"\/fr\/wp-json\/wp\/v2\/pages\/40518?wpv_view_count=619-CPID40352\">\n\n\t\n\t\t<img decoding=\"async\" src=\"https:\/\/brieger.ch\/wp-content\/uploads\/2019\/05\/braun.jpg\" alt=\"brun\" title=\"brun\" class=\"attachment-full\" \/>\n\t\n\t\n<\/div><\/a><\/td>\n\t\t\t\t<td class=\"preisrechts\"><a href=\"https:\/\/brieger.ch\/fr\/product\/47149\/\">5.68<\/a><\/td>\n              \t<td><a  href=\"https:\/\/brieger.ch\/fr\/product\/47149\/\"><\/a><\/td>\n\t\t\t<\/tr><tr class=\"prodselect\" data-href=\"https:\/\/brieger.ch\/fr\/product\/46148\/\">\n\t\t\t\t<td><a class=\"prodimglist\" href=\"https:\/\/brieger.ch\/fr\/product\/46148\/\"><img decoding=\"async\" width=\"100\" height=\"100\" src=\"https:\/\/brieger.ch\/wp-content\/uploads\/2020\/05\/Varivel_78D_NM_01-100x100.jpg\" class=\"attachment-shop_thumbnail size-shop_thumbnail wp-post-image\" alt=\"varivel\" srcset=\"https:\/\/brieger.ch\/wp-content\/uploads\/2020\/05\/Varivel_78D_NM_01-66x66.jpg 66w, https:\/\/brieger.ch\/wp-content\/uploads\/2020\/05\/Varivel_78D_NM_01-100x100.jpg 100w, https:\/\/brieger.ch\/wp-content\/uploads\/2020\/05\/Varivel_78D_NM_01-200x200.jpg 200w, https:\/\/brieger.ch\/wp-content\/uploads\/2020\/05\/Varivel_78D_NM_01-280x280.jpg 280w, https:\/\/brieger.ch\/wp-content\/uploads\/2020\/05\/Varivel_78D_NM_01-400x400.jpg 400w, https:\/\/brieger.ch\/wp-content\/uploads\/2020\/05\/Varivel_78D_NM_01-500x500.jpg 500w, https:\/\/brieger.ch\/wp-content\/uploads\/2020\/05\/Varivel_78D_NM_01-600x600.jpg 600w, https:\/\/brieger.ch\/wp-content\/uploads\/2020\/05\/Varivel_78D_NM_01-700x700.jpg 700w, https:\/\/brieger.ch\/wp-content\/uploads\/2020\/05\/Varivel_78D_NM_01-768x768.jpg 768w, https:\/\/brieger.ch\/wp-content\/uploads\/2020\/05\/Varivel_78D_NM_01-800x800.jpg 800w, https:\/\/brieger.ch\/wp-content\/uploads\/2020\/05\/Varivel_78D_NM_01.jpg 1200w\" sizes=\"(max-width: 100px) 100vw, 100px\" \/><\/a><div class=\"badgegreendiv\"><a class=\"breenbtn\" href=\"https:\/\/brieger.ch\/fr\/product\/46148\/\"><img decoding=\"async\" src=\"https:\/\/brieger.ch\/wp-content\/uploads\/2021\/04\/breen-badge3.png\" alt=\"BREEN\" width=\"33px\" height=\"33px\" \/><\/a><\/div><\/td>\n\t\t\t\t<td class=\"abgr\"><a href=\"https:\/\/brieger.ch\/fr\/product\/46148\/\">46148<\/a><\/td>\n\t\t\t\t<td class=\"zahlrechts abgr\"><a href=\"https:\/\/brieger.ch\/fr\/product\/46148\/\">505<\/a><\/td>\n\t\t\t\t<td class=\"zahlrechts abgr\"><a href=\"https:\/\/brieger.ch\/fr\/product\/46148\/\">355<\/a><\/td>\n                <td class=\"zahlrechts abgr\"><a href=\"https:\/\/brieger.ch\/fr\/product\/46148\/\">0<\/a><\/td>\n                <td class=\"zahlrechts abgr\"><a href=\"https:\/\/brieger.ch\/fr\/product\/46148\/\">80<\/a><\/td>\n\t\t\t\t<td class=\"zahlrechts abgr\"><a href=\"https:\/\/brieger.ch\/fr\/product\/46148\/\"><\/a><\/td>\n\t\t\t\t<td class=\"zahlrechts abgr\"><a href=\"https:\/\/brieger.ch\/fr\/product\/46148\/\">4.0 mm<\/a><\/td>\n\t\t\t\t<td class=\"zahlrechts abgr\"><a href=\"https:\/\/brieger.ch\/fr\/product\/46148\/\"><div id=\"wpv-view-layout-619-CPID40348\" class=\"js-wpv-view-layout js-wpv-layout-responsive js-wpv-view-layout-619-CPID40348\" data-viewnumber=\"619-CPID40348\" data-pagination=\"{&quot;id&quot;:619,&quot;query&quot;:&quot;normal&quot;,&quot;type&quot;:&quot;disabled&quot;,&quot;effect&quot;:&quot;fade&quot;,&quot;duration&quot;:500,&quot;speed&quot;:5,&quot;pause_on_hover&quot;:&quot;disabled&quot;,&quot;stop_rollover&quot;:&quot;false&quot;,&quot;cache_pages&quot;:&quot;enabled&quot;,&quot;preload_images&quot;:&quot;enabled&quot;,&quot;preload_pages&quot;:&quot;enabled&quot;,&quot;preload_reach&quot;:1,&quot;spinner&quot;:&quot;builtin&quot;,&quot;spinner_image&quot;:&quot;https:\/\/brieger.ch\/wp-content\/plugins\/wp-views\/embedded\/res\/img\/ajax-loader.gif&quot;,&quot;callback_next&quot;:&quot;&quot;,&quot;manage_history&quot;:&quot;disabled&quot;,&quot;has_controls_in_form&quot;:&quot;disabled&quot;,&quot;infinite_tolerance&quot;:&quot;0&quot;,&quot;max_pages&quot;:1,&quot;page&quot;:1,&quot;base_permalink&quot;:&quot;\/fr\/wp-json\/wp\/v2\/pages\/40518?wpv_view_count=619-CPID40348&amp;wpv_paged=WPV_PAGE_NUM&quot;,&quot;loop&quot;:{&quot;type&quot;:&quot;&quot;,&quot;name&quot;:&quot;&quot;,&quot;data&quot;:&#091;&#093;,&quot;id&quot;:0}}\" data-permalink=\"\/fr\/wp-json\/wp\/v2\/pages\/40518?wpv_view_count=619-CPID40348\">\n\n\t\n\t\t<img decoding=\"async\" src=\"https:\/\/brieger.ch\/wp-content\/uploads\/2019\/05\/braun.jpg\" alt=\"brun\" title=\"brun\" class=\"attachment-full\" \/>\n\t\n\t\n<\/div><\/a><\/td>\n\t\t\t\t<td class=\"preisrechts\"><a href=\"https:\/\/brieger.ch\/fr\/product\/46148\/\">3.75<\/a><\/td>\n              \t<td><a  href=\"https:\/\/brieger.ch\/fr\/product\/46148\/\"><\/a><\/td>\n\t\t\t<\/tr><tr class=\"prodselect\" data-href=\"https:\/\/brieger.ch\/fr\/product\/45148\/\">\n\t\t\t\t<td><a class=\"prodimglist\" href=\"https:\/\/brieger.ch\/fr\/product\/45148\/\"><img decoding=\"async\" width=\"100\" height=\"100\" src=\"https:\/\/brieger.ch\/wp-content\/uploads\/2020\/05\/58_25_02-100x100.jpg\" class=\"attachment-shop_thumbnail size-shop_thumbnail wp-post-image\" alt=\"\" srcset=\"https:\/\/brieger.ch\/wp-content\/uploads\/2020\/05\/58_25_02-66x66.jpg 66w, https:\/\/brieger.ch\/wp-content\/uploads\/2020\/05\/58_25_02-100x100.jpg 100w, https:\/\/brieger.ch\/wp-content\/uploads\/2020\/05\/58_25_02-200x200.jpg 200w, https:\/\/brieger.ch\/wp-content\/uploads\/2020\/05\/58_25_02-280x280.jpg 280w, https:\/\/brieger.ch\/wp-content\/uploads\/2020\/05\/58_25_02-400x400.jpg 400w, https:\/\/brieger.ch\/wp-content\/uploads\/2020\/05\/58_25_02-500x500.jpg 500w, https:\/\/brieger.ch\/wp-content\/uploads\/2020\/05\/58_25_02-600x600.jpg 600w, https:\/\/brieger.ch\/wp-content\/uploads\/2020\/05\/58_25_02-700x700.jpg 700w, https:\/\/brieger.ch\/wp-content\/uploads\/2020\/05\/58_25_02-768x768.jpg 768w, https:\/\/brieger.ch\/wp-content\/uploads\/2020\/05\/58_25_02-800x800.jpg 800w, https:\/\/brieger.ch\/wp-content\/uploads\/2020\/05\/58_25_02.jpg 1200w\" sizes=\"(max-width: 100px) 100vw, 100px\" \/><\/a><\/td>\n\t\t\t\t<td class=\"abgr\"><a href=\"https:\/\/brieger.ch\/fr\/product\/45148\/\">45148<\/a><\/td>\n\t\t\t\t<td class=\"zahlrechts abgr\"><a href=\"https:\/\/brieger.ch\/fr\/product\/45148\/\">505<\/a><\/td>\n\t\t\t\t<td class=\"zahlrechts abgr\"><a href=\"https:\/\/brieger.ch\/fr\/product\/45148\/\">355<\/a><\/td>\n                <td class=\"zahlrechts abgr\"><a href=\"https:\/\/brieger.ch\/fr\/product\/45148\/\">0<\/a><\/td>\n                <td class=\"zahlrechts abgr\"><a href=\"https:\/\/brieger.ch\/fr\/product\/45148\/\">80<\/a><\/td>\n\t\t\t\t<td class=\"zahlrechts abgr\"><a href=\"https:\/\/brieger.ch\/fr\/product\/45148\/\"><\/a><\/td>\n\t\t\t\t<td class=\"zahlrechts abgr\"><a href=\"https:\/\/brieger.ch\/fr\/product\/45148\/\">4.0 mm<\/a><\/td>\n\t\t\t\t<td class=\"zahlrechts abgr\"><a href=\"https:\/\/brieger.ch\/fr\/product\/45148\/\"><div id=\"wpv-view-layout-619-CPID40302\" class=\"js-wpv-view-layout js-wpv-layout-responsive js-wpv-view-layout-619-CPID40302\" data-viewnumber=\"619-CPID40302\" data-pagination=\"{&quot;id&quot;:619,&quot;query&quot;:&quot;normal&quot;,&quot;type&quot;:&quot;disabled&quot;,&quot;effect&quot;:&quot;fade&quot;,&quot;duration&quot;:500,&quot;speed&quot;:5,&quot;pause_on_hover&quot;:&quot;disabled&quot;,&quot;stop_rollover&quot;:&quot;false&quot;,&quot;cache_pages&quot;:&quot;enabled&quot;,&quot;preload_images&quot;:&quot;enabled&quot;,&quot;preload_pages&quot;:&quot;enabled&quot;,&quot;preload_reach&quot;:1,&quot;spinner&quot;:&quot;builtin&quot;,&quot;spinner_image&quot;:&quot;https:\/\/brieger.ch\/wp-content\/plugins\/wp-views\/embedded\/res\/img\/ajax-loader.gif&quot;,&quot;callback_next&quot;:&quot;&quot;,&quot;manage_history&quot;:&quot;disabled&quot;,&quot;has_controls_in_form&quot;:&quot;disabled&quot;,&quot;infinite_tolerance&quot;:&quot;0&quot;,&quot;max_pages&quot;:1,&quot;page&quot;:1,&quot;base_permalink&quot;:&quot;\/fr\/wp-json\/wp\/v2\/pages\/40518?wpv_view_count=619-CPID40302&amp;wpv_paged=WPV_PAGE_NUM&quot;,&quot;loop&quot;:{&quot;type&quot;:&quot;&quot;,&quot;name&quot;:&quot;&quot;,&quot;data&quot;:&#091;&#093;,&quot;id&quot;:0}}\" data-permalink=\"\/fr\/wp-json\/wp\/v2\/pages\/40518?wpv_view_count=619-CPID40302\">\n\n\t\n\t\t<img decoding=\"async\" src=\"https:\/\/brieger.ch\/wp-content\/uploads\/2019\/05\/braun.jpg\" alt=\"brun\" title=\"brun\" class=\"attachment-full\" \/>\n\t\n\t\n<\/div><\/a><\/td>\n\t\t\t\t<td class=\"preisrechts\"><a href=\"https:\/\/brieger.ch\/fr\/product\/45148\/\">3.78<\/a><\/td>\n              \t<td><a  href=\"https:\/\/brieger.ch\/fr\/product\/45148\/\"><\/a><\/td>\n\t\t\t<\/tr><tr class=\"prodselect\" data-href=\"https:\/\/brieger.ch\/fr\/product\/45150\/\">\n\t\t\t\t<td><a class=\"prodimglist\" href=\"https:\/\/brieger.ch\/fr\/product\/45150\/\"><img decoding=\"async\" width=\"100\" height=\"100\" src=\"https:\/\/brieger.ch\/wp-content\/uploads\/2020\/05\/58_25_02-100x100.jpg\" class=\"attachment-shop_thumbnail size-shop_thumbnail wp-post-image\" alt=\"\" srcset=\"https:\/\/brieger.ch\/wp-content\/uploads\/2020\/05\/58_25_02-66x66.jpg 66w, https:\/\/brieger.ch\/wp-content\/uploads\/2020\/05\/58_25_02-100x100.jpg 100w, https:\/\/brieger.ch\/wp-content\/uploads\/2020\/05\/58_25_02-200x200.jpg 200w, https:\/\/brieger.ch\/wp-content\/uploads\/2020\/05\/58_25_02-280x280.jpg 280w, https:\/\/brieger.ch\/wp-content\/uploads\/2020\/05\/58_25_02-400x400.jpg 400w, https:\/\/brieger.ch\/wp-content\/uploads\/2020\/05\/58_25_02-500x500.jpg 500w, https:\/\/brieger.ch\/wp-content\/uploads\/2020\/05\/58_25_02-600x600.jpg 600w, https:\/\/brieger.ch\/wp-content\/uploads\/2020\/05\/58_25_02-700x700.jpg 700w, https:\/\/brieger.ch\/wp-content\/uploads\/2020\/05\/58_25_02-768x768.jpg 768w, https:\/\/brieger.ch\/wp-content\/uploads\/2020\/05\/58_25_02-800x800.jpg 800w, https:\/\/brieger.ch\/wp-content\/uploads\/2020\/05\/58_25_02.jpg 1200w\" sizes=\"(max-width: 100px) 100vw, 100px\" \/><\/a><\/td>\n\t\t\t\t<td class=\"abgr\"><a href=\"https:\/\/brieger.ch\/fr\/product\/45150\/\">45150<\/a><\/td>\n\t\t\t\t<td class=\"zahlrechts abgr\"><a href=\"https:\/\/brieger.ch\/fr\/product\/45150\/\">550<\/a><\/td>\n\t\t\t\t<td class=\"zahlrechts abgr\"><a href=\"https:\/\/brieger.ch\/fr\/product\/45150\/\">250<\/a><\/td>\n                <td class=\"zahlrechts abgr\"><a href=\"https:\/\/brieger.ch\/fr\/product\/45150\/\">0<\/a><\/td>\n                <td class=\"zahlrechts abgr\"><a href=\"https:\/\/brieger.ch\/fr\/product\/45150\/\">80<\/a><\/td>\n\t\t\t\t<td class=\"zahlrechts abgr\"><a href=\"https:\/\/brieger.ch\/fr\/product\/45150\/\"><\/a><\/td>\n\t\t\t\t<td class=\"zahlrechts abgr\"><a href=\"https:\/\/brieger.ch\/fr\/product\/45150\/\">3.0 mm<\/a><\/td>\n\t\t\t\t<td class=\"zahlrechts abgr\"><a href=\"https:\/\/brieger.ch\/fr\/product\/45150\/\"><div id=\"wpv-view-layout-619-CPID40303\" class=\"js-wpv-view-layout js-wpv-layout-responsive js-wpv-view-layout-619-CPID40303\" data-viewnumber=\"619-CPID40303\" data-pagination=\"{&quot;id&quot;:619,&quot;query&quot;:&quot;normal&quot;,&quot;type&quot;:&quot;disabled&quot;,&quot;effect&quot;:&quot;fade&quot;,&quot;duration&quot;:500,&quot;speed&quot;:5,&quot;pause_on_hover&quot;:&quot;disabled&quot;,&quot;stop_rollover&quot;:&quot;false&quot;,&quot;cache_pages&quot;:&quot;enabled&quot;,&quot;preload_images&quot;:&quot;enabled&quot;,&quot;preload_pages&quot;:&quot;enabled&quot;,&quot;preload_reach&quot;:1,&quot;spinner&quot;:&quot;builtin&quot;,&quot;spinner_image&quot;:&quot;https:\/\/brieger.ch\/wp-content\/plugins\/wp-views\/embedded\/res\/img\/ajax-loader.gif&quot;,&quot;callback_next&quot;:&quot;&quot;,&quot;manage_history&quot;:&quot;disabled&quot;,&quot;has_controls_in_form&quot;:&quot;disabled&quot;,&quot;infinite_tolerance&quot;:&quot;0&quot;,&quot;max_pages&quot;:1,&quot;page&quot;:1,&quot;base_permalink&quot;:&quot;\/fr\/wp-json\/wp\/v2\/pages\/40518?wpv_view_count=619-CPID40303&amp;wpv_paged=WPV_PAGE_NUM&quot;,&quot;loop&quot;:{&quot;type&quot;:&quot;&quot;,&quot;name&quot;:&quot;&quot;,&quot;data&quot;:&#091;&#093;,&quot;id&quot;:0}}\" data-permalink=\"\/fr\/wp-json\/wp\/v2\/pages\/40518?wpv_view_count=619-CPID40303\">\n\n\t\n\t\t<img decoding=\"async\" src=\"https:\/\/brieger.ch\/wp-content\/uploads\/2019\/05\/braun.jpg\" alt=\"brun\" title=\"brun\" class=\"attachment-full\" \/>\n\t\n\t\n<\/div><\/a><\/td>\n\t\t\t\t<td class=\"preisrechts\"><a href=\"https:\/\/brieger.ch\/fr\/product\/45150\/\">1.81<\/a><\/td>\n              \t<td><a  href=\"https:\/\/brieger.ch\/fr\/product\/45150\/\"><\/a><\/td>\n\t\t\t<\/tr><tr class=\"prodselect\" data-href=\"https:\/\/brieger.ch\/fr\/product\/44251\/\">\n\t\t\t\t<td><a class=\"prodimglist\" href=\"https:\/\/brieger.ch\/fr\/product\/44251\/\"><img decoding=\"async\" width=\"100\" height=\"100\" src=\"https:\/\/brieger.ch\/wp-content\/uploads\/2020\/05\/44225_1-100x100.jpg\" class=\"attachment-shop_thumbnail size-shop_thumbnail wp-post-image\" alt=\"varitop\" srcset=\"https:\/\/brieger.ch\/wp-content\/uploads\/2020\/05\/44225_1-66x66.jpg 66w, https:\/\/brieger.ch\/wp-content\/uploads\/2020\/05\/44225_1-100x100.jpg 100w, https:\/\/brieger.ch\/wp-content\/uploads\/2020\/05\/44225_1-200x200.jpg 200w, https:\/\/brieger.ch\/wp-content\/uploads\/2020\/05\/44225_1-280x280.jpg 280w, https:\/\/brieger.ch\/wp-content\/uploads\/2020\/05\/44225_1-400x400.jpg 400w, https:\/\/brieger.ch\/wp-content\/uploads\/2020\/05\/44225_1-500x500.jpg 500w, https:\/\/brieger.ch\/wp-content\/uploads\/2020\/05\/44225_1-600x600.jpg 600w, https:\/\/brieger.ch\/wp-content\/uploads\/2020\/05\/44225_1.jpg 700w\" sizes=\"(max-width: 100px) 100vw, 100px\" \/><\/a><\/td>\n\t\t\t\t<td class=\"abgr\"><a href=\"https:\/\/brieger.ch\/fr\/product\/44251\/\">44251<\/a><\/td>\n\t\t\t\t<td class=\"zahlrechts abgr\"><a href=\"https:\/\/brieger.ch\/fr\/product\/44251\/\">610<\/a><\/td>\n\t\t\t\t<td class=\"zahlrechts abgr\"><a href=\"https:\/\/brieger.ch\/fr\/product\/44251\/\">430<\/a><\/td>\n                <td class=\"zahlrechts abgr\"><a href=\"https:\/\/brieger.ch\/fr\/product\/44251\/\">0<\/a><\/td>\n                <td class=\"zahlrechts abgr\"><a href=\"https:\/\/brieger.ch\/fr\/product\/44251\/\">50<\/a><\/td>\n\t\t\t\t<td class=\"zahlrechts abgr\"><a href=\"https:\/\/brieger.ch\/fr\/product\/44251\/\">A2<\/a><\/td>\n\t\t\t\t<td class=\"zahlrechts abgr\"><a href=\"https:\/\/brieger.ch\/fr\/product\/44251\/\">3.0 mm<\/a><\/td>\n\t\t\t\t<td class=\"zahlrechts abgr\"><a href=\"https:\/\/brieger.ch\/fr\/product\/44251\/\"><div id=\"wpv-view-layout-619-CPID40332\" class=\"js-wpv-view-layout js-wpv-layout-responsive js-wpv-view-layout-619-CPID40332\" data-viewnumber=\"619-CPID40332\" data-pagination=\"{&quot;id&quot;:619,&quot;query&quot;:&quot;normal&quot;,&quot;type&quot;:&quot;disabled&quot;,&quot;effect&quot;:&quot;fade&quot;,&quot;duration&quot;:500,&quot;speed&quot;:5,&quot;pause_on_hover&quot;:&quot;disabled&quot;,&quot;stop_rollover&quot;:&quot;false&quot;,&quot;cache_pages&quot;:&quot;enabled&quot;,&quot;preload_images&quot;:&quot;enabled&quot;,&quot;preload_pages&quot;:&quot;enabled&quot;,&quot;preload_reach&quot;:1,&quot;spinner&quot;:&quot;builtin&quot;,&quot;spinner_image&quot;:&quot;https:\/\/brieger.ch\/wp-content\/plugins\/wp-views\/embedded\/res\/img\/ajax-loader.gif&quot;,&quot;callback_next&quot;:&quot;&quot;,&quot;manage_history&quot;:&quot;disabled&quot;,&quot;has_controls_in_form&quot;:&quot;disabled&quot;,&quot;infinite_tolerance&quot;:&quot;0&quot;,&quot;max_pages&quot;:1,&quot;page&quot;:1,&quot;base_permalink&quot;:&quot;\/fr\/wp-json\/wp\/v2\/pages\/40518?wpv_view_count=619-CPID40332&amp;wpv_paged=WPV_PAGE_NUM&quot;,&quot;loop&quot;:{&quot;type&quot;:&quot;&quot;,&quot;name&quot;:&quot;&quot;,&quot;data&quot;:&#091;&#093;,&quot;id&quot;:0}}\" data-permalink=\"\/fr\/wp-json\/wp\/v2\/pages\/40518?wpv_view_count=619-CPID40332\">\n\n\t\n\t\t<img decoding=\"async\" src=\"https:\/\/brieger.ch\/wp-content\/uploads\/2019\/05\/weiss.jpg\" alt=\"blanc\" title=\"blanc\" class=\"attachment-full\" \/>\n\t\n\t\n<\/div><\/a><\/td>\n\t\t\t\t<td class=\"preisrechts\"><a href=\"https:\/\/brieger.ch\/fr\/product\/44251\/\">3.67<\/a><\/td>\n              \t<td><a  href=\"https:\/\/brieger.ch\/fr\/product\/44251\/\"><\/a><\/td>\n\t\t\t<\/tr><tr class=\"prodselect\" data-href=\"https:\/\/brieger.ch\/fr\/product\/47152\/\">\n\t\t\t\t<td><a class=\"prodimglist\" href=\"https:\/\/brieger.ch\/fr\/product\/47152\/\"><img decoding=\"async\" width=\"100\" height=\"100\" src=\"https:\/\/brieger.ch\/wp-content\/uploads\/2020\/05\/Varivel_78D_NM_01-100x100.jpg\" class=\"attachment-shop_thumbnail size-shop_thumbnail wp-post-image\" alt=\"varivel\" srcset=\"https:\/\/brieger.ch\/wp-content\/uploads\/2020\/05\/Varivel_78D_NM_01-66x66.jpg 66w, https:\/\/brieger.ch\/wp-content\/uploads\/2020\/05\/Varivel_78D_NM_01-100x100.jpg 100w, https:\/\/brieger.ch\/wp-content\/uploads\/2020\/05\/Varivel_78D_NM_01-200x200.jpg 200w, https:\/\/brieger.ch\/wp-content\/uploads\/2020\/05\/Varivel_78D_NM_01-280x280.jpg 280w, https:\/\/brieger.ch\/wp-content\/uploads\/2020\/05\/Varivel_78D_NM_01-400x400.jpg 400w, https:\/\/brieger.ch\/wp-content\/uploads\/2020\/05\/Varivel_78D_NM_01-500x500.jpg 500w, https:\/\/brieger.ch\/wp-content\/uploads\/2020\/05\/Varivel_78D_NM_01-600x600.jpg 600w, https:\/\/brieger.ch\/wp-content\/uploads\/2020\/05\/Varivel_78D_NM_01-700x700.jpg 700w, https:\/\/brieger.ch\/wp-content\/uploads\/2020\/05\/Varivel_78D_NM_01-768x768.jpg 768w, https:\/\/brieger.ch\/wp-content\/uploads\/2020\/05\/Varivel_78D_NM_01-800x800.jpg 800w, https:\/\/brieger.ch\/wp-content\/uploads\/2020\/05\/Varivel_78D_NM_01.jpg 1200w\" sizes=\"(max-width: 100px) 100vw, 100px\" \/><\/a><div class=\"badgegreendiv\"><a class=\"breenbtn\" href=\"https:\/\/brieger.ch\/fr\/product\/47152\/\"><img decoding=\"async\" src=\"https:\/\/brieger.ch\/wp-content\/uploads\/2021\/04\/breen-badge3.png\" alt=\"BREEN\" width=\"33px\" height=\"33px\" \/><\/a><\/div><\/td>\n\t\t\t\t<td class=\"abgr\"><a href=\"https:\/\/brieger.ch\/fr\/product\/47152\/\">73D<\/a><\/td>\n\t\t\t\t<td class=\"zahlrechts abgr\"><a href=\"https:\/\/brieger.ch\/fr\/product\/47152\/\">635<\/a><\/td>\n\t\t\t\t<td class=\"zahlrechts abgr\"><a href=\"https:\/\/brieger.ch\/fr\/product\/47152\/\">465<\/a><\/td>\n                <td class=\"zahlrechts abgr\"><a href=\"https:\/\/brieger.ch\/fr\/product\/47152\/\">0<\/a><\/td>\n                <td class=\"zahlrechts abgr\"><a href=\"https:\/\/brieger.ch\/fr\/product\/47152\/\">70<\/a><\/td>\n\t\t\t\t<td class=\"zahlrechts abgr\"><a href=\"https:\/\/brieger.ch\/fr\/product\/47152\/\">A2<\/a><\/td>\n\t\t\t\t<td class=\"zahlrechts abgr\"><a href=\"https:\/\/brieger.ch\/fr\/product\/47152\/\">6.0 mm<\/a><\/td>\n\t\t\t\t<td class=\"zahlrechts abgr\"><a href=\"https:\/\/brieger.ch\/fr\/product\/47152\/\"><div id=\"wpv-view-layout-619-CPID40353\" class=\"js-wpv-view-layout js-wpv-layout-responsive js-wpv-view-layout-619-CPID40353\" data-viewnumber=\"619-CPID40353\" data-pagination=\"{&quot;id&quot;:619,&quot;query&quot;:&quot;normal&quot;,&quot;type&quot;:&quot;disabled&quot;,&quot;effect&quot;:&quot;fade&quot;,&quot;duration&quot;:500,&quot;speed&quot;:5,&quot;pause_on_hover&quot;:&quot;disabled&quot;,&quot;stop_rollover&quot;:&quot;false&quot;,&quot;cache_pages&quot;:&quot;enabled&quot;,&quot;preload_images&quot;:&quot;enabled&quot;,&quot;preload_pages&quot;:&quot;enabled&quot;,&quot;preload_reach&quot;:1,&quot;spinner&quot;:&quot;builtin&quot;,&quot;spinner_image&quot;:&quot;https:\/\/brieger.ch\/wp-content\/plugins\/wp-views\/embedded\/res\/img\/ajax-loader.gif&quot;,&quot;callback_next&quot;:&quot;&quot;,&quot;manage_history&quot;:&quot;disabled&quot;,&quot;has_controls_in_form&quot;:&quot;disabled&quot;,&quot;infinite_tolerance&quot;:&quot;0&quot;,&quot;max_pages&quot;:1,&quot;page&quot;:1,&quot;base_permalink&quot;:&quot;\/fr\/wp-json\/wp\/v2\/pages\/40518?wpv_view_count=619-CPID40353&amp;wpv_paged=WPV_PAGE_NUM&quot;,&quot;loop&quot;:{&quot;type&quot;:&quot;&quot;,&quot;name&quot;:&quot;&quot;,&quot;data&quot;:&#091;&#093;,&quot;id&quot;:0}}\" data-permalink=\"\/fr\/wp-json\/wp\/v2\/pages\/40518?wpv_view_count=619-CPID40353\">\n\n\t\n\t\t<img decoding=\"async\" src=\"https:\/\/brieger.ch\/wp-content\/uploads\/2019\/05\/braun.jpg\" alt=\"brun\" title=\"brun\" class=\"attachment-full\" \/>\n\t\n\t\n<\/div><\/a><\/td>\n\t\t\t\t<td class=\"preisrechts\"><a href=\"https:\/\/brieger.ch\/fr\/product\/47152\/\">6.92<\/a><\/td>\n              \t<td><a  href=\"https:\/\/brieger.ch\/fr\/product\/47152\/\"><\/a><\/td>\n\t\t\t<\/tr><tr class=\"prodselect\" data-href=\"https:\/\/brieger.ch\/fr\/product\/47153\/\">\n\t\t\t\t<td><a class=\"prodimglist\" href=\"https:\/\/brieger.ch\/fr\/product\/47153\/\"><img decoding=\"async\" width=\"100\" height=\"100\" src=\"https:\/\/brieger.ch\/wp-content\/uploads\/2020\/05\/Varivel_78D_NM_01-100x100.jpg\" class=\"attachment-shop_thumbnail size-shop_thumbnail wp-post-image\" alt=\"varivel\" srcset=\"https:\/\/brieger.ch\/wp-content\/uploads\/2020\/05\/Varivel_78D_NM_01-66x66.jpg 66w, https:\/\/brieger.ch\/wp-content\/uploads\/2020\/05\/Varivel_78D_NM_01-100x100.jpg 100w, https:\/\/brieger.ch\/wp-content\/uploads\/2020\/05\/Varivel_78D_NM_01-200x200.jpg 200w, https:\/\/brieger.ch\/wp-content\/uploads\/2020\/05\/Varivel_78D_NM_01-280x280.jpg 280w, https:\/\/brieger.ch\/wp-content\/uploads\/2020\/05\/Varivel_78D_NM_01-400x400.jpg 400w, https:\/\/brieger.ch\/wp-content\/uploads\/2020\/05\/Varivel_78D_NM_01-500x500.jpg 500w, https:\/\/brieger.ch\/wp-content\/uploads\/2020\/05\/Varivel_78D_NM_01-600x600.jpg 600w, https:\/\/brieger.ch\/wp-content\/uploads\/2020\/05\/Varivel_78D_NM_01-700x700.jpg 700w, https:\/\/brieger.ch\/wp-content\/uploads\/2020\/05\/Varivel_78D_NM_01-768x768.jpg 768w, https:\/\/brieger.ch\/wp-content\/uploads\/2020\/05\/Varivel_78D_NM_01-800x800.jpg 800w, https:\/\/brieger.ch\/wp-content\/uploads\/2020\/05\/Varivel_78D_NM_01.jpg 1200w\" sizes=\"(max-width: 100px) 100vw, 100px\" \/><\/a><div class=\"badgegreendiv\"><a class=\"breenbtn\" href=\"https:\/\/brieger.ch\/fr\/product\/47153\/\"><img decoding=\"async\" src=\"https:\/\/brieger.ch\/wp-content\/uploads\/2021\/04\/breen-badge3.png\" alt=\"BREEN\" width=\"33px\" height=\"33px\" \/><\/a><\/div><\/td>\n\t\t\t\t<td class=\"abgr\"><a href=\"https:\/\/brieger.ch\/fr\/product\/47153\/\">47153<\/a><\/td>\n\t\t\t\t<td class=\"zahlrechts abgr\"><a href=\"https:\/\/brieger.ch\/fr\/product\/47153\/\">758<\/a><\/td>\n\t\t\t\t<td class=\"zahlrechts abgr\"><a href=\"https:\/\/brieger.ch\/fr\/product\/47153\/\">505<\/a><\/td>\n                <td class=\"zahlrechts abgr\"><a href=\"https:\/\/brieger.ch\/fr\/product\/47153\/\">0<\/a><\/td>\n                <td class=\"zahlrechts abgr\"><a href=\"https:\/\/brieger.ch\/fr\/product\/47153\/\">40<\/a><\/td>\n\t\t\t\t<td class=\"zahlrechts abgr\"><a href=\"https:\/\/brieger.ch\/fr\/product\/47153\/\"><\/a><\/td>\n\t\t\t\t<td class=\"zahlrechts abgr\"><a href=\"https:\/\/brieger.ch\/fr\/product\/47153\/\">6.0 mm<\/a><\/td>\n\t\t\t\t<td class=\"zahlrechts abgr\"><a href=\"https:\/\/brieger.ch\/fr\/product\/47153\/\"><div id=\"wpv-view-layout-619-CPID40354\" class=\"js-wpv-view-layout js-wpv-layout-responsive js-wpv-view-layout-619-CPID40354\" data-viewnumber=\"619-CPID40354\" data-pagination=\"{&quot;id&quot;:619,&quot;query&quot;:&quot;normal&quot;,&quot;type&quot;:&quot;disabled&quot;,&quot;effect&quot;:&quot;fade&quot;,&quot;duration&quot;:500,&quot;speed&quot;:5,&quot;pause_on_hover&quot;:&quot;disabled&quot;,&quot;stop_rollover&quot;:&quot;false&quot;,&quot;cache_pages&quot;:&quot;enabled&quot;,&quot;preload_images&quot;:&quot;enabled&quot;,&quot;preload_pages&quot;:&quot;enabled&quot;,&quot;preload_reach&quot;:1,&quot;spinner&quot;:&quot;builtin&quot;,&quot;spinner_image&quot;:&quot;https:\/\/brieger.ch\/wp-content\/plugins\/wp-views\/embedded\/res\/img\/ajax-loader.gif&quot;,&quot;callback_next&quot;:&quot;&quot;,&quot;manage_history&quot;:&quot;disabled&quot;,&quot;has_controls_in_form&quot;:&quot;disabled&quot;,&quot;infinite_tolerance&quot;:&quot;0&quot;,&quot;max_pages&quot;:1,&quot;page&quot;:1,&quot;base_permalink&quot;:&quot;\/fr\/wp-json\/wp\/v2\/pages\/40518?wpv_view_count=619-CPID40354&amp;wpv_paged=WPV_PAGE_NUM&quot;,&quot;loop&quot;:{&quot;type&quot;:&quot;&quot;,&quot;name&quot;:&quot;&quot;,&quot;data&quot;:&#091;&#093;,&quot;id&quot;:0}}\" data-permalink=\"\/fr\/wp-json\/wp\/v2\/pages\/40518?wpv_view_count=619-CPID40354\">\n\n\t\n\t\t<img decoding=\"async\" src=\"https:\/\/brieger.ch\/wp-content\/uploads\/2019\/05\/braun.jpg\" alt=\"brun\" title=\"brun\" class=\"attachment-full\" \/>\n\t\n\t\n<\/div><\/a><\/td>\n\t\t\t\t<td class=\"preisrechts\"><a href=\"https:\/\/brieger.ch\/fr\/product\/47153\/\">7.19<\/a><\/td>\n              \t<td><a  href=\"https:\/\/brieger.ch\/fr\/product\/47153\/\"><\/a><\/td>\n\t\t\t<\/tr>\n\t\t<\/tbody>\n\t<\/table>\n\t\n<p class=\"anzhits\">R\u00e9sultats: 72<\/p>\n\t\n<\/div>\n<\/div><div class=\"fusion-clearfix\"><\/div><\/div><\/div><\/div><\/div><div class=\"fusion-fullwidth fullwidth-box fusion-builder-row-3 fusion-flex-container has-pattern-background has-mask-background nonhundred-percent-fullwidth non-hundred-percent-height-scrolling\" style=\"--awb-border-radius-top-left:0px;--awb-border-radius-top-right:0px;--awb-border-radius-bottom-right:0px;--awb-border-radius-bottom-left:0px;--awb-flex-wrap:wrap;\" ><div class=\"fusion-builder-row fusion-row fusion-flex-align-items-flex-start fusion-flex-content-wrap\" style=\"max-width:1144px;margin-left: calc(-4% \/ 2 );margin-right: calc(-4% \/ 2 );\"><div class=\"fusion-layout-column fusion_builder_column fusion-builder-column-4 fusion_builder_column_1_1 1_1 fusion-flex-column\" style=\"--awb-bg-size:cover;--awb-width-large:100%;--awb-margin-top-large:0px;--awb-spacing-right-large:1.92%;--awb-margin-bottom-large:20px;--awb-spacing-left-large:1.92%;--awb-width-medium:100%;--awb-order-medium:0;--awb-spacing-right-medium:1.92%;--awb-spacing-left-medium:1.92%;--awb-width-small:100%;--awb-order-small:0;--awb-spacing-right-small:1.92%;--awb-spacing-left-small:1.92%;\"><div class=\"fusion-column-wrapper fusion-column-has-shadow fusion-flex-justify-content-flex-start fusion-content-layout-column\"><div class=\"fusion-title title fusion-title-3 fusion-title-text fusion-title-size-two\" style=\"--awb-sep-color:var(--awb-color3);\"><div class=\"title-sep-container title-sep-container-left fusion-no-large-visibility fusion-no-medium-visibility fusion-no-small-visibility\"><div class=\"title-sep sep-single sep-solid\" style=\"border-color:var(--awb-color3);\"><\/div><\/div><span class=\"awb-title-spacer fusion-no-large-visibility fusion-no-medium-visibility fusion-no-small-visibility\"><\/span><h2 class=\"fusion-title-heading title-heading-left\" style=\"margin:0;\">Avantages et inconv\u00e9nients des emballages universels<\/h2><span class=\"awb-title-spacer\"><\/span><div class=\"title-sep-container title-sep-container-right\"><div class=\"title-sep sep-single sep-solid\" style=\"border-color:var(--awb-color3);\"><\/div><\/div><\/div><\/div><\/div><\/div><\/div><div class=\"fusion-fullwidth fullwidth-box fusion-builder-row-4 fusion-flex-container has-pattern-background has-mask-background nonhundred-percent-fullwidth non-hundred-percent-height-scrolling\" style=\"--awb-border-radius-top-left:0px;--awb-border-radius-top-right:0px;--awb-border-radius-bottom-right:0px;--awb-border-radius-bottom-left:0px;--awb-flex-wrap:wrap;\" ><div class=\"fusion-builder-row fusion-row fusion-flex-align-items-flex-start fusion-flex-content-wrap\" style=\"max-width:1144px;margin-left: calc(-4% \/ 2 );margin-right: calc(-4% \/ 2 );\"><div class=\"fusion-layout-column fusion_builder_column fusion-builder-column-5 fusion_builder_column_1_2 1_2 fusion-flex-column\" style=\"--awb-bg-size:cover;--awb-width-large:50%;--awb-margin-top-large:0px;--awb-spacing-right-large:3.84%;--awb-margin-bottom-large:20px;--awb-spacing-left-large:3.84%;--awb-width-medium:100%;--awb-order-medium:0;--awb-spacing-right-medium:1.92%;--awb-spacing-left-medium:1.92%;--awb-width-small:100%;--awb-order-small:0;--awb-spacing-right-small:1.92%;--awb-spacing-left-small:1.92%;\"><div class=\"fusion-column-wrapper fusion-column-has-shadow fusion-flex-justify-content-flex-start fusion-content-layout-column\"><div class=\"fusion-title title fusion-title-4 fusion-title-text fusion-title-size-three\" style=\"--awb-sep-color:var(--awb-color6);\"><div class=\"title-sep-container title-sep-container-left fusion-no-large-visibility fusion-no-medium-visibility fusion-no-small-visibility\"><div class=\"title-sep sep-single sep-solid\" style=\"border-color:var(--awb-color6);\"><\/div><\/div><span class=\"awb-title-spacer fusion-no-large-visibility fusion-no-medium-visibility fusion-no-small-visibility\"><\/span><h3 class=\"fusion-title-heading title-heading-left\" style=\"margin:0;\">Avantages des emballages universels<\/h3><span class=\"awb-title-spacer\"><\/span><div class=\"title-sep-container title-sep-container-right\"><div class=\"title-sep sep-single sep-solid\" style=\"border-color:var(--awb-color6);\"><\/div><\/div><\/div><div class=\"fusion-text fusion-text-6\"><p>Pourquoi choisir des emballages universels ?<\/p>\n<\/div><ul style=\"--awb-line-height:23.8px;--awb-icon-width:23.8px;--awb-icon-height:23.8px;--awb-icon-margin:9.8px;--awb-content-margin:33.6px;--awb-circlecolor:var(--awb-color3);--awb-circle-yes-font-size:12.32px;\" class=\"fusion-checklist fusion-checklist-2 fusion-checklist-default type-icons\"><li class=\"fusion-li-item\" style=\"\"><span class=\"icon-wrapper circle-yes\"><i class=\"fusion-li-icon awb-icon-check\" aria-hidden=\"true\"><\/i><\/span><div class=\"fusion-li-item-content\">Efficace et \u00e9conomique : un seul type d\u2019emballage pour de nombreux produits.<\/div><\/li><li class=\"fusion-li-item\" style=\"\"><span class=\"icon-wrapper circle-yes\"><i class=\"fusion-li-icon awb-icon-check\" aria-hidden=\"true\"><\/i><\/span><div class=\"fusion-li-item-content\">Adaptable individuellement : disponible en diff\u00e9rentes tailles, dont DIN A5, A4, A3<\/div><\/li><li class=\"fusion-li-item\" style=\"\"><span class=\"icon-wrapper circle-yes\"><i class=\"fusion-li-icon awb-icon-check\" aria-hidden=\"true\"><\/i><\/span><div class=\"fusion-li-item-content\">Gain de temps : conditionnement simple et rapide sans accessoires suppl\u00e9mentaires.<\/div><\/li><li class=\"fusion-li-item\" style=\"\"><span class=\"icon-wrapper circle-yes\"><i class=\"fusion-li-icon awb-icon-check\" aria-hidden=\"true\"><\/i><\/span><div class=\"fusion-li-item-content\">Id\u00e9al pour l\u2019exp\u00e9dition de livres et d\u2019autres articles fragiles.<\/div><\/li><li class=\"fusion-li-item\" style=\"\"><span class=\"icon-wrapper circle-yes\"><i class=\"fusion-li-icon awb-icon-check\" aria-hidden=\"true\"><\/i><\/span><div class=\"fusion-li-item-content\">Transport s\u00e9curis\u00e9 gr\u00e2ce \u00e0 des bords renforc\u00e9s et des mat\u00e9riaux r\u00e9sistants.<\/div><\/li><li class=\"fusion-li-item\" style=\"\"><span class=\"icon-wrapper circle-yes\"><i class=\"fusion-li-icon awb-icon-check\" aria-hidden=\"true\"><\/i><\/span><div class=\"fusion-li-item-content\">Convient aux services de vente en ligne et aux plateformes e-commerce.<\/div><\/li><\/ul><\/div><\/div><div class=\"fusion-layout-column fusion_builder_column fusion-builder-column-6 fusion_builder_column_1_2 1_2 fusion-flex-column\" style=\"--awb-bg-size:cover;--awb-width-large:50%;--awb-margin-top-large:0px;--awb-spacing-right-large:3.84%;--awb-margin-bottom-large:20px;--awb-spacing-left-large:3.84%;--awb-width-medium:100%;--awb-order-medium:0;--awb-spacing-right-medium:1.92%;--awb-spacing-left-medium:1.92%;--awb-width-small:100%;--awb-order-small:0;--awb-spacing-right-small:1.92%;--awb-spacing-left-small:1.92%;\"><div class=\"fusion-column-wrapper fusion-column-has-shadow fusion-flex-justify-content-flex-start fusion-content-layout-column\"><div class=\"fusion-title title fusion-title-5 fusion-title-text fusion-title-size-three\" style=\"--awb-sep-color:var(--awb-color6);\"><div class=\"title-sep-container title-sep-container-left fusion-no-large-visibility fusion-no-medium-visibility fusion-no-small-visibility\"><div class=\"title-sep sep-single sep-solid\" style=\"border-color:var(--awb-color6);\"><\/div><\/div><span class=\"awb-title-spacer fusion-no-large-visibility fusion-no-medium-visibility fusion-no-small-visibility\"><\/span><h3 class=\"fusion-title-heading title-heading-left\" style=\"margin:0;\">Inconv\u00e9nients des emballages universels<\/h3><span class=\"awb-title-spacer\"><\/span><div class=\"title-sep-container title-sep-container-right\"><div class=\"title-sep sep-single sep-solid\" style=\"border-color:var(--awb-color6);\"><\/div><\/div><\/div><div class=\"fusion-text fusion-text-7\"><p>Malgr\u00e9 de nombreux avantages, certains points doivent \u00eatre pris en compte :<\/p>\n<\/div><ul style=\"--awb-line-height:23.8px;--awb-icon-width:23.8px;--awb-icon-height:23.8px;--awb-icon-margin:9.8px;--awb-content-margin:33.6px;--awb-circlecolor:#e10707;--awb-circle-yes-font-size:12.32px;\" class=\"fusion-checklist fusion-checklist-3 fusion-checklist-default type-icons\"><li class=\"fusion-li-item\" style=\"\"><span class=\"icon-wrapper circle-yes\"><i class=\"fusion-li-icon awb-icon-check\" aria-hidden=\"true\"><\/i><\/span><div class=\"fusion-li-item-content\">\n<p>Peut ne pas convenir \u00e0 tous les produits : les articles tr\u00e8s petits ou tr\u00e8s fragiles peuvent n\u00e9cessiter un <a href=\"https:\/\/brieger.ch\/fr\/accessoires\/materiel-de-remplissage\/\" target=\"_blank\" rel=\"noopener\">mat\u00e9riau de remplissage<\/a> suppl\u00e9mentaire.<\/p>\n<\/div><\/li><li class=\"fusion-li-item\" style=\"\"><span class=\"icon-wrapper circle-yes\"><i class=\"fusion-li-icon awb-icon-check\" aria-hidden=\"true\"><\/i><\/span><div class=\"fusion-li-item-content\">Emballage pas toujours sur mesure : si un produit a \u00e9t\u00e9 con\u00e7u, une solution sp\u00e9ciale peut \u00eatre n\u00e9cessaire.<\/div><\/li><\/ul><\/div><\/div><\/div><\/div><div class=\"fusion-fullwidth fullwidth-box fusion-builder-row-5 fusion-flex-container has-pattern-background has-mask-background nonhundred-percent-fullwidth non-hundred-percent-height-scrolling\" style=\"--awb-border-radius-top-left:0px;--awb-border-radius-top-right:0px;--awb-border-radius-bottom-right:0px;--awb-border-radius-bottom-left:0px;--awb-flex-wrap:wrap;\" ><div class=\"fusion-builder-row fusion-row fusion-flex-align-items-flex-start fusion-flex-content-wrap\" style=\"max-width:1144px;margin-left: calc(-4% \/ 2 );margin-right: calc(-4% \/ 2 );\"><div class=\"fusion-layout-column fusion_builder_column fusion-builder-column-7 fusion_builder_column_1_1 1_1 fusion-flex-column\" style=\"--awb-bg-size:cover;--awb-width-large:100%;--awb-margin-top-large:0px;--awb-spacing-right-large:1.92%;--awb-margin-bottom-large:20px;--awb-spacing-left-large:1.92%;--awb-width-medium:100%;--awb-order-medium:0;--awb-spacing-right-medium:1.92%;--awb-spacing-left-medium:1.92%;--awb-width-small:100%;--awb-order-small:0;--awb-spacing-right-small:1.92%;--awb-spacing-left-small:1.92%;\"><div class=\"fusion-column-wrapper fusion-column-has-shadow fusion-flex-justify-content-flex-start fusion-content-layout-column\"><div class=\"fusion-title title fusion-title-6 fusion-title-text fusion-title-size-two\" style=\"--awb-sep-color:var(--awb-color3);\"><div class=\"title-sep-container title-sep-container-left fusion-no-large-visibility fusion-no-medium-visibility fusion-no-small-visibility\"><div class=\"title-sep sep-single sep-solid\" style=\"border-color:var(--awb-color3);\"><\/div><\/div><span class=\"awb-title-spacer fusion-no-large-visibility fusion-no-medium-visibility fusion-no-small-visibility\"><\/span><h2 class=\"fusion-title-heading title-heading-left\" style=\"margin:0;\">Emballage pour l\u2019exp\u00e9dition de livres<\/h2><span class=\"awb-title-spacer\"><\/span><div class=\"title-sep-container title-sep-container-right\"><div class=\"title-sep sep-single sep-solid\" style=\"border-color:var(--awb-color3);\"><\/div><\/div><\/div><\/div><\/div><\/div><\/div><div class=\"fusion-fullwidth fullwidth-box fusion-builder-row-6 fusion-flex-container has-pattern-background has-mask-background nonhundred-percent-fullwidth non-hundred-percent-height-scrolling\" style=\"--awb-border-radius-top-left:0px;--awb-border-radius-top-right:0px;--awb-border-radius-bottom-right:0px;--awb-border-radius-bottom-left:0px;--awb-flex-wrap:wrap;\" ><div class=\"fusion-builder-row fusion-row fusion-flex-align-items-flex-start fusion-flex-content-wrap\" style=\"max-width:1144px;margin-left: calc(-4% \/ 2 );margin-right: calc(-4% \/ 2 );\"><div class=\"fusion-layout-column fusion_builder_column fusion-builder-column-8 fusion_builder_column_3_4 3_4 fusion-flex-column\" style=\"--awb-bg-size:cover;--awb-width-large:75%;--awb-margin-top-large:0px;--awb-spacing-right-large:2.56%;--awb-margin-bottom-large:20px;--awb-spacing-left-large:2.56%;--awb-width-medium:100%;--awb-order-medium:0;--awb-spacing-right-medium:1.92%;--awb-spacing-left-medium:1.92%;--awb-width-small:100%;--awb-order-small:0;--awb-spacing-right-small:1.92%;--awb-spacing-left-small:1.92%;\"><div class=\"fusion-column-wrapper fusion-column-has-shadow fusion-flex-justify-content-flex-start fusion-content-layout-column\"><div class=\"fusion-text fusion-text-8\"><p>Pour l\u2019envoi de livres, les emballages sp\u00e9cifiques sont une excellente option. Ils offrent :<\/p>\n<\/div><ul style=\"--awb-line-height:23.8px;--awb-icon-width:23.8px;--awb-icon-height:23.8px;--awb-icon-margin:9.8px;--awb-content-margin:33.6px;--awb-circlecolor:var(--awb-color3);--awb-circle-yes-font-size:12.32px;\" class=\"fusion-checklist fusion-checklist-4 fusion-checklist-default type-icons\"><li class=\"fusion-li-item\" style=\"\"><span class=\"icon-wrapper circle-yes\"><i class=\"fusion-li-icon awb-icon-check\" aria-hidden=\"true\"><\/i><\/span><div class=\"fusion-li-item-content\">Une protection ajust\u00e9e pour livres, classeurs et imprim\u00e9s.<\/div><\/li><li class=\"fusion-li-item\" style=\"\"><span class=\"icon-wrapper circle-yes\"><i class=\"fusion-li-icon awb-icon-check\" aria-hidden=\"true\"><\/i><\/span><div class=\"fusion-li-item-content\">Des hauteurs de remplissage variables pour emballer en toute s\u00e9curit\u00e9 diff\u00e9rents formats de livres.<\/div><\/li><li class=\"fusion-li-item\" style=\"\"><span class=\"icon-wrapper circle-yes\"><i class=\"fusion-li-icon awb-icon-check\" aria-hidden=\"true\"><\/i><\/span><div class=\"fusion-li-item-content\">\n<p>Une manipulation facile et rapide gr\u00e2ce \u00e0 une <a href=\"https:\/\/brieger.ch\/fr\/product\/45139\/\" target=\"_blank\" rel=\"noopener\">fermeture autocollante.<\/a><\/p>\n<\/div><\/li><li class=\"fusion-li-item\" style=\"\"><span class=\"icon-wrapper circle-yes\"><i class=\"fusion-li-icon awb-icon-check\" aria-hidden=\"true\"><\/i><\/span><div class=\"fusion-li-item-content\">\n<p>Disponibles en diff\u00e9rents <a href=\"https:\/\/brieger.ch\/fr\/formats-a5-a4-b4-b5\/\" target=\"_blank\" rel=\"noopener\">formats DIN<\/a>, comme A4, A5 ou emballages d\u2019exp\u00e9dition pour classeurs<\/p>\n<\/div><\/li><\/ul><\/div><\/div><div class=\"fusion-layout-column fusion_builder_column fusion-builder-column-9 fusion_builder_column_1_4 1_4 fusion-flex-column\" style=\"--awb-bg-size:cover;--awb-width-large:25%;--awb-margin-top-large:0px;--awb-spacing-right-large:7.68%;--awb-margin-bottom-large:20px;--awb-spacing-left-large:7.68%;--awb-width-medium:100%;--awb-order-medium:0;--awb-spacing-right-medium:1.92%;--awb-spacing-left-medium:1.92%;--awb-width-small:100%;--awb-order-small:0;--awb-spacing-right-small:1.92%;--awb-spacing-left-small:1.92%;\"><div class=\"fusion-column-wrapper fusion-column-has-shadow fusion-flex-justify-content-flex-start fusion-content-layout-column\"><div class=\"fusion-image-element \" style=\"--awb-caption-title-font-family:var(--h2_typography-font-family);--awb-caption-title-font-weight:var(--h2_typography-font-weight);--awb-caption-title-font-style:var(--h2_typography-font-style);--awb-caption-title-size:var(--h2_typography-font-size);--awb-caption-title-transform:var(--h2_typography-text-transform);--awb-caption-title-line-height:var(--h2_typography-line-height);--awb-caption-title-letter-spacing:var(--h2_typography-letter-spacing);\"><span class=\" fusion-imageframe imageframe-none imageframe-2 hover-type-none\"><img decoding=\"async\" width=\"700\" height=\"700\" alt=\"Emballage pour l\u2019exp\u00e9dition de livres\" title=\"kat-universalverpackung-Gruppe_Vari_1\" src=\"https:\/\/brieger.ch\/wp-content\/uploads\/2020\/07\/kat-universalverpackung-Gruppe_Vari_1.jpg\" class=\"img-responsive wp-image-35895\" srcset=\"https:\/\/brieger.ch\/wp-content\/uploads\/2020\/07\/kat-universalverpackung-Gruppe_Vari_1-200x200.jpg 200w, https:\/\/brieger.ch\/wp-content\/uploads\/2020\/07\/kat-universalverpackung-Gruppe_Vari_1-400x400.jpg 400w, https:\/\/brieger.ch\/wp-content\/uploads\/2020\/07\/kat-universalverpackung-Gruppe_Vari_1-600x600.jpg 600w, https:\/\/brieger.ch\/wp-content\/uploads\/2020\/07\/kat-universalverpackung-Gruppe_Vari_1.jpg 700w\" sizes=\"(max-width: 1024px) 100vw, (max-width: 640px) 100vw, 400px\" \/><\/span><\/div><\/div><\/div><\/div><\/div><div class=\"fusion-fullwidth fullwidth-box fusion-builder-row-7 fusion-flex-container has-pattern-background has-mask-background nonhundred-percent-fullwidth non-hundred-percent-height-scrolling\" style=\"--awb-border-radius-top-left:0px;--awb-border-radius-top-right:0px;--awb-border-radius-bottom-right:0px;--awb-border-radius-bottom-left:0px;--awb-flex-wrap:wrap;\" ><div class=\"fusion-builder-row fusion-row fusion-flex-align-items-flex-start fusion-flex-content-wrap\" style=\"max-width:1144px;margin-left: calc(-4% \/ 2 );margin-right: calc(-4% \/ 2 );\"><div class=\"fusion-layout-column fusion_builder_column fusion-builder-column-10 fusion_builder_column_1_1 1_1 fusion-flex-column\" style=\"--awb-bg-size:cover;--awb-width-large:100%;--awb-margin-top-large:0px;--awb-spacing-right-large:1.92%;--awb-margin-bottom-large:20px;--awb-spacing-left-large:1.92%;--awb-width-medium:100%;--awb-order-medium:0;--awb-spacing-right-medium:1.92%;--awb-spacing-left-medium:1.92%;--awb-width-small:100%;--awb-order-small:0;--awb-spacing-right-small:1.92%;--awb-spacing-left-small:1.92%;\"><div class=\"fusion-column-wrapper fusion-column-has-shadow fusion-flex-justify-content-flex-start fusion-content-layout-column\"><div class=\"fusion-title title fusion-title-7 fusion-title-text fusion-title-size-two\" style=\"--awb-sep-color:var(--awb-color3);\"><div class=\"title-sep-container title-sep-container-left fusion-no-large-visibility fusion-no-medium-visibility fusion-no-small-visibility\"><div class=\"title-sep sep-single sep-solid\" style=\"border-color:var(--awb-color3);\"><\/div><\/div><span class=\"awb-title-spacer fusion-no-large-visibility fusion-no-medium-visibility fusion-no-small-visibility\"><\/span><h2 class=\"fusion-title-heading title-heading-left\" style=\"margin:0;\">Les options d\u2019emballages universels<\/h2><span class=\"awb-title-spacer\"><\/span><div class=\"title-sep-container title-sep-container-right\"><div class=\"title-sep sep-single sep-solid\" style=\"border-color:var(--awb-color3);\"><\/div><\/div><\/div><div class=\"fusion-text fusion-text-9\"><p>Chez Brieger, plusieurs types d\u2019emballages universels de haute qualit\u00e9 sont disponibles pour r\u00e9pondre \u00e0 toutes les exigences :<\/p>\n<\/div><\/div><\/div><\/div><\/div><div class=\"fusion-fullwidth fullwidth-box fusion-builder-row-8 fusion-flex-container has-pattern-background has-mask-background nonhundred-percent-fullwidth non-hundred-percent-height-scrolling\" style=\"--awb-border-radius-top-left:0px;--awb-border-radius-top-right:0px;--awb-border-radius-bottom-right:0px;--awb-border-radius-bottom-left:0px;--awb-flex-wrap:wrap;\" ><div class=\"fusion-builder-row fusion-row fusion-flex-align-items-flex-start fusion-flex-content-wrap\" style=\"max-width:1144px;margin-left: calc(-4% \/ 2 );margin-right: calc(-4% \/ 2 );\"><div class=\"fusion-layout-column fusion_builder_column fusion-builder-column-11 fusion_builder_column_3_4 3_4 fusion-flex-column\" style=\"--awb-bg-size:cover;--awb-width-large:75%;--awb-margin-top-large:0px;--awb-spacing-right-large:2.56%;--awb-margin-bottom-large:20px;--awb-spacing-left-large:2.56%;--awb-width-medium:100%;--awb-order-medium:0;--awb-spacing-right-medium:1.92%;--awb-spacing-left-medium:1.92%;--awb-width-small:100%;--awb-order-small:0;--awb-spacing-right-small:1.92%;--awb-spacing-left-small:1.92%;\"><div class=\"fusion-column-wrapper fusion-column-has-shadow fusion-flex-justify-content-flex-start fusion-content-layout-column\"><div class=\"fusion-title title fusion-title-8 fusion-title-text fusion-title-size-three\" style=\"--awb-sep-color:var(--awb-color6);\"><div class=\"title-sep-container title-sep-container-left fusion-no-large-visibility fusion-no-medium-visibility fusion-no-small-visibility\"><div class=\"title-sep sep-single sep-solid\" style=\"border-color:var(--awb-color6);\"><\/div><\/div><span class=\"awb-title-spacer fusion-no-large-visibility fusion-no-medium-visibility fusion-no-small-visibility\"><\/span><h3 class=\"fusion-title-heading title-heading-left\" style=\"margin:0;\">VARIFIX \u2013 La solution flexible et s\u00e9curis\u00e9e<\/h3><span class=\"awb-title-spacer\"><\/span><div class=\"title-sep-container title-sep-container-right\"><div class=\"title-sep sep-single sep-solid\" style=\"border-color:var(--awb-color6);\"><\/div><\/div><\/div><div class=\"fusion-text fusion-text-10\"><p>Cet <a href=\"https:\/\/brieger.ch\/fr\/varifix\/\" target=\"_blank\" rel=\"noopener\">emballage<\/a> efficace se distingue par sa hauteur de remplissage variable, ce qui lui permet de s\u2019adapter parfaitement au produit. Id\u00e9al pour l\u2019envoi s\u00e9curis\u00e9 de livres, catalogues et articles fragiles.<\/p>\n<\/div><\/div><\/div><div class=\"fusion-layout-column fusion_builder_column fusion-builder-column-12 fusion_builder_column_1_4 1_4 fusion-flex-column\" style=\"--awb-bg-size:cover;--awb-width-large:25%;--awb-margin-top-large:0px;--awb-spacing-right-large:7.68%;--awb-margin-bottom-large:20px;--awb-spacing-left-large:7.68%;--awb-width-medium:100%;--awb-order-medium:0;--awb-spacing-right-medium:1.92%;--awb-spacing-left-medium:1.92%;--awb-width-small:100%;--awb-order-small:0;--awb-spacing-right-small:1.92%;--awb-spacing-left-small:1.92%;\"><div class=\"fusion-column-wrapper fusion-column-has-shadow fusion-flex-justify-content-flex-start fusion-content-layout-column\"><div class=\"fusion-image-element \" style=\"--awb-caption-title-font-family:var(--h2_typography-font-family);--awb-caption-title-font-weight:var(--h2_typography-font-weight);--awb-caption-title-font-style:var(--h2_typography-font-style);--awb-caption-title-size:var(--h2_typography-font-size);--awb-caption-title-transform:var(--h2_typography-text-transform);--awb-caption-title-line-height:var(--h2_typography-line-height);--awb-caption-title-letter-spacing:var(--h2_typography-letter-spacing);\"><span class=\" fusion-imageframe imageframe-none imageframe-3 hover-type-none\"><img decoding=\"async\" width=\"1772\" height=\"1181\" alt=\"VARIFIX \u2013 La solution flexible et s\u00e9curis\u00e9e\" title=\"Universalverpackung_45317\" src=\"https:\/\/brieger.ch\/wp-content\/uploads\/2020\/07\/Universalverpackung_45317.jpg\" class=\"img-responsive wp-image-93910\" srcset=\"https:\/\/brieger.ch\/wp-content\/uploads\/2020\/07\/Universalverpackung_45317-200x133.jpg 200w, https:\/\/brieger.ch\/wp-content\/uploads\/2020\/07\/Universalverpackung_45317-400x267.jpg 400w, https:\/\/brieger.ch\/wp-content\/uploads\/2020\/07\/Universalverpackung_45317-600x400.jpg 600w, https:\/\/brieger.ch\/wp-content\/uploads\/2020\/07\/Universalverpackung_45317-800x533.jpg 800w, https:\/\/brieger.ch\/wp-content\/uploads\/2020\/07\/Universalverpackung_45317-1200x800.jpg 1200w, https:\/\/brieger.ch\/wp-content\/uploads\/2020\/07\/Universalverpackung_45317.jpg 1772w\" sizes=\"(max-width: 1024px) 100vw, (max-width: 640px) 100vw, 400px\" \/><\/span><\/div><\/div><\/div><\/div><\/div><div class=\"fusion-fullwidth fullwidth-box fusion-builder-row-9 fusion-flex-container has-pattern-background has-mask-background nonhundred-percent-fullwidth non-hundred-percent-height-scrolling\" style=\"--awb-border-radius-top-left:0px;--awb-border-radius-top-right:0px;--awb-border-radius-bottom-right:0px;--awb-border-radius-bottom-left:0px;--awb-flex-wrap:wrap;\" ><div class=\"fusion-builder-row fusion-row fusion-flex-align-items-flex-start fusion-flex-content-wrap\" style=\"max-width:1144px;margin-left: calc(-4% \/ 2 );margin-right: calc(-4% \/ 2 );\"><div class=\"fusion-layout-column fusion_builder_column fusion-builder-column-13 fusion_builder_column_3_4 3_4 fusion-flex-column\" style=\"--awb-bg-size:cover;--awb-width-large:75%;--awb-margin-top-large:0px;--awb-spacing-right-large:2.56%;--awb-margin-bottom-large:20px;--awb-spacing-left-large:2.56%;--awb-width-medium:100%;--awb-order-medium:0;--awb-spacing-right-medium:1.92%;--awb-spacing-left-medium:1.92%;--awb-width-small:100%;--awb-order-small:0;--awb-spacing-right-small:1.92%;--awb-spacing-left-small:1.92%;\"><div class=\"fusion-column-wrapper fusion-column-has-shadow fusion-flex-justify-content-flex-start fusion-content-layout-column\"><div class=\"fusion-title title fusion-title-9 fusion-title-text fusion-title-size-three\" style=\"--awb-sep-color:var(--awb-color6);\"><div class=\"title-sep-container title-sep-container-left fusion-no-large-visibility fusion-no-medium-visibility fusion-no-small-visibility\"><div class=\"title-sep sep-single sep-solid\" style=\"border-color:var(--awb-color6);\"><\/div><\/div><span class=\"awb-title-spacer fusion-no-large-visibility fusion-no-medium-visibility fusion-no-small-visibility\"><\/span><h3 class=\"fusion-title-heading title-heading-left\" style=\"margin:0;\">VARITOP \u2013 Optimis\u00e9 pour la stabilit\u00e9<\/h3><span class=\"awb-title-spacer\"><\/span><div class=\"title-sep-container title-sep-container-right\"><div class=\"title-sep sep-single sep-solid\" style=\"border-color:var(--awb-color6);\"><\/div><\/div><\/div><div class=\"fusion-text fusion-text-11\"><p>Vos marchandises sont en outre prot\u00e9g\u00e9es gr\u00e2ce \u00e0 une deuxi\u00e8me bande autocollante ou peuvent \u00eatre utilis\u00e9es pour l\u2019exp\u00e9dition de retour.<\/p>\n<\/div><\/div><\/div><div class=\"fusion-layout-column fusion_builder_column fusion-builder-column-14 fusion_builder_column_1_4 1_4 fusion-flex-column\" style=\"--awb-bg-size:cover;--awb-width-large:25%;--awb-margin-top-large:0px;--awb-spacing-right-large:7.68%;--awb-margin-bottom-large:20px;--awb-spacing-left-large:7.68%;--awb-width-medium:100%;--awb-order-medium:0;--awb-spacing-right-medium:1.92%;--awb-spacing-left-medium:1.92%;--awb-width-small:100%;--awb-order-small:0;--awb-spacing-right-small:1.92%;--awb-spacing-left-small:1.92%;\"><div class=\"fusion-column-wrapper fusion-column-has-shadow fusion-flex-justify-content-flex-start fusion-content-layout-column\"><div class=\"fusion-image-element \" style=\"--awb-caption-title-font-family:var(--h2_typography-font-family);--awb-caption-title-font-weight:var(--h2_typography-font-weight);--awb-caption-title-font-style:var(--h2_typography-font-style);--awb-caption-title-size:var(--h2_typography-font-size);--awb-caption-title-transform:var(--h2_typography-text-transform);--awb-caption-title-line-height:var(--h2_typography-line-height);--awb-caption-title-letter-spacing:var(--h2_typography-letter-spacing);\"><span class=\" fusion-imageframe imageframe-none imageframe-4 hover-type-none\"><img decoding=\"async\" width=\"700\" height=\"700\" alt=\"VARITOP \u2013 Optimis\u00e9 pour la stabilit\u00e9\" title=\"44225_1\" src=\"https:\/\/brieger.ch\/wp-content\/uploads\/2020\/05\/44225_1.jpg\" class=\"img-responsive wp-image-34229\" srcset=\"https:\/\/brieger.ch\/wp-content\/uploads\/2020\/05\/44225_1-200x200.jpg 200w, https:\/\/brieger.ch\/wp-content\/uploads\/2020\/05\/44225_1-400x400.jpg 400w, https:\/\/brieger.ch\/wp-content\/uploads\/2020\/05\/44225_1-600x600.jpg 600w, https:\/\/brieger.ch\/wp-content\/uploads\/2020\/05\/44225_1.jpg 700w\" sizes=\"(max-width: 1024px) 100vw, (max-width: 640px) 100vw, 400px\" \/><\/span><\/div><\/div><\/div><\/div><\/div><div class=\"fusion-fullwidth fullwidth-box fusion-builder-row-10 fusion-flex-container has-pattern-background has-mask-background nonhundred-percent-fullwidth non-hundred-percent-height-scrolling\" style=\"--awb-border-radius-top-left:0px;--awb-border-radius-top-right:0px;--awb-border-radius-bottom-right:0px;--awb-border-radius-bottom-left:0px;--awb-flex-wrap:wrap;\" ><div class=\"fusion-builder-row fusion-row fusion-flex-align-items-flex-start fusion-flex-content-wrap\" style=\"max-width:1144px;margin-left: calc(-4% \/ 2 );margin-right: calc(-4% \/ 2 );\"><div class=\"fusion-layout-column fusion_builder_column fusion-builder-column-15 fusion_builder_column_3_4 3_4 fusion-flex-column\" style=\"--awb-bg-size:cover;--awb-width-large:75%;--awb-margin-top-large:0px;--awb-spacing-right-large:2.56%;--awb-margin-bottom-large:20px;--awb-spacing-left-large:2.56%;--awb-width-medium:100%;--awb-order-medium:0;--awb-spacing-right-medium:1.92%;--awb-spacing-left-medium:1.92%;--awb-width-small:100%;--awb-order-small:0;--awb-spacing-right-small:1.92%;--awb-spacing-left-small:1.92%;\"><div class=\"fusion-column-wrapper fusion-column-has-shadow fusion-flex-justify-content-flex-start fusion-content-layout-column\"><div class=\"fusion-title title fusion-title-10 fusion-title-text fusion-title-size-three\" style=\"--awb-sep-color:var(--awb-color6);\"><div class=\"title-sep-container title-sep-container-left fusion-no-large-visibility fusion-no-medium-visibility fusion-no-small-visibility\"><div class=\"title-sep sep-single sep-solid\" style=\"border-color:var(--awb-color6);\"><\/div><\/div><span class=\"awb-title-spacer fusion-no-large-visibility fusion-no-medium-visibility fusion-no-small-visibility\"><\/span><h3 class=\"fusion-title-heading title-heading-left\" style=\"margin:0;\">VARIVEL \u2013 L\u2019emballage d\u2019exp\u00e9dition polyvalent<\/h3><span class=\"awb-title-spacer\"><\/span><div class=\"title-sep-container title-sep-container-right\"><div class=\"title-sep sep-single sep-solid\" style=\"border-color:var(--awb-color6);\"><\/div><\/div><\/div><div class=\"fusion-text fusion-text-12\"><p>Tr\u00e8s polyvalent, il convient \u00e0 l\u2019exp\u00e9dition de livres, classeurs et imprim\u00e9s. Il offre une grande flexibilit\u00e9 de format et s\u2019adapte aux besoins individuels. Le moyen le moins cher et le plus simple d\u2019emballer un livre. <a href=\"https:\/\/brieger.ch\/fr\/product\/46117\/\" target=\"_blank\" rel=\"noopener\">L\u2019emballage<\/a> \u00e0 hauteur variable en version simple ou double cannelures avec une hauteur allant jusqu\u2019\u00e0 140 mm.<\/p>\n<\/div><\/div><\/div><div class=\"fusion-layout-column fusion_builder_column fusion-builder-column-16 fusion_builder_column_1_4 1_4 fusion-flex-column\" style=\"--awb-bg-size:cover;--awb-width-large:25%;--awb-margin-top-large:0px;--awb-spacing-right-large:7.68%;--awb-margin-bottom-large:20px;--awb-spacing-left-large:7.68%;--awb-width-medium:100%;--awb-order-medium:0;--awb-spacing-right-medium:1.92%;--awb-spacing-left-medium:1.92%;--awb-width-small:100%;--awb-order-small:0;--awb-spacing-right-small:1.92%;--awb-spacing-left-small:1.92%;\"><div class=\"fusion-column-wrapper fusion-column-has-shadow fusion-flex-justify-content-flex-start fusion-content-layout-column\"><div class=\"fusion-image-element \" style=\"--awb-caption-title-font-family:var(--h2_typography-font-family);--awb-caption-title-font-weight:var(--h2_typography-font-weight);--awb-caption-title-font-style:var(--h2_typography-font-style);--awb-caption-title-size:var(--h2_typography-font-size);--awb-caption-title-transform:var(--h2_typography-text-transform);--awb-caption-title-line-height:var(--h2_typography-line-height);--awb-caption-title-letter-spacing:var(--h2_typography-letter-spacing);\"><span class=\" fusion-imageframe imageframe-none imageframe-5 hover-type-none\"><img decoding=\"async\" width=\"1200\" height=\"1200\" alt=\"L\u2019emballage d\u2019exp\u00e9dition polyvalent\" title=\"58_35_02\" src=\"https:\/\/brieger.ch\/wp-content\/uploads\/2020\/05\/58_35_02.jpg\" class=\"img-responsive wp-image-34218\" srcset=\"https:\/\/brieger.ch\/wp-content\/uploads\/2020\/05\/58_35_02-200x200.jpg 200w, https:\/\/brieger.ch\/wp-content\/uploads\/2020\/05\/58_35_02-400x400.jpg 400w, https:\/\/brieger.ch\/wp-content\/uploads\/2020\/05\/58_35_02-600x600.jpg 600w, https:\/\/brieger.ch\/wp-content\/uploads\/2020\/05\/58_35_02-800x800.jpg 800w, https:\/\/brieger.ch\/wp-content\/uploads\/2020\/05\/58_35_02.jpg 1200w\" sizes=\"(max-width: 1024px) 100vw, (max-width: 640px) 100vw, 400px\" \/><\/span><\/div><\/div><\/div><\/div><\/div><div class=\"fusion-fullwidth fullwidth-box fusion-builder-row-11 fusion-flex-container has-pattern-background has-mask-background nonhundred-percent-fullwidth non-hundred-percent-height-scrolling\" style=\"--awb-border-radius-top-left:0px;--awb-border-radius-top-right:0px;--awb-border-radius-bottom-right:0px;--awb-border-radius-bottom-left:0px;--awb-flex-wrap:wrap;\" ><div class=\"fusion-builder-row fusion-row fusion-flex-align-items-flex-start fusion-flex-content-wrap\" style=\"max-width:1144px;margin-left: calc(-4% \/ 2 );margin-right: calc(-4% \/ 2 );\"><div class=\"fusion-layout-column fusion_builder_column fusion-builder-column-17 fusion_builder_column_1_1 1_1 fusion-flex-column\" style=\"--awb-bg-size:cover;--awb-width-large:100%;--awb-margin-top-large:0px;--awb-spacing-right-large:1.92%;--awb-margin-bottom-large:20px;--awb-spacing-left-large:1.92%;--awb-width-medium:100%;--awb-order-medium:0;--awb-spacing-right-medium:1.92%;--awb-spacing-left-medium:1.92%;--awb-width-small:100%;--awb-order-small:0;--awb-spacing-right-small:1.92%;--awb-spacing-left-small:1.92%;\"><div class=\"fusion-column-wrapper fusion-column-has-shadow fusion-flex-justify-content-flex-start fusion-content-layout-column\"><div class=\"fusion-title title fusion-title-11 fusion-title-text fusion-title-size-two\" style=\"--awb-sep-color:var(--awb-color3);\"><div class=\"title-sep-container title-sep-container-left fusion-no-large-visibility fusion-no-medium-visibility fusion-no-small-visibility\"><div class=\"title-sep sep-single sep-solid\" style=\"border-color:var(--awb-color3);\"><\/div><\/div><span class=\"awb-title-spacer fusion-no-large-visibility fusion-no-medium-visibility fusion-no-small-visibility\"><\/span><h2 class=\"fusion-title-heading title-heading-left\" style=\"margin:0;\">Conclusion<\/h2><span class=\"awb-title-spacer\"><\/span><div class=\"title-sep-container title-sep-container-right\"><div class=\"title-sep sep-single sep-solid\" style=\"border-color:var(--awb-color3);\"><\/div><\/div><\/div><div class=\"fusion-text fusion-text-13\"><p>Les emballages universels offrent un m\u00e9lange id\u00e9al de flexibilit\u00e9, de s\u00e9curit\u00e9 et de respect de l\u2019environnement. Disponibles en diff\u00e9rentes tailles, ils permettent une utilisation simple et efficace.<br \/>\nQue vous ayez besoin d\u2019un emballage pour livre, pour classeurs ou d\u2019une solution sur mesure \u2013 un emballage d\u2019exp\u00e9dition universel est un excellent choix pour l\u2019exp\u00e9dition s\u00e9curis\u00e9e de vos produits.<br \/>\nPour plus d\u2019informations sur nos emballages et services, consultez notre site et d\u00e9couvrez nos solutions adapt\u00e9es \u00e0 tous vos besoins en logistique et livraison.<\/p>\n<\/div><\/div><\/div><\/div><\/div><div class=\"fusion-fullwidth fullwidth-box fusion-builder-row-12 fusion-flex-container has-pattern-background has-mask-background nonhundred-percent-fullwidth non-hundred-percent-height-scrolling\" style=\"--awb-border-radius-top-left:0px;--awb-border-radius-top-right:0px;--awb-border-radius-bottom-right:0px;--awb-border-radius-bottom-left:0px;--awb-flex-wrap:wrap;\" ><div class=\"fusion-builder-row fusion-row fusion-flex-align-items-flex-start fusion-flex-content-wrap\" style=\"max-width:1144px;margin-left: calc(-4% \/ 2 );margin-right: calc(-4% \/ 2 );\"><div class=\"fusion-layout-column fusion_builder_column fusion-builder-column-18 fusion_builder_column_1_1 1_1 fusion-flex-column\" style=\"--awb-bg-size:cover;--awb-width-large:100%;--awb-margin-top-large:0px;--awb-spacing-right-large:1.92%;--awb-margin-bottom-large:20px;--awb-spacing-left-large:1.92%;--awb-width-medium:100%;--awb-order-medium:0;--awb-spacing-right-medium:1.92%;--awb-spacing-left-medium:1.92%;--awb-width-small:100%;--awb-order-small:0;--awb-spacing-right-small:1.92%;--awb-spacing-left-small:1.92%;\"><div class=\"fusion-column-wrapper fusion-column-has-shadow fusion-flex-justify-content-flex-start fusion-content-layout-column\"><div class=\"fusion-separator fusion-has-icon fusion-full-width-sep\" style=\"align-self: center;margin-left: auto;margin-right: auto;margin-bottom:20px;width:100%;\"><div class=\"fusion-separator-border sep-single sep-solid\" style=\"--awb-height:20px;--awb-amount:20px;--awb-sep-color:var(--awb-color3);border-color:var(--awb-color3);border-top-width:2px;\"><\/div><span class=\"icon-wrapper\" style=\"border-color:var(--awb-color3);background-color:var(--awb-color1);font-size:14px;width: 1.75em; height: 1.75em;border-width:2px;padding:2px;margin-top:-1px\"><i class=\"fa-question fas\" style=\"font-size: inherit;color:var(--awb-color3);\" aria-hidden=\"true\"><\/i><\/span><div class=\"fusion-separator-border sep-single sep-solid\" style=\"--awb-height:20px;--awb-amount:20px;--awb-sep-color:var(--awb-color3);border-color:var(--awb-color3);border-top-width:2px;\"><\/div><\/div><div class=\"fusion-title title fusion-title-12 fusion-title-center fusion-title-text fusion-title-size-two\"><div class=\"title-sep-container title-sep-container-left\"><div class=\"title-sep sep-double sep-solid\" style=\"border-color:#e0dede;\"><\/div><\/div><span class=\"awb-title-spacer\"><\/span><h2 class=\"fusion-title-heading title-heading-center\" style=\"margin:0;\">FAQ<\/h2><span class=\"awb-title-spacer\"><\/span><div class=\"title-sep-container title-sep-container-right\"><div class=\"title-sep sep-double sep-solid\" style=\"border-color:#e0dede;\"><\/div><\/div><\/div><div class=\"accordian fusion-accordian\" style=\"--awb-border-size:1px;--awb-icon-size:13px;--awb-content-font-size:14px;--awb-icon-alignment:left;--awb-hover-color:#f9f9f9;--awb-border-color:#cccccc;--awb-background-color:#ffffff;--awb-divider-color:#e0dede;--awb-divider-hover-color:#e0dede;--awb-icon-color:#ffffff;--awb-title-color:#ce5400;--awb-content-color:#747474;--awb-icon-box-color:#333333;--awb-toggle-hover-accent-color:#ce5400;--awb-title-font-family:&quot;Helvetica Neue Bold&quot;;--awb-title-font-weight:400;--awb-title-font-style:normal;--awb-content-font-family:&quot;Helvetica Neue Roman&quot;;--awb-content-font-style:normal;--awb-content-font-weight:400;\"><div class=\"panel-group fusion-toggle-icon-boxed\" id=\"accordion-40518-1\"><div class=\"fusion-panel panel-default panel-512b72d5764f7bbd1 fusion-toggle-has-divider\"><div class=\"panel-heading\"><h3 class=\"panel-title toggle\" id=\"toggle_512b72d5764f7bbd1\"><a aria-expanded=\"false\" aria-controls=\"512b72d5764f7bbd1\" role=\"button\" data-toggle=\"collapse\" data-parent=\"#accordion-40518-1\" data-target=\"#512b72d5764f7bbd1\" href=\"#512b72d5764f7bbd1\"><span class=\"fusion-toggle-icon-wrapper\" aria-hidden=\"true\"><i class=\"fa-fusion-box active-icon awb-icon-minus\" aria-hidden=\"true\"><\/i><i class=\"fa-fusion-box inactive-icon awb-icon-plus\" aria-hidden=\"true\"><\/i><\/span><span class=\"fusion-toggle-heading\">Qu\u2019est-ce qu\u2019un emballage pour livre et \u00e0 quoi sert-il ?<\/span><\/a><\/h3><\/div><div id=\"512b72d5764f7bbd1\" class=\"panel-collapse collapse \" aria-labelledby=\"toggle_512b72d5764f7bbd1\"><div class=\"panel-body toggle-content fusion-clearfix\">\n<p>C\u2019est un emballage d\u2019exp\u00e9dition sp\u00e9cialement con\u00e7u pour prot\u00e9ger les livres. Fabriqu\u00e9 en carton ondul\u00e9 robuste, il assure une protection optimale contre les chocs et les dommages pendant le transport.<br \/>\nFlexibilit\u00e9 : Adaptable \u00e0 diff\u00e9rents produits gr\u00e2ce \u00e0 la hauteur de remplissage variable<\/p>\n<\/div><\/div><\/div><div class=\"fusion-panel panel-default panel-d921f7cf67dc2a271 fusion-toggle-has-divider\"><div class=\"panel-heading\"><h3 class=\"panel-title toggle\" id=\"toggle_d921f7cf67dc2a271\"><a aria-expanded=\"false\" aria-controls=\"d921f7cf67dc2a271\" role=\"button\" data-toggle=\"collapse\" data-parent=\"#accordion-40518-1\" data-target=\"#d921f7cf67dc2a271\" href=\"#d921f7cf67dc2a271\"><span class=\"fusion-toggle-icon-wrapper\" aria-hidden=\"true\"><i class=\"fa-fusion-box active-icon awb-icon-minus\" aria-hidden=\"true\"><\/i><i class=\"fa-fusion-box inactive-icon awb-icon-plus\" aria-hidden=\"true\"><\/i><\/span><span class=\"fusion-toggle-heading\"> Pourquoi la plupart des emballages universels sont-ils bruns ?<\/span><\/a><\/h3><\/div><div id=\"d921f7cf67dc2a271\" class=\"panel-collapse collapse \" aria-labelledby=\"toggle_d921f7cf67dc2a271\"><div class=\"panel-body toggle-content fusion-clearfix\">\n<p>La majorit\u00e9 des emballages universels sont bruns car ils sont fabriqu\u00e9s en carton ondul\u00e9 non trait\u00e9et respectueux de l\u2019environnement. Cette couleur naturelle indique que l\u2019emballage est recyclable et durable.<\/p>\n<\/div><\/div><\/div><div class=\"fusion-panel panel-default panel-9cef7efc60e2d6482 fusion-toggle-has-divider\"><div class=\"panel-heading\"><h3 class=\"panel-title toggle\" id=\"toggle_9cef7efc60e2d6482\"><a aria-expanded=\"false\" aria-controls=\"9cef7efc60e2d6482\" role=\"button\" data-toggle=\"collapse\" data-parent=\"#accordion-40518-1\" data-target=\"#9cef7efc60e2d6482\" href=\"#9cef7efc60e2d6482\"><span class=\"fusion-toggle-icon-wrapper\" aria-hidden=\"true\"><i class=\"fa-fusion-box active-icon awb-icon-minus\" aria-hidden=\"true\"><\/i><i class=\"fa-fusion-box inactive-icon awb-icon-plus\" aria-hidden=\"true\"><\/i><\/span><span class=\"fusion-toggle-heading\"> Pourquoi les emballages en carton ondul\u00e9 sont-ils particuli\u00e8rement durables ?<\/span><\/a><\/h3><\/div><div id=\"9cef7efc60e2d6482\" class=\"panel-collapse collapse \" aria-labelledby=\"toggle_9cef7efc60e2d6482\"><div class=\"panel-body toggle-content fusion-clearfix\">\n<p>Ils sont constitu\u00e9s d\u2019un mat\u00e9riau recyclable et peuvent \u00eatre r\u00e9utilis\u00e9s plusieurs fois. En plus, leur l\u00e9g\u00e8ret\u00e9 r\u00e9duit les co\u00fbts de transport et les \u00e9missions de CO\u2082.<\/p>\n<\/div><\/div><\/div><div class=\"fusion-panel panel-default panel-daffbeedd4a0b7a64 fusion-toggle-has-divider\"><div class=\"panel-heading\"><h3 class=\"panel-title toggle\" id=\"toggle_daffbeedd4a0b7a64\"><a aria-expanded=\"false\" aria-controls=\"daffbeedd4a0b7a64\" role=\"button\" data-toggle=\"collapse\" data-parent=\"#accordion-40518-1\" data-target=\"#daffbeedd4a0b7a64\" href=\"#daffbeedd4a0b7a64\"><span class=\"fusion-toggle-icon-wrapper\" aria-hidden=\"true\"><i class=\"fa-fusion-box active-icon awb-icon-minus\" aria-hidden=\"true\"><\/i><i class=\"fa-fusion-box inactive-icon awb-icon-plus\" aria-hidden=\"true\"><\/i><\/span><span class=\"fusion-toggle-heading\">Les emballages universels conviennent-ils comme emballages d\u2019exp\u00e9dition ?<\/span><\/a><\/h3><\/div><div id=\"daffbeedd4a0b7a64\" class=\"panel-collapse collapse \" aria-labelledby=\"toggle_daffbeedd4a0b7a64\"><div class=\"panel-body toggle-content fusion-clearfix\">\n<p>Oui, les emballages universels d\u2019exp\u00e9dition en carton ondul\u00e9 solide prot\u00e8gent efficacement le contenu et conviennent parfaitement \u00e0 l\u2019exp\u00e9dition s\u00e9curis\u00e9e de nombreux types de produits.<\/p>\n<\/div><\/div><\/div><div class=\"fusion-panel panel-default panel-3957243cd946a97a3 fusion-toggle-has-divider\"><div class=\"panel-heading\"><h3 class=\"panel-title toggle\" id=\"toggle_3957243cd946a97a3\"><a aria-expanded=\"false\" aria-controls=\"3957243cd946a97a3\" role=\"button\" data-toggle=\"collapse\" data-parent=\"#accordion-40518-1\" data-target=\"#3957243cd946a97a3\" href=\"#3957243cd946a97a3\"><span class=\"fusion-toggle-icon-wrapper\" aria-hidden=\"true\"><i class=\"fa-fusion-box active-icon awb-icon-minus\" aria-hidden=\"true\"><\/i><i class=\"fa-fusion-box inactive-icon awb-icon-plus\" aria-hidden=\"true\"><\/i><\/span><span class=\"fusion-toggle-heading\">Comment bien fermer un emballage universel ?<\/span><\/a><\/h3><\/div><div id=\"3957243cd946a97a3\" class=\"panel-collapse collapse \" aria-labelledby=\"toggle_3957243cd946a97a3\"><div class=\"panel-body toggle-content fusion-clearfix\">\n<p>La plupart des emballages universels sont \u00e9quip\u00e9s d\u2019une fermeture autocollante, ce qui permet de les fermer sans ruban adh\u00e9sif suppl\u00e9mentaire et facilite leur utilisation.<\/p>\n<\/div><\/div><\/div><div class=\"fusion-panel panel-default panel-411592a52463ef08c fusion-toggle-has-divider\"><div class=\"panel-heading\"><h3 class=\"panel-title toggle\" id=\"toggle_411592a52463ef08c\"><a aria-expanded=\"false\" aria-controls=\"411592a52463ef08c\" role=\"button\" data-toggle=\"collapse\" data-parent=\"#accordion-40518-1\" data-target=\"#411592a52463ef08c\" href=\"#411592a52463ef08c\"><span class=\"fusion-toggle-icon-wrapper\" aria-hidden=\"true\"><i class=\"fa-fusion-box active-icon awb-icon-minus\" aria-hidden=\"true\"><\/i><i class=\"fa-fusion-box inactive-icon awb-icon-plus\" aria-hidden=\"true\"><\/i><\/span><span class=\"fusion-toggle-heading\">Comment garantir une protection fiable du contenu ?<\/span><\/a><\/h3><\/div><div id=\"411592a52463ef08c\" class=\"panel-collapse collapse \" aria-labelledby=\"toggle_411592a52463ef08c\"><div class=\"panel-body toggle-content fusion-clearfix\">\n<p>Gr\u00e2ce \u00e0 des coins renforc\u00e9s, du carton ondul\u00e9 solide et une hauteur de remplissage ajustable, le contenu est bien prot\u00e9g\u00e9 contre les dommages.<\/p>\n<\/div><\/div><\/div><div class=\"fusion-panel panel-default panel-95e39ff18b45bb73e fusion-toggle-has-divider\"><div class=\"panel-heading\"><h3 class=\"panel-title toggle\" id=\"toggle_95e39ff18b45bb73e\"><a aria-expanded=\"false\" aria-controls=\"95e39ff18b45bb73e\" role=\"button\" data-toggle=\"collapse\" data-parent=\"#accordion-40518-1\" data-target=\"#95e39ff18b45bb73e\" href=\"#95e39ff18b45bb73e\"><span class=\"fusion-toggle-icon-wrapper\" aria-hidden=\"true\"><i class=\"fa-fusion-box active-icon awb-icon-minus\" aria-hidden=\"true\"><\/i><i class=\"fa-fusion-box inactive-icon awb-icon-plus\" aria-hidden=\"true\"><\/i><\/span><span class=\"fusion-toggle-heading\">Existe-t-il diff\u00e9rentes versions disponibles ?<\/span><\/a><\/h3><\/div><div id=\"95e39ff18b45bb73e\" class=\"panel-collapse collapse \" aria-labelledby=\"toggle_95e39ff18b45bb73e\"><div class=\"panel-body toggle-content fusion-clearfix\">\n<p>Oui, il existe des versions personnalis\u00e9es con\u00e7ues sur mesure selon les exigences sp\u00e9cifiques des produits.<\/p>\n<\/div><\/div><\/div><\/div><\/div><script type=\"application\/ld+json\">\n{\n  \"@context\": \"https:\/\/schema.org\",\n  \"@type\": \"FAQPage\",\n  \"mainEntity\": [\n    {\n      \"@type\": \"Question\",\n      \"name\": \"Qu\u2019est-ce qu\u2019un emballage pour livre et \u00e0 quoi sert-il ?\",\n      \"acceptedAnswer\": {\n        \"@type\": \"Answer\",\n        \"text\": \"C\u2019est un emballage d\u2019exp\u00e9dition sp\u00e9cialement con\u00e7u pour prot\u00e9ger les livres. Fabriqu\u00e9 en carton ondul\u00e9 robuste, il assure une protection optimale contre les chocs et les dommages pendant le transport. Sa hauteur de remplissage variable permet \u00e9galement d\u2019emballer d\u2019autres produits.\"\n      }\n    },\n    {\n      \"@type\": \"Question\",\n      \"name\": \"Pourquoi la plupart des emballages universels sont-ils bruns ?\",\n      \"acceptedAnswer\": {\n        \"@type\": \"Answer\",\n        \"text\": \"La majorit\u00e9 des emballages universels sont bruns car ils sont fabriqu\u00e9s en carton ondul\u00e9 non trait\u00e9 et respectueux de l\u2019environnement. Cette couleur naturelle indique que l\u2019emballage est recyclable et durable.\"\n      }\n    },\n    {\n      \"@type\": \"Question\",\n      \"name\": \"Pourquoi les emballages en carton ondul\u00e9 sont-ils particuli\u00e8rement durables ?\",\n      \"acceptedAnswer\": {\n        \"@type\": \"Answer\",\n        \"text\": \"Ils sont constitu\u00e9s d\u2019un mat\u00e9riau recyclable et peuvent \u00eatre r\u00e9utilis\u00e9s plusieurs fois. Leur l\u00e9g\u00e8ret\u00e9 r\u00e9duit les co\u00fbts de transport et les \u00e9missions de CO\u2082, ce qui en fait une option durable.\"\n      }\n    },\n    {\n      \"@type\": \"Question\",\n      \"name\": \"Les emballages universels conviennent-ils comme emballages d\u2019exp\u00e9dition ?\",\n      \"acceptedAnswer\": {\n        \"@type\": \"Answer\",\n        \"text\": \"Oui, les emballages universels en carton ondul\u00e9 solide prot\u00e8gent efficacement le contenu et conviennent parfaitement \u00e0 l\u2019exp\u00e9dition s\u00e9curis\u00e9e de nombreux types de produits.\"\n      }\n    },\n    {\n      \"@type\": \"Question\",\n      \"name\": \"Comment bien fermer un emballage universel ?\",\n      \"acceptedAnswer\": {\n        \"@type\": \"Answer\",\n        \"text\": \"La plupart des emballages universels sont \u00e9quip\u00e9s d\u2019une fermeture autocollante, ce qui permet une fermeture rapide et s\u00e9curis\u00e9e, sans ruban adh\u00e9sif suppl\u00e9mentaire.\"\n      }\n    },\n    {\n      \"@type\": \"Question\",\n      \"name\": \"Comment garantir une protection fiable du contenu ?\",\n      \"acceptedAnswer\": {\n        \"@type\": \"Answer\",\n        \"text\": \"Gr\u00e2ce \u00e0 des coins renforc\u00e9s, du carton ondul\u00e9 robuste et une hauteur de remplissage ajustable, le contenu est bien prot\u00e9g\u00e9 contre les chocs et les dommages.\"\n      }\n    },\n    {\n      \"@type\": \"Question\",\n      \"name\": \"Existe-t-il diff\u00e9rentes versions disponibles ?\",\n      \"acceptedAnswer\": {\n        \"@type\": \"Answer\",\n        \"text\": \"Oui, il existe des versions personnalis\u00e9es con\u00e7ues sur mesure selon les exigences sp\u00e9cifiques de vos produits, que ce soit en termes de dimensions, de mat\u00e9riau ou de design.\"\n      }\n    }\n  ]\n}\n<\/script>\n<\/div><\/div><\/div><\/div><div id=\"instructions-de-montage\" class=\"fusion-container-anchor\"><div class=\"fusion-fullwidth fullwidth-box fusion-builder-row-13 fusion-flex-container has-pattern-background has-mask-background nonhundred-percent-fullwidth non-hundred-percent-height-scrolling\" style=\"--awb-border-radius-top-left:0px;--awb-border-radius-top-right:0px;--awb-border-radius-bottom-right:0px;--awb-border-radius-bottom-left:0px;--awb-padding-top:30px;--awb-padding-right:30px;--awb-padding-bottom:30px;--awb-padding-left:30px;--awb-margin-top:75px;--awb-background-image:linear-gradient(180deg, rgba(246,246,246,0.39) 0%,rgba(224,222,222,0.26) 100%);--awb-flex-wrap:wrap;\" ><div class=\"fusion-builder-row fusion-row fusion-flex-align-items-flex-start fusion-flex-content-wrap\" style=\"max-width:1144px;margin-left: calc(-4% \/ 2 );margin-right: calc(-4% \/ 2 );\"><div class=\"fusion-layout-column fusion_builder_column fusion-builder-column-19 fusion_builder_column_1_1 1_1 fusion-flex-column\" style=\"--awb-bg-size:cover;--awb-width-large:100%;--awb-margin-top-large:0px;--awb-spacing-right-large:1.92%;--awb-margin-bottom-large:0px;--awb-spacing-left-large:1.92%;--awb-width-medium:100%;--awb-order-medium:0;--awb-spacing-right-medium:1.92%;--awb-spacing-left-medium:1.92%;--awb-width-small:100%;--awb-order-small:0;--awb-spacing-right-small:1.92%;--awb-spacing-left-small:1.92%;\" data-scroll-devices=\"small-visibility,medium-visibility,large-visibility\"><div class=\"fusion-column-wrapper fusion-column-has-shadow fusion-flex-justify-content-flex-start fusion-content-layout-column\"><div class=\"fusion-title title fusion-title-13 fusion-sep-none fusion-title-text fusion-title-size-two\" style=\"--awb-text-color:#212934;\"><h2 class=\"fusion-title-heading title-heading-left\" style=\"margin:0;\">Instructions de montage<\/h2><\/div><\/div><\/div><div class=\"fusion-layout-column fusion_builder_column fusion-builder-column-20 fusion_builder_column_1_6 1_6 fusion-flex-column\" style=\"--awb-bg-size:cover;--awb-width-large:16.666666666667%;--awb-margin-top-large:0px;--awb-spacing-right-large:11.52%;--awb-margin-bottom-large:20px;--awb-spacing-left-large:11.52%;--awb-width-medium:100%;--awb-order-medium:0;--awb-spacing-right-medium:1.92%;--awb-spacing-left-medium:1.92%;--awb-width-small:100%;--awb-order-small:0;--awb-spacing-right-small:1.92%;--awb-spacing-left-small:1.92%;\"><div class=\"fusion-column-wrapper fusion-column-has-shadow fusion-flex-justify-content-flex-start fusion-content-layout-column\"><a class=\"awb-lightbox awb-lightbox-1\" data-title=\"Varifix, brun\" title=\"Varifix, brun\" href=\"https:\/\/www.youtube.com\/watch?v=neg_H7auL0A&amp;list=PLS0QyrhLU4M9fd3fN6peMDcTZtbo1c_X8&amp;index=27&amp;pp=iAQB\" data-caption=\"Instructions de montage\" data-rel=\"iLightbox\"><img decoding=\"async\" src=\"https:\/\/brieger.ch\/wp-content\/uploads\/2020\/07\/youtube-lightbox.jpg\"><\/a><div class=\"fusion-text fusion-text-14\" style=\"--awb-font-size:12px;--awb-margin-top:15px;\"><p>Varifix, brun<\/p>\n<\/div><\/div><\/div><div class=\"fusion-layout-column fusion_builder_column fusion-builder-column-21 fusion_builder_column_1_6 1_6 fusion-flex-column\" style=\"--awb-bg-size:cover;--awb-width-large:16.666666666667%;--awb-margin-top-large:0px;--awb-spacing-right-large:11.52%;--awb-margin-bottom-large:20px;--awb-spacing-left-large:11.52%;--awb-width-medium:100%;--awb-order-medium:0;--awb-spacing-right-medium:1.92%;--awb-spacing-left-medium:1.92%;--awb-width-small:100%;--awb-order-small:0;--awb-spacing-right-small:1.92%;--awb-spacing-left-small:1.92%;\"><div class=\"fusion-column-wrapper fusion-column-has-shadow fusion-flex-justify-content-flex-start fusion-content-layout-column\"><a class=\"awb-lightbox awb-lightbox-2\" data-title=\"Varitop blanc\" title=\"Varitop blanc\" href=\"https:\/\/www.youtube.com\/watch?v=M-m3ltPF5Sg&amp;list=PLS0QyrhLU4M9fd3fN6peMDcTZtbo1c_X8&amp;index=28&amp;pp=iAQB\" data-caption=\"Instructions de montage\" data-rel=\"iLightbox\"><img decoding=\"async\" src=\"https:\/\/brieger.ch\/wp-content\/uploads\/2020\/07\/youtube-lightbox.jpg\"><\/a><div class=\"fusion-text fusion-text-15\" style=\"--awb-font-size:12px;--awb-margin-top:15px;\"><p>Varitop, blanc<\/p>\n<\/div><\/div><\/div><div class=\"fusion-layout-column fusion_builder_column fusion-builder-column-22 fusion_builder_column_1_6 1_6 fusion-flex-column\" style=\"--awb-bg-size:cover;--awb-width-large:16.666666666667%;--awb-margin-top-large:0px;--awb-spacing-right-large:11.52%;--awb-margin-bottom-large:20px;--awb-spacing-left-large:11.52%;--awb-width-medium:100%;--awb-order-medium:0;--awb-spacing-right-medium:1.92%;--awb-spacing-left-medium:1.92%;--awb-width-small:100%;--awb-order-small:0;--awb-spacing-right-small:1.92%;--awb-spacing-left-small:1.92%;\"><div class=\"fusion-column-wrapper fusion-column-has-shadow fusion-flex-justify-content-flex-start fusion-content-layout-column\"><a class=\"awb-lightbox awb-lightbox-3\" data-title=\"Varivel, brun\" title=\"Varivel, brun\" href=\"https:\/\/www.youtube.com\/watch?v=Et0_BjJmRc0&amp;list=PLS0QyrhLU4M9fd3fN6peMDcTZtbo1c_X8&amp;index=29&amp;pp=iAQB\" data-caption=\"Instructions de montage\" data-rel=\"iLightbox\"><img decoding=\"async\" src=\"https:\/\/brieger.ch\/wp-content\/uploads\/2020\/07\/youtube-lightbox.jpg\"><\/a><div class=\"fusion-text fusion-text-16\" style=\"--awb-font-size:12px;--awb-margin-top:15px;\"><p>Varivel, brun<\/p>\n<\/div><\/div><\/div><div class=\"fusion-layout-column fusion_builder_column fusion-builder-column-23 fusion_builder_column_1_2 1_2 fusion-flex-column\" style=\"--awb-bg-size:cover;--awb-width-large:50%;--awb-margin-top-large:0px;--awb-spacing-right-large:3.84%;--awb-margin-bottom-large:20px;--awb-spacing-left-large:3.84%;--awb-width-medium:100%;--awb-order-medium:0;--awb-spacing-right-medium:1.92%;--awb-spacing-left-medium:1.92%;--awb-width-small:100%;--awb-order-small:0;--awb-spacing-right-small:1.92%;--awb-spacing-left-small:1.92%;\"><div class=\"fusion-column-wrapper fusion-column-has-shadow fusion-flex-justify-content-flex-start fusion-content-layout-column\"><div class=\"fusion-image-element \" style=\"text-align:center;--awb-max-width:100px;--awb-caption-title-font-family:var(--h2_typography-font-family);--awb-caption-title-font-weight:var(--h2_typography-font-weight);--awb-caption-title-font-style:var(--h2_typography-font-style);--awb-caption-title-size:var(--h2_typography-font-size);--awb-caption-title-transform:var(--h2_typography-text-transform);--awb-caption-title-line-height:var(--h2_typography-line-height);--awb-caption-title-letter-spacing:var(--h2_typography-letter-spacing);\"><span class=\" fusion-imageframe imageframe-none imageframe-6 hover-type-none\"><img decoding=\"async\" width=\"1000\" height=\"1000\" title=\"Brieger-QR_Playlist_Aufbauvideos_fr\" src=\"https:\/\/brieger.ch\/wp-content\/uploads\/2023\/05\/Brieger-QR_Playlist_Aufbauvideos_fr.jpg\" alt class=\"img-responsive wp-image-77698\" srcset=\"https:\/\/brieger.ch\/wp-content\/uploads\/2023\/05\/Brieger-QR_Playlist_Aufbauvideos_fr-200x200.jpg 200w, https:\/\/brieger.ch\/wp-content\/uploads\/2023\/05\/Brieger-QR_Playlist_Aufbauvideos_fr-400x400.jpg 400w, https:\/\/brieger.ch\/wp-content\/uploads\/2023\/05\/Brieger-QR_Playlist_Aufbauvideos_fr-600x600.jpg 600w, https:\/\/brieger.ch\/wp-content\/uploads\/2023\/05\/Brieger-QR_Playlist_Aufbauvideos_fr-800x800.jpg 800w, https:\/\/brieger.ch\/wp-content\/uploads\/2023\/05\/Brieger-QR_Playlist_Aufbauvideos_fr.jpg 1000w\" sizes=\"(max-width: 1024px) 100vw, (max-width: 640px) 100vw, 600px\" \/><\/span><\/div><div ><a class=\"fusion-button button-flat fusion-button-default-size button-default fusion-button-default button-2 fusion-button-default-span fusion-button-default-type\" style=\"--button_margin-top:40px;\" target=\"_blank\" rel=\"noopener noreferrer\" href=\"https:\/\/youtube.com\/playlist?list=PLS0QyrhLU4M9fd3fN6peMDcTZtbo1c_X8\"><span class=\"fusion-button-text\">Toutes les instructions de montage<\/span><i class=\"fa-arrow-right fas button-icon-right\" aria-hidden=\"true\"><\/i><\/a><\/div><\/div><\/div><\/div><\/div><\/div><\/p>\n","protected":false},"excerpt":{"rendered":"<p>Le syst\u00e8me d&#8217;emballage \u00e0 hauteur variable en diff\u00e9rentes tailles. L&#8217;emballage universel pour livres, prospectus et autres objets stables \u00e0 la pression.<\/p>\n","protected":false},"author":1,"featured_media":34179,"parent":40509,"menu_order":3,"comment_status":"closed","ping_status":"closed","template":"","meta":{"_searchwp_excluded":"","footnotes":""},"class_list":["post-40518","page","type-page","status-publish","has-post-thumbnail","hentry"],"_links":{"self":[{"href":"https:\/\/brieger.ch\/fr\/wp-json\/wp\/v2\/pages\/40518","targetHints":{"allow":["GET"]}}],"collection":[{"href":"https:\/\/brieger.ch\/fr\/wp-json\/wp\/v2\/pages"}],"about":[{"href":"https:\/\/brieger.ch\/fr\/wp-json\/wp\/v2\/types\/page"}],"author":[{"embeddable":true,"href":"https:\/\/brieger.ch\/fr\/wp-json\/wp\/v2\/users\/1"}],"replies":[{"embeddable":true,"href":"https:\/\/brieger.ch\/fr\/wp-json\/wp\/v2\/comments?post=40518"}],"version-history":[{"count":6,"href":"https:\/\/brieger.ch\/fr\/wp-json\/wp\/v2\/pages\/40518\/revisions"}],"predecessor-version":[{"id":108758,"href":"https:\/\/brieger.ch\/fr\/wp-json\/wp\/v2\/pages\/40518\/revisions\/108758"}],"up":[{"embeddable":true,"href":"https:\/\/brieger.ch\/fr\/wp-json\/wp\/v2\/pages\/40509"}],"wp:featuredmedia":[{"embeddable":true,"href":"https:\/\/brieger.ch\/fr\/wp-json\/wp\/v2\/media\/34179"}],"wp:attachment":[{"href":"https:\/\/brieger.ch\/fr\/wp-json\/wp\/v2\/media?parent=40518"}],"curies":[{"name":"wp","href":"https:\/\/api.w.org\/{rel}","templated":true}]}}